{"id":9782,"date":"2024-01-26T10:48:00","date_gmt":"2024-01-26T09:48:00","guid":{"rendered":"https:\/\/centraleuropeanacademy.hu\/?post_type=rendezveny&#038;p=9782"},"modified":"2025-08-27T20:28:42","modified_gmt":"2025-08-27T18:28:42","slug":"the-supranationalization-of-the-rule-of-law-concepts-enforcement-and-sanctions","status":"publish","type":"rendezveny","link":"https:\/\/centraleuropeanacademy.hu\/en\/rendezveny\/the-supranationalization-of-the-rule-of-law-concepts-enforcement-and-sanctions\/","title":{"rendered":"The Supranationalization of the Rule of Law: Concepts, Enforcement and Sanctions"},"content":{"rendered":"<p>The conference was attended by the members of the Central European Academy's Research Group on the Supranational Interpretation of the Rule of Law, coordinated by Dr J\u00e1nos B\u00f3ka (Ministry of EU Affairs, Hungary), under the auspices of the Central European Academy. The aim of the conference was to present the results of the research project, which will be published as a scientific monograph in spring 2024. The conference focused on the interpretation of the rule of law, enforcement procedures and sanctions regimes of various supranational institutions, including the Council of Europe, the Organisation for Economic Co-operation and Development, the United Nations, the Organisation for Security and Co-operation in Europe and, in particular, the European Union. The conference also aimed to engage in an academic dialogue on the process of supranationalisation of the concept of the rule of law and its relevance for the countries of Central Europe.<\/p>\n\n\n\n<p>The previous event in the series is available here:<\/p>\n\n\n\n<div class=\"wp-block-buttons is-layout-flex wp-block-buttons-is-layout-flex\">\n<div class=\"wp-block-button\"><a class=\"wp-block-button__link wp-element-button\" href=\"https:\/\/centraleuropeanacademy.hu\/en\/rendezveny\/the-interpretation-of-the-rule-of-law-in-central-europe-in-light-of-the-supranational-concept-of-the-rule-of-law\/\">The Interpretation of the Rule&#8230;<\/a><\/div>\n<\/div>\n\n\n\n<p><\/p>\n\n\n\n<div data-wp-interactive=\"core\/file\" class=\"wp-block-file\"><object data-wp-bind--hidden=\"!state.hasPdfPreview\" hidden class=\"wp-block-file__embed\" data=\"https:\/\/centraleuropeanacademy.hu\/wp-content\/uploads\/2024\/06\/Jogallamisag-Program-online.pdf\" type=\"application\/pdf\" style=\"width:100%;height:600px\" aria-label=\"Embed of Jogallamisag-Program-online.\"><\/object><a id=\"wp-block-file--media-b54ccd83-8ff6-4c00-bcf7-a3abf8664ba7\" href=\"https:\/\/centraleuropeanacademy.hu\/wp-content\/uploads\/2024\/06\/Jogallamisag-Program-online.pdf\">Jogallamisag-Program-online<\/a><a href=\"https:\/\/centraleuropeanacademy.hu\/wp-content\/uploads\/2024\/06\/Jogallamisag-Program-online.pdf\" class=\"wp-block-file__button wp-element-button\" download aria-describedby=\"wp-block-file--media-b54ccd83-8ff6-4c00-bcf7-a3abf8664ba7\">Download<\/a><\/div>\n\n\n\n<figure class=\"wp-block-gallery has-nested-images columns-default is-cropped wp-block-gallery-1 is-layout-flex wp-block-gallery-is-layout-flex\">\n<figure class=\"wp-block-image size-large\"><a href=\"https:\/\/centraleuropeanacademy.hu\/wp-content\/uploads\/2024\/06\/1JB2050.jpg\"><img fetchpriority=\"high\" decoding=\"async\" width=\"1024\" height=\"683\" data-id=\"9785\" src=\"https:\/\/centraleuropeanacademy.hu\/wp-content\/uploads\/2024\/06\/1JB2050-1024x683.jpg\" alt=\"Male speaker at the CEA podium addressing the audience\" class=\"wp-image-9785\" srcset=\"https:\/\/centraleuropeanacademy.hu\/wp-content\/uploads\/2024\/06\/1JB2050-1024x683.jpg 1024w, https:\/\/centraleuropeanacademy.hu\/wp-content\/uploads\/2024\/06\/1JB2050-700x467.jpg 700w, https:\/\/centraleuropeanacademy.hu\/wp-content\/uploads\/2024\/06\/1JB2050-768x512.jpg 768w, https:\/\/centraleuropeanacademy.hu\/wp-content\/uploads\/2024\/06\/1JB2050-1536x1024.jpg 1536w, https:\/\/centraleuropeanacademy.hu\/wp-content\/uploads\/2024\/06\/1JB2050-18x12.jpg 18w, https:\/\/centraleuropeanacademy.hu\/wp-content\/uploads\/2024\/06\/1JB2050.jpg 2048w\" sizes=\"(max-width: 1024px) 100vw, 1024px\" \/><\/a><\/figure>\n\n\n\n<figure class=\"wp-block-image size-large\"><a href=\"https:\/\/centraleuropeanacademy.hu\/wp-content\/uploads\/2024\/06\/2JB_3687.jpg\"><img decoding=\"async\" width=\"1024\" height=\"684\" data-id=\"9789\" src=\"https:\/\/centraleuropeanacademy.hu\/wp-content\/uploads\/2024\/06\/2JB_3687-1024x684.jpg\" alt=\"Male speaker at the CEA podium addressing the audience\" class=\"wp-image-9789\" srcset=\"https:\/\/centraleuropeanacademy.hu\/wp-content\/uploads\/2024\/06\/2JB_3687-1024x684.jpg 1024w, https:\/\/centraleuropeanacademy.hu\/wp-content\/uploads\/2024\/06\/2JB_3687-700x467.jpg 700w, https:\/\/centraleuropeanacademy.hu\/wp-content\/uploads\/2024\/06\/2JB_3687-768x513.jpg 768w, https:\/\/centraleuropeanacademy.hu\/wp-content\/uploads\/2024\/06\/2JB_3687-1536x1025.jpg 1536w, https:\/\/centraleuropeanacademy.hu\/wp-content\/uploads\/2024\/06\/2JB_3687-18x12.jpg 18w, https:\/\/centraleuropeanacademy.hu\/wp-content\/uploads\/2024\/06\/2JB_3687.jpg 2048w\" sizes=\"(max-width: 1024px) 100vw, 1024px\" \/><\/a><\/figure>\n\n\n\n<figure class=\"wp-block-image size-large\"><a href=\"https:\/\/centraleuropeanacademy.hu\/wp-content\/uploads\/2024\/06\/2JB_3731.jpg\"><img decoding=\"async\" width=\"1024\" height=\"684\" data-id=\"9793\" src=\"https:\/\/centraleuropeanacademy.hu\/wp-content\/uploads\/2024\/06\/2JB_3731-1024x684.jpg\" alt=\"Male speaker at the CEA podium addressing the audience\" class=\"wp-image-9793\" srcset=\"https:\/\/centraleuropeanacademy.hu\/wp-content\/uploads\/2024\/06\/2JB_3731-1024x684.jpg 1024w, https:\/\/centraleuropeanacademy.hu\/wp-content\/uploads\/2024\/06\/2JB_3731-700x467.jpg 700w, https:\/\/centraleuropeanacademy.hu\/wp-content\/uploads\/2024\/06\/2JB_3731-768x513.jpg 768w, https:\/\/centraleuropeanacademy.hu\/wp-content\/uploads\/2024\/06\/2JB_3731-1536x1025.jpg 1536w, https:\/\/centraleuropeanacademy.hu\/wp-content\/uploads\/2024\/06\/2JB_3731-18x12.jpg 18w, https:\/\/centraleuropeanacademy.hu\/wp-content\/uploads\/2024\/06\/2JB_3731.jpg 2048w\" sizes=\"(max-width: 1024px) 100vw, 1024px\" \/><\/a><\/figure>\n\n\n\n<figure class=\"wp-block-image size-large\"><a href=\"https:\/\/centraleuropeanacademy.hu\/wp-content\/uploads\/2024\/06\/2JB_3791.jpg\"><img loading=\"lazy\" decoding=\"async\" width=\"1024\" height=\"684\" data-id=\"9792\" src=\"https:\/\/centraleuropeanacademy.hu\/wp-content\/uploads\/2024\/06\/2JB_3791-1024x684.jpg\" alt=\"Female speaker at the CEA podium addressing the audience\" class=\"wp-image-9792\" srcset=\"https:\/\/centraleuropeanacademy.hu\/wp-content\/uploads\/2024\/06\/2JB_3791-1024x684.jpg 1024w, https:\/\/centraleuropeanacademy.hu\/wp-content\/uploads\/2024\/06\/2JB_3791-700x467.jpg 700w, https:\/\/centraleuropeanacademy.hu\/wp-content\/uploads\/2024\/06\/2JB_3791-768x513.jpg 768w, https:\/\/centraleuropeanacademy.hu\/wp-content\/uploads\/2024\/06\/2JB_3791-1536x1025.jpg 1536w, https:\/\/centraleuropeanacademy.hu\/wp-content\/uploads\/2024\/06\/2JB_3791-18x12.jpg 18w, https:\/\/centraleuropeanacademy.hu\/wp-content\/uploads\/2024\/06\/2JB_3791.jpg 2048w\" sizes=\"(max-width: 1024px) 100vw, 1024px\" \/><\/a><\/figure>\n\n\n\n<figure class=\"wp-block-image size-large\"><a href=\"https:\/\/centraleuropeanacademy.hu\/wp-content\/uploads\/2024\/06\/2JB_3840.jpg\"><img loading=\"lazy\" decoding=\"async\" width=\"1024\" height=\"684\" data-id=\"9794\" src=\"https:\/\/centraleuropeanacademy.hu\/wp-content\/uploads\/2024\/06\/2JB_3840-1024x684.jpg\" alt=\"Male speaker at the CEA podium addressing the audience\" class=\"wp-image-9794\" srcset=\"https:\/\/centraleuropeanacademy.hu\/wp-content\/uploads\/2024\/06\/2JB_3840-1024x684.jpg 1024w, https:\/\/centraleuropeanacademy.hu\/wp-content\/uploads\/2024\/06\/2JB_3840-700x467.jpg 700w, https:\/\/centraleuropeanacademy.hu\/wp-content\/uploads\/2024\/06\/2JB_3840-768x513.jpg 768w, https:\/\/centraleuropeanacademy.hu\/wp-content\/uploads\/2024\/06\/2JB_3840-1536x1025.jpg 1536w, https:\/\/centraleuropeanacademy.hu\/wp-content\/uploads\/2024\/06\/2JB_3840-18x12.jpg 18w, https:\/\/centraleuropeanacademy.hu\/wp-content\/uploads\/2024\/06\/2JB_3840.jpg 2048w\" sizes=\"(max-width: 1024px) 100vw, 1024px\" \/><\/a><\/figure>\n\n\n\n<figure class=\"wp-block-image size-large\"><a href=\"https:\/\/centraleuropeanacademy.hu\/wp-content\/uploads\/2024\/06\/2JB_3880.jpg\"><img loading=\"lazy\" decoding=\"async\" width=\"1024\" height=\"684\" data-id=\"9797\" src=\"https:\/\/centraleuropeanacademy.hu\/wp-content\/uploads\/2024\/06\/2JB_3880-1024x684.jpg\" alt=\"Male speaker at the CEA podium addressing the audience\" class=\"wp-image-9797\" srcset=\"https:\/\/centraleuropeanacademy.hu\/wp-content\/uploads\/2024\/06\/2JB_3880-1024x684.jpg 1024w, https:\/\/centraleuropeanacademy.hu\/wp-content\/uploads\/2024\/06\/2JB_3880-700x467.jpg 700w, https:\/\/centraleuropeanacademy.hu\/wp-content\/uploads\/2024\/06\/2JB_3880-768x513.jpg 768w, https:\/\/centraleuropeanacademy.hu\/wp-content\/uploads\/2024\/06\/2JB_3880-1536x1025.jpg 1536w, https:\/\/centraleuropeanacademy.hu\/wp-content\/uploads\/2024\/06\/2JB_3880-18x12.jpg 18w, https:\/\/centraleuropeanacademy.hu\/wp-content\/uploads\/2024\/06\/2JB_3880.jpg 2048w\" sizes=\"(max-width: 1024px) 100vw, 1024px\" \/><\/a><\/figure>\n\n\n\n<figure class=\"wp-block-image size-large\"><a href=\"https:\/\/centraleuropeanacademy.hu\/wp-content\/uploads\/2024\/06\/2JB_3962.jpg\"><img loading=\"lazy\" decoding=\"async\" width=\"1024\" height=\"684\" data-id=\"9791\" src=\"https:\/\/centraleuropeanacademy.hu\/wp-content\/uploads\/2024\/06\/2JB_3962-1024x684.jpg\" alt=\"Female speaker at the CEA podium addressing the audience\" class=\"wp-image-9791\" srcset=\"https:\/\/centraleuropeanacademy.hu\/wp-content\/uploads\/2024\/06\/2JB_3962-1024x684.jpg 1024w, https:\/\/centraleuropeanacademy.hu\/wp-content\/uploads\/2024\/06\/2JB_3962-700x467.jpg 700w, https:\/\/centraleuropeanacademy.hu\/wp-content\/uploads\/2024\/06\/2JB_3962-768x513.jpg 768w, https:\/\/centraleuropeanacademy.hu\/wp-content\/uploads\/2024\/06\/2JB_3962-1536x1025.jpg 1536w, https:\/\/centraleuropeanacademy.hu\/wp-content\/uploads\/2024\/06\/2JB_3962-18x12.jpg 18w, https:\/\/centraleuropeanacademy.hu\/wp-content\/uploads\/2024\/06\/2JB_3962.jpg 2048w\" sizes=\"(max-width: 1024px) 100vw, 1024px\" \/><\/a><\/figure>\n\n\n\n<figure class=\"wp-block-image size-large\"><a href=\"https:\/\/centraleuropeanacademy.hu\/wp-content\/uploads\/2024\/06\/2JB_4024.jpg\"><img loading=\"lazy\" decoding=\"async\" width=\"1024\" height=\"684\" data-id=\"9795\" src=\"https:\/\/centraleuropeanacademy.hu\/wp-content\/uploads\/2024\/06\/2JB_4024-1024x684.jpg\" alt=\"Male speaker at the CEA podium addressing the audience\" class=\"wp-image-9795\" srcset=\"https:\/\/centraleuropeanacademy.hu\/wp-content\/uploads\/2024\/06\/2JB_4024-1024x684.jpg 1024w, https:\/\/centraleuropeanacademy.hu\/wp-content\/uploads\/2024\/06\/2JB_4024-700x467.jpg 700w, https:\/\/centraleuropeanacademy.hu\/wp-content\/uploads\/2024\/06\/2JB_4024-768x513.jpg 768w, https:\/\/centraleuropeanacademy.hu\/wp-content\/uploads\/2024\/06\/2JB_4024-1536x1025.jpg 1536w, https:\/\/centraleuropeanacademy.hu\/wp-content\/uploads\/2024\/06\/2JB_4024-18x12.jpg 18w, https:\/\/centraleuropeanacademy.hu\/wp-content\/uploads\/2024\/06\/2JB_4024.jpg 2048w\" sizes=\"(max-width: 1024px) 100vw, 1024px\" \/><\/a><\/figure>\n\n\n\n<figure class=\"wp-block-image size-large\"><a href=\"https:\/\/centraleuropeanacademy.hu\/wp-content\/uploads\/2024\/06\/2JB_4041.jpg\"><img loading=\"lazy\" decoding=\"async\" width=\"1024\" height=\"684\" data-id=\"9796\" src=\"https:\/\/centraleuropeanacademy.hu\/wp-content\/uploads\/2024\/06\/2JB_4041-1024x684.jpg\" alt=\"Female speaker at the CEA podium addressing the audience\" class=\"wp-image-9796\" srcset=\"https:\/\/centraleuropeanacademy.hu\/wp-content\/uploads\/2024\/06\/2JB_4041-1024x684.jpg 1024w, https:\/\/centraleuropeanacademy.hu\/wp-content\/uploads\/2024\/06\/2JB_4041-700x467.jpg 700w, https:\/\/centraleuropeanacademy.hu\/wp-content\/uploads\/2024\/06\/2JB_4041-768x513.jpg 768w, https:\/\/centraleuropeanacademy.hu\/wp-content\/uploads\/2024\/06\/2JB_4041-1536x1025.jpg 1536w, https:\/\/centraleuropeanacademy.hu\/wp-content\/uploads\/2024\/06\/2JB_4041-18x12.jpg 18w, https:\/\/centraleuropeanacademy.hu\/wp-content\/uploads\/2024\/06\/2JB_4041.jpg 2048w\" sizes=\"(max-width: 1024px) 100vw, 1024px\" \/><\/a><\/figure>\n\n\n\n<figure class=\"wp-block-image size-full\"><img loading=\"lazy\" decoding=\"async\" width=\"2048\" height=\"1365\" data-id=\"9798\" src=\"https:\/\/centraleuropeanacademy.hu\/wp-content\/uploads\/2024\/06\/1JB2290.jpg\" alt=\"Group photo in front of the CEA logo with smiling participants\" class=\"wp-image-9798\" srcset=\"https:\/\/centraleuropeanacademy.hu\/wp-content\/uploads\/2024\/06\/1JB2290.jpg 2048w, https:\/\/centraleuropeanacademy.hu\/wp-content\/uploads\/2024\/06\/1JB2290-700x467.jpg 700w, https:\/\/centraleuropeanacademy.hu\/wp-content\/uploads\/2024\/06\/1JB2290-1024x683.jpg 1024w, https:\/\/centraleuropeanacademy.hu\/wp-content\/uploads\/2024\/06\/1JB2290-768x512.jpg 768w, https:\/\/centraleuropeanacademy.hu\/wp-content\/uploads\/2024\/06\/1JB2290-1536x1024.jpg 1536w, https:\/\/centraleuropeanacademy.hu\/wp-content\/uploads\/2024\/06\/1JB2290-18x12.jpg 18w\" sizes=\"(max-width: 2048px) 100vw, 2048px\" \/><\/figure>\n<\/figure>\n\n\n\n<p class=\"has-text-align-center\"><em>Photo: CEA Press<\/em><\/p>\n\n\n\n<figure class=\"wp-block-embed is-type-video is-provider-youtube wp-block-embed-youtube wp-embed-aspect-16-9 wp-has-aspect-ratio\"><div class=\"wp-block-embed__wrapper\">\n<iframe title=\"&quot;The Supranationalization of the Rule of Law: Concepts, Enforcement and Sanctions&quot; International...\" width=\"500\" height=\"281\" src=\"https:\/\/www.youtube.com\/embed\/4RrD86H09xE?list=PLp75_Jffd854t0pj_AU6iayPi_VSP5myJ\" frameborder=\"0\" allow=\"accelerometer; autoplay; clipboard-write; encrypted-media; gyroscope; picture-in-picture; web-share\" referrerpolicy=\"strict-origin-when-cross-origin\" allowfullscreen><\/iframe>\n<\/div><\/figure>\n\n\n\n<p><\/p>\n\n\n\n<p>*The event is private and by invitation only.<\/p>\n\n\n\n<p class=\"eloadok\">El\u0151ad\u00f3k: J\u00e1nos Ede Szil\u00e1gyi, Grzegorz G\u00f3rski, Katar\u00edna \u0160migov\u00e1, David Sehn\u00e1lek, Bartosz Majchrzak, Em\u0151d Veress, Enik\u0151 Krajny\u00e1k, Grzegorz Pastuszko, K\u00e1roly Benke, Lucija Sokanovi\u0107, Vladan Petrov, Vanja-Ivan Savi\u0107, Marta Dragi\u010devi\u0107 Prtenja\u010da, Maja Luki\u0107 Radovi\u0107, Benjamin Flander, Katarzyn\u200da Zombory, M\u00e1rta Benyusz<\/p>","protected":false},"excerpt":{"rendered":"<p>A konferenci\u00e1n a K\u00f6z\u00e9p-eur\u00f3pai Akad\u00e9mia Professzori H\u00e1l\u00f3zatnak a jog\u00e1llamis\u00e1g szupranacion\u00e1lis \u00e9rtelmez\u00e9s\u00e9vel foglalkoz\u00f3 kutat\u00f3csoport tagjai vettek r\u00e9szt, amely Dr. B\u00f3ka J\u00e1nos [&hellip;]<\/p>\n","protected":false},"author":7,"featured_media":9798,"parent":0,"comment_status":"open","ping_status":"closed","template":"","meta":{"_acf_changed":true,"site-sidebar-layout":"default","site-content-layout":"","ast-site-content-layout":"","site-content-style":"default","site-sidebar-style":"default","ast-global-header-display":"","ast-banner-title-visibility":"","ast-main-header-display":"","ast-hfb-above-header-display":"","ast-hfb-below-header-display":"","ast-hfb-mobile-header-display":"","site-post-title":"","ast-breadcrumbs-content":"","ast-featured-img":"","footer-sml-layout":"","ast-disable-related-posts":"","theme-transparent-header-meta":"","adv-header-id-meta":"","stick-header-meta":"","header-above-stick-meta":"","header-main-stick-meta":"","header-below-stick-meta":"","astra-migrate-meta-layouts":"default","ast-page-background-enabled":"default","ast-page-background-meta":{"desktop":{"background-color":"var(--ast-global-color-4)","background-image":"","background-repeat":"repeat","background-position":"center center","background-size":"auto","background-attachment":"scroll","background-type":"","background-media":"","overlay-type":"","overlay-color":"","overlay-opacity":"","overlay-gradient":""},"tablet":{"background-color":"","background-image":"","background-repeat":"repeat","background-position":"center center","background-size":"auto","background-attachment":"scroll","background-type":"","background-media":"","overlay-type":"","overlay-color":"","overlay-opacity":"","overlay-gradient":""},"mobile":{"background-color":"","background-image":"","background-repeat":"repeat","background-position":"center center","background-size":"auto","background-attachment":"scroll","background-type":"","background-media":"","overlay-type":"","overlay-color":"","overlay-opacity":"","overlay-gradient":""}},"ast-content-background-meta":{"desktop":{"background-color":"var(--ast-global-color-5)","background-image":"","background-repeat":"repeat","background-position":"center center","background-size":"auto","background-attachment":"scroll","background-type":"","background-media":"","overlay-type":"","overlay-color":"","overlay-opacity":"","overlay-gradient":""},"tablet":{"background-color":"var(--ast-global-color-5)","background-image":"","background-repeat":"repeat","background-position":"center center","background-size":"auto","background-attachment":"scroll","background-type":"","background-media":"","overlay-type":"","overlay-color":"","overlay-opacity":"","overlay-gradient":""},"mobile":{"background-color":"var(--ast-global-color-5)","background-image":"","background-repeat":"repeat","background-position":"center center","background-size":"auto","background-attachment":"scroll","background-type":"","background-media":"","overlay-type":"","overlay-color":"","overlay-opacity":"","overlay-gradient":""}}},"countries-concerned":[422,428,416,420,472],"rendezvenyek-erintett-orszagok":[155,154,122,153,152],"event-format":[432],"event-language":[466],"kutatasi-emak-rendezvenyek":[270],"rendezveny-cimkei":[271],"rendezveny-nyelve":[117],"rendezveny-tipusa":[217],"research-topics-events":[513],"class_list":["post-9782","rendezveny","type-rendezveny","status-publish","has-post-thumbnail","hentry","countries-concerned-croatia","countries-concerned-czech-republic","countries-concerned-hungary","countries-concerned-poland","countries-concerned-slovakia","rendezvenyek-erintett-orszagok-csehorszag","rendezvenyek-erintett-orszagok-horvatorszag","rendezvenyek-erintett-orszagok-lengyelorszag","rendezvenyek-erintett-orszagok-magyarorszag","rendezvenyek-erintett-orszagok-szlovakia","event-format-conference","event-language-english","kutatasi-emak-rendezvenyek-jogallamisag","rendezveny-cimkei-jogallamisag","rendezveny-nyelve-angol","rendezveny-tipusa-konferencia","research-topics-events-rule-of-law"],"acf":[],"yoast_head":"<!-- This site is optimized with the Yoast SEO Premium plugin v27.5 (Yoast SEO v27.5) - https:\/\/yoast.com\/product\/yoast-seo-premium-wordpress\/ -->\n<title>The Supranationalization of the Rule of Law: Concepts, Enforcement and Sanctions | ME KEA<\/title>\n<meta name=\"description\" content=\"Konferencia a jog\u00e1llamis\u00e1g szupranacion\u00e1lis \u00e9rtelmez\u00e9s\u00e9r\u0151l \u00e9s szankci\u00f3ir\u00f3l a K\u00f6z\u00e9p-eur\u00f3pai Professzorok H\u00e1l\u00f3zat\u00e1val.\" \/>\n<meta name=\"robots\" content=\"index, follow, max-snippet:-1, max-image-preview:large, max-video-preview:-1\" \/>\n<link rel=\"canonical\" href=\"https:\/\/centraleuropeanacademy.hu\/en\/rendezveny\/the-supranationalization-of-the-rule-of-law-concepts-enforcement-and-sanctions\/\" \/>\n<meta property=\"og:locale\" content=\"en_GB\" \/>\n<meta property=\"og:type\" content=\"article\" \/>\n<meta property=\"og:title\" content=\"The Supranationalization of the Rule of Law: Concepts, Enforcement and Sanctions\" \/>\n<meta property=\"og:description\" content=\"A K\u00f6z\u00e9p-eur\u00f3pai Akad\u00e9mia k\u00f6zfeladatot ell\u00e1t\u00f3 szervezet, f\u0151 c\u00e9lja a r\u00e9gi\u00f3s orsz\u00e1gok jogtudom\u00e1ny\u00e1nak \u00e9s ezen bel\u00fcl jogalkot\u00e1s\u00e1nak fejleszt\u00e9se.\" \/>\n<meta property=\"og:url\" content=\"https:\/\/centraleuropeanacademy.hu\/en\/rendezveny\/the-supranationalization-of-the-rule-of-law-concepts-enforcement-and-sanctions\/\" \/>\n<meta property=\"og:site_name\" content=\"ME KEA\" \/>\n<meta property=\"article:modified_time\" content=\"2025-08-27T18:28:42+00:00\" \/>\n<meta property=\"og:image\" content=\"https:\/\/centraleuropeanacademy.hu\/wp-content\/uploads\/2024\/06\/1JB2290.jpg\" \/>\n\t<meta property=\"og:image:width\" content=\"2048\" \/>\n\t<meta property=\"og:image:height\" content=\"1365\" \/>\n\t<meta property=\"og:image:type\" content=\"image\/jpeg\" \/>\n<meta name=\"twitter:card\" content=\"summary_large_image\" \/>\n<meta name=\"twitter:label1\" content=\"Estimated reading time\" \/>\n\t<meta name=\"twitter:data1\" content=\"4 minutes\" \/>\n<script type=\"application\/ld+json\" class=\"yoast-schema-graph\">{\"@context\":\"https:\\\/\\\/schema.org\",\"@graph\":[{\"@type\":\"WebPage\",\"@id\":\"https:\\\/\\\/centraleuropeanacademy.hu\\\/rendezveny\\\/the-supranationalization-of-the-rule-of-law-concepts-enforcement-and-sanctions\\\/\",\"url\":\"https:\\\/\\\/centraleuropeanacademy.hu\\\/rendezveny\\\/the-supranationalization-of-the-rule-of-law-concepts-enforcement-and-sanctions\\\/\",\"name\":\"The Supranationalization of the Rule of Law: Concepts, Enforcement and Sanctions | ME KEA\",\"isPartOf\":{\"@id\":\"https:\\\/\\\/centraleuropeanacademy.hu\\\/#website\"},\"primaryImageOfPage\":{\"@id\":\"https:\\\/\\\/centraleuropeanacademy.hu\\\/rendezveny\\\/the-supranationalization-of-the-rule-of-law-concepts-enforcement-and-sanctions\\\/#primaryimage\"},\"image\":{\"@id\":\"https:\\\/\\\/centraleuropeanacademy.hu\\\/rendezveny\\\/the-supranationalization-of-the-rule-of-law-concepts-enforcement-and-sanctions\\\/#primaryimage\"},\"thumbnailUrl\":\"https:\\\/\\\/centraleuropeanacademy.hu\\\/wp-content\\\/uploads\\\/2024\\\/06\\\/1JB2290.jpg\",\"datePublished\":\"2024-01-26T09:48:00+00:00\",\"dateModified\":\"2025-08-27T18:28:42+00:00\",\"description\":\"Konferencia a jog\u00e1llamis\u00e1g szupranacion\u00e1lis \u00e9rtelmez\u00e9s\u00e9r\u0151l \u00e9s szankci\u00f3ir\u00f3l a K\u00f6z\u00e9p-eur\u00f3pai Professzorok H\u00e1l\u00f3zat\u00e1val.\",\"breadcrumb\":{\"@id\":\"https:\\\/\\\/centraleuropeanacademy.hu\\\/rendezveny\\\/the-supranationalization-of-the-rule-of-law-concepts-enforcement-and-sanctions\\\/#breadcrumb\"},\"inLanguage\":\"en-GB\",\"potentialAction\":[{\"@type\":\"ReadAction\",\"target\":[\"https:\\\/\\\/centraleuropeanacademy.hu\\\/rendezveny\\\/the-supranationalization-of-the-rule-of-law-concepts-enforcement-and-sanctions\\\/\"]}]},{\"@type\":\"ImageObject\",\"inLanguage\":\"en-GB\",\"@id\":\"https:\\\/\\\/centraleuropeanacademy.hu\\\/rendezveny\\\/the-supranationalization-of-the-rule-of-law-concepts-enforcement-and-sanctions\\\/#primaryimage\",\"url\":\"https:\\\/\\\/centraleuropeanacademy.hu\\\/wp-content\\\/uploads\\\/2024\\\/06\\\/1JB2290.jpg\",\"contentUrl\":\"https:\\\/\\\/centraleuropeanacademy.hu\\\/wp-content\\\/uploads\\\/2024\\\/06\\\/1JB2290.jpg\",\"width\":2048,\"height\":1365,\"caption\":\"\u00d6lt\u00f6ny\u00f6s csoportk\u00e9p a konferenci\u00e1n r\u00e9sztvev\u0151kkel\"},{\"@type\":\"BreadcrumbList\",\"@id\":\"https:\\\/\\\/centraleuropeanacademy.hu\\\/rendezveny\\\/the-supranationalization-of-the-rule-of-law-concepts-enforcement-and-sanctions\\\/#breadcrumb\",\"itemListElement\":[{\"@type\":\"ListItem\",\"position\":1,\"name\":\"Kezd\u0151lap\",\"item\":\"https:\\\/\\\/centraleuropeanacademy.hu\\\/\"},{\"@type\":\"ListItem\",\"position\":2,\"name\":\"The Supranationalization of the Rule of Law: Concepts, Enforcement and Sanctions\"}]},{\"@type\":\"WebSite\",\"@id\":\"https:\\\/\\\/centraleuropeanacademy.hu\\\/#website\",\"url\":\"https:\\\/\\\/centraleuropeanacademy.hu\\\/\",\"name\":\"CEA\",\"description\":\"\",\"publisher\":{\"@id\":\"https:\\\/\\\/centraleuropeanacademy.hu\\\/#organization\"},\"potentialAction\":[{\"@type\":\"SearchAction\",\"target\":{\"@type\":\"EntryPoint\",\"urlTemplate\":\"https:\\\/\\\/centraleuropeanacademy.hu\\\/?s={search_term_string}\"},\"query-input\":{\"@type\":\"PropertyValueSpecification\",\"valueRequired\":true,\"valueName\":\"search_term_string\"}}],\"inLanguage\":\"en-GB\"},{\"@type\":\"Organization\",\"@id\":\"https:\\\/\\\/centraleuropeanacademy.hu\\\/#organization\",\"name\":\"K\u00f6z\u00e9p-eur\u00f3pai Akad\u00e9mia\",\"alternateName\":\"K\u00f6z\u00e9p-Eur\u00f3pai Akad\u00e9mia\",\"url\":\"https:\\\/\\\/centraleuropeanacademy.hu\\\/\",\"logo\":{\"@type\":\"ImageObject\",\"inLanguage\":\"en-GB\",\"@id\":\"https:\\\/\\\/centraleuropeanacademy.hu\\\/#\\\/schema\\\/logo\\\/image\\\/\",\"url\":\"https:\\\/\\\/centraleuropeanacademy.hu\\\/wp-content\\\/uploads\\\/2024\\\/04\\\/cea-logo.png\",\"contentUrl\":\"https:\\\/\\\/centraleuropeanacademy.hu\\\/wp-content\\\/uploads\\\/2024\\\/04\\\/cea-logo.png\",\"width\":1080,\"height\":417,\"caption\":\"K\u00f6z\u00e9p-eur\u00f3pai Akad\u00e9mia\"},\"image\":{\"@id\":\"https:\\\/\\\/centraleuropeanacademy.hu\\\/#\\\/schema\\\/logo\\\/image\\\/\"},\"description\":\"A budapesti sz\u00e9khellyel l\u00e9trej\u00f6tt K\u00f6z\u00e9p-eur\u00f3pai Akad\u00e9mia (CEA) a Miskolci Egyetem \u00e1ltal alap\u00edtott, k\u00f6zfeladatot ell\u00e1t\u00f3 szervezet.\",\"email\":\"academy@centraleuropeanacademy.hu\",\"telephone\":\"academy@centraleuropeanacademy.hu\",\"legalName\":\"K\u00f6z\u00e9p-eur\u00f3pai Akad\u00e9mia\",\"taxID\":\"19359711-1-43\"}]}<\/script>\n<!-- \/ Yoast SEO Premium plugin. -->","yoast_head_json":{"title":"The Supranationalization of the Rule of Law: Concepts, Enforcement and Sanctions | ME KEA","description":"Conference on supranational interpretation and sanctions of the rule of law with the Central European Professors' Network.","robots":{"index":"index","follow":"follow","max-snippet":"max-snippet:-1","max-image-preview":"max-image-preview:large","max-video-preview":"max-video-preview:-1"},"canonical":"https:\/\/centraleuropeanacademy.hu\/en\/rendezveny\/the-supranationalization-of-the-rule-of-law-concepts-enforcement-and-sanctions\/","og_locale":"en_GB","og_type":"article","og_title":"The Supranationalization of the Rule of Law: Concepts, Enforcement and Sanctions","og_description":"A K\u00f6z\u00e9p-eur\u00f3pai Akad\u00e9mia k\u00f6zfeladatot ell\u00e1t\u00f3 szervezet, f\u0151 c\u00e9lja a r\u00e9gi\u00f3s orsz\u00e1gok jogtudom\u00e1ny\u00e1nak \u00e9s ezen bel\u00fcl jogalkot\u00e1s\u00e1nak fejleszt\u00e9se.","og_url":"https:\/\/centraleuropeanacademy.hu\/en\/rendezveny\/the-supranationalization-of-the-rule-of-law-concepts-enforcement-and-sanctions\/","og_site_name":"ME KEA","article_modified_time":"2025-08-27T18:28:42+00:00","og_image":[{"width":2048,"height":1365,"url":"https:\/\/centraleuropeanacademy.hu\/wp-content\/uploads\/2024\/06\/1JB2290.jpg","type":"image\/jpeg"}],"twitter_card":"summary_large_image","twitter_misc":{"Estimated reading time":"4 minutes"},"schema":{"@context":"https:\/\/schema.org","@graph":[{"@type":"WebPage","@id":"https:\/\/centraleuropeanacademy.hu\/rendezveny\/the-supranationalization-of-the-rule-of-law-concepts-enforcement-and-sanctions\/","url":"https:\/\/centraleuropeanacademy.hu\/rendezveny\/the-supranationalization-of-the-rule-of-law-concepts-enforcement-and-sanctions\/","name":"The Supranationalization of the Rule of Law: Concepts, Enforcement and Sanctions | ME KEA","isPartOf":{"@id":"https:\/\/centraleuropeanacademy.hu\/#website"},"primaryImageOfPage":{"@id":"https:\/\/centraleuropeanacademy.hu\/rendezveny\/the-supranationalization-of-the-rule-of-law-concepts-enforcement-and-sanctions\/#primaryimage"},"image":{"@id":"https:\/\/centraleuropeanacademy.hu\/rendezveny\/the-supranationalization-of-the-rule-of-law-concepts-enforcement-and-sanctions\/#primaryimage"},"thumbnailUrl":"https:\/\/centraleuropeanacademy.hu\/wp-content\/uploads\/2024\/06\/1JB2290.jpg","datePublished":"2024-01-26T09:48:00+00:00","dateModified":"2025-08-27T18:28:42+00:00","description":"Conference on supranational interpretation and sanctions of the rule of law with the Central European Professors' Network.","breadcrumb":{"@id":"https:\/\/centraleuropeanacademy.hu\/rendezveny\/the-supranationalization-of-the-rule-of-law-concepts-enforcement-and-sanctions\/#breadcrumb"},"inLanguage":"en-GB","potentialAction":[{"@type":"ReadAction","target":["https:\/\/centraleuropeanacademy.hu\/rendezveny\/the-supranationalization-of-the-rule-of-law-concepts-enforcement-and-sanctions\/"]}]},{"@type":"ImageObject","inLanguage":"en-GB","@id":"https:\/\/centraleuropeanacademy.hu\/rendezveny\/the-supranationalization-of-the-rule-of-law-concepts-enforcement-and-sanctions\/#primaryimage","url":"https:\/\/centraleuropeanacademy.hu\/wp-content\/uploads\/2024\/06\/1JB2290.jpg","contentUrl":"https:\/\/centraleuropeanacademy.hu\/wp-content\/uploads\/2024\/06\/1JB2290.jpg","width":2048,"height":1365,"caption":"\u00d6lt\u00f6ny\u00f6s csoportk\u00e9p a konferenci\u00e1n r\u00e9sztvev\u0151kkel"},{"@type":"BreadcrumbList","@id":"https:\/\/centraleuropeanacademy.hu\/rendezveny\/the-supranationalization-of-the-rule-of-law-concepts-enforcement-and-sanctions\/#breadcrumb","itemListElement":[{"@type":"ListItem","position":1,"name":"Kezd\u0151lap","item":"https:\/\/centraleuropeanacademy.hu\/"},{"@type":"ListItem","position":2,"name":"The Supranationalization of the Rule of Law: Concepts, Enforcement and Sanctions"}]},{"@type":"WebSite","@id":"https:\/\/centraleuropeanacademy.hu\/#website","url":"https:\/\/centraleuropeanacademy.hu\/","name":"CEA","description":"","publisher":{"@id":"https:\/\/centraleuropeanacademy.hu\/#organization"},"potentialAction":[{"@type":"SearchAction","target":{"@type":"EntryPoint","urlTemplate":"https:\/\/centraleuropeanacademy.hu\/?s={search_term_string}"},"query-input":{"@type":"PropertyValueSpecification","valueRequired":true,"valueName":"search_term_string"}}],"inLanguage":"en-GB"},{"@type":"Organization","@id":"https:\/\/centraleuropeanacademy.hu\/#organization","name":"Central European Academy","alternateName":"K\u00f6z\u00e9p-Eur\u00f3pai Akad\u00e9mia","url":"https:\/\/centraleuropeanacademy.hu\/","logo":{"@type":"ImageObject","inLanguage":"en-GB","@id":"https:\/\/centraleuropeanacademy.hu\/#\/schema\/logo\/image\/","url":"https:\/\/centraleuropeanacademy.hu\/wp-content\/uploads\/2024\/04\/cea-logo.png","contentUrl":"https:\/\/centraleuropeanacademy.hu\/wp-content\/uploads\/2024\/04\/cea-logo.png","width":1080,"height":417,"caption":"K\u00f6z\u00e9p-eur\u00f3pai Akad\u00e9mia"},"image":{"@id":"https:\/\/centraleuropeanacademy.hu\/#\/schema\/logo\/image\/"},"description":"A budapesti sz\u00e9khellyel l\u00e9trej\u00f6tt K\u00f6z\u00e9p-eur\u00f3pai Akad\u00e9mia (CEA) a Miskolci Egyetem \u00e1ltal alap\u00edtott, k\u00f6zfeladatot ell\u00e1t\u00f3 szervezet.","email":"academy@centraleuropeanacademy.hu","telephone":"academy@centraleuropeanacademy.hu","legalName":"K\u00f6z\u00e9p-eur\u00f3pai Akad\u00e9mia","taxID":"19359711-1-43"}]}},"_links":{"self":[{"href":"https:\/\/centraleuropeanacademy.hu\/en\/wp-json\/wp\/v2\/rendezveny\/9782","targetHints":{"allow":["GET"]}}],"collection":[{"href":"https:\/\/centraleuropeanacademy.hu\/en\/wp-json\/wp\/v2\/rendezveny"}],"about":[{"href":"https:\/\/centraleuropeanacademy.hu\/en\/wp-json\/wp\/v2\/types\/rendezveny"}],"author":[{"embeddable":true,"href":"https:\/\/centraleuropeanacademy.hu\/en\/wp-json\/wp\/v2\/users\/7"}],"replies":[{"embeddable":true,"href":"https:\/\/centraleuropeanacademy.hu\/en\/wp-json\/wp\/v2\/comments?post=9782"}],"wp:featuredmedia":[{"embeddable":true,"href":"https:\/\/centraleuropeanacademy.hu\/en\/wp-json\/wp\/v2\/media\/9798"}],"wp:attachment":[{"href":"https:\/\/centraleuropeanacademy.hu\/en\/wp-json\/wp\/v2\/media?parent=9782"}],"wp:term":[{"taxonomy":"countries-concerned","embeddable":true,"href":"https:\/\/centraleuropeanacademy.hu\/en\/wp-json\/wp\/v2\/countries-concerned?post=9782"},{"taxonomy":"rendezvenyek-erintett-orszagok","embeddable":true,"href":"https:\/\/centraleuropeanacademy.hu\/en\/wp-json\/wp\/v2\/rendezvenyek-erintett-orszagok?post=9782"},{"taxonomy":"event-format","embeddable":true,"href":"https:\/\/centraleuropeanacademy.hu\/en\/wp-json\/wp\/v2\/event-format?post=9782"},{"taxonomy":"event-language","embeddable":true,"href":"https:\/\/centraleuropeanacademy.hu\/en\/wp-json\/wp\/v2\/event-language?post=9782"},{"taxonomy":"kutatasi-emak-rendezvenyek","embeddable":true,"href":"https:\/\/centraleuropeanacademy.hu\/en\/wp-json\/wp\/v2\/kutatasi-emak-rendezvenyek?post=9782"},{"taxonomy":"rendezveny-cimkei","embeddable":true,"href":"https:\/\/centraleuropeanacademy.hu\/en\/wp-json\/wp\/v2\/rendezveny-cimkei?post=9782"},{"taxonomy":"rendezveny-nyelve","embeddable":true,"href":"https:\/\/centraleuropeanacademy.hu\/en\/wp-json\/wp\/v2\/rendezveny-nyelve?post=9782"},{"taxonomy":"rendezveny-tipusa","embeddable":true,"href":"https:\/\/centraleuropeanacademy.hu\/en\/wp-json\/wp\/v2\/rendezveny-tipusa?post=9782"},{"taxonomy":"research-topics-events","embeddable":true,"href":"https:\/\/centraleuropeanacademy.hu\/en\/wp-json\/wp\/v2\/research-topics-events?post=9782"}],"curies":[{"name":"wp","href":"https:\/\/api.w.org\/{rel}","templated":true}]}}