{"id":9663,"date":"2024-02-16T15:45:44","date_gmt":"2024-02-16T14:45:44","guid":{"rendered":"https:\/\/centraleuropeanacademy.hu\/?post_type=rendezveny&#038;p=9663"},"modified":"2025-08-27T20:20:47","modified_gmt":"2025-08-27T18:20:47","slug":"migration-challenges-legal-responses-in-specific-terms","status":"publish","type":"rendezveny","link":"https:\/\/centraleuropeanacademy.hu\/en\/rendezveny\/migration-challenges-legal-responses-in-specific-terms\/","title":{"rendered":"Migration Challenges \u2013 Legal Responses in Specific Terms"},"content":{"rendered":"<p>On 15-16 February 2024, the Central European Academy and the Faculty of Law of the University of Zagreb organised a conference entitled \"Migration Challenges - Legal Responses in Specific Terms\", organised by the Faculty of Law and Political Sciences of the University of Miskolc, the Ferenc M\u00e1dl Institute of Comparative Law, the Institute of Justice Warsaw and the Central European Comparative Law Association.&nbsp;<\/p>\n\n\n\n<p>The economic governance research project looked at the economic aspects of governance, including its fiscal (public finance, taxation and state aid) and monetary policy pillars. The specificity of the research project was that it not only analysed the above issues from a general, theoretical perspective, but also took into account the specific perspective of the CEE countries and the EU legal position. The Central and Eastern European perspective has been developed on a country-by-country basis (7 EU Member States and 1 non-EU Member State), but the research project aims to draw general conclusions from the observation of national specificities. This approach has made it possible to identify similarities and differences between the positions of the Member States and between the Member States and the EU.<\/p>\n\n\n\n<p>Consequently, the reasons for any conflicting positions can be identified. The aim of the research was to shed light on the benefits and challenges of supranationalism in the field of economic policy, in particular with regard to the coordination of EU and Member State objectives.<\/p>\n\n\n\n<p>The previous event in the series is available here:<\/p>\n\n\n\n<div class=\"wp-block-buttons is-layout-flex wp-block-buttons-is-layout-flex\">\n<div class=\"wp-block-button\"><a class=\"wp-block-button__link wp-element-button\" href=\"https:\/\/centraleuropeanacademy.hu\/en\/rendezveny\/migration-challenges-legal-responses-in-general-terms\/\">Migration Challenges \u2013 Legal&#8230;<\/a><\/div>\n<\/div>\n\n\n\n<p><\/p>\n\n\n\n<div data-wp-interactive=\"core\/file\" class=\"wp-block-file\"><object data-wp-bind--hidden=\"!state.hasPdfPreview\" hidden class=\"wp-block-file__embed\" data=\"https:\/\/centraleuropeanacademy.hu\/wp-content\/uploads\/2024\/07\/Migration-Program-online.pdf\" type=\"application\/pdf\" style=\"width:100%;height:600px\" aria-label=\"Embed of Migration-Program-online.\"><\/object><a id=\"wp-block-file--media-7e983d72-9a8d-453c-b22c-baf4f9cb51b3\" href=\"https:\/\/centraleuropeanacademy.hu\/wp-content\/uploads\/2024\/07\/Migration-Program-online.pdf\">Migration-Program-online<\/a><a href=\"https:\/\/centraleuropeanacademy.hu\/wp-content\/uploads\/2024\/07\/Migration-Program-online.pdf\" class=\"wp-block-file__button wp-element-button\" download aria-describedby=\"wp-block-file--media-7e983d72-9a8d-453c-b22c-baf4f9cb51b3\">Download<\/a><\/div>\n\n\n\n<figure class=\"wp-block-gallery has-nested-images columns-default is-cropped wp-block-gallery-1 is-layout-flex wp-block-gallery-is-layout-flex\">\n<figure class=\"wp-block-image size-large\"><a href=\"https:\/\/centraleuropeanacademy.hu\/wp-content\/uploads\/2024\/02\/CEA_Profnet_2-3_HR_240215-31-scaled.jpg\"><img fetchpriority=\"high\" decoding=\"async\" width=\"1024\" height=\"683\" data-id=\"11115\" src=\"https:\/\/centraleuropeanacademy.hu\/wp-content\/uploads\/2024\/02\/CEA_Profnet_2-3_HR_240215-31-1024x683.jpg\" alt=\"Female speaker smiling while presenting at the conference podium.\" class=\"wp-image-11115\" srcset=\"https:\/\/centraleuropeanacademy.hu\/wp-content\/uploads\/2024\/02\/CEA_Profnet_2-3_HR_240215-31-1024x683.jpg 1024w, https:\/\/centraleuropeanacademy.hu\/wp-content\/uploads\/2024\/02\/CEA_Profnet_2-3_HR_240215-31-700x467.jpg 700w, https:\/\/centraleuropeanacademy.hu\/wp-content\/uploads\/2024\/02\/CEA_Profnet_2-3_HR_240215-31-768x513.jpg 768w, https:\/\/centraleuropeanacademy.hu\/wp-content\/uploads\/2024\/02\/CEA_Profnet_2-3_HR_240215-31-1536x1025.jpg 1536w, https:\/\/centraleuropeanacademy.hu\/wp-content\/uploads\/2024\/02\/CEA_Profnet_2-3_HR_240215-31-2048x1367.jpg 2048w, https:\/\/centraleuropeanacademy.hu\/wp-content\/uploads\/2024\/02\/CEA_Profnet_2-3_HR_240215-31-18x12.jpg 18w\" sizes=\"(max-width: 1024px) 100vw, 1024px\" \/><\/a><\/figure>\n\n\n\n<figure class=\"wp-block-image size-large\"><a href=\"https:\/\/centraleuropeanacademy.hu\/wp-content\/uploads\/2024\/02\/CEA_Profnet_2-3_HR_240215-34-scaled.jpg\"><img decoding=\"async\" width=\"1024\" height=\"683\" data-id=\"11117\" src=\"https:\/\/centraleuropeanacademy.hu\/wp-content\/uploads\/2024\/02\/CEA_Profnet_2-3_HR_240215-34-1024x683.jpg\" alt=\"Male speaker at the CEA podium addressing the audience\" class=\"wp-image-11117\" srcset=\"https:\/\/centraleuropeanacademy.hu\/wp-content\/uploads\/2024\/02\/CEA_Profnet_2-3_HR_240215-34-1024x683.jpg 1024w, https:\/\/centraleuropeanacademy.hu\/wp-content\/uploads\/2024\/02\/CEA_Profnet_2-3_HR_240215-34-700x467.jpg 700w, https:\/\/centraleuropeanacademy.hu\/wp-content\/uploads\/2024\/02\/CEA_Profnet_2-3_HR_240215-34-768x513.jpg 768w, https:\/\/centraleuropeanacademy.hu\/wp-content\/uploads\/2024\/02\/CEA_Profnet_2-3_HR_240215-34-1536x1025.jpg 1536w, https:\/\/centraleuropeanacademy.hu\/wp-content\/uploads\/2024\/02\/CEA_Profnet_2-3_HR_240215-34-2048x1367.jpg 2048w, https:\/\/centraleuropeanacademy.hu\/wp-content\/uploads\/2024\/02\/CEA_Profnet_2-3_HR_240215-34-18x12.jpg 18w\" sizes=\"(max-width: 1024px) 100vw, 1024px\" \/><\/a><\/figure>\n\n\n\n<figure class=\"wp-block-image size-large\"><a href=\"https:\/\/centraleuropeanacademy.hu\/wp-content\/uploads\/2024\/02\/CEA_Profnet_2-3_HR_240215-45-scaled.jpg\"><img decoding=\"async\" width=\"1024\" height=\"683\" data-id=\"11119\" src=\"https:\/\/centraleuropeanacademy.hu\/wp-content\/uploads\/2024\/02\/CEA_Profnet_2-3_HR_240215-45-1024x683.jpg\" alt=\"Female speaker smiling while presenting at the conference podium.\" class=\"wp-image-11119\" srcset=\"https:\/\/centraleuropeanacademy.hu\/wp-content\/uploads\/2024\/02\/CEA_Profnet_2-3_HR_240215-45-1024x683.jpg 1024w, https:\/\/centraleuropeanacademy.hu\/wp-content\/uploads\/2024\/02\/CEA_Profnet_2-3_HR_240215-45-700x467.jpg 700w, https:\/\/centraleuropeanacademy.hu\/wp-content\/uploads\/2024\/02\/CEA_Profnet_2-3_HR_240215-45-768x513.jpg 768w, https:\/\/centraleuropeanacademy.hu\/wp-content\/uploads\/2024\/02\/CEA_Profnet_2-3_HR_240215-45-1536x1025.jpg 1536w, https:\/\/centraleuropeanacademy.hu\/wp-content\/uploads\/2024\/02\/CEA_Profnet_2-3_HR_240215-45-2048x1367.jpg 2048w, https:\/\/centraleuropeanacademy.hu\/wp-content\/uploads\/2024\/02\/CEA_Profnet_2-3_HR_240215-45-18x12.jpg 18w\" sizes=\"(max-width: 1024px) 100vw, 1024px\" \/><\/a><\/figure>\n\n\n\n<figure class=\"wp-block-image size-large\"><a href=\"https:\/\/centraleuropeanacademy.hu\/wp-content\/uploads\/2024\/02\/CEA_Profnet_2-3_HR_240215-48-scaled.jpg\"><img loading=\"lazy\" decoding=\"async\" width=\"1024\" height=\"683\" data-id=\"11120\" src=\"https:\/\/centraleuropeanacademy.hu\/wp-content\/uploads\/2024\/02\/CEA_Profnet_2-3_HR_240215-48-1024x683.jpg\" alt=\"Male speaker at the CEA podium addressing the audience\" class=\"wp-image-11120\" srcset=\"https:\/\/centraleuropeanacademy.hu\/wp-content\/uploads\/2024\/02\/CEA_Profnet_2-3_HR_240215-48-1024x683.jpg 1024w, https:\/\/centraleuropeanacademy.hu\/wp-content\/uploads\/2024\/02\/CEA_Profnet_2-3_HR_240215-48-700x467.jpg 700w, https:\/\/centraleuropeanacademy.hu\/wp-content\/uploads\/2024\/02\/CEA_Profnet_2-3_HR_240215-48-768x513.jpg 768w, https:\/\/centraleuropeanacademy.hu\/wp-content\/uploads\/2024\/02\/CEA_Profnet_2-3_HR_240215-48-1536x1025.jpg 1536w, https:\/\/centraleuropeanacademy.hu\/wp-content\/uploads\/2024\/02\/CEA_Profnet_2-3_HR_240215-48-2048x1367.jpg 2048w, https:\/\/centraleuropeanacademy.hu\/wp-content\/uploads\/2024\/02\/CEA_Profnet_2-3_HR_240215-48-18x12.jpg 18w\" sizes=\"(max-width: 1024px) 100vw, 1024px\" \/><\/a><\/figure>\n\n\n\n<figure class=\"wp-block-image size-large\"><a href=\"https:\/\/centraleuropeanacademy.hu\/wp-content\/uploads\/2024\/02\/CEA_Profnet_2-3_HR_240215-62-scaled.jpg\"><img loading=\"lazy\" decoding=\"async\" width=\"1024\" height=\"683\" data-id=\"11123\" src=\"https:\/\/centraleuropeanacademy.hu\/wp-content\/uploads\/2024\/02\/CEA_Profnet_2-3_HR_240215-62-1024x683.jpg\" alt=\"Male speaker at the CEA podium addressing the audience\" class=\"wp-image-11123\" srcset=\"https:\/\/centraleuropeanacademy.hu\/wp-content\/uploads\/2024\/02\/CEA_Profnet_2-3_HR_240215-62-1024x683.jpg 1024w, https:\/\/centraleuropeanacademy.hu\/wp-content\/uploads\/2024\/02\/CEA_Profnet_2-3_HR_240215-62-700x467.jpg 700w, https:\/\/centraleuropeanacademy.hu\/wp-content\/uploads\/2024\/02\/CEA_Profnet_2-3_HR_240215-62-768x512.jpg 768w, https:\/\/centraleuropeanacademy.hu\/wp-content\/uploads\/2024\/02\/CEA_Profnet_2-3_HR_240215-62-1536x1024.jpg 1536w, https:\/\/centraleuropeanacademy.hu\/wp-content\/uploads\/2024\/02\/CEA_Profnet_2-3_HR_240215-62-2048x1365.jpg 2048w, https:\/\/centraleuropeanacademy.hu\/wp-content\/uploads\/2024\/02\/CEA_Profnet_2-3_HR_240215-62-18x12.jpg 18w\" sizes=\"(max-width: 1024px) 100vw, 1024px\" \/><\/a><\/figure>\n\n\n\n<figure class=\"wp-block-image size-large\"><a href=\"https:\/\/centraleuropeanacademy.hu\/wp-content\/uploads\/2024\/02\/CEA_Profnet_2-3_HR_240215-64-scaled.jpg\"><img loading=\"lazy\" decoding=\"async\" width=\"1024\" height=\"683\" data-id=\"11124\" src=\"https:\/\/centraleuropeanacademy.hu\/wp-content\/uploads\/2024\/02\/CEA_Profnet_2-3_HR_240215-64-1024x683.jpg\" alt=\"Male speaker at the CEA podium addressing the audience\" class=\"wp-image-11124\" srcset=\"https:\/\/centraleuropeanacademy.hu\/wp-content\/uploads\/2024\/02\/CEA_Profnet_2-3_HR_240215-64-1024x683.jpg 1024w, https:\/\/centraleuropeanacademy.hu\/wp-content\/uploads\/2024\/02\/CEA_Profnet_2-3_HR_240215-64-700x467.jpg 700w, https:\/\/centraleuropeanacademy.hu\/wp-content\/uploads\/2024\/02\/CEA_Profnet_2-3_HR_240215-64-768x513.jpg 768w, https:\/\/centraleuropeanacademy.hu\/wp-content\/uploads\/2024\/02\/CEA_Profnet_2-3_HR_240215-64-1536x1025.jpg 1536w, https:\/\/centraleuropeanacademy.hu\/wp-content\/uploads\/2024\/02\/CEA_Profnet_2-3_HR_240215-64-2048x1367.jpg 2048w, https:\/\/centraleuropeanacademy.hu\/wp-content\/uploads\/2024\/02\/CEA_Profnet_2-3_HR_240215-64-18x12.jpg 18w\" sizes=\"(max-width: 1024px) 100vw, 1024px\" \/><\/a><\/figure>\n\n\n\n<figure class=\"wp-block-image size-large\"><a href=\"https:\/\/centraleuropeanacademy.hu\/wp-content\/uploads\/2024\/02\/CEA_Profnet_2-3_HR_240215-69-scaled.jpg\"><img loading=\"lazy\" decoding=\"async\" width=\"1024\" height=\"683\" data-id=\"11125\" src=\"https:\/\/centraleuropeanacademy.hu\/wp-content\/uploads\/2024\/02\/CEA_Profnet_2-3_HR_240215-69-1024x683.jpg\" alt=\"Female speaker at the CEA podium addressing the audience\" class=\"wp-image-11125\" srcset=\"https:\/\/centraleuropeanacademy.hu\/wp-content\/uploads\/2024\/02\/CEA_Profnet_2-3_HR_240215-69-1024x683.jpg 1024w, https:\/\/centraleuropeanacademy.hu\/wp-content\/uploads\/2024\/02\/CEA_Profnet_2-3_HR_240215-69-700x467.jpg 700w, https:\/\/centraleuropeanacademy.hu\/wp-content\/uploads\/2024\/02\/CEA_Profnet_2-3_HR_240215-69-768x513.jpg 768w, https:\/\/centraleuropeanacademy.hu\/wp-content\/uploads\/2024\/02\/CEA_Profnet_2-3_HR_240215-69-1536x1025.jpg 1536w, https:\/\/centraleuropeanacademy.hu\/wp-content\/uploads\/2024\/02\/CEA_Profnet_2-3_HR_240215-69-2048x1367.jpg 2048w, https:\/\/centraleuropeanacademy.hu\/wp-content\/uploads\/2024\/02\/CEA_Profnet_2-3_HR_240215-69-18x12.jpg 18w\" sizes=\"(max-width: 1024px) 100vw, 1024px\" \/><\/a><\/figure>\n\n\n\n<figure class=\"wp-block-image size-large\"><a href=\"https:\/\/centraleuropeanacademy.hu\/wp-content\/uploads\/2024\/02\/CEA_Profnet_2-3_HR_240215-79-scaled.jpg\"><img loading=\"lazy\" decoding=\"async\" width=\"1024\" height=\"683\" data-id=\"11127\" src=\"https:\/\/centraleuropeanacademy.hu\/wp-content\/uploads\/2024\/02\/CEA_Profnet_2-3_HR_240215-79-1024x683.jpg\" alt=\"Female speaker at the CEA podium addressing the audience\" class=\"wp-image-11127\" srcset=\"https:\/\/centraleuropeanacademy.hu\/wp-content\/uploads\/2024\/02\/CEA_Profnet_2-3_HR_240215-79-1024x683.jpg 1024w, https:\/\/centraleuropeanacademy.hu\/wp-content\/uploads\/2024\/02\/CEA_Profnet_2-3_HR_240215-79-700x467.jpg 700w, https:\/\/centraleuropeanacademy.hu\/wp-content\/uploads\/2024\/02\/CEA_Profnet_2-3_HR_240215-79-768x513.jpg 768w, https:\/\/centraleuropeanacademy.hu\/wp-content\/uploads\/2024\/02\/CEA_Profnet_2-3_HR_240215-79-1536x1025.jpg 1536w, https:\/\/centraleuropeanacademy.hu\/wp-content\/uploads\/2024\/02\/CEA_Profnet_2-3_HR_240215-79-2048x1367.jpg 2048w, https:\/\/centraleuropeanacademy.hu\/wp-content\/uploads\/2024\/02\/CEA_Profnet_2-3_HR_240215-79-18x12.jpg 18w\" sizes=\"(max-width: 1024px) 100vw, 1024px\" \/><\/a><\/figure>\n\n\n\n<figure class=\"wp-block-image size-large\"><a href=\"https:\/\/centraleuropeanacademy.hu\/wp-content\/uploads\/2024\/02\/CEA_Profnet_2-3_HR_240215-82-scaled.jpg\"><img loading=\"lazy\" decoding=\"async\" width=\"1024\" height=\"683\" data-id=\"11128\" src=\"https:\/\/centraleuropeanacademy.hu\/wp-content\/uploads\/2024\/02\/CEA_Profnet_2-3_HR_240215-82-1024x683.jpg\" alt=\"Male speaker at the CEA podium addressing the audience\" class=\"wp-image-11128\" srcset=\"https:\/\/centraleuropeanacademy.hu\/wp-content\/uploads\/2024\/02\/CEA_Profnet_2-3_HR_240215-82-1024x683.jpg 1024w, https:\/\/centraleuropeanacademy.hu\/wp-content\/uploads\/2024\/02\/CEA_Profnet_2-3_HR_240215-82-700x467.jpg 700w, https:\/\/centraleuropeanacademy.hu\/wp-content\/uploads\/2024\/02\/CEA_Profnet_2-3_HR_240215-82-768x513.jpg 768w, https:\/\/centraleuropeanacademy.hu\/wp-content\/uploads\/2024\/02\/CEA_Profnet_2-3_HR_240215-82-1536x1025.jpg 1536w, https:\/\/centraleuropeanacademy.hu\/wp-content\/uploads\/2024\/02\/CEA_Profnet_2-3_HR_240215-82-2048x1367.jpg 2048w, https:\/\/centraleuropeanacademy.hu\/wp-content\/uploads\/2024\/02\/CEA_Profnet_2-3_HR_240215-82-18x12.jpg 18w\" sizes=\"(max-width: 1024px) 100vw, 1024px\" \/><\/a><\/figure>\n\n\n\n<figure class=\"wp-block-image size-large\"><a href=\"https:\/\/centraleuropeanacademy.hu\/wp-content\/uploads\/2024\/02\/CEA_Profnet_2-3_HR_240216-5-scaled.jpg\"><img loading=\"lazy\" decoding=\"async\" width=\"1024\" height=\"683\" data-id=\"11129\" src=\"https:\/\/centraleuropeanacademy.hu\/wp-content\/uploads\/2024\/02\/CEA_Profnet_2-3_HR_240216-5-1024x683.jpg\" alt=\"Female speaker at the CEA podium addressing the audience\" class=\"wp-image-11129\" srcset=\"https:\/\/centraleuropeanacademy.hu\/wp-content\/uploads\/2024\/02\/CEA_Profnet_2-3_HR_240216-5-1024x683.jpg 1024w, https:\/\/centraleuropeanacademy.hu\/wp-content\/uploads\/2024\/02\/CEA_Profnet_2-3_HR_240216-5-700x467.jpg 700w, https:\/\/centraleuropeanacademy.hu\/wp-content\/uploads\/2024\/02\/CEA_Profnet_2-3_HR_240216-5-768x513.jpg 768w, https:\/\/centraleuropeanacademy.hu\/wp-content\/uploads\/2024\/02\/CEA_Profnet_2-3_HR_240216-5-1536x1025.jpg 1536w, https:\/\/centraleuropeanacademy.hu\/wp-content\/uploads\/2024\/02\/CEA_Profnet_2-3_HR_240216-5-2048x1367.jpg 2048w, https:\/\/centraleuropeanacademy.hu\/wp-content\/uploads\/2024\/02\/CEA_Profnet_2-3_HR_240216-5-18x12.jpg 18w\" sizes=\"(max-width: 1024px) 100vw, 1024px\" \/><\/a><\/figure>\n\n\n\n<figure class=\"wp-block-image size-large\"><a href=\"https:\/\/centraleuropeanacademy.hu\/wp-content\/uploads\/2024\/02\/CEA_Profnet_2-3_HR_240216-8-scaled.jpg\"><img loading=\"lazy\" decoding=\"async\" width=\"1024\" height=\"683\" data-id=\"11130\" src=\"https:\/\/centraleuropeanacademy.hu\/wp-content\/uploads\/2024\/02\/CEA_Profnet_2-3_HR_240216-8-1024x683.jpg\" alt=\"Female speaker at the CEA podium addressing the audience\" class=\"wp-image-11130\" srcset=\"https:\/\/centraleuropeanacademy.hu\/wp-content\/uploads\/2024\/02\/CEA_Profnet_2-3_HR_240216-8-1024x683.jpg 1024w, https:\/\/centraleuropeanacademy.hu\/wp-content\/uploads\/2024\/02\/CEA_Profnet_2-3_HR_240216-8-700x467.jpg 700w, https:\/\/centraleuropeanacademy.hu\/wp-content\/uploads\/2024\/02\/CEA_Profnet_2-3_HR_240216-8-768x513.jpg 768w, https:\/\/centraleuropeanacademy.hu\/wp-content\/uploads\/2024\/02\/CEA_Profnet_2-3_HR_240216-8-1536x1025.jpg 1536w, https:\/\/centraleuropeanacademy.hu\/wp-content\/uploads\/2024\/02\/CEA_Profnet_2-3_HR_240216-8-2048x1367.jpg 2048w, https:\/\/centraleuropeanacademy.hu\/wp-content\/uploads\/2024\/02\/CEA_Profnet_2-3_HR_240216-8-18x12.jpg 18w\" sizes=\"(max-width: 1024px) 100vw, 1024px\" \/><\/a><\/figure>\n\n\n\n<figure class=\"wp-block-image size-large\"><a href=\"https:\/\/centraleuropeanacademy.hu\/wp-content\/uploads\/2024\/02\/CEA_Profnet_2-3_HR_240216-13-scaled.jpg\"><img loading=\"lazy\" decoding=\"async\" width=\"1024\" height=\"683\" data-id=\"11131\" src=\"https:\/\/centraleuropeanacademy.hu\/wp-content\/uploads\/2024\/02\/CEA_Profnet_2-3_HR_240216-13-1024x683.jpg\" alt=\"Male speaker at the CEA podium addressing the audience\" class=\"wp-image-11131\" srcset=\"https:\/\/centraleuropeanacademy.hu\/wp-content\/uploads\/2024\/02\/CEA_Profnet_2-3_HR_240216-13-1024x683.jpg 1024w, https:\/\/centraleuropeanacademy.hu\/wp-content\/uploads\/2024\/02\/CEA_Profnet_2-3_HR_240216-13-700x467.jpg 700w, https:\/\/centraleuropeanacademy.hu\/wp-content\/uploads\/2024\/02\/CEA_Profnet_2-3_HR_240216-13-768x513.jpg 768w, https:\/\/centraleuropeanacademy.hu\/wp-content\/uploads\/2024\/02\/CEA_Profnet_2-3_HR_240216-13-1536x1025.jpg 1536w, https:\/\/centraleuropeanacademy.hu\/wp-content\/uploads\/2024\/02\/CEA_Profnet_2-3_HR_240216-13-2048x1367.jpg 2048w, https:\/\/centraleuropeanacademy.hu\/wp-content\/uploads\/2024\/02\/CEA_Profnet_2-3_HR_240216-13-18x12.jpg 18w\" sizes=\"(max-width: 1024px) 100vw, 1024px\" \/><\/a><\/figure>\n\n\n\n<figure class=\"wp-block-image size-large\"><a href=\"https:\/\/centraleuropeanacademy.hu\/wp-content\/uploads\/2024\/02\/CEA_Profnet_2-3_HR_240216-21-scaled.jpg\"><img loading=\"lazy\" decoding=\"async\" width=\"1024\" height=\"683\" data-id=\"11133\" src=\"https:\/\/centraleuropeanacademy.hu\/wp-content\/uploads\/2024\/02\/CEA_Profnet_2-3_HR_240216-21-1024x683.jpg\" alt=\"Male speaker at the CEA podium addressing the audience\" class=\"wp-image-11133\" srcset=\"https:\/\/centraleuropeanacademy.hu\/wp-content\/uploads\/2024\/02\/CEA_Profnet_2-3_HR_240216-21-1024x683.jpg 1024w, https:\/\/centraleuropeanacademy.hu\/wp-content\/uploads\/2024\/02\/CEA_Profnet_2-3_HR_240216-21-700x467.jpg 700w, https:\/\/centraleuropeanacademy.hu\/wp-content\/uploads\/2024\/02\/CEA_Profnet_2-3_HR_240216-21-768x513.jpg 768w, https:\/\/centraleuropeanacademy.hu\/wp-content\/uploads\/2024\/02\/CEA_Profnet_2-3_HR_240216-21-1536x1025.jpg 1536w, https:\/\/centraleuropeanacademy.hu\/wp-content\/uploads\/2024\/02\/CEA_Profnet_2-3_HR_240216-21-2048x1367.jpg 2048w, https:\/\/centraleuropeanacademy.hu\/wp-content\/uploads\/2024\/02\/CEA_Profnet_2-3_HR_240216-21-18x12.jpg 18w\" sizes=\"(max-width: 1024px) 100vw, 1024px\" \/><\/a><\/figure>\n\n\n\n<figure class=\"wp-block-image size-large\"><a href=\"https:\/\/centraleuropeanacademy.hu\/wp-content\/uploads\/2024\/02\/CEA_Profnet_2-3_HR_240216-32-scaled.jpg\"><img loading=\"lazy\" decoding=\"async\" width=\"1024\" height=\"683\" data-id=\"11136\" src=\"https:\/\/centraleuropeanacademy.hu\/wp-content\/uploads\/2024\/02\/CEA_Profnet_2-3_HR_240216-32-1024x683.jpg\" alt=\"Participants talking during the conference break\" class=\"wp-image-11136\" srcset=\"https:\/\/centraleuropeanacademy.hu\/wp-content\/uploads\/2024\/02\/CEA_Profnet_2-3_HR_240216-32-1024x683.jpg 1024w, https:\/\/centraleuropeanacademy.hu\/wp-content\/uploads\/2024\/02\/CEA_Profnet_2-3_HR_240216-32-700x467.jpg 700w, https:\/\/centraleuropeanacademy.hu\/wp-content\/uploads\/2024\/02\/CEA_Profnet_2-3_HR_240216-32-768x513.jpg 768w, https:\/\/centraleuropeanacademy.hu\/wp-content\/uploads\/2024\/02\/CEA_Profnet_2-3_HR_240216-32-1536x1025.jpg 1536w, https:\/\/centraleuropeanacademy.hu\/wp-content\/uploads\/2024\/02\/CEA_Profnet_2-3_HR_240216-32-2048x1367.jpg 2048w, https:\/\/centraleuropeanacademy.hu\/wp-content\/uploads\/2024\/02\/CEA_Profnet_2-3_HR_240216-32-18x12.jpg 18w\" sizes=\"(max-width: 1024px) 100vw, 1024px\" \/><\/a><\/figure>\n\n\n\n<figure class=\"wp-block-image size-large\"><a href=\"https:\/\/centraleuropeanacademy.hu\/wp-content\/uploads\/2024\/02\/CEA_Profnet_2-3_HR_240216-34-scaled.jpg\"><img loading=\"lazy\" decoding=\"async\" width=\"1024\" height=\"683\" data-id=\"11137\" src=\"https:\/\/centraleuropeanacademy.hu\/wp-content\/uploads\/2024\/02\/CEA_Profnet_2-3_HR_240216-34-1024x683.jpg\" alt=\"Participants talking during the conference break\" class=\"wp-image-11137\" srcset=\"https:\/\/centraleuropeanacademy.hu\/wp-content\/uploads\/2024\/02\/CEA_Profnet_2-3_HR_240216-34-1024x683.jpg 1024w, https:\/\/centraleuropeanacademy.hu\/wp-content\/uploads\/2024\/02\/CEA_Profnet_2-3_HR_240216-34-700x467.jpg 700w, https:\/\/centraleuropeanacademy.hu\/wp-content\/uploads\/2024\/02\/CEA_Profnet_2-3_HR_240216-34-768x513.jpg 768w, https:\/\/centraleuropeanacademy.hu\/wp-content\/uploads\/2024\/02\/CEA_Profnet_2-3_HR_240216-34-1536x1025.jpg 1536w, https:\/\/centraleuropeanacademy.hu\/wp-content\/uploads\/2024\/02\/CEA_Profnet_2-3_HR_240216-34-2048x1367.jpg 2048w, https:\/\/centraleuropeanacademy.hu\/wp-content\/uploads\/2024\/02\/CEA_Profnet_2-3_HR_240216-34-18x12.jpg 18w\" sizes=\"(max-width: 1024px) 100vw, 1024px\" \/><\/a><\/figure>\n\n\n\n<figure class=\"wp-block-image size-large\"><a href=\"https:\/\/centraleuropeanacademy.hu\/wp-content\/uploads\/2024\/02\/CEA_Profnet_2-3_HR_240216-35-scaled.jpg\"><img loading=\"lazy\" decoding=\"async\" width=\"1024\" height=\"683\" data-id=\"11138\" src=\"https:\/\/centraleuropeanacademy.hu\/wp-content\/uploads\/2024\/02\/CEA_Profnet_2-3_HR_240216-35-1024x683.jpg\" alt=\"Female speaker at the CEA podium addressing the audience\" class=\"wp-image-11138\" srcset=\"https:\/\/centraleuropeanacademy.hu\/wp-content\/uploads\/2024\/02\/CEA_Profnet_2-3_HR_240216-35-1024x683.jpg 1024w, https:\/\/centraleuropeanacademy.hu\/wp-content\/uploads\/2024\/02\/CEA_Profnet_2-3_HR_240216-35-700x467.jpg 700w, https:\/\/centraleuropeanacademy.hu\/wp-content\/uploads\/2024\/02\/CEA_Profnet_2-3_HR_240216-35-768x513.jpg 768w, https:\/\/centraleuropeanacademy.hu\/wp-content\/uploads\/2024\/02\/CEA_Profnet_2-3_HR_240216-35-1536x1025.jpg 1536w, https:\/\/centraleuropeanacademy.hu\/wp-content\/uploads\/2024\/02\/CEA_Profnet_2-3_HR_240216-35-2048x1367.jpg 2048w, https:\/\/centraleuropeanacademy.hu\/wp-content\/uploads\/2024\/02\/CEA_Profnet_2-3_HR_240216-35-18x12.jpg 18w\" sizes=\"(max-width: 1024px) 100vw, 1024px\" \/><\/a><\/figure>\n\n\n\n<figure class=\"wp-block-image size-large\"><a href=\"https:\/\/centraleuropeanacademy.hu\/wp-content\/uploads\/2024\/02\/CEA_Profnet_2-3_HR_240216-40-scaled.jpg\"><img loading=\"lazy\" decoding=\"async\" width=\"1024\" height=\"683\" data-id=\"11139\" src=\"https:\/\/centraleuropeanacademy.hu\/wp-content\/uploads\/2024\/02\/CEA_Profnet_2-3_HR_240216-40-1024x683.jpg\" alt=\"Male speaker at the CEA podium addressing the audience\" class=\"wp-image-11139\" srcset=\"https:\/\/centraleuropeanacademy.hu\/wp-content\/uploads\/2024\/02\/CEA_Profnet_2-3_HR_240216-40-1024x683.jpg 1024w, https:\/\/centraleuropeanacademy.hu\/wp-content\/uploads\/2024\/02\/CEA_Profnet_2-3_HR_240216-40-700x467.jpg 700w, https:\/\/centraleuropeanacademy.hu\/wp-content\/uploads\/2024\/02\/CEA_Profnet_2-3_HR_240216-40-768x513.jpg 768w, https:\/\/centraleuropeanacademy.hu\/wp-content\/uploads\/2024\/02\/CEA_Profnet_2-3_HR_240216-40-1536x1025.jpg 1536w, https:\/\/centraleuropeanacademy.hu\/wp-content\/uploads\/2024\/02\/CEA_Profnet_2-3_HR_240216-40-2048x1367.jpg 2048w, https:\/\/centraleuropeanacademy.hu\/wp-content\/uploads\/2024\/02\/CEA_Profnet_2-3_HR_240216-40-18x12.jpg 18w\" sizes=\"(max-width: 1024px) 100vw, 1024px\" \/><\/a><\/figure>\n\n\n\n<figure class=\"wp-block-image size-large\"><a href=\"https:\/\/centraleuropeanacademy.hu\/wp-content\/uploads\/2024\/02\/CEA_Profnet_2-3_HR_240216-46-scaled.jpg\"><img loading=\"lazy\" decoding=\"async\" width=\"1024\" height=\"683\" data-id=\"11140\" src=\"https:\/\/centraleuropeanacademy.hu\/wp-content\/uploads\/2024\/02\/CEA_Profnet_2-3_HR_240216-46-1024x683.jpg\" alt=\"Female speaker at the CEA podium addressing the audience\" class=\"wp-image-11140\" srcset=\"https:\/\/centraleuropeanacademy.hu\/wp-content\/uploads\/2024\/02\/CEA_Profnet_2-3_HR_240216-46-1024x683.jpg 1024w, https:\/\/centraleuropeanacademy.hu\/wp-content\/uploads\/2024\/02\/CEA_Profnet_2-3_HR_240216-46-700x467.jpg 700w, https:\/\/centraleuropeanacademy.hu\/wp-content\/uploads\/2024\/02\/CEA_Profnet_2-3_HR_240216-46-768x513.jpg 768w, https:\/\/centraleuropeanacademy.hu\/wp-content\/uploads\/2024\/02\/CEA_Profnet_2-3_HR_240216-46-1536x1025.jpg 1536w, https:\/\/centraleuropeanacademy.hu\/wp-content\/uploads\/2024\/02\/CEA_Profnet_2-3_HR_240216-46-2048x1367.jpg 2048w, https:\/\/centraleuropeanacademy.hu\/wp-content\/uploads\/2024\/02\/CEA_Profnet_2-3_HR_240216-46-18x12.jpg 18w\" sizes=\"(max-width: 1024px) 100vw, 1024px\" \/><\/a><\/figure>\n\n\n\n<figure class=\"wp-block-image size-full\"><a href=\"https:\/\/centraleuropeanacademy.hu\/wp-content\/uploads\/2024\/02\/CEA_Profnet_2-3_HR_240216-92-scaled.jpg\"><img loading=\"lazy\" decoding=\"async\" width=\"2560\" height=\"1706\" data-id=\"11142\" src=\"https:\/\/centraleuropeanacademy.hu\/wp-content\/uploads\/2024\/02\/CEA_Profnet_2-3_HR_240216-92-scaled.jpg\" alt=\"Group photo in front of the CEA logo with smiling participants\" class=\"wp-image-11142\" srcset=\"https:\/\/centraleuropeanacademy.hu\/wp-content\/uploads\/2024\/02\/CEA_Profnet_2-3_HR_240216-92-scaled.jpg 2560w, https:\/\/centraleuropeanacademy.hu\/wp-content\/uploads\/2024\/02\/CEA_Profnet_2-3_HR_240216-92-700x467.jpg 700w, https:\/\/centraleuropeanacademy.hu\/wp-content\/uploads\/2024\/02\/CEA_Profnet_2-3_HR_240216-92-1024x683.jpg 1024w, https:\/\/centraleuropeanacademy.hu\/wp-content\/uploads\/2024\/02\/CEA_Profnet_2-3_HR_240216-92-768x512.jpg 768w, https:\/\/centraleuropeanacademy.hu\/wp-content\/uploads\/2024\/02\/CEA_Profnet_2-3_HR_240216-92-1536x1024.jpg 1536w, https:\/\/centraleuropeanacademy.hu\/wp-content\/uploads\/2024\/02\/CEA_Profnet_2-3_HR_240216-92-2048x1365.jpg 2048w, https:\/\/centraleuropeanacademy.hu\/wp-content\/uploads\/2024\/02\/CEA_Profnet_2-3_HR_240216-92-18x12.jpg 18w\" sizes=\"(max-width: 2560px) 100vw, 2560px\" \/><\/a><\/figure>\n<\/figure>\n\n\n\n<p class=\"has-text-align-center\"><em>Photo: CEA Press<\/em><\/p>\n\n\n\n<figure class=\"wp-block-embed is-type-video is-provider-youtube wp-block-embed-youtube wp-embed-aspect-16-9 wp-has-aspect-ratio\"><div class=\"wp-block-embed__wrapper\">\n<iframe title=\"&quot;Migration Challenges \u2013 Legal Responses Specific Terms&quot; International Conference\" width=\"500\" height=\"281\" src=\"https:\/\/www.youtube.com\/embed\/OzVeHntt_ao?list=PLp75_Jffd855yY5-0FJRXHTxGz2lEug1K\" frameborder=\"0\" allow=\"accelerometer; autoplay; clipboard-write; encrypted-media; gyroscope; picture-in-picture; web-share\" referrerpolicy=\"strict-origin-when-cross-origin\" allowfullscreen><\/iframe>\n<\/div><\/figure>\n\n\n\n<p><\/p>\n\n\n\n<p>*The event is private and by invitation only.<\/p>\n\n\n\n<p class=\"eloadok\">El\u0151ad\u00f3k: Iris Goldner Lang, J\u00e1nos Ede Szil\u00e1gyi, Goranka Lali\u0107 Novak, Marcin Wielec, Frane Stani\u010di\u0107, Bart\u0142omiej Or\u0119ziak, N\u00f3ra B\u00e9res, Dalibor \u0110uki\u0107, Kate\u0159ina Frumarov\u00e1, \u013dudmila Elbert, Gregor Mau\u010dec, Anik\u00f3 Raisz, Lilla Berkes, Gyula F\u00e1bi\u00e1n, Mateusz Tch\u00f3rzewski, Aleksandra Syryt, Simon Kelenc, \u00c1gnes T\u00f6tt\u0151s, Tena Konjevi\u0107, Frane Stani\u010di\u0107, Marcin Wielec, Bart\u0142omiej Or\u0119ziak, N\u00f3ra B\u00e9res, Anik\u00f3 Raisz<\/p>","protected":false},"excerpt":{"rendered":"<p>A K\u00f6z\u00e9p-eur\u00f3pai Akad\u00e9mia \u00e9s a Z\u00e1gr\u00e1bi Egyetem Jogtudom\u00e1nyi Kara 2024. febru\u00e1r 15-16-\u00e1n \u201eMigration Challenges \u2013 Legal Responses in Specific Terms\u201d [&hellip;]<\/p>\n","protected":false},"author":8,"featured_media":11142,"parent":0,"comment_status":"open","ping_status":"closed","template":"","meta":{"_acf_changed":false,"site-sidebar-layout":"default","site-content-layout":"","ast-site-content-layout":"default","site-content-style":"default","site-sidebar-style":"default","ast-global-header-display":"","ast-banner-title-visibility":"","ast-main-header-display":"","ast-hfb-above-header-display":"","ast-hfb-below-header-display":"","ast-hfb-mobile-header-display":"","site-post-title":"","ast-breadcrumbs-content":"","ast-featured-img":"","footer-sml-layout":"","ast-disable-related-posts":"","theme-transparent-header-meta":"","adv-header-id-meta":"","stick-header-meta":"","header-above-stick-meta":"","header-main-stick-meta":"","header-below-stick-meta":"","astra-migrate-meta-layouts":"default","ast-page-background-enabled":"default","ast-page-background-meta":{"desktop":{"background-color":"var(--ast-global-color-4)","background-image":"","background-repeat":"repeat","background-position":"center center","background-size":"auto","background-attachment":"scroll","background-type":"","background-media":"","overlay-type":"","overlay-color":"","overlay-opacity":"","overlay-gradient":""},"tablet":{"background-color":"","background-image":"","background-repeat":"repeat","background-position":"center center","background-size":"auto","background-attachment":"scroll","background-type":"","background-media":"","overlay-type":"","overlay-color":"","overlay-opacity":"","overlay-gradient":""},"mobile":{"background-color":"","background-image":"","background-repeat":"repeat","background-position":"center center","background-size":"auto","background-attachment":"scroll","background-type":"","background-media":"","overlay-type":"","overlay-color":"","overlay-opacity":"","overlay-gradient":""}},"ast-content-background-meta":{"desktop":{"background-color":"var(--ast-global-color-5)","background-image":"","background-repeat":"repeat","background-position":"center center","background-size":"auto","background-attachment":"scroll","background-type":"","background-media":"","overlay-type":"","overlay-color":"","overlay-opacity":"","overlay-gradient":""},"tablet":{"background-color":"var(--ast-global-color-5)","background-image":"","background-repeat":"repeat","background-position":"center center","background-size":"auto","background-attachment":"scroll","background-type":"","background-media":"","overlay-type":"","overlay-color":"","overlay-opacity":"","overlay-gradient":""},"mobile":{"background-color":"var(--ast-global-color-5)","background-image":"","background-repeat":"repeat","background-position":"center center","background-size":"auto","background-attachment":"scroll","background-type":"","background-media":"","overlay-type":"","overlay-color":"","overlay-opacity":"","overlay-gradient":""}}},"countries-concerned":[422,428,416,420,470,471,472,473],"rendezvenyek-erintett-orszagok":[155,154,122,153,216,214,152,215],"event-format":[432],"event-language":[466],"kutatasi-emak-rendezvenyek":[255,253],"rendezveny-cimkei":[256,254],"rendezveny-nyelve":[117],"rendezveny-tipusa":[217],"research-topics-events":[480,507],"class_list":["post-9663","rendezveny","type-rendezveny","status-publish","has-post-thumbnail","hentry","countries-concerned-croatia","countries-concerned-czech-republic","countries-concerned-hungary","countries-concerned-poland","countries-concerned-romania","countries-concerned-serbia","countries-concerned-slovakia","countries-concerned-slovenia","rendezvenyek-erintett-orszagok-csehorszag","rendezvenyek-erintett-orszagok-horvatorszag","rendezvenyek-erintett-orszagok-lengyelorszag","rendezvenyek-erintett-orszagok-magyarorszag","rendezvenyek-erintett-orszagok-romania","rendezvenyek-erintett-orszagok-szerbia","rendezvenyek-erintett-orszagok-szlovakia","rendezvenyek-erintett-orszagok-szlovenia","event-format-conference","event-language-english","kutatasi-emak-rendezvenyek-emberjog","kutatasi-emak-rendezvenyek-migracio","rendezveny-cimkei-emberjog","rendezveny-cimkei-migracio","rendezveny-nyelve-angol","rendezveny-tipusa-konferencia","research-topics-events-human-rights","research-topics-events-migration"],"acf":[],"yoast_head":"<!-- This site is optimized with the Yoast SEO Premium plugin v27.5 (Yoast SEO v27.5) - https:\/\/yoast.com\/product\/yoast-seo-premium-wordpress\/ -->\n<title>Migration Challenges \u2013 Legal Responses in Specific Terms | ME KEA<\/title>\n<meta name=\"description\" content=\"\u201eMigration Challenges \u2013 Legal Responses in Specific Terms\u201d konferencia 2024. febru\u00e1r 15-16-\u00e1n Miskolcon, a K\u00f6z\u00e9p-eur\u00f3pai Akad\u00e9mia \u00e9s a Z\u00e1gr\u00e1bi Egyetem szervez\u00e9s\u00e9ben.\" \/>\n<meta name=\"robots\" content=\"index, follow, max-snippet:-1, max-image-preview:large, max-video-preview:-1\" \/>\n<link rel=\"canonical\" href=\"https:\/\/centraleuropeanacademy.hu\/en\/rendezveny\/migration-challenges-legal-responses-in-specific-terms\/\" \/>\n<meta property=\"og:locale\" content=\"en_GB\" \/>\n<meta property=\"og:type\" content=\"article\" \/>\n<meta property=\"og:title\" content=\"Migration Challenges \u2013 Legal Responses in Specific Terms\" \/>\n<meta property=\"og:description\" content=\"A K\u00f6z\u00e9p-eur\u00f3pai Akad\u00e9mia k\u00f6zfeladatot ell\u00e1t\u00f3 szervezet, f\u0151 c\u00e9lja a r\u00e9gi\u00f3s orsz\u00e1gok jogtudom\u00e1ny\u00e1nak \u00e9s ezen bel\u00fcl jogalkot\u00e1s\u00e1nak fejleszt\u00e9se.\" \/>\n<meta property=\"og:url\" content=\"https:\/\/centraleuropeanacademy.hu\/en\/rendezveny\/migration-challenges-legal-responses-in-specific-terms\/\" \/>\n<meta property=\"og:site_name\" content=\"ME KEA\" \/>\n<meta property=\"article:modified_time\" content=\"2025-08-27T18:20:47+00:00\" \/>\n<meta property=\"og:image\" content=\"https:\/\/centraleuropeanacademy.hu\/wp-content\/uploads\/2024\/02\/CEA_Profnet_2-3_HR_240216-92-scaled.jpg\" \/>\n\t<meta property=\"og:image:width\" content=\"2560\" \/>\n\t<meta property=\"og:image:height\" content=\"1706\" \/>\n\t<meta property=\"og:image:type\" content=\"image\/jpeg\" \/>\n<meta name=\"twitter:card\" content=\"summary_large_image\" \/>\n<meta name=\"twitter:label1\" content=\"Estimated reading time\" \/>\n\t<meta name=\"twitter:data1\" content=\"6 minutes\" \/>\n<script type=\"application\/ld+json\" class=\"yoast-schema-graph\">{\"@context\":\"https:\\\/\\\/schema.org\",\"@graph\":[{\"@type\":\"WebPage\",\"@id\":\"https:\\\/\\\/centraleuropeanacademy.hu\\\/rendezveny\\\/migration-challenges-legal-responses-in-specific-terms\\\/\",\"url\":\"https:\\\/\\\/centraleuropeanacademy.hu\\\/rendezveny\\\/migration-challenges-legal-responses-in-specific-terms\\\/\",\"name\":\"Migration Challenges \u2013 Legal Responses in Specific Terms | ME KEA\",\"isPartOf\":{\"@id\":\"https:\\\/\\\/centraleuropeanacademy.hu\\\/#website\"},\"primaryImageOfPage\":{\"@id\":\"https:\\\/\\\/centraleuropeanacademy.hu\\\/rendezveny\\\/migration-challenges-legal-responses-in-specific-terms\\\/#primaryimage\"},\"image\":{\"@id\":\"https:\\\/\\\/centraleuropeanacademy.hu\\\/rendezveny\\\/migration-challenges-legal-responses-in-specific-terms\\\/#primaryimage\"},\"thumbnailUrl\":\"https:\\\/\\\/centraleuropeanacademy.hu\\\/wp-content\\\/uploads\\\/2024\\\/02\\\/CEA_Profnet_2-3_HR_240216-92-scaled.jpg\",\"datePublished\":\"2024-02-16T14:45:44+00:00\",\"dateModified\":\"2025-08-27T18:20:47+00:00\",\"description\":\"\u201eMigration Challenges \u2013 Legal Responses in Specific Terms\u201d konferencia 2024. febru\u00e1r 15-16-\u00e1n Miskolcon, a K\u00f6z\u00e9p-eur\u00f3pai Akad\u00e9mia \u00e9s a Z\u00e1gr\u00e1bi Egyetem szervez\u00e9s\u00e9ben.\",\"breadcrumb\":{\"@id\":\"https:\\\/\\\/centraleuropeanacademy.hu\\\/rendezveny\\\/migration-challenges-legal-responses-in-specific-terms\\\/#breadcrumb\"},\"inLanguage\":\"en-GB\",\"potentialAction\":[{\"@type\":\"ReadAction\",\"target\":[\"https:\\\/\\\/centraleuropeanacademy.hu\\\/rendezveny\\\/migration-challenges-legal-responses-in-specific-terms\\\/\"]}]},{\"@type\":\"ImageObject\",\"inLanguage\":\"en-GB\",\"@id\":\"https:\\\/\\\/centraleuropeanacademy.hu\\\/rendezveny\\\/migration-challenges-legal-responses-in-specific-terms\\\/#primaryimage\",\"url\":\"https:\\\/\\\/centraleuropeanacademy.hu\\\/wp-content\\\/uploads\\\/2024\\\/02\\\/CEA_Profnet_2-3_HR_240216-92-scaled.jpg\",\"contentUrl\":\"https:\\\/\\\/centraleuropeanacademy.hu\\\/wp-content\\\/uploads\\\/2024\\\/02\\\/CEA_Profnet_2-3_HR_240216-92-scaled.jpg\",\"width\":2560,\"height\":1706,\"caption\":\"Csoportk\u00e9p\"},{\"@type\":\"BreadcrumbList\",\"@id\":\"https:\\\/\\\/centraleuropeanacademy.hu\\\/rendezveny\\\/migration-challenges-legal-responses-in-specific-terms\\\/#breadcrumb\",\"itemListElement\":[{\"@type\":\"ListItem\",\"position\":1,\"name\":\"Kezd\u0151lap\",\"item\":\"https:\\\/\\\/centraleuropeanacademy.hu\\\/\"},{\"@type\":\"ListItem\",\"position\":2,\"name\":\"Migration Challenges \u2013 Legal Responses in Specific Terms\"}]},{\"@type\":\"WebSite\",\"@id\":\"https:\\\/\\\/centraleuropeanacademy.hu\\\/#website\",\"url\":\"https:\\\/\\\/centraleuropeanacademy.hu\\\/\",\"name\":\"CEA\",\"description\":\"\",\"publisher\":{\"@id\":\"https:\\\/\\\/centraleuropeanacademy.hu\\\/#organization\"},\"potentialAction\":[{\"@type\":\"SearchAction\",\"target\":{\"@type\":\"EntryPoint\",\"urlTemplate\":\"https:\\\/\\\/centraleuropeanacademy.hu\\\/?s={search_term_string}\"},\"query-input\":{\"@type\":\"PropertyValueSpecification\",\"valueRequired\":true,\"valueName\":\"search_term_string\"}}],\"inLanguage\":\"en-GB\"},{\"@type\":\"Organization\",\"@id\":\"https:\\\/\\\/centraleuropeanacademy.hu\\\/#organization\",\"name\":\"K\u00f6z\u00e9p-eur\u00f3pai Akad\u00e9mia\",\"alternateName\":\"K\u00f6z\u00e9p-Eur\u00f3pai Akad\u00e9mia\",\"url\":\"https:\\\/\\\/centraleuropeanacademy.hu\\\/\",\"logo\":{\"@type\":\"ImageObject\",\"inLanguage\":\"en-GB\",\"@id\":\"https:\\\/\\\/centraleuropeanacademy.hu\\\/#\\\/schema\\\/logo\\\/image\\\/\",\"url\":\"https:\\\/\\\/centraleuropeanacademy.hu\\\/wp-content\\\/uploads\\\/2024\\\/04\\\/cea-logo.png\",\"contentUrl\":\"https:\\\/\\\/centraleuropeanacademy.hu\\\/wp-content\\\/uploads\\\/2024\\\/04\\\/cea-logo.png\",\"width\":1080,\"height\":417,\"caption\":\"K\u00f6z\u00e9p-eur\u00f3pai Akad\u00e9mia\"},\"image\":{\"@id\":\"https:\\\/\\\/centraleuropeanacademy.hu\\\/#\\\/schema\\\/logo\\\/image\\\/\"},\"description\":\"A budapesti sz\u00e9khellyel l\u00e9trej\u00f6tt K\u00f6z\u00e9p-eur\u00f3pai Akad\u00e9mia (CEA) a Miskolci Egyetem \u00e1ltal alap\u00edtott, k\u00f6zfeladatot ell\u00e1t\u00f3 szervezet.\",\"email\":\"academy@centraleuropeanacademy.hu\",\"telephone\":\"academy@centraleuropeanacademy.hu\",\"legalName\":\"K\u00f6z\u00e9p-eur\u00f3pai Akad\u00e9mia\",\"taxID\":\"19359711-1-43\"}]}<\/script>\n<!-- \/ Yoast SEO Premium plugin. -->","yoast_head_json":{"title":"Migration Challenges \u2013 Legal Responses in Specific Terms | ME KEA","description":"\"Migration Challenges - Legal Responses in Specific Terms\" conference on 15-16 February 2024 in Miskolc, organised by the Central European Academy and the University of Zagreb.","robots":{"index":"index","follow":"follow","max-snippet":"max-snippet:-1","max-image-preview":"max-image-preview:large","max-video-preview":"max-video-preview:-1"},"canonical":"https:\/\/centraleuropeanacademy.hu\/en\/rendezveny\/migration-challenges-legal-responses-in-specific-terms\/","og_locale":"en_GB","og_type":"article","og_title":"Migration Challenges \u2013 Legal Responses in Specific Terms","og_description":"A K\u00f6z\u00e9p-eur\u00f3pai Akad\u00e9mia k\u00f6zfeladatot ell\u00e1t\u00f3 szervezet, f\u0151 c\u00e9lja a r\u00e9gi\u00f3s orsz\u00e1gok jogtudom\u00e1ny\u00e1nak \u00e9s ezen bel\u00fcl jogalkot\u00e1s\u00e1nak fejleszt\u00e9se.","og_url":"https:\/\/centraleuropeanacademy.hu\/en\/rendezveny\/migration-challenges-legal-responses-in-specific-terms\/","og_site_name":"ME KEA","article_modified_time":"2025-08-27T18:20:47+00:00","og_image":[{"width":2560,"height":1706,"url":"https:\/\/centraleuropeanacademy.hu\/wp-content\/uploads\/2024\/02\/CEA_Profnet_2-3_HR_240216-92-scaled.jpg","type":"image\/jpeg"}],"twitter_card":"summary_large_image","twitter_misc":{"Estimated reading time":"6 minutes"},"schema":{"@context":"https:\/\/schema.org","@graph":[{"@type":"WebPage","@id":"https:\/\/centraleuropeanacademy.hu\/rendezveny\/migration-challenges-legal-responses-in-specific-terms\/","url":"https:\/\/centraleuropeanacademy.hu\/rendezveny\/migration-challenges-legal-responses-in-specific-terms\/","name":"Migration Challenges \u2013 Legal Responses in Specific Terms | ME KEA","isPartOf":{"@id":"https:\/\/centraleuropeanacademy.hu\/#website"},"primaryImageOfPage":{"@id":"https:\/\/centraleuropeanacademy.hu\/rendezveny\/migration-challenges-legal-responses-in-specific-terms\/#primaryimage"},"image":{"@id":"https:\/\/centraleuropeanacademy.hu\/rendezveny\/migration-challenges-legal-responses-in-specific-terms\/#primaryimage"},"thumbnailUrl":"https:\/\/centraleuropeanacademy.hu\/wp-content\/uploads\/2024\/02\/CEA_Profnet_2-3_HR_240216-92-scaled.jpg","datePublished":"2024-02-16T14:45:44+00:00","dateModified":"2025-08-27T18:20:47+00:00","description":"\"Migration Challenges - Legal Responses in Specific Terms\" conference on 15-16 February 2024 in Miskolc, organised by the Central European Academy and the University of Zagreb.","breadcrumb":{"@id":"https:\/\/centraleuropeanacademy.hu\/rendezveny\/migration-challenges-legal-responses-in-specific-terms\/#breadcrumb"},"inLanguage":"en-GB","potentialAction":[{"@type":"ReadAction","target":["https:\/\/centraleuropeanacademy.hu\/rendezveny\/migration-challenges-legal-responses-in-specific-terms\/"]}]},{"@type":"ImageObject","inLanguage":"en-GB","@id":"https:\/\/centraleuropeanacademy.hu\/rendezveny\/migration-challenges-legal-responses-in-specific-terms\/#primaryimage","url":"https:\/\/centraleuropeanacademy.hu\/wp-content\/uploads\/2024\/02\/CEA_Profnet_2-3_HR_240216-92-scaled.jpg","contentUrl":"https:\/\/centraleuropeanacademy.hu\/wp-content\/uploads\/2024\/02\/CEA_Profnet_2-3_HR_240216-92-scaled.jpg","width":2560,"height":1706,"caption":"Csoportk\u00e9p"},{"@type":"BreadcrumbList","@id":"https:\/\/centraleuropeanacademy.hu\/rendezveny\/migration-challenges-legal-responses-in-specific-terms\/#breadcrumb","itemListElement":[{"@type":"ListItem","position":1,"name":"Kezd\u0151lap","item":"https:\/\/centraleuropeanacademy.hu\/"},{"@type":"ListItem","position":2,"name":"Migration Challenges \u2013 Legal Responses in Specific Terms"}]},{"@type":"WebSite","@id":"https:\/\/centraleuropeanacademy.hu\/#website","url":"https:\/\/centraleuropeanacademy.hu\/","name":"CEA","description":"","publisher":{"@id":"https:\/\/centraleuropeanacademy.hu\/#organization"},"potentialAction":[{"@type":"SearchAction","target":{"@type":"EntryPoint","urlTemplate":"https:\/\/centraleuropeanacademy.hu\/?s={search_term_string}"},"query-input":{"@type":"PropertyValueSpecification","valueRequired":true,"valueName":"search_term_string"}}],"inLanguage":"en-GB"},{"@type":"Organization","@id":"https:\/\/centraleuropeanacademy.hu\/#organization","name":"Central European Academy","alternateName":"K\u00f6z\u00e9p-Eur\u00f3pai Akad\u00e9mia","url":"https:\/\/centraleuropeanacademy.hu\/","logo":{"@type":"ImageObject","inLanguage":"en-GB","@id":"https:\/\/centraleuropeanacademy.hu\/#\/schema\/logo\/image\/","url":"https:\/\/centraleuropeanacademy.hu\/wp-content\/uploads\/2024\/04\/cea-logo.png","contentUrl":"https:\/\/centraleuropeanacademy.hu\/wp-content\/uploads\/2024\/04\/cea-logo.png","width":1080,"height":417,"caption":"K\u00f6z\u00e9p-eur\u00f3pai Akad\u00e9mia"},"image":{"@id":"https:\/\/centraleuropeanacademy.hu\/#\/schema\/logo\/image\/"},"description":"A budapesti sz\u00e9khellyel l\u00e9trej\u00f6tt K\u00f6z\u00e9p-eur\u00f3pai Akad\u00e9mia (CEA) a Miskolci Egyetem \u00e1ltal alap\u00edtott, k\u00f6zfeladatot ell\u00e1t\u00f3 szervezet.","email":"academy@centraleuropeanacademy.hu","telephone":"academy@centraleuropeanacademy.hu","legalName":"K\u00f6z\u00e9p-eur\u00f3pai Akad\u00e9mia","taxID":"19359711-1-43"}]}},"_links":{"self":[{"href":"https:\/\/centraleuropeanacademy.hu\/en\/wp-json\/wp\/v2\/rendezveny\/9663","targetHints":{"allow":["GET"]}}],"collection":[{"href":"https:\/\/centraleuropeanacademy.hu\/en\/wp-json\/wp\/v2\/rendezveny"}],"about":[{"href":"https:\/\/centraleuropeanacademy.hu\/en\/wp-json\/wp\/v2\/types\/rendezveny"}],"author":[{"embeddable":true,"href":"https:\/\/centraleuropeanacademy.hu\/en\/wp-json\/wp\/v2\/users\/8"}],"replies":[{"embeddable":true,"href":"https:\/\/centraleuropeanacademy.hu\/en\/wp-json\/wp\/v2\/comments?post=9663"}],"wp:featuredmedia":[{"embeddable":true,"href":"https:\/\/centraleuropeanacademy.hu\/en\/wp-json\/wp\/v2\/media\/11142"}],"wp:attachment":[{"href":"https:\/\/centraleuropeanacademy.hu\/en\/wp-json\/wp\/v2\/media?parent=9663"}],"wp:term":[{"taxonomy":"countries-concerned","embeddable":true,"href":"https:\/\/centraleuropeanacademy.hu\/en\/wp-json\/wp\/v2\/countries-concerned?post=9663"},{"taxonomy":"rendezvenyek-erintett-orszagok","embeddable":true,"href":"https:\/\/centraleuropeanacademy.hu\/en\/wp-json\/wp\/v2\/rendezvenyek-erintett-orszagok?post=9663"},{"taxonomy":"event-format","embeddable":true,"href":"https:\/\/centraleuropeanacademy.hu\/en\/wp-json\/wp\/v2\/event-format?post=9663"},{"taxonomy":"event-language","embeddable":true,"href":"https:\/\/centraleuropeanacademy.hu\/en\/wp-json\/wp\/v2\/event-language?post=9663"},{"taxonomy":"kutatasi-emak-rendezvenyek","embeddable":true,"href":"https:\/\/centraleuropeanacademy.hu\/en\/wp-json\/wp\/v2\/kutatasi-emak-rendezvenyek?post=9663"},{"taxonomy":"rendezveny-cimkei","embeddable":true,"href":"https:\/\/centraleuropeanacademy.hu\/en\/wp-json\/wp\/v2\/rendezveny-cimkei?post=9663"},{"taxonomy":"rendezveny-nyelve","embeddable":true,"href":"https:\/\/centraleuropeanacademy.hu\/en\/wp-json\/wp\/v2\/rendezveny-nyelve?post=9663"},{"taxonomy":"rendezveny-tipusa","embeddable":true,"href":"https:\/\/centraleuropeanacademy.hu\/en\/wp-json\/wp\/v2\/rendezveny-tipusa?post=9663"},{"taxonomy":"research-topics-events","embeddable":true,"href":"https:\/\/centraleuropeanacademy.hu\/en\/wp-json\/wp\/v2\/research-topics-events?post=9663"}],"curies":[{"name":"wp","href":"https:\/\/api.w.org\/{rel}","templated":true}]}}