{"id":9578,"date":"2023-10-13T09:54:00","date_gmt":"2023-10-13T07:54:00","guid":{"rendered":"https:\/\/centraleuropeanacademy.hu\/?post_type=rendezveny&#038;p=9578"},"modified":"2025-08-27T16:31:48","modified_gmt":"2025-08-27T14:31:48","slug":"the-interpretation-of-the-rule-of-law-in-central-europe-in-light-of-the-supranational-concept-of-the-rule-of-law","status":"publish","type":"rendezveny","link":"https:\/\/centraleuropeanacademy.hu\/en\/rendezveny\/the-interpretation-of-the-rule-of-law-in-central-europe-in-light-of-the-supranational-concept-of-the-rule-of-law\/","title":{"rendered":"The Interpretation of the Rule of Law in Central Europe in Light of the Supranational Concept of the Rule of Law"},"content":{"rendered":"<p>The conference titled \u2018The Interpretation of the Rule of Law in Central Europe in Light of the Supranational Concept of the Rule of Law\u2019 organized on 12\u201313 October 2023 aims to bring together the members of the Central European Professors\u2019 Network Research Group on the Supranational Interpretation of the Rule of Law, operating under the coordination of Dr. J\u00e1nos B\u00f3ka under the aegis of the Central European Academy. <\/p>\n\n\n\n<p><\/p>\n\n\n\n<figure class=\"wp-block-image size-large is-resized\"><img fetchpriority=\"high\" decoding=\"async\" width=\"1024\" height=\"683\" src=\"https:\/\/centraleuropeanacademy.hu\/wp-content\/uploads\/2024\/06\/Profnet_2_231012_4-1024x683.jpg\" alt=\"Woman registering at a conference between the flags of CEA and Central European Professors\u2019 Network\" class=\"wp-image-9579\" style=\"width:1088px;height:auto\" srcset=\"https:\/\/centraleuropeanacademy.hu\/wp-content\/uploads\/2024\/06\/Profnet_2_231012_4-1024x683.jpg 1024w, https:\/\/centraleuropeanacademy.hu\/wp-content\/uploads\/2024\/06\/Profnet_2_231012_4-700x467.jpg 700w, https:\/\/centraleuropeanacademy.hu\/wp-content\/uploads\/2024\/06\/Profnet_2_231012_4-768x512.jpg 768w, https:\/\/centraleuropeanacademy.hu\/wp-content\/uploads\/2024\/06\/Profnet_2_231012_4-1536x1024.jpg 1536w, https:\/\/centraleuropeanacademy.hu\/wp-content\/uploads\/2024\/06\/Profnet_2_231012_4-2048x1365.jpg 2048w, https:\/\/centraleuropeanacademy.hu\/wp-content\/uploads\/2024\/06\/Profnet_2_231012_4-18x12.jpg 18w\" sizes=\"(max-width: 1024px) 100vw, 1024px\" \/><\/figure>\n\n\n\n<p><\/p>\n\n\n\n<p>The research group reflects on the process of the supranationalization of the concept of the rule of law by supranational institutions that is particularly relevant and topical for Central European states, as they constructively participate in the European constitutional dialogue. The present conference focuses on the domestic interpretation of the rule of law in Central European countries \u2013 with a particular focus on the jurisprudence of constitutional and supreme courts \u2013, and summarizes the conclusions of the members of the research group in connection with the interpretation of the rule of law in domestic laws. The conference also provides a platform to present the position of Central European courts in the European constitutional dialogue.<\/p>\n\n\n\n<p><\/p>\n\n\n\n<figure class=\"wp-block-gallery has-nested-images columns-default is-cropped wp-block-gallery-1 is-layout-flex wp-block-gallery-is-layout-flex\">\n<figure class=\"wp-block-image size-large\"><a href=\"https:\/\/centraleuropeanacademy.hu\/wp-content\/uploads\/2024\/06\/Profnet_2_231012_6-scaled.jpg\"><img decoding=\"async\" width=\"1024\" height=\"683\" data-id=\"9588\" src=\"https:\/\/centraleuropeanacademy.hu\/wp-content\/uploads\/2024\/06\/Profnet_2_231012_6-1024x683.jpg\" alt=\"Displayed law-related books at the event\" class=\"wp-image-9588\" srcset=\"https:\/\/centraleuropeanacademy.hu\/wp-content\/uploads\/2024\/06\/Profnet_2_231012_6-1024x683.jpg 1024w, https:\/\/centraleuropeanacademy.hu\/wp-content\/uploads\/2024\/06\/Profnet_2_231012_6-700x467.jpg 700w, https:\/\/centraleuropeanacademy.hu\/wp-content\/uploads\/2024\/06\/Profnet_2_231012_6-768x512.jpg 768w, https:\/\/centraleuropeanacademy.hu\/wp-content\/uploads\/2024\/06\/Profnet_2_231012_6-1536x1024.jpg 1536w, https:\/\/centraleuropeanacademy.hu\/wp-content\/uploads\/2024\/06\/Profnet_2_231012_6-2048x1365.jpg 2048w, https:\/\/centraleuropeanacademy.hu\/wp-content\/uploads\/2024\/06\/Profnet_2_231012_6-18x12.jpg 18w\" sizes=\"(max-width: 1024px) 100vw, 1024px\" \/><\/a><\/figure>\n\n\n\n<figure class=\"wp-block-image size-large\"><a href=\"https:\/\/centraleuropeanacademy.hu\/wp-content\/uploads\/2024\/06\/Profnet_2_231012_16-scaled.jpg\"><img decoding=\"async\" width=\"1024\" height=\"683\" data-id=\"9583\" src=\"https:\/\/centraleuropeanacademy.hu\/wp-content\/uploads\/2024\/06\/Profnet_2_231012_16-1024x683.jpg\" alt=\"Participants having a conversation during a conference coffee break\" class=\"wp-image-9583\" srcset=\"https:\/\/centraleuropeanacademy.hu\/wp-content\/uploads\/2024\/06\/Profnet_2_231012_16-1024x683.jpg 1024w, https:\/\/centraleuropeanacademy.hu\/wp-content\/uploads\/2024\/06\/Profnet_2_231012_16-700x467.jpg 700w, https:\/\/centraleuropeanacademy.hu\/wp-content\/uploads\/2024\/06\/Profnet_2_231012_16-768x512.jpg 768w, https:\/\/centraleuropeanacademy.hu\/wp-content\/uploads\/2024\/06\/Profnet_2_231012_16-1536x1024.jpg 1536w, https:\/\/centraleuropeanacademy.hu\/wp-content\/uploads\/2024\/06\/Profnet_2_231012_16-2048x1365.jpg 2048w, https:\/\/centraleuropeanacademy.hu\/wp-content\/uploads\/2024\/06\/Profnet_2_231012_16-18x12.jpg 18w\" sizes=\"(max-width: 1024px) 100vw, 1024px\" \/><\/a><\/figure>\n\n\n\n<figure class=\"wp-block-image size-large\"><a href=\"https:\/\/centraleuropeanacademy.hu\/wp-content\/uploads\/2024\/06\/Profnet_2_231012_28-scaled.jpg\"><img loading=\"lazy\" decoding=\"async\" width=\"1024\" height=\"683\" data-id=\"9586\" src=\"https:\/\/centraleuropeanacademy.hu\/wp-content\/uploads\/2024\/06\/Profnet_2_231012_28-1024x683.jpg\" alt=\"Male speaker giving a speech in front of the Central European Academy logo\" class=\"wp-image-9586\" srcset=\"https:\/\/centraleuropeanacademy.hu\/wp-content\/uploads\/2024\/06\/Profnet_2_231012_28-1024x683.jpg 1024w, https:\/\/centraleuropeanacademy.hu\/wp-content\/uploads\/2024\/06\/Profnet_2_231012_28-700x467.jpg 700w, https:\/\/centraleuropeanacademy.hu\/wp-content\/uploads\/2024\/06\/Profnet_2_231012_28-768x512.jpg 768w, https:\/\/centraleuropeanacademy.hu\/wp-content\/uploads\/2024\/06\/Profnet_2_231012_28-1536x1024.jpg 1536w, https:\/\/centraleuropeanacademy.hu\/wp-content\/uploads\/2024\/06\/Profnet_2_231012_28-2048x1365.jpg 2048w, https:\/\/centraleuropeanacademy.hu\/wp-content\/uploads\/2024\/06\/Profnet_2_231012_28-18x12.jpg 18w\" sizes=\"(max-width: 1024px) 100vw, 1024px\" \/><\/a><\/figure>\n\n\n\n<figure class=\"wp-block-image size-large\"><a href=\"https:\/\/centraleuropeanacademy.hu\/wp-content\/uploads\/2024\/06\/Profnet_2_231012_35-scaled.jpg\"><img loading=\"lazy\" decoding=\"async\" width=\"1024\" height=\"683\" data-id=\"9584\" src=\"https:\/\/centraleuropeanacademy.hu\/wp-content\/uploads\/2024\/06\/Profnet_2_231012_35-1024x683.jpg\" alt=\"Male speaker giving a speech in front of the Central European Academy logo\" class=\"wp-image-9584\" srcset=\"https:\/\/centraleuropeanacademy.hu\/wp-content\/uploads\/2024\/06\/Profnet_2_231012_35-1024x683.jpg 1024w, https:\/\/centraleuropeanacademy.hu\/wp-content\/uploads\/2024\/06\/Profnet_2_231012_35-700x467.jpg 700w, https:\/\/centraleuropeanacademy.hu\/wp-content\/uploads\/2024\/06\/Profnet_2_231012_35-768x512.jpg 768w, https:\/\/centraleuropeanacademy.hu\/wp-content\/uploads\/2024\/06\/Profnet_2_231012_35-1536x1024.jpg 1536w, https:\/\/centraleuropeanacademy.hu\/wp-content\/uploads\/2024\/06\/Profnet_2_231012_35-2048x1365.jpg 2048w, https:\/\/centraleuropeanacademy.hu\/wp-content\/uploads\/2024\/06\/Profnet_2_231012_35-18x12.jpg 18w\" sizes=\"(max-width: 1024px) 100vw, 1024px\" \/><\/a><\/figure>\n\n\n\n<figure class=\"wp-block-image size-large\"><a href=\"https:\/\/centraleuropeanacademy.hu\/wp-content\/uploads\/2024\/06\/Profnet_2_231012_38-scaled.jpg\"><img loading=\"lazy\" decoding=\"async\" width=\"1024\" height=\"683\" data-id=\"9587\" src=\"https:\/\/centraleuropeanacademy.hu\/wp-content\/uploads\/2024\/06\/Profnet_2_231012_38-1024x683.jpg\" alt=\"Participant browsing the conference program booklet\" class=\"wp-image-9587\" srcset=\"https:\/\/centraleuropeanacademy.hu\/wp-content\/uploads\/2024\/06\/Profnet_2_231012_38-1024x683.jpg 1024w, https:\/\/centraleuropeanacademy.hu\/wp-content\/uploads\/2024\/06\/Profnet_2_231012_38-700x467.jpg 700w, https:\/\/centraleuropeanacademy.hu\/wp-content\/uploads\/2024\/06\/Profnet_2_231012_38-768x512.jpg 768w, https:\/\/centraleuropeanacademy.hu\/wp-content\/uploads\/2024\/06\/Profnet_2_231012_38-1536x1024.jpg 1536w, https:\/\/centraleuropeanacademy.hu\/wp-content\/uploads\/2024\/06\/Profnet_2_231012_38-2048x1365.jpg 2048w, https:\/\/centraleuropeanacademy.hu\/wp-content\/uploads\/2024\/06\/Profnet_2_231012_38-18x12.jpg 18w\" sizes=\"(max-width: 1024px) 100vw, 1024px\" \/><\/a><\/figure>\n\n\n\n<figure class=\"wp-block-image size-large\"><a href=\"https:\/\/centraleuropeanacademy.hu\/wp-content\/uploads\/2024\/06\/Profnet_2_231012_47-scaled.jpg\"><img loading=\"lazy\" decoding=\"async\" width=\"1024\" height=\"683\" data-id=\"9585\" src=\"https:\/\/centraleuropeanacademy.hu\/wp-content\/uploads\/2024\/06\/Profnet_2_231012_47-1024x683.jpg\" alt=\"Audience listening to the presentation\" class=\"wp-image-9585\" srcset=\"https:\/\/centraleuropeanacademy.hu\/wp-content\/uploads\/2024\/06\/Profnet_2_231012_47-1024x683.jpg 1024w, https:\/\/centraleuropeanacademy.hu\/wp-content\/uploads\/2024\/06\/Profnet_2_231012_47-700x467.jpg 700w, https:\/\/centraleuropeanacademy.hu\/wp-content\/uploads\/2024\/06\/Profnet_2_231012_47-768x512.jpg 768w, https:\/\/centraleuropeanacademy.hu\/wp-content\/uploads\/2024\/06\/Profnet_2_231012_47-1536x1024.jpg 1536w, https:\/\/centraleuropeanacademy.hu\/wp-content\/uploads\/2024\/06\/Profnet_2_231012_47-2048x1365.jpg 2048w, https:\/\/centraleuropeanacademy.hu\/wp-content\/uploads\/2024\/06\/Profnet_2_231012_47-18x12.jpg 18w\" sizes=\"(max-width: 1024px) 100vw, 1024px\" \/><\/a><\/figure>\n\n\n\n<figure class=\"wp-block-image size-large\"><a href=\"https:\/\/centraleuropeanacademy.hu\/wp-content\/uploads\/2024\/06\/Profnet_2_231012_62-scaled.jpg\"><img loading=\"lazy\" decoding=\"async\" width=\"1024\" height=\"683\" data-id=\"9590\" src=\"https:\/\/centraleuropeanacademy.hu\/wp-content\/uploads\/2024\/06\/Profnet_2_231012_62-1024x683.jpg\" alt=\"Male speaker giving a speech in front of the Central European Academy logo\" class=\"wp-image-9590\" srcset=\"https:\/\/centraleuropeanacademy.hu\/wp-content\/uploads\/2024\/06\/Profnet_2_231012_62-1024x683.jpg 1024w, https:\/\/centraleuropeanacademy.hu\/wp-content\/uploads\/2024\/06\/Profnet_2_231012_62-700x467.jpg 700w, https:\/\/centraleuropeanacademy.hu\/wp-content\/uploads\/2024\/06\/Profnet_2_231012_62-768x512.jpg 768w, https:\/\/centraleuropeanacademy.hu\/wp-content\/uploads\/2024\/06\/Profnet_2_231012_62-1536x1024.jpg 1536w, https:\/\/centraleuropeanacademy.hu\/wp-content\/uploads\/2024\/06\/Profnet_2_231012_62-2048x1365.jpg 2048w, https:\/\/centraleuropeanacademy.hu\/wp-content\/uploads\/2024\/06\/Profnet_2_231012_62-18x12.jpg 18w\" sizes=\"(max-width: 1024px) 100vw, 1024px\" \/><\/a><\/figure>\n\n\n\n<figure class=\"wp-block-image size-large\"><a href=\"https:\/\/centraleuropeanacademy.hu\/wp-content\/uploads\/2024\/06\/Profnet_2_231012_115-scaled.jpg\"><img loading=\"lazy\" decoding=\"async\" width=\"1024\" height=\"683\" data-id=\"9589\" src=\"https:\/\/centraleuropeanacademy.hu\/wp-content\/uploads\/2024\/06\/Profnet_2_231012_115-1024x683.jpg\" alt=\"Male speaker giving a speech in front of the Central European Academy logo\" class=\"wp-image-9589\" srcset=\"https:\/\/centraleuropeanacademy.hu\/wp-content\/uploads\/2024\/06\/Profnet_2_231012_115-1024x683.jpg 1024w, https:\/\/centraleuropeanacademy.hu\/wp-content\/uploads\/2024\/06\/Profnet_2_231012_115-700x467.jpg 700w, https:\/\/centraleuropeanacademy.hu\/wp-content\/uploads\/2024\/06\/Profnet_2_231012_115-768x512.jpg 768w, https:\/\/centraleuropeanacademy.hu\/wp-content\/uploads\/2024\/06\/Profnet_2_231012_115-1536x1024.jpg 1536w, https:\/\/centraleuropeanacademy.hu\/wp-content\/uploads\/2024\/06\/Profnet_2_231012_115-2048x1365.jpg 2048w, https:\/\/centraleuropeanacademy.hu\/wp-content\/uploads\/2024\/06\/Profnet_2_231012_115-18x12.jpg 18w\" sizes=\"(max-width: 1024px) 100vw, 1024px\" \/><\/a><\/figure>\n\n\n\n<figure class=\"wp-block-image size-large\"><a href=\"https:\/\/centraleuropeanacademy.hu\/wp-content\/uploads\/2024\/06\/Profnet_2_231012_125-scaled.jpg\"><img loading=\"lazy\" decoding=\"async\" width=\"1024\" height=\"683\" data-id=\"9591\" src=\"https:\/\/centraleuropeanacademy.hu\/wp-content\/uploads\/2024\/06\/Profnet_2_231012_125-1024x683.jpg\" alt=\"N\u0151i el\u0151ad\u00f3 besz\u00e9det mond a p\u00f3diumon\" class=\"wp-image-9591\" srcset=\"https:\/\/centraleuropeanacademy.hu\/wp-content\/uploads\/2024\/06\/Profnet_2_231012_125-1024x683.jpg 1024w, https:\/\/centraleuropeanacademy.hu\/wp-content\/uploads\/2024\/06\/Profnet_2_231012_125-700x467.jpg 700w, https:\/\/centraleuropeanacademy.hu\/wp-content\/uploads\/2024\/06\/Profnet_2_231012_125-768x512.jpg 768w, https:\/\/centraleuropeanacademy.hu\/wp-content\/uploads\/2024\/06\/Profnet_2_231012_125-1536x1024.jpg 1536w, https:\/\/centraleuropeanacademy.hu\/wp-content\/uploads\/2024\/06\/Profnet_2_231012_125-2048x1365.jpg 2048w, https:\/\/centraleuropeanacademy.hu\/wp-content\/uploads\/2024\/06\/Profnet_2_231012_125-18x12.jpg 18w\" sizes=\"(max-width: 1024px) 100vw, 1024px\" \/><\/a><\/figure>\n<\/figure>\n\n\n\n<p class=\"has-text-align-center\"><em>Photo: CEA Press<\/em><\/p>\n\n\n\n<p>Programme of the event:<\/p>\n\n\n\n<div data-wp-interactive=\"core\/file\" class=\"wp-block-file\"><object data-wp-bind--hidden=\"!state.hasPdfPreview\" hidden class=\"wp-block-file__embed\" data=\"https:\/\/centraleuropeanacademy.hu\/wp-content\/uploads\/2024\/06\/ROL-program.pdf\" type=\"application\/pdf\" style=\"width:100%;height:600px\" aria-label=\"Embed of ROL-program.\"><\/object><a id=\"wp-block-file--media-8b329a56-39db-40c0-ab56-4e036f0a6381\" href=\"https:\/\/centraleuropeanacademy.hu\/wp-content\/uploads\/2024\/06\/ROL-program.pdf\">ROL-program<\/a><a href=\"https:\/\/centraleuropeanacademy.hu\/wp-content\/uploads\/2024\/06\/ROL-program.pdf\" class=\"wp-block-file__button wp-element-button\" download aria-describedby=\"wp-block-file--media-8b329a56-39db-40c0-ab56-4e036f0a6381\">Download<\/a><\/div>\n\n\n\n<figure class=\"wp-block-embed is-type-video is-provider-youtube wp-block-embed-youtube wp-embed-aspect-16-9 wp-has-aspect-ratio\"><div class=\"wp-block-embed__wrapper\">\n<iframe title=\"The Interpretation of the Rule of Law in Central Europe in Light of the Supranational Concept of...\" width=\"500\" height=\"281\" src=\"https:\/\/www.youtube.com\/embed\/5zsub62N36E?list=PLp75_Jffd856eqmq2VzwpZ4Bt4Sa5zaHQ\" frameborder=\"0\" allow=\"accelerometer; autoplay; clipboard-write; encrypted-media; gyroscope; picture-in-picture; web-share\" referrerpolicy=\"strict-origin-when-cross-origin\" allowfullscreen><\/iframe>\n<\/div><\/figure>\n\n\n\n<p><\/p>\n\n\n\n<p>*The event is private and by invitation only.<\/p>\n\n\n\n<p class=\"eloadok\">El\u0151ad\u00f3k: J\u00e1nos B\u00f3ka, Maja Luki\u0107 Radovi\u0107, Vanja-Ivan Savi\u0107, Grzegorz Pastuszko, David Sehn\u00e1lek, Bartosz Majchrzak, Katar\u00edna \u0160migov\u00e1, Marta Dragi\u010devi\u0107 Prtenja\u010da, Benjamin Flander, Vladan Petrov, K\u00e1roly Benke, Enik\u0151 Krajny\u00e1k, Em\u0151d Veress <\/p>","protected":false},"excerpt":{"rendered":"<p>A 2023. okt\u00f3ber 12-13-\u00e1n megrendez\u00e9sre ker\u00fcl\u0151 \u201eA jog\u00e1llamis\u00e1g \u00e9rtelmez\u00e9se K\u00f6z\u00e9p-Eur\u00f3p\u00e1ban a jog\u00e1llamis\u00e1g szupranacion\u00e1lis koncepci\u00f3j\u00e1nak t\u00fckr\u00e9ben\u201d c\u00edm\u0171 konferencia c\u00e9lja, hogy \u00f6sszehozza [&hellip;]<\/p>\n","protected":false},"author":7,"featured_media":9581,"parent":0,"comment_status":"open","ping_status":"closed","template":"","meta":{"_acf_changed":false,"site-sidebar-layout":"default","site-content-layout":"","ast-site-content-layout":"","site-content-style":"default","site-sidebar-style":"default","ast-global-header-display":"","ast-banner-title-visibility":"","ast-main-header-display":"","ast-hfb-above-header-display":"","ast-hfb-below-header-display":"","ast-hfb-mobile-header-display":"","site-post-title":"","ast-breadcrumbs-content":"","ast-featured-img":"","footer-sml-layout":"","ast-disable-related-posts":"","theme-transparent-header-meta":"","adv-header-id-meta":"","stick-header-meta":"","header-above-stick-meta":"","header-main-stick-meta":"","header-below-stick-meta":"","astra-migrate-meta-layouts":"default","ast-page-background-enabled":"default","ast-page-background-meta":{"desktop":{"background-color":"var(--ast-global-color-4)","background-image":"","background-repeat":"repeat","background-position":"center center","background-size":"auto","background-attachment":"scroll","background-type":"","background-media":"","overlay-type":"","overlay-color":"","overlay-opacity":"","overlay-gradient":""},"tablet":{"background-color":"","background-image":"","background-repeat":"repeat","background-position":"center center","background-size":"auto","background-attachment":"scroll","background-type":"","background-media":"","overlay-type":"","overlay-color":"","overlay-opacity":"","overlay-gradient":""},"mobile":{"background-color":"","background-image":"","background-repeat":"repeat","background-position":"center center","background-size":"auto","background-attachment":"scroll","background-type":"","background-media":"","overlay-type":"","overlay-color":"","overlay-opacity":"","overlay-gradient":""}},"ast-content-background-meta":{"desktop":{"background-color":"var(--ast-global-color-5)","background-image":"","background-repeat":"repeat","background-position":"center center","background-size":"auto","background-attachment":"scroll","background-type":"","background-media":"","overlay-type":"","overlay-color":"","overlay-opacity":"","overlay-gradient":""},"tablet":{"background-color":"var(--ast-global-color-5)","background-image":"","background-repeat":"repeat","background-position":"center center","background-size":"auto","background-attachment":"scroll","background-type":"","background-media":"","overlay-type":"","overlay-color":"","overlay-opacity":"","overlay-gradient":""},"mobile":{"background-color":"var(--ast-global-color-5)","background-image":"","background-repeat":"repeat","background-position":"center center","background-size":"auto","background-attachment":"scroll","background-type":"","background-media":"","overlay-type":"","overlay-color":"","overlay-opacity":"","overlay-gradient":""}}},"countries-concerned":[422,428,416,420,472],"rendezvenyek-erintett-orszagok":[155,154,122,153,152],"event-format":[432],"event-language":[466],"kutatasi-emak-rendezvenyek":[270],"rendezveny-cimkei":[275,277,276],"rendezveny-nyelve":[117],"rendezveny-tipusa":[217],"research-topics-events":[513],"class_list":["post-9578","rendezveny","type-rendezveny","status-publish","has-post-thumbnail","hentry","countries-concerned-croatia","countries-concerned-czech-republic","countries-concerned-hungary","countries-concerned-poland","countries-concerned-slovakia","rendezvenyek-erintett-orszagok-csehorszag","rendezvenyek-erintett-orszagok-horvatorszag","rendezvenyek-erintett-orszagok-lengyelorszag","rendezvenyek-erintett-orszagok-magyarorszag","rendezvenyek-erintett-orszagok-szlovakia","event-format-conference","event-language-english","kutatasi-emak-rendezvenyek-jogallamisag","rendezveny-cimkei-eu","rendezveny-cimkei-law","rendezveny-cimkei-profnet","rendezveny-nyelve-angol","rendezveny-tipusa-konferencia","research-topics-events-rule-of-law"],"acf":[],"yoast_head":"<!-- This site is optimized with the Yoast SEO Premium plugin v27.5 (Yoast SEO v27.5) - https:\/\/yoast.com\/product\/yoast-seo-premium-wordpress\/ -->\n<title>The Interpretation of the Rule of Law in Central Europe in Light of the Supranational Concept of the Rule of Law | ME KEA<\/title>\n<meta name=\"description\" content=\"Konferencia a jog\u00e1llamis\u00e1g szupranacion\u00e1lis \u00e9rtelmez\u00e9s\u00e9r\u0151l K\u00f6z\u00e9p-Eur\u00f3p\u00e1ban, okt\u00f3ber 12-13-\u00e1n, szak\u00e9rt\u0151k r\u00e9szv\u00e9tel\u00e9vel.\" \/>\n<meta name=\"robots\" content=\"index, follow, max-snippet:-1, max-image-preview:large, max-video-preview:-1\" \/>\n<link rel=\"canonical\" href=\"https:\/\/centraleuropeanacademy.hu\/en\/rendezveny\/the-interpretation-of-the-rule-of-law-in-central-europe-in-light-of-the-supranational-concept-of-the-rule-of-law\/\" \/>\n<meta property=\"og:locale\" content=\"en_GB\" \/>\n<meta property=\"og:type\" content=\"article\" \/>\n<meta property=\"og:title\" content=\"The Interpretation of the Rule of Law in Central Europe in Light of the Supranational Concept of the Rule of Law\" \/>\n<meta property=\"og:description\" content=\"A K\u00f6z\u00e9p-eur\u00f3pai Akad\u00e9mia k\u00f6zfeladatot ell\u00e1t\u00f3 szervezet, f\u0151 c\u00e9lja a r\u00e9gi\u00f3s orsz\u00e1gok jogtudom\u00e1ny\u00e1nak \u00e9s ezen bel\u00fcl jogalkot\u00e1s\u00e1nak fejleszt\u00e9se.\" \/>\n<meta property=\"og:url\" content=\"https:\/\/centraleuropeanacademy.hu\/en\/rendezveny\/the-interpretation-of-the-rule-of-law-in-central-europe-in-light-of-the-supranational-concept-of-the-rule-of-law\/\" \/>\n<meta property=\"og:site_name\" content=\"ME KEA\" \/>\n<meta property=\"article:modified_time\" content=\"2025-08-27T14:31:48+00:00\" \/>\n<meta property=\"og:image\" content=\"https:\/\/centraleuropeanacademy.hu\/wp-content\/uploads\/2024\/06\/2JB9807-scaled.jpg\" \/>\n\t<meta property=\"og:image:width\" content=\"2560\" \/>\n\t<meta property=\"og:image:height\" content=\"1707\" \/>\n\t<meta property=\"og:image:type\" content=\"image\/jpeg\" \/>\n<meta name=\"twitter:card\" content=\"summary_large_image\" \/>\n<meta name=\"twitter:label1\" content=\"Estimated reading time\" \/>\n\t<meta name=\"twitter:data1\" content=\"4 minutes\" \/>\n<script type=\"application\/ld+json\" class=\"yoast-schema-graph\">{\"@context\":\"https:\\\/\\\/schema.org\",\"@graph\":[{\"@type\":\"WebPage\",\"@id\":\"https:\\\/\\\/centraleuropeanacademy.hu\\\/rendezveny\\\/the-interpretation-of-the-rule-of-law-in-central-europe-in-light-of-the-supranational-concept-of-the-rule-of-law\\\/\",\"url\":\"https:\\\/\\\/centraleuropeanacademy.hu\\\/rendezveny\\\/the-interpretation-of-the-rule-of-law-in-central-europe-in-light-of-the-supranational-concept-of-the-rule-of-law\\\/\",\"name\":\"The Interpretation of the Rule of Law in Central Europe in Light of the Supranational Concept of the Rule of Law | ME KEA\",\"isPartOf\":{\"@id\":\"https:\\\/\\\/centraleuropeanacademy.hu\\\/#website\"},\"primaryImageOfPage\":{\"@id\":\"https:\\\/\\\/centraleuropeanacademy.hu\\\/rendezveny\\\/the-interpretation-of-the-rule-of-law-in-central-europe-in-light-of-the-supranational-concept-of-the-rule-of-law\\\/#primaryimage\"},\"image\":{\"@id\":\"https:\\\/\\\/centraleuropeanacademy.hu\\\/rendezveny\\\/the-interpretation-of-the-rule-of-law-in-central-europe-in-light-of-the-supranational-concept-of-the-rule-of-law\\\/#primaryimage\"},\"thumbnailUrl\":\"https:\\\/\\\/centraleuropeanacademy.hu\\\/wp-content\\\/uploads\\\/2024\\\/06\\\/2JB9807-scaled.jpg\",\"datePublished\":\"2023-10-13T07:54:00+00:00\",\"dateModified\":\"2025-08-27T14:31:48+00:00\",\"description\":\"Konferencia a jog\u00e1llamis\u00e1g szupranacion\u00e1lis \u00e9rtelmez\u00e9s\u00e9r\u0151l K\u00f6z\u00e9p-Eur\u00f3p\u00e1ban, okt\u00f3ber 12-13-\u00e1n, szak\u00e9rt\u0151k r\u00e9szv\u00e9tel\u00e9vel.\",\"breadcrumb\":{\"@id\":\"https:\\\/\\\/centraleuropeanacademy.hu\\\/rendezveny\\\/the-interpretation-of-the-rule-of-law-in-central-europe-in-light-of-the-supranational-concept-of-the-rule-of-law\\\/#breadcrumb\"},\"inLanguage\":\"en-GB\",\"potentialAction\":[{\"@type\":\"ReadAction\",\"target\":[\"https:\\\/\\\/centraleuropeanacademy.hu\\\/rendezveny\\\/the-interpretation-of-the-rule-of-law-in-central-europe-in-light-of-the-supranational-concept-of-the-rule-of-law\\\/\"]}]},{\"@type\":\"ImageObject\",\"inLanguage\":\"en-GB\",\"@id\":\"https:\\\/\\\/centraleuropeanacademy.hu\\\/rendezveny\\\/the-interpretation-of-the-rule-of-law-in-central-europe-in-light-of-the-supranational-concept-of-the-rule-of-law\\\/#primaryimage\",\"url\":\"https:\\\/\\\/centraleuropeanacademy.hu\\\/wp-content\\\/uploads\\\/2024\\\/06\\\/2JB9807-scaled.jpg\",\"contentUrl\":\"https:\\\/\\\/centraleuropeanacademy.hu\\\/wp-content\\\/uploads\\\/2024\\\/06\\\/2JB9807-scaled.jpg\",\"width\":2560,\"height\":1707,\"caption\":\"\u00d6lt\u00f6ny\u00f6s csoportk\u00e9p a konferenci\u00e1n r\u00e9sztvev\u0151kkel\"},{\"@type\":\"BreadcrumbList\",\"@id\":\"https:\\\/\\\/centraleuropeanacademy.hu\\\/rendezveny\\\/the-interpretation-of-the-rule-of-law-in-central-europe-in-light-of-the-supranational-concept-of-the-rule-of-law\\\/#breadcrumb\",\"itemListElement\":[{\"@type\":\"ListItem\",\"position\":1,\"name\":\"Kezd\u0151lap\",\"item\":\"https:\\\/\\\/centraleuropeanacademy.hu\\\/\"},{\"@type\":\"ListItem\",\"position\":2,\"name\":\"The Interpretation of the Rule of Law in Central Europe in Light of the Supranational Concept of the Rule of Law\"}]},{\"@type\":\"WebSite\",\"@id\":\"https:\\\/\\\/centraleuropeanacademy.hu\\\/#website\",\"url\":\"https:\\\/\\\/centraleuropeanacademy.hu\\\/\",\"name\":\"CEA\",\"description\":\"\",\"publisher\":{\"@id\":\"https:\\\/\\\/centraleuropeanacademy.hu\\\/#organization\"},\"potentialAction\":[{\"@type\":\"SearchAction\",\"target\":{\"@type\":\"EntryPoint\",\"urlTemplate\":\"https:\\\/\\\/centraleuropeanacademy.hu\\\/?s={search_term_string}\"},\"query-input\":{\"@type\":\"PropertyValueSpecification\",\"valueRequired\":true,\"valueName\":\"search_term_string\"}}],\"inLanguage\":\"en-GB\"},{\"@type\":\"Organization\",\"@id\":\"https:\\\/\\\/centraleuropeanacademy.hu\\\/#organization\",\"name\":\"K\u00f6z\u00e9p-eur\u00f3pai Akad\u00e9mia\",\"alternateName\":\"K\u00f6z\u00e9p-Eur\u00f3pai Akad\u00e9mia\",\"url\":\"https:\\\/\\\/centraleuropeanacademy.hu\\\/\",\"logo\":{\"@type\":\"ImageObject\",\"inLanguage\":\"en-GB\",\"@id\":\"https:\\\/\\\/centraleuropeanacademy.hu\\\/#\\\/schema\\\/logo\\\/image\\\/\",\"url\":\"https:\\\/\\\/centraleuropeanacademy.hu\\\/wp-content\\\/uploads\\\/2024\\\/04\\\/cea-logo.png\",\"contentUrl\":\"https:\\\/\\\/centraleuropeanacademy.hu\\\/wp-content\\\/uploads\\\/2024\\\/04\\\/cea-logo.png\",\"width\":1080,\"height\":417,\"caption\":\"K\u00f6z\u00e9p-eur\u00f3pai Akad\u00e9mia\"},\"image\":{\"@id\":\"https:\\\/\\\/centraleuropeanacademy.hu\\\/#\\\/schema\\\/logo\\\/image\\\/\"},\"description\":\"A budapesti sz\u00e9khellyel l\u00e9trej\u00f6tt K\u00f6z\u00e9p-eur\u00f3pai Akad\u00e9mia (CEA) a Miskolci Egyetem \u00e1ltal alap\u00edtott, k\u00f6zfeladatot ell\u00e1t\u00f3 szervezet.\",\"email\":\"academy@centraleuropeanacademy.hu\",\"telephone\":\"academy@centraleuropeanacademy.hu\",\"legalName\":\"K\u00f6z\u00e9p-eur\u00f3pai Akad\u00e9mia\",\"taxID\":\"19359711-1-43\"}]}<\/script>\n<!-- \/ Yoast SEO Premium plugin. -->","yoast_head_json":{"title":"The Interpretation of the Rule of Law in Central Europe in Light of the Supranational Concept of the Rule of Law | ME KEA","description":"Conference on supranational understanding of the rule of law in Central Europe, 12-13 October, with experts.","robots":{"index":"index","follow":"follow","max-snippet":"max-snippet:-1","max-image-preview":"max-image-preview:large","max-video-preview":"max-video-preview:-1"},"canonical":"https:\/\/centraleuropeanacademy.hu\/en\/rendezveny\/the-interpretation-of-the-rule-of-law-in-central-europe-in-light-of-the-supranational-concept-of-the-rule-of-law\/","og_locale":"en_GB","og_type":"article","og_title":"The Interpretation of the Rule of Law in Central Europe in Light of the Supranational Concept of the Rule of Law","og_description":"A K\u00f6z\u00e9p-eur\u00f3pai Akad\u00e9mia k\u00f6zfeladatot ell\u00e1t\u00f3 szervezet, f\u0151 c\u00e9lja a r\u00e9gi\u00f3s orsz\u00e1gok jogtudom\u00e1ny\u00e1nak \u00e9s ezen bel\u00fcl jogalkot\u00e1s\u00e1nak fejleszt\u00e9se.","og_url":"https:\/\/centraleuropeanacademy.hu\/en\/rendezveny\/the-interpretation-of-the-rule-of-law-in-central-europe-in-light-of-the-supranational-concept-of-the-rule-of-law\/","og_site_name":"ME KEA","article_modified_time":"2025-08-27T14:31:48+00:00","og_image":[{"width":2560,"height":1707,"url":"https:\/\/centraleuropeanacademy.hu\/wp-content\/uploads\/2024\/06\/2JB9807-scaled.jpg","type":"image\/jpeg"}],"twitter_card":"summary_large_image","twitter_misc":{"Estimated reading time":"4 minutes"},"schema":{"@context":"https:\/\/schema.org","@graph":[{"@type":"WebPage","@id":"https:\/\/centraleuropeanacademy.hu\/rendezveny\/the-interpretation-of-the-rule-of-law-in-central-europe-in-light-of-the-supranational-concept-of-the-rule-of-law\/","url":"https:\/\/centraleuropeanacademy.hu\/rendezveny\/the-interpretation-of-the-rule-of-law-in-central-europe-in-light-of-the-supranational-concept-of-the-rule-of-law\/","name":"The Interpretation of the Rule of Law in Central Europe in Light of the Supranational Concept of the Rule of Law | ME KEA","isPartOf":{"@id":"https:\/\/centraleuropeanacademy.hu\/#website"},"primaryImageOfPage":{"@id":"https:\/\/centraleuropeanacademy.hu\/rendezveny\/the-interpretation-of-the-rule-of-law-in-central-europe-in-light-of-the-supranational-concept-of-the-rule-of-law\/#primaryimage"},"image":{"@id":"https:\/\/centraleuropeanacademy.hu\/rendezveny\/the-interpretation-of-the-rule-of-law-in-central-europe-in-light-of-the-supranational-concept-of-the-rule-of-law\/#primaryimage"},"thumbnailUrl":"https:\/\/centraleuropeanacademy.hu\/wp-content\/uploads\/2024\/06\/2JB9807-scaled.jpg","datePublished":"2023-10-13T07:54:00+00:00","dateModified":"2025-08-27T14:31:48+00:00","description":"Conference on supranational understanding of the rule of law in Central Europe, 12-13 October, with experts.","breadcrumb":{"@id":"https:\/\/centraleuropeanacademy.hu\/rendezveny\/the-interpretation-of-the-rule-of-law-in-central-europe-in-light-of-the-supranational-concept-of-the-rule-of-law\/#breadcrumb"},"inLanguage":"en-GB","potentialAction":[{"@type":"ReadAction","target":["https:\/\/centraleuropeanacademy.hu\/rendezveny\/the-interpretation-of-the-rule-of-law-in-central-europe-in-light-of-the-supranational-concept-of-the-rule-of-law\/"]}]},{"@type":"ImageObject","inLanguage":"en-GB","@id":"https:\/\/centraleuropeanacademy.hu\/rendezveny\/the-interpretation-of-the-rule-of-law-in-central-europe-in-light-of-the-supranational-concept-of-the-rule-of-law\/#primaryimage","url":"https:\/\/centraleuropeanacademy.hu\/wp-content\/uploads\/2024\/06\/2JB9807-scaled.jpg","contentUrl":"https:\/\/centraleuropeanacademy.hu\/wp-content\/uploads\/2024\/06\/2JB9807-scaled.jpg","width":2560,"height":1707,"caption":"\u00d6lt\u00f6ny\u00f6s csoportk\u00e9p a konferenci\u00e1n r\u00e9sztvev\u0151kkel"},{"@type":"BreadcrumbList","@id":"https:\/\/centraleuropeanacademy.hu\/rendezveny\/the-interpretation-of-the-rule-of-law-in-central-europe-in-light-of-the-supranational-concept-of-the-rule-of-law\/#breadcrumb","itemListElement":[{"@type":"ListItem","position":1,"name":"Kezd\u0151lap","item":"https:\/\/centraleuropeanacademy.hu\/"},{"@type":"ListItem","position":2,"name":"The Interpretation of the Rule of Law in Central Europe in Light of the Supranational Concept of the Rule of Law"}]},{"@type":"WebSite","@id":"https:\/\/centraleuropeanacademy.hu\/#website","url":"https:\/\/centraleuropeanacademy.hu\/","name":"CEA","description":"","publisher":{"@id":"https:\/\/centraleuropeanacademy.hu\/#organization"},"potentialAction":[{"@type":"SearchAction","target":{"@type":"EntryPoint","urlTemplate":"https:\/\/centraleuropeanacademy.hu\/?s={search_term_string}"},"query-input":{"@type":"PropertyValueSpecification","valueRequired":true,"valueName":"search_term_string"}}],"inLanguage":"en-GB"},{"@type":"Organization","@id":"https:\/\/centraleuropeanacademy.hu\/#organization","name":"Central European Academy","alternateName":"K\u00f6z\u00e9p-Eur\u00f3pai Akad\u00e9mia","url":"https:\/\/centraleuropeanacademy.hu\/","logo":{"@type":"ImageObject","inLanguage":"en-GB","@id":"https:\/\/centraleuropeanacademy.hu\/#\/schema\/logo\/image\/","url":"https:\/\/centraleuropeanacademy.hu\/wp-content\/uploads\/2024\/04\/cea-logo.png","contentUrl":"https:\/\/centraleuropeanacademy.hu\/wp-content\/uploads\/2024\/04\/cea-logo.png","width":1080,"height":417,"caption":"K\u00f6z\u00e9p-eur\u00f3pai Akad\u00e9mia"},"image":{"@id":"https:\/\/centraleuropeanacademy.hu\/#\/schema\/logo\/image\/"},"description":"A budapesti sz\u00e9khellyel l\u00e9trej\u00f6tt K\u00f6z\u00e9p-eur\u00f3pai Akad\u00e9mia (CEA) a Miskolci Egyetem \u00e1ltal alap\u00edtott, k\u00f6zfeladatot ell\u00e1t\u00f3 szervezet.","email":"academy@centraleuropeanacademy.hu","telephone":"academy@centraleuropeanacademy.hu","legalName":"K\u00f6z\u00e9p-eur\u00f3pai Akad\u00e9mia","taxID":"19359711-1-43"}]}},"_links":{"self":[{"href":"https:\/\/centraleuropeanacademy.hu\/en\/wp-json\/wp\/v2\/rendezveny\/9578","targetHints":{"allow":["GET"]}}],"collection":[{"href":"https:\/\/centraleuropeanacademy.hu\/en\/wp-json\/wp\/v2\/rendezveny"}],"about":[{"href":"https:\/\/centraleuropeanacademy.hu\/en\/wp-json\/wp\/v2\/types\/rendezveny"}],"author":[{"embeddable":true,"href":"https:\/\/centraleuropeanacademy.hu\/en\/wp-json\/wp\/v2\/users\/7"}],"replies":[{"embeddable":true,"href":"https:\/\/centraleuropeanacademy.hu\/en\/wp-json\/wp\/v2\/comments?post=9578"}],"wp:featuredmedia":[{"embeddable":true,"href":"https:\/\/centraleuropeanacademy.hu\/en\/wp-json\/wp\/v2\/media\/9581"}],"wp:attachment":[{"href":"https:\/\/centraleuropeanacademy.hu\/en\/wp-json\/wp\/v2\/media?parent=9578"}],"wp:term":[{"taxonomy":"countries-concerned","embeddable":true,"href":"https:\/\/centraleuropeanacademy.hu\/en\/wp-json\/wp\/v2\/countries-concerned?post=9578"},{"taxonomy":"rendezvenyek-erintett-orszagok","embeddable":true,"href":"https:\/\/centraleuropeanacademy.hu\/en\/wp-json\/wp\/v2\/rendezvenyek-erintett-orszagok?post=9578"},{"taxonomy":"event-format","embeddable":true,"href":"https:\/\/centraleuropeanacademy.hu\/en\/wp-json\/wp\/v2\/event-format?post=9578"},{"taxonomy":"event-language","embeddable":true,"href":"https:\/\/centraleuropeanacademy.hu\/en\/wp-json\/wp\/v2\/event-language?post=9578"},{"taxonomy":"kutatasi-emak-rendezvenyek","embeddable":true,"href":"https:\/\/centraleuropeanacademy.hu\/en\/wp-json\/wp\/v2\/kutatasi-emak-rendezvenyek?post=9578"},{"taxonomy":"rendezveny-cimkei","embeddable":true,"href":"https:\/\/centraleuropeanacademy.hu\/en\/wp-json\/wp\/v2\/rendezveny-cimkei?post=9578"},{"taxonomy":"rendezveny-nyelve","embeddable":true,"href":"https:\/\/centraleuropeanacademy.hu\/en\/wp-json\/wp\/v2\/rendezveny-nyelve?post=9578"},{"taxonomy":"rendezveny-tipusa","embeddable":true,"href":"https:\/\/centraleuropeanacademy.hu\/en\/wp-json\/wp\/v2\/rendezveny-tipusa?post=9578"},{"taxonomy":"research-topics-events","embeddable":true,"href":"https:\/\/centraleuropeanacademy.hu\/en\/wp-json\/wp\/v2\/research-topics-events?post=9578"}],"curies":[{"name":"wp","href":"https:\/\/api.w.org\/{rel}","templated":true}]}}