{"id":9507,"date":"2023-09-04T14:18:00","date_gmt":"2023-09-04T12:18:00","guid":{"rendered":"https:\/\/centraleuropeanacademy.hu\/?post_type=rendezveny&#038;p=9507"},"modified":"2025-08-27T16:39:10","modified_gmt":"2025-08-27T14:39:10","slug":"az-icc-25-eve-tanult-megtanulhato-es-megtanulhatatlan-tanulsagok","status":"publish","type":"rendezveny","link":"https:\/\/centraleuropeanacademy.hu\/en\/rendezveny\/az-icc-25-eve-tanult-megtanulhato-es-megtanulhatatlan-tanulsagok\/","title":{"rendered":"The ICC at 25: Lessons Learnt, Might Have Been Learnt and Unlearnt"},"content":{"rendered":"<p>The Ferenc M\u00e1dl Institute for Comparative Law, in cooperation with the Central European Academy, organised a conference on the occasion of the 25th anniversary of the entry into force of the Rome Statute of the International Criminal Court (ICC), focusing on the current challenges of international criminal justice.<\/p>\n\n\n\n<p>While there is no doubt that the adoption of the Rome Statute has been a major success in ending impunity for the perpetrators of the most serious crimes affecting the international community, the ICC still has a long way to go to fulfil the mandate conferred on it by its Statute.<\/p>\n\n\n\n<figure class=\"wp-block-image\"><img decoding=\"async\" src=\"https:\/\/mfi.gov.hu\/wp-content\/uploads\/icc-0904-068-1024x683.jpg\" alt=\"R\u00e9sztvev\u0151 jegyzetf\u00fczetet tart az \u201eICC at 25\u201d konferenci\u00e1r\u00f3l\" class=\"wp-image-10713\"\/><\/figure>\n\n\n\n<p>Thus, this conference will provide a space to discuss the ICC's persistent problems, including in the context of jurisdiction, complementarity, its relationship with the UN Security Council, immunity, cooperation with states - particularly in Africa - and selective justice, while also taking stock of the latest issues facing the ICC. Overall, the conference aims to take stock of the ICC's achievements to date, while also anticipating possible solutions to overcome obstacles.<\/p>\n\n\n\n<p>Programme of the conference:<\/p>\n\n\n\n<div data-wp-interactive=\"core\/file\" class=\"wp-block-file\"><object data-wp-bind--hidden=\"!state.hasPdfPreview\" hidden class=\"wp-block-file__embed\" data=\"https:\/\/centraleuropeanacademy.hu\/wp-content\/uploads\/2024\/06\/ICC_at_25-Programme_Schedule.pdf\" type=\"application\/pdf\" style=\"width:100%;height:600px\" aria-label=\"Embed of ICC_at_25-Programme_Schedule.\"><\/object><a id=\"wp-block-file--media-78105a01-2cc5-4329-90e4-14f309e1dd3d\" href=\"https:\/\/centraleuropeanacademy.hu\/wp-content\/uploads\/2024\/06\/ICC_at_25-Programme_Schedule.pdf\">ICC_at_25-Programme_Schedule<\/a><a href=\"https:\/\/centraleuropeanacademy.hu\/wp-content\/uploads\/2024\/06\/ICC_at_25-Programme_Schedule.pdf\" class=\"wp-block-file__button wp-element-button\" download aria-describedby=\"wp-block-file--media-78105a01-2cc5-4329-90e4-14f309e1dd3d\">Download<\/a><\/div>\n\n\n\n<div class=\"wp-block-columns is-layout-flex wp-container-core-columns-is-layout-28f84493 wp-block-columns-is-layout-flex\">\n<div class=\"wp-block-column is-layout-flow wp-block-column-is-layout-flow\" style=\"flex-basis:100%\">\n<figure class=\"wp-block-gallery has-nested-images columns-default is-cropped wp-block-gallery-1 is-layout-flex wp-block-gallery-is-layout-flex\">\n<figure class=\"wp-block-image size-large\"><a href=\"https:\/\/centraleuropeanacademy.hu\/wp-content\/uploads\/2024\/06\/ICC_0904_093-scaled.webp\"><img fetchpriority=\"high\" decoding=\"async\" width=\"1024\" height=\"683\" data-id=\"11726\" src=\"https:\/\/centraleuropeanacademy.hu\/wp-content\/uploads\/2024\/06\/ICC_0904_093-1024x683.webp\" alt=\"Female speaker smiling while presenting at the conference podium.\" class=\"wp-image-11726\" srcset=\"https:\/\/centraleuropeanacademy.hu\/wp-content\/uploads\/2024\/06\/ICC_0904_093-1024x683.webp 1024w, https:\/\/centraleuropeanacademy.hu\/wp-content\/uploads\/2024\/06\/ICC_0904_093-700x467.webp 700w, https:\/\/centraleuropeanacademy.hu\/wp-content\/uploads\/2024\/06\/ICC_0904_093-768x512.webp 768w, https:\/\/centraleuropeanacademy.hu\/wp-content\/uploads\/2024\/06\/ICC_0904_093-1536x1024.webp 1536w, https:\/\/centraleuropeanacademy.hu\/wp-content\/uploads\/2024\/06\/ICC_0904_093-2048x1365.webp 2048w, https:\/\/centraleuropeanacademy.hu\/wp-content\/uploads\/2024\/06\/ICC_0904_093-18x12.webp 18w\" sizes=\"(max-width: 1024px) 100vw, 1024px\" \/><\/a><\/figure>\n\n\n\n<figure class=\"wp-block-image size-large\"><a href=\"https:\/\/centraleuropeanacademy.hu\/wp-content\/uploads\/2024\/06\/ICC_0904_094-scaled.webp\"><img decoding=\"async\" width=\"1024\" height=\"683\" data-id=\"11728\" src=\"https:\/\/centraleuropeanacademy.hu\/wp-content\/uploads\/2024\/06\/ICC_0904_094-1024x683.webp\" alt=\"Man standing at a microphone asking a question\" class=\"wp-image-11728\" srcset=\"https:\/\/centraleuropeanacademy.hu\/wp-content\/uploads\/2024\/06\/ICC_0904_094-1024x683.webp 1024w, https:\/\/centraleuropeanacademy.hu\/wp-content\/uploads\/2024\/06\/ICC_0904_094-700x467.webp 700w, https:\/\/centraleuropeanacademy.hu\/wp-content\/uploads\/2024\/06\/ICC_0904_094-768x512.webp 768w, https:\/\/centraleuropeanacademy.hu\/wp-content\/uploads\/2024\/06\/ICC_0904_094-1536x1024.webp 1536w, https:\/\/centraleuropeanacademy.hu\/wp-content\/uploads\/2024\/06\/ICC_0904_094-2048x1365.webp 2048w, https:\/\/centraleuropeanacademy.hu\/wp-content\/uploads\/2024\/06\/ICC_0904_094-18x12.webp 18w\" sizes=\"(max-width: 1024px) 100vw, 1024px\" \/><\/a><\/figure>\n\n\n\n<figure class=\"wp-block-image size-large\"><a href=\"https:\/\/centraleuropeanacademy.hu\/wp-content\/uploads\/2024\/06\/ICC_0904_098-scaled.webp\"><img decoding=\"async\" width=\"1024\" height=\"683\" data-id=\"11723\" src=\"https:\/\/centraleuropeanacademy.hu\/wp-content\/uploads\/2024\/06\/ICC_0904_098-1024x683.webp\" alt=\"Female speaker smiling while presenting at the conference podium.\" class=\"wp-image-11723\" srcset=\"https:\/\/centraleuropeanacademy.hu\/wp-content\/uploads\/2024\/06\/ICC_0904_098-1024x683.webp 1024w, https:\/\/centraleuropeanacademy.hu\/wp-content\/uploads\/2024\/06\/ICC_0904_098-700x467.webp 700w, https:\/\/centraleuropeanacademy.hu\/wp-content\/uploads\/2024\/06\/ICC_0904_098-768x512.webp 768w, https:\/\/centraleuropeanacademy.hu\/wp-content\/uploads\/2024\/06\/ICC_0904_098-1536x1024.webp 1536w, https:\/\/centraleuropeanacademy.hu\/wp-content\/uploads\/2024\/06\/ICC_0904_098-2048x1365.webp 2048w, https:\/\/centraleuropeanacademy.hu\/wp-content\/uploads\/2024\/06\/ICC_0904_098-18x12.webp 18w\" sizes=\"(max-width: 1024px) 100vw, 1024px\" \/><\/a><\/figure>\n\n\n\n<figure class=\"wp-block-image size-large\"><a href=\"https:\/\/centraleuropeanacademy.hu\/wp-content\/uploads\/2024\/06\/ICC_0904_100-scaled.webp\"><img loading=\"lazy\" decoding=\"async\" width=\"1024\" height=\"683\" data-id=\"11722\" src=\"https:\/\/centraleuropeanacademy.hu\/wp-content\/uploads\/2024\/06\/ICC_0904_100-1024x683.webp\" alt=\"Male speaker giving a speech in front of the CEA logo\" class=\"wp-image-11722\" srcset=\"https:\/\/centraleuropeanacademy.hu\/wp-content\/uploads\/2024\/06\/ICC_0904_100-1024x683.webp 1024w, https:\/\/centraleuropeanacademy.hu\/wp-content\/uploads\/2024\/06\/ICC_0904_100-700x467.webp 700w, https:\/\/centraleuropeanacademy.hu\/wp-content\/uploads\/2024\/06\/ICC_0904_100-768x512.webp 768w, https:\/\/centraleuropeanacademy.hu\/wp-content\/uploads\/2024\/06\/ICC_0904_100-1536x1024.webp 1536w, https:\/\/centraleuropeanacademy.hu\/wp-content\/uploads\/2024\/06\/ICC_0904_100-2048x1365.webp 2048w, https:\/\/centraleuropeanacademy.hu\/wp-content\/uploads\/2024\/06\/ICC_0904_100-18x12.webp 18w\" sizes=\"(max-width: 1024px) 100vw, 1024px\" \/><\/a><\/figure>\n\n\n\n<figure class=\"wp-block-image size-large\"><a href=\"https:\/\/centraleuropeanacademy.hu\/wp-content\/uploads\/2024\/06\/ICC_0904_003-scaled.webp\"><img loading=\"lazy\" decoding=\"async\" width=\"1024\" height=\"683\" data-id=\"11731\" src=\"https:\/\/centraleuropeanacademy.hu\/wp-content\/uploads\/2024\/06\/ICC_0904_003-1024x683.webp\" alt=\"Signing a contract at a desk\" class=\"wp-image-11731\" srcset=\"https:\/\/centraleuropeanacademy.hu\/wp-content\/uploads\/2024\/06\/ICC_0904_003-1024x683.webp 1024w, https:\/\/centraleuropeanacademy.hu\/wp-content\/uploads\/2024\/06\/ICC_0904_003-700x467.webp 700w, https:\/\/centraleuropeanacademy.hu\/wp-content\/uploads\/2024\/06\/ICC_0904_003-768x513.webp 768w, https:\/\/centraleuropeanacademy.hu\/wp-content\/uploads\/2024\/06\/ICC_0904_003-1536x1025.webp 1536w, https:\/\/centraleuropeanacademy.hu\/wp-content\/uploads\/2024\/06\/ICC_0904_003-2048x1367.webp 2048w, https:\/\/centraleuropeanacademy.hu\/wp-content\/uploads\/2024\/06\/ICC_0904_003-18x12.webp 18w\" sizes=\"(max-width: 1024px) 100vw, 1024px\" \/><\/a><\/figure>\n\n\n\n<figure class=\"wp-block-image size-large\"><a href=\"https:\/\/centraleuropeanacademy.hu\/wp-content\/uploads\/2024\/06\/ICC_0904_004-scaled.webp\"><img loading=\"lazy\" decoding=\"async\" width=\"1024\" height=\"683\" data-id=\"11729\" src=\"https:\/\/centraleuropeanacademy.hu\/wp-content\/uploads\/2024\/06\/ICC_0904_004-1024x683.webp\" alt=\"Signing a contract at a desk\" class=\"wp-image-11729\" srcset=\"https:\/\/centraleuropeanacademy.hu\/wp-content\/uploads\/2024\/06\/ICC_0904_004-1024x683.webp 1024w, https:\/\/centraleuropeanacademy.hu\/wp-content\/uploads\/2024\/06\/ICC_0904_004-700x467.webp 700w, https:\/\/centraleuropeanacademy.hu\/wp-content\/uploads\/2024\/06\/ICC_0904_004-768x513.webp 768w, https:\/\/centraleuropeanacademy.hu\/wp-content\/uploads\/2024\/06\/ICC_0904_004-1536x1025.webp 1536w, https:\/\/centraleuropeanacademy.hu\/wp-content\/uploads\/2024\/06\/ICC_0904_004-2048x1367.webp 2048w, https:\/\/centraleuropeanacademy.hu\/wp-content\/uploads\/2024\/06\/ICC_0904_004-18x12.webp 18w\" sizes=\"(max-width: 1024px) 100vw, 1024px\" \/><\/a><\/figure>\n\n\n\n<figure class=\"wp-block-image size-large\"><a href=\"https:\/\/centraleuropeanacademy.hu\/wp-content\/uploads\/2024\/06\/ICC_0904_005-scaled.webp\"><img loading=\"lazy\" decoding=\"async\" width=\"1024\" height=\"683\" data-id=\"11720\" src=\"https:\/\/centraleuropeanacademy.hu\/wp-content\/uploads\/2024\/06\/ICC_0904_005-1024x683.webp\" alt=\"Close-up of CEA branded lanyards\" class=\"wp-image-11720\" srcset=\"https:\/\/centraleuropeanacademy.hu\/wp-content\/uploads\/2024\/06\/ICC_0904_005-1024x683.webp 1024w, https:\/\/centraleuropeanacademy.hu\/wp-content\/uploads\/2024\/06\/ICC_0904_005-700x467.webp 700w, https:\/\/centraleuropeanacademy.hu\/wp-content\/uploads\/2024\/06\/ICC_0904_005-768x512.webp 768w, https:\/\/centraleuropeanacademy.hu\/wp-content\/uploads\/2024\/06\/ICC_0904_005-1536x1024.webp 1536w, https:\/\/centraleuropeanacademy.hu\/wp-content\/uploads\/2024\/06\/ICC_0904_005-2048x1365.webp 2048w, https:\/\/centraleuropeanacademy.hu\/wp-content\/uploads\/2024\/06\/ICC_0904_005-18x12.webp 18w\" sizes=\"(max-width: 1024px) 100vw, 1024px\" \/><\/a><\/figure>\n\n\n\n<figure class=\"wp-block-image size-large\"><a href=\"https:\/\/centraleuropeanacademy.hu\/wp-content\/uploads\/2024\/06\/ICC_0904_007-scaled.webp\"><img loading=\"lazy\" decoding=\"async\" width=\"1024\" height=\"683\" data-id=\"11730\" src=\"https:\/\/centraleuropeanacademy.hu\/wp-content\/uploads\/2024\/06\/ICC_0904_007-1024x683.webp\" alt=\"Book on the table\" class=\"wp-image-11730\" srcset=\"https:\/\/centraleuropeanacademy.hu\/wp-content\/uploads\/2024\/06\/ICC_0904_007-1024x683.webp 1024w, https:\/\/centraleuropeanacademy.hu\/wp-content\/uploads\/2024\/06\/ICC_0904_007-700x467.webp 700w, https:\/\/centraleuropeanacademy.hu\/wp-content\/uploads\/2024\/06\/ICC_0904_007-768x512.webp 768w, https:\/\/centraleuropeanacademy.hu\/wp-content\/uploads\/2024\/06\/ICC_0904_007-1536x1024.webp 1536w, https:\/\/centraleuropeanacademy.hu\/wp-content\/uploads\/2024\/06\/ICC_0904_007-2048x1365.webp 2048w, https:\/\/centraleuropeanacademy.hu\/wp-content\/uploads\/2024\/06\/ICC_0904_007-18x12.webp 18w\" sizes=\"(max-width: 1024px) 100vw, 1024px\" \/><\/a><\/figure>\n\n\n\n<figure class=\"wp-block-image size-large\"><a href=\"https:\/\/centraleuropeanacademy.hu\/wp-content\/uploads\/2024\/06\/ICC_0904_021-scaled.webp\"><img loading=\"lazy\" decoding=\"async\" width=\"1024\" height=\"683\" data-id=\"11727\" src=\"https:\/\/centraleuropeanacademy.hu\/wp-content\/uploads\/2024\/06\/ICC_0904_021-1024x683.webp\" alt=\"Male speaker giving a speech in front of the CEA logo\" class=\"wp-image-11727\" srcset=\"https:\/\/centraleuropeanacademy.hu\/wp-content\/uploads\/2024\/06\/ICC_0904_021-1024x683.webp 1024w, https:\/\/centraleuropeanacademy.hu\/wp-content\/uploads\/2024\/06\/ICC_0904_021-700x467.webp 700w, https:\/\/centraleuropeanacademy.hu\/wp-content\/uploads\/2024\/06\/ICC_0904_021-768x513.webp 768w, https:\/\/centraleuropeanacademy.hu\/wp-content\/uploads\/2024\/06\/ICC_0904_021-1536x1025.webp 1536w, https:\/\/centraleuropeanacademy.hu\/wp-content\/uploads\/2024\/06\/ICC_0904_021-2048x1367.webp 2048w, https:\/\/centraleuropeanacademy.hu\/wp-content\/uploads\/2024\/06\/ICC_0904_021-18x12.webp 18w\" sizes=\"(max-width: 1024px) 100vw, 1024px\" \/><\/a><\/figure>\n\n\n\n<figure class=\"wp-block-image size-large\"><a href=\"https:\/\/centraleuropeanacademy.hu\/wp-content\/uploads\/2024\/06\/ICC_0904_023-scaled.webp\"><img loading=\"lazy\" decoding=\"async\" width=\"1024\" height=\"683\" data-id=\"11721\" src=\"https:\/\/centraleuropeanacademy.hu\/wp-content\/uploads\/2024\/06\/ICC_0904_023-1024x683.webp\" alt=\"Participants in informal conversation during a reception\" class=\"wp-image-11721\" srcset=\"https:\/\/centraleuropeanacademy.hu\/wp-content\/uploads\/2024\/06\/ICC_0904_023-1024x683.webp 1024w, https:\/\/centraleuropeanacademy.hu\/wp-content\/uploads\/2024\/06\/ICC_0904_023-700x467.webp 700w, https:\/\/centraleuropeanacademy.hu\/wp-content\/uploads\/2024\/06\/ICC_0904_023-768x512.webp 768w, https:\/\/centraleuropeanacademy.hu\/wp-content\/uploads\/2024\/06\/ICC_0904_023-1536x1024.webp 1536w, https:\/\/centraleuropeanacademy.hu\/wp-content\/uploads\/2024\/06\/ICC_0904_023-2048x1365.webp 2048w, https:\/\/centraleuropeanacademy.hu\/wp-content\/uploads\/2024\/06\/ICC_0904_023-18x12.webp 18w\" sizes=\"(max-width: 1024px) 100vw, 1024px\" \/><\/a><\/figure>\n\n\n\n<figure class=\"wp-block-image size-large\"><a href=\"https:\/\/centraleuropeanacademy.hu\/wp-content\/uploads\/2024\/06\/ICC_0904_026-scaled.webp\"><img loading=\"lazy\" decoding=\"async\" width=\"1024\" height=\"683\" data-id=\"11724\" src=\"https:\/\/centraleuropeanacademy.hu\/wp-content\/uploads\/2024\/06\/ICC_0904_026-1024x683.webp\" alt=\"Man and woman talking during the event break\" class=\"wp-image-11724\" srcset=\"https:\/\/centraleuropeanacademy.hu\/wp-content\/uploads\/2024\/06\/ICC_0904_026-1024x683.webp 1024w, https:\/\/centraleuropeanacademy.hu\/wp-content\/uploads\/2024\/06\/ICC_0904_026-700x467.webp 700w, https:\/\/centraleuropeanacademy.hu\/wp-content\/uploads\/2024\/06\/ICC_0904_026-768x512.webp 768w, https:\/\/centraleuropeanacademy.hu\/wp-content\/uploads\/2024\/06\/ICC_0904_026-1536x1024.webp 1536w, https:\/\/centraleuropeanacademy.hu\/wp-content\/uploads\/2024\/06\/ICC_0904_026-2048x1365.webp 2048w, https:\/\/centraleuropeanacademy.hu\/wp-content\/uploads\/2024\/06\/ICC_0904_026-18x12.webp 18w\" sizes=\"(max-width: 1024px) 100vw, 1024px\" \/><\/a><\/figure>\n\n\n\n<figure class=\"wp-block-image size-large\"><a href=\"https:\/\/centraleuropeanacademy.hu\/wp-content\/uploads\/2024\/06\/ICC_0904_039-scaled.webp\"><img loading=\"lazy\" decoding=\"async\" width=\"1024\" height=\"683\" data-id=\"11725\" src=\"https:\/\/centraleuropeanacademy.hu\/wp-content\/uploads\/2024\/06\/ICC_0904_039-1024x683.webp\" alt=\"R\u00e9sztvev\u0151 jegyzetf\u00fczetet tart az \u201eICC at 25\u201d konferenci\u00e1r\u00f3l\" class=\"wp-image-11725\" srcset=\"https:\/\/centraleuropeanacademy.hu\/wp-content\/uploads\/2024\/06\/ICC_0904_039-1024x683.webp 1024w, https:\/\/centraleuropeanacademy.hu\/wp-content\/uploads\/2024\/06\/ICC_0904_039-700x467.webp 700w, https:\/\/centraleuropeanacademy.hu\/wp-content\/uploads\/2024\/06\/ICC_0904_039-768x512.webp 768w, https:\/\/centraleuropeanacademy.hu\/wp-content\/uploads\/2024\/06\/ICC_0904_039-1536x1024.webp 1536w, https:\/\/centraleuropeanacademy.hu\/wp-content\/uploads\/2024\/06\/ICC_0904_039-2048x1365.webp 2048w, https:\/\/centraleuropeanacademy.hu\/wp-content\/uploads\/2024\/06\/ICC_0904_039-18x12.webp 18w\" sizes=\"(max-width: 1024px) 100vw, 1024px\" \/><\/a><\/figure>\n<\/figure>\n<\/div>\n<\/div>\n\n\n\n<p class=\"has-text-align-center\"><em>Photo: CEA Press<\/em><\/p>\n\n\n\n<figure class=\"wp-block-embed is-type-video is-provider-youtube wp-block-embed-youtube wp-embed-aspect-16-9 wp-has-aspect-ratio\"><div class=\"wp-block-embed__wrapper\">\n<iframe title=\"&#039;The ICC at 25: Lessons Learnt, Might Have Been Learnt and Unlearnt&#039; Internation Conference\" width=\"500\" height=\"281\" src=\"https:\/\/www.youtube.com\/embed\/Aecs_fRuc40?list=PLp75_Jffd854LdbhZ8vtl9zIA5iUlVtj7\" frameborder=\"0\" allow=\"accelerometer; autoplay; clipboard-write; encrypted-media; gyroscope; picture-in-picture; web-share\" referrerpolicy=\"strict-origin-when-cross-origin\" allowfullscreen><\/iframe>\n<\/div><\/figure>\n\n\n\n<p><\/p>\n\n\n\n<p>*The event is private and by invitation only.<\/p>\n\n\n\n<p class=\"eloadok\">El\u0151ad\u00f3k: Ede J\u00e1nos Szil\u00e1gyi, P\u00e9ter Kov\u00e1cs, Bertram Schmitt, Milan \u0160kuli\u0107, Maja Munivrana, Barbara Janusz-Pohl, Tam\u00e1s \u00c1d\u00e1ny, R\u00e9ka Varga, Tam\u00e1s Hoffmann, Marcin Wielec, Suncana Roksandi\u0107, N\u00f3ra B\u00e9res, Sarah Pellet, Szymon Pawelec, Andr\u00e1s H\u00e1rs, Katarina Smigova, Rutvica Rusan, Cocou Marius Mensah, G\u00e1bor Kecsk\u00e9s, Marcin Rau, Rebecca Lilla Hassanov\u00e1, Anik\u00f3 Raisz, G\u00e1bor Sulyok, M\u00e1rta Benyusz, \u00c9va Gr\u00fcnwald, Katarzyna Zombory, <\/p>","protected":false},"excerpt":{"rendered":"<p>A M\u00e1dl Ferenc \u00d6sszehasonl\u00edt\u00f3 Jogi Int\u00e9zet a K\u00f6z\u00e9p-eur\u00f3pai Akad\u00e9mi\u00e1val k\u00f6z\u00f6sen a Nemzetk\u00f6zi B\u00fcntet\u0151b\u00edr\u00f3s\u00e1g (ICC) R\u00f3mai Stat\u00fatuma hat\u00e1lybal\u00e9p\u00e9s\u00e9nek 25. \u00e9vfordul\u00f3ja alkalm\u00e1b\u00f3l [&hellip;]<\/p>\n","protected":false},"author":7,"featured_media":11720,"parent":0,"comment_status":"open","ping_status":"closed","template":"","meta":{"_acf_changed":false,"site-sidebar-layout":"default","site-content-layout":"","ast-site-content-layout":"","site-content-style":"default","site-sidebar-style":"default","ast-global-header-display":"","ast-banner-title-visibility":"","ast-main-header-display":"","ast-hfb-above-header-display":"","ast-hfb-below-header-display":"","ast-hfb-mobile-header-display":"","site-post-title":"","ast-breadcrumbs-content":"","ast-featured-img":"","footer-sml-layout":"","ast-disable-related-posts":"","theme-transparent-header-meta":"","adv-header-id-meta":"","stick-header-meta":"","header-above-stick-meta":"","header-main-stick-meta":"","header-below-stick-meta":"","astra-migrate-meta-layouts":"default","ast-page-background-enabled":"default","ast-page-background-meta":{"desktop":{"background-color":"var(--ast-global-color-4)","background-image":"","background-repeat":"repeat","background-position":"center center","background-size":"auto","background-attachment":"scroll","background-type":"","background-media":"","overlay-type":"","overlay-color":"","overlay-opacity":"","overlay-gradient":""},"tablet":{"background-color":"","background-image":"","background-repeat":"repeat","background-position":"center center","background-size":"auto","background-attachment":"scroll","background-type":"","background-media":"","overlay-type":"","overlay-color":"","overlay-opacity":"","overlay-gradient":""},"mobile":{"background-color":"","background-image":"","background-repeat":"repeat","background-position":"center center","background-size":"auto","background-attachment":"scroll","background-type":"","background-media":"","overlay-type":"","overlay-color":"","overlay-opacity":"","overlay-gradient":""}},"ast-content-background-meta":{"desktop":{"background-color":"var(--ast-global-color-5)","background-image":"","background-repeat":"repeat","background-position":"center center","background-size":"auto","background-attachment":"scroll","background-type":"","background-media":"","overlay-type":"","overlay-color":"","overlay-opacity":"","overlay-gradient":""},"tablet":{"background-color":"var(--ast-global-color-5)","background-image":"","background-repeat":"repeat","background-position":"center center","background-size":"auto","background-attachment":"scroll","background-type":"","background-media":"","overlay-type":"","overlay-color":"","overlay-opacity":"","overlay-gradient":""},"mobile":{"background-color":"var(--ast-global-color-5)","background-image":"","background-repeat":"repeat","background-position":"center center","background-size":"auto","background-attachment":"scroll","background-type":"","background-media":"","overlay-type":"","overlay-color":"","overlay-opacity":"","overlay-gradient":""}}},"countries-concerned":[422,415,416,420,471,472,473],"rendezvenyek-erintett-orszagok":[154,122,153,225,214,152,215],"event-format":[432],"event-language":[466],"kutatasi-emak-rendezvenyek":[284],"rendezveny-cimkei":[294,278,295,275,277],"rendezveny-nyelve":[117],"rendezveny-tipusa":[217],"research-topics-events":[542],"class_list":["post-9507","rendezveny","type-rendezveny","status-publish","has-post-thumbnail","hentry","countries-concerned-croatia","countries-concerned-germany","countries-concerned-hungary","countries-concerned-poland","countries-concerned-serbia","countries-concerned-slovakia","countries-concerned-slovenia","rendezvenyek-erintett-orszagok-horvatorszag","rendezvenyek-erintett-orszagok-lengyelorszag","rendezvenyek-erintett-orszagok-magyarorszag","rendezvenyek-erintett-orszagok-nemetorszag","rendezvenyek-erintett-orszagok-szerbia","rendezvenyek-erintett-orszagok-szlovakia","rendezvenyek-erintett-orszagok-szlovenia","event-format-conference","event-language-english","kutatasi-emak-rendezvenyek-icc","rendezveny-cimkei-academy","rendezveny-cimkei-cea","rendezveny-cimkei-central-europe","rendezveny-cimkei-eu","rendezveny-cimkei-law","rendezveny-nyelve-angol","rendezveny-tipusa-konferencia","research-topics-events-icc"],"acf":[],"yoast_head":"<!-- This site is optimized with the Yoast SEO Premium plugin v27.5 (Yoast SEO v27.5) - https:\/\/yoast.com\/product\/yoast-seo-premium-wordpress\/ -->\n<title>Az ICC 25 \u00e9ve: Tanult, megtanulhat\u00f3 \u00e9s megtanulhatatlan tanuls\u00e1gok | ME KEA<\/title>\n<meta name=\"description\" content=\"Konferencia az ICC 25 \u00e9ves \u00e9vfordul\u00f3j\u00e1r\u00f3l \u00e9s a nemzetk\u00f6zi b\u00fcntet\u0151 igazs\u00e1gszolg\u00e1ltat\u00e1s kih\u00edv\u00e1sair\u00f3l, aktu\u00e1lis t\u00e9m\u00e1kkal.\" \/>\n<meta name=\"robots\" content=\"index, follow, max-snippet:-1, max-image-preview:large, max-video-preview:-1\" \/>\n<link rel=\"canonical\" href=\"https:\/\/centraleuropeanacademy.hu\/en\/rendezveny\/az-icc-25-eve-tanult-megtanulhato-es-megtanulhatatlan-tanulsagok\/\" \/>\n<meta property=\"og:locale\" content=\"en_GB\" \/>\n<meta property=\"og:type\" content=\"article\" \/>\n<meta property=\"og:title\" content=\"Az ICC 25 \u00e9ve: Tanult, megtanulhat\u00f3 \u00e9s megtanulhatatlan tanuls\u00e1gok\" \/>\n<meta property=\"og:description\" content=\"A K\u00f6z\u00e9p-eur\u00f3pai Akad\u00e9mia k\u00f6zfeladatot ell\u00e1t\u00f3 szervezet, f\u0151 c\u00e9lja a r\u00e9gi\u00f3s orsz\u00e1gok jogtudom\u00e1ny\u00e1nak \u00e9s ezen bel\u00fcl jogalkot\u00e1s\u00e1nak fejleszt\u00e9se.\" \/>\n<meta property=\"og:url\" content=\"https:\/\/centraleuropeanacademy.hu\/en\/rendezveny\/az-icc-25-eve-tanult-megtanulhato-es-megtanulhatatlan-tanulsagok\/\" \/>\n<meta property=\"og:site_name\" content=\"ME KEA\" \/>\n<meta property=\"article:modified_time\" content=\"2025-08-27T14:39:10+00:00\" \/>\n<meta property=\"og:image\" content=\"https:\/\/centraleuropeanacademy.hu\/wp-content\/uploads\/2024\/06\/ICC_0904_005-scaled.webp\" \/>\n\t<meta property=\"og:image:width\" content=\"2560\" \/>\n\t<meta property=\"og:image:height\" content=\"1706\" \/>\n\t<meta property=\"og:image:type\" content=\"image\/webp\" \/>\n<meta name=\"twitter:card\" content=\"summary_large_image\" \/>\n<meta name=\"twitter:label1\" content=\"Estimated reading time\" \/>\n\t<meta name=\"twitter:data1\" content=\"4 minutes\" \/>\n<script type=\"application\/ld+json\" class=\"yoast-schema-graph\">{\"@context\":\"https:\\\/\\\/schema.org\",\"@graph\":[{\"@type\":\"WebPage\",\"@id\":\"https:\\\/\\\/centraleuropeanacademy.hu\\\/rendezveny\\\/az-icc-25-eve-tanult-megtanulhato-es-megtanulhatatlan-tanulsagok\\\/\",\"url\":\"https:\\\/\\\/centraleuropeanacademy.hu\\\/rendezveny\\\/az-icc-25-eve-tanult-megtanulhato-es-megtanulhatatlan-tanulsagok\\\/\",\"name\":\"Az ICC 25 \u00e9ve: Tanult, megtanulhat\u00f3 \u00e9s megtanulhatatlan tanuls\u00e1gok | ME KEA\",\"isPartOf\":{\"@id\":\"https:\\\/\\\/centraleuropeanacademy.hu\\\/#website\"},\"primaryImageOfPage\":{\"@id\":\"https:\\\/\\\/centraleuropeanacademy.hu\\\/rendezveny\\\/az-icc-25-eve-tanult-megtanulhato-es-megtanulhatatlan-tanulsagok\\\/#primaryimage\"},\"image\":{\"@id\":\"https:\\\/\\\/centraleuropeanacademy.hu\\\/rendezveny\\\/az-icc-25-eve-tanult-megtanulhato-es-megtanulhatatlan-tanulsagok\\\/#primaryimage\"},\"thumbnailUrl\":\"https:\\\/\\\/centraleuropeanacademy.hu\\\/wp-content\\\/uploads\\\/2024\\\/06\\\/ICC_0904_005-scaled.webp\",\"datePublished\":\"2023-09-04T12:18:00+00:00\",\"dateModified\":\"2025-08-27T14:39:10+00:00\",\"description\":\"Konferencia az ICC 25 \u00e9ves \u00e9vfordul\u00f3j\u00e1r\u00f3l \u00e9s a nemzetk\u00f6zi b\u00fcntet\u0151 igazs\u00e1gszolg\u00e1ltat\u00e1s kih\u00edv\u00e1sair\u00f3l, aktu\u00e1lis t\u00e9m\u00e1kkal.\",\"breadcrumb\":{\"@id\":\"https:\\\/\\\/centraleuropeanacademy.hu\\\/rendezveny\\\/az-icc-25-eve-tanult-megtanulhato-es-megtanulhatatlan-tanulsagok\\\/#breadcrumb\"},\"inLanguage\":\"en-GB\",\"potentialAction\":[{\"@type\":\"ReadAction\",\"target\":[\"https:\\\/\\\/centraleuropeanacademy.hu\\\/rendezveny\\\/az-icc-25-eve-tanult-megtanulhato-es-megtanulhatatlan-tanulsagok\\\/\"]}]},{\"@type\":\"ImageObject\",\"inLanguage\":\"en-GB\",\"@id\":\"https:\\\/\\\/centraleuropeanacademy.hu\\\/rendezveny\\\/az-icc-25-eve-tanult-megtanulhato-es-megtanulhatatlan-tanulsagok\\\/#primaryimage\",\"url\":\"https:\\\/\\\/centraleuropeanacademy.hu\\\/wp-content\\\/uploads\\\/2024\\\/06\\\/ICC_0904_005-scaled.webp\",\"contentUrl\":\"https:\\\/\\\/centraleuropeanacademy.hu\\\/wp-content\\\/uploads\\\/2024\\\/06\\\/ICC_0904_005-scaled.webp\",\"width\":2560,\"height\":1706,\"caption\":\"CEA log\u00f3s nyakbaakaszt\u00f3 szalagok k\u00f6zelr\u0151l\"},{\"@type\":\"BreadcrumbList\",\"@id\":\"https:\\\/\\\/centraleuropeanacademy.hu\\\/rendezveny\\\/az-icc-25-eve-tanult-megtanulhato-es-megtanulhatatlan-tanulsagok\\\/#breadcrumb\",\"itemListElement\":[{\"@type\":\"ListItem\",\"position\":1,\"name\":\"Kezd\u0151lap\",\"item\":\"https:\\\/\\\/centraleuropeanacademy.hu\\\/\"},{\"@type\":\"ListItem\",\"position\":2,\"name\":\"Az ICC 25 \u00e9ve: Tanult, megtanulhat\u00f3 \u00e9s megtanulhatatlan tanuls\u00e1gok\"}]},{\"@type\":\"WebSite\",\"@id\":\"https:\\\/\\\/centraleuropeanacademy.hu\\\/#website\",\"url\":\"https:\\\/\\\/centraleuropeanacademy.hu\\\/\",\"name\":\"CEA\",\"description\":\"\",\"publisher\":{\"@id\":\"https:\\\/\\\/centraleuropeanacademy.hu\\\/#organization\"},\"potentialAction\":[{\"@type\":\"SearchAction\",\"target\":{\"@type\":\"EntryPoint\",\"urlTemplate\":\"https:\\\/\\\/centraleuropeanacademy.hu\\\/?s={search_term_string}\"},\"query-input\":{\"@type\":\"PropertyValueSpecification\",\"valueRequired\":true,\"valueName\":\"search_term_string\"}}],\"inLanguage\":\"en-GB\"},{\"@type\":\"Organization\",\"@id\":\"https:\\\/\\\/centraleuropeanacademy.hu\\\/#organization\",\"name\":\"K\u00f6z\u00e9p-eur\u00f3pai Akad\u00e9mia\",\"alternateName\":\"K\u00f6z\u00e9p-Eur\u00f3pai Akad\u00e9mia\",\"url\":\"https:\\\/\\\/centraleuropeanacademy.hu\\\/\",\"logo\":{\"@type\":\"ImageObject\",\"inLanguage\":\"en-GB\",\"@id\":\"https:\\\/\\\/centraleuropeanacademy.hu\\\/#\\\/schema\\\/logo\\\/image\\\/\",\"url\":\"https:\\\/\\\/centraleuropeanacademy.hu\\\/wp-content\\\/uploads\\\/2024\\\/04\\\/cea-logo.png\",\"contentUrl\":\"https:\\\/\\\/centraleuropeanacademy.hu\\\/wp-content\\\/uploads\\\/2024\\\/04\\\/cea-logo.png\",\"width\":1080,\"height\":417,\"caption\":\"K\u00f6z\u00e9p-eur\u00f3pai Akad\u00e9mia\"},\"image\":{\"@id\":\"https:\\\/\\\/centraleuropeanacademy.hu\\\/#\\\/schema\\\/logo\\\/image\\\/\"},\"description\":\"A budapesti sz\u00e9khellyel l\u00e9trej\u00f6tt K\u00f6z\u00e9p-eur\u00f3pai Akad\u00e9mia (CEA) a Miskolci Egyetem \u00e1ltal alap\u00edtott, k\u00f6zfeladatot ell\u00e1t\u00f3 szervezet.\",\"email\":\"academy@centraleuropeanacademy.hu\",\"telephone\":\"academy@centraleuropeanacademy.hu\",\"legalName\":\"K\u00f6z\u00e9p-eur\u00f3pai Akad\u00e9mia\",\"taxID\":\"19359711-1-43\"}]}<\/script>\n<!-- \/ Yoast SEO Premium plugin. -->","yoast_head_json":{"title":"Az ICC 25 \u00e9ve: Tanult, megtanulhat\u00f3 \u00e9s megtanulhatatlan tanuls\u00e1gok | ME KEA","description":"Conference on the 25th anniversary of the ICC and the challenges of international criminal justice, with topical themes.","robots":{"index":"index","follow":"follow","max-snippet":"max-snippet:-1","max-image-preview":"max-image-preview:large","max-video-preview":"max-video-preview:-1"},"canonical":"https:\/\/centraleuropeanacademy.hu\/en\/rendezveny\/az-icc-25-eve-tanult-megtanulhato-es-megtanulhatatlan-tanulsagok\/","og_locale":"en_GB","og_type":"article","og_title":"Az ICC 25 \u00e9ve: Tanult, megtanulhat\u00f3 \u00e9s megtanulhatatlan tanuls\u00e1gok","og_description":"A K\u00f6z\u00e9p-eur\u00f3pai Akad\u00e9mia k\u00f6zfeladatot ell\u00e1t\u00f3 szervezet, f\u0151 c\u00e9lja a r\u00e9gi\u00f3s orsz\u00e1gok jogtudom\u00e1ny\u00e1nak \u00e9s ezen bel\u00fcl jogalkot\u00e1s\u00e1nak fejleszt\u00e9se.","og_url":"https:\/\/centraleuropeanacademy.hu\/en\/rendezveny\/az-icc-25-eve-tanult-megtanulhato-es-megtanulhatatlan-tanulsagok\/","og_site_name":"ME KEA","article_modified_time":"2025-08-27T14:39:10+00:00","og_image":[{"width":2560,"height":1706,"url":"https:\/\/centraleuropeanacademy.hu\/wp-content\/uploads\/2024\/06\/ICC_0904_005-scaled.webp","type":"image\/webp"}],"twitter_card":"summary_large_image","twitter_misc":{"Estimated reading time":"4 minutes"},"schema":{"@context":"https:\/\/schema.org","@graph":[{"@type":"WebPage","@id":"https:\/\/centraleuropeanacademy.hu\/rendezveny\/az-icc-25-eve-tanult-megtanulhato-es-megtanulhatatlan-tanulsagok\/","url":"https:\/\/centraleuropeanacademy.hu\/rendezveny\/az-icc-25-eve-tanult-megtanulhato-es-megtanulhatatlan-tanulsagok\/","name":"Az ICC 25 \u00e9ve: Tanult, megtanulhat\u00f3 \u00e9s megtanulhatatlan tanuls\u00e1gok | ME KEA","isPartOf":{"@id":"https:\/\/centraleuropeanacademy.hu\/#website"},"primaryImageOfPage":{"@id":"https:\/\/centraleuropeanacademy.hu\/rendezveny\/az-icc-25-eve-tanult-megtanulhato-es-megtanulhatatlan-tanulsagok\/#primaryimage"},"image":{"@id":"https:\/\/centraleuropeanacademy.hu\/rendezveny\/az-icc-25-eve-tanult-megtanulhato-es-megtanulhatatlan-tanulsagok\/#primaryimage"},"thumbnailUrl":"https:\/\/centraleuropeanacademy.hu\/wp-content\/uploads\/2024\/06\/ICC_0904_005-scaled.webp","datePublished":"2023-09-04T12:18:00+00:00","dateModified":"2025-08-27T14:39:10+00:00","description":"Conference on the 25th anniversary of the ICC and the challenges of international criminal justice, with topical themes.","breadcrumb":{"@id":"https:\/\/centraleuropeanacademy.hu\/rendezveny\/az-icc-25-eve-tanult-megtanulhato-es-megtanulhatatlan-tanulsagok\/#breadcrumb"},"inLanguage":"en-GB","potentialAction":[{"@type":"ReadAction","target":["https:\/\/centraleuropeanacademy.hu\/rendezveny\/az-icc-25-eve-tanult-megtanulhato-es-megtanulhatatlan-tanulsagok\/"]}]},{"@type":"ImageObject","inLanguage":"en-GB","@id":"https:\/\/centraleuropeanacademy.hu\/rendezveny\/az-icc-25-eve-tanult-megtanulhato-es-megtanulhatatlan-tanulsagok\/#primaryimage","url":"https:\/\/centraleuropeanacademy.hu\/wp-content\/uploads\/2024\/06\/ICC_0904_005-scaled.webp","contentUrl":"https:\/\/centraleuropeanacademy.hu\/wp-content\/uploads\/2024\/06\/ICC_0904_005-scaled.webp","width":2560,"height":1706,"caption":"CEA log\u00f3s nyakbaakaszt\u00f3 szalagok k\u00f6zelr\u0151l"},{"@type":"BreadcrumbList","@id":"https:\/\/centraleuropeanacademy.hu\/rendezveny\/az-icc-25-eve-tanult-megtanulhato-es-megtanulhatatlan-tanulsagok\/#breadcrumb","itemListElement":[{"@type":"ListItem","position":1,"name":"Kezd\u0151lap","item":"https:\/\/centraleuropeanacademy.hu\/"},{"@type":"ListItem","position":2,"name":"Az ICC 25 \u00e9ve: Tanult, megtanulhat\u00f3 \u00e9s megtanulhatatlan tanuls\u00e1gok"}]},{"@type":"WebSite","@id":"https:\/\/centraleuropeanacademy.hu\/#website","url":"https:\/\/centraleuropeanacademy.hu\/","name":"CEA","description":"","publisher":{"@id":"https:\/\/centraleuropeanacademy.hu\/#organization"},"potentialAction":[{"@type":"SearchAction","target":{"@type":"EntryPoint","urlTemplate":"https:\/\/centraleuropeanacademy.hu\/?s={search_term_string}"},"query-input":{"@type":"PropertyValueSpecification","valueRequired":true,"valueName":"search_term_string"}}],"inLanguage":"en-GB"},{"@type":"Organization","@id":"https:\/\/centraleuropeanacademy.hu\/#organization","name":"Central European Academy","alternateName":"K\u00f6z\u00e9p-Eur\u00f3pai Akad\u00e9mia","url":"https:\/\/centraleuropeanacademy.hu\/","logo":{"@type":"ImageObject","inLanguage":"en-GB","@id":"https:\/\/centraleuropeanacademy.hu\/#\/schema\/logo\/image\/","url":"https:\/\/centraleuropeanacademy.hu\/wp-content\/uploads\/2024\/04\/cea-logo.png","contentUrl":"https:\/\/centraleuropeanacademy.hu\/wp-content\/uploads\/2024\/04\/cea-logo.png","width":1080,"height":417,"caption":"K\u00f6z\u00e9p-eur\u00f3pai Akad\u00e9mia"},"image":{"@id":"https:\/\/centraleuropeanacademy.hu\/#\/schema\/logo\/image\/"},"description":"A budapesti sz\u00e9khellyel l\u00e9trej\u00f6tt K\u00f6z\u00e9p-eur\u00f3pai Akad\u00e9mia (CEA) a Miskolci Egyetem \u00e1ltal alap\u00edtott, k\u00f6zfeladatot ell\u00e1t\u00f3 szervezet.","email":"academy@centraleuropeanacademy.hu","telephone":"academy@centraleuropeanacademy.hu","legalName":"K\u00f6z\u00e9p-eur\u00f3pai Akad\u00e9mia","taxID":"19359711-1-43"}]}},"_links":{"self":[{"href":"https:\/\/centraleuropeanacademy.hu\/en\/wp-json\/wp\/v2\/rendezveny\/9507","targetHints":{"allow":["GET"]}}],"collection":[{"href":"https:\/\/centraleuropeanacademy.hu\/en\/wp-json\/wp\/v2\/rendezveny"}],"about":[{"href":"https:\/\/centraleuropeanacademy.hu\/en\/wp-json\/wp\/v2\/types\/rendezveny"}],"author":[{"embeddable":true,"href":"https:\/\/centraleuropeanacademy.hu\/en\/wp-json\/wp\/v2\/users\/7"}],"replies":[{"embeddable":true,"href":"https:\/\/centraleuropeanacademy.hu\/en\/wp-json\/wp\/v2\/comments?post=9507"}],"wp:featuredmedia":[{"embeddable":true,"href":"https:\/\/centraleuropeanacademy.hu\/en\/wp-json\/wp\/v2\/media\/11720"}],"wp:attachment":[{"href":"https:\/\/centraleuropeanacademy.hu\/en\/wp-json\/wp\/v2\/media?parent=9507"}],"wp:term":[{"taxonomy":"countries-concerned","embeddable":true,"href":"https:\/\/centraleuropeanacademy.hu\/en\/wp-json\/wp\/v2\/countries-concerned?post=9507"},{"taxonomy":"rendezvenyek-erintett-orszagok","embeddable":true,"href":"https:\/\/centraleuropeanacademy.hu\/en\/wp-json\/wp\/v2\/rendezvenyek-erintett-orszagok?post=9507"},{"taxonomy":"event-format","embeddable":true,"href":"https:\/\/centraleuropeanacademy.hu\/en\/wp-json\/wp\/v2\/event-format?post=9507"},{"taxonomy":"event-language","embeddable":true,"href":"https:\/\/centraleuropeanacademy.hu\/en\/wp-json\/wp\/v2\/event-language?post=9507"},{"taxonomy":"kutatasi-emak-rendezvenyek","embeddable":true,"href":"https:\/\/centraleuropeanacademy.hu\/en\/wp-json\/wp\/v2\/kutatasi-emak-rendezvenyek?post=9507"},{"taxonomy":"rendezveny-cimkei","embeddable":true,"href":"https:\/\/centraleuropeanacademy.hu\/en\/wp-json\/wp\/v2\/rendezveny-cimkei?post=9507"},{"taxonomy":"rendezveny-nyelve","embeddable":true,"href":"https:\/\/centraleuropeanacademy.hu\/en\/wp-json\/wp\/v2\/rendezveny-nyelve?post=9507"},{"taxonomy":"rendezveny-tipusa","embeddable":true,"href":"https:\/\/centraleuropeanacademy.hu\/en\/wp-json\/wp\/v2\/rendezveny-tipusa?post=9507"},{"taxonomy":"research-topics-events","embeddable":true,"href":"https:\/\/centraleuropeanacademy.hu\/en\/wp-json\/wp\/v2\/research-topics-events?post=9507"}],"curies":[{"name":"wp","href":"https:\/\/api.w.org\/{rel}","templated":true}]}}