{"id":9463,"date":"2023-05-18T15:47:00","date_gmt":"2023-05-18T13:47:00","guid":{"rendered":"https:\/\/centraleuropeanacademy.hu\/?post_type=rendezveny&#038;p=9463"},"modified":"2025-08-27T20:11:07","modified_gmt":"2025-08-27T18:11:07","slug":"a-polgari-jog-kodifikacioja-ertekeles-reformok-lehetosegek","status":"publish","type":"rendezveny","link":"https:\/\/centraleuropeanacademy.hu\/en\/rendezveny\/a-polgari-jog-kodifikacioja-ertekeles-reformok-lehetosegek\/","title":{"rendered":"Codification of civil law: assessment, reforms, options"},"content":{"rendered":"<p>The Hungarian Civil Code was adopted 10 years ago. The Code builds strongly on tradition, but where necessary it has chosen the path of renewal and innovation. In Hungary, several events are taking place to evaluate the experience of the application of the Civil Code.<\/p>\n\n\n\n<p>On the occasion of the anniversary of the introduction of the Hungarian Civil Code, the Hungarian Academy of Sciences, the Central European Academy and the Ferenc M\u00e1dl Institute of Comparative Law \"<em>Codification of civil law: assessment, reforms, options<\/em>\" is organising an international conference&nbsp;<strong>18-19 May 2023<\/strong>to which you are cordially invited.<\/p>\n\n\n\n<p>The aim of the conference is to review the current state of private law codification, the reforms of the last decades, the current challenges and the planned reforms in some European countries.<\/p>\n\n\n\n<p>Programme of the conference:<\/p>\n\n\n\n<div data-wp-interactive=\"core\/file\" class=\"wp-block-file\"><object data-wp-bind--hidden=\"!state.hasPdfPreview\" hidden class=\"wp-block-file__embed\" data=\"https:\/\/centraleuropeanacademy.hu\/wp-content\/uploads\/2024\/06\/PTK-program.pdf\" type=\"application\/pdf\" style=\"width:100%;height:600px\" aria-label=\"Embed of PTK-program.\"><\/object><a id=\"wp-block-file--media-4cac9f0e-6607-465a-bdb9-dceb98f3c597\" href=\"https:\/\/centraleuropeanacademy.hu\/wp-content\/uploads\/2024\/06\/PTK-program.pdf\">PTK-program<\/a><a href=\"https:\/\/centraleuropeanacademy.hu\/wp-content\/uploads\/2024\/06\/PTK-program.pdf\" class=\"wp-block-file__button wp-element-button\" download aria-describedby=\"wp-block-file--media-4cac9f0e-6607-465a-bdb9-dceb98f3c597\">Download<\/a><\/div>\n\n\n\n<figure class=\"wp-block-gallery has-nested-images columns-default is-cropped wp-block-gallery-1 is-layout-flex wp-block-gallery-is-layout-flex\">\n<figure class=\"wp-block-image size-large\"><a href=\"https:\/\/centraleuropeanacademy.hu\/wp-content\/uploads\/2024\/06\/MTA_011_20230518-scaled.jpg\"><img fetchpriority=\"high\" decoding=\"async\" width=\"1024\" height=\"683\" data-id=\"9467\" src=\"https:\/\/centraleuropeanacademy.hu\/wp-content\/uploads\/2024\/06\/MTA_011_20230518-1024x683.jpg\" alt=\"Audience in a conference hall\" class=\"wp-image-9467\" srcset=\"https:\/\/centraleuropeanacademy.hu\/wp-content\/uploads\/2024\/06\/MTA_011_20230518-1024x683.jpg 1024w, https:\/\/centraleuropeanacademy.hu\/wp-content\/uploads\/2024\/06\/MTA_011_20230518-700x467.jpg 700w, https:\/\/centraleuropeanacademy.hu\/wp-content\/uploads\/2024\/06\/MTA_011_20230518-768x512.jpg 768w, https:\/\/centraleuropeanacademy.hu\/wp-content\/uploads\/2024\/06\/MTA_011_20230518-1536x1024.jpg 1536w, https:\/\/centraleuropeanacademy.hu\/wp-content\/uploads\/2024\/06\/MTA_011_20230518-2048x1365.jpg 2048w, https:\/\/centraleuropeanacademy.hu\/wp-content\/uploads\/2024\/06\/MTA_011_20230518-18x12.jpg 18w\" sizes=\"(max-width: 1024px) 100vw, 1024px\" \/><\/a><\/figure>\n\n\n\n<figure class=\"wp-block-image size-large\"><a href=\"https:\/\/centraleuropeanacademy.hu\/wp-content\/uploads\/2024\/06\/MTA_014_20230518-scaled.jpg\"><img decoding=\"async\" width=\"1024\" height=\"683\" data-id=\"9471\" src=\"https:\/\/centraleuropeanacademy.hu\/wp-content\/uploads\/2024\/06\/MTA_014_20230518-1024x683.jpg\" alt=\"Male speaker giving a speech in front of the Central European Academy logo\" class=\"wp-image-9471\" srcset=\"https:\/\/centraleuropeanacademy.hu\/wp-content\/uploads\/2024\/06\/MTA_014_20230518-1024x683.jpg 1024w, https:\/\/centraleuropeanacademy.hu\/wp-content\/uploads\/2024\/06\/MTA_014_20230518-700x467.jpg 700w, https:\/\/centraleuropeanacademy.hu\/wp-content\/uploads\/2024\/06\/MTA_014_20230518-768x513.jpg 768w, https:\/\/centraleuropeanacademy.hu\/wp-content\/uploads\/2024\/06\/MTA_014_20230518-1536x1025.jpg 1536w, https:\/\/centraleuropeanacademy.hu\/wp-content\/uploads\/2024\/06\/MTA_014_20230518-2048x1367.jpg 2048w, https:\/\/centraleuropeanacademy.hu\/wp-content\/uploads\/2024\/06\/MTA_014_20230518-18x12.jpg 18w\" sizes=\"(max-width: 1024px) 100vw, 1024px\" \/><\/a><\/figure>\n\n\n\n<figure class=\"wp-block-image size-large\"><a href=\"https:\/\/centraleuropeanacademy.hu\/wp-content\/uploads\/2024\/06\/MTA_018_20230518-scaled.jpg\"><img decoding=\"async\" width=\"1024\" height=\"683\" data-id=\"9470\" src=\"https:\/\/centraleuropeanacademy.hu\/wp-content\/uploads\/2024\/06\/MTA_018_20230518-1024x683.jpg\" alt=\"Male speaker giving a speech in front of the Central European Academy logo\" class=\"wp-image-9470\" srcset=\"https:\/\/centraleuropeanacademy.hu\/wp-content\/uploads\/2024\/06\/MTA_018_20230518-1024x683.jpg 1024w, https:\/\/centraleuropeanacademy.hu\/wp-content\/uploads\/2024\/06\/MTA_018_20230518-700x467.jpg 700w, https:\/\/centraleuropeanacademy.hu\/wp-content\/uploads\/2024\/06\/MTA_018_20230518-768x513.jpg 768w, https:\/\/centraleuropeanacademy.hu\/wp-content\/uploads\/2024\/06\/MTA_018_20230518-1536x1025.jpg 1536w, https:\/\/centraleuropeanacademy.hu\/wp-content\/uploads\/2024\/06\/MTA_018_20230518-2048x1367.jpg 2048w, https:\/\/centraleuropeanacademy.hu\/wp-content\/uploads\/2024\/06\/MTA_018_20230518-18x12.jpg 18w\" sizes=\"(max-width: 1024px) 100vw, 1024px\" \/><\/a><\/figure>\n\n\n\n<figure class=\"wp-block-image size-large\"><a href=\"https:\/\/centraleuropeanacademy.hu\/wp-content\/uploads\/2024\/06\/MTA_026_20230518-scaled.jpg\"><img loading=\"lazy\" decoding=\"async\" width=\"1024\" height=\"683\" data-id=\"9466\" src=\"https:\/\/centraleuropeanacademy.hu\/wp-content\/uploads\/2024\/06\/MTA_026_20230518-1024x683.jpg\" alt=\"Male speaker giving a speech in front of the Central European Academy logo\" class=\"wp-image-9466\" srcset=\"https:\/\/centraleuropeanacademy.hu\/wp-content\/uploads\/2024\/06\/MTA_026_20230518-1024x683.jpg 1024w, https:\/\/centraleuropeanacademy.hu\/wp-content\/uploads\/2024\/06\/MTA_026_20230518-700x467.jpg 700w, https:\/\/centraleuropeanacademy.hu\/wp-content\/uploads\/2024\/06\/MTA_026_20230518-768x512.jpg 768w, https:\/\/centraleuropeanacademy.hu\/wp-content\/uploads\/2024\/06\/MTA_026_20230518-1536x1024.jpg 1536w, https:\/\/centraleuropeanacademy.hu\/wp-content\/uploads\/2024\/06\/MTA_026_20230518-2048x1365.jpg 2048w, https:\/\/centraleuropeanacademy.hu\/wp-content\/uploads\/2024\/06\/MTA_026_20230518-18x12.jpg 18w\" sizes=\"(max-width: 1024px) 100vw, 1024px\" \/><\/a><\/figure>\n\n\n\n<figure class=\"wp-block-image size-large\"><a href=\"https:\/\/centraleuropeanacademy.hu\/wp-content\/uploads\/2024\/06\/MTA_035_20230518-scaled.jpg\"><img loading=\"lazy\" decoding=\"async\" width=\"1024\" height=\"683\" data-id=\"9469\" src=\"https:\/\/centraleuropeanacademy.hu\/wp-content\/uploads\/2024\/06\/MTA_035_20230518-1024x683.jpg\" alt=\"Male speaker giving a speech in front of the Central European Academy logo\" class=\"wp-image-9469\" srcset=\"https:\/\/centraleuropeanacademy.hu\/wp-content\/uploads\/2024\/06\/MTA_035_20230518-1024x683.jpg 1024w, https:\/\/centraleuropeanacademy.hu\/wp-content\/uploads\/2024\/06\/MTA_035_20230518-700x467.jpg 700w, https:\/\/centraleuropeanacademy.hu\/wp-content\/uploads\/2024\/06\/MTA_035_20230518-768x512.jpg 768w, https:\/\/centraleuropeanacademy.hu\/wp-content\/uploads\/2024\/06\/MTA_035_20230518-1536x1024.jpg 1536w, https:\/\/centraleuropeanacademy.hu\/wp-content\/uploads\/2024\/06\/MTA_035_20230518-2048x1365.jpg 2048w, https:\/\/centraleuropeanacademy.hu\/wp-content\/uploads\/2024\/06\/MTA_035_20230518-18x12.jpg 18w\" sizes=\"(max-width: 1024px) 100vw, 1024px\" \/><\/a><\/figure>\n\n\n\n<figure class=\"wp-block-image size-large\"><a href=\"https:\/\/centraleuropeanacademy.hu\/wp-content\/uploads\/2024\/06\/MTA_040_20230518-scaled.jpg\"><img loading=\"lazy\" decoding=\"async\" width=\"1024\" height=\"683\" data-id=\"9468\" src=\"https:\/\/centraleuropeanacademy.hu\/wp-content\/uploads\/2024\/06\/MTA_040_20230518-1024x683.jpg\" alt=\"Male speaker giving a speech in front of the Central European Academy logo\" class=\"wp-image-9468\" srcset=\"https:\/\/centraleuropeanacademy.hu\/wp-content\/uploads\/2024\/06\/MTA_040_20230518-1024x683.jpg 1024w, https:\/\/centraleuropeanacademy.hu\/wp-content\/uploads\/2024\/06\/MTA_040_20230518-700x467.jpg 700w, https:\/\/centraleuropeanacademy.hu\/wp-content\/uploads\/2024\/06\/MTA_040_20230518-768x512.jpg 768w, https:\/\/centraleuropeanacademy.hu\/wp-content\/uploads\/2024\/06\/MTA_040_20230518-1536x1024.jpg 1536w, https:\/\/centraleuropeanacademy.hu\/wp-content\/uploads\/2024\/06\/MTA_040_20230518-2048x1365.jpg 2048w, https:\/\/centraleuropeanacademy.hu\/wp-content\/uploads\/2024\/06\/MTA_040_20230518-18x12.jpg 18w\" sizes=\"(max-width: 1024px) 100vw, 1024px\" \/><\/a><\/figure>\n\n\n\n<figure class=\"wp-block-image size-large\"><a href=\"https:\/\/centraleuropeanacademy.hu\/wp-content\/uploads\/2024\/06\/MTA_053_20230518-scaled.jpg\"><img loading=\"lazy\" decoding=\"async\" width=\"1024\" height=\"683\" data-id=\"9472\" src=\"https:\/\/centraleuropeanacademy.hu\/wp-content\/uploads\/2024\/06\/MTA_053_20230518-1024x683.jpg\" alt=\"Male speaker giving a speech in front of the Central European Academy logo\" class=\"wp-image-9472\" srcset=\"https:\/\/centraleuropeanacademy.hu\/wp-content\/uploads\/2024\/06\/MTA_053_20230518-1024x683.jpg 1024w, https:\/\/centraleuropeanacademy.hu\/wp-content\/uploads\/2024\/06\/MTA_053_20230518-700x467.jpg 700w, https:\/\/centraleuropeanacademy.hu\/wp-content\/uploads\/2024\/06\/MTA_053_20230518-768x512.jpg 768w, https:\/\/centraleuropeanacademy.hu\/wp-content\/uploads\/2024\/06\/MTA_053_20230518-1536x1024.jpg 1536w, https:\/\/centraleuropeanacademy.hu\/wp-content\/uploads\/2024\/06\/MTA_053_20230518-2048x1365.jpg 2048w, https:\/\/centraleuropeanacademy.hu\/wp-content\/uploads\/2024\/06\/MTA_053_20230518-18x12.jpg 18w\" sizes=\"(max-width: 1024px) 100vw, 1024px\" \/><\/a><\/figure>\n\n\n\n<figure class=\"wp-block-image size-large\"><a href=\"https:\/\/centraleuropeanacademy.hu\/wp-content\/uploads\/2024\/06\/MTA_058_20230518-scaled.jpg\"><img loading=\"lazy\" decoding=\"async\" width=\"1024\" height=\"683\" data-id=\"9476\" src=\"https:\/\/centraleuropeanacademy.hu\/wp-content\/uploads\/2024\/06\/MTA_058_20230518-1024x683.jpg\" alt=\"Male speaker giving a speech in front of the Central European Academy logo\" class=\"wp-image-9476\" srcset=\"https:\/\/centraleuropeanacademy.hu\/wp-content\/uploads\/2024\/06\/MTA_058_20230518-1024x683.jpg 1024w, https:\/\/centraleuropeanacademy.hu\/wp-content\/uploads\/2024\/06\/MTA_058_20230518-700x467.jpg 700w, https:\/\/centraleuropeanacademy.hu\/wp-content\/uploads\/2024\/06\/MTA_058_20230518-768x512.jpg 768w, https:\/\/centraleuropeanacademy.hu\/wp-content\/uploads\/2024\/06\/MTA_058_20230518-1536x1024.jpg 1536w, https:\/\/centraleuropeanacademy.hu\/wp-content\/uploads\/2024\/06\/MTA_058_20230518-2048x1365.jpg 2048w, https:\/\/centraleuropeanacademy.hu\/wp-content\/uploads\/2024\/06\/MTA_058_20230518-18x12.jpg 18w\" sizes=\"(max-width: 1024px) 100vw, 1024px\" \/><\/a><\/figure>\n\n\n\n<figure class=\"wp-block-image size-large\"><a href=\"https:\/\/centraleuropeanacademy.hu\/wp-content\/uploads\/2024\/06\/MTA_067_20230518-scaled.jpg\"><img loading=\"lazy\" decoding=\"async\" width=\"1024\" height=\"683\" data-id=\"9474\" src=\"https:\/\/centraleuropeanacademy.hu\/wp-content\/uploads\/2024\/06\/MTA_067_20230518-1024x683.jpg\" alt=\"Male speaker giving a speech in front of the Central European Academy logo\" class=\"wp-image-9474\" srcset=\"https:\/\/centraleuropeanacademy.hu\/wp-content\/uploads\/2024\/06\/MTA_067_20230518-1024x683.jpg 1024w, https:\/\/centraleuropeanacademy.hu\/wp-content\/uploads\/2024\/06\/MTA_067_20230518-700x467.jpg 700w, https:\/\/centraleuropeanacademy.hu\/wp-content\/uploads\/2024\/06\/MTA_067_20230518-768x512.jpg 768w, https:\/\/centraleuropeanacademy.hu\/wp-content\/uploads\/2024\/06\/MTA_067_20230518-1536x1024.jpg 1536w, https:\/\/centraleuropeanacademy.hu\/wp-content\/uploads\/2024\/06\/MTA_067_20230518-2048x1365.jpg 2048w, https:\/\/centraleuropeanacademy.hu\/wp-content\/uploads\/2024\/06\/MTA_067_20230518-18x12.jpg 18w\" sizes=\"(max-width: 1024px) 100vw, 1024px\" \/><\/a><\/figure>\n\n\n\n<figure class=\"wp-block-image size-large\"><a href=\"https:\/\/centraleuropeanacademy.hu\/wp-content\/uploads\/2024\/06\/MTA_076_20230518-scaled.jpg\"><img loading=\"lazy\" decoding=\"async\" width=\"1024\" height=\"683\" data-id=\"9478\" src=\"https:\/\/centraleuropeanacademy.hu\/wp-content\/uploads\/2024\/06\/MTA_076_20230518-1024x683.jpg\" alt=\"N\u0151i el\u0151ad\u00f3 besz\u00e9det mond a p\u00f3diumon\" class=\"wp-image-9478\" srcset=\"https:\/\/centraleuropeanacademy.hu\/wp-content\/uploads\/2024\/06\/MTA_076_20230518-1024x683.jpg 1024w, https:\/\/centraleuropeanacademy.hu\/wp-content\/uploads\/2024\/06\/MTA_076_20230518-700x467.jpg 700w, https:\/\/centraleuropeanacademy.hu\/wp-content\/uploads\/2024\/06\/MTA_076_20230518-768x512.jpg 768w, https:\/\/centraleuropeanacademy.hu\/wp-content\/uploads\/2024\/06\/MTA_076_20230518-1536x1024.jpg 1536w, https:\/\/centraleuropeanacademy.hu\/wp-content\/uploads\/2024\/06\/MTA_076_20230518-2048x1365.jpg 2048w, https:\/\/centraleuropeanacademy.hu\/wp-content\/uploads\/2024\/06\/MTA_076_20230518-18x12.jpg 18w\" sizes=\"(max-width: 1024px) 100vw, 1024px\" \/><\/a><\/figure>\n\n\n\n<figure class=\"wp-block-image size-large\"><a href=\"https:\/\/centraleuropeanacademy.hu\/wp-content\/uploads\/2024\/06\/MTA_080_20230518-scaled.jpg\"><img loading=\"lazy\" decoding=\"async\" width=\"1024\" height=\"683\" data-id=\"9480\" src=\"https:\/\/centraleuropeanacademy.hu\/wp-content\/uploads\/2024\/06\/MTA_080_20230518-1024x683.jpg\" alt=\"Male speaker giving a speech in front of the Central European Academy logo\" class=\"wp-image-9480\" srcset=\"https:\/\/centraleuropeanacademy.hu\/wp-content\/uploads\/2024\/06\/MTA_080_20230518-1024x683.jpg 1024w, https:\/\/centraleuropeanacademy.hu\/wp-content\/uploads\/2024\/06\/MTA_080_20230518-700x467.jpg 700w, https:\/\/centraleuropeanacademy.hu\/wp-content\/uploads\/2024\/06\/MTA_080_20230518-768x512.jpg 768w, https:\/\/centraleuropeanacademy.hu\/wp-content\/uploads\/2024\/06\/MTA_080_20230518-1536x1024.jpg 1536w, https:\/\/centraleuropeanacademy.hu\/wp-content\/uploads\/2024\/06\/MTA_080_20230518-2048x1365.jpg 2048w, https:\/\/centraleuropeanacademy.hu\/wp-content\/uploads\/2024\/06\/MTA_080_20230518-18x12.jpg 18w\" sizes=\"(max-width: 1024px) 100vw, 1024px\" \/><\/a><\/figure>\n\n\n\n<figure class=\"wp-block-image size-large\"><a href=\"https:\/\/centraleuropeanacademy.hu\/wp-content\/uploads\/2024\/06\/MTA_088_20230518-scaled.jpg\"><img loading=\"lazy\" decoding=\"async\" width=\"1024\" height=\"683\" data-id=\"9479\" src=\"https:\/\/centraleuropeanacademy.hu\/wp-content\/uploads\/2024\/06\/MTA_088_20230518-1024x683.jpg\" alt=\"Male speaker giving a speech in front of the Central European Academy logo\" class=\"wp-image-9479\" srcset=\"https:\/\/centraleuropeanacademy.hu\/wp-content\/uploads\/2024\/06\/MTA_088_20230518-1024x683.jpg 1024w, https:\/\/centraleuropeanacademy.hu\/wp-content\/uploads\/2024\/06\/MTA_088_20230518-700x467.jpg 700w, https:\/\/centraleuropeanacademy.hu\/wp-content\/uploads\/2024\/06\/MTA_088_20230518-768x512.jpg 768w, https:\/\/centraleuropeanacademy.hu\/wp-content\/uploads\/2024\/06\/MTA_088_20230518-1536x1024.jpg 1536w, https:\/\/centraleuropeanacademy.hu\/wp-content\/uploads\/2024\/06\/MTA_088_20230518-2048x1365.jpg 2048w, https:\/\/centraleuropeanacademy.hu\/wp-content\/uploads\/2024\/06\/MTA_088_20230518-18x12.jpg 18w\" sizes=\"(max-width: 1024px) 100vw, 1024px\" \/><\/a><\/figure>\n\n\n\n<figure class=\"wp-block-image size-large\"><a href=\"https:\/\/centraleuropeanacademy.hu\/wp-content\/uploads\/2024\/06\/MTA_093_20230518-scaled.jpg\"><img loading=\"lazy\" decoding=\"async\" width=\"1024\" height=\"683\" data-id=\"9477\" src=\"https:\/\/centraleuropeanacademy.hu\/wp-content\/uploads\/2024\/06\/MTA_093_20230518-1024x683.jpg\" alt=\"Male speaker giving a speech in front of the Central European Academy logo\" class=\"wp-image-9477\" srcset=\"https:\/\/centraleuropeanacademy.hu\/wp-content\/uploads\/2024\/06\/MTA_093_20230518-1024x683.jpg 1024w, https:\/\/centraleuropeanacademy.hu\/wp-content\/uploads\/2024\/06\/MTA_093_20230518-700x467.jpg 700w, https:\/\/centraleuropeanacademy.hu\/wp-content\/uploads\/2024\/06\/MTA_093_20230518-768x512.jpg 768w, https:\/\/centraleuropeanacademy.hu\/wp-content\/uploads\/2024\/06\/MTA_093_20230518-1536x1024.jpg 1536w, https:\/\/centraleuropeanacademy.hu\/wp-content\/uploads\/2024\/06\/MTA_093_20230518-2048x1365.jpg 2048w, https:\/\/centraleuropeanacademy.hu\/wp-content\/uploads\/2024\/06\/MTA_093_20230518-18x12.jpg 18w\" sizes=\"(max-width: 1024px) 100vw, 1024px\" \/><\/a><\/figure>\n\n\n\n<figure class=\"wp-block-image size-large\"><a href=\"https:\/\/centraleuropeanacademy.hu\/wp-content\/uploads\/2024\/06\/MTA_101_20230518-1024x683.jpg\"><img loading=\"lazy\" decoding=\"async\" width=\"1024\" height=\"683\" data-id=\"9475\" src=\"https:\/\/centraleuropeanacademy.hu\/wp-content\/uploads\/2024\/06\/MTA_101_20230518-1024x683.jpg\" alt=\"Male speaker giving a speech in front of the Central European Academy logo\" class=\"wp-image-9475\" srcset=\"https:\/\/centraleuropeanacademy.hu\/wp-content\/uploads\/2024\/06\/MTA_101_20230518-1024x683.jpg 1024w, https:\/\/centraleuropeanacademy.hu\/wp-content\/uploads\/2024\/06\/MTA_101_20230518-700x467.jpg 700w, https:\/\/centraleuropeanacademy.hu\/wp-content\/uploads\/2024\/06\/MTA_101_20230518-768x512.jpg 768w, https:\/\/centraleuropeanacademy.hu\/wp-content\/uploads\/2024\/06\/MTA_101_20230518-1536x1024.jpg 1536w, https:\/\/centraleuropeanacademy.hu\/wp-content\/uploads\/2024\/06\/MTA_101_20230518-2048x1365.jpg 2048w, https:\/\/centraleuropeanacademy.hu\/wp-content\/uploads\/2024\/06\/MTA_101_20230518-18x12.jpg 18w\" sizes=\"(max-width: 1024px) 100vw, 1024px\" \/><\/a><\/figure>\n\n\n\n<figure class=\"wp-block-image size-large\"><a href=\"https:\/\/centraleuropeanacademy.hu\/wp-content\/uploads\/2024\/06\/MTA_107_20230518-1024x683.jpg\"><img loading=\"lazy\" decoding=\"async\" width=\"1024\" height=\"683\" data-id=\"9473\" src=\"https:\/\/centraleuropeanacademy.hu\/wp-content\/uploads\/2024\/06\/MTA_107_20230518-1024x683.jpg\" alt=\"Male speaker giving a speech in front of the Central European Academy logo\" class=\"wp-image-9473\" srcset=\"https:\/\/centraleuropeanacademy.hu\/wp-content\/uploads\/2024\/06\/MTA_107_20230518-1024x683.jpg 1024w, https:\/\/centraleuropeanacademy.hu\/wp-content\/uploads\/2024\/06\/MTA_107_20230518-700x467.jpg 700w, https:\/\/centraleuropeanacademy.hu\/wp-content\/uploads\/2024\/06\/MTA_107_20230518-768x512.jpg 768w, https:\/\/centraleuropeanacademy.hu\/wp-content\/uploads\/2024\/06\/MTA_107_20230518-1536x1024.jpg 1536w, https:\/\/centraleuropeanacademy.hu\/wp-content\/uploads\/2024\/06\/MTA_107_20230518-2048x1365.jpg 2048w, https:\/\/centraleuropeanacademy.hu\/wp-content\/uploads\/2024\/06\/MTA_107_20230518-18x12.jpg 18w\" sizes=\"(max-width: 1024px) 100vw, 1024px\" \/><\/a><\/figure>\n<\/figure>\n\n\n\n<p class=\"has-text-align-center\"><em>Photo: CEA Press<\/em><\/p>\n\n\n\n<p>*The event is private and by invitation only.<\/p>\n\n\n\n<p class=\"eloadok\">El\u0151ad\u00f3k: R\u00f3bert R\u00e9p\u00e1ssy, Lajos V\u00e9k\u00e1s, Johannes Michael Rainer, Em\u0151d Veress, Christiana Fountoulakis, Attila Dud\u00e1s, Tatjana Josipovi\u0107, Anatol Dutta, Claudio Scognamiglio, Attila Menyh\u00e1rd, T\u00edmea Heinern\u00e9 Barz\u00f3, Miha Juhart, Meliha Povlaki\u0107, Hugh Beale, Harry Runia, Javier Plaza, Martin Schauer, Milan Hulm\u00e1k, Filip Melzer, Gustavo Cerqueira, Lukas Rass-Masson, Radu Rizoiu, Milan Hlus\u00e1k, Piotr Stec, J\u00e1nos Ede Szil\u00e1gyi, Attila Menyh\u00e1rd, Judit Fazekas, Em\u0151d Veress, Hugh Beale, \u00c1d\u00e1m Bo\u00f3c, L\u00e1szl\u00f3 Kecsk\u00e9s<\/p>","protected":false},"excerpt":{"rendered":"<p>A magyar polg\u00e1ri t\u00f6rv\u00e9nyk\u00f6nyvet 10 \u00e9vvel ezel\u0151tt fogadt\u00e1k el. A k\u00f3dex er\u0151sen \u00e9p\u00edt a hagyom\u00e1nyokra, de ahol sz\u00fcks\u00e9ges volt, ott [&hellip;]<\/p>\n","protected":false},"author":7,"featured_media":9490,"parent":0,"comment_status":"open","ping_status":"closed","template":"","meta":{"_acf_changed":false,"site-sidebar-layout":"default","site-content-layout":"","ast-site-content-layout":"","site-content-style":"default","site-sidebar-style":"default","ast-global-header-display":"","ast-banner-title-visibility":"","ast-main-header-display":"","ast-hfb-above-header-display":"","ast-hfb-below-header-display":"","ast-hfb-mobile-header-display":"","site-post-title":"","ast-breadcrumbs-content":"","ast-featured-img":"","footer-sml-layout":"","ast-disable-related-posts":"","theme-transparent-header-meta":"","adv-header-id-meta":"","stick-header-meta":"","header-above-stick-meta":"","header-main-stick-meta":"","header-below-stick-meta":"","astra-migrate-meta-layouts":"default","ast-page-background-enabled":"default","ast-page-background-meta":{"desktop":{"background-color":"var(--ast-global-color-4)","background-image":"","background-repeat":"repeat","background-position":"center center","background-size":"auto","background-attachment":"scroll","background-type":"","background-media":"","overlay-type":"","overlay-color":"","overlay-opacity":"","overlay-gradient":""},"tablet":{"background-color":"","background-image":"","background-repeat":"repeat","background-position":"center center","background-size":"auto","background-attachment":"scroll","background-type":"","background-media":"","overlay-type":"","overlay-color":"","overlay-opacity":"","overlay-gradient":""},"mobile":{"background-color":"","background-image":"","background-repeat":"repeat","background-position":"center center","background-size":"auto","background-attachment":"scroll","background-type":"","background-media":"","overlay-type":"","overlay-color":"","overlay-opacity":"","overlay-gradient":""}},"ast-content-background-meta":{"desktop":{"background-color":"var(--ast-global-color-5)","background-image":"","background-repeat":"repeat","background-position":"center center","background-size":"auto","background-attachment":"scroll","background-type":"","background-media":"","overlay-type":"","overlay-color":"","overlay-opacity":"","overlay-gradient":""},"tablet":{"background-color":"var(--ast-global-color-5)","background-image":"","background-repeat":"repeat","background-position":"center center","background-size":"auto","background-attachment":"scroll","background-type":"","background-media":"","overlay-type":"","overlay-color":"","overlay-opacity":"","overlay-gradient":""},"mobile":{"background-color":"var(--ast-global-color-5)","background-image":"","background-repeat":"repeat","background-position":"center center","background-size":"auto","background-attachment":"scroll","background-type":"","background-media":"","overlay-type":"","overlay-color":"","overlay-opacity":"","overlay-gradient":""}}},"countries-concerned":[429,422,428,430,425,415,416,414,423,470,471,472,473,474,475],"rendezvenyek-erintett-orszagok":[222,287,155,241,304,154,153,225,226,216,246,296,214,152,215],"event-format":[432],"event-language":[466],"kutatasi-emak-rendezvenyek":[306,305],"rendezveny-cimkei":[294,278,295,275,277,307],"rendezveny-nyelve":[117],"rendezveny-tipusa":[217],"research-topics-events":[485,484],"class_list":["post-9463","rendezveny","type-rendezveny","status-publish","has-post-thumbnail","hentry","countries-concerned-bosnia-and-herzegovina","countries-concerned-croatia","countries-concerned-czech-republic","countries-concerned-england","countries-concerned-france","countries-concerned-germany","countries-concerned-hungary","countries-concerned-italy","countries-concerned-netherlands","countries-concerned-romania","countries-concerned-serbia","countries-concerned-slovakia","countries-concerned-slovenia","countries-concerned-spain","countries-concerned-switzerland","rendezvenyek-erintett-orszagok-anglia","rendezvenyek-erintett-orszagok-bosznia-es-hercegovina","rendezvenyek-erintett-orszagok-csehorszag","rendezvenyek-erintett-orszagok-franciaorszag","rendezvenyek-erintett-orszagok-hollandia","rendezvenyek-erintett-orszagok-horvatorszag","rendezvenyek-erintett-orszagok-magyarorszag","rendezvenyek-erintett-orszagok-nemetorszag","rendezvenyek-erintett-orszagok-olaszorszag","rendezvenyek-erintett-orszagok-romania","rendezvenyek-erintett-orszagok-spanyolorszag","rendezvenyek-erintett-orszagok-svajc","rendezvenyek-erintett-orszagok-szerbia","rendezvenyek-erintett-orszagok-szlovakia","rendezvenyek-erintett-orszagok-szlovenia","event-format-conference","event-language-english","kutatasi-emak-rendezvenyek-polgari-jog","kutatasi-emak-rendezvenyek-ptk","rendezveny-cimkei-academy","rendezveny-cimkei-cea","rendezveny-cimkei-central-europe","rendezveny-cimkei-eu","rendezveny-cimkei-law","rendezveny-cimkei-ptk","rendezveny-nyelve-angol","rendezveny-tipusa-konferencia","research-topics-events-civil-code","research-topics-events-civil-law"],"acf":[],"yoast_head":"<!-- This site is optimized with the Yoast SEO Premium plugin v27.5 (Yoast SEO v27.5) - https:\/\/yoast.com\/product\/yoast-seo-premium-wordpress\/ -->\n<title>A polg\u00e1ri jog kodifik\u00e1ci\u00f3ja: \u00c9rt\u00e9kel\u00e9s, reformok, lehet\u0151s\u00e9gek | ME KEA<\/title>\n<meta name=\"description\" content=\"A magyar Polg\u00e1ri T\u00f6rv\u00e9nyk\u00f6nyv 10 \u00e9ves \u00e9vfordul\u00f3ja alkalm\u00e1b\u00f3l \u00e9rt\u00e9kelj\u00fck a kodifik\u00e1ci\u00f3t, reformokat \u00e9s j\u00f6v\u0151beli lehet\u0151s\u00e9geket.\" \/>\n<meta name=\"robots\" content=\"index, follow, max-snippet:-1, max-image-preview:large, max-video-preview:-1\" \/>\n<link rel=\"canonical\" href=\"https:\/\/centraleuropeanacademy.hu\/en\/rendezveny\/a-polgari-jog-kodifikacioja-ertekeles-reformok-lehetosegek\/\" \/>\n<meta property=\"og:locale\" content=\"en_GB\" \/>\n<meta property=\"og:type\" content=\"article\" \/>\n<meta property=\"og:title\" content=\"A polg\u00e1ri jog kodifik\u00e1ci\u00f3ja: \u00c9rt\u00e9kel\u00e9s, reformok, lehet\u0151s\u00e9gek\" \/>\n<meta property=\"og:description\" content=\"A K\u00f6z\u00e9p-eur\u00f3pai Akad\u00e9mia k\u00f6zfeladatot ell\u00e1t\u00f3 szervezet, f\u0151 c\u00e9lja a r\u00e9gi\u00f3s orsz\u00e1gok jogtudom\u00e1ny\u00e1nak \u00e9s ezen bel\u00fcl jogalkot\u00e1s\u00e1nak fejleszt\u00e9se.\" \/>\n<meta property=\"og:url\" content=\"https:\/\/centraleuropeanacademy.hu\/en\/rendezveny\/a-polgari-jog-kodifikacioja-ertekeles-reformok-lehetosegek\/\" \/>\n<meta property=\"og:site_name\" content=\"ME KEA\" \/>\n<meta property=\"article:modified_time\" content=\"2025-08-27T18:11:07+00:00\" \/>\n<meta property=\"og:image\" content=\"https:\/\/centraleuropeanacademy.hu\/wp-content\/uploads\/2024\/06\/MTA_022_20230518-scaled.jpg\" \/>\n\t<meta property=\"og:image:width\" content=\"2560\" \/>\n\t<meta property=\"og:image:height\" content=\"1706\" \/>\n\t<meta property=\"og:image:type\" content=\"image\/jpeg\" \/>\n<meta name=\"twitter:card\" content=\"summary_large_image\" \/>\n<meta name=\"twitter:label1\" content=\"Estimated reading time\" \/>\n\t<meta name=\"twitter:data1\" content=\"5 minutes\" \/>\n<script type=\"application\/ld+json\" class=\"yoast-schema-graph\">{\"@context\":\"https:\\\/\\\/schema.org\",\"@graph\":[{\"@type\":\"WebPage\",\"@id\":\"https:\\\/\\\/centraleuropeanacademy.hu\\\/rendezveny\\\/a-polgari-jog-kodifikacioja-ertekeles-reformok-lehetosegek\\\/\",\"url\":\"https:\\\/\\\/centraleuropeanacademy.hu\\\/rendezveny\\\/a-polgari-jog-kodifikacioja-ertekeles-reformok-lehetosegek\\\/\",\"name\":\"A polg\u00e1ri jog kodifik\u00e1ci\u00f3ja: \u00c9rt\u00e9kel\u00e9s, reformok, lehet\u0151s\u00e9gek | ME KEA\",\"isPartOf\":{\"@id\":\"https:\\\/\\\/centraleuropeanacademy.hu\\\/#website\"},\"primaryImageOfPage\":{\"@id\":\"https:\\\/\\\/centraleuropeanacademy.hu\\\/rendezveny\\\/a-polgari-jog-kodifikacioja-ertekeles-reformok-lehetosegek\\\/#primaryimage\"},\"image\":{\"@id\":\"https:\\\/\\\/centraleuropeanacademy.hu\\\/rendezveny\\\/a-polgari-jog-kodifikacioja-ertekeles-reformok-lehetosegek\\\/#primaryimage\"},\"thumbnailUrl\":\"https:\\\/\\\/centraleuropeanacademy.hu\\\/wp-content\\\/uploads\\\/2024\\\/06\\\/MTA_022_20230518-scaled.jpg\",\"datePublished\":\"2023-05-18T13:47:00+00:00\",\"dateModified\":\"2025-08-27T18:11:07+00:00\",\"description\":\"A magyar Polg\u00e1ri T\u00f6rv\u00e9nyk\u00f6nyv 10 \u00e9ves \u00e9vfordul\u00f3ja alkalm\u00e1b\u00f3l \u00e9rt\u00e9kelj\u00fck a kodifik\u00e1ci\u00f3t, reformokat \u00e9s j\u00f6v\u0151beli lehet\u0151s\u00e9geket.\",\"breadcrumb\":{\"@id\":\"https:\\\/\\\/centraleuropeanacademy.hu\\\/rendezveny\\\/a-polgari-jog-kodifikacioja-ertekeles-reformok-lehetosegek\\\/#breadcrumb\"},\"inLanguage\":\"en-GB\",\"potentialAction\":[{\"@type\":\"ReadAction\",\"target\":[\"https:\\\/\\\/centraleuropeanacademy.hu\\\/rendezveny\\\/a-polgari-jog-kodifikacioja-ertekeles-reformok-lehetosegek\\\/\"]}]},{\"@type\":\"ImageObject\",\"inLanguage\":\"en-GB\",\"@id\":\"https:\\\/\\\/centraleuropeanacademy.hu\\\/rendezveny\\\/a-polgari-jog-kodifikacioja-ertekeles-reformok-lehetosegek\\\/#primaryimage\",\"url\":\"https:\\\/\\\/centraleuropeanacademy.hu\\\/wp-content\\\/uploads\\\/2024\\\/06\\\/MTA_022_20230518-scaled.jpg\",\"contentUrl\":\"https:\\\/\\\/centraleuropeanacademy.hu\\\/wp-content\\\/uploads\\\/2024\\\/06\\\/MTA_022_20230518-scaled.jpg\",\"width\":2560,\"height\":1706,\"caption\":\"R\u00e9sztvev\u0151k \u00fclnek az esem\u00e9nyen\"},{\"@type\":\"BreadcrumbList\",\"@id\":\"https:\\\/\\\/centraleuropeanacademy.hu\\\/rendezveny\\\/a-polgari-jog-kodifikacioja-ertekeles-reformok-lehetosegek\\\/#breadcrumb\",\"itemListElement\":[{\"@type\":\"ListItem\",\"position\":1,\"name\":\"Kezd\u0151lap\",\"item\":\"https:\\\/\\\/centraleuropeanacademy.hu\\\/\"},{\"@type\":\"ListItem\",\"position\":2,\"name\":\"A polg\u00e1ri jog kodifik\u00e1ci\u00f3ja: \u00c9rt\u00e9kel\u00e9s, reformok, lehet\u0151s\u00e9gek\"}]},{\"@type\":\"WebSite\",\"@id\":\"https:\\\/\\\/centraleuropeanacademy.hu\\\/#website\",\"url\":\"https:\\\/\\\/centraleuropeanacademy.hu\\\/\",\"name\":\"CEA\",\"description\":\"\",\"publisher\":{\"@id\":\"https:\\\/\\\/centraleuropeanacademy.hu\\\/#organization\"},\"potentialAction\":[{\"@type\":\"SearchAction\",\"target\":{\"@type\":\"EntryPoint\",\"urlTemplate\":\"https:\\\/\\\/centraleuropeanacademy.hu\\\/?s={search_term_string}\"},\"query-input\":{\"@type\":\"PropertyValueSpecification\",\"valueRequired\":true,\"valueName\":\"search_term_string\"}}],\"inLanguage\":\"en-GB\"},{\"@type\":\"Organization\",\"@id\":\"https:\\\/\\\/centraleuropeanacademy.hu\\\/#organization\",\"name\":\"K\u00f6z\u00e9p-eur\u00f3pai Akad\u00e9mia\",\"alternateName\":\"K\u00f6z\u00e9p-Eur\u00f3pai Akad\u00e9mia\",\"url\":\"https:\\\/\\\/centraleuropeanacademy.hu\\\/\",\"logo\":{\"@type\":\"ImageObject\",\"inLanguage\":\"en-GB\",\"@id\":\"https:\\\/\\\/centraleuropeanacademy.hu\\\/#\\\/schema\\\/logo\\\/image\\\/\",\"url\":\"https:\\\/\\\/centraleuropeanacademy.hu\\\/wp-content\\\/uploads\\\/2024\\\/04\\\/cea-logo.png\",\"contentUrl\":\"https:\\\/\\\/centraleuropeanacademy.hu\\\/wp-content\\\/uploads\\\/2024\\\/04\\\/cea-logo.png\",\"width\":1080,\"height\":417,\"caption\":\"K\u00f6z\u00e9p-eur\u00f3pai Akad\u00e9mia\"},\"image\":{\"@id\":\"https:\\\/\\\/centraleuropeanacademy.hu\\\/#\\\/schema\\\/logo\\\/image\\\/\"},\"description\":\"A budapesti sz\u00e9khellyel l\u00e9trej\u00f6tt K\u00f6z\u00e9p-eur\u00f3pai Akad\u00e9mia (CEA) a Miskolci Egyetem \u00e1ltal alap\u00edtott, k\u00f6zfeladatot ell\u00e1t\u00f3 szervezet.\",\"email\":\"academy@centraleuropeanacademy.hu\",\"telephone\":\"academy@centraleuropeanacademy.hu\",\"legalName\":\"K\u00f6z\u00e9p-eur\u00f3pai Akad\u00e9mia\",\"taxID\":\"19359711-1-43\"}]}<\/script>\n<!-- \/ Yoast SEO Premium plugin. -->","yoast_head_json":{"title":"A polg\u00e1ri jog kodifik\u00e1ci\u00f3ja: \u00c9rt\u00e9kel\u00e9s, reformok, lehet\u0151s\u00e9gek | ME KEA","description":"On the occasion of the 10th anniversary of the Hungarian Civil Code, we take stock of codification, reforms and future opportunities.","robots":{"index":"index","follow":"follow","max-snippet":"max-snippet:-1","max-image-preview":"max-image-preview:large","max-video-preview":"max-video-preview:-1"},"canonical":"https:\/\/centraleuropeanacademy.hu\/en\/rendezveny\/a-polgari-jog-kodifikacioja-ertekeles-reformok-lehetosegek\/","og_locale":"en_GB","og_type":"article","og_title":"A polg\u00e1ri jog kodifik\u00e1ci\u00f3ja: \u00c9rt\u00e9kel\u00e9s, reformok, lehet\u0151s\u00e9gek","og_description":"A K\u00f6z\u00e9p-eur\u00f3pai Akad\u00e9mia k\u00f6zfeladatot ell\u00e1t\u00f3 szervezet, f\u0151 c\u00e9lja a r\u00e9gi\u00f3s orsz\u00e1gok jogtudom\u00e1ny\u00e1nak \u00e9s ezen bel\u00fcl jogalkot\u00e1s\u00e1nak fejleszt\u00e9se.","og_url":"https:\/\/centraleuropeanacademy.hu\/en\/rendezveny\/a-polgari-jog-kodifikacioja-ertekeles-reformok-lehetosegek\/","og_site_name":"ME KEA","article_modified_time":"2025-08-27T18:11:07+00:00","og_image":[{"width":2560,"height":1706,"url":"https:\/\/centraleuropeanacademy.hu\/wp-content\/uploads\/2024\/06\/MTA_022_20230518-scaled.jpg","type":"image\/jpeg"}],"twitter_card":"summary_large_image","twitter_misc":{"Estimated reading time":"5 minutes"},"schema":{"@context":"https:\/\/schema.org","@graph":[{"@type":"WebPage","@id":"https:\/\/centraleuropeanacademy.hu\/rendezveny\/a-polgari-jog-kodifikacioja-ertekeles-reformok-lehetosegek\/","url":"https:\/\/centraleuropeanacademy.hu\/rendezveny\/a-polgari-jog-kodifikacioja-ertekeles-reformok-lehetosegek\/","name":"A polg\u00e1ri jog kodifik\u00e1ci\u00f3ja: \u00c9rt\u00e9kel\u00e9s, reformok, lehet\u0151s\u00e9gek | ME KEA","isPartOf":{"@id":"https:\/\/centraleuropeanacademy.hu\/#website"},"primaryImageOfPage":{"@id":"https:\/\/centraleuropeanacademy.hu\/rendezveny\/a-polgari-jog-kodifikacioja-ertekeles-reformok-lehetosegek\/#primaryimage"},"image":{"@id":"https:\/\/centraleuropeanacademy.hu\/rendezveny\/a-polgari-jog-kodifikacioja-ertekeles-reformok-lehetosegek\/#primaryimage"},"thumbnailUrl":"https:\/\/centraleuropeanacademy.hu\/wp-content\/uploads\/2024\/06\/MTA_022_20230518-scaled.jpg","datePublished":"2023-05-18T13:47:00+00:00","dateModified":"2025-08-27T18:11:07+00:00","description":"On the occasion of the 10th anniversary of the Hungarian Civil Code, we take stock of codification, reforms and future opportunities.","breadcrumb":{"@id":"https:\/\/centraleuropeanacademy.hu\/rendezveny\/a-polgari-jog-kodifikacioja-ertekeles-reformok-lehetosegek\/#breadcrumb"},"inLanguage":"en-GB","potentialAction":[{"@type":"ReadAction","target":["https:\/\/centraleuropeanacademy.hu\/rendezveny\/a-polgari-jog-kodifikacioja-ertekeles-reformok-lehetosegek\/"]}]},{"@type":"ImageObject","inLanguage":"en-GB","@id":"https:\/\/centraleuropeanacademy.hu\/rendezveny\/a-polgari-jog-kodifikacioja-ertekeles-reformok-lehetosegek\/#primaryimage","url":"https:\/\/centraleuropeanacademy.hu\/wp-content\/uploads\/2024\/06\/MTA_022_20230518-scaled.jpg","contentUrl":"https:\/\/centraleuropeanacademy.hu\/wp-content\/uploads\/2024\/06\/MTA_022_20230518-scaled.jpg","width":2560,"height":1706,"caption":"R\u00e9sztvev\u0151k \u00fclnek az esem\u00e9nyen"},{"@type":"BreadcrumbList","@id":"https:\/\/centraleuropeanacademy.hu\/rendezveny\/a-polgari-jog-kodifikacioja-ertekeles-reformok-lehetosegek\/#breadcrumb","itemListElement":[{"@type":"ListItem","position":1,"name":"Kezd\u0151lap","item":"https:\/\/centraleuropeanacademy.hu\/"},{"@type":"ListItem","position":2,"name":"A polg\u00e1ri jog kodifik\u00e1ci\u00f3ja: \u00c9rt\u00e9kel\u00e9s, reformok, lehet\u0151s\u00e9gek"}]},{"@type":"WebSite","@id":"https:\/\/centraleuropeanacademy.hu\/#website","url":"https:\/\/centraleuropeanacademy.hu\/","name":"CEA","description":"","publisher":{"@id":"https:\/\/centraleuropeanacademy.hu\/#organization"},"potentialAction":[{"@type":"SearchAction","target":{"@type":"EntryPoint","urlTemplate":"https:\/\/centraleuropeanacademy.hu\/?s={search_term_string}"},"query-input":{"@type":"PropertyValueSpecification","valueRequired":true,"valueName":"search_term_string"}}],"inLanguage":"en-GB"},{"@type":"Organization","@id":"https:\/\/centraleuropeanacademy.hu\/#organization","name":"Central European Academy","alternateName":"K\u00f6z\u00e9p-Eur\u00f3pai Akad\u00e9mia","url":"https:\/\/centraleuropeanacademy.hu\/","logo":{"@type":"ImageObject","inLanguage":"en-GB","@id":"https:\/\/centraleuropeanacademy.hu\/#\/schema\/logo\/image\/","url":"https:\/\/centraleuropeanacademy.hu\/wp-content\/uploads\/2024\/04\/cea-logo.png","contentUrl":"https:\/\/centraleuropeanacademy.hu\/wp-content\/uploads\/2024\/04\/cea-logo.png","width":1080,"height":417,"caption":"K\u00f6z\u00e9p-eur\u00f3pai Akad\u00e9mia"},"image":{"@id":"https:\/\/centraleuropeanacademy.hu\/#\/schema\/logo\/image\/"},"description":"A budapesti sz\u00e9khellyel l\u00e9trej\u00f6tt K\u00f6z\u00e9p-eur\u00f3pai Akad\u00e9mia (CEA) a Miskolci Egyetem \u00e1ltal alap\u00edtott, k\u00f6zfeladatot ell\u00e1t\u00f3 szervezet.","email":"academy@centraleuropeanacademy.hu","telephone":"academy@centraleuropeanacademy.hu","legalName":"K\u00f6z\u00e9p-eur\u00f3pai Akad\u00e9mia","taxID":"19359711-1-43"}]}},"_links":{"self":[{"href":"https:\/\/centraleuropeanacademy.hu\/en\/wp-json\/wp\/v2\/rendezveny\/9463","targetHints":{"allow":["GET"]}}],"collection":[{"href":"https:\/\/centraleuropeanacademy.hu\/en\/wp-json\/wp\/v2\/rendezveny"}],"about":[{"href":"https:\/\/centraleuropeanacademy.hu\/en\/wp-json\/wp\/v2\/types\/rendezveny"}],"author":[{"embeddable":true,"href":"https:\/\/centraleuropeanacademy.hu\/en\/wp-json\/wp\/v2\/users\/7"}],"replies":[{"embeddable":true,"href":"https:\/\/centraleuropeanacademy.hu\/en\/wp-json\/wp\/v2\/comments?post=9463"}],"wp:featuredmedia":[{"embeddable":true,"href":"https:\/\/centraleuropeanacademy.hu\/en\/wp-json\/wp\/v2\/media\/9490"}],"wp:attachment":[{"href":"https:\/\/centraleuropeanacademy.hu\/en\/wp-json\/wp\/v2\/media?parent=9463"}],"wp:term":[{"taxonomy":"countries-concerned","embeddable":true,"href":"https:\/\/centraleuropeanacademy.hu\/en\/wp-json\/wp\/v2\/countries-concerned?post=9463"},{"taxonomy":"rendezvenyek-erintett-orszagok","embeddable":true,"href":"https:\/\/centraleuropeanacademy.hu\/en\/wp-json\/wp\/v2\/rendezvenyek-erintett-orszagok?post=9463"},{"taxonomy":"event-format","embeddable":true,"href":"https:\/\/centraleuropeanacademy.hu\/en\/wp-json\/wp\/v2\/event-format?post=9463"},{"taxonomy":"event-language","embeddable":true,"href":"https:\/\/centraleuropeanacademy.hu\/en\/wp-json\/wp\/v2\/event-language?post=9463"},{"taxonomy":"kutatasi-emak-rendezvenyek","embeddable":true,"href":"https:\/\/centraleuropeanacademy.hu\/en\/wp-json\/wp\/v2\/kutatasi-emak-rendezvenyek?post=9463"},{"taxonomy":"rendezveny-cimkei","embeddable":true,"href":"https:\/\/centraleuropeanacademy.hu\/en\/wp-json\/wp\/v2\/rendezveny-cimkei?post=9463"},{"taxonomy":"rendezveny-nyelve","embeddable":true,"href":"https:\/\/centraleuropeanacademy.hu\/en\/wp-json\/wp\/v2\/rendezveny-nyelve?post=9463"},{"taxonomy":"rendezveny-tipusa","embeddable":true,"href":"https:\/\/centraleuropeanacademy.hu\/en\/wp-json\/wp\/v2\/rendezveny-tipusa?post=9463"},{"taxonomy":"research-topics-events","embeddable":true,"href":"https:\/\/centraleuropeanacademy.hu\/en\/wp-json\/wp\/v2\/research-topics-events?post=9463"}],"curies":[{"name":"wp","href":"https:\/\/api.w.org\/{rel}","templated":true}]}}