{"id":9450,"date":"2022-11-15T17:30:00","date_gmt":"2022-11-15T16:30:00","guid":{"rendered":"https:\/\/centraleuropeanacademy.hu\/?post_type=rendezveny&#038;p=9450"},"modified":"2025-08-27T15:19:52","modified_gmt":"2025-08-27T13:19:52","slug":"nemzet-allam-es-szuverenitas","status":"publish","type":"rendezveny","link":"https:\/\/centraleuropeanacademy.hu\/en\/rendezveny\/nemzet-allam-es-szuverenitas\/","title":{"rendered":"Nation, state and sovereignty"},"content":{"rendered":"<p class=\"translation-block\">The next international conference of the \"Central European Professors' Network 2022\" 'Nation, state and sovereignty' took place on 15 November 2022 in Budapest, at the seat of the Central European Academy.<\/p>\n\n\n\n<p class=\"translation-block\">The research project \"Central European Professors' Network 2022\" started its activities in the field of comparative law on 1 January 2022 with the active participation of experts from seven Central European countries (Czech Republic, Croatia, Hungary, Poland, Serbia, Slovakia, Slovenia).<\/p>\n\n\n\n<p class=\"translation-block\">The conference provided a great opportunity for the research team to present the chapters of the book 'Constitutional and legal protection of state and national symbols in Central Europe' as the main outcome of the research to an international audience.     This book is not only a valuable contribution to the field of comparative law by the authors of the chapters, but also a publication that sheds light on the most important Central European aspects of the subject.<\/p>\n\n\n\n<p>The previous event in the series is available here:<\/p>\n\n\n\n<div class=\"wp-block-buttons is-layout-flex wp-block-buttons-is-layout-flex\">\n<div class=\"wp-block-button\"><a class=\"wp-block-button__link wp-element-button\" href=\"https:\/\/centraleuropeanacademy.hu\/en\/rendezveny\/legal-protection-of-state-and-national-symbols-in-central-europe\/\">Legal protection of state&#8230;<\/a><\/div>\n<\/div>\n\n\n\n<p><\/p>\n\n\n\n<div data-wp-interactive=\"core\/file\" class=\"wp-block-file\"><object data-wp-bind--hidden=\"!state.hasPdfPreview\" hidden class=\"wp-block-file__embed\" data=\"https:\/\/centraleuropeanacademy.hu\/wp-content\/uploads\/2024\/06\/Conference-programme_1115.pdf\" type=\"application\/pdf\" style=\"width:100%;height:600px\" aria-label=\"Embed of Conference-programme_1115.\"><\/object><a id=\"wp-block-file--media-2716a091-9f22-4804-88cc-4352c6a89aee\" href=\"https:\/\/centraleuropeanacademy.hu\/wp-content\/uploads\/2024\/06\/Conference-programme_1115.pdf\">Conference-programme_1115<\/a><a href=\"https:\/\/centraleuropeanacademy.hu\/wp-content\/uploads\/2024\/06\/Conference-programme_1115.pdf\" class=\"wp-block-file__button wp-element-button\" download aria-describedby=\"wp-block-file--media-2716a091-9f22-4804-88cc-4352c6a89aee\">Download<\/a><\/div>\n\n\n\n<figure class=\"wp-block-gallery has-nested-images columns-default is-cropped wp-block-gallery-1 is-layout-flex wp-block-gallery-is-layout-flex\">\n<figure class=\"wp-block-image size-large\"><a href=\"https:\/\/centraleuropeanacademy.hu\/wp-content\/uploads\/2024\/06\/DSC_9190-scaled.webp\"><img fetchpriority=\"high\" decoding=\"async\" width=\"1024\" height=\"683\" data-id=\"11525\" src=\"https:\/\/centraleuropeanacademy.hu\/wp-content\/uploads\/2024\/06\/DSC_9190-1024x683.webp\" alt=\"Male speaker at the CEA podium addressing the audience\" class=\"wp-image-11525\" srcset=\"https:\/\/centraleuropeanacademy.hu\/wp-content\/uploads\/2024\/06\/DSC_9190-1024x683.webp 1024w, https:\/\/centraleuropeanacademy.hu\/wp-content\/uploads\/2024\/06\/DSC_9190-700x467.webp 700w, https:\/\/centraleuropeanacademy.hu\/wp-content\/uploads\/2024\/06\/DSC_9190-768x512.webp 768w, https:\/\/centraleuropeanacademy.hu\/wp-content\/uploads\/2024\/06\/DSC_9190-1536x1024.webp 1536w, https:\/\/centraleuropeanacademy.hu\/wp-content\/uploads\/2024\/06\/DSC_9190-2048x1365.webp 2048w, https:\/\/centraleuropeanacademy.hu\/wp-content\/uploads\/2024\/06\/DSC_9190-18x12.webp 18w\" sizes=\"(max-width: 1024px) 100vw, 1024px\" \/><\/a><\/figure>\n\n\n\n<figure class=\"wp-block-image size-large\"><a href=\"https:\/\/centraleuropeanacademy.hu\/wp-content\/uploads\/2024\/06\/DSC_9197-scaled.webp\"><img decoding=\"async\" width=\"1024\" height=\"683\" data-id=\"11527\" src=\"https:\/\/centraleuropeanacademy.hu\/wp-content\/uploads\/2024\/06\/DSC_9197-1024x683.webp\" alt=\"Participants talking during the conference break\" class=\"wp-image-11527\" srcset=\"https:\/\/centraleuropeanacademy.hu\/wp-content\/uploads\/2024\/06\/DSC_9197-1024x683.webp 1024w, https:\/\/centraleuropeanacademy.hu\/wp-content\/uploads\/2024\/06\/DSC_9197-700x467.webp 700w, https:\/\/centraleuropeanacademy.hu\/wp-content\/uploads\/2024\/06\/DSC_9197-768x512.webp 768w, https:\/\/centraleuropeanacademy.hu\/wp-content\/uploads\/2024\/06\/DSC_9197-1536x1024.webp 1536w, https:\/\/centraleuropeanacademy.hu\/wp-content\/uploads\/2024\/06\/DSC_9197-2048x1365.webp 2048w, https:\/\/centraleuropeanacademy.hu\/wp-content\/uploads\/2024\/06\/DSC_9197-18x12.webp 18w\" sizes=\"(max-width: 1024px) 100vw, 1024px\" \/><\/a><\/figure>\n\n\n\n<figure class=\"wp-block-image size-large\"><a href=\"https:\/\/centraleuropeanacademy.hu\/wp-content\/uploads\/2024\/06\/DSC_9210-scaled.webp\"><img decoding=\"async\" width=\"1024\" height=\"683\" data-id=\"11530\" src=\"https:\/\/centraleuropeanacademy.hu\/wp-content\/uploads\/2024\/06\/DSC_9210-1024x683.webp\" alt=\"Female speaker at the CEA podium addressing the audience\" class=\"wp-image-11530\" srcset=\"https:\/\/centraleuropeanacademy.hu\/wp-content\/uploads\/2024\/06\/DSC_9210-1024x683.webp 1024w, https:\/\/centraleuropeanacademy.hu\/wp-content\/uploads\/2024\/06\/DSC_9210-700x467.webp 700w, https:\/\/centraleuropeanacademy.hu\/wp-content\/uploads\/2024\/06\/DSC_9210-768x512.webp 768w, https:\/\/centraleuropeanacademy.hu\/wp-content\/uploads\/2024\/06\/DSC_9210-1536x1024.webp 1536w, https:\/\/centraleuropeanacademy.hu\/wp-content\/uploads\/2024\/06\/DSC_9210-2048x1365.webp 2048w, https:\/\/centraleuropeanacademy.hu\/wp-content\/uploads\/2024\/06\/DSC_9210-18x12.webp 18w\" sizes=\"(max-width: 1024px) 100vw, 1024px\" \/><\/a><\/figure>\n\n\n\n<figure class=\"wp-block-image size-large\"><a href=\"https:\/\/centraleuropeanacademy.hu\/wp-content\/uploads\/2024\/06\/DSC_9237-scaled.webp\"><img loading=\"lazy\" decoding=\"async\" width=\"1024\" height=\"683\" data-id=\"11534\" src=\"https:\/\/centraleuropeanacademy.hu\/wp-content\/uploads\/2024\/06\/DSC_9237-1024x683.webp\" alt=\"Female speaker at the CEA podium addressing the audience\" class=\"wp-image-11534\" srcset=\"https:\/\/centraleuropeanacademy.hu\/wp-content\/uploads\/2024\/06\/DSC_9237-1024x683.webp 1024w, https:\/\/centraleuropeanacademy.hu\/wp-content\/uploads\/2024\/06\/DSC_9237-700x467.webp 700w, https:\/\/centraleuropeanacademy.hu\/wp-content\/uploads\/2024\/06\/DSC_9237-768x512.webp 768w, https:\/\/centraleuropeanacademy.hu\/wp-content\/uploads\/2024\/06\/DSC_9237-1536x1024.webp 1536w, https:\/\/centraleuropeanacademy.hu\/wp-content\/uploads\/2024\/06\/DSC_9237-2048x1365.webp 2048w, https:\/\/centraleuropeanacademy.hu\/wp-content\/uploads\/2024\/06\/DSC_9237-18x12.webp 18w\" sizes=\"(max-width: 1024px) 100vw, 1024px\" \/><\/a><\/figure>\n\n\n\n<figure class=\"wp-block-image size-large\"><a href=\"https:\/\/centraleuropeanacademy.hu\/wp-content\/uploads\/2024\/06\/DSC_9273-scaled.webp\"><img loading=\"lazy\" decoding=\"async\" width=\"1024\" height=\"683\" data-id=\"11529\" src=\"https:\/\/centraleuropeanacademy.hu\/wp-content\/uploads\/2024\/06\/DSC_9273-1024x683.webp\" alt=\"Male speaker at the CEA podium addressing the audience\" class=\"wp-image-11529\" srcset=\"https:\/\/centraleuropeanacademy.hu\/wp-content\/uploads\/2024\/06\/DSC_9273-1024x683.webp 1024w, https:\/\/centraleuropeanacademy.hu\/wp-content\/uploads\/2024\/06\/DSC_9273-700x467.webp 700w, https:\/\/centraleuropeanacademy.hu\/wp-content\/uploads\/2024\/06\/DSC_9273-768x512.webp 768w, https:\/\/centraleuropeanacademy.hu\/wp-content\/uploads\/2024\/06\/DSC_9273-1536x1024.webp 1536w, https:\/\/centraleuropeanacademy.hu\/wp-content\/uploads\/2024\/06\/DSC_9273-2048x1365.webp 2048w, https:\/\/centraleuropeanacademy.hu\/wp-content\/uploads\/2024\/06\/DSC_9273-18x12.webp 18w\" sizes=\"(max-width: 1024px) 100vw, 1024px\" \/><\/a><\/figure>\n\n\n\n<figure class=\"wp-block-image size-large\"><a href=\"https:\/\/centraleuropeanacademy.hu\/wp-content\/uploads\/2024\/06\/DSC_9287-scaled.webp\"><img loading=\"lazy\" decoding=\"async\" width=\"1024\" height=\"683\" data-id=\"11536\" src=\"https:\/\/centraleuropeanacademy.hu\/wp-content\/uploads\/2024\/06\/DSC_9287-1024x683.webp\" alt=\"Male speaker at the CEA podium addressing the audience\" class=\"wp-image-11536\" srcset=\"https:\/\/centraleuropeanacademy.hu\/wp-content\/uploads\/2024\/06\/DSC_9287-1024x683.webp 1024w, https:\/\/centraleuropeanacademy.hu\/wp-content\/uploads\/2024\/06\/DSC_9287-700x467.webp 700w, https:\/\/centraleuropeanacademy.hu\/wp-content\/uploads\/2024\/06\/DSC_9287-768x512.webp 768w, https:\/\/centraleuropeanacademy.hu\/wp-content\/uploads\/2024\/06\/DSC_9287-1536x1024.webp 1536w, https:\/\/centraleuropeanacademy.hu\/wp-content\/uploads\/2024\/06\/DSC_9287-2048x1365.webp 2048w, https:\/\/centraleuropeanacademy.hu\/wp-content\/uploads\/2024\/06\/DSC_9287-18x12.webp 18w\" sizes=\"(max-width: 1024px) 100vw, 1024px\" \/><\/a><\/figure>\n\n\n\n<figure class=\"wp-block-image size-large\"><a href=\"https:\/\/centraleuropeanacademy.hu\/wp-content\/uploads\/2024\/06\/DSC_9295-scaled.webp\"><img loading=\"lazy\" decoding=\"async\" width=\"1024\" height=\"683\" data-id=\"11526\" src=\"https:\/\/centraleuropeanacademy.hu\/wp-content\/uploads\/2024\/06\/DSC_9295-1024x683.webp\" alt=\"Woman and man talking in front of an audience, both smiling\" class=\"wp-image-11526\" srcset=\"https:\/\/centraleuropeanacademy.hu\/wp-content\/uploads\/2024\/06\/DSC_9295-1024x683.webp 1024w, https:\/\/centraleuropeanacademy.hu\/wp-content\/uploads\/2024\/06\/DSC_9295-700x467.webp 700w, https:\/\/centraleuropeanacademy.hu\/wp-content\/uploads\/2024\/06\/DSC_9295-768x512.webp 768w, https:\/\/centraleuropeanacademy.hu\/wp-content\/uploads\/2024\/06\/DSC_9295-1536x1024.webp 1536w, https:\/\/centraleuropeanacademy.hu\/wp-content\/uploads\/2024\/06\/DSC_9295-2048x1365.webp 2048w, https:\/\/centraleuropeanacademy.hu\/wp-content\/uploads\/2024\/06\/DSC_9295-18x12.webp 18w\" sizes=\"(max-width: 1024px) 100vw, 1024px\" \/><\/a><\/figure>\n\n\n\n<figure class=\"wp-block-image size-large\"><a href=\"https:\/\/centraleuropeanacademy.hu\/wp-content\/uploads\/2024\/06\/DSC_9330-scaled.webp\"><img loading=\"lazy\" decoding=\"async\" width=\"1024\" height=\"683\" data-id=\"11532\" src=\"https:\/\/centraleuropeanacademy.hu\/wp-content\/uploads\/2024\/06\/DSC_9330-1024x683.webp\" alt=\"Male speaker at the CEA podium addressing the audience\" class=\"wp-image-11532\" srcset=\"https:\/\/centraleuropeanacademy.hu\/wp-content\/uploads\/2024\/06\/DSC_9330-1024x683.webp 1024w, https:\/\/centraleuropeanacademy.hu\/wp-content\/uploads\/2024\/06\/DSC_9330-700x467.webp 700w, https:\/\/centraleuropeanacademy.hu\/wp-content\/uploads\/2024\/06\/DSC_9330-768x512.webp 768w, https:\/\/centraleuropeanacademy.hu\/wp-content\/uploads\/2024\/06\/DSC_9330-1536x1024.webp 1536w, https:\/\/centraleuropeanacademy.hu\/wp-content\/uploads\/2024\/06\/DSC_9330-2048x1365.webp 2048w, https:\/\/centraleuropeanacademy.hu\/wp-content\/uploads\/2024\/06\/DSC_9330-18x12.webp 18w\" sizes=\"(max-width: 1024px) 100vw, 1024px\" \/><\/a><\/figure>\n\n\n\n<figure class=\"wp-block-image size-large\"><a href=\"https:\/\/centraleuropeanacademy.hu\/wp-content\/uploads\/2024\/06\/DSC_9365-scaled.webp\"><img loading=\"lazy\" decoding=\"async\" width=\"1024\" height=\"683\" data-id=\"11533\" src=\"https:\/\/centraleuropeanacademy.hu\/wp-content\/uploads\/2024\/06\/DSC_9365-1024x683.webp\" alt=\"Male speaker at the CEA podium addressing the audience\" class=\"wp-image-11533\" srcset=\"https:\/\/centraleuropeanacademy.hu\/wp-content\/uploads\/2024\/06\/DSC_9365-1024x683.webp 1024w, https:\/\/centraleuropeanacademy.hu\/wp-content\/uploads\/2024\/06\/DSC_9365-700x467.webp 700w, https:\/\/centraleuropeanacademy.hu\/wp-content\/uploads\/2024\/06\/DSC_9365-768x512.webp 768w, https:\/\/centraleuropeanacademy.hu\/wp-content\/uploads\/2024\/06\/DSC_9365-1536x1024.webp 1536w, https:\/\/centraleuropeanacademy.hu\/wp-content\/uploads\/2024\/06\/DSC_9365-2048x1365.webp 2048w, https:\/\/centraleuropeanacademy.hu\/wp-content\/uploads\/2024\/06\/DSC_9365-18x12.webp 18w\" sizes=\"(max-width: 1024px) 100vw, 1024px\" \/><\/a><\/figure>\n\n\n\n<figure class=\"wp-block-image size-large\"><a href=\"https:\/\/centraleuropeanacademy.hu\/wp-content\/uploads\/2024\/06\/DSC_9383-scaled.webp\"><img loading=\"lazy\" decoding=\"async\" width=\"1024\" height=\"683\" data-id=\"11528\" src=\"https:\/\/centraleuropeanacademy.hu\/wp-content\/uploads\/2024\/06\/DSC_9383-1024x683.webp\" alt=\"Male speaker at the CEA podium addressing the audience\" class=\"wp-image-11528\" srcset=\"https:\/\/centraleuropeanacademy.hu\/wp-content\/uploads\/2024\/06\/DSC_9383-1024x683.webp 1024w, https:\/\/centraleuropeanacademy.hu\/wp-content\/uploads\/2024\/06\/DSC_9383-700x467.webp 700w, https:\/\/centraleuropeanacademy.hu\/wp-content\/uploads\/2024\/06\/DSC_9383-768x512.webp 768w, https:\/\/centraleuropeanacademy.hu\/wp-content\/uploads\/2024\/06\/DSC_9383-1536x1024.webp 1536w, https:\/\/centraleuropeanacademy.hu\/wp-content\/uploads\/2024\/06\/DSC_9383-2048x1365.webp 2048w, https:\/\/centraleuropeanacademy.hu\/wp-content\/uploads\/2024\/06\/DSC_9383-18x12.webp 18w\" sizes=\"(max-width: 1024px) 100vw, 1024px\" \/><\/a><\/figure>\n\n\n\n<figure class=\"wp-block-image size-large\"><a href=\"https:\/\/centraleuropeanacademy.hu\/wp-content\/uploads\/2024\/06\/DSC_9396-scaled.webp\"><img loading=\"lazy\" decoding=\"async\" width=\"1024\" height=\"683\" data-id=\"11531\" src=\"https:\/\/centraleuropeanacademy.hu\/wp-content\/uploads\/2024\/06\/DSC_9396-1024x683.webp\" alt=\"Audience attentively listening to the lecture\" class=\"wp-image-11531\" srcset=\"https:\/\/centraleuropeanacademy.hu\/wp-content\/uploads\/2024\/06\/DSC_9396-1024x683.webp 1024w, https:\/\/centraleuropeanacademy.hu\/wp-content\/uploads\/2024\/06\/DSC_9396-700x467.webp 700w, https:\/\/centraleuropeanacademy.hu\/wp-content\/uploads\/2024\/06\/DSC_9396-768x512.webp 768w, https:\/\/centraleuropeanacademy.hu\/wp-content\/uploads\/2024\/06\/DSC_9396-1536x1024.webp 1536w, https:\/\/centraleuropeanacademy.hu\/wp-content\/uploads\/2024\/06\/DSC_9396-2048x1365.webp 2048w, https:\/\/centraleuropeanacademy.hu\/wp-content\/uploads\/2024\/06\/DSC_9396-18x12.webp 18w\" sizes=\"(max-width: 1024px) 100vw, 1024px\" \/><\/a><\/figure>\n<\/figure>\n\n\n\n<p class=\"has-text-align-center\"><em>Photo: CEA Press<\/em><\/p>\n\n\n\n<figure class=\"wp-block-embed is-type-video is-provider-youtube wp-block-embed-youtube wp-embed-aspect-16-9 wp-has-aspect-ratio\"><div class=\"wp-block-embed__wrapper\">\n<iframe title=\"A. Syryt - State and National Sybmols as Values in the Constitutionof the Republic of Poland\" width=\"500\" height=\"281\" src=\"https:\/\/www.youtube.com\/embed\/Pww0NbQVwz4?list=PLp75_Jffd857WXnohfhdGD-I89Y5N_R-X\" frameborder=\"0\" allow=\"accelerometer; autoplay; clipboard-write; encrypted-media; gyroscope; picture-in-picture; web-share\" referrerpolicy=\"strict-origin-when-cross-origin\" allowfullscreen><\/iframe>\n<\/div><\/figure>\n\n\n\n<p><\/p>\n\n\n\n<p>*The event is private and by invitation only.<\/p>\n\n\n\n<p class=\"eloadok\">El\u0151ad\u00f3k: Katarzyna Zombory, Grzegorz Pastuszko, Zolt\u00e1n T\u00f3th J., Zsuzsanna Fejes, Dalibor \u010cepulo, Aleksandra Syryt, J\u00e1n \u0160krob\u00e1k, G\u00e1bor Schweitzer, Iv\u00e1n Hal\u00e1sz, Kate\u0159ina Frumarov\u00e1, G\u00e1bor Hulk\u00f3, Benjamin Flander, Szilveszter P\u00f3czik, Dalibor \u0110ukic, Tam\u00e1s Korhecz, P\u00e9ter Kruzslicz, Bal\u00e1zs Rig\u00f3, Norbert Tribl, Endre Orb\u00e1n, J\u00e1nos Ede Szil\u00e1gyi<\/p>","protected":false},"excerpt":{"rendered":"<p>2022. november 15-\u00e9n ker\u00fclt megrendez\u00e9sre a \u201eK\u00f6z\u00e9p-eur\u00f3pai Professzori H\u00e1l\u00f3zat 2022\u201d soron k\u00f6vetkez\u0151 nemzetk\u00f6zi konferenci\u00e1ja &#8216;Nation, state and sovereignty&#8217; , melyre [&hellip;]<\/p>\n","protected":false},"author":7,"featured_media":11666,"parent":0,"comment_status":"open","ping_status":"closed","template":"","meta":{"_acf_changed":false,"site-sidebar-layout":"default","site-content-layout":"","ast-site-content-layout":"","site-content-style":"default","site-sidebar-style":"default","ast-global-header-display":"","ast-banner-title-visibility":"","ast-main-header-display":"","ast-hfb-above-header-display":"","ast-hfb-below-header-display":"","ast-hfb-mobile-header-display":"","site-post-title":"","ast-breadcrumbs-content":"","ast-featured-img":"","footer-sml-layout":"","ast-disable-related-posts":"","theme-transparent-header-meta":"","adv-header-id-meta":"","stick-header-meta":"","header-above-stick-meta":"","header-main-stick-meta":"","header-below-stick-meta":"","astra-migrate-meta-layouts":"default","ast-page-background-enabled":"default","ast-page-background-meta":{"desktop":{"background-color":"var(--ast-global-color-4)","background-image":"","background-repeat":"repeat","background-position":"center center","background-size":"auto","background-attachment":"scroll","background-type":"","background-media":"","overlay-type":"","overlay-color":"","overlay-opacity":"","overlay-gradient":""},"tablet":{"background-color":"","background-image":"","background-repeat":"repeat","background-position":"center center","background-size":"auto","background-attachment":"scroll","background-type":"","background-media":"","overlay-type":"","overlay-color":"","overlay-opacity":"","overlay-gradient":""},"mobile":{"background-color":"","background-image":"","background-repeat":"repeat","background-position":"center center","background-size":"auto","background-attachment":"scroll","background-type":"","background-media":"","overlay-type":"","overlay-color":"","overlay-opacity":"","overlay-gradient":""}},"ast-content-background-meta":{"desktop":{"background-color":"var(--ast-global-color-5)","background-image":"","background-repeat":"repeat","background-position":"center center","background-size":"auto","background-attachment":"scroll","background-type":"","background-media":"","overlay-type":"","overlay-color":"","overlay-opacity":"","overlay-gradient":""},"tablet":{"background-color":"var(--ast-global-color-5)","background-image":"","background-repeat":"repeat","background-position":"center center","background-size":"auto","background-attachment":"scroll","background-type":"","background-media":"","overlay-type":"","overlay-color":"","overlay-opacity":"","overlay-gradient":""},"mobile":{"background-color":"var(--ast-global-color-5)","background-image":"","background-repeat":"repeat","background-position":"center center","background-size":"auto","background-attachment":"scroll","background-type":"","background-media":"","overlay-type":"","overlay-color":"","overlay-opacity":"","overlay-gradient":""}}},"countries-concerned":[422,416,420,471],"rendezvenyek-erintett-orszagok":[154,153,214],"event-format":[432],"event-language":[466],"kutatasi-emak-rendezvenyek":[571,570],"rendezveny-cimkei":[294,573,295,275,277,572,276],"rendezveny-nyelve":[117],"rendezveny-tipusa":[217],"research-topics-events":[574,575],"class_list":["post-9450","rendezveny","type-rendezveny","status-publish","has-post-thumbnail","hentry","countries-concerned-croatia","countries-concerned-hungary","countries-concerned-poland","countries-concerned-serbia","rendezvenyek-erintett-orszagok-horvatorszag","rendezvenyek-erintett-orszagok-magyarorszag","rendezvenyek-erintett-orszagok-szerbia","event-format-conference","event-language-english","kutatasi-emak-rendezvenyek-allam-es-szuverenitas","kutatasi-emak-rendezvenyek-nemzet","rendezveny-cimkei-academy","rendezveny-cimkei-allam-es-szuverenitas","rendezveny-cimkei-central-europe","rendezveny-cimkei-eu","rendezveny-cimkei-law","rendezveny-cimkei-nemzet","rendezveny-cimkei-profnet","rendezveny-nyelve-angol","rendezveny-tipusa-konferencia","research-topics-events-nation","research-topics-events-state-and-sovereignty"],"acf":[],"yoast_head":"<!-- This site is optimized with the Yoast SEO Premium plugin v27.5 (Yoast SEO v27.5) - https:\/\/yoast.com\/product\/yoast-seo-premium-wordpress\/ -->\n<title>Nemzet, \u00e1llam \u00e9s szuverenit\u00e1s | ME KEA<\/title>\n<meta name=\"description\" content=\"A \u201eK\u00f6z\u00e9p-eur\u00f3pai Professzori H\u00e1l\u00f3zat 2022\u201d konferencia Budapesten a nemzet, \u00e1llam \u00e9s szuverenit\u00e1s k\u00e9rd\u00e9seivel foglalkozott.\" \/>\n<meta name=\"robots\" content=\"index, follow, max-snippet:-1, max-image-preview:large, max-video-preview:-1\" \/>\n<link rel=\"canonical\" href=\"https:\/\/centraleuropeanacademy.hu\/en\/rendezveny\/nemzet-allam-es-szuverenitas\/\" \/>\n<meta property=\"og:locale\" content=\"en_GB\" \/>\n<meta property=\"og:type\" content=\"article\" \/>\n<meta property=\"og:title\" content=\"Nemzet, \u00e1llam \u00e9s szuverenit\u00e1s\" \/>\n<meta property=\"og:description\" content=\"A K\u00f6z\u00e9p-eur\u00f3pai Akad\u00e9mia k\u00f6zfeladatot ell\u00e1t\u00f3 szervezet, f\u0151 c\u00e9lja a r\u00e9gi\u00f3s orsz\u00e1gok jogtudom\u00e1ny\u00e1nak \u00e9s ezen bel\u00fcl jogalkot\u00e1s\u00e1nak fejleszt\u00e9se.\" \/>\n<meta property=\"og:url\" content=\"https:\/\/centraleuropeanacademy.hu\/en\/rendezveny\/nemzet-allam-es-szuverenitas\/\" \/>\n<meta property=\"og:site_name\" content=\"ME KEA\" \/>\n<meta property=\"article:modified_time\" content=\"2025-08-27T13:19:52+00:00\" \/>\n<meta property=\"og:image\" content=\"https:\/\/centraleuropeanacademy.hu\/wp-content\/uploads\/2022\/11\/DSC_9275-scaled.webp\" \/>\n\t<meta property=\"og:image:width\" content=\"2560\" \/>\n\t<meta property=\"og:image:height\" content=\"1707\" \/>\n\t<meta property=\"og:image:type\" content=\"image\/webp\" \/>\n<meta name=\"twitter:card\" content=\"summary_large_image\" \/>\n<meta name=\"twitter:label1\" content=\"Estimated reading time\" \/>\n\t<meta name=\"twitter:data1\" content=\"4 minutes\" \/>\n<script type=\"application\/ld+json\" class=\"yoast-schema-graph\">{\"@context\":\"https:\\\/\\\/schema.org\",\"@graph\":[{\"@type\":\"WebPage\",\"@id\":\"https:\\\/\\\/centraleuropeanacademy.hu\\\/rendezveny\\\/nemzet-allam-es-szuverenitas\\\/\",\"url\":\"https:\\\/\\\/centraleuropeanacademy.hu\\\/rendezveny\\\/nemzet-allam-es-szuverenitas\\\/\",\"name\":\"Nemzet, \u00e1llam \u00e9s szuverenit\u00e1s | ME KEA\",\"isPartOf\":{\"@id\":\"https:\\\/\\\/centraleuropeanacademy.hu\\\/#website\"},\"primaryImageOfPage\":{\"@id\":\"https:\\\/\\\/centraleuropeanacademy.hu\\\/rendezveny\\\/nemzet-allam-es-szuverenitas\\\/#primaryimage\"},\"image\":{\"@id\":\"https:\\\/\\\/centraleuropeanacademy.hu\\\/rendezveny\\\/nemzet-allam-es-szuverenitas\\\/#primaryimage\"},\"thumbnailUrl\":\"https:\\\/\\\/centraleuropeanacademy.hu\\\/wp-content\\\/uploads\\\/2022\\\/11\\\/DSC_9275-scaled.webp\",\"datePublished\":\"2022-11-15T16:30:00+00:00\",\"dateModified\":\"2025-08-27T13:19:52+00:00\",\"description\":\"A \u201eK\u00f6z\u00e9p-eur\u00f3pai Professzori H\u00e1l\u00f3zat 2022\u201d konferencia Budapesten a nemzet, \u00e1llam \u00e9s szuverenit\u00e1s k\u00e9rd\u00e9seivel foglalkozott.\",\"breadcrumb\":{\"@id\":\"https:\\\/\\\/centraleuropeanacademy.hu\\\/rendezveny\\\/nemzet-allam-es-szuverenitas\\\/#breadcrumb\"},\"inLanguage\":\"en-GB\",\"potentialAction\":[{\"@type\":\"ReadAction\",\"target\":[\"https:\\\/\\\/centraleuropeanacademy.hu\\\/rendezveny\\\/nemzet-allam-es-szuverenitas\\\/\"]}]},{\"@type\":\"ImageObject\",\"inLanguage\":\"en-GB\",\"@id\":\"https:\\\/\\\/centraleuropeanacademy.hu\\\/rendezveny\\\/nemzet-allam-es-szuverenitas\\\/#primaryimage\",\"url\":\"https:\\\/\\\/centraleuropeanacademy.hu\\\/wp-content\\\/uploads\\\/2022\\\/11\\\/DSC_9275-scaled.webp\",\"contentUrl\":\"https:\\\/\\\/centraleuropeanacademy.hu\\\/wp-content\\\/uploads\\\/2022\\\/11\\\/DSC_9275-scaled.webp\",\"width\":2560,\"height\":1707,\"caption\":\"Prezent\u00e1ci\u00f3 kivet\u00edt\u0151n, r\u00e9sztvev\u0151kkel\"},{\"@type\":\"BreadcrumbList\",\"@id\":\"https:\\\/\\\/centraleuropeanacademy.hu\\\/rendezveny\\\/nemzet-allam-es-szuverenitas\\\/#breadcrumb\",\"itemListElement\":[{\"@type\":\"ListItem\",\"position\":1,\"name\":\"Kezd\u0151lap\",\"item\":\"https:\\\/\\\/centraleuropeanacademy.hu\\\/\"},{\"@type\":\"ListItem\",\"position\":2,\"name\":\"Nemzet, \u00e1llam \u00e9s szuverenit\u00e1s\"}]},{\"@type\":\"WebSite\",\"@id\":\"https:\\\/\\\/centraleuropeanacademy.hu\\\/#website\",\"url\":\"https:\\\/\\\/centraleuropeanacademy.hu\\\/\",\"name\":\"CEA\",\"description\":\"\",\"publisher\":{\"@id\":\"https:\\\/\\\/centraleuropeanacademy.hu\\\/#organization\"},\"potentialAction\":[{\"@type\":\"SearchAction\",\"target\":{\"@type\":\"EntryPoint\",\"urlTemplate\":\"https:\\\/\\\/centraleuropeanacademy.hu\\\/?s={search_term_string}\"},\"query-input\":{\"@type\":\"PropertyValueSpecification\",\"valueRequired\":true,\"valueName\":\"search_term_string\"}}],\"inLanguage\":\"en-GB\"},{\"@type\":\"Organization\",\"@id\":\"https:\\\/\\\/centraleuropeanacademy.hu\\\/#organization\",\"name\":\"K\u00f6z\u00e9p-eur\u00f3pai Akad\u00e9mia\",\"alternateName\":\"K\u00f6z\u00e9p-Eur\u00f3pai Akad\u00e9mia\",\"url\":\"https:\\\/\\\/centraleuropeanacademy.hu\\\/\",\"logo\":{\"@type\":\"ImageObject\",\"inLanguage\":\"en-GB\",\"@id\":\"https:\\\/\\\/centraleuropeanacademy.hu\\\/#\\\/schema\\\/logo\\\/image\\\/\",\"url\":\"https:\\\/\\\/centraleuropeanacademy.hu\\\/wp-content\\\/uploads\\\/2024\\\/04\\\/cea-logo.png\",\"contentUrl\":\"https:\\\/\\\/centraleuropeanacademy.hu\\\/wp-content\\\/uploads\\\/2024\\\/04\\\/cea-logo.png\",\"width\":1080,\"height\":417,\"caption\":\"K\u00f6z\u00e9p-eur\u00f3pai Akad\u00e9mia\"},\"image\":{\"@id\":\"https:\\\/\\\/centraleuropeanacademy.hu\\\/#\\\/schema\\\/logo\\\/image\\\/\"},\"description\":\"A budapesti sz\u00e9khellyel l\u00e9trej\u00f6tt K\u00f6z\u00e9p-eur\u00f3pai Akad\u00e9mia (CEA) a Miskolci Egyetem \u00e1ltal alap\u00edtott, k\u00f6zfeladatot ell\u00e1t\u00f3 szervezet.\",\"email\":\"academy@centraleuropeanacademy.hu\",\"telephone\":\"academy@centraleuropeanacademy.hu\",\"legalName\":\"K\u00f6z\u00e9p-eur\u00f3pai Akad\u00e9mia\",\"taxID\":\"19359711-1-43\"}]}<\/script>\n<!-- \/ Yoast SEO Premium plugin. -->","yoast_head_json":{"title":"Nemzet, \u00e1llam \u00e9s szuverenit\u00e1s | ME KEA","description":"The \"Central European Professors' Network 2022\" conference in Budapest addressed the issues of nation, state and sovereignty.","robots":{"index":"index","follow":"follow","max-snippet":"max-snippet:-1","max-image-preview":"max-image-preview:large","max-video-preview":"max-video-preview:-1"},"canonical":"https:\/\/centraleuropeanacademy.hu\/en\/rendezveny\/nemzet-allam-es-szuverenitas\/","og_locale":"en_GB","og_type":"article","og_title":"Nemzet, \u00e1llam \u00e9s szuverenit\u00e1s","og_description":"A K\u00f6z\u00e9p-eur\u00f3pai Akad\u00e9mia k\u00f6zfeladatot ell\u00e1t\u00f3 szervezet, f\u0151 c\u00e9lja a r\u00e9gi\u00f3s orsz\u00e1gok jogtudom\u00e1ny\u00e1nak \u00e9s ezen bel\u00fcl jogalkot\u00e1s\u00e1nak fejleszt\u00e9se.","og_url":"https:\/\/centraleuropeanacademy.hu\/en\/rendezveny\/nemzet-allam-es-szuverenitas\/","og_site_name":"ME KEA","article_modified_time":"2025-08-27T13:19:52+00:00","og_image":[{"width":2560,"height":1707,"url":"https:\/\/centraleuropeanacademy.hu\/wp-content\/uploads\/2022\/11\/DSC_9275-scaled.webp","type":"image\/webp"}],"twitter_card":"summary_large_image","twitter_misc":{"Estimated reading time":"4 minutes"},"schema":{"@context":"https:\/\/schema.org","@graph":[{"@type":"WebPage","@id":"https:\/\/centraleuropeanacademy.hu\/rendezveny\/nemzet-allam-es-szuverenitas\/","url":"https:\/\/centraleuropeanacademy.hu\/rendezveny\/nemzet-allam-es-szuverenitas\/","name":"Nemzet, \u00e1llam \u00e9s szuverenit\u00e1s | ME KEA","isPartOf":{"@id":"https:\/\/centraleuropeanacademy.hu\/#website"},"primaryImageOfPage":{"@id":"https:\/\/centraleuropeanacademy.hu\/rendezveny\/nemzet-allam-es-szuverenitas\/#primaryimage"},"image":{"@id":"https:\/\/centraleuropeanacademy.hu\/rendezveny\/nemzet-allam-es-szuverenitas\/#primaryimage"},"thumbnailUrl":"https:\/\/centraleuropeanacademy.hu\/wp-content\/uploads\/2022\/11\/DSC_9275-scaled.webp","datePublished":"2022-11-15T16:30:00+00:00","dateModified":"2025-08-27T13:19:52+00:00","description":"The \"Central European Professors' Network 2022\" conference in Budapest addressed the issues of nation, state and sovereignty.","breadcrumb":{"@id":"https:\/\/centraleuropeanacademy.hu\/rendezveny\/nemzet-allam-es-szuverenitas\/#breadcrumb"},"inLanguage":"en-GB","potentialAction":[{"@type":"ReadAction","target":["https:\/\/centraleuropeanacademy.hu\/rendezveny\/nemzet-allam-es-szuverenitas\/"]}]},{"@type":"ImageObject","inLanguage":"en-GB","@id":"https:\/\/centraleuropeanacademy.hu\/rendezveny\/nemzet-allam-es-szuverenitas\/#primaryimage","url":"https:\/\/centraleuropeanacademy.hu\/wp-content\/uploads\/2022\/11\/DSC_9275-scaled.webp","contentUrl":"https:\/\/centraleuropeanacademy.hu\/wp-content\/uploads\/2022\/11\/DSC_9275-scaled.webp","width":2560,"height":1707,"caption":"Prezent\u00e1ci\u00f3 kivet\u00edt\u0151n, r\u00e9sztvev\u0151kkel"},{"@type":"BreadcrumbList","@id":"https:\/\/centraleuropeanacademy.hu\/rendezveny\/nemzet-allam-es-szuverenitas\/#breadcrumb","itemListElement":[{"@type":"ListItem","position":1,"name":"Kezd\u0151lap","item":"https:\/\/centraleuropeanacademy.hu\/"},{"@type":"ListItem","position":2,"name":"Nemzet, \u00e1llam \u00e9s szuverenit\u00e1s"}]},{"@type":"WebSite","@id":"https:\/\/centraleuropeanacademy.hu\/#website","url":"https:\/\/centraleuropeanacademy.hu\/","name":"CEA","description":"","publisher":{"@id":"https:\/\/centraleuropeanacademy.hu\/#organization"},"potentialAction":[{"@type":"SearchAction","target":{"@type":"EntryPoint","urlTemplate":"https:\/\/centraleuropeanacademy.hu\/?s={search_term_string}"},"query-input":{"@type":"PropertyValueSpecification","valueRequired":true,"valueName":"search_term_string"}}],"inLanguage":"en-GB"},{"@type":"Organization","@id":"https:\/\/centraleuropeanacademy.hu\/#organization","name":"Central European Academy","alternateName":"K\u00f6z\u00e9p-Eur\u00f3pai Akad\u00e9mia","url":"https:\/\/centraleuropeanacademy.hu\/","logo":{"@type":"ImageObject","inLanguage":"en-GB","@id":"https:\/\/centraleuropeanacademy.hu\/#\/schema\/logo\/image\/","url":"https:\/\/centraleuropeanacademy.hu\/wp-content\/uploads\/2024\/04\/cea-logo.png","contentUrl":"https:\/\/centraleuropeanacademy.hu\/wp-content\/uploads\/2024\/04\/cea-logo.png","width":1080,"height":417,"caption":"K\u00f6z\u00e9p-eur\u00f3pai Akad\u00e9mia"},"image":{"@id":"https:\/\/centraleuropeanacademy.hu\/#\/schema\/logo\/image\/"},"description":"A budapesti sz\u00e9khellyel l\u00e9trej\u00f6tt K\u00f6z\u00e9p-eur\u00f3pai Akad\u00e9mia (CEA) a Miskolci Egyetem \u00e1ltal alap\u00edtott, k\u00f6zfeladatot ell\u00e1t\u00f3 szervezet.","email":"academy@centraleuropeanacademy.hu","telephone":"academy@centraleuropeanacademy.hu","legalName":"K\u00f6z\u00e9p-eur\u00f3pai Akad\u00e9mia","taxID":"19359711-1-43"}]}},"_links":{"self":[{"href":"https:\/\/centraleuropeanacademy.hu\/en\/wp-json\/wp\/v2\/rendezveny\/9450","targetHints":{"allow":["GET"]}}],"collection":[{"href":"https:\/\/centraleuropeanacademy.hu\/en\/wp-json\/wp\/v2\/rendezveny"}],"about":[{"href":"https:\/\/centraleuropeanacademy.hu\/en\/wp-json\/wp\/v2\/types\/rendezveny"}],"author":[{"embeddable":true,"href":"https:\/\/centraleuropeanacademy.hu\/en\/wp-json\/wp\/v2\/users\/7"}],"replies":[{"embeddable":true,"href":"https:\/\/centraleuropeanacademy.hu\/en\/wp-json\/wp\/v2\/comments?post=9450"}],"wp:featuredmedia":[{"embeddable":true,"href":"https:\/\/centraleuropeanacademy.hu\/en\/wp-json\/wp\/v2\/media\/11666"}],"wp:attachment":[{"href":"https:\/\/centraleuropeanacademy.hu\/en\/wp-json\/wp\/v2\/media?parent=9450"}],"wp:term":[{"taxonomy":"countries-concerned","embeddable":true,"href":"https:\/\/centraleuropeanacademy.hu\/en\/wp-json\/wp\/v2\/countries-concerned?post=9450"},{"taxonomy":"rendezvenyek-erintett-orszagok","embeddable":true,"href":"https:\/\/centraleuropeanacademy.hu\/en\/wp-json\/wp\/v2\/rendezvenyek-erintett-orszagok?post=9450"},{"taxonomy":"event-format","embeddable":true,"href":"https:\/\/centraleuropeanacademy.hu\/en\/wp-json\/wp\/v2\/event-format?post=9450"},{"taxonomy":"event-language","embeddable":true,"href":"https:\/\/centraleuropeanacademy.hu\/en\/wp-json\/wp\/v2\/event-language?post=9450"},{"taxonomy":"kutatasi-emak-rendezvenyek","embeddable":true,"href":"https:\/\/centraleuropeanacademy.hu\/en\/wp-json\/wp\/v2\/kutatasi-emak-rendezvenyek?post=9450"},{"taxonomy":"rendezveny-cimkei","embeddable":true,"href":"https:\/\/centraleuropeanacademy.hu\/en\/wp-json\/wp\/v2\/rendezveny-cimkei?post=9450"},{"taxonomy":"rendezveny-nyelve","embeddable":true,"href":"https:\/\/centraleuropeanacademy.hu\/en\/wp-json\/wp\/v2\/rendezveny-nyelve?post=9450"},{"taxonomy":"rendezveny-tipusa","embeddable":true,"href":"https:\/\/centraleuropeanacademy.hu\/en\/wp-json\/wp\/v2\/rendezveny-tipusa?post=9450"},{"taxonomy":"research-topics-events","embeddable":true,"href":"https:\/\/centraleuropeanacademy.hu\/en\/wp-json\/wp\/v2\/research-topics-events?post=9450"}],"curies":[{"name":"wp","href":"https:\/\/api.w.org\/{rel}","templated":true}]}}