{"id":9364,"date":"2022-05-26T12:56:00","date_gmt":"2022-05-26T10:56:00","guid":{"rendered":"https:\/\/centraleuropeanacademy.hu\/?post_type=rendezveny&#038;p=9364"},"modified":"2025-08-27T13:55:48","modified_gmt":"2025-08-27T11:55:48","slug":"a-jovo-nemzedek-es-a-kornyezet-vedelmenek-alkotmanyos-keretei-egyes-kozep-europai-orszagok-rendeleteiben-es-jogrendszereben-2","status":"publish","type":"rendezveny","link":"https:\/\/centraleuropeanacademy.hu\/en\/rendezveny\/a-jovo-nemzedek-es-a-kornyezet-vedelmenek-alkotmanyos-keretei-egyes-kozep-europai-orszagok-rendeleteiben-es-jogrendszereben-2\/","title":{"rendered":"Constitutional framework for the protection of future generations and the environment in the regulation and jurisdiction of certain Central European countries"},"content":{"rendered":"<p>A conference was presenting the work of the research group \u201cConstitutional protection of the environment and future generations\u201c, led by Prof. Dr. J\u00e1nos Ede Szil\u00e1gyi, head of the Ferenc M\u00e1dl Institute of Comparative Law, was held on 26 May.<\/p>\n\n\n\n<p>The event \"The constitutional framework for the protection of the future generation and the environment in the regulations and legal systems of certain Central European countries\" was intended to present the results of the first half of the research group \"The created world and the protection of future generations\", through analytical and summarizing presentations by the professors involved in the research. The research project \"Central European Professors' Network 2022\" started its activities in the field of comparative law on 1 January 2022 with the active participation of experts from seven Central European countries (Czech Republic, Croatia, Hungary, Poland, Serbia, Slovakia, Slovenia).<\/p>\n\n\n\n<p>The event was opened by the Rector of P\u00e1zm\u00e1ny P\u00e9ter Catholic University, G\u00e9za Kuminetz, followed by the opening part of the conference with the participation of the Director General of the Central European Academy of the University of Miskolc, Dr. Katarzyna Zombory, and Professor Gyula B\u00e1ndi of P\u00e1zm\u00e1ny P\u00e9ter Catholic University.<\/p>\n\n\n\n<p>The conference was organised by the Central European Academy of the University of Miskolc, the Department of Environmental and Competition Law of the Faculty of Law and Political Sciences of P\u00e1zm\u00e1ny P\u00e9ter Catholic University, the Institute of Genetic Resources of P\u00e1zm\u00e1ny P\u00e9ter Catholic University and the Central European Comparative Law Association.<\/p>\n\n\n\n<div data-wp-interactive=\"core\/file\" class=\"wp-block-file\"><object data-wp-bind--hidden=\"!state.hasPdfPreview\" hidden class=\"wp-block-file__embed\" data=\"https:\/\/centraleuropeanacademy.hu\/wp-content\/uploads\/2024\/06\/Conference-program_26.05.2022.pdf\" type=\"application\/pdf\" style=\"width:100%;height:600px\" aria-label=\"Embed of Conference-program_26.05.2022.\"><\/object><a id=\"wp-block-file--media-975a3931-8cd2-4843-b141-b5ea9f1e83c7\" href=\"https:\/\/centraleuropeanacademy.hu\/wp-content\/uploads\/2024\/06\/Conference-program_26.05.2022.pdf\">Conference-program_26.05.2022<\/a><a href=\"https:\/\/centraleuropeanacademy.hu\/wp-content\/uploads\/2024\/06\/Conference-program_26.05.2022.pdf\" class=\"wp-block-file__button wp-element-button\" download aria-describedby=\"wp-block-file--media-975a3931-8cd2-4843-b141-b5ea9f1e83c7\">Download<\/a><\/div>\n\n\n\n<figure class=\"wp-block-gallery has-nested-images columns-default is-cropped wp-block-gallery-1 is-layout-flex wp-block-gallery-is-layout-flex\">\n<figure class=\"wp-block-image size-large\"><a href=\"https:\/\/centraleuropeanacademy.hu\/wp-content\/uploads\/2024\/06\/DSC03517-scaled.jpg\"><img fetchpriority=\"high\" decoding=\"async\" width=\"1024\" height=\"684\" data-id=\"9370\" src=\"https:\/\/centraleuropeanacademy.hu\/wp-content\/uploads\/2024\/06\/DSC03517-1024x684.jpg\" alt=\"Panel discussion participants on stage\" class=\"wp-image-9370\" srcset=\"https:\/\/centraleuropeanacademy.hu\/wp-content\/uploads\/2024\/06\/DSC03517-1024x684.jpg 1024w, https:\/\/centraleuropeanacademy.hu\/wp-content\/uploads\/2024\/06\/DSC03517-700x468.jpg 700w, https:\/\/centraleuropeanacademy.hu\/wp-content\/uploads\/2024\/06\/DSC03517-768x513.jpg 768w, https:\/\/centraleuropeanacademy.hu\/wp-content\/uploads\/2024\/06\/DSC03517-1536x1026.jpg 1536w, https:\/\/centraleuropeanacademy.hu\/wp-content\/uploads\/2024\/06\/DSC03517-2048x1368.jpg 2048w, https:\/\/centraleuropeanacademy.hu\/wp-content\/uploads\/2024\/06\/DSC03517-18x12.jpg 18w\" sizes=\"(max-width: 1024px) 100vw, 1024px\" \/><\/a><\/figure>\n\n\n\n<figure class=\"wp-block-image size-large\"><a href=\"https:\/\/centraleuropeanacademy.hu\/wp-content\/uploads\/2024\/06\/DSC03535-scaled.jpg\"><img decoding=\"async\" width=\"1024\" height=\"684\" data-id=\"9368\" src=\"https:\/\/centraleuropeanacademy.hu\/wp-content\/uploads\/2024\/06\/DSC03535-1024x684.jpg\" alt=\"Male presenter giving a speech on stage\" class=\"wp-image-9368\" srcset=\"https:\/\/centraleuropeanacademy.hu\/wp-content\/uploads\/2024\/06\/DSC03535-1024x684.jpg 1024w, https:\/\/centraleuropeanacademy.hu\/wp-content\/uploads\/2024\/06\/DSC03535-700x468.jpg 700w, https:\/\/centraleuropeanacademy.hu\/wp-content\/uploads\/2024\/06\/DSC03535-768x513.jpg 768w, https:\/\/centraleuropeanacademy.hu\/wp-content\/uploads\/2024\/06\/DSC03535-1536x1026.jpg 1536w, https:\/\/centraleuropeanacademy.hu\/wp-content\/uploads\/2024\/06\/DSC03535-2048x1368.jpg 2048w, https:\/\/centraleuropeanacademy.hu\/wp-content\/uploads\/2024\/06\/DSC03535-18x12.jpg 18w\" sizes=\"(max-width: 1024px) 100vw, 1024px\" \/><\/a><\/figure>\n\n\n\n<figure class=\"wp-block-image size-large\"><a href=\"https:\/\/centraleuropeanacademy.hu\/wp-content\/uploads\/2024\/06\/DSC03618-scaled.jpg\"><img decoding=\"async\" width=\"1024\" height=\"684\" data-id=\"9373\" src=\"https:\/\/centraleuropeanacademy.hu\/wp-content\/uploads\/2024\/06\/DSC03618-1024x684.jpg\" alt=\"Male presenter giving a speech on stage\" class=\"wp-image-9373\" srcset=\"https:\/\/centraleuropeanacademy.hu\/wp-content\/uploads\/2024\/06\/DSC03618-1024x684.jpg 1024w, https:\/\/centraleuropeanacademy.hu\/wp-content\/uploads\/2024\/06\/DSC03618-700x468.jpg 700w, https:\/\/centraleuropeanacademy.hu\/wp-content\/uploads\/2024\/06\/DSC03618-768x513.jpg 768w, https:\/\/centraleuropeanacademy.hu\/wp-content\/uploads\/2024\/06\/DSC03618-1536x1026.jpg 1536w, https:\/\/centraleuropeanacademy.hu\/wp-content\/uploads\/2024\/06\/DSC03618-2048x1368.jpg 2048w, https:\/\/centraleuropeanacademy.hu\/wp-content\/uploads\/2024\/06\/DSC03618-18x12.jpg 18w\" sizes=\"(max-width: 1024px) 100vw, 1024px\" \/><\/a><\/figure>\n\n\n\n<figure class=\"wp-block-image size-large\"><a href=\"https:\/\/centraleuropeanacademy.hu\/wp-content\/uploads\/2024\/06\/DSC03777-scaled.jpg\"><img loading=\"lazy\" decoding=\"async\" width=\"1024\" height=\"684\" data-id=\"9371\" src=\"https:\/\/centraleuropeanacademy.hu\/wp-content\/uploads\/2024\/06\/DSC03777-1024x684.jpg\" alt=\"Male presenter giving a speech on stage\" class=\"wp-image-9371\" srcset=\"https:\/\/centraleuropeanacademy.hu\/wp-content\/uploads\/2024\/06\/DSC03777-1024x684.jpg 1024w, https:\/\/centraleuropeanacademy.hu\/wp-content\/uploads\/2024\/06\/DSC03777-700x468.jpg 700w, https:\/\/centraleuropeanacademy.hu\/wp-content\/uploads\/2024\/06\/DSC03777-768x513.jpg 768w, https:\/\/centraleuropeanacademy.hu\/wp-content\/uploads\/2024\/06\/DSC03777-1536x1026.jpg 1536w, https:\/\/centraleuropeanacademy.hu\/wp-content\/uploads\/2024\/06\/DSC03777-2048x1368.jpg 2048w, https:\/\/centraleuropeanacademy.hu\/wp-content\/uploads\/2024\/06\/DSC03777-18x12.jpg 18w\" sizes=\"(max-width: 1024px) 100vw, 1024px\" \/><\/a><\/figure>\n\n\n\n<figure class=\"wp-block-image size-large\"><a href=\"https:\/\/centraleuropeanacademy.hu\/wp-content\/uploads\/2024\/06\/DSC03820-scaled.jpg\"><img loading=\"lazy\" decoding=\"async\" width=\"1024\" height=\"684\" data-id=\"9372\" src=\"https:\/\/centraleuropeanacademy.hu\/wp-content\/uploads\/2024\/06\/DSC03820-1024x684.jpg\" alt=\"Audience in a conference hall\" class=\"wp-image-9372\" srcset=\"https:\/\/centraleuropeanacademy.hu\/wp-content\/uploads\/2024\/06\/DSC03820-1024x684.jpg 1024w, https:\/\/centraleuropeanacademy.hu\/wp-content\/uploads\/2024\/06\/DSC03820-700x468.jpg 700w, https:\/\/centraleuropeanacademy.hu\/wp-content\/uploads\/2024\/06\/DSC03820-768x513.jpg 768w, https:\/\/centraleuropeanacademy.hu\/wp-content\/uploads\/2024\/06\/DSC03820-1536x1026.jpg 1536w, https:\/\/centraleuropeanacademy.hu\/wp-content\/uploads\/2024\/06\/DSC03820-2048x1368.jpg 2048w, https:\/\/centraleuropeanacademy.hu\/wp-content\/uploads\/2024\/06\/DSC03820-18x12.jpg 18w\" sizes=\"(max-width: 1024px) 100vw, 1024px\" \/><\/a><\/figure>\n\n\n\n<figure class=\"wp-block-image size-large\"><a href=\"https:\/\/centraleuropeanacademy.hu\/wp-content\/uploads\/2024\/06\/DSC03916-scaled.jpg\"><img loading=\"lazy\" decoding=\"async\" width=\"1024\" height=\"684\" data-id=\"9376\" src=\"https:\/\/centraleuropeanacademy.hu\/wp-content\/uploads\/2024\/06\/DSC03916-1024x684.jpg\" alt=\"N\u0151i el\u0151ad\u00f3 besz\u00e9det mond a p\u00f3diumon\" class=\"wp-image-9376\" srcset=\"https:\/\/centraleuropeanacademy.hu\/wp-content\/uploads\/2024\/06\/DSC03916-1024x684.jpg 1024w, https:\/\/centraleuropeanacademy.hu\/wp-content\/uploads\/2024\/06\/DSC03916-700x468.jpg 700w, https:\/\/centraleuropeanacademy.hu\/wp-content\/uploads\/2024\/06\/DSC03916-768x513.jpg 768w, https:\/\/centraleuropeanacademy.hu\/wp-content\/uploads\/2024\/06\/DSC03916-1536x1026.jpg 1536w, https:\/\/centraleuropeanacademy.hu\/wp-content\/uploads\/2024\/06\/DSC03916-2048x1368.jpg 2048w, https:\/\/centraleuropeanacademy.hu\/wp-content\/uploads\/2024\/06\/DSC03916-18x12.jpg 18w\" sizes=\"(max-width: 1024px) 100vw, 1024px\" \/><\/a><\/figure>\n\n\n\n<figure class=\"wp-block-image size-large\"><a href=\"https:\/\/centraleuropeanacademy.hu\/wp-content\/uploads\/2024\/06\/DSC03957-scaled.jpg\"><img loading=\"lazy\" decoding=\"async\" width=\"1024\" height=\"684\" data-id=\"9378\" src=\"https:\/\/centraleuropeanacademy.hu\/wp-content\/uploads\/2024\/06\/DSC03957-1024x684.jpg\" alt=\"Panel discussion participants on stage\" class=\"wp-image-9378\" srcset=\"https:\/\/centraleuropeanacademy.hu\/wp-content\/uploads\/2024\/06\/DSC03957-1024x684.jpg 1024w, https:\/\/centraleuropeanacademy.hu\/wp-content\/uploads\/2024\/06\/DSC03957-700x468.jpg 700w, https:\/\/centraleuropeanacademy.hu\/wp-content\/uploads\/2024\/06\/DSC03957-768x513.jpg 768w, https:\/\/centraleuropeanacademy.hu\/wp-content\/uploads\/2024\/06\/DSC03957-1536x1026.jpg 1536w, https:\/\/centraleuropeanacademy.hu\/wp-content\/uploads\/2024\/06\/DSC03957-2048x1368.jpg 2048w, https:\/\/centraleuropeanacademy.hu\/wp-content\/uploads\/2024\/06\/DSC03957-18x12.jpg 18w\" sizes=\"(max-width: 1024px) 100vw, 1024px\" \/><\/a><\/figure>\n\n\n\n<figure class=\"wp-block-image size-large\"><a href=\"https:\/\/centraleuropeanacademy.hu\/wp-content\/uploads\/2024\/06\/DSC04063-scaled.jpg\"><img loading=\"lazy\" decoding=\"async\" width=\"1024\" height=\"684\" data-id=\"9377\" src=\"https:\/\/centraleuropeanacademy.hu\/wp-content\/uploads\/2024\/06\/DSC04063-1024x684.jpg\" alt=\"N\u0151i el\u0151ad\u00f3 besz\u00e9det mond a p\u00f3diumon\" class=\"wp-image-9377\" srcset=\"https:\/\/centraleuropeanacademy.hu\/wp-content\/uploads\/2024\/06\/DSC04063-1024x684.jpg 1024w, https:\/\/centraleuropeanacademy.hu\/wp-content\/uploads\/2024\/06\/DSC04063-700x468.jpg 700w, https:\/\/centraleuropeanacademy.hu\/wp-content\/uploads\/2024\/06\/DSC04063-768x513.jpg 768w, https:\/\/centraleuropeanacademy.hu\/wp-content\/uploads\/2024\/06\/DSC04063-1536x1026.jpg 1536w, https:\/\/centraleuropeanacademy.hu\/wp-content\/uploads\/2024\/06\/DSC04063-2048x1368.jpg 2048w, https:\/\/centraleuropeanacademy.hu\/wp-content\/uploads\/2024\/06\/DSC04063-18x12.jpg 18w\" sizes=\"(max-width: 1024px) 100vw, 1024px\" \/><\/a><\/figure>\n\n\n\n<figure class=\"wp-block-image size-large\"><a href=\"https:\/\/centraleuropeanacademy.hu\/wp-content\/uploads\/2024\/06\/DSC04086-scaled.jpg\"><img loading=\"lazy\" decoding=\"async\" width=\"1024\" height=\"684\" data-id=\"9379\" src=\"https:\/\/centraleuropeanacademy.hu\/wp-content\/uploads\/2024\/06\/DSC04086-1024x684.jpg\" alt=\"N\u0151i el\u0151ad\u00f3 besz\u00e9det mond a p\u00f3diumon\" class=\"wp-image-9379\" srcset=\"https:\/\/centraleuropeanacademy.hu\/wp-content\/uploads\/2024\/06\/DSC04086-1024x684.jpg 1024w, https:\/\/centraleuropeanacademy.hu\/wp-content\/uploads\/2024\/06\/DSC04086-700x468.jpg 700w, https:\/\/centraleuropeanacademy.hu\/wp-content\/uploads\/2024\/06\/DSC04086-768x513.jpg 768w, https:\/\/centraleuropeanacademy.hu\/wp-content\/uploads\/2024\/06\/DSC04086-1536x1026.jpg 1536w, https:\/\/centraleuropeanacademy.hu\/wp-content\/uploads\/2024\/06\/DSC04086-2048x1368.jpg 2048w, https:\/\/centraleuropeanacademy.hu\/wp-content\/uploads\/2024\/06\/DSC04086-18x12.jpg 18w\" sizes=\"(max-width: 1024px) 100vw, 1024px\" \/><\/a><\/figure>\n\n\n\n<figure class=\"wp-block-image size-large\"><a href=\"https:\/\/centraleuropeanacademy.hu\/wp-content\/uploads\/2024\/06\/DSC04191-scaled.jpg\"><img loading=\"lazy\" decoding=\"async\" width=\"1024\" height=\"684\" data-id=\"9374\" src=\"https:\/\/centraleuropeanacademy.hu\/wp-content\/uploads\/2024\/06\/DSC04191-1024x684.jpg\" alt=\"Audience in a conference hall\" class=\"wp-image-9374\" srcset=\"https:\/\/centraleuropeanacademy.hu\/wp-content\/uploads\/2024\/06\/DSC04191-1024x684.jpg 1024w, https:\/\/centraleuropeanacademy.hu\/wp-content\/uploads\/2024\/06\/DSC04191-700x468.jpg 700w, https:\/\/centraleuropeanacademy.hu\/wp-content\/uploads\/2024\/06\/DSC04191-768x513.jpg 768w, https:\/\/centraleuropeanacademy.hu\/wp-content\/uploads\/2024\/06\/DSC04191-1536x1026.jpg 1536w, https:\/\/centraleuropeanacademy.hu\/wp-content\/uploads\/2024\/06\/DSC04191-2048x1368.jpg 2048w, https:\/\/centraleuropeanacademy.hu\/wp-content\/uploads\/2024\/06\/DSC04191-18x12.jpg 18w\" sizes=\"(max-width: 1024px) 100vw, 1024px\" \/><\/a><\/figure>\n<\/figure>\n\n\n\n<p class=\"has-text-align-center\"><em>Photo: CEA Press<\/em><\/p>\n\n\n\n<figure class=\"wp-block-embed is-type-video is-provider-youtube wp-block-embed-youtube wp-embed-aspect-16-9 wp-has-aspect-ratio\"><div class=\"wp-block-embed__wrapper\">\n<iframe title=\"Gy. B\u00e1ndi - Sustainable development, rights of future generations - legal and ethical considerations\" width=\"500\" height=\"281\" src=\"https:\/\/www.youtube.com\/embed\/fMwpCgXig5k?list=PLp75_Jffd855dIIncnEDBpl1Xwq2ED2uV\" frameborder=\"0\" allow=\"accelerometer; autoplay; clipboard-write; encrypted-media; gyroscope; picture-in-picture; web-share\" referrerpolicy=\"strict-origin-when-cross-origin\" allowfullscreen><\/iframe>\n<\/div><\/figure>\n\n\n\n<p><\/p>\n\n\n\n<p>*The event is private and by invitation only.<\/p>\n\n\n\n<p class=\"eloadok\">El\u0151ad\u00f3k: G\u00e9za Kuminetz, Gyula B\u00e1ndi, Katarzyna Zombory, Frane Stanicic, Michal Radvan, K\u00e1roly Benke, Bartosz Majchrzak, Michal Maslen, Miha Juhart, Vasilka Sancin, Sanja Sav\u010di\u0107, Enik\u0151 Krajny\u00e1k, \u00c1gnes Kov\u00e1cs <\/p>\n\n\n\n<p><\/p>","protected":false},"excerpt":{"rendered":"<p>2022. m\u00e1jus 26-\u00e1n ker\u00fclt megrendez\u00e9sre a \u201eK\u00f6z\u00e9p-eur\u00f3pai Professzori H\u00e1l\u00f3zat 2022\u201d soron k\u00f6vetkez\u0151 nemzetk\u00f6zi konferenci\u00e1ja, melyre Budapesten, a P\u00e1zm\u00e1ny P\u00e9ter Katolikus [&hellip;]<\/p>\n","protected":false},"author":8,"featured_media":9375,"parent":0,"comment_status":"open","ping_status":"closed","template":"","meta":{"_acf_changed":false,"site-sidebar-layout":"default","site-content-layout":"","ast-site-content-layout":"","site-content-style":"default","site-sidebar-style":"default","ast-global-header-display":"","ast-banner-title-visibility":"","ast-main-header-display":"","ast-hfb-above-header-display":"","ast-hfb-below-header-display":"","ast-hfb-mobile-header-display":"","site-post-title":"","ast-breadcrumbs-content":"","ast-featured-img":"","footer-sml-layout":"","ast-disable-related-posts":"","theme-transparent-header-meta":"","adv-header-id-meta":"","stick-header-meta":"","header-above-stick-meta":"","header-main-stick-meta":"","header-below-stick-meta":"","astra-migrate-meta-layouts":"default","ast-page-background-enabled":"default","ast-page-background-meta":{"desktop":{"background-color":"var(--ast-global-color-4)","background-image":"","background-repeat":"repeat","background-position":"center center","background-size":"auto","background-attachment":"scroll","background-type":"","background-media":"","overlay-type":"","overlay-color":"","overlay-opacity":"","overlay-gradient":""},"tablet":{"background-color":"","background-image":"","background-repeat":"repeat","background-position":"center center","background-size":"auto","background-attachment":"scroll","background-type":"","background-media":"","overlay-type":"","overlay-color":"","overlay-opacity":"","overlay-gradient":""},"mobile":{"background-color":"","background-image":"","background-repeat":"repeat","background-position":"center center","background-size":"auto","background-attachment":"scroll","background-type":"","background-media":"","overlay-type":"","overlay-color":"","overlay-opacity":"","overlay-gradient":""}},"ast-content-background-meta":{"desktop":{"background-color":"var(--ast-global-color-5)","background-image":"","background-repeat":"repeat","background-position":"center center","background-size":"auto","background-attachment":"scroll","background-type":"","background-media":"","overlay-type":"","overlay-color":"","overlay-opacity":"","overlay-gradient":""},"tablet":{"background-color":"var(--ast-global-color-5)","background-image":"","background-repeat":"repeat","background-position":"center center","background-size":"auto","background-attachment":"scroll","background-type":"","background-media":"","overlay-type":"","overlay-color":"","overlay-opacity":"","overlay-gradient":""},"mobile":{"background-color":"var(--ast-global-color-5)","background-image":"","background-repeat":"repeat","background-position":"center center","background-size":"auto","background-attachment":"scroll","background-type":"","background-media":"","overlay-type":"","overlay-color":"","overlay-opacity":"","overlay-gradient":""}}},"countries-concerned":[422,428,416,420,470,471,472,473],"rendezvenyek-erintett-orszagok":[155,154,122,153,216,214,152,215],"event-format":[432],"event-language":[466],"kutatasi-emak-rendezvenyek":[525,521],"rendezveny-cimkei":[278,295,277,276],"rendezveny-nyelve":[117],"rendezveny-tipusa":[217],"research-topics-events":[527],"class_list":["post-9364","rendezveny","type-rendezveny","status-publish","has-post-thumbnail","hentry","countries-concerned-croatia","countries-concerned-czech-republic","countries-concerned-hungary","countries-concerned-poland","countries-concerned-romania","countries-concerned-serbia","countries-concerned-slovakia","countries-concerned-slovenia","rendezvenyek-erintett-orszagok-csehorszag","rendezvenyek-erintett-orszagok-horvatorszag","rendezvenyek-erintett-orszagok-lengyelorszag","rendezvenyek-erintett-orszagok-magyarorszag","rendezvenyek-erintett-orszagok-romania","rendezvenyek-erintett-orszagok-szerbia","rendezvenyek-erintett-orszagok-szlovakia","rendezvenyek-erintett-orszagok-szlovenia","event-format-conference","event-language-english","kutatasi-emak-rendezvenyek-jovo-nemzedek","kutatasi-emak-rendezvenyek-kornyezetvedelem","rendezveny-cimkei-cea","rendezveny-cimkei-central-europe","rendezveny-cimkei-law","rendezveny-cimkei-profnet","rendezveny-nyelve-angol","rendezveny-tipusa-konferencia","research-topics-events-constitutional-framework-2"],"acf":[],"yoast_head":"<!-- This site is optimized with the Yoast SEO Premium plugin v27.5 (Yoast SEO v27.5) - https:\/\/yoast.com\/product\/yoast-seo-premium-wordpress\/ -->\n<title>A j\u00f6v\u0151 nemzed\u00e9k \u00e9s a k\u00f6rnyezet v\u00e9delm\u00e9nek alkotm\u00e1nyos keretei egyes k\u00f6z\u00e9p-eur\u00f3pai orsz\u00e1gok rendeleteiben \u00e9s jogrendszer\u00e9ben | ME KEA<\/title>\n<meta name=\"description\" content=\"Konferencia a j\u00f6v\u0151 nemzed\u00e9k \u00e9s a k\u00f6rnyezet v\u00e9delm\u00e9r\u0151l, 2022. m\u00e1jus 26-\u00e1n a P\u00e1zm\u00e1ny P\u00e9ter Katolikus Egyetemen.\" \/>\n<meta name=\"robots\" content=\"index, follow, max-snippet:-1, max-image-preview:large, max-video-preview:-1\" \/>\n<link rel=\"canonical\" href=\"https:\/\/centraleuropeanacademy.hu\/en\/rendezveny\/a-jovo-nemzedek-es-a-kornyezet-vedelmenek-alkotmanyos-keretei-egyes-kozep-europai-orszagok-rendeleteiben-es-jogrendszereben-2\/\" \/>\n<meta property=\"og:locale\" content=\"en_GB\" \/>\n<meta property=\"og:type\" content=\"article\" \/>\n<meta property=\"og:title\" content=\"A j\u00f6v\u0151 nemzed\u00e9k \u00e9s a k\u00f6rnyezet v\u00e9delm\u00e9nek alkotm\u00e1nyos keretei egyes k\u00f6z\u00e9p-eur\u00f3pai orsz\u00e1gok rendeleteiben \u00e9s jogrendszer\u00e9ben\" \/>\n<meta property=\"og:description\" content=\"A K\u00f6z\u00e9p-eur\u00f3pai Akad\u00e9mia k\u00f6zfeladatot ell\u00e1t\u00f3 szervezet, f\u0151 c\u00e9lja a r\u00e9gi\u00f3s orsz\u00e1gok jogtudom\u00e1ny\u00e1nak \u00e9s ezen bel\u00fcl jogalkot\u00e1s\u00e1nak fejleszt\u00e9se.\" \/>\n<meta property=\"og:url\" content=\"https:\/\/centraleuropeanacademy.hu\/en\/rendezveny\/a-jovo-nemzedek-es-a-kornyezet-vedelmenek-alkotmanyos-keretei-egyes-kozep-europai-orszagok-rendeleteiben-es-jogrendszereben-2\/\" \/>\n<meta property=\"og:site_name\" content=\"ME KEA\" \/>\n<meta property=\"article:modified_time\" content=\"2025-08-27T11:55:48+00:00\" \/>\n<meta property=\"og:image\" content=\"https:\/\/centraleuropeanacademy.hu\/wp-content\/uploads\/2024\/06\/DSC03587-scaled.jpg\" \/>\n\t<meta property=\"og:image:width\" content=\"2560\" \/>\n\t<meta property=\"og:image:height\" content=\"1710\" \/>\n\t<meta property=\"og:image:type\" content=\"image\/jpeg\" \/>\n<meta name=\"twitter:card\" content=\"summary_large_image\" \/>\n<meta name=\"twitter:label1\" content=\"Estimated reading time\" \/>\n\t<meta name=\"twitter:data1\" content=\"4 minutes\" \/>\n<script type=\"application\/ld+json\" class=\"yoast-schema-graph\">{\"@context\":\"https:\\\/\\\/schema.org\",\"@graph\":[{\"@type\":\"WebPage\",\"@id\":\"https:\\\/\\\/centraleuropeanacademy.hu\\\/rendezveny\\\/a-jovo-nemzedek-es-a-kornyezet-vedelmenek-alkotmanyos-keretei-egyes-kozep-europai-orszagok-rendeleteiben-es-jogrendszereben-2\\\/\",\"url\":\"https:\\\/\\\/centraleuropeanacademy.hu\\\/rendezveny\\\/a-jovo-nemzedek-es-a-kornyezet-vedelmenek-alkotmanyos-keretei-egyes-kozep-europai-orszagok-rendeleteiben-es-jogrendszereben-2\\\/\",\"name\":\"A j\u00f6v\u0151 nemzed\u00e9k \u00e9s a k\u00f6rnyezet v\u00e9delm\u00e9nek alkotm\u00e1nyos keretei egyes k\u00f6z\u00e9p-eur\u00f3pai orsz\u00e1gok rendeleteiben \u00e9s jogrendszer\u00e9ben | ME KEA\",\"isPartOf\":{\"@id\":\"https:\\\/\\\/centraleuropeanacademy.hu\\\/#website\"},\"primaryImageOfPage\":{\"@id\":\"https:\\\/\\\/centraleuropeanacademy.hu\\\/rendezveny\\\/a-jovo-nemzedek-es-a-kornyezet-vedelmenek-alkotmanyos-keretei-egyes-kozep-europai-orszagok-rendeleteiben-es-jogrendszereben-2\\\/#primaryimage\"},\"image\":{\"@id\":\"https:\\\/\\\/centraleuropeanacademy.hu\\\/rendezveny\\\/a-jovo-nemzedek-es-a-kornyezet-vedelmenek-alkotmanyos-keretei-egyes-kozep-europai-orszagok-rendeleteiben-es-jogrendszereben-2\\\/#primaryimage\"},\"thumbnailUrl\":\"https:\\\/\\\/centraleuropeanacademy.hu\\\/wp-content\\\/uploads\\\/2024\\\/06\\\/DSC03587-scaled.jpg\",\"datePublished\":\"2022-05-26T10:56:00+00:00\",\"dateModified\":\"2025-08-27T11:55:48+00:00\",\"description\":\"Konferencia a j\u00f6v\u0151 nemzed\u00e9k \u00e9s a k\u00f6rnyezet v\u00e9delm\u00e9r\u0151l, 2022. m\u00e1jus 26-\u00e1n a P\u00e1zm\u00e1ny P\u00e9ter Katolikus Egyetemen.\",\"breadcrumb\":{\"@id\":\"https:\\\/\\\/centraleuropeanacademy.hu\\\/rendezveny\\\/a-jovo-nemzedek-es-a-kornyezet-vedelmenek-alkotmanyos-keretei-egyes-kozep-europai-orszagok-rendeleteiben-es-jogrendszereben-2\\\/#breadcrumb\"},\"inLanguage\":\"en-GB\",\"potentialAction\":[{\"@type\":\"ReadAction\",\"target\":[\"https:\\\/\\\/centraleuropeanacademy.hu\\\/rendezveny\\\/a-jovo-nemzedek-es-a-kornyezet-vedelmenek-alkotmanyos-keretei-egyes-kozep-europai-orszagok-rendeleteiben-es-jogrendszereben-2\\\/\"]}]},{\"@type\":\"ImageObject\",\"inLanguage\":\"en-GB\",\"@id\":\"https:\\\/\\\/centraleuropeanacademy.hu\\\/rendezveny\\\/a-jovo-nemzedek-es-a-kornyezet-vedelmenek-alkotmanyos-keretei-egyes-kozep-europai-orszagok-rendeleteiben-es-jogrendszereben-2\\\/#primaryimage\",\"url\":\"https:\\\/\\\/centraleuropeanacademy.hu\\\/wp-content\\\/uploads\\\/2024\\\/06\\\/DSC03587-scaled.jpg\",\"contentUrl\":\"https:\\\/\\\/centraleuropeanacademy.hu\\\/wp-content\\\/uploads\\\/2024\\\/06\\\/DSC03587-scaled.jpg\",\"width\":2560,\"height\":1710,\"caption\":\"N\u0151i el\u0151ad\u00f3 besz\u00e9det mond a hallgat\u00f3s\u00e1g el\u0151tt\"},{\"@type\":\"BreadcrumbList\",\"@id\":\"https:\\\/\\\/centraleuropeanacademy.hu\\\/rendezveny\\\/a-jovo-nemzedek-es-a-kornyezet-vedelmenek-alkotmanyos-keretei-egyes-kozep-europai-orszagok-rendeleteiben-es-jogrendszereben-2\\\/#breadcrumb\",\"itemListElement\":[{\"@type\":\"ListItem\",\"position\":1,\"name\":\"Kezd\u0151lap\",\"item\":\"https:\\\/\\\/centraleuropeanacademy.hu\\\/\"},{\"@type\":\"ListItem\",\"position\":2,\"name\":\"A j\u00f6v\u0151 nemzed\u00e9k \u00e9s a k\u00f6rnyezet v\u00e9delm\u00e9nek alkotm\u00e1nyos keretei egyes k\u00f6z\u00e9p-eur\u00f3pai orsz\u00e1gok rendeleteiben \u00e9s jogrendszer\u00e9ben\"}]},{\"@type\":\"WebSite\",\"@id\":\"https:\\\/\\\/centraleuropeanacademy.hu\\\/#website\",\"url\":\"https:\\\/\\\/centraleuropeanacademy.hu\\\/\",\"name\":\"CEA\",\"description\":\"\",\"publisher\":{\"@id\":\"https:\\\/\\\/centraleuropeanacademy.hu\\\/#organization\"},\"potentialAction\":[{\"@type\":\"SearchAction\",\"target\":{\"@type\":\"EntryPoint\",\"urlTemplate\":\"https:\\\/\\\/centraleuropeanacademy.hu\\\/?s={search_term_string}\"},\"query-input\":{\"@type\":\"PropertyValueSpecification\",\"valueRequired\":true,\"valueName\":\"search_term_string\"}}],\"inLanguage\":\"en-GB\"},{\"@type\":\"Organization\",\"@id\":\"https:\\\/\\\/centraleuropeanacademy.hu\\\/#organization\",\"name\":\"K\u00f6z\u00e9p-eur\u00f3pai Akad\u00e9mia\",\"alternateName\":\"K\u00f6z\u00e9p-Eur\u00f3pai Akad\u00e9mia\",\"url\":\"https:\\\/\\\/centraleuropeanacademy.hu\\\/\",\"logo\":{\"@type\":\"ImageObject\",\"inLanguage\":\"en-GB\",\"@id\":\"https:\\\/\\\/centraleuropeanacademy.hu\\\/#\\\/schema\\\/logo\\\/image\\\/\",\"url\":\"https:\\\/\\\/centraleuropeanacademy.hu\\\/wp-content\\\/uploads\\\/2024\\\/04\\\/cea-logo.png\",\"contentUrl\":\"https:\\\/\\\/centraleuropeanacademy.hu\\\/wp-content\\\/uploads\\\/2024\\\/04\\\/cea-logo.png\",\"width\":1080,\"height\":417,\"caption\":\"K\u00f6z\u00e9p-eur\u00f3pai Akad\u00e9mia\"},\"image\":{\"@id\":\"https:\\\/\\\/centraleuropeanacademy.hu\\\/#\\\/schema\\\/logo\\\/image\\\/\"},\"description\":\"A budapesti sz\u00e9khellyel l\u00e9trej\u00f6tt K\u00f6z\u00e9p-eur\u00f3pai Akad\u00e9mia (CEA) a Miskolci Egyetem \u00e1ltal alap\u00edtott, k\u00f6zfeladatot ell\u00e1t\u00f3 szervezet.\",\"email\":\"academy@centraleuropeanacademy.hu\",\"telephone\":\"academy@centraleuropeanacademy.hu\",\"legalName\":\"K\u00f6z\u00e9p-eur\u00f3pai Akad\u00e9mia\",\"taxID\":\"19359711-1-43\"}]}<\/script>\n<!-- \/ Yoast SEO Premium plugin. -->","yoast_head_json":{"title":"A j\u00f6v\u0151 nemzed\u00e9k \u00e9s a k\u00f6rnyezet v\u00e9delm\u00e9nek alkotm\u00e1nyos keretei egyes k\u00f6z\u00e9p-eur\u00f3pai orsz\u00e1gok rendeleteiben \u00e9s jogrendszer\u00e9ben | ME KEA","description":"Conference on protecting the future generation and the environment, 26 May 2022 at P\u00e1zm\u00e1ny P\u00e9ter Catholic University.","robots":{"index":"index","follow":"follow","max-snippet":"max-snippet:-1","max-image-preview":"max-image-preview:large","max-video-preview":"max-video-preview:-1"},"canonical":"https:\/\/centraleuropeanacademy.hu\/en\/rendezveny\/a-jovo-nemzedek-es-a-kornyezet-vedelmenek-alkotmanyos-keretei-egyes-kozep-europai-orszagok-rendeleteiben-es-jogrendszereben-2\/","og_locale":"en_GB","og_type":"article","og_title":"A j\u00f6v\u0151 nemzed\u00e9k \u00e9s a k\u00f6rnyezet v\u00e9delm\u00e9nek alkotm\u00e1nyos keretei egyes k\u00f6z\u00e9p-eur\u00f3pai orsz\u00e1gok rendeleteiben \u00e9s jogrendszer\u00e9ben","og_description":"A K\u00f6z\u00e9p-eur\u00f3pai Akad\u00e9mia k\u00f6zfeladatot ell\u00e1t\u00f3 szervezet, f\u0151 c\u00e9lja a r\u00e9gi\u00f3s orsz\u00e1gok jogtudom\u00e1ny\u00e1nak \u00e9s ezen bel\u00fcl jogalkot\u00e1s\u00e1nak fejleszt\u00e9se.","og_url":"https:\/\/centraleuropeanacademy.hu\/en\/rendezveny\/a-jovo-nemzedek-es-a-kornyezet-vedelmenek-alkotmanyos-keretei-egyes-kozep-europai-orszagok-rendeleteiben-es-jogrendszereben-2\/","og_site_name":"ME KEA","article_modified_time":"2025-08-27T11:55:48+00:00","og_image":[{"width":2560,"height":1710,"url":"https:\/\/centraleuropeanacademy.hu\/wp-content\/uploads\/2024\/06\/DSC03587-scaled.jpg","type":"image\/jpeg"}],"twitter_card":"summary_large_image","twitter_misc":{"Estimated reading time":"4 minutes"},"schema":{"@context":"https:\/\/schema.org","@graph":[{"@type":"WebPage","@id":"https:\/\/centraleuropeanacademy.hu\/rendezveny\/a-jovo-nemzedek-es-a-kornyezet-vedelmenek-alkotmanyos-keretei-egyes-kozep-europai-orszagok-rendeleteiben-es-jogrendszereben-2\/","url":"https:\/\/centraleuropeanacademy.hu\/rendezveny\/a-jovo-nemzedek-es-a-kornyezet-vedelmenek-alkotmanyos-keretei-egyes-kozep-europai-orszagok-rendeleteiben-es-jogrendszereben-2\/","name":"A j\u00f6v\u0151 nemzed\u00e9k \u00e9s a k\u00f6rnyezet v\u00e9delm\u00e9nek alkotm\u00e1nyos keretei egyes k\u00f6z\u00e9p-eur\u00f3pai orsz\u00e1gok rendeleteiben \u00e9s jogrendszer\u00e9ben | ME KEA","isPartOf":{"@id":"https:\/\/centraleuropeanacademy.hu\/#website"},"primaryImageOfPage":{"@id":"https:\/\/centraleuropeanacademy.hu\/rendezveny\/a-jovo-nemzedek-es-a-kornyezet-vedelmenek-alkotmanyos-keretei-egyes-kozep-europai-orszagok-rendeleteiben-es-jogrendszereben-2\/#primaryimage"},"image":{"@id":"https:\/\/centraleuropeanacademy.hu\/rendezveny\/a-jovo-nemzedek-es-a-kornyezet-vedelmenek-alkotmanyos-keretei-egyes-kozep-europai-orszagok-rendeleteiben-es-jogrendszereben-2\/#primaryimage"},"thumbnailUrl":"https:\/\/centraleuropeanacademy.hu\/wp-content\/uploads\/2024\/06\/DSC03587-scaled.jpg","datePublished":"2022-05-26T10:56:00+00:00","dateModified":"2025-08-27T11:55:48+00:00","description":"Conference on protecting the future generation and the environment, 26 May 2022 at P\u00e1zm\u00e1ny P\u00e9ter Catholic University.","breadcrumb":{"@id":"https:\/\/centraleuropeanacademy.hu\/rendezveny\/a-jovo-nemzedek-es-a-kornyezet-vedelmenek-alkotmanyos-keretei-egyes-kozep-europai-orszagok-rendeleteiben-es-jogrendszereben-2\/#breadcrumb"},"inLanguage":"en-GB","potentialAction":[{"@type":"ReadAction","target":["https:\/\/centraleuropeanacademy.hu\/rendezveny\/a-jovo-nemzedek-es-a-kornyezet-vedelmenek-alkotmanyos-keretei-egyes-kozep-europai-orszagok-rendeleteiben-es-jogrendszereben-2\/"]}]},{"@type":"ImageObject","inLanguage":"en-GB","@id":"https:\/\/centraleuropeanacademy.hu\/rendezveny\/a-jovo-nemzedek-es-a-kornyezet-vedelmenek-alkotmanyos-keretei-egyes-kozep-europai-orszagok-rendeleteiben-es-jogrendszereben-2\/#primaryimage","url":"https:\/\/centraleuropeanacademy.hu\/wp-content\/uploads\/2024\/06\/DSC03587-scaled.jpg","contentUrl":"https:\/\/centraleuropeanacademy.hu\/wp-content\/uploads\/2024\/06\/DSC03587-scaled.jpg","width":2560,"height":1710,"caption":"N\u0151i el\u0151ad\u00f3 besz\u00e9det mond a hallgat\u00f3s\u00e1g el\u0151tt"},{"@type":"BreadcrumbList","@id":"https:\/\/centraleuropeanacademy.hu\/rendezveny\/a-jovo-nemzedek-es-a-kornyezet-vedelmenek-alkotmanyos-keretei-egyes-kozep-europai-orszagok-rendeleteiben-es-jogrendszereben-2\/#breadcrumb","itemListElement":[{"@type":"ListItem","position":1,"name":"Kezd\u0151lap","item":"https:\/\/centraleuropeanacademy.hu\/"},{"@type":"ListItem","position":2,"name":"A j\u00f6v\u0151 nemzed\u00e9k \u00e9s a k\u00f6rnyezet v\u00e9delm\u00e9nek alkotm\u00e1nyos keretei egyes k\u00f6z\u00e9p-eur\u00f3pai orsz\u00e1gok rendeleteiben \u00e9s jogrendszer\u00e9ben"}]},{"@type":"WebSite","@id":"https:\/\/centraleuropeanacademy.hu\/#website","url":"https:\/\/centraleuropeanacademy.hu\/","name":"CEA","description":"","publisher":{"@id":"https:\/\/centraleuropeanacademy.hu\/#organization"},"potentialAction":[{"@type":"SearchAction","target":{"@type":"EntryPoint","urlTemplate":"https:\/\/centraleuropeanacademy.hu\/?s={search_term_string}"},"query-input":{"@type":"PropertyValueSpecification","valueRequired":true,"valueName":"search_term_string"}}],"inLanguage":"en-GB"},{"@type":"Organization","@id":"https:\/\/centraleuropeanacademy.hu\/#organization","name":"Central European Academy","alternateName":"K\u00f6z\u00e9p-Eur\u00f3pai Akad\u00e9mia","url":"https:\/\/centraleuropeanacademy.hu\/","logo":{"@type":"ImageObject","inLanguage":"en-GB","@id":"https:\/\/centraleuropeanacademy.hu\/#\/schema\/logo\/image\/","url":"https:\/\/centraleuropeanacademy.hu\/wp-content\/uploads\/2024\/04\/cea-logo.png","contentUrl":"https:\/\/centraleuropeanacademy.hu\/wp-content\/uploads\/2024\/04\/cea-logo.png","width":1080,"height":417,"caption":"K\u00f6z\u00e9p-eur\u00f3pai Akad\u00e9mia"},"image":{"@id":"https:\/\/centraleuropeanacademy.hu\/#\/schema\/logo\/image\/"},"description":"A budapesti sz\u00e9khellyel l\u00e9trej\u00f6tt K\u00f6z\u00e9p-eur\u00f3pai Akad\u00e9mia (CEA) a Miskolci Egyetem \u00e1ltal alap\u00edtott, k\u00f6zfeladatot ell\u00e1t\u00f3 szervezet.","email":"academy@centraleuropeanacademy.hu","telephone":"academy@centraleuropeanacademy.hu","legalName":"K\u00f6z\u00e9p-eur\u00f3pai Akad\u00e9mia","taxID":"19359711-1-43"}]}},"_links":{"self":[{"href":"https:\/\/centraleuropeanacademy.hu\/en\/wp-json\/wp\/v2\/rendezveny\/9364","targetHints":{"allow":["GET"]}}],"collection":[{"href":"https:\/\/centraleuropeanacademy.hu\/en\/wp-json\/wp\/v2\/rendezveny"}],"about":[{"href":"https:\/\/centraleuropeanacademy.hu\/en\/wp-json\/wp\/v2\/types\/rendezveny"}],"author":[{"embeddable":true,"href":"https:\/\/centraleuropeanacademy.hu\/en\/wp-json\/wp\/v2\/users\/8"}],"replies":[{"embeddable":true,"href":"https:\/\/centraleuropeanacademy.hu\/en\/wp-json\/wp\/v2\/comments?post=9364"}],"wp:featuredmedia":[{"embeddable":true,"href":"https:\/\/centraleuropeanacademy.hu\/en\/wp-json\/wp\/v2\/media\/9375"}],"wp:attachment":[{"href":"https:\/\/centraleuropeanacademy.hu\/en\/wp-json\/wp\/v2\/media?parent=9364"}],"wp:term":[{"taxonomy":"countries-concerned","embeddable":true,"href":"https:\/\/centraleuropeanacademy.hu\/en\/wp-json\/wp\/v2\/countries-concerned?post=9364"},{"taxonomy":"rendezvenyek-erintett-orszagok","embeddable":true,"href":"https:\/\/centraleuropeanacademy.hu\/en\/wp-json\/wp\/v2\/rendezvenyek-erintett-orszagok?post=9364"},{"taxonomy":"event-format","embeddable":true,"href":"https:\/\/centraleuropeanacademy.hu\/en\/wp-json\/wp\/v2\/event-format?post=9364"},{"taxonomy":"event-language","embeddable":true,"href":"https:\/\/centraleuropeanacademy.hu\/en\/wp-json\/wp\/v2\/event-language?post=9364"},{"taxonomy":"kutatasi-emak-rendezvenyek","embeddable":true,"href":"https:\/\/centraleuropeanacademy.hu\/en\/wp-json\/wp\/v2\/kutatasi-emak-rendezvenyek?post=9364"},{"taxonomy":"rendezveny-cimkei","embeddable":true,"href":"https:\/\/centraleuropeanacademy.hu\/en\/wp-json\/wp\/v2\/rendezveny-cimkei?post=9364"},{"taxonomy":"rendezveny-nyelve","embeddable":true,"href":"https:\/\/centraleuropeanacademy.hu\/en\/wp-json\/wp\/v2\/rendezveny-nyelve?post=9364"},{"taxonomy":"rendezveny-tipusa","embeddable":true,"href":"https:\/\/centraleuropeanacademy.hu\/en\/wp-json\/wp\/v2\/rendezveny-tipusa?post=9364"},{"taxonomy":"research-topics-events","embeddable":true,"href":"https:\/\/centraleuropeanacademy.hu\/en\/wp-json\/wp\/v2\/research-topics-events?post=9364"}],"curies":[{"name":"wp","href":"https:\/\/api.w.org\/{rel}","templated":true}]}}