{"id":26670,"date":"2026-03-12T09:27:08","date_gmt":"2026-03-12T08:27:08","guid":{"rendered":"https:\/\/centraleuropeanacademy.hu\/?post_type=rendezveny&#038;p=26670"},"modified":"2026-04-15T09:30:26","modified_gmt":"2026-04-15T07:30:26","slug":"human-rights-days-ii","status":"publish","type":"rendezveny","link":"https:\/\/centraleuropeanacademy.hu\/en\/rendezveny\/human-rights-days-ii\/","title":{"rendered":"Human Rights Days II"},"content":{"rendered":"<p>Human Rights Days II was the second annual international human rights conference organised by the Central European Academy of the University of Miskolc. The opening conference, held in 2025, marked the 75th anniversary of the adoption of the European Convention on Human Rights in Rome. This year\u2019s conference celebrated the presentation of four human rights-themed books published in the book series \u201cHuman Rights \u2013 Children\u2019s Rights\u201d by the Central European Academic Publishing.<\/p>\n\n\n\n<p>The conference, therefore, followed the topics addressed in the presented books, including universal human rights protection in the United Nations; the European Convention on Human Rights; the protection of human rights in other regional human rights systems; and the protection of the environment in international human rights law. The specificities of the presented books were, on the one hand, that they addressed human rights issues from a Central European perspective in the aforementioned contexts, and on the other, that they integrated the contributions of authors from the region. Human Rights Days II served as a platform for discussion with the editors and authors of the newly published books, revolving around the best practices and specific challenges in the field of human rights in the region.<\/p>\n\n\n\n<p><\/p>\n\n\n\n<div data-wp-interactive=\"core\/file\" class=\"wp-block-file\"><object data-wp-bind--hidden=\"!state.hasPdfPreview\" hidden class=\"wp-block-file__embed\" data=\"https:\/\/centraleuropeanacademy.hu\/wp-content\/uploads\/2026\/03\/HRD-2-program.pdf\" type=\"application\/pdf\" style=\"width:100%;height:600px\" aria-label=\"Embed of HRD 2 (program).\"><\/object><a id=\"wp-block-file--media-57b8df07-a371-4cff-b32a-e67341c6ea60\" href=\"https:\/\/centraleuropeanacademy.hu\/wp-content\/uploads\/2026\/03\/HRD-2-program.pdf\">HRD 2 (program)<\/a><a href=\"https:\/\/centraleuropeanacademy.hu\/wp-content\/uploads\/2026\/03\/HRD-2-program.pdf\" class=\"wp-block-file__button wp-element-button\" download aria-describedby=\"wp-block-file--media-57b8df07-a371-4cff-b32a-e67341c6ea60\">Download<\/a><\/div>\n\n\n\n<p><\/p>\n\n\n\n<figure class=\"wp-block-gallery has-nested-images columns-default is-cropped wp-block-gallery-1 is-layout-flex wp-block-gallery-is-layout-flex\">\n<figure class=\"wp-block-image size-large\"><a href=\"https:\/\/centraleuropeanacademy.hu\/wp-content\/uploads\/2026\/03\/2026.04.10_CEA-01236-scaled.webp\"><img fetchpriority=\"high\" decoding=\"async\" width=\"1024\" height=\"683\" data-id=\"27251\" src=\"https:\/\/centraleuropeanacademy.hu\/wp-content\/uploads\/2026\/03\/2026.04.10_CEA-01236-1024x683.webp\" alt=\"\" class=\"wp-image-27251\" srcset=\"https:\/\/centraleuropeanacademy.hu\/wp-content\/uploads\/2026\/03\/2026.04.10_CEA-01236-1024x683.webp 1024w, https:\/\/centraleuropeanacademy.hu\/wp-content\/uploads\/2026\/03\/2026.04.10_CEA-01236-700x467.webp 700w, https:\/\/centraleuropeanacademy.hu\/wp-content\/uploads\/2026\/03\/2026.04.10_CEA-01236-768x512.webp 768w, https:\/\/centraleuropeanacademy.hu\/wp-content\/uploads\/2026\/03\/2026.04.10_CEA-01236-1536x1024.webp 1536w, https:\/\/centraleuropeanacademy.hu\/wp-content\/uploads\/2026\/03\/2026.04.10_CEA-01236-2048x1365.webp 2048w, https:\/\/centraleuropeanacademy.hu\/wp-content\/uploads\/2026\/03\/2026.04.10_CEA-01236-18x12.webp 18w\" sizes=\"(max-width: 1024px) 100vw, 1024px\" \/><\/a><\/figure>\n\n\n\n<figure class=\"wp-block-image size-large\"><a href=\"https:\/\/centraleuropeanacademy.hu\/wp-content\/uploads\/2026\/03\/2026.04.10_CEA-00576-scaled.webp\"><img decoding=\"async\" width=\"1024\" height=\"683\" data-id=\"27245\" src=\"https:\/\/centraleuropeanacademy.hu\/wp-content\/uploads\/2026\/03\/2026.04.10_CEA-00576-1024x683.webp\" alt=\"\" class=\"wp-image-27245\" srcset=\"https:\/\/centraleuropeanacademy.hu\/wp-content\/uploads\/2026\/03\/2026.04.10_CEA-00576-1024x683.webp 1024w, https:\/\/centraleuropeanacademy.hu\/wp-content\/uploads\/2026\/03\/2026.04.10_CEA-00576-700x467.webp 700w, https:\/\/centraleuropeanacademy.hu\/wp-content\/uploads\/2026\/03\/2026.04.10_CEA-00576-768x512.webp 768w, https:\/\/centraleuropeanacademy.hu\/wp-content\/uploads\/2026\/03\/2026.04.10_CEA-00576-1536x1024.webp 1536w, https:\/\/centraleuropeanacademy.hu\/wp-content\/uploads\/2026\/03\/2026.04.10_CEA-00576-2048x1365.webp 2048w, https:\/\/centraleuropeanacademy.hu\/wp-content\/uploads\/2026\/03\/2026.04.10_CEA-00576-18x12.webp 18w\" sizes=\"(max-width: 1024px) 100vw, 1024px\" \/><\/a><\/figure>\n\n\n\n<figure class=\"wp-block-image size-large\"><a href=\"https:\/\/centraleuropeanacademy.hu\/wp-content\/uploads\/2026\/03\/2026.04.10_CEA-00731-scaled.webp\"><img decoding=\"async\" width=\"1024\" height=\"683\" data-id=\"27244\" src=\"https:\/\/centraleuropeanacademy.hu\/wp-content\/uploads\/2026\/03\/2026.04.10_CEA-00731-1024x683.webp\" alt=\"\" class=\"wp-image-27244\" srcset=\"https:\/\/centraleuropeanacademy.hu\/wp-content\/uploads\/2026\/03\/2026.04.10_CEA-00731-1024x683.webp 1024w, https:\/\/centraleuropeanacademy.hu\/wp-content\/uploads\/2026\/03\/2026.04.10_CEA-00731-700x467.webp 700w, https:\/\/centraleuropeanacademy.hu\/wp-content\/uploads\/2026\/03\/2026.04.10_CEA-00731-768x512.webp 768w, https:\/\/centraleuropeanacademy.hu\/wp-content\/uploads\/2026\/03\/2026.04.10_CEA-00731-1536x1024.webp 1536w, https:\/\/centraleuropeanacademy.hu\/wp-content\/uploads\/2026\/03\/2026.04.10_CEA-00731-2048x1365.webp 2048w, https:\/\/centraleuropeanacademy.hu\/wp-content\/uploads\/2026\/03\/2026.04.10_CEA-00731-18x12.webp 18w\" sizes=\"(max-width: 1024px) 100vw, 1024px\" \/><\/a><\/figure>\n\n\n\n<figure class=\"wp-block-image size-large\"><a href=\"https:\/\/centraleuropeanacademy.hu\/wp-content\/uploads\/2026\/03\/2026.04.10_CEA-00627-scaled.webp\"><img loading=\"lazy\" decoding=\"async\" width=\"1024\" height=\"683\" data-id=\"27246\" src=\"https:\/\/centraleuropeanacademy.hu\/wp-content\/uploads\/2026\/03\/2026.04.10_CEA-00627-1024x683.webp\" alt=\"\" class=\"wp-image-27246\" srcset=\"https:\/\/centraleuropeanacademy.hu\/wp-content\/uploads\/2026\/03\/2026.04.10_CEA-00627-1024x683.webp 1024w, https:\/\/centraleuropeanacademy.hu\/wp-content\/uploads\/2026\/03\/2026.04.10_CEA-00627-700x467.webp 700w, https:\/\/centraleuropeanacademy.hu\/wp-content\/uploads\/2026\/03\/2026.04.10_CEA-00627-768x512.webp 768w, https:\/\/centraleuropeanacademy.hu\/wp-content\/uploads\/2026\/03\/2026.04.10_CEA-00627-1536x1024.webp 1536w, https:\/\/centraleuropeanacademy.hu\/wp-content\/uploads\/2026\/03\/2026.04.10_CEA-00627-2048x1365.webp 2048w, https:\/\/centraleuropeanacademy.hu\/wp-content\/uploads\/2026\/03\/2026.04.10_CEA-00627-18x12.webp 18w\" sizes=\"(max-width: 1024px) 100vw, 1024px\" \/><\/a><\/figure>\n\n\n\n<figure class=\"wp-block-image size-large\"><a href=\"https:\/\/centraleuropeanacademy.hu\/wp-content\/uploads\/2026\/03\/2026.04.10_CEA-00656-scaled.webp\"><img loading=\"lazy\" decoding=\"async\" width=\"1024\" height=\"683\" data-id=\"27243\" src=\"https:\/\/centraleuropeanacademy.hu\/wp-content\/uploads\/2026\/03\/2026.04.10_CEA-00656-1024x683.webp\" alt=\"\" class=\"wp-image-27243\" srcset=\"https:\/\/centraleuropeanacademy.hu\/wp-content\/uploads\/2026\/03\/2026.04.10_CEA-00656-1024x683.webp 1024w, https:\/\/centraleuropeanacademy.hu\/wp-content\/uploads\/2026\/03\/2026.04.10_CEA-00656-700x467.webp 700w, https:\/\/centraleuropeanacademy.hu\/wp-content\/uploads\/2026\/03\/2026.04.10_CEA-00656-768x512.webp 768w, https:\/\/centraleuropeanacademy.hu\/wp-content\/uploads\/2026\/03\/2026.04.10_CEA-00656-1536x1024.webp 1536w, https:\/\/centraleuropeanacademy.hu\/wp-content\/uploads\/2026\/03\/2026.04.10_CEA-00656-2048x1365.webp 2048w, https:\/\/centraleuropeanacademy.hu\/wp-content\/uploads\/2026\/03\/2026.04.10_CEA-00656-18x12.webp 18w\" sizes=\"(max-width: 1024px) 100vw, 1024px\" \/><\/a><\/figure>\n\n\n\n<figure class=\"wp-block-image size-large\"><a href=\"https:\/\/centraleuropeanacademy.hu\/wp-content\/uploads\/2026\/03\/2026.04.10_CEA-00812-scaled.webp\"><img loading=\"lazy\" decoding=\"async\" width=\"1024\" height=\"683\" data-id=\"27247\" src=\"https:\/\/centraleuropeanacademy.hu\/wp-content\/uploads\/2026\/03\/2026.04.10_CEA-00812-1024x683.webp\" alt=\"\" class=\"wp-image-27247\" srcset=\"https:\/\/centraleuropeanacademy.hu\/wp-content\/uploads\/2026\/03\/2026.04.10_CEA-00812-1024x683.webp 1024w, https:\/\/centraleuropeanacademy.hu\/wp-content\/uploads\/2026\/03\/2026.04.10_CEA-00812-700x467.webp 700w, https:\/\/centraleuropeanacademy.hu\/wp-content\/uploads\/2026\/03\/2026.04.10_CEA-00812-768x512.webp 768w, https:\/\/centraleuropeanacademy.hu\/wp-content\/uploads\/2026\/03\/2026.04.10_CEA-00812-1536x1024.webp 1536w, https:\/\/centraleuropeanacademy.hu\/wp-content\/uploads\/2026\/03\/2026.04.10_CEA-00812-2048x1365.webp 2048w, https:\/\/centraleuropeanacademy.hu\/wp-content\/uploads\/2026\/03\/2026.04.10_CEA-00812-18x12.webp 18w\" sizes=\"(max-width: 1024px) 100vw, 1024px\" \/><\/a><\/figure>\n\n\n\n<figure class=\"wp-block-image size-large\"><a href=\"https:\/\/centraleuropeanacademy.hu\/wp-content\/uploads\/2026\/03\/2026.04.10_CEA-00967-scaled.webp\"><img loading=\"lazy\" decoding=\"async\" width=\"1024\" height=\"683\" data-id=\"27248\" src=\"https:\/\/centraleuropeanacademy.hu\/wp-content\/uploads\/2026\/03\/2026.04.10_CEA-00967-1024x683.webp\" alt=\"\" class=\"wp-image-27248\" srcset=\"https:\/\/centraleuropeanacademy.hu\/wp-content\/uploads\/2026\/03\/2026.04.10_CEA-00967-1024x683.webp 1024w, https:\/\/centraleuropeanacademy.hu\/wp-content\/uploads\/2026\/03\/2026.04.10_CEA-00967-700x467.webp 700w, https:\/\/centraleuropeanacademy.hu\/wp-content\/uploads\/2026\/03\/2026.04.10_CEA-00967-768x512.webp 768w, https:\/\/centraleuropeanacademy.hu\/wp-content\/uploads\/2026\/03\/2026.04.10_CEA-00967-1536x1024.webp 1536w, https:\/\/centraleuropeanacademy.hu\/wp-content\/uploads\/2026\/03\/2026.04.10_CEA-00967-2048x1365.webp 2048w, https:\/\/centraleuropeanacademy.hu\/wp-content\/uploads\/2026\/03\/2026.04.10_CEA-00967-18x12.webp 18w\" sizes=\"(max-width: 1024px) 100vw, 1024px\" \/><\/a><\/figure>\n\n\n\n<figure class=\"wp-block-image size-large\"><a href=\"https:\/\/centraleuropeanacademy.hu\/wp-content\/uploads\/2026\/03\/2026.04.10_CEA-00321-scaled.webp\"><img loading=\"lazy\" decoding=\"async\" width=\"1024\" height=\"683\" data-id=\"27242\" src=\"https:\/\/centraleuropeanacademy.hu\/wp-content\/uploads\/2026\/03\/2026.04.10_CEA-00321-1024x683.webp\" alt=\"\" class=\"wp-image-27242\" srcset=\"https:\/\/centraleuropeanacademy.hu\/wp-content\/uploads\/2026\/03\/2026.04.10_CEA-00321-1024x683.webp 1024w, https:\/\/centraleuropeanacademy.hu\/wp-content\/uploads\/2026\/03\/2026.04.10_CEA-00321-700x467.webp 700w, https:\/\/centraleuropeanacademy.hu\/wp-content\/uploads\/2026\/03\/2026.04.10_CEA-00321-768x512.webp 768w, https:\/\/centraleuropeanacademy.hu\/wp-content\/uploads\/2026\/03\/2026.04.10_CEA-00321-1536x1024.webp 1536w, https:\/\/centraleuropeanacademy.hu\/wp-content\/uploads\/2026\/03\/2026.04.10_CEA-00321-2048x1365.webp 2048w, https:\/\/centraleuropeanacademy.hu\/wp-content\/uploads\/2026\/03\/2026.04.10_CEA-00321-18x12.webp 18w\" sizes=\"(max-width: 1024px) 100vw, 1024px\" \/><\/a><\/figure>\n\n\n\n<figure class=\"wp-block-image size-large\"><a href=\"https:\/\/centraleuropeanacademy.hu\/wp-content\/uploads\/2026\/03\/2026.04.10_CEA-00250-scaled.webp\"><img loading=\"lazy\" decoding=\"async\" width=\"1024\" height=\"683\" data-id=\"27241\" src=\"https:\/\/centraleuropeanacademy.hu\/wp-content\/uploads\/2026\/03\/2026.04.10_CEA-00250-1024x683.webp\" alt=\"\" class=\"wp-image-27241\" srcset=\"https:\/\/centraleuropeanacademy.hu\/wp-content\/uploads\/2026\/03\/2026.04.10_CEA-00250-1024x683.webp 1024w, https:\/\/centraleuropeanacademy.hu\/wp-content\/uploads\/2026\/03\/2026.04.10_CEA-00250-700x467.webp 700w, https:\/\/centraleuropeanacademy.hu\/wp-content\/uploads\/2026\/03\/2026.04.10_CEA-00250-768x512.webp 768w, https:\/\/centraleuropeanacademy.hu\/wp-content\/uploads\/2026\/03\/2026.04.10_CEA-00250-1536x1024.webp 1536w, https:\/\/centraleuropeanacademy.hu\/wp-content\/uploads\/2026\/03\/2026.04.10_CEA-00250-2048x1365.webp 2048w, https:\/\/centraleuropeanacademy.hu\/wp-content\/uploads\/2026\/03\/2026.04.10_CEA-00250-18x12.webp 18w\" sizes=\"(max-width: 1024px) 100vw, 1024px\" \/><\/a><\/figure>\n\n\n\n<figure class=\"wp-block-image size-large\"><a href=\"https:\/\/centraleuropeanacademy.hu\/wp-content\/uploads\/2026\/03\/2026.04.10_CEA-01028-scaled.webp\"><img loading=\"lazy\" decoding=\"async\" width=\"1024\" height=\"683\" data-id=\"27249\" src=\"https:\/\/centraleuropeanacademy.hu\/wp-content\/uploads\/2026\/03\/2026.04.10_CEA-01028-1024x683.webp\" alt=\"\" class=\"wp-image-27249\" srcset=\"https:\/\/centraleuropeanacademy.hu\/wp-content\/uploads\/2026\/03\/2026.04.10_CEA-01028-1024x683.webp 1024w, https:\/\/centraleuropeanacademy.hu\/wp-content\/uploads\/2026\/03\/2026.04.10_CEA-01028-700x467.webp 700w, https:\/\/centraleuropeanacademy.hu\/wp-content\/uploads\/2026\/03\/2026.04.10_CEA-01028-768x512.webp 768w, https:\/\/centraleuropeanacademy.hu\/wp-content\/uploads\/2026\/03\/2026.04.10_CEA-01028-1536x1024.webp 1536w, https:\/\/centraleuropeanacademy.hu\/wp-content\/uploads\/2026\/03\/2026.04.10_CEA-01028-2048x1365.webp 2048w, https:\/\/centraleuropeanacademy.hu\/wp-content\/uploads\/2026\/03\/2026.04.10_CEA-01028-18x12.webp 18w\" sizes=\"(max-width: 1024px) 100vw, 1024px\" \/><\/a><\/figure>\n\n\n\n<figure class=\"wp-block-image size-large\"><a href=\"https:\/\/centraleuropeanacademy.hu\/wp-content\/uploads\/2026\/03\/2026.04.10_CEA-01035-scaled.webp\"><img loading=\"lazy\" decoding=\"async\" width=\"1024\" height=\"683\" data-id=\"27250\" src=\"https:\/\/centraleuropeanacademy.hu\/wp-content\/uploads\/2026\/03\/2026.04.10_CEA-01035-1024x683.webp\" alt=\"\" class=\"wp-image-27250\" srcset=\"https:\/\/centraleuropeanacademy.hu\/wp-content\/uploads\/2026\/03\/2026.04.10_CEA-01035-1024x683.webp 1024w, https:\/\/centraleuropeanacademy.hu\/wp-content\/uploads\/2026\/03\/2026.04.10_CEA-01035-700x467.webp 700w, https:\/\/centraleuropeanacademy.hu\/wp-content\/uploads\/2026\/03\/2026.04.10_CEA-01035-768x512.webp 768w, https:\/\/centraleuropeanacademy.hu\/wp-content\/uploads\/2026\/03\/2026.04.10_CEA-01035-1536x1024.webp 1536w, https:\/\/centraleuropeanacademy.hu\/wp-content\/uploads\/2026\/03\/2026.04.10_CEA-01035-2048x1365.webp 2048w, https:\/\/centraleuropeanacademy.hu\/wp-content\/uploads\/2026\/03\/2026.04.10_CEA-01035-18x12.webp 18w\" sizes=\"(max-width: 1024px) 100vw, 1024px\" \/><\/a><\/figure>\n\n\n\n<figure class=\"wp-block-image size-large\"><a href=\"https:\/\/centraleuropeanacademy.hu\/wp-content\/uploads\/2026\/03\/2026.04.10_CEA-01378-scaled.webp\"><img loading=\"lazy\" decoding=\"async\" width=\"1024\" height=\"683\" data-id=\"27252\" src=\"https:\/\/centraleuropeanacademy.hu\/wp-content\/uploads\/2026\/03\/2026.04.10_CEA-01378-1024x683.webp\" alt=\"\" class=\"wp-image-27252\" srcset=\"https:\/\/centraleuropeanacademy.hu\/wp-content\/uploads\/2026\/03\/2026.04.10_CEA-01378-1024x683.webp 1024w, https:\/\/centraleuropeanacademy.hu\/wp-content\/uploads\/2026\/03\/2026.04.10_CEA-01378-700x467.webp 700w, https:\/\/centraleuropeanacademy.hu\/wp-content\/uploads\/2026\/03\/2026.04.10_CEA-01378-768x512.webp 768w, https:\/\/centraleuropeanacademy.hu\/wp-content\/uploads\/2026\/03\/2026.04.10_CEA-01378-1536x1024.webp 1536w, https:\/\/centraleuropeanacademy.hu\/wp-content\/uploads\/2026\/03\/2026.04.10_CEA-01378-2048x1365.webp 2048w, https:\/\/centraleuropeanacademy.hu\/wp-content\/uploads\/2026\/03\/2026.04.10_CEA-01378-18x12.webp 18w\" sizes=\"(max-width: 1024px) 100vw, 1024px\" \/><\/a><\/figure>\n\n\n\n<figure class=\"wp-block-image size-large\"><a href=\"https:\/\/centraleuropeanacademy.hu\/wp-content\/uploads\/2026\/03\/2026.04.10_CEA-01463-scaled.webp\"><img loading=\"lazy\" decoding=\"async\" width=\"1024\" height=\"683\" data-id=\"27253\" src=\"https:\/\/centraleuropeanacademy.hu\/wp-content\/uploads\/2026\/03\/2026.04.10_CEA-01463-1024x683.webp\" alt=\"\" class=\"wp-image-27253\" srcset=\"https:\/\/centraleuropeanacademy.hu\/wp-content\/uploads\/2026\/03\/2026.04.10_CEA-01463-1024x683.webp 1024w, https:\/\/centraleuropeanacademy.hu\/wp-content\/uploads\/2026\/03\/2026.04.10_CEA-01463-700x467.webp 700w, https:\/\/centraleuropeanacademy.hu\/wp-content\/uploads\/2026\/03\/2026.04.10_CEA-01463-768x512.webp 768w, https:\/\/centraleuropeanacademy.hu\/wp-content\/uploads\/2026\/03\/2026.04.10_CEA-01463-1536x1024.webp 1536w, https:\/\/centraleuropeanacademy.hu\/wp-content\/uploads\/2026\/03\/2026.04.10_CEA-01463-2048x1365.webp 2048w, https:\/\/centraleuropeanacademy.hu\/wp-content\/uploads\/2026\/03\/2026.04.10_CEA-01463-18x12.webp 18w\" sizes=\"(max-width: 1024px) 100vw, 1024px\" \/><\/a><\/figure>\n\n\n\n<figure class=\"wp-block-image size-large\"><a href=\"https:\/\/centraleuropeanacademy.hu\/wp-content\/uploads\/2026\/03\/2026.04.11_CEA-02392-scaled.webp\"><img loading=\"lazy\" decoding=\"async\" width=\"1024\" height=\"683\" data-id=\"27254\" src=\"https:\/\/centraleuropeanacademy.hu\/wp-content\/uploads\/2026\/03\/2026.04.11_CEA-02392-1024x683.webp\" alt=\"\" class=\"wp-image-27254\" srcset=\"https:\/\/centraleuropeanacademy.hu\/wp-content\/uploads\/2026\/03\/2026.04.11_CEA-02392-1024x683.webp 1024w, https:\/\/centraleuropeanacademy.hu\/wp-content\/uploads\/2026\/03\/2026.04.11_CEA-02392-700x467.webp 700w, https:\/\/centraleuropeanacademy.hu\/wp-content\/uploads\/2026\/03\/2026.04.11_CEA-02392-768x512.webp 768w, https:\/\/centraleuropeanacademy.hu\/wp-content\/uploads\/2026\/03\/2026.04.11_CEA-02392-1536x1024.webp 1536w, https:\/\/centraleuropeanacademy.hu\/wp-content\/uploads\/2026\/03\/2026.04.11_CEA-02392-2048x1365.webp 2048w, https:\/\/centraleuropeanacademy.hu\/wp-content\/uploads\/2026\/03\/2026.04.11_CEA-02392-18x12.webp 18w\" sizes=\"(max-width: 1024px) 100vw, 1024px\" \/><\/a><\/figure>\n\n\n\n<figure class=\"wp-block-image size-large\"><a href=\"https:\/\/centraleuropeanacademy.hu\/wp-content\/uploads\/2026\/03\/2026.04.11_CEA-02680-scaled.webp\"><img loading=\"lazy\" decoding=\"async\" width=\"1024\" height=\"683\" data-id=\"27255\" src=\"https:\/\/centraleuropeanacademy.hu\/wp-content\/uploads\/2026\/03\/2026.04.11_CEA-02680-1024x683.webp\" alt=\"\" class=\"wp-image-27255\" srcset=\"https:\/\/centraleuropeanacademy.hu\/wp-content\/uploads\/2026\/03\/2026.04.11_CEA-02680-1024x683.webp 1024w, https:\/\/centraleuropeanacademy.hu\/wp-content\/uploads\/2026\/03\/2026.04.11_CEA-02680-700x467.webp 700w, https:\/\/centraleuropeanacademy.hu\/wp-content\/uploads\/2026\/03\/2026.04.11_CEA-02680-768x512.webp 768w, https:\/\/centraleuropeanacademy.hu\/wp-content\/uploads\/2026\/03\/2026.04.11_CEA-02680-1536x1024.webp 1536w, https:\/\/centraleuropeanacademy.hu\/wp-content\/uploads\/2026\/03\/2026.04.11_CEA-02680-2048x1365.webp 2048w, https:\/\/centraleuropeanacademy.hu\/wp-content\/uploads\/2026\/03\/2026.04.11_CEA-02680-18x12.webp 18w\" sizes=\"(max-width: 1024px) 100vw, 1024px\" \/><\/a><\/figure>\n\n\n\n<figure class=\"wp-block-image size-large\"><a href=\"https:\/\/centraleuropeanacademy.hu\/wp-content\/uploads\/2026\/03\/2026.04.11_CEA-02726-scaled.webp\"><img loading=\"lazy\" decoding=\"async\" width=\"1024\" height=\"683\" data-id=\"27256\" src=\"https:\/\/centraleuropeanacademy.hu\/wp-content\/uploads\/2026\/03\/2026.04.11_CEA-02726-1024x683.webp\" alt=\"\" class=\"wp-image-27256\" srcset=\"https:\/\/centraleuropeanacademy.hu\/wp-content\/uploads\/2026\/03\/2026.04.11_CEA-02726-1024x683.webp 1024w, https:\/\/centraleuropeanacademy.hu\/wp-content\/uploads\/2026\/03\/2026.04.11_CEA-02726-700x467.webp 700w, https:\/\/centraleuropeanacademy.hu\/wp-content\/uploads\/2026\/03\/2026.04.11_CEA-02726-768x512.webp 768w, https:\/\/centraleuropeanacademy.hu\/wp-content\/uploads\/2026\/03\/2026.04.11_CEA-02726-1536x1024.webp 1536w, https:\/\/centraleuropeanacademy.hu\/wp-content\/uploads\/2026\/03\/2026.04.11_CEA-02726-2048x1365.webp 2048w, https:\/\/centraleuropeanacademy.hu\/wp-content\/uploads\/2026\/03\/2026.04.11_CEA-02726-18x12.webp 18w\" sizes=\"(max-width: 1024px) 100vw, 1024px\" \/><\/a><\/figure>\n\n\n\n<figure class=\"wp-block-image size-large\"><a href=\"https:\/\/centraleuropeanacademy.hu\/wp-content\/uploads\/2026\/03\/2026.04.11_CEA-02755-scaled.webp\"><img loading=\"lazy\" decoding=\"async\" width=\"1024\" height=\"683\" data-id=\"27257\" src=\"https:\/\/centraleuropeanacademy.hu\/wp-content\/uploads\/2026\/03\/2026.04.11_CEA-02755-1024x683.webp\" alt=\"\" class=\"wp-image-27257\" srcset=\"https:\/\/centraleuropeanacademy.hu\/wp-content\/uploads\/2026\/03\/2026.04.11_CEA-02755-1024x683.webp 1024w, https:\/\/centraleuropeanacademy.hu\/wp-content\/uploads\/2026\/03\/2026.04.11_CEA-02755-700x467.webp 700w, https:\/\/centraleuropeanacademy.hu\/wp-content\/uploads\/2026\/03\/2026.04.11_CEA-02755-768x512.webp 768w, https:\/\/centraleuropeanacademy.hu\/wp-content\/uploads\/2026\/03\/2026.04.11_CEA-02755-1536x1024.webp 1536w, https:\/\/centraleuropeanacademy.hu\/wp-content\/uploads\/2026\/03\/2026.04.11_CEA-02755-2048x1365.webp 2048w, https:\/\/centraleuropeanacademy.hu\/wp-content\/uploads\/2026\/03\/2026.04.11_CEA-02755-18x12.webp 18w\" sizes=\"(max-width: 1024px) 100vw, 1024px\" \/><\/a><\/figure>\n\n\n\n<figure class=\"wp-block-image size-large\"><a href=\"https:\/\/centraleuropeanacademy.hu\/wp-content\/uploads\/2026\/03\/2026.04.11_CEA-02809-scaled.webp\"><img loading=\"lazy\" decoding=\"async\" width=\"1024\" height=\"683\" data-id=\"27258\" src=\"https:\/\/centraleuropeanacademy.hu\/wp-content\/uploads\/2026\/03\/2026.04.11_CEA-02809-1024x683.webp\" alt=\"\" class=\"wp-image-27258\" srcset=\"https:\/\/centraleuropeanacademy.hu\/wp-content\/uploads\/2026\/03\/2026.04.11_CEA-02809-1024x683.webp 1024w, https:\/\/centraleuropeanacademy.hu\/wp-content\/uploads\/2026\/03\/2026.04.11_CEA-02809-700x467.webp 700w, https:\/\/centraleuropeanacademy.hu\/wp-content\/uploads\/2026\/03\/2026.04.11_CEA-02809-768x512.webp 768w, https:\/\/centraleuropeanacademy.hu\/wp-content\/uploads\/2026\/03\/2026.04.11_CEA-02809-1536x1024.webp 1536w, https:\/\/centraleuropeanacademy.hu\/wp-content\/uploads\/2026\/03\/2026.04.11_CEA-02809-2048x1365.webp 2048w, https:\/\/centraleuropeanacademy.hu\/wp-content\/uploads\/2026\/03\/2026.04.11_CEA-02809-18x12.webp 18w\" sizes=\"(max-width: 1024px) 100vw, 1024px\" \/><\/a><\/figure>\n<\/figure>\n\n\n\n<p class=\"has-text-align-center\"><em>Photo: CEA UM Press<\/em><\/p>\n\n\n\n<p>*The event is private and by invitation only.<\/p>","protected":false},"excerpt":{"rendered":"<p>A Human Rights Days II a Miskolci Egyetem K\u00f6z\u00e9p-eur\u00f3pai Akad\u00e9mia \u00e1ltal \u00e9vente megrendezett m\u00e1sodik nemzetk\u00f6zi emberi jogi konferencia volt. A [&hellip;]<\/p>\n","protected":false},"author":7,"featured_media":27251,"parent":0,"comment_status":"open","ping_status":"closed","template":"","meta":{"_acf_changed":false,"site-sidebar-layout":"default","site-content-layout":"","ast-site-content-layout":"default","site-content-style":"default","site-sidebar-style":"default","ast-global-header-display":"","ast-banner-title-visibility":"","ast-main-header-display":"","ast-hfb-above-header-display":"","ast-hfb-below-header-display":"","ast-hfb-mobile-header-display":"","site-post-title":"","ast-breadcrumbs-content":"","ast-featured-img":"","footer-sml-layout":"","ast-disable-related-posts":"","theme-transparent-header-meta":"","adv-header-id-meta":"","stick-header-meta":"","header-above-stick-meta":"","header-main-stick-meta":"","header-below-stick-meta":"","astra-migrate-meta-layouts":"default","ast-page-background-enabled":"default","ast-page-background-meta":{"desktop":{"background-color":"var(--ast-global-color-4)","background-image":"","background-repeat":"repeat","background-position":"center center","background-size":"auto","background-attachment":"scroll","background-type":"","background-media":"","overlay-type":"","overlay-color":"","overlay-opacity":"","overlay-gradient":""},"tablet":{"background-color":"","background-image":"","background-repeat":"repeat","background-position":"center center","background-size":"auto","background-attachment":"scroll","background-type":"","background-media":"","overlay-type":"","overlay-color":"","overlay-opacity":"","overlay-gradient":""},"mobile":{"background-color":"","background-image":"","background-repeat":"repeat","background-position":"center center","background-size":"auto","background-attachment":"scroll","background-type":"","background-media":"","overlay-type":"","overlay-color":"","overlay-opacity":"","overlay-gradient":""}},"ast-content-background-meta":{"desktop":{"background-color":"var(--ast-global-color-5)","background-image":"","background-repeat":"repeat","background-position":"center center","background-size":"auto","background-attachment":"scroll","background-type":"","background-media":"","overlay-type":"","overlay-color":"","overlay-opacity":"","overlay-gradient":""},"tablet":{"background-color":"var(--ast-global-color-5)","background-image":"","background-repeat":"repeat","background-position":"center center","background-size":"auto","background-attachment":"scroll","background-type":"","background-media":"","overlay-type":"","overlay-color":"","overlay-opacity":"","overlay-gradient":""},"mobile":{"background-color":"var(--ast-global-color-5)","background-image":"","background-repeat":"repeat","background-position":"center center","background-size":"auto","background-attachment":"scroll","background-type":"","background-media":"","overlay-type":"","overlay-color":"","overlay-opacity":"","overlay-gradient":""}}},"countries-concerned":[],"rendezvenyek-erintett-orszagok":[],"event-format":[],"event-language":[],"kutatasi-emak-rendezvenyek":[],"rendezveny-cimkei":[],"rendezveny-nyelve":[],"rendezveny-tipusa":[],"research-topics-events":[],"class_list":["post-26670","rendezveny","type-rendezveny","status-publish","has-post-thumbnail","hentry"],"acf":[],"yoast_head":"<!-- This site is optimized with the Yoast SEO Premium plugin v27.5 (Yoast SEO v27.5) - https:\/\/yoast.com\/product\/yoast-seo-premium-wordpress\/ -->\n<title>Human Rights Days II | ME KEA<\/title>\n<meta name=\"robots\" content=\"index, follow, max-snippet:-1, max-image-preview:large, max-video-preview:-1\" \/>\n<link rel=\"canonical\" href=\"https:\/\/centraleuropeanacademy.hu\/en\/rendezveny\/human-rights-days-ii\/\" \/>\n<meta property=\"og:locale\" content=\"en_GB\" \/>\n<meta property=\"og:type\" content=\"article\" \/>\n<meta property=\"og:title\" content=\"Human Rights Days II\" \/>\n<meta property=\"og:description\" content=\"A K\u00f6z\u00e9p-eur\u00f3pai Akad\u00e9mia k\u00f6zfeladatot ell\u00e1t\u00f3 szervezet, f\u0151 c\u00e9lja a r\u00e9gi\u00f3s orsz\u00e1gok jogtudom\u00e1ny\u00e1nak \u00e9s ezen bel\u00fcl jogalkot\u00e1s\u00e1nak fejleszt\u00e9se.\" \/>\n<meta property=\"og:url\" content=\"https:\/\/centraleuropeanacademy.hu\/en\/rendezveny\/human-rights-days-ii\/\" \/>\n<meta property=\"og:site_name\" content=\"ME KEA\" \/>\n<meta property=\"article:modified_time\" content=\"2026-04-15T07:30:26+00:00\" \/>\n<meta property=\"og:image\" content=\"https:\/\/centraleuropeanacademy.hu\/wp-content\/uploads\/2026\/03\/2026.04.10_CEA-01236-scaled.webp\" \/>\n\t<meta property=\"og:image:width\" content=\"2560\" \/>\n\t<meta property=\"og:image:height\" content=\"1707\" \/>\n\t<meta property=\"og:image:type\" content=\"image\/webp\" \/>\n<meta name=\"twitter:card\" content=\"summary_large_image\" \/>\n<meta name=\"twitter:label1\" content=\"Estimated reading time\" \/>\n\t<meta name=\"twitter:data1\" content=\"5 minutes\" \/>\n<script type=\"application\/ld+json\" class=\"yoast-schema-graph\">{\"@context\":\"https:\\\/\\\/schema.org\",\"@graph\":[{\"@type\":\"WebPage\",\"@id\":\"https:\\\/\\\/centraleuropeanacademy.hu\\\/rendezveny\\\/human-rights-days-ii\\\/\",\"url\":\"https:\\\/\\\/centraleuropeanacademy.hu\\\/rendezveny\\\/human-rights-days-ii\\\/\",\"name\":\"Human Rights Days II | ME KEA\",\"isPartOf\":{\"@id\":\"https:\\\/\\\/centraleuropeanacademy.hu\\\/#website\"},\"primaryImageOfPage\":{\"@id\":\"https:\\\/\\\/centraleuropeanacademy.hu\\\/rendezveny\\\/human-rights-days-ii\\\/#primaryimage\"},\"image\":{\"@id\":\"https:\\\/\\\/centraleuropeanacademy.hu\\\/rendezveny\\\/human-rights-days-ii\\\/#primaryimage\"},\"thumbnailUrl\":\"https:\\\/\\\/centraleuropeanacademy.hu\\\/wp-content\\\/uploads\\\/2026\\\/03\\\/2026.04.10_CEA-01236-scaled.webp\",\"datePublished\":\"2026-03-12T08:27:08+00:00\",\"dateModified\":\"2026-04-15T07:30:26+00:00\",\"breadcrumb\":{\"@id\":\"https:\\\/\\\/centraleuropeanacademy.hu\\\/rendezveny\\\/human-rights-days-ii\\\/#breadcrumb\"},\"inLanguage\":\"en-GB\",\"potentialAction\":[{\"@type\":\"ReadAction\",\"target\":[\"https:\\\/\\\/centraleuropeanacademy.hu\\\/rendezveny\\\/human-rights-days-ii\\\/\"]}]},{\"@type\":\"ImageObject\",\"inLanguage\":\"en-GB\",\"@id\":\"https:\\\/\\\/centraleuropeanacademy.hu\\\/rendezveny\\\/human-rights-days-ii\\\/#primaryimage\",\"url\":\"https:\\\/\\\/centraleuropeanacademy.hu\\\/wp-content\\\/uploads\\\/2026\\\/03\\\/2026.04.10_CEA-01236-scaled.webp\",\"contentUrl\":\"https:\\\/\\\/centraleuropeanacademy.hu\\\/wp-content\\\/uploads\\\/2026\\\/03\\\/2026.04.10_CEA-01236-scaled.webp\",\"width\":2560,\"height\":1707},{\"@type\":\"BreadcrumbList\",\"@id\":\"https:\\\/\\\/centraleuropeanacademy.hu\\\/rendezveny\\\/human-rights-days-ii\\\/#breadcrumb\",\"itemListElement\":[{\"@type\":\"ListItem\",\"position\":1,\"name\":\"Kezd\u0151lap\",\"item\":\"https:\\\/\\\/centraleuropeanacademy.hu\\\/\"},{\"@type\":\"ListItem\",\"position\":2,\"name\":\"Human Rights Days II\"}]},{\"@type\":\"WebSite\",\"@id\":\"https:\\\/\\\/centraleuropeanacademy.hu\\\/#website\",\"url\":\"https:\\\/\\\/centraleuropeanacademy.hu\\\/\",\"name\":\"CEA\",\"description\":\"\",\"publisher\":{\"@id\":\"https:\\\/\\\/centraleuropeanacademy.hu\\\/#organization\"},\"potentialAction\":[{\"@type\":\"SearchAction\",\"target\":{\"@type\":\"EntryPoint\",\"urlTemplate\":\"https:\\\/\\\/centraleuropeanacademy.hu\\\/?s={search_term_string}\"},\"query-input\":{\"@type\":\"PropertyValueSpecification\",\"valueRequired\":true,\"valueName\":\"search_term_string\"}}],\"inLanguage\":\"en-GB\"},{\"@type\":\"Organization\",\"@id\":\"https:\\\/\\\/centraleuropeanacademy.hu\\\/#organization\",\"name\":\"K\u00f6z\u00e9p-eur\u00f3pai Akad\u00e9mia\",\"alternateName\":\"K\u00f6z\u00e9p-Eur\u00f3pai Akad\u00e9mia\",\"url\":\"https:\\\/\\\/centraleuropeanacademy.hu\\\/\",\"logo\":{\"@type\":\"ImageObject\",\"inLanguage\":\"en-GB\",\"@id\":\"https:\\\/\\\/centraleuropeanacademy.hu\\\/#\\\/schema\\\/logo\\\/image\\\/\",\"url\":\"https:\\\/\\\/centraleuropeanacademy.hu\\\/wp-content\\\/uploads\\\/2024\\\/04\\\/cea-logo.png\",\"contentUrl\":\"https:\\\/\\\/centraleuropeanacademy.hu\\\/wp-content\\\/uploads\\\/2024\\\/04\\\/cea-logo.png\",\"width\":1080,\"height\":417,\"caption\":\"K\u00f6z\u00e9p-eur\u00f3pai Akad\u00e9mia\"},\"image\":{\"@id\":\"https:\\\/\\\/centraleuropeanacademy.hu\\\/#\\\/schema\\\/logo\\\/image\\\/\"},\"description\":\"A budapesti sz\u00e9khellyel l\u00e9trej\u00f6tt K\u00f6z\u00e9p-eur\u00f3pai Akad\u00e9mia (CEA) a Miskolci Egyetem \u00e1ltal alap\u00edtott, k\u00f6zfeladatot ell\u00e1t\u00f3 szervezet.\",\"email\":\"academy@centraleuropeanacademy.hu\",\"telephone\":\"academy@centraleuropeanacademy.hu\",\"legalName\":\"K\u00f6z\u00e9p-eur\u00f3pai Akad\u00e9mia\",\"taxID\":\"19359711-1-43\"}]}<\/script>\n<!-- \/ Yoast SEO Premium plugin. -->","yoast_head_json":{"title":"Human Rights Days II | ME KEA","robots":{"index":"index","follow":"follow","max-snippet":"max-snippet:-1","max-image-preview":"max-image-preview:large","max-video-preview":"max-video-preview:-1"},"canonical":"https:\/\/centraleuropeanacademy.hu\/en\/rendezveny\/human-rights-days-ii\/","og_locale":"en_GB","og_type":"article","og_title":"Human Rights Days II","og_description":"A K\u00f6z\u00e9p-eur\u00f3pai Akad\u00e9mia k\u00f6zfeladatot ell\u00e1t\u00f3 szervezet, f\u0151 c\u00e9lja a r\u00e9gi\u00f3s orsz\u00e1gok jogtudom\u00e1ny\u00e1nak \u00e9s ezen bel\u00fcl jogalkot\u00e1s\u00e1nak fejleszt\u00e9se.","og_url":"https:\/\/centraleuropeanacademy.hu\/en\/rendezveny\/human-rights-days-ii\/","og_site_name":"ME KEA","article_modified_time":"2026-04-15T07:30:26+00:00","og_image":[{"width":2560,"height":1707,"url":"https:\/\/centraleuropeanacademy.hu\/wp-content\/uploads\/2026\/03\/2026.04.10_CEA-01236-scaled.webp","type":"image\/webp"}],"twitter_card":"summary_large_image","twitter_misc":{"Estimated reading time":"5 minutes"},"schema":{"@context":"https:\/\/schema.org","@graph":[{"@type":"WebPage","@id":"https:\/\/centraleuropeanacademy.hu\/rendezveny\/human-rights-days-ii\/","url":"https:\/\/centraleuropeanacademy.hu\/rendezveny\/human-rights-days-ii\/","name":"Human Rights Days II | ME KEA","isPartOf":{"@id":"https:\/\/centraleuropeanacademy.hu\/#website"},"primaryImageOfPage":{"@id":"https:\/\/centraleuropeanacademy.hu\/rendezveny\/human-rights-days-ii\/#primaryimage"},"image":{"@id":"https:\/\/centraleuropeanacademy.hu\/rendezveny\/human-rights-days-ii\/#primaryimage"},"thumbnailUrl":"https:\/\/centraleuropeanacademy.hu\/wp-content\/uploads\/2026\/03\/2026.04.10_CEA-01236-scaled.webp","datePublished":"2026-03-12T08:27:08+00:00","dateModified":"2026-04-15T07:30:26+00:00","breadcrumb":{"@id":"https:\/\/centraleuropeanacademy.hu\/rendezveny\/human-rights-days-ii\/#breadcrumb"},"inLanguage":"en-GB","potentialAction":[{"@type":"ReadAction","target":["https:\/\/centraleuropeanacademy.hu\/rendezveny\/human-rights-days-ii\/"]}]},{"@type":"ImageObject","inLanguage":"en-GB","@id":"https:\/\/centraleuropeanacademy.hu\/rendezveny\/human-rights-days-ii\/#primaryimage","url":"https:\/\/centraleuropeanacademy.hu\/wp-content\/uploads\/2026\/03\/2026.04.10_CEA-01236-scaled.webp","contentUrl":"https:\/\/centraleuropeanacademy.hu\/wp-content\/uploads\/2026\/03\/2026.04.10_CEA-01236-scaled.webp","width":2560,"height":1707},{"@type":"BreadcrumbList","@id":"https:\/\/centraleuropeanacademy.hu\/rendezveny\/human-rights-days-ii\/#breadcrumb","itemListElement":[{"@type":"ListItem","position":1,"name":"Kezd\u0151lap","item":"https:\/\/centraleuropeanacademy.hu\/"},{"@type":"ListItem","position":2,"name":"Human Rights Days II"}]},{"@type":"WebSite","@id":"https:\/\/centraleuropeanacademy.hu\/#website","url":"https:\/\/centraleuropeanacademy.hu\/","name":"CEA","description":"","publisher":{"@id":"https:\/\/centraleuropeanacademy.hu\/#organization"},"potentialAction":[{"@type":"SearchAction","target":{"@type":"EntryPoint","urlTemplate":"https:\/\/centraleuropeanacademy.hu\/?s={search_term_string}"},"query-input":{"@type":"PropertyValueSpecification","valueRequired":true,"valueName":"search_term_string"}}],"inLanguage":"en-GB"},{"@type":"Organization","@id":"https:\/\/centraleuropeanacademy.hu\/#organization","name":"Central European Academy","alternateName":"K\u00f6z\u00e9p-Eur\u00f3pai Akad\u00e9mia","url":"https:\/\/centraleuropeanacademy.hu\/","logo":{"@type":"ImageObject","inLanguage":"en-GB","@id":"https:\/\/centraleuropeanacademy.hu\/#\/schema\/logo\/image\/","url":"https:\/\/centraleuropeanacademy.hu\/wp-content\/uploads\/2024\/04\/cea-logo.png","contentUrl":"https:\/\/centraleuropeanacademy.hu\/wp-content\/uploads\/2024\/04\/cea-logo.png","width":1080,"height":417,"caption":"K\u00f6z\u00e9p-eur\u00f3pai Akad\u00e9mia"},"image":{"@id":"https:\/\/centraleuropeanacademy.hu\/#\/schema\/logo\/image\/"},"description":"A budapesti sz\u00e9khellyel l\u00e9trej\u00f6tt K\u00f6z\u00e9p-eur\u00f3pai Akad\u00e9mia (CEA) a Miskolci Egyetem \u00e1ltal alap\u00edtott, k\u00f6zfeladatot ell\u00e1t\u00f3 szervezet.","email":"academy@centraleuropeanacademy.hu","telephone":"academy@centraleuropeanacademy.hu","legalName":"K\u00f6z\u00e9p-eur\u00f3pai Akad\u00e9mia","taxID":"19359711-1-43"}]}},"_links":{"self":[{"href":"https:\/\/centraleuropeanacademy.hu\/en\/wp-json\/wp\/v2\/rendezveny\/26670","targetHints":{"allow":["GET"]}}],"collection":[{"href":"https:\/\/centraleuropeanacademy.hu\/en\/wp-json\/wp\/v2\/rendezveny"}],"about":[{"href":"https:\/\/centraleuropeanacademy.hu\/en\/wp-json\/wp\/v2\/types\/rendezveny"}],"author":[{"embeddable":true,"href":"https:\/\/centraleuropeanacademy.hu\/en\/wp-json\/wp\/v2\/users\/7"}],"replies":[{"embeddable":true,"href":"https:\/\/centraleuropeanacademy.hu\/en\/wp-json\/wp\/v2\/comments?post=26670"}],"wp:featuredmedia":[{"embeddable":true,"href":"https:\/\/centraleuropeanacademy.hu\/en\/wp-json\/wp\/v2\/media\/27251"}],"wp:attachment":[{"href":"https:\/\/centraleuropeanacademy.hu\/en\/wp-json\/wp\/v2\/media?parent=26670"}],"wp:term":[{"taxonomy":"countries-concerned","embeddable":true,"href":"https:\/\/centraleuropeanacademy.hu\/en\/wp-json\/wp\/v2\/countries-concerned?post=26670"},{"taxonomy":"rendezvenyek-erintett-orszagok","embeddable":true,"href":"https:\/\/centraleuropeanacademy.hu\/en\/wp-json\/wp\/v2\/rendezvenyek-erintett-orszagok?post=26670"},{"taxonomy":"event-format","embeddable":true,"href":"https:\/\/centraleuropeanacademy.hu\/en\/wp-json\/wp\/v2\/event-format?post=26670"},{"taxonomy":"event-language","embeddable":true,"href":"https:\/\/centraleuropeanacademy.hu\/en\/wp-json\/wp\/v2\/event-language?post=26670"},{"taxonomy":"kutatasi-emak-rendezvenyek","embeddable":true,"href":"https:\/\/centraleuropeanacademy.hu\/en\/wp-json\/wp\/v2\/kutatasi-emak-rendezvenyek?post=26670"},{"taxonomy":"rendezveny-cimkei","embeddable":true,"href":"https:\/\/centraleuropeanacademy.hu\/en\/wp-json\/wp\/v2\/rendezveny-cimkei?post=26670"},{"taxonomy":"rendezveny-nyelve","embeddable":true,"href":"https:\/\/centraleuropeanacademy.hu\/en\/wp-json\/wp\/v2\/rendezveny-nyelve?post=26670"},{"taxonomy":"rendezveny-tipusa","embeddable":true,"href":"https:\/\/centraleuropeanacademy.hu\/en\/wp-json\/wp\/v2\/rendezveny-tipusa?post=26670"},{"taxonomy":"research-topics-events","embeddable":true,"href":"https:\/\/centraleuropeanacademy.hu\/en\/wp-json\/wp\/v2\/research-topics-events?post=26670"}],"curies":[{"name":"wp","href":"https:\/\/api.w.org\/{rel}","templated":true}]}}