{"id":19280,"date":"2025-02-20T09:03:18","date_gmt":"2025-02-20T08:03:18","guid":{"rendered":"https:\/\/centraleuropeanacademy.hu\/?post_type=rendezveny&#038;p=19280"},"modified":"2025-08-27T21:36:57","modified_gmt":"2025-08-27T19:36:57","slug":"legal-cultural-evening-slovakian","status":"publish","type":"rendezveny","link":"https:\/\/centraleuropeanacademy.hu\/en\/rendezveny\/legal-cultural-evening-slovakian\/","title":{"rendered":"Legal Cultural Evening &#8211; Slovakian"},"content":{"rendered":"<p>This May, CEA organised the second edition of the Slovak Cultural Evening - an evening dedicated to Slovakia, a country of castles and mountains, where a language is spoken whose letters look like they come from an advanced encryption system.<\/p>\n\n\n\n<p>Slovakia may not be the biggest country in the world, but it certainly knows how to make an impression. From the towering peaks of the High Tatras to medieval towns and mysterious caves, this little gem in the heart of Europe has a lot to offer, along with a formidable-looking but surprisingly melodic language (if you don't already stumble across \u010d, \u0161 and \u017e). It's also home to legendary figures such as Peter Sagan, who made cycling look effortless, not to mention inventors like Jozef Murga\u0161, who helped develop wireless communications, and \u0160tefan Bani\u010d, who came up with an early parachute (because who doesn't love jumping out of planes for science?).<\/p>\n\n\n\n<p>But this evening was not just about the facts on Wikipedia. We also took a closer look at Slovakia's legal system, met some of its most important legal minds, and tried to answer the age-old question: why do Slovaks have so many diacritics, and can anyone pronounce all the letters in \u201c\u0161tvr\u0165\u201d correctly? There was music, lively conversation and even a surprise or two, so the evening was full of fun and experiences! <\/p>\n\n\n\n<p><\/p>\n\n\n\n<div data-wp-interactive=\"core\/file\" class=\"wp-block-file\"><object data-wp-bind--hidden=\"!state.hasPdfPreview\" hidden class=\"wp-block-file__embed\" data=\"https:\/\/centraleuropeanacademy.hu\/wp-content\/uploads\/2025\/02\/Program.pdf\" type=\"application\/pdf\" style=\"width:100%;height:600px\" aria-label=\"Embed of Program.\"><\/object><a id=\"wp-block-file--media-f9ba4bd9-c94d-42ef-9d32-1cd15b94011b\" href=\"https:\/\/centraleuropeanacademy.hu\/wp-content\/uploads\/2025\/02\/Program.pdf\">Program<\/a><a href=\"https:\/\/centraleuropeanacademy.hu\/wp-content\/uploads\/2025\/02\/Program.pdf\" class=\"wp-block-file__button wp-element-button\" download aria-describedby=\"wp-block-file--media-f9ba4bd9-c94d-42ef-9d32-1cd15b94011b\">Download<\/a><\/div>\n\n\n\n<p><\/p>\n\n\n\n<figure class=\"wp-block-gallery has-nested-images columns-default is-cropped wp-block-gallery-1 is-layout-flex wp-block-gallery-is-layout-flex\">\n<figure class=\"wp-block-image size-full\"><a href=\"https:\/\/centraleuropeanacademy.hu\/wp-content\/uploads\/2025\/02\/cea-07198-scaled.webp\"><img fetchpriority=\"high\" decoding=\"async\" width=\"2560\" height=\"1707\" data-id=\"20178\" src=\"https:\/\/centraleuropeanacademy.hu\/wp-content\/uploads\/2025\/02\/cea-07198-scaled.webp\" alt=\"Male speaker at the CEA podium addressing the audience\" class=\"wp-image-20178\" srcset=\"https:\/\/centraleuropeanacademy.hu\/wp-content\/uploads\/2025\/02\/cea-07198-scaled.webp 2560w, https:\/\/centraleuropeanacademy.hu\/wp-content\/uploads\/2025\/02\/cea-07198-700x467.webp 700w, https:\/\/centraleuropeanacademy.hu\/wp-content\/uploads\/2025\/02\/cea-07198-1024x683.webp 1024w, https:\/\/centraleuropeanacademy.hu\/wp-content\/uploads\/2025\/02\/cea-07198-768x512.webp 768w, https:\/\/centraleuropeanacademy.hu\/wp-content\/uploads\/2025\/02\/cea-07198-1536x1024.webp 1536w, https:\/\/centraleuropeanacademy.hu\/wp-content\/uploads\/2025\/02\/cea-07198-2048x1365.webp 2048w, https:\/\/centraleuropeanacademy.hu\/wp-content\/uploads\/2025\/02\/cea-07198-18x12.webp 18w\" sizes=\"(max-width: 2560px) 100vw, 2560px\" \/><\/a><\/figure>\n\n\n\n<figure class=\"wp-block-image size-full\"><a href=\"https:\/\/centraleuropeanacademy.hu\/wp-content\/uploads\/2025\/02\/cea-07270-1-1024x683.webp\"><img decoding=\"async\" width=\"2560\" height=\"1707\" data-id=\"20181\" src=\"https:\/\/centraleuropeanacademy.hu\/wp-content\/uploads\/2025\/02\/cea-07270-1-scaled.webp\" alt=\"Audience members listening attentively\" class=\"wp-image-20181\" srcset=\"https:\/\/centraleuropeanacademy.hu\/wp-content\/uploads\/2025\/02\/cea-07270-1-scaled.webp 2560w, https:\/\/centraleuropeanacademy.hu\/wp-content\/uploads\/2025\/02\/cea-07270-1-700x467.webp 700w, https:\/\/centraleuropeanacademy.hu\/wp-content\/uploads\/2025\/02\/cea-07270-1-1024x683.webp 1024w, https:\/\/centraleuropeanacademy.hu\/wp-content\/uploads\/2025\/02\/cea-07270-1-768x512.webp 768w, https:\/\/centraleuropeanacademy.hu\/wp-content\/uploads\/2025\/02\/cea-07270-1-1536x1024.webp 1536w, https:\/\/centraleuropeanacademy.hu\/wp-content\/uploads\/2025\/02\/cea-07270-1-2048x1365.webp 2048w, https:\/\/centraleuropeanacademy.hu\/wp-content\/uploads\/2025\/02\/cea-07270-1-18x12.webp 18w\" sizes=\"(max-width: 2560px) 100vw, 2560px\" \/><\/a><\/figure>\n\n\n\n<figure class=\"wp-block-image size-full\"><a href=\"https:\/\/centraleuropeanacademy.hu\/wp-content\/uploads\/2025\/02\/cea-07208-scaled.webp\"><img decoding=\"async\" width=\"2560\" height=\"1707\" data-id=\"20179\" src=\"https:\/\/centraleuropeanacademy.hu\/wp-content\/uploads\/2025\/02\/cea-07208-scaled.webp\" alt=\"Audience members listening attentively\" class=\"wp-image-20179\" srcset=\"https:\/\/centraleuropeanacademy.hu\/wp-content\/uploads\/2025\/02\/cea-07208-scaled.webp 2560w, https:\/\/centraleuropeanacademy.hu\/wp-content\/uploads\/2025\/02\/cea-07208-700x467.webp 700w, https:\/\/centraleuropeanacademy.hu\/wp-content\/uploads\/2025\/02\/cea-07208-1024x683.webp 1024w, https:\/\/centraleuropeanacademy.hu\/wp-content\/uploads\/2025\/02\/cea-07208-768x512.webp 768w, https:\/\/centraleuropeanacademy.hu\/wp-content\/uploads\/2025\/02\/cea-07208-1536x1024.webp 1536w, https:\/\/centraleuropeanacademy.hu\/wp-content\/uploads\/2025\/02\/cea-07208-2048x1365.webp 2048w, https:\/\/centraleuropeanacademy.hu\/wp-content\/uploads\/2025\/02\/cea-07208-18x12.webp 18w\" sizes=\"(max-width: 2560px) 100vw, 2560px\" \/><\/a><\/figure>\n\n\n\n<figure class=\"wp-block-image size-full\"><a href=\"https:\/\/centraleuropeanacademy.hu\/wp-content\/uploads\/2025\/02\/cea-07301-scaled.webp\"><img loading=\"lazy\" decoding=\"async\" width=\"2560\" height=\"1707\" data-id=\"20180\" src=\"https:\/\/centraleuropeanacademy.hu\/wp-content\/uploads\/2025\/02\/cea-07301-scaled.webp\" alt=\"Audience members listening attentively\" class=\"wp-image-20180\" srcset=\"https:\/\/centraleuropeanacademy.hu\/wp-content\/uploads\/2025\/02\/cea-07301-scaled.webp 2560w, https:\/\/centraleuropeanacademy.hu\/wp-content\/uploads\/2025\/02\/cea-07301-700x467.webp 700w, https:\/\/centraleuropeanacademy.hu\/wp-content\/uploads\/2025\/02\/cea-07301-1024x683.webp 1024w, https:\/\/centraleuropeanacademy.hu\/wp-content\/uploads\/2025\/02\/cea-07301-768x512.webp 768w, https:\/\/centraleuropeanacademy.hu\/wp-content\/uploads\/2025\/02\/cea-07301-1536x1024.webp 1536w, https:\/\/centraleuropeanacademy.hu\/wp-content\/uploads\/2025\/02\/cea-07301-2048x1365.webp 2048w, https:\/\/centraleuropeanacademy.hu\/wp-content\/uploads\/2025\/02\/cea-07301-18x12.webp 18w\" sizes=\"(max-width: 2560px) 100vw, 2560px\" \/><\/a><\/figure>\n\n\n\n<figure class=\"wp-block-image size-full\"><a href=\"https:\/\/centraleuropeanacademy.hu\/wp-content\/uploads\/2025\/02\/cea-07413-1024x683.webp\"><img loading=\"lazy\" decoding=\"async\" width=\"2560\" height=\"1707\" data-id=\"20182\" src=\"https:\/\/centraleuropeanacademy.hu\/wp-content\/uploads\/2025\/02\/cea-07413-scaled.webp\" alt=\"Audience members listening attentively\" class=\"wp-image-20182\" srcset=\"https:\/\/centraleuropeanacademy.hu\/wp-content\/uploads\/2025\/02\/cea-07413-scaled.webp 2560w, https:\/\/centraleuropeanacademy.hu\/wp-content\/uploads\/2025\/02\/cea-07413-700x467.webp 700w, https:\/\/centraleuropeanacademy.hu\/wp-content\/uploads\/2025\/02\/cea-07413-1024x683.webp 1024w, https:\/\/centraleuropeanacademy.hu\/wp-content\/uploads\/2025\/02\/cea-07413-768x512.webp 768w, https:\/\/centraleuropeanacademy.hu\/wp-content\/uploads\/2025\/02\/cea-07413-1536x1024.webp 1536w, https:\/\/centraleuropeanacademy.hu\/wp-content\/uploads\/2025\/02\/cea-07413-2048x1365.webp 2048w, https:\/\/centraleuropeanacademy.hu\/wp-content\/uploads\/2025\/02\/cea-07413-18x12.webp 18w\" sizes=\"(max-width: 2560px) 100vw, 2560px\" \/><\/a><\/figure>\n\n\n\n<figure class=\"wp-block-image size-full\"><a href=\"https:\/\/centraleuropeanacademy.hu\/wp-content\/uploads\/2025\/02\/cea-07533-scaled.webp\"><img loading=\"lazy\" decoding=\"async\" width=\"2560\" height=\"1707\" data-id=\"20183\" src=\"https:\/\/centraleuropeanacademy.hu\/wp-content\/uploads\/2025\/02\/cea-07533-scaled.webp\" alt=\"Audience members listening attentively\" class=\"wp-image-20183\" srcset=\"https:\/\/centraleuropeanacademy.hu\/wp-content\/uploads\/2025\/02\/cea-07533-scaled.webp 2560w, https:\/\/centraleuropeanacademy.hu\/wp-content\/uploads\/2025\/02\/cea-07533-700x467.webp 700w, https:\/\/centraleuropeanacademy.hu\/wp-content\/uploads\/2025\/02\/cea-07533-1024x683.webp 1024w, https:\/\/centraleuropeanacademy.hu\/wp-content\/uploads\/2025\/02\/cea-07533-768x512.webp 768w, https:\/\/centraleuropeanacademy.hu\/wp-content\/uploads\/2025\/02\/cea-07533-1536x1024.webp 1536w, https:\/\/centraleuropeanacademy.hu\/wp-content\/uploads\/2025\/02\/cea-07533-2048x1365.webp 2048w, https:\/\/centraleuropeanacademy.hu\/wp-content\/uploads\/2025\/02\/cea-07533-18x12.webp 18w\" sizes=\"(max-width: 2560px) 100vw, 2560px\" \/><\/a><\/figure>\n\n\n\n<figure class=\"wp-block-image size-full\"><a href=\"https:\/\/centraleuropeanacademy.hu\/wp-content\/uploads\/2025\/02\/cea-07667-scaled.webp\"><img loading=\"lazy\" decoding=\"async\" width=\"2560\" height=\"1707\" data-id=\"20184\" src=\"https:\/\/centraleuropeanacademy.hu\/wp-content\/uploads\/2025\/02\/cea-07667-scaled.webp\" alt=\"Female speaker at the CEA podium addressing the audience\" class=\"wp-image-20184\" srcset=\"https:\/\/centraleuropeanacademy.hu\/wp-content\/uploads\/2025\/02\/cea-07667-scaled.webp 2560w, https:\/\/centraleuropeanacademy.hu\/wp-content\/uploads\/2025\/02\/cea-07667-700x467.webp 700w, https:\/\/centraleuropeanacademy.hu\/wp-content\/uploads\/2025\/02\/cea-07667-1024x683.webp 1024w, https:\/\/centraleuropeanacademy.hu\/wp-content\/uploads\/2025\/02\/cea-07667-768x512.webp 768w, https:\/\/centraleuropeanacademy.hu\/wp-content\/uploads\/2025\/02\/cea-07667-1536x1024.webp 1536w, https:\/\/centraleuropeanacademy.hu\/wp-content\/uploads\/2025\/02\/cea-07667-2048x1365.webp 2048w, https:\/\/centraleuropeanacademy.hu\/wp-content\/uploads\/2025\/02\/cea-07667-18x12.webp 18w\" sizes=\"(max-width: 2560px) 100vw, 2560px\" \/><\/a><\/figure>\n\n\n\n<figure class=\"wp-block-image size-full\"><a href=\"https:\/\/centraleuropeanacademy.hu\/wp-content\/uploads\/2025\/02\/cea-07831-scaled.jpg\"><img loading=\"lazy\" decoding=\"async\" width=\"2560\" height=\"1725\" data-id=\"20186\" src=\"https:\/\/centraleuropeanacademy.hu\/wp-content\/uploads\/2025\/02\/cea-07831-scaled.jpg\" alt=\"Audience members listening attentively\" class=\"wp-image-20186\" srcset=\"https:\/\/centraleuropeanacademy.hu\/wp-content\/uploads\/2025\/02\/cea-07831-scaled.jpg 2560w, https:\/\/centraleuropeanacademy.hu\/wp-content\/uploads\/2025\/02\/cea-07831-700x472.jpg 700w, https:\/\/centraleuropeanacademy.hu\/wp-content\/uploads\/2025\/02\/cea-07831-1024x690.jpg 1024w, https:\/\/centraleuropeanacademy.hu\/wp-content\/uploads\/2025\/02\/cea-07831-768x517.jpg 768w, https:\/\/centraleuropeanacademy.hu\/wp-content\/uploads\/2025\/02\/cea-07831-1536x1035.jpg 1536w, https:\/\/centraleuropeanacademy.hu\/wp-content\/uploads\/2025\/02\/cea-07831-2048x1380.jpg 2048w, https:\/\/centraleuropeanacademy.hu\/wp-content\/uploads\/2025\/02\/cea-07831-18x12.jpg 18w\" sizes=\"(max-width: 2560px) 100vw, 2560px\" \/><\/a><\/figure>\n<\/figure>\n\n\n\n<figure class=\"wp-block-image size-large is-resized\"><a href=\"https:\/\/centraleuropeanacademy.hu\/wp-content\/uploads\/2025\/02\/f894f415-4c95-4d79-a4ed-388547d6906c-1-scaled.webp\"><img loading=\"lazy\" decoding=\"async\" width=\"1024\" height=\"823\" src=\"https:\/\/centraleuropeanacademy.hu\/wp-content\/uploads\/2025\/02\/f894f415-4c95-4d79-a4ed-388547d6906c-1-1024x823.webp\" alt=\"Audience members listening attentively\" class=\"wp-image-20189\" style=\"width:881px;height:auto\" srcset=\"https:\/\/centraleuropeanacademy.hu\/wp-content\/uploads\/2025\/02\/f894f415-4c95-4d79-a4ed-388547d6906c-1-1024x823.webp 1024w, https:\/\/centraleuropeanacademy.hu\/wp-content\/uploads\/2025\/02\/f894f415-4c95-4d79-a4ed-388547d6906c-1-700x563.webp 700w, https:\/\/centraleuropeanacademy.hu\/wp-content\/uploads\/2025\/02\/f894f415-4c95-4d79-a4ed-388547d6906c-1-768x617.webp 768w, https:\/\/centraleuropeanacademy.hu\/wp-content\/uploads\/2025\/02\/f894f415-4c95-4d79-a4ed-388547d6906c-1-1536x1234.webp 1536w, https:\/\/centraleuropeanacademy.hu\/wp-content\/uploads\/2025\/02\/f894f415-4c95-4d79-a4ed-388547d6906c-1-2048x1646.webp 2048w, https:\/\/centraleuropeanacademy.hu\/wp-content\/uploads\/2025\/02\/f894f415-4c95-4d79-a4ed-388547d6906c-1-15x12.webp 15w\" sizes=\"(max-width: 1024px) 100vw, 1024px\" \/><\/a><\/figure>\n\n\n\n<p class=\"has-text-align-center\"><em>Photo: CEA Press<\/em><\/p>\n\n\n\n<p><\/p>\n\n\n\n<figure class=\"wp-block-embed is-type-video is-provider-youtube wp-block-embed-youtube wp-embed-aspect-16-9 wp-has-aspect-ratio\"><div class=\"wp-block-embed__wrapper\">\n<iframe title=\"Legal Cultural Evening \u2013 Slovakian\" width=\"500\" height=\"281\" src=\"https:\/\/www.youtube.com\/embed\/KqR0xjwz08Q?list=PLp75_Jffd857kAXLQsFTYHVMDYi3MofbM\" frameborder=\"0\" allow=\"accelerometer; autoplay; clipboard-write; encrypted-media; gyroscope; picture-in-picture; web-share\" referrerpolicy=\"strict-origin-when-cross-origin\" allowfullscreen><\/iframe>\n<\/div><\/figure>\n\n\n\n<p><\/p>\n\n\n\n<p>*The event is private and by invitation only.<\/p>\n\n\n\n<p><\/p>","protected":false},"excerpt":{"rendered":"<p>Id\u00e9n m\u00e1jusban a CEA m\u00e1sodik alkalommal rendezte meg Szlov\u00e1kiai Kultur\u00e1lis Est\u00e9t \u2013 egy est\u00e9t, amelyet Szlov\u00e1ki\u00e1nak, a kast\u00e9lyok, hegyek orsz\u00e1g\u00e1nak [&hellip;]<\/p>\n","protected":false},"author":18,"featured_media":20176,"parent":0,"comment_status":"open","ping_status":"closed","template":"","meta":{"_acf_changed":false,"site-sidebar-layout":"default","site-content-layout":"","ast-site-content-layout":"","site-content-style":"default","site-sidebar-style":"default","ast-global-header-display":"","ast-banner-title-visibility":"","ast-main-header-display":"","ast-hfb-above-header-display":"","ast-hfb-below-header-display":"","ast-hfb-mobile-header-display":"","site-post-title":"","ast-breadcrumbs-content":"","ast-featured-img":"","footer-sml-layout":"","ast-disable-related-posts":"","theme-transparent-header-meta":"","adv-header-id-meta":"","stick-header-meta":"","header-above-stick-meta":"","header-main-stick-meta":"","header-below-stick-meta":"","astra-migrate-meta-layouts":"default","ast-page-background-enabled":"default","ast-page-background-meta":{"desktop":{"background-color":"var(--ast-global-color-4)","background-image":"","background-repeat":"repeat","background-position":"center center","background-size":"auto","background-attachment":"scroll","background-type":"","background-media":"","overlay-type":"","overlay-color":"","overlay-opacity":"","overlay-gradient":""},"tablet":{"background-color":"","background-image":"","background-repeat":"repeat","background-position":"center center","background-size":"auto","background-attachment":"scroll","background-type":"","background-media":"","overlay-type":"","overlay-color":"","overlay-opacity":"","overlay-gradient":""},"mobile":{"background-color":"","background-image":"","background-repeat":"repeat","background-position":"center center","background-size":"auto","background-attachment":"scroll","background-type":"","background-media":"","overlay-type":"","overlay-color":"","overlay-opacity":"","overlay-gradient":""}},"ast-content-background-meta":{"desktop":{"background-color":"var(--ast-global-color-5)","background-image":"","background-repeat":"repeat","background-position":"center center","background-size":"auto","background-attachment":"scroll","background-type":"","background-media":"","overlay-type":"","overlay-color":"","overlay-opacity":"","overlay-gradient":""},"tablet":{"background-color":"var(--ast-global-color-5)","background-image":"","background-repeat":"repeat","background-position":"center center","background-size":"auto","background-attachment":"scroll","background-type":"","background-media":"","overlay-type":"","overlay-color":"","overlay-opacity":"","overlay-gradient":""},"mobile":{"background-color":"var(--ast-global-color-5)","background-image":"","background-repeat":"repeat","background-position":"center center","background-size":"auto","background-attachment":"scroll","background-type":"","background-media":"","overlay-type":"","overlay-color":"","overlay-opacity":"","overlay-gradient":""}}},"countries-concerned":[422,428,416,420,470,471,472,473],"rendezvenyek-erintett-orszagok":[155,154,122,153,216,214,152,215],"event-format":[],"event-language":[466],"kutatasi-emak-rendezvenyek":[],"rendezveny-cimkei":[],"rendezveny-nyelve":[117],"rendezveny-tipusa":[],"research-topics-events":[],"class_list":["post-19280","rendezveny","type-rendezveny","status-publish","has-post-thumbnail","hentry","countries-concerned-croatia","countries-concerned-czech-republic","countries-concerned-hungary","countries-concerned-poland","countries-concerned-romania","countries-concerned-serbia","countries-concerned-slovakia","countries-concerned-slovenia","rendezvenyek-erintett-orszagok-csehorszag","rendezvenyek-erintett-orszagok-horvatorszag","rendezvenyek-erintett-orszagok-lengyelorszag","rendezvenyek-erintett-orszagok-magyarorszag","rendezvenyek-erintett-orszagok-romania","rendezvenyek-erintett-orszagok-szerbia","rendezvenyek-erintett-orszagok-szlovakia","rendezvenyek-erintett-orszagok-szlovenia","event-language-english","rendezveny-nyelve-angol"],"acf":[],"yoast_head":"<!-- This site is optimized with the Yoast SEO Premium plugin v27.5 (Yoast SEO v27.5) - https:\/\/yoast.com\/product\/yoast-seo-premium-wordpress\/ -->\n<title>Legal Cultural Evening - Slovakian | ME KEA<\/title>\n<meta name=\"description\" content=\"Id\u00e9n m\u00e1jusban a CEA m\u00e1sodik alkalommal rendezi meg Szlov\u00e1kiai Kultur\u00e1lis Est\u00e9t \u2013 egy est\u00e9t, amelyet Szlov\u00e1ki\u00e1nak, a kast\u00e9lyok, hegyek\" \/>\n<meta name=\"robots\" content=\"index, follow, max-snippet:-1, max-image-preview:large, max-video-preview:-1\" \/>\n<link rel=\"canonical\" href=\"https:\/\/centraleuropeanacademy.hu\/en\/rendezveny\/legal-cultural-evening-slovakian\/\" \/>\n<meta property=\"og:locale\" content=\"en_GB\" \/>\n<meta property=\"og:type\" content=\"article\" \/>\n<meta property=\"og:title\" content=\"Legal Cultural Evening - Slovakian\" \/>\n<meta property=\"og:description\" content=\"A K\u00f6z\u00e9p-eur\u00f3pai Akad\u00e9mia k\u00f6zfeladatot ell\u00e1t\u00f3 szervezet, f\u0151 c\u00e9lja a r\u00e9gi\u00f3s orsz\u00e1gok jogtudom\u00e1ny\u00e1nak \u00e9s ezen bel\u00fcl jogalkot\u00e1s\u00e1nak fejleszt\u00e9se.\" \/>\n<meta property=\"og:url\" content=\"https:\/\/centraleuropeanacademy.hu\/en\/rendezveny\/legal-cultural-evening-slovakian\/\" \/>\n<meta property=\"og:site_name\" content=\"ME KEA\" \/>\n<meta property=\"article:modified_time\" content=\"2025-08-27T19:36:57+00:00\" \/>\n<meta property=\"og:image\" content=\"https:\/\/centraleuropeanacademy.hu\/wp-content\/uploads\/2025\/02\/cea-07270-scaled.webp\" \/>\n\t<meta property=\"og:image:width\" content=\"2560\" \/>\n\t<meta property=\"og:image:height\" content=\"1707\" \/>\n\t<meta property=\"og:image:type\" content=\"image\/webp\" \/>\n<meta name=\"twitter:card\" content=\"summary_large_image\" \/>\n<meta name=\"twitter:label1\" content=\"Estimated reading time\" \/>\n\t<meta name=\"twitter:data1\" content=\"4 minutes\" \/>\n<script type=\"application\/ld+json\" class=\"yoast-schema-graph\">{\"@context\":\"https:\\\/\\\/schema.org\",\"@graph\":[{\"@type\":\"WebPage\",\"@id\":\"https:\\\/\\\/centraleuropeanacademy.hu\\\/rendezveny\\\/legal-cultural-evening-slovakian\\\/\",\"url\":\"https:\\\/\\\/centraleuropeanacademy.hu\\\/rendezveny\\\/legal-cultural-evening-slovakian\\\/\",\"name\":\"Legal Cultural Evening - Slovakian | ME KEA\",\"isPartOf\":{\"@id\":\"https:\\\/\\\/centraleuropeanacademy.hu\\\/#website\"},\"primaryImageOfPage\":{\"@id\":\"https:\\\/\\\/centraleuropeanacademy.hu\\\/rendezveny\\\/legal-cultural-evening-slovakian\\\/#primaryimage\"},\"image\":{\"@id\":\"https:\\\/\\\/centraleuropeanacademy.hu\\\/rendezveny\\\/legal-cultural-evening-slovakian\\\/#primaryimage\"},\"thumbnailUrl\":\"https:\\\/\\\/centraleuropeanacademy.hu\\\/wp-content\\\/uploads\\\/2025\\\/02\\\/cea-07270-scaled.webp\",\"datePublished\":\"2025-02-20T08:03:18+00:00\",\"dateModified\":\"2025-08-27T19:36:57+00:00\",\"description\":\"Id\u00e9n m\u00e1jusban a CEA m\u00e1sodik alkalommal rendezi meg Szlov\u00e1kiai Kultur\u00e1lis Est\u00e9t \u2013 egy est\u00e9t, amelyet Szlov\u00e1ki\u00e1nak, a kast\u00e9lyok, hegyek\",\"breadcrumb\":{\"@id\":\"https:\\\/\\\/centraleuropeanacademy.hu\\\/rendezveny\\\/legal-cultural-evening-slovakian\\\/#breadcrumb\"},\"inLanguage\":\"en-GB\",\"potentialAction\":[{\"@type\":\"ReadAction\",\"target\":[\"https:\\\/\\\/centraleuropeanacademy.hu\\\/rendezveny\\\/legal-cultural-evening-slovakian\\\/\"]}]},{\"@type\":\"ImageObject\",\"inLanguage\":\"en-GB\",\"@id\":\"https:\\\/\\\/centraleuropeanacademy.hu\\\/rendezveny\\\/legal-cultural-evening-slovakian\\\/#primaryimage\",\"url\":\"https:\\\/\\\/centraleuropeanacademy.hu\\\/wp-content\\\/uploads\\\/2025\\\/02\\\/cea-07270-scaled.webp\",\"contentUrl\":\"https:\\\/\\\/centraleuropeanacademy.hu\\\/wp-content\\\/uploads\\\/2025\\\/02\\\/cea-07270-scaled.webp\",\"width\":2560,\"height\":1707,\"caption\":\"R\u00e9sztvev\u0151k besz\u00e9lgetnek rendezv\u00e9nyen\"},{\"@type\":\"BreadcrumbList\",\"@id\":\"https:\\\/\\\/centraleuropeanacademy.hu\\\/rendezveny\\\/legal-cultural-evening-slovakian\\\/#breadcrumb\",\"itemListElement\":[{\"@type\":\"ListItem\",\"position\":1,\"name\":\"Kezd\u0151lap\",\"item\":\"https:\\\/\\\/centraleuropeanacademy.hu\\\/\"},{\"@type\":\"ListItem\",\"position\":2,\"name\":\"Legal Cultural Evening &#8211; Slovakian\"}]},{\"@type\":\"WebSite\",\"@id\":\"https:\\\/\\\/centraleuropeanacademy.hu\\\/#website\",\"url\":\"https:\\\/\\\/centraleuropeanacademy.hu\\\/\",\"name\":\"CEA\",\"description\":\"\",\"publisher\":{\"@id\":\"https:\\\/\\\/centraleuropeanacademy.hu\\\/#organization\"},\"potentialAction\":[{\"@type\":\"SearchAction\",\"target\":{\"@type\":\"EntryPoint\",\"urlTemplate\":\"https:\\\/\\\/centraleuropeanacademy.hu\\\/?s={search_term_string}\"},\"query-input\":{\"@type\":\"PropertyValueSpecification\",\"valueRequired\":true,\"valueName\":\"search_term_string\"}}],\"inLanguage\":\"en-GB\"},{\"@type\":\"Organization\",\"@id\":\"https:\\\/\\\/centraleuropeanacademy.hu\\\/#organization\",\"name\":\"K\u00f6z\u00e9p-eur\u00f3pai Akad\u00e9mia\",\"alternateName\":\"K\u00f6z\u00e9p-Eur\u00f3pai Akad\u00e9mia\",\"url\":\"https:\\\/\\\/centraleuropeanacademy.hu\\\/\",\"logo\":{\"@type\":\"ImageObject\",\"inLanguage\":\"en-GB\",\"@id\":\"https:\\\/\\\/centraleuropeanacademy.hu\\\/#\\\/schema\\\/logo\\\/image\\\/\",\"url\":\"https:\\\/\\\/centraleuropeanacademy.hu\\\/wp-content\\\/uploads\\\/2024\\\/04\\\/cea-logo.png\",\"contentUrl\":\"https:\\\/\\\/centraleuropeanacademy.hu\\\/wp-content\\\/uploads\\\/2024\\\/04\\\/cea-logo.png\",\"width\":1080,\"height\":417,\"caption\":\"K\u00f6z\u00e9p-eur\u00f3pai Akad\u00e9mia\"},\"image\":{\"@id\":\"https:\\\/\\\/centraleuropeanacademy.hu\\\/#\\\/schema\\\/logo\\\/image\\\/\"},\"description\":\"A budapesti sz\u00e9khellyel l\u00e9trej\u00f6tt K\u00f6z\u00e9p-eur\u00f3pai Akad\u00e9mia (CEA) a Miskolci Egyetem \u00e1ltal alap\u00edtott, k\u00f6zfeladatot ell\u00e1t\u00f3 szervezet.\",\"email\":\"academy@centraleuropeanacademy.hu\",\"telephone\":\"academy@centraleuropeanacademy.hu\",\"legalName\":\"K\u00f6z\u00e9p-eur\u00f3pai Akad\u00e9mia\",\"taxID\":\"19359711-1-43\"}]}<\/script>\n<!-- \/ Yoast SEO Premium plugin. -->","yoast_head_json":{"title":"Legal Cultural Evening - Slovakian | ME KEA","description":"Id\u00e9n m\u00e1jusban a CEA m\u00e1sodik alkalommal rendezi meg Szlov\u00e1kiai Kultur\u00e1lis Est\u00e9t \u2013 egy est\u00e9t, amelyet Szlov\u00e1ki\u00e1nak, a kast\u00e9lyok, hegyek","robots":{"index":"index","follow":"follow","max-snippet":"max-snippet:-1","max-image-preview":"max-image-preview:large","max-video-preview":"max-video-preview:-1"},"canonical":"https:\/\/centraleuropeanacademy.hu\/en\/rendezveny\/legal-cultural-evening-slovakian\/","og_locale":"en_GB","og_type":"article","og_title":"Legal Cultural Evening - Slovakian","og_description":"A K\u00f6z\u00e9p-eur\u00f3pai Akad\u00e9mia k\u00f6zfeladatot ell\u00e1t\u00f3 szervezet, f\u0151 c\u00e9lja a r\u00e9gi\u00f3s orsz\u00e1gok jogtudom\u00e1ny\u00e1nak \u00e9s ezen bel\u00fcl jogalkot\u00e1s\u00e1nak fejleszt\u00e9se.","og_url":"https:\/\/centraleuropeanacademy.hu\/en\/rendezveny\/legal-cultural-evening-slovakian\/","og_site_name":"ME KEA","article_modified_time":"2025-08-27T19:36:57+00:00","og_image":[{"width":2560,"height":1707,"url":"https:\/\/centraleuropeanacademy.hu\/wp-content\/uploads\/2025\/02\/cea-07270-scaled.webp","type":"image\/webp"}],"twitter_card":"summary_large_image","twitter_misc":{"Estimated reading time":"4 minutes"},"schema":{"@context":"https:\/\/schema.org","@graph":[{"@type":"WebPage","@id":"https:\/\/centraleuropeanacademy.hu\/rendezveny\/legal-cultural-evening-slovakian\/","url":"https:\/\/centraleuropeanacademy.hu\/rendezveny\/legal-cultural-evening-slovakian\/","name":"Legal Cultural Evening - Slovakian | ME KEA","isPartOf":{"@id":"https:\/\/centraleuropeanacademy.hu\/#website"},"primaryImageOfPage":{"@id":"https:\/\/centraleuropeanacademy.hu\/rendezveny\/legal-cultural-evening-slovakian\/#primaryimage"},"image":{"@id":"https:\/\/centraleuropeanacademy.hu\/rendezveny\/legal-cultural-evening-slovakian\/#primaryimage"},"thumbnailUrl":"https:\/\/centraleuropeanacademy.hu\/wp-content\/uploads\/2025\/02\/cea-07270-scaled.webp","datePublished":"2025-02-20T08:03:18+00:00","dateModified":"2025-08-27T19:36:57+00:00","description":"Id\u00e9n m\u00e1jusban a CEA m\u00e1sodik alkalommal rendezi meg Szlov\u00e1kiai Kultur\u00e1lis Est\u00e9t \u2013 egy est\u00e9t, amelyet Szlov\u00e1ki\u00e1nak, a kast\u00e9lyok, hegyek","breadcrumb":{"@id":"https:\/\/centraleuropeanacademy.hu\/rendezveny\/legal-cultural-evening-slovakian\/#breadcrumb"},"inLanguage":"en-GB","potentialAction":[{"@type":"ReadAction","target":["https:\/\/centraleuropeanacademy.hu\/rendezveny\/legal-cultural-evening-slovakian\/"]}]},{"@type":"ImageObject","inLanguage":"en-GB","@id":"https:\/\/centraleuropeanacademy.hu\/rendezveny\/legal-cultural-evening-slovakian\/#primaryimage","url":"https:\/\/centraleuropeanacademy.hu\/wp-content\/uploads\/2025\/02\/cea-07270-scaled.webp","contentUrl":"https:\/\/centraleuropeanacademy.hu\/wp-content\/uploads\/2025\/02\/cea-07270-scaled.webp","width":2560,"height":1707,"caption":"R\u00e9sztvev\u0151k besz\u00e9lgetnek rendezv\u00e9nyen"},{"@type":"BreadcrumbList","@id":"https:\/\/centraleuropeanacademy.hu\/rendezveny\/legal-cultural-evening-slovakian\/#breadcrumb","itemListElement":[{"@type":"ListItem","position":1,"name":"Kezd\u0151lap","item":"https:\/\/centraleuropeanacademy.hu\/"},{"@type":"ListItem","position":2,"name":"Legal Cultural Evening &#8211; Slovakian"}]},{"@type":"WebSite","@id":"https:\/\/centraleuropeanacademy.hu\/#website","url":"https:\/\/centraleuropeanacademy.hu\/","name":"CEA","description":"","publisher":{"@id":"https:\/\/centraleuropeanacademy.hu\/#organization"},"potentialAction":[{"@type":"SearchAction","target":{"@type":"EntryPoint","urlTemplate":"https:\/\/centraleuropeanacademy.hu\/?s={search_term_string}"},"query-input":{"@type":"PropertyValueSpecification","valueRequired":true,"valueName":"search_term_string"}}],"inLanguage":"en-GB"},{"@type":"Organization","@id":"https:\/\/centraleuropeanacademy.hu\/#organization","name":"Central European Academy","alternateName":"K\u00f6z\u00e9p-Eur\u00f3pai Akad\u00e9mia","url":"https:\/\/centraleuropeanacademy.hu\/","logo":{"@type":"ImageObject","inLanguage":"en-GB","@id":"https:\/\/centraleuropeanacademy.hu\/#\/schema\/logo\/image\/","url":"https:\/\/centraleuropeanacademy.hu\/wp-content\/uploads\/2024\/04\/cea-logo.png","contentUrl":"https:\/\/centraleuropeanacademy.hu\/wp-content\/uploads\/2024\/04\/cea-logo.png","width":1080,"height":417,"caption":"K\u00f6z\u00e9p-eur\u00f3pai Akad\u00e9mia"},"image":{"@id":"https:\/\/centraleuropeanacademy.hu\/#\/schema\/logo\/image\/"},"description":"A budapesti sz\u00e9khellyel l\u00e9trej\u00f6tt K\u00f6z\u00e9p-eur\u00f3pai Akad\u00e9mia (CEA) a Miskolci Egyetem \u00e1ltal alap\u00edtott, k\u00f6zfeladatot ell\u00e1t\u00f3 szervezet.","email":"academy@centraleuropeanacademy.hu","telephone":"academy@centraleuropeanacademy.hu","legalName":"K\u00f6z\u00e9p-eur\u00f3pai Akad\u00e9mia","taxID":"19359711-1-43"}]}},"_links":{"self":[{"href":"https:\/\/centraleuropeanacademy.hu\/en\/wp-json\/wp\/v2\/rendezveny\/19280","targetHints":{"allow":["GET"]}}],"collection":[{"href":"https:\/\/centraleuropeanacademy.hu\/en\/wp-json\/wp\/v2\/rendezveny"}],"about":[{"href":"https:\/\/centraleuropeanacademy.hu\/en\/wp-json\/wp\/v2\/types\/rendezveny"}],"author":[{"embeddable":true,"href":"https:\/\/centraleuropeanacademy.hu\/en\/wp-json\/wp\/v2\/users\/18"}],"replies":[{"embeddable":true,"href":"https:\/\/centraleuropeanacademy.hu\/en\/wp-json\/wp\/v2\/comments?post=19280"}],"wp:featuredmedia":[{"embeddable":true,"href":"https:\/\/centraleuropeanacademy.hu\/en\/wp-json\/wp\/v2\/media\/20176"}],"wp:attachment":[{"href":"https:\/\/centraleuropeanacademy.hu\/en\/wp-json\/wp\/v2\/media?parent=19280"}],"wp:term":[{"taxonomy":"countries-concerned","embeddable":true,"href":"https:\/\/centraleuropeanacademy.hu\/en\/wp-json\/wp\/v2\/countries-concerned?post=19280"},{"taxonomy":"rendezvenyek-erintett-orszagok","embeddable":true,"href":"https:\/\/centraleuropeanacademy.hu\/en\/wp-json\/wp\/v2\/rendezvenyek-erintett-orszagok?post=19280"},{"taxonomy":"event-format","embeddable":true,"href":"https:\/\/centraleuropeanacademy.hu\/en\/wp-json\/wp\/v2\/event-format?post=19280"},{"taxonomy":"event-language","embeddable":true,"href":"https:\/\/centraleuropeanacademy.hu\/en\/wp-json\/wp\/v2\/event-language?post=19280"},{"taxonomy":"kutatasi-emak-rendezvenyek","embeddable":true,"href":"https:\/\/centraleuropeanacademy.hu\/en\/wp-json\/wp\/v2\/kutatasi-emak-rendezvenyek?post=19280"},{"taxonomy":"rendezveny-cimkei","embeddable":true,"href":"https:\/\/centraleuropeanacademy.hu\/en\/wp-json\/wp\/v2\/rendezveny-cimkei?post=19280"},{"taxonomy":"rendezveny-nyelve","embeddable":true,"href":"https:\/\/centraleuropeanacademy.hu\/en\/wp-json\/wp\/v2\/rendezveny-nyelve?post=19280"},{"taxonomy":"rendezveny-tipusa","embeddable":true,"href":"https:\/\/centraleuropeanacademy.hu\/en\/wp-json\/wp\/v2\/rendezveny-tipusa?post=19280"},{"taxonomy":"research-topics-events","embeddable":true,"href":"https:\/\/centraleuropeanacademy.hu\/en\/wp-json\/wp\/v2\/research-topics-events?post=19280"}],"curies":[{"name":"wp","href":"https:\/\/api.w.org\/{rel}","templated":true}]}}