{"id":18274,"date":"2024-02-02T12:28:00","date_gmt":"2024-02-02T11:28:00","guid":{"rendered":"https:\/\/centraleuropeanacademy.hu\/?post_type=rendezveny&#038;p=18274"},"modified":"2025-08-27T11:53:58","modified_gmt":"2025-08-27T09:53:58","slug":"cultural-evening-serbian","status":"publish","type":"rendezveny","link":"https:\/\/centraleuropeanacademy.hu\/en\/rendezveny\/cultural-evening-serbian\/","title":{"rendered":"Cultural Evening &#8211; Serbian"},"content":{"rendered":"<p>An evening dedicated to Serbian culture was organised by the doctoral students of the Central European Academy. Our students presented some of the peculiarities of the Serbian people, along with epic poetry, literature, films and various tourist destinations. Finally, a joint singing session sealed the fun of the evening.<\/p>\n\n\n\n<p>It was a great pleasure to welcome Aleksandar Lon\u010darevi\u0107, Minister Counsellor of the Embassy of the Republic of Serbia in Budapest.<\/p>\n\n\n\n<div data-wp-interactive=\"core\/file\" class=\"wp-block-file\"><object data-wp-bind--hidden=\"!state.hasPdfPreview\" hidden class=\"wp-block-file__embed\" data=\"https:\/\/centraleuropeanacademy.hu\/wp-content\/uploads\/2024\/02\/Invitation_Serbian-cultural-evening.pdf\" type=\"application\/pdf\" style=\"width:100%;height:600px\" aria-label=\"Embed of Invitation_Serbian cultural evening.\"><\/object><a id=\"wp-block-file--media-f709b261-84bf-49c4-b452-f885a31fef17\" href=\"https:\/\/centraleuropeanacademy.hu\/wp-content\/uploads\/2024\/02\/Invitation_Serbian-cultural-evening.pdf\">Invitation_Serbian cultural evening<\/a><a href=\"https:\/\/centraleuropeanacademy.hu\/wp-content\/uploads\/2024\/02\/Invitation_Serbian-cultural-evening.pdf\" class=\"wp-block-file__button wp-element-button\" download aria-describedby=\"wp-block-file--media-f709b261-84bf-49c4-b452-f885a31fef17\">Download<\/a><\/div>\n\n\n\n<figure class=\"wp-block-gallery has-nested-images columns-default is-cropped wp-block-gallery-1 is-layout-flex wp-block-gallery-is-layout-flex\">\n<figure class=\"wp-block-image size-large\"><a href=\"https:\/\/centraleuropeanacademy.hu\/wp-content\/uploads\/2025\/01\/kep-8-677ce39f2203a-2.webp\"><img fetchpriority=\"high\" decoding=\"async\" width=\"1024\" height=\"684\" data-id=\"18296\" src=\"https:\/\/centraleuropeanacademy.hu\/wp-content\/uploads\/2025\/01\/kep-8-677ce39f2203a-2-1024x684.webp\" alt=\"Male presenter standing in front of audience with screen\" class=\"wp-image-18296\" srcset=\"https:\/\/centraleuropeanacademy.hu\/wp-content\/uploads\/2025\/01\/kep-8-677ce39f2203a-2-1024x684.webp 1024w, https:\/\/centraleuropeanacademy.hu\/wp-content\/uploads\/2025\/01\/kep-8-677ce39f2203a-2-700x467.webp 700w, https:\/\/centraleuropeanacademy.hu\/wp-content\/uploads\/2025\/01\/kep-8-677ce39f2203a-2-768x513.webp 768w, https:\/\/centraleuropeanacademy.hu\/wp-content\/uploads\/2025\/01\/kep-8-677ce39f2203a-2-1536x1025.webp 1536w, https:\/\/centraleuropeanacademy.hu\/wp-content\/uploads\/2025\/01\/kep-8-677ce39f2203a-2-18x12.webp 18w, https:\/\/centraleuropeanacademy.hu\/wp-content\/uploads\/2025\/01\/kep-8-677ce39f2203a-2.webp 2048w\" sizes=\"(max-width: 1024px) 100vw, 1024px\" \/><\/a><\/figure>\n\n\n\n<figure class=\"wp-block-image size-large\"><a href=\"https:\/\/centraleuropeanacademy.hu\/wp-content\/uploads\/2025\/01\/kep-14-677ce3a94d3df-2.webp\"><img decoding=\"async\" width=\"1024\" height=\"683\" data-id=\"18298\" src=\"https:\/\/centraleuropeanacademy.hu\/wp-content\/uploads\/2025\/01\/kep-14-677ce3a94d3df-2-1024x683.webp\" alt=\"Male presenter standing in front of audience with screen\" class=\"wp-image-18298\" srcset=\"https:\/\/centraleuropeanacademy.hu\/wp-content\/uploads\/2025\/01\/kep-14-677ce3a94d3df-2-1024x683.webp 1024w, https:\/\/centraleuropeanacademy.hu\/wp-content\/uploads\/2025\/01\/kep-14-677ce3a94d3df-2-700x467.webp 700w, https:\/\/centraleuropeanacademy.hu\/wp-content\/uploads\/2025\/01\/kep-14-677ce3a94d3df-2-768x512.webp 768w, https:\/\/centraleuropeanacademy.hu\/wp-content\/uploads\/2025\/01\/kep-14-677ce3a94d3df-2-1536x1024.webp 1536w, https:\/\/centraleuropeanacademy.hu\/wp-content\/uploads\/2025\/01\/kep-14-677ce3a94d3df-2-18x12.webp 18w, https:\/\/centraleuropeanacademy.hu\/wp-content\/uploads\/2025\/01\/kep-14-677ce3a94d3df-2.webp 2048w\" sizes=\"(max-width: 1024px) 100vw, 1024px\" \/><\/a><\/figure>\n\n\n\n<figure class=\"wp-block-image size-large\"><a href=\"https:\/\/centraleuropeanacademy.hu\/wp-content\/uploads\/2025\/01\/kep-10-677ce39f30bb1-2.webp\"><img decoding=\"async\" width=\"1024\" height=\"684\" data-id=\"18295\" src=\"https:\/\/centraleuropeanacademy.hu\/wp-content\/uploads\/2025\/01\/kep-10-677ce39f30bb1-2-1024x684.webp\" alt=\"F\u00e9rfi el\u0151ad\u00e1st tart a CEA p\u00f3dium\u00e1n\" class=\"wp-image-18295\" srcset=\"https:\/\/centraleuropeanacademy.hu\/wp-content\/uploads\/2025\/01\/kep-10-677ce39f30bb1-2-1024x684.webp 1024w, https:\/\/centraleuropeanacademy.hu\/wp-content\/uploads\/2025\/01\/kep-10-677ce39f30bb1-2-700x467.webp 700w, https:\/\/centraleuropeanacademy.hu\/wp-content\/uploads\/2025\/01\/kep-10-677ce39f30bb1-2-768x513.webp 768w, https:\/\/centraleuropeanacademy.hu\/wp-content\/uploads\/2025\/01\/kep-10-677ce39f30bb1-2-1536x1025.webp 1536w, https:\/\/centraleuropeanacademy.hu\/wp-content\/uploads\/2025\/01\/kep-10-677ce39f30bb1-2-18x12.webp 18w, https:\/\/centraleuropeanacademy.hu\/wp-content\/uploads\/2025\/01\/kep-10-677ce39f30bb1-2.webp 2048w\" sizes=\"(max-width: 1024px) 100vw, 1024px\" \/><\/a><\/figure>\n\n\n\n<figure class=\"wp-block-image size-large\"><a href=\"https:\/\/centraleuropeanacademy.hu\/wp-content\/uploads\/2025\/01\/kep-12-677ce3a450947-2.webp\"><img loading=\"lazy\" decoding=\"async\" width=\"1024\" height=\"684\" data-id=\"18293\" src=\"https:\/\/centraleuropeanacademy.hu\/wp-content\/uploads\/2025\/01\/kep-12-677ce3a450947-2-1024x684.webp\" alt=\"Young woman giving a presentation holding a microphone\" class=\"wp-image-18293\" srcset=\"https:\/\/centraleuropeanacademy.hu\/wp-content\/uploads\/2025\/01\/kep-12-677ce3a450947-2-1024x684.webp 1024w, https:\/\/centraleuropeanacademy.hu\/wp-content\/uploads\/2025\/01\/kep-12-677ce3a450947-2-700x467.webp 700w, https:\/\/centraleuropeanacademy.hu\/wp-content\/uploads\/2025\/01\/kep-12-677ce3a450947-2-768x513.webp 768w, https:\/\/centraleuropeanacademy.hu\/wp-content\/uploads\/2025\/01\/kep-12-677ce3a450947-2-1536x1025.webp 1536w, https:\/\/centraleuropeanacademy.hu\/wp-content\/uploads\/2025\/01\/kep-12-677ce3a450947-2-18x12.webp 18w, https:\/\/centraleuropeanacademy.hu\/wp-content\/uploads\/2025\/01\/kep-12-677ce3a450947-2.webp 2048w\" sizes=\"(max-width: 1024px) 100vw, 1024px\" \/><\/a><\/figure>\n\n\n\n<figure class=\"wp-block-image size-large\"><a href=\"https:\/\/centraleuropeanacademy.hu\/wp-content\/uploads\/2025\/01\/kep-15-677ce3a9b0dbd-2.webp\"><img loading=\"lazy\" decoding=\"async\" width=\"1024\" height=\"684\" data-id=\"18299\" src=\"https:\/\/centraleuropeanacademy.hu\/wp-content\/uploads\/2025\/01\/kep-15-677ce3a9b0dbd-2-1024x684.webp\" alt=\"Audience members listening attentively\" class=\"wp-image-18299\" srcset=\"https:\/\/centraleuropeanacademy.hu\/wp-content\/uploads\/2025\/01\/kep-15-677ce3a9b0dbd-2-1024x684.webp 1024w, https:\/\/centraleuropeanacademy.hu\/wp-content\/uploads\/2025\/01\/kep-15-677ce3a9b0dbd-2-700x467.webp 700w, https:\/\/centraleuropeanacademy.hu\/wp-content\/uploads\/2025\/01\/kep-15-677ce3a9b0dbd-2-768x513.webp 768w, https:\/\/centraleuropeanacademy.hu\/wp-content\/uploads\/2025\/01\/kep-15-677ce3a9b0dbd-2-1536x1025.webp 1536w, https:\/\/centraleuropeanacademy.hu\/wp-content\/uploads\/2025\/01\/kep-15-677ce3a9b0dbd-2-18x12.webp 18w, https:\/\/centraleuropeanacademy.hu\/wp-content\/uploads\/2025\/01\/kep-15-677ce3a9b0dbd-2.webp 2048w\" sizes=\"(max-width: 1024px) 100vw, 1024px\" \/><\/a><\/figure>\n\n\n\n<figure class=\"wp-block-image size-large\"><a href=\"https:\/\/centraleuropeanacademy.hu\/wp-content\/uploads\/2025\/01\/kep-20-677ce3b54000c-2.webp\"><img loading=\"lazy\" decoding=\"async\" width=\"1024\" height=\"684\" data-id=\"18302\" src=\"https:\/\/centraleuropeanacademy.hu\/wp-content\/uploads\/2025\/01\/kep-20-677ce3b54000c-2-1024x684.webp\" alt=\"Female speaker giving a presentation in front of a screen\" class=\"wp-image-18302\" srcset=\"https:\/\/centraleuropeanacademy.hu\/wp-content\/uploads\/2025\/01\/kep-20-677ce3b54000c-2-1024x684.webp 1024w, https:\/\/centraleuropeanacademy.hu\/wp-content\/uploads\/2025\/01\/kep-20-677ce3b54000c-2-700x467.webp 700w, https:\/\/centraleuropeanacademy.hu\/wp-content\/uploads\/2025\/01\/kep-20-677ce3b54000c-2-768x513.webp 768w, https:\/\/centraleuropeanacademy.hu\/wp-content\/uploads\/2025\/01\/kep-20-677ce3b54000c-2-1536x1025.webp 1536w, https:\/\/centraleuropeanacademy.hu\/wp-content\/uploads\/2025\/01\/kep-20-677ce3b54000c-2-18x12.webp 18w, https:\/\/centraleuropeanacademy.hu\/wp-content\/uploads\/2025\/01\/kep-20-677ce3b54000c-2.webp 2048w\" sizes=\"(max-width: 1024px) 100vw, 1024px\" \/><\/a><\/figure>\n\n\n\n<figure class=\"wp-block-image size-large\"><a href=\"https:\/\/centraleuropeanacademy.hu\/wp-content\/uploads\/2025\/01\/kep-21-677ce3b596e01-2.webp\"><img loading=\"lazy\" decoding=\"async\" width=\"1024\" height=\"684\" data-id=\"18304\" src=\"https:\/\/centraleuropeanacademy.hu\/wp-content\/uploads\/2025\/01\/kep-21-677ce3b596e01-2-1024x684.webp\" alt=\"Audience members listening attentively\" class=\"wp-image-18304\" srcset=\"https:\/\/centraleuropeanacademy.hu\/wp-content\/uploads\/2025\/01\/kep-21-677ce3b596e01-2-1024x684.webp 1024w, https:\/\/centraleuropeanacademy.hu\/wp-content\/uploads\/2025\/01\/kep-21-677ce3b596e01-2-700x467.webp 700w, https:\/\/centraleuropeanacademy.hu\/wp-content\/uploads\/2025\/01\/kep-21-677ce3b596e01-2-768x513.webp 768w, https:\/\/centraleuropeanacademy.hu\/wp-content\/uploads\/2025\/01\/kep-21-677ce3b596e01-2-1536x1025.webp 1536w, https:\/\/centraleuropeanacademy.hu\/wp-content\/uploads\/2025\/01\/kep-21-677ce3b596e01-2-18x12.webp 18w, https:\/\/centraleuropeanacademy.hu\/wp-content\/uploads\/2025\/01\/kep-21-677ce3b596e01-2.webp 2048w\" sizes=\"(max-width: 1024px) 100vw, 1024px\" \/><\/a><\/figure>\n\n\n\n<figure class=\"wp-block-image size-large\"><a href=\"https:\/\/centraleuropeanacademy.hu\/wp-content\/uploads\/2025\/01\/kep-22-677ce3bab2a6a-2.webp\"><img loading=\"lazy\" decoding=\"async\" width=\"1024\" height=\"683\" data-id=\"18303\" src=\"https:\/\/centraleuropeanacademy.hu\/wp-content\/uploads\/2025\/01\/kep-22-677ce3bab2a6a-2-1024x683.webp\" alt=\"Participants sitting at a table, one playing guitar\" class=\"wp-image-18303\" srcset=\"https:\/\/centraleuropeanacademy.hu\/wp-content\/uploads\/2025\/01\/kep-22-677ce3bab2a6a-2-1024x683.webp 1024w, https:\/\/centraleuropeanacademy.hu\/wp-content\/uploads\/2025\/01\/kep-22-677ce3bab2a6a-2-700x467.webp 700w, https:\/\/centraleuropeanacademy.hu\/wp-content\/uploads\/2025\/01\/kep-22-677ce3bab2a6a-2-768x512.webp 768w, https:\/\/centraleuropeanacademy.hu\/wp-content\/uploads\/2025\/01\/kep-22-677ce3bab2a6a-2-1536x1024.webp 1536w, https:\/\/centraleuropeanacademy.hu\/wp-content\/uploads\/2025\/01\/kep-22-677ce3bab2a6a-2-18x12.webp 18w, https:\/\/centraleuropeanacademy.hu\/wp-content\/uploads\/2025\/01\/kep-22-677ce3bab2a6a-2.webp 2048w\" sizes=\"(max-width: 1024px) 100vw, 1024px\" \/><\/a><\/figure>\n\n\n\n<figure class=\"wp-block-image size-large\"><a href=\"https:\/\/centraleuropeanacademy.hu\/wp-content\/uploads\/2025\/01\/kep-4-677ce3991b157-2.webp\"><img loading=\"lazy\" decoding=\"async\" width=\"1024\" height=\"683\" data-id=\"18291\" src=\"https:\/\/centraleuropeanacademy.hu\/wp-content\/uploads\/2025\/01\/kep-4-677ce3991b157-2-1024x683.webp\" alt=\"Group of teens singing\" class=\"wp-image-18291\" srcset=\"https:\/\/centraleuropeanacademy.hu\/wp-content\/uploads\/2025\/01\/kep-4-677ce3991b157-2-1024x683.webp 1024w, https:\/\/centraleuropeanacademy.hu\/wp-content\/uploads\/2025\/01\/kep-4-677ce3991b157-2-700x467.webp 700w, https:\/\/centraleuropeanacademy.hu\/wp-content\/uploads\/2025\/01\/kep-4-677ce3991b157-2-768x512.webp 768w, https:\/\/centraleuropeanacademy.hu\/wp-content\/uploads\/2025\/01\/kep-4-677ce3991b157-2-1536x1024.webp 1536w, https:\/\/centraleuropeanacademy.hu\/wp-content\/uploads\/2025\/01\/kep-4-677ce3991b157-2-18x12.webp 18w, https:\/\/centraleuropeanacademy.hu\/wp-content\/uploads\/2025\/01\/kep-4-677ce3991b157-2.webp 2048w\" sizes=\"(max-width: 1024px) 100vw, 1024px\" \/><\/a><\/figure>\n\n\n\n<figure class=\"wp-block-image size-full\"><a href=\"https:\/\/centraleuropeanacademy.hu\/wp-content\/uploads\/2025\/01\/kep-26-677ce391a34ab-2.webp\"><img loading=\"lazy\" decoding=\"async\" width=\"2048\" height=\"1365\" data-id=\"18306\" src=\"https:\/\/centraleuropeanacademy.hu\/wp-content\/uploads\/2025\/01\/kep-26-677ce391a34ab-2.webp\" alt=\"Participants dancing together at an event.\" class=\"wp-image-18306\" srcset=\"https:\/\/centraleuropeanacademy.hu\/wp-content\/uploads\/2025\/01\/kep-26-677ce391a34ab-2.webp 2048w, https:\/\/centraleuropeanacademy.hu\/wp-content\/uploads\/2025\/01\/kep-26-677ce391a34ab-2-700x467.webp 700w, https:\/\/centraleuropeanacademy.hu\/wp-content\/uploads\/2025\/01\/kep-26-677ce391a34ab-2-1024x683.webp 1024w, https:\/\/centraleuropeanacademy.hu\/wp-content\/uploads\/2025\/01\/kep-26-677ce391a34ab-2-768x512.webp 768w, https:\/\/centraleuropeanacademy.hu\/wp-content\/uploads\/2025\/01\/kep-26-677ce391a34ab-2-1536x1024.webp 1536w, https:\/\/centraleuropeanacademy.hu\/wp-content\/uploads\/2025\/01\/kep-26-677ce391a34ab-2-18x12.webp 18w\" sizes=\"(max-width: 2048px) 100vw, 2048px\" \/><\/a><\/figure>\n<\/figure>\n\n\n\n<p class=\"has-text-align-center\"><em>Photo: CEA Press<\/em><\/p>\n\n\n\n<p><\/p>\n\n\n\n<p>*The event is private and by invitation only.<\/p>\n\n\n\n<p class=\"eloadok\">El\u0151ad\u00f3k: Ivan Jokanovi\u0107, Milica Ili\u0107, Emma Szit\u00e1s, Jovan \u017divanovi\u0107, Aleksandra Mitrovi\u0107<\/p>","protected":false},"excerpt":{"rendered":"<p>A K\u00f6z\u00e9p-eur\u00f3pai Akad\u00e9mia doktoranduszai szervez\u00e9s\u00e9ben egy, a szerb kult\u00far\u00e1nak szentelt est ker\u00fclt megrendez\u00e9sre. Di\u00e1kjaink bemutatt\u00e1k a szerb n\u00e9p bizonyos saj\u00e1toss\u00e1gait [&hellip;]<\/p>\n","protected":false},"author":18,"featured_media":18306,"parent":0,"comment_status":"open","ping_status":"closed","template":"","meta":{"_acf_changed":false,"site-sidebar-layout":"default","site-content-layout":"","ast-site-content-layout":"","site-content-style":"default","site-sidebar-style":"default","ast-global-header-display":"","ast-banner-title-visibility":"","ast-main-header-display":"","ast-hfb-above-header-display":"","ast-hfb-below-header-display":"","ast-hfb-mobile-header-display":"","site-post-title":"","ast-breadcrumbs-content":"","ast-featured-img":"","footer-sml-layout":"","ast-disable-related-posts":"","theme-transparent-header-meta":"","adv-header-id-meta":"","stick-header-meta":"","header-above-stick-meta":"","header-main-stick-meta":"","header-below-stick-meta":"","astra-migrate-meta-layouts":"default","ast-page-background-enabled":"default","ast-page-background-meta":{"desktop":{"background-color":"var(--ast-global-color-4)","background-image":"","background-repeat":"repeat","background-position":"center center","background-size":"auto","background-attachment":"scroll","background-type":"","background-media":"","overlay-type":"","overlay-color":"","overlay-opacity":"","overlay-gradient":""},"tablet":{"background-color":"","background-image":"","background-repeat":"repeat","background-position":"center center","background-size":"auto","background-attachment":"scroll","background-type":"","background-media":"","overlay-type":"","overlay-color":"","overlay-opacity":"","overlay-gradient":""},"mobile":{"background-color":"","background-image":"","background-repeat":"repeat","background-position":"center center","background-size":"auto","background-attachment":"scroll","background-type":"","background-media":"","overlay-type":"","overlay-color":"","overlay-opacity":"","overlay-gradient":""}},"ast-content-background-meta":{"desktop":{"background-color":"var(--ast-global-color-5)","background-image":"","background-repeat":"repeat","background-position":"center center","background-size":"auto","background-attachment":"scroll","background-type":"","background-media":"","overlay-type":"","overlay-color":"","overlay-opacity":"","overlay-gradient":""},"tablet":{"background-color":"var(--ast-global-color-5)","background-image":"","background-repeat":"repeat","background-position":"center center","background-size":"auto","background-attachment":"scroll","background-type":"","background-media":"","overlay-type":"","overlay-color":"","overlay-opacity":"","overlay-gradient":""},"mobile":{"background-color":"var(--ast-global-color-5)","background-image":"","background-repeat":"repeat","background-position":"center center","background-size":"auto","background-attachment":"scroll","background-type":"","background-media":"","overlay-type":"","overlay-color":"","overlay-opacity":"","overlay-gradient":""}}},"countries-concerned":[471],"rendezvenyek-erintett-orszagok":[214],"event-format":[],"event-language":[466],"kutatasi-emak-rendezvenyek":[],"rendezveny-cimkei":[278,295,647,275],"rendezveny-nyelve":[117],"rendezveny-tipusa":[],"research-topics-events":[],"class_list":["post-18274","rendezveny","type-rendezveny","status-publish","has-post-thumbnail","hentry","countries-concerned-serbia","rendezvenyek-erintett-orszagok-szerbia","event-language-english","rendezveny-cimkei-cea","rendezveny-cimkei-central-europe","rendezveny-cimkei-culture","rendezveny-cimkei-eu","rendezveny-nyelve-angol"],"acf":[],"yoast_head":"<!-- This site is optimized with the Yoast SEO Premium plugin v27.5 (Yoast SEO v27.5) - https:\/\/yoast.com\/product\/yoast-seo-premium-wordpress\/ -->\n<title>Cultural Evening - Serbian | ME KEA<\/title>\n<meta name=\"description\" content=\"A K\u00f6z\u00e9p-eur\u00f3pai Akad\u00e9mia doktoranduszai szervez\u00e9s\u00e9ben egy, a szerb kult\u00far\u00e1nak szentelt est ker\u00fclt megrendez\u00e9sre. Di\u00e1kjaink bemutatt\u00e1k a szerb n\u00e9p bizonyos saj\u00e1toss\u00e1gait az epikus k\u00f6lt\u00e9szet, irodalom, filmek \u00e9s k\u00fcl\u00f6nb\u00f6z\u0151 turisztikai c\u00e9lpontok bemutat\u00e1sa mellett. V\u00e9g\u00fcl, egy k\u00f6z\u00f6s \u00e9nekkel pecs\u00e9telt\u00e9k meg az est vid\u00e1m jelleg\u00e9t. Nagy \u00f6r\u00f6m\u00fcnkre szolg\u00e1lt, hogy \u00fcdv\u00f6z\u00f6lhett\u00fck Aleksandar Lon\u010darevi\u0107 \u00fcgyviv\u0151t, a Szerb K\u00f6zt\u00e1rsas\u00e1g budapesti nagyk\u00f6vets\u00e9g\u00e9nek miniszteri tan\u00e1csos\u00e1t.\" \/>\n<meta name=\"robots\" content=\"index, follow, max-snippet:-1, max-image-preview:large, max-video-preview:-1\" \/>\n<link rel=\"canonical\" href=\"https:\/\/centraleuropeanacademy.hu\/en\/rendezveny\/cultural-evening-serbian\/\" \/>\n<meta property=\"og:locale\" content=\"en_GB\" \/>\n<meta property=\"og:type\" content=\"article\" \/>\n<meta property=\"og:title\" content=\"Cultural Evening - Serbian\" \/>\n<meta property=\"og:description\" content=\"A K\u00f6z\u00e9p-eur\u00f3pai Akad\u00e9mia k\u00f6zfeladatot ell\u00e1t\u00f3 szervezet, f\u0151 c\u00e9lja a r\u00e9gi\u00f3s orsz\u00e1gok jogtudom\u00e1ny\u00e1nak \u00e9s ezen bel\u00fcl jogalkot\u00e1s\u00e1nak fejleszt\u00e9se.\" \/>\n<meta property=\"og:url\" content=\"https:\/\/centraleuropeanacademy.hu\/en\/rendezveny\/cultural-evening-serbian\/\" \/>\n<meta property=\"og:site_name\" content=\"ME KEA\" \/>\n<meta property=\"article:modified_time\" content=\"2025-08-27T09:53:58+00:00\" \/>\n<meta property=\"og:image\" content=\"https:\/\/centraleuropeanacademy.hu\/wp-content\/uploads\/2025\/01\/kep-26-677ce391a34ab-2.webp\" \/>\n\t<meta property=\"og:image:width\" content=\"2048\" \/>\n\t<meta property=\"og:image:height\" content=\"1365\" \/>\n\t<meta property=\"og:image:type\" content=\"image\/webp\" \/>\n<meta name=\"twitter:card\" content=\"summary_large_image\" \/>\n<meta name=\"twitter:label1\" content=\"Estimated reading time\" \/>\n\t<meta name=\"twitter:data1\" content=\"3 minutes\" \/>\n<script type=\"application\/ld+json\" class=\"yoast-schema-graph\">{\"@context\":\"https:\\\/\\\/schema.org\",\"@graph\":[{\"@type\":\"WebPage\",\"@id\":\"https:\\\/\\\/centraleuropeanacademy.hu\\\/rendezveny\\\/cultural-evening-serbian\\\/\",\"url\":\"https:\\\/\\\/centraleuropeanacademy.hu\\\/rendezveny\\\/cultural-evening-serbian\\\/\",\"name\":\"Cultural Evening - Serbian | ME KEA\",\"isPartOf\":{\"@id\":\"https:\\\/\\\/centraleuropeanacademy.hu\\\/#website\"},\"primaryImageOfPage\":{\"@id\":\"https:\\\/\\\/centraleuropeanacademy.hu\\\/rendezveny\\\/cultural-evening-serbian\\\/#primaryimage\"},\"image\":{\"@id\":\"https:\\\/\\\/centraleuropeanacademy.hu\\\/rendezveny\\\/cultural-evening-serbian\\\/#primaryimage\"},\"thumbnailUrl\":\"https:\\\/\\\/centraleuropeanacademy.hu\\\/wp-content\\\/uploads\\\/2025\\\/01\\\/kep-26-677ce391a34ab-2.webp\",\"datePublished\":\"2024-02-02T11:28:00+00:00\",\"dateModified\":\"2025-08-27T09:53:58+00:00\",\"description\":\"A K\u00f6z\u00e9p-eur\u00f3pai Akad\u00e9mia doktoranduszai szervez\u00e9s\u00e9ben egy, a szerb kult\u00far\u00e1nak szentelt est ker\u00fclt megrendez\u00e9sre. Di\u00e1kjaink bemutatt\u00e1k a szerb n\u00e9p bizonyos saj\u00e1toss\u00e1gait az epikus k\u00f6lt\u00e9szet, irodalom, filmek \u00e9s k\u00fcl\u00f6nb\u00f6z\u0151 turisztikai c\u00e9lpontok bemutat\u00e1sa mellett. V\u00e9g\u00fcl, egy k\u00f6z\u00f6s \u00e9nekkel pecs\u00e9telt\u00e9k meg az est vid\u00e1m jelleg\u00e9t. Nagy \u00f6r\u00f6m\u00fcnkre szolg\u00e1lt, hogy \u00fcdv\u00f6z\u00f6lhett\u00fck Aleksandar Lon\u010darevi\u0107 \u00fcgyviv\u0151t, a Szerb K\u00f6zt\u00e1rsas\u00e1g budapesti nagyk\u00f6vets\u00e9g\u00e9nek miniszteri tan\u00e1csos\u00e1t.\",\"breadcrumb\":{\"@id\":\"https:\\\/\\\/centraleuropeanacademy.hu\\\/rendezveny\\\/cultural-evening-serbian\\\/#breadcrumb\"},\"inLanguage\":\"en-GB\",\"potentialAction\":[{\"@type\":\"ReadAction\",\"target\":[\"https:\\\/\\\/centraleuropeanacademy.hu\\\/rendezveny\\\/cultural-evening-serbian\\\/\"]}]},{\"@type\":\"ImageObject\",\"inLanguage\":\"en-GB\",\"@id\":\"https:\\\/\\\/centraleuropeanacademy.hu\\\/rendezveny\\\/cultural-evening-serbian\\\/#primaryimage\",\"url\":\"https:\\\/\\\/centraleuropeanacademy.hu\\\/wp-content\\\/uploads\\\/2025\\\/01\\\/kep-26-677ce391a34ab-2.webp\",\"contentUrl\":\"https:\\\/\\\/centraleuropeanacademy.hu\\\/wp-content\\\/uploads\\\/2025\\\/01\\\/kep-26-677ce391a34ab-2.webp\",\"width\":2048,\"height\":1365,\"caption\":\"Cultural Evening - Serbian\"},{\"@type\":\"BreadcrumbList\",\"@id\":\"https:\\\/\\\/centraleuropeanacademy.hu\\\/rendezveny\\\/cultural-evening-serbian\\\/#breadcrumb\",\"itemListElement\":[{\"@type\":\"ListItem\",\"position\":1,\"name\":\"Kezd\u0151lap\",\"item\":\"https:\\\/\\\/centraleuropeanacademy.hu\\\/\"},{\"@type\":\"ListItem\",\"position\":2,\"name\":\"Cultural Evening &#8211; Serbian\"}]},{\"@type\":\"WebSite\",\"@id\":\"https:\\\/\\\/centraleuropeanacademy.hu\\\/#website\",\"url\":\"https:\\\/\\\/centraleuropeanacademy.hu\\\/\",\"name\":\"CEA\",\"description\":\"\",\"publisher\":{\"@id\":\"https:\\\/\\\/centraleuropeanacademy.hu\\\/#organization\"},\"potentialAction\":[{\"@type\":\"SearchAction\",\"target\":{\"@type\":\"EntryPoint\",\"urlTemplate\":\"https:\\\/\\\/centraleuropeanacademy.hu\\\/?s={search_term_string}\"},\"query-input\":{\"@type\":\"PropertyValueSpecification\",\"valueRequired\":true,\"valueName\":\"search_term_string\"}}],\"inLanguage\":\"en-GB\"},{\"@type\":\"Organization\",\"@id\":\"https:\\\/\\\/centraleuropeanacademy.hu\\\/#organization\",\"name\":\"K\u00f6z\u00e9p-eur\u00f3pai Akad\u00e9mia\",\"alternateName\":\"K\u00f6z\u00e9p-Eur\u00f3pai Akad\u00e9mia\",\"url\":\"https:\\\/\\\/centraleuropeanacademy.hu\\\/\",\"logo\":{\"@type\":\"ImageObject\",\"inLanguage\":\"en-GB\",\"@id\":\"https:\\\/\\\/centraleuropeanacademy.hu\\\/#\\\/schema\\\/logo\\\/image\\\/\",\"url\":\"https:\\\/\\\/centraleuropeanacademy.hu\\\/wp-content\\\/uploads\\\/2024\\\/04\\\/cea-logo.png\",\"contentUrl\":\"https:\\\/\\\/centraleuropeanacademy.hu\\\/wp-content\\\/uploads\\\/2024\\\/04\\\/cea-logo.png\",\"width\":1080,\"height\":417,\"caption\":\"K\u00f6z\u00e9p-eur\u00f3pai Akad\u00e9mia\"},\"image\":{\"@id\":\"https:\\\/\\\/centraleuropeanacademy.hu\\\/#\\\/schema\\\/logo\\\/image\\\/\"},\"description\":\"A budapesti sz\u00e9khellyel l\u00e9trej\u00f6tt K\u00f6z\u00e9p-eur\u00f3pai Akad\u00e9mia (CEA) a Miskolci Egyetem \u00e1ltal alap\u00edtott, k\u00f6zfeladatot ell\u00e1t\u00f3 szervezet.\",\"email\":\"academy@centraleuropeanacademy.hu\",\"telephone\":\"academy@centraleuropeanacademy.hu\",\"legalName\":\"K\u00f6z\u00e9p-eur\u00f3pai Akad\u00e9mia\",\"taxID\":\"19359711-1-43\"}]}<\/script>\n<!-- \/ Yoast SEO Premium plugin. -->","yoast_head_json":{"title":"Cultural Evening - Serbian | ME KEA","description":"A K\u00f6z\u00e9p-eur\u00f3pai Akad\u00e9mia doktoranduszai szervez\u00e9s\u00e9ben egy, a szerb kult\u00far\u00e1nak szentelt est ker\u00fclt megrendez\u00e9sre. Di\u00e1kjaink bemutatt\u00e1k a szerb n\u00e9p bizonyos saj\u00e1toss\u00e1gait az epikus k\u00f6lt\u00e9szet, irodalom, filmek \u00e9s k\u00fcl\u00f6nb\u00f6z\u0151 turisztikai c\u00e9lpontok bemutat\u00e1sa mellett. V\u00e9g\u00fcl, egy k\u00f6z\u00f6s \u00e9nekkel pecs\u00e9telt\u00e9k meg az est vid\u00e1m jelleg\u00e9t. Nagy \u00f6r\u00f6m\u00fcnkre szolg\u00e1lt, hogy \u00fcdv\u00f6z\u00f6lhett\u00fck Aleksandar Lon\u010darevi\u0107 \u00fcgyviv\u0151t, a Szerb K\u00f6zt\u00e1rsas\u00e1g budapesti nagyk\u00f6vets\u00e9g\u00e9nek miniszteri tan\u00e1csos\u00e1t.","robots":{"index":"index","follow":"follow","max-snippet":"max-snippet:-1","max-image-preview":"max-image-preview:large","max-video-preview":"max-video-preview:-1"},"canonical":"https:\/\/centraleuropeanacademy.hu\/en\/rendezveny\/cultural-evening-serbian\/","og_locale":"en_GB","og_type":"article","og_title":"Cultural Evening - Serbian","og_description":"A K\u00f6z\u00e9p-eur\u00f3pai Akad\u00e9mia k\u00f6zfeladatot ell\u00e1t\u00f3 szervezet, f\u0151 c\u00e9lja a r\u00e9gi\u00f3s orsz\u00e1gok jogtudom\u00e1ny\u00e1nak \u00e9s ezen bel\u00fcl jogalkot\u00e1s\u00e1nak fejleszt\u00e9se.","og_url":"https:\/\/centraleuropeanacademy.hu\/en\/rendezveny\/cultural-evening-serbian\/","og_site_name":"ME KEA","article_modified_time":"2025-08-27T09:53:58+00:00","og_image":[{"width":2048,"height":1365,"url":"https:\/\/centraleuropeanacademy.hu\/wp-content\/uploads\/2025\/01\/kep-26-677ce391a34ab-2.webp","type":"image\/webp"}],"twitter_card":"summary_large_image","twitter_misc":{"Estimated reading time":"3 minutes"},"schema":{"@context":"https:\/\/schema.org","@graph":[{"@type":"WebPage","@id":"https:\/\/centraleuropeanacademy.hu\/rendezveny\/cultural-evening-serbian\/","url":"https:\/\/centraleuropeanacademy.hu\/rendezveny\/cultural-evening-serbian\/","name":"Cultural Evening - Serbian | ME KEA","isPartOf":{"@id":"https:\/\/centraleuropeanacademy.hu\/#website"},"primaryImageOfPage":{"@id":"https:\/\/centraleuropeanacademy.hu\/rendezveny\/cultural-evening-serbian\/#primaryimage"},"image":{"@id":"https:\/\/centraleuropeanacademy.hu\/rendezveny\/cultural-evening-serbian\/#primaryimage"},"thumbnailUrl":"https:\/\/centraleuropeanacademy.hu\/wp-content\/uploads\/2025\/01\/kep-26-677ce391a34ab-2.webp","datePublished":"2024-02-02T11:28:00+00:00","dateModified":"2025-08-27T09:53:58+00:00","description":"A K\u00f6z\u00e9p-eur\u00f3pai Akad\u00e9mia doktoranduszai szervez\u00e9s\u00e9ben egy, a szerb kult\u00far\u00e1nak szentelt est ker\u00fclt megrendez\u00e9sre. Di\u00e1kjaink bemutatt\u00e1k a szerb n\u00e9p bizonyos saj\u00e1toss\u00e1gait az epikus k\u00f6lt\u00e9szet, irodalom, filmek \u00e9s k\u00fcl\u00f6nb\u00f6z\u0151 turisztikai c\u00e9lpontok bemutat\u00e1sa mellett. V\u00e9g\u00fcl, egy k\u00f6z\u00f6s \u00e9nekkel pecs\u00e9telt\u00e9k meg az est vid\u00e1m jelleg\u00e9t. Nagy \u00f6r\u00f6m\u00fcnkre szolg\u00e1lt, hogy \u00fcdv\u00f6z\u00f6lhett\u00fck Aleksandar Lon\u010darevi\u0107 \u00fcgyviv\u0151t, a Szerb K\u00f6zt\u00e1rsas\u00e1g budapesti nagyk\u00f6vets\u00e9g\u00e9nek miniszteri tan\u00e1csos\u00e1t.","breadcrumb":{"@id":"https:\/\/centraleuropeanacademy.hu\/rendezveny\/cultural-evening-serbian\/#breadcrumb"},"inLanguage":"en-GB","potentialAction":[{"@type":"ReadAction","target":["https:\/\/centraleuropeanacademy.hu\/rendezveny\/cultural-evening-serbian\/"]}]},{"@type":"ImageObject","inLanguage":"en-GB","@id":"https:\/\/centraleuropeanacademy.hu\/rendezveny\/cultural-evening-serbian\/#primaryimage","url":"https:\/\/centraleuropeanacademy.hu\/wp-content\/uploads\/2025\/01\/kep-26-677ce391a34ab-2.webp","contentUrl":"https:\/\/centraleuropeanacademy.hu\/wp-content\/uploads\/2025\/01\/kep-26-677ce391a34ab-2.webp","width":2048,"height":1365,"caption":"Cultural Evening - Serbian"},{"@type":"BreadcrumbList","@id":"https:\/\/centraleuropeanacademy.hu\/rendezveny\/cultural-evening-serbian\/#breadcrumb","itemListElement":[{"@type":"ListItem","position":1,"name":"Kezd\u0151lap","item":"https:\/\/centraleuropeanacademy.hu\/"},{"@type":"ListItem","position":2,"name":"Cultural Evening &#8211; Serbian"}]},{"@type":"WebSite","@id":"https:\/\/centraleuropeanacademy.hu\/#website","url":"https:\/\/centraleuropeanacademy.hu\/","name":"CEA","description":"","publisher":{"@id":"https:\/\/centraleuropeanacademy.hu\/#organization"},"potentialAction":[{"@type":"SearchAction","target":{"@type":"EntryPoint","urlTemplate":"https:\/\/centraleuropeanacademy.hu\/?s={search_term_string}"},"query-input":{"@type":"PropertyValueSpecification","valueRequired":true,"valueName":"search_term_string"}}],"inLanguage":"en-GB"},{"@type":"Organization","@id":"https:\/\/centraleuropeanacademy.hu\/#organization","name":"Central European Academy","alternateName":"K\u00f6z\u00e9p-Eur\u00f3pai Akad\u00e9mia","url":"https:\/\/centraleuropeanacademy.hu\/","logo":{"@type":"ImageObject","inLanguage":"en-GB","@id":"https:\/\/centraleuropeanacademy.hu\/#\/schema\/logo\/image\/","url":"https:\/\/centraleuropeanacademy.hu\/wp-content\/uploads\/2024\/04\/cea-logo.png","contentUrl":"https:\/\/centraleuropeanacademy.hu\/wp-content\/uploads\/2024\/04\/cea-logo.png","width":1080,"height":417,"caption":"K\u00f6z\u00e9p-eur\u00f3pai Akad\u00e9mia"},"image":{"@id":"https:\/\/centraleuropeanacademy.hu\/#\/schema\/logo\/image\/"},"description":"A budapesti sz\u00e9khellyel l\u00e9trej\u00f6tt K\u00f6z\u00e9p-eur\u00f3pai Akad\u00e9mia (CEA) a Miskolci Egyetem \u00e1ltal alap\u00edtott, k\u00f6zfeladatot ell\u00e1t\u00f3 szervezet.","email":"academy@centraleuropeanacademy.hu","telephone":"academy@centraleuropeanacademy.hu","legalName":"K\u00f6z\u00e9p-eur\u00f3pai Akad\u00e9mia","taxID":"19359711-1-43"}]}},"_links":{"self":[{"href":"https:\/\/centraleuropeanacademy.hu\/en\/wp-json\/wp\/v2\/rendezveny\/18274","targetHints":{"allow":["GET"]}}],"collection":[{"href":"https:\/\/centraleuropeanacademy.hu\/en\/wp-json\/wp\/v2\/rendezveny"}],"about":[{"href":"https:\/\/centraleuropeanacademy.hu\/en\/wp-json\/wp\/v2\/types\/rendezveny"}],"author":[{"embeddable":true,"href":"https:\/\/centraleuropeanacademy.hu\/en\/wp-json\/wp\/v2\/users\/18"}],"replies":[{"embeddable":true,"href":"https:\/\/centraleuropeanacademy.hu\/en\/wp-json\/wp\/v2\/comments?post=18274"}],"wp:featuredmedia":[{"embeddable":true,"href":"https:\/\/centraleuropeanacademy.hu\/en\/wp-json\/wp\/v2\/media\/18306"}],"wp:attachment":[{"href":"https:\/\/centraleuropeanacademy.hu\/en\/wp-json\/wp\/v2\/media?parent=18274"}],"wp:term":[{"taxonomy":"countries-concerned","embeddable":true,"href":"https:\/\/centraleuropeanacademy.hu\/en\/wp-json\/wp\/v2\/countries-concerned?post=18274"},{"taxonomy":"rendezvenyek-erintett-orszagok","embeddable":true,"href":"https:\/\/centraleuropeanacademy.hu\/en\/wp-json\/wp\/v2\/rendezvenyek-erintett-orszagok?post=18274"},{"taxonomy":"event-format","embeddable":true,"href":"https:\/\/centraleuropeanacademy.hu\/en\/wp-json\/wp\/v2\/event-format?post=18274"},{"taxonomy":"event-language","embeddable":true,"href":"https:\/\/centraleuropeanacademy.hu\/en\/wp-json\/wp\/v2\/event-language?post=18274"},{"taxonomy":"kutatasi-emak-rendezvenyek","embeddable":true,"href":"https:\/\/centraleuropeanacademy.hu\/en\/wp-json\/wp\/v2\/kutatasi-emak-rendezvenyek?post=18274"},{"taxonomy":"rendezveny-cimkei","embeddable":true,"href":"https:\/\/centraleuropeanacademy.hu\/en\/wp-json\/wp\/v2\/rendezveny-cimkei?post=18274"},{"taxonomy":"rendezveny-nyelve","embeddable":true,"href":"https:\/\/centraleuropeanacademy.hu\/en\/wp-json\/wp\/v2\/rendezveny-nyelve?post=18274"},{"taxonomy":"rendezveny-tipusa","embeddable":true,"href":"https:\/\/centraleuropeanacademy.hu\/en\/wp-json\/wp\/v2\/rendezveny-tipusa?post=18274"},{"taxonomy":"research-topics-events","embeddable":true,"href":"https:\/\/centraleuropeanacademy.hu\/en\/wp-json\/wp\/v2\/research-topics-events?post=18274"}],"curies":[{"name":"wp","href":"https:\/\/api.w.org\/{rel}","templated":true}]}}