{"id":12239,"date":"2021-06-18T13:32:00","date_gmt":"2021-06-18T11:32:00","guid":{"rendered":"https:\/\/centraleuropeanacademy.hu\/?post_type=rendezveny&#038;p=12239"},"modified":"2025-02-28T11:34:16","modified_gmt":"2025-02-28T10:34:16","slug":"protection-of-family-in-the-legal-system-from-comparative-law-aspects","status":"publish","type":"rendezveny","link":"https:\/\/centraleuropeanacademy.hu\/en\/rendezveny\/protection-of-family-in-the-legal-system-from-comparative-law-aspects\/","title":{"rendered":"Protection of Family in the Legal System from comparative law aspects"},"content":{"rendered":"\n<p>\u201eA csal\u00e1d v\u00e9delme a jogrendszerben\u201d c\u00edm\u0171 konferencia a K\u00f6z\u00e9p-eur\u00f3pai Professzori H\u00e1l\u00f3zat 2021 keret\u00e9ben, a M\u00e1dl Ferenc \u00d6sszehasonl\u00edt\u00f3 Jogi Int\u00e9zet, a Magyar \u00d6sszehasonl\u00edt\u00f3 Jogi Egyes\u00fclet \u00e9s a K\u00f6z\u00e9p-eur\u00f3pai \u00d6sszehasonl\u00edt\u00f3 Jogi Sz\u00f6vets\u00e9g szervez\u00e9s\u00e9ben ker\u00fclt megrendez\u00e9sre. A j\u00e1rv\u00e1nyhelyzetre tekintettel a konferencia hibrid form\u00e1ban zajlott le, az el\u0151ad\u00f3k \u00e9s a hallgat\u00f3s\u00e1g szem\u00e9lyesen \u00e9s online form\u00e1ban is r\u00e9szt vehettek a konferenci\u00e1n.<br>A konferencia c\u00e9lja arra ir\u00e1nyult, hogy \u00e1tfog\u00f3 \u00e9s naprak\u00e9sz betekint\u00e9st ny\u00fajtson a csal\u00e1dok jogi v\u00e9delm\u00e9nek k\u00e9rd\u00e9s\u00e9be a k\u00f6z\u00e9p-eur\u00f3pai r\u00e9gi\u00f3ban, amelynek v\u00e9delme a szervez\u0151k szil\u00e1rd meggy\u0151z\u0151d\u00e9se szerint kulcsfontoss\u00e1g\u00fa Eur\u00f3pa sz\u00e1m\u00e1ra a 21. sz\u00e1zadban.<br>A konferencia t\u00e9mak\u00f6r\u00e9be tartozott a h\u00e1zass\u00e1g \u00e9s csal\u00e1d, mint alapvet\u0151 emberi jogok \u00e9s alapvet\u0151 \u00e9rt\u00e9kek jelent\u0151s\u00e9ge, a h\u00e1zass\u00e1g \u00e9s a csal\u00e1d t\u00e1rsadalmi \u00e9s \u00e1llami v\u00e9delm\u00e9nek jogi \u00e9s nem jogi eszk\u00f6zei, valamint a h\u00e1zass\u00e1g \u00e9s a csal\u00e1d jogi v\u00e9delm\u00e9nek \u00e9rv\u00e9nyes\u00fcl\u00e9se az Emberi Jogok Eur\u00f3pai B\u00edr\u00f3s\u00e1g\u00e1nak (EJEB) \u00e9s az Eur\u00f3pai Uni\u00f3 B\u00edr\u00f3s\u00e1g\u00e1nak (EUB) \u00edt\u00e9lkez\u00e9si gyakorlat\u00e1ban.<br>A konferencia nyit\u00f3besz\u00e9d\u00e9t Prof. Dr. Szil\u00e1gyi J\u00e1nos Ede PhD, a M\u00e1dl Ferenc \u00d6sszehasonl\u00edt\u00f3 Jogi Int\u00e9zet vezet\u0151je tartotta, aki k\u00f6sz\u00f6nt\u00f6tte az el\u0151ad\u00f3kat, a jogtudom\u00e1ny kiv\u00e1l\u00f3 szakembereit. Az \u00fcdv\u00f6zl\u00e9st k\u00f6vet\u0151en a K\u00f6z\u00e9p-eur\u00f3pai Professzori H\u00e1l\u00f3zat fontoss\u00e1g\u00e1t m\u00e9ltatta, bemutatva az alkalmazott kutat\u00e1si m\u00f3dszertant, valamint ismertette, hogy a konferenci\u00e1n bemutatott kutat\u00e1sok eredm\u00e9nyeit v\u00e1rhat\u00f3an decemberben publik\u00e1lj\u00e1k. Szil\u00e1gyi professzor hangs\u00falyozta tov\u00e1bb\u00e1, Magyarorsz\u00e1g sz\u00e1m\u00e1ra kiemelten fontos, hogy r\u00e9szt vegyen az Eur\u00f3pai Bizotts\u00e1g kezdem\u00e9nyez\u00e9s\u00e9re megrendez\u00e9sre ker\u00fcl\u0151 \u201cEur\u00f3pa j\u00f6v\u0151j\u00e9r\u0151l sz\u00f3l\u00f3 konferencia\u201d keret\u00e9ben zajl\u00f3 konferenciasorozaton. A magyar korm\u00e1ny \u00e1ll\u00e1spontj\u00e1val \u00f6sszhangban \u2013 nevezetesen, hogy egy hat\u00e9konyabb \u00e9s val\u00f3ban er\u0151s Eur\u00f3pai Uni\u00f3t kell \u00e9p\u00edteni \u2013 a M\u00e1dl Ferenc \u00d6sszehasonl\u00edt\u00f3 Jogi Int\u00e9zet akt\u00edv szerepet v\u00e1llal az olyan rendezv\u00e9nyek szervez\u00e9s\u00e9ben, ahol a jogtudom\u00e1ny kiv\u00e1l\u00f3 szakemberei \u00e9s a k\u00f6z\u00e9let jeles szerepl\u0151i vitatj\u00e1k meg, milyen kih\u00edv\u00e1sokkal kell szemben\u00e9znie az Uni\u00f3nak az elk\u00f6vetkez\u0151 id\u0151kben.<br>A konferencia els\u0151 el\u0151ad\u00f3ja Prof. Dr. Csehi Zolt\u00e1n PhD \u2013 az Eur\u00f3pai B\u00edr\u00f3s\u00e1g T\u00f6rv\u00e9nysz\u00e9k\u00e9nek b\u00edr\u00e1ja \u2013 volt, aki az EUB \u00fagynevezett \u201cKafala-\u00fcgy\u00e9be\u201d ny\u00fajtott betekint\u00e9st \u201cA csal\u00e1d fogalm\u00e1nak meghat\u00e1roz\u00e1sa az Eur\u00f3pai B\u00edr\u00f3s\u00e1g leg\u00fajabb \u00edt\u00e9lkez\u00e9si gyakorlat\u00e1ban\u201d c\u00edm\u0171 el\u0151ad\u00e1sa keret\u00e9ben. Az \u00fcgy egy alg\u00e9riai gyermekhez kapcsol\u00f3dott, aki az alg\u00e9riai hagyom\u00e1nyos \u201ckafala\u201d rendszeren kereszt\u00fcl egy francia \u00e1llampolg\u00e1rs\u00e1g\u00fa h\u00e1zasp\u00e1r (uni\u00f3s \u00e1llampolg\u00e1r) gy\u00e1ms\u00e1ga al\u00e1 ker\u00fclt. Az \u00fcgyben az EUB arra a k\u00f6vetkeztet\u00e9sre jutott, hogy az alg\u00e9riai gyermek nem tekinthet\u0151 a 2004\/38 ir\u00e1nyelv szerint a francia h\u00e1zasp\u00e1r \u201cegyenes \u00e1gi lesz\u00e1rmazottj\u00e1nak\u201d.<br>A m\u00e1sodik el\u0151ad\u00e1st Dr. Visontai-Szab\u00f3 Katalin PhD, a Szegedi Tudom\u00e1nyegyetem adjunktusa tartotta \u201cA csal\u00e1dv\u00e9delem pszichol\u00f3giai h\u00e1ttere\u201d c\u00edmmel. El\u0151ad\u00e1s\u00e1ban kifejtette, hogy a csal\u00e1d d\u00f6nt\u0151 szerepet j\u00e1tszik a gyermekek szocializ\u00e1ci\u00f3j\u00e1ban, mivel: a csal\u00e1d az a k\u00f6rnyezet, ahol a gyerekek elsaj\u00e1t\u00edtj\u00e1k, hogyan kell m\u00e1sokkal interakci\u00f3ba l\u00e9pni \u00e9s egy\u00fcttm\u0171k\u00f6dni; hogyan kell a konfliktusokat \u00e9s a fesz\u00fclts\u00e9geket kezelni; hogyan kell \u00e9rz\u00e9seiket kifejezni \u00e9s kontroll\u00e1lni. A csal\u00e1d tov\u00e1bb\u00e1 az a hely, ahol a gyermekek megtanulj\u00e1k, hogyan legyenek k\u00e9pesek szeretni \u00e9s szeretve lenni. A csal\u00e1d form\u00e1lja identit\u00e1sukat, \u00e9s v\u00e9g\u00fcl, de nem utols\u00f3sorban olyan \u00e9rt\u00e9keket biztos\u00edt sz\u00e1mukra, amelyek seg\u00edthetik \u0151ket eg\u00e9sz \u00e9let\u00fck sor\u00e1n. Ezek a funkci\u00f3k azonban nehezebben teljes\u00fclnek az egysz\u00fcl\u0151s csal\u00e1dokban, jellemz\u0151en ott, ahol az apa hi\u00e1nyzik a mindennapokb\u00f3l, \u00edgy a gyerekeknek n\u00e9lk\u00fcl\u00f6zni\u00fck kell a f\u00e9rfi\/f\u00e9rj\/apa szerep\u00e9t. \u00c9rvel\u00e9se szerint a h\u00e1zass\u00e1g int\u00e9zm\u00e9nye, amely nagyobb stabilit\u00e1st biztos\u00edt \u2013 \u00e9s ez\u00e1ltal fokozott gyermekv\u00e1llal\u00e1si hajland\u00f3s\u00e1got eredm\u00e9nyez -, v\u00e9delemre \u00e9rdemes. Prof. JUDr. Zde\u017cka Kr\u00e1l\u00ed\u010dkov\u00e1 a cseh Masaryk Egyetem (Masaryk University, Czech Republic) professzora a \u201cCsal\u00e1d \u00e9s csal\u00e1djog Csehorsz\u00e1gban\u201d c\u00edmmel tartott el\u0151ad\u00e1st. \u00dagy \u00e9rvelt, hogy a cseh csal\u00e1djogot egyszerre lehet a hagyom\u00e1nyos \u00e9s a modern szavakkal jellemezni. Ennek az \u00e1ll\u00edt\u00e1snak az igazol\u00e1sa \u00e9rdek\u00e9ben Kr\u00e1l\u00ed\u010dkov\u00e1 Professzor asszony ismertette azokat a jogalkot\u00e1si kezdem\u00e9nyez\u00e9seket, amelyek az inga nyelv\u00e9t a \u2019modern\u2019 oldal fel\u00e9 mozd\u00edthatj\u00e1k el \u2013 azonban csak m\u00e9rs\u00e9kelten.<br>Prof. Dr. Aleksandra Kora\u0107 Graovac PhD a horv\u00e1t Z\u00e1gr\u00e1bi Egyetemr\u0151l (University of Zagreb, Croatia) a horv\u00e1t csal\u00e1djogr\u00f3l tartott el\u0151ad\u00e1st. A csal\u00e1dr\u00f3l sz\u00f3l\u00f3 t\u00f6rv\u00e9ny \u00e9s az azonos nem\u0171ek \u00e9lett\u00e1rsi kapcsolat\u00e1r\u00f3l sz\u00f3l\u00f3 t\u00f6rv\u00e9ny (2014) a nem h\u00e1zass\u00e1gi \u00e9letk\u00f6z\u00f6ss\u00e9g joghat\u00e1sait egyenl\u0151v\u00e9 nyilv\u00e1n\u00edtotta a h\u00e1zass\u00e1gi \u00e9letk\u00f6z\u00f6ss\u00e9g joghat\u00e1saival 2014-ben. B\u00e1r az el\u0151bbit a horv\u00e1t alkotm\u00e1nyb\u00edr\u00f3s\u00e1g megsemmis\u00edtette annak jogi hi\u00e1nyoss\u00e1gai miatt, a 2015-ben elfogadott m\u00f3dos\u00edt\u00e1s orvosolta a kor\u00e1bbi f\u0151bb probl\u00e9m\u00e1kat. A korm\u00e1ny k\u00f6zz\u00e9tett egy tervezetet, amely a csal\u00e1dot \u201caz anya, az apa \u00e9s gyermekeik egys\u00e9gek\u00e9nt hat\u00e1rozta volna meg, [m\u00e9g akkor is, ha] nem \u00e9lnek egy\u00fctt\u201d. Ez a tervezet azonban soha nem l\u00e9pett \u00e9letbe.<br>A virtu\u00e1lis k\u00e1v\u00e9sz\u00fcnetet k\u00f6vet\u0151en Dr. Suzana Kralji\u0107 PhD, a szlov\u00e9niai Maribori Egyetem (University of Maribor, Slovenia) egyetemi docense \u201eAz \u00f6r\u00f6kbefogad\u00e1s \u00faj kih\u00edv\u00e1sai a 21. sz\u00e1zadban \u2013 Vajon k\u00e9szen \u00e1llunk r\u00e1?\u201d c\u00edmmel tartott el\u0151ad\u00e1st. Egyebek k\u00f6z\u00f6tt besz\u00e9lt az azonos nem\u0171 p\u00e1rok \u00f6r\u00f6kbefogad\u00e1s\u00e1nak k\u00e9rd\u00e9s\u00e9r\u0151l a hat\u00e1lyos szlov\u00e9n jogszab\u00e1lyok \u00e9rtelm\u00e9ben. A k\u00f6z\u00f6ns\u00e9get megismertette azokkal a t\u00f6rv\u00e9nyhoz\u00f3i k\u00eds\u00e9rletekkel, amelyek azt c\u00e9lozt\u00e1k, hogy a h\u00e1zass\u00e1gon k\u00edv\u00fcli \u00e9s a h\u00e1zast\u00e1rsi jogviszonyt egyenl\u0151 szintre hozz\u00e1k. Ugyan a t\u00f6rv\u00e9nytervezetet a k\u00e9pvisel\u0151k nagy r\u00e9sze t\u00e1mogatta, az ezt k\u00f6vet\u0151 n\u00e9pszavaz\u00e1son 63%-36% ar\u00e1nyban leszavazt\u00e1k. \u00cdgy a szlov\u00e9n csal\u00e1djogi t\u00f6rv\u00e9ny megmaradt a konzervat\u00edv szab\u00e1lyoz\u00e1s ment\u00e9n, ak\u00e1rcsak a t\u00e9rs\u00e9g m\u00e1s orsz\u00e1gaiban.<br>Prof. Dr. INP PAN Marek Andrzejewski, a Lengyel Akad\u00e9mia Jogtudom\u00e1nyi Int\u00e9zet\u00e9nek (Institute of Legal Sciences of the Polish Academy, Poland) professzora el\u0151ad\u00e1s\u00e1ban amellett \u00e9rvelt, hogy bizonyos eur\u00f3pai uni\u00f3s tag\u00e1llamok \u00e9s tag\u00e1llami szervezetek nyom\u00e1st gyakorolnak m\u00e1s tag\u00e1llamokra annak<br>\u00e9rdek\u00e9ben, hogy azok egyes jogszab\u00e1lyokat bevezessenek f\u00fcggetlen\u00fcl att\u00f3l, hogy a nemzetk\u00f6zi dokumentumok el\u0151\u00edrj\u00e1k a k\u00fcl\u00f6nb\u00f6z\u0151 \u00e1llamok elt\u00e9r\u0151 szab\u00e1lyoz\u00e1s\u00e1nak a tiszteletben tart\u00e1s\u00e1t. Ez a helyzet fesz\u00fclts\u00e9get teremt a nyugat-eur\u00f3pai \u00e9s a k\u00f6z\u00e9p-eur\u00f3pai orsz\u00e1gok k\u00f6z\u00f6tt. N\u00e9zete szerint, ut\u00f3bbiak kor\u00e1bban \u00e9szlelt\u00e9k a h\u00e1zass\u00e1g int\u00e9zm\u00e9ny\u00e9t fenyeget\u0151 vesz\u00e9lyt, \u00edgy k\u00e9pesek voltak m\u00e9g id\u0151ben enyh\u00edteni ezeknek az \u00fagynevezett \u201eprogressz\u00edv tendenci\u00e1knak\u201d a hat\u00e1s\u00e1t, amelyek a csal\u00e1dnak az ember egy\u00e9ni fejl\u0151d\u00e9s\u00e9ben, valamint a t\u00e1rsadalom m\u0171k\u00f6d\u00e9s\u00e9ben j\u00e1tszott szerep\u00e9t alul\u00e9rt\u00e9kelik. Prof. Dr. Gordana Kova\u010dek Stani\u0107 a szerbiai Novi Sad Egyetemr\u0151l (University of Novi Sad, Serbia) betekint\u00e9st ny\u00fajtott a k\u00f6z\u00f6ns\u00e9g sz\u00e1m\u00e1ra Szerbia h\u00e1zass\u00e1gi statisztik\u00e1j\u00e1ba, valamint a szerb csal\u00e1djogi t\u00f6rv\u00e9ny \u00e9rtelm\u00e9ben alkalmazott tulajdonjogi rendszerbe, ami \u2013 jelenlegi form\u00e1j\u00e1ban \u2013 csak a h\u00e1zass\u00e1g int\u00e9zm\u00e9ny\u00e9t ismeri el \u00e9s nem tartalmaz az \u00e9lett\u00e1rsi kapcsolatra vonatkoz\u00f3 semmilyen rendelkez\u00e9st, legyen sz\u00f3 azonos, vagy ellent\u00e9tes nem\u0171 p\u00e1rokr\u00f3l. Vagyis ezen kapcsolatok de facto p\u00e1rkapcsolatnak min\u0151s\u00fclnek, amely nem biztos\u00edt olyan jelleg\u0171 v\u00e9delmet a p\u00e1roknak, mint a h\u00e1zast\u00e1rsi \u00e9letk\u00f6z\u00f6ss\u00e9g, \u00e9s komoly k\u00e9rd\u00e9seket vet fel a tulajdonjoggal kapcsolatban. Ennek ellen\u00e9re el\u0151k\u00e9sz\u00edt\u00e9si f\u00e1zisban van egy t\u00f6rv\u00e9nytervezet, amely az azonos nem\u0171 p\u00e1roknak lehet\u0151v\u00e9 tenn\u00e9 a kapcsolatuk formai keretek k\u00f6z\u00e9 z\u00e1r\u00e1s\u00e1t, akik \u00edgy csaknem a h\u00e1zast\u00e1rsakkal egyenl\u0151 jogokat kapn\u00e1nak \u2013 pl. tulajdonjog \u00e9s \u00f6r\u00f6kl\u00e9s ter\u00e9n \u2013- kiv\u00e9ve a sz\u00fcl\u0151i st\u00e1tuszhoz kapcsol\u00f3d\u00f3 jogokat.<br>Dr. JUDr. Lilla Garayov\u00e1, PhD, (P\u00e1neur\u00f3pai Egyetem (PEU), Szlov\u00e1kia) \u201eSzlov\u00e1kia \u2013 A csal\u00e1gjog egy konzervat\u00edv megk\u00f6zel\u00edt\u00e9se\u201d c\u00edmmel tartott el\u0151ad\u00e1s\u00e1ban azzal \u00e9rvelt, hogy a h\u00e1zass\u00e1gnak nincs alternat\u00edv\u00e1ja. Kiemelte, hogy a f\u00e9rfi \u00e9s n\u0151 sz\u00f6vets\u00e9ge a civiliz\u00e1ci\u00f3val egyid\u0151s, \u00e9s az gyakorlatilag minden t\u00e1rsadalomban megtal\u00e1lhat\u00f3. Ugyanakkor a h\u00e1zass\u00e1g int\u00e9zm\u00e9nye az elm\u00falt 50 \u00e9vben nagyobb v\u00e1ltoz\u00e1son esett \u00e1t, mint az azt megel\u0151z\u0151 500 \u00e9vben. M\u00edg a m\u00faltban a h\u00e1zass\u00e1g els\u0151sorban a t\u00e1rsadalmi \u00e9s gazdas\u00e1gi stabilit\u00e1st szolg\u00e1lta, amely elengedhetetlen alapfelt\u00e9tele t\u00f6bbek k\u00f6z\u00f6tt a gyermeknevel\u00e9snek, a gondolat, hogy a h\u00e1zass\u00e1g egy priv\u00e1t kapcsolat, amelynek c\u00e9lja k\u00e9t egy\u00e9n kiteljesed\u00e9se, nagyon \u00faj. Mivel ez a kiteljesed\u00e9s nem mindig jelent egyet a gyermeknevel\u00e9ssel, a h\u00e1zass\u00e1g c\u00e9lja is \u00e1t\u00e9rtelmez\u0151d\u00f6tt az elm\u00falt f\u00e9l \u00e9vsz\u00e1zadban, amely kik\u00f6vezte az utat az \u00e9lett\u00e1rsi kapcsolat \u00faj form\u00e1i, a h\u00e1zast\u00e1rs nem\u00e9nek \u00e9s az egy\u00fctt\u00e9l\u00e9s fogalm\u00e1nak \u00fajra\u00e9rtelmez\u00e9se el\u0151tt a nyugati vil\u00e1gban. Ezek a v\u00e1ltoz\u00e1sok nem voltak ennyire egy\u00e9rtelm\u0171ek a visegr\u00e1di n\u00e9gyek orsz\u00e1gaiban: Csehorsz\u00e1g, Magyarorsz\u00e1g, Lengyelorsz\u00e1g \u00e9s Szlov\u00e1kia konzervat\u00edvabb hozz\u00e1\u00e1ll\u00e1st tan\u00fas\u00edtott, \u00e1m most v\u00e1lasz\u00fathoz \u00e9rkeztek, \u00e9s d\u00f6nteni\u00fck kell, hogy maradjanak-e a jelenlegi \u00f6sv\u00e9nyen, vagy t\u00e9rjenek-e \u00e1t a \u201enyugati \u00fatra\u201d. A jelenlegi t\u00e1rsadalmi \u00e9s jogalkot\u00f3i tendenci\u00e1k nyom\u00e1st gyakorolnak ezen orsz\u00e1gokra, annak \u00e9rdek\u00e9ben, hogy elfogadj\u00e1k ezt az \u00faj ir\u00e1nyt.<br>Az eb\u00e9dsz\u00fcnet ut\u00e1n Dr. S\u00e1pi Edit PhD (Miskolci Egyetem, Magyarorsz\u00e1g) adott betekint\u00e9st a csal\u00e1d fogalm\u00e1ba \u00e9s a p\u00e1rkapcsolatok egy\u00e9b form\u00e1iba a magyar jogrendszer t\u00fckr\u00e9ben. T\u00f6bbek k\u00f6z\u00f6tt bemutatta Magyarorsz\u00e1g Alapt\u00f6rv\u00e9ny\u00e9t \u00e9s a csal\u00e1dv\u00e9delmi t\u00f6rv\u00e9nyt is. Dr. Moln\u00e1r Bal\u00e1zs (Kopp M\u00e1ria Int\u00e9zet a N\u00e9pesed\u00e9s\u00e9rt \u00e9s a Csal\u00e1dok\u00e9rt, Magyarorsz\u00e1g) el\u0151ad\u00e1s\u00e1ban kifejtette, hogy egy t\u00e1rsadalom nem m\u0171k\u00f6dhet j\u00f3l, j\u00f3l m\u0171k\u00f6d\u0151 csal\u00e1dok n\u00e9lk\u00fcl. Bemutatta a magyar korm\u00e1ny Csal\u00e1dv\u00e9delmi Akci\u00f3terv\u00e9t, amelyet ennek a c\u00e9lnak a megval\u00f3s\u00edt\u00e1s\u00e1ra hoztak l\u00e9tre. A program els\u0151 \u00e9v\u00e9ben k\u00f6zel 200 000 csal\u00e1d jutott t\u00e1mogat\u00e1shoz. A felm\u00e9r\u00e9sek alapj\u00e1n egy \u00f6t\u00f6d\u00fck nem v\u00e1llalt volna gyermeket, ha nincs a Csal\u00e1dv\u00e9delmi Akci\u00f3terv.<br>V\u00e9gezet\u00fcl Dr. hab. Barz\u00f3 T\u00edmea (Miskolci Egyetem, Magyarorsz\u00e1g) adott el\u0151 a csal\u00e1d int\u00e9zm\u00e9nye fogalmi meghat\u00e1roz\u00e1s\u00e1nak neh\u00e9zs\u00e9geir\u0151l a k\u00f6z\u00e9p-eur\u00f3pai orsz\u00e1gok jogrendszereiben. Dr. Moln\u00e1r Bal\u00e1zs t\u00e9zis\u00e9hez hasonl\u00f3 \u00e1ll\u00edt\u00e1ssal ind\u00edtotta el\u0151ad\u00e1s\u00e1t, mely szerint \u201ea csal\u00e1dok a t\u00e1rsadalmak alapvet\u0151 elemei, az \u00f6sszetartoz\u00e1st k\u00e9pviselik\u201d. A csal\u00e1d ilyen kiemelt fontoss\u00e1ga hangs\u00falyosan van jelen a k\u00f6z\u00e9p-eur\u00f3pai orsz\u00e1gok (Horv\u00e1torsz\u00e1g, Csehorsz\u00e1g, Lengyelorsz\u00e1g, Szerbia \u00e9s Szlov\u00e1kia) jogi rendelkez\u00e9seiben, amelyek kutat\u00e1sa f\u0151 t\u00e9m\u00e1j\u00e1t adt\u00e1k. Fontos kiemeln\u00fcnk, hogy meg\u00e1llap\u00edt\u00e1sai egybecsengenek Dr. JUDr. Garayov\u00e1 \u00e1ll\u00edt\u00e1saival, aki hasonl\u00f3an fogalmazott a visegr\u00e1di n\u00e9gyek orsz\u00e1gaival kapcsolatban.<\/p>\n\n\n\n<p><\/p>\n\n\n\n<figure class=\"wp-block-image aligncenter size-full\"><img fetchpriority=\"high\" decoding=\"async\" width=\"725\" height=\"1024\" src=\"https:\/\/centraleuropeanacademy.hu\/wp-content\/uploads\/2021\/06\/image-1.png\" alt=\"\" class=\"wp-image-13423\" srcset=\"https:\/\/centraleuropeanacademy.hu\/wp-content\/uploads\/2021\/06\/image-1.png 725w, https:\/\/centraleuropeanacademy.hu\/wp-content\/uploads\/2021\/06\/image-1-496x700.png 496w, https:\/\/centraleuropeanacademy.hu\/wp-content\/uploads\/2021\/06\/image-1-8x12.png 8w\" sizes=\"(max-width: 725px) 100vw, 725px\" \/><\/figure>\n\n\n\n<p><\/p>\n\n\n\n<p><\/p>\n\n\n\n<figure class=\"wp-block-embed is-type-video is-provider-youtube wp-block-embed-youtube wp-embed-aspect-16-9 wp-has-aspect-ratio\"><div class=\"wp-block-embed__wrapper\">\n<iframe title=\"International Scientific Conference on the Protection of Family in the Legal System (12\/1)\" width=\"500\" height=\"281\" src=\"https:\/\/www.youtube.com\/embed\/jjo1c1jp3Mk?list=PLq-21npmYIrPavUfU0B4aqLMrHHgUWQDF\" frameborder=\"0\" allow=\"accelerometer; autoplay; clipboard-write; encrypted-media; gyroscope; picture-in-picture; web-share\" referrerpolicy=\"strict-origin-when-cross-origin\" allowfullscreen><\/iframe>\n<\/div><\/figure>\n\n\n\n<p><\/p>\n\n\n\n<p>*A rendezv\u00e9ny z\u00e1rtk\u00f6r\u0171, kiz\u00e1r\u00f3lag megh\u00edv\u00e1sos alapon lehet rajta r\u00e9szt venni.<\/p>\n\n\n\n<p class=\"eloadok\">El\u0151ad\u00f3k: J\u00e1nos Ede Szil\u00e1gyi, Zolt\u00e1n Csehi, Katalin Visotai-Szab\u00f3, Aleksandra Kora\u0107 Graovac, Zde\u0148ka Kr\u00e1l\u00ed\u010dkov\u00e1, Dr. Marek Andrzejewski, Gordana Kova\u010dek Stani\u0107, Lilla Garayov\u00e1, Suzana Kralji\u0107, Edit S\u00e1pi, Bal\u00e1zs Moln\u00e1r, T\u00edmea Heniern\u00e9 Barz\u00f3 <\/p>\n","protected":false},"excerpt":{"rendered":"<p>\u201eA csal\u00e1d v\u00e9delme a jogrendszerben\u201d c\u00edm\u0171 konferencia a K\u00f6z\u00e9p-eur\u00f3pai Professzori H\u00e1l\u00f3zat 2021 keret\u00e9ben, a M\u00e1dl Ferenc \u00d6sszehasonl\u00edt\u00f3 Jogi Int\u00e9zet, a [&hellip;]<\/p>\n","protected":false},"author":7,"featured_media":12240,"parent":0,"comment_status":"open","ping_status":"closed","template":"","meta":{"_acf_changed":true,"site-sidebar-layout":"default","site-content-layout":"","ast-site-content-layout":"","site-content-style":"default","site-sidebar-style":"default","ast-global-header-display":"","ast-banner-title-visibility":"","ast-main-header-display":"","ast-hfb-above-header-display":"","ast-hfb-below-header-display":"","ast-hfb-mobile-header-display":"","site-post-title":"","ast-breadcrumbs-content":"","ast-featured-img":"","footer-sml-layout":"","ast-disable-related-posts":"","theme-transparent-header-meta":"","adv-header-id-meta":"","stick-header-meta":"","header-above-stick-meta":"","header-main-stick-meta":"","header-below-stick-meta":"","astra-migrate-meta-layouts":"default","ast-page-background-enabled":"default","ast-page-background-meta":{"desktop":{"background-color":"var(--ast-global-color-4)","background-image":"","background-repeat":"repeat","background-position":"center center","background-size":"auto","background-attachment":"scroll","background-type":"","background-media":"","overlay-type":"","overlay-color":"","overlay-opacity":"","overlay-gradient":""},"tablet":{"background-color":"","background-image":"","background-repeat":"repeat","background-position":"center center","background-size":"auto","background-attachment":"scroll","background-type":"","background-media":"","overlay-type":"","overlay-color":"","overlay-opacity":"","overlay-gradient":""},"mobile":{"background-color":"","background-image":"","background-repeat":"repeat","background-position":"center center","background-size":"auto","background-attachment":"scroll","background-type":"","background-media":"","overlay-type":"","overlay-color":"","overlay-opacity":"","overlay-gradient":""}},"ast-content-background-meta":{"desktop":{"background-color":"var(--ast-global-color-5)","background-image":"","background-repeat":"repeat","background-position":"center center","background-size":"auto","background-attachment":"scroll","background-type":"","background-media":"","overlay-type":"","overlay-color":"","overlay-opacity":"","overlay-gradient":""},"tablet":{"background-color":"var(--ast-global-color-5)","background-image":"","background-repeat":"repeat","background-position":"center center","background-size":"auto","background-attachment":"scroll","background-type":"","background-media":"","overlay-type":"","overlay-color":"","overlay-opacity":"","overlay-gradient":""},"mobile":{"background-color":"var(--ast-global-color-5)","background-image":"","background-repeat":"repeat","background-position":"center center","background-size":"auto","background-attachment":"scroll","background-type":"","background-media":"","overlay-type":"","overlay-color":"","overlay-opacity":"","overlay-gradient":""}}},"countries-concerned":[422,428,416,420,471,473],"rendezvenyek-erintett-orszagok":[155,154,122,153,214,215],"event-format":[432],"event-language":[466],"kutatasi-emak-rendezvenyek":[248],"rendezveny-cimkei":[294,278,295,275],"rendezveny-nyelve":[117],"rendezveny-tipusa":[217],"research-topics-events":[490],"class_list":["post-12239","rendezveny","type-rendezveny","status-publish","has-post-thumbnail","hentry","countries-concerned-croatia","countries-concerned-czech-republic","countries-concerned-hungary","countries-concerned-poland","countries-concerned-serbia","countries-concerned-slovenia","rendezvenyek-erintett-orszagok-csehorszag","rendezvenyek-erintett-orszagok-horvatorszag","rendezvenyek-erintett-orszagok-lengyelorszag","rendezvenyek-erintett-orszagok-magyarorszag","rendezvenyek-erintett-orszagok-szerbia","rendezvenyek-erintett-orszagok-szlovenia","event-format-conference","event-language-english","kutatasi-emak-rendezvenyek-csalad-vedelme","rendezveny-cimkei-academy","rendezveny-cimkei-cea","rendezveny-cimkei-central-europe","rendezveny-cimkei-eu","rendezveny-nyelve-angol","rendezveny-tipusa-konferencia","research-topics-events-family-protection"],"acf":[],"yoast_head":"<!-- This site is optimized with the Yoast SEO Premium plugin v27.5 (Yoast SEO v27.5) - https:\/\/yoast.com\/product\/yoast-seo-premium-wordpress\/ -->\n<title>Protection of Family in the Legal System from comparative law aspects | ME KEA<\/title>\n<meta name=\"description\" content=\"A \u201eCsal\u00e1d v\u00e9delme a jogrendszerben\u201d konferencia 2021-ben hibrid form\u00e1ban t\u00e1rgyalta a csal\u00e1dv\u00e9delmi jogi aspektusokat.\" \/>\n<meta name=\"robots\" content=\"index, follow, max-snippet:-1, max-image-preview:large, max-video-preview:-1\" \/>\n<link rel=\"canonical\" href=\"https:\/\/centraleuropeanacademy.hu\/en\/rendezveny\/protection-of-family-in-the-legal-system-from-comparative-law-aspects\/\" \/>\n<meta property=\"og:locale\" content=\"en_GB\" \/>\n<meta property=\"og:type\" content=\"article\" \/>\n<meta property=\"og:title\" content=\"Protection of Family in the Legal System from comparative law aspects\" \/>\n<meta property=\"og:description\" content=\"A K\u00f6z\u00e9p-eur\u00f3pai Akad\u00e9mia k\u00f6zfeladatot ell\u00e1t\u00f3 szervezet, f\u0151 c\u00e9lja a r\u00e9gi\u00f3s orsz\u00e1gok jogtudom\u00e1ny\u00e1nak \u00e9s ezen bel\u00fcl jogalkot\u00e1s\u00e1nak fejleszt\u00e9se.\" \/>\n<meta property=\"og:url\" content=\"https:\/\/centraleuropeanacademy.hu\/en\/rendezveny\/protection-of-family-in-the-legal-system-from-comparative-law-aspects\/\" \/>\n<meta property=\"og:site_name\" content=\"ME KEA\" \/>\n<meta property=\"article:modified_time\" content=\"2025-02-28T10:34:16+00:00\" \/>\n<meta property=\"og:image\" content=\"https:\/\/centraleuropeanacademy.hu\/wp-content\/uploads\/2024\/07\/Slovenian-law-30-1024x683.webp\" \/>\n\t<meta property=\"og:image:width\" content=\"1024\" \/>\n\t<meta property=\"og:image:height\" content=\"683\" \/>\n\t<meta property=\"og:image:type\" content=\"image\/webp\" \/>\n<meta name=\"twitter:card\" content=\"summary_large_image\" \/>\n<meta name=\"twitter:label1\" content=\"Estimated reading time\" \/>\n\t<meta name=\"twitter:data1\" content=\"8 minutes\" \/>\n<script type=\"application\/ld+json\" class=\"yoast-schema-graph\">{\"@context\":\"https:\\\/\\\/schema.org\",\"@graph\":[{\"@type\":\"WebPage\",\"@id\":\"https:\\\/\\\/centraleuropeanacademy.hu\\\/rendezveny\\\/protection-of-family-in-the-legal-system-from-comparative-law-aspects\\\/\",\"url\":\"https:\\\/\\\/centraleuropeanacademy.hu\\\/rendezveny\\\/protection-of-family-in-the-legal-system-from-comparative-law-aspects\\\/\",\"name\":\"Protection of Family in the Legal System from comparative law aspects | ME KEA\",\"isPartOf\":{\"@id\":\"https:\\\/\\\/centraleuropeanacademy.hu\\\/#website\"},\"primaryImageOfPage\":{\"@id\":\"https:\\\/\\\/centraleuropeanacademy.hu\\\/rendezveny\\\/protection-of-family-in-the-legal-system-from-comparative-law-aspects\\\/#primaryimage\"},\"image\":{\"@id\":\"https:\\\/\\\/centraleuropeanacademy.hu\\\/rendezveny\\\/protection-of-family-in-the-legal-system-from-comparative-law-aspects\\\/#primaryimage\"},\"thumbnailUrl\":\"https:\\\/\\\/centraleuropeanacademy.hu\\\/wp-content\\\/uploads\\\/2024\\\/07\\\/Slovenian-law-30.webp\",\"datePublished\":\"2021-06-18T11:32:00+00:00\",\"dateModified\":\"2025-02-28T10:34:16+00:00\",\"description\":\"A \u201eCsal\u00e1d v\u00e9delme a jogrendszerben\u201d konferencia 2021-ben hibrid form\u00e1ban t\u00e1rgyalta a csal\u00e1dv\u00e9delmi jogi aspektusokat.\",\"breadcrumb\":{\"@id\":\"https:\\\/\\\/centraleuropeanacademy.hu\\\/rendezveny\\\/protection-of-family-in-the-legal-system-from-comparative-law-aspects\\\/#breadcrumb\"},\"inLanguage\":\"en-GB\",\"potentialAction\":[{\"@type\":\"ReadAction\",\"target\":[\"https:\\\/\\\/centraleuropeanacademy.hu\\\/rendezveny\\\/protection-of-family-in-the-legal-system-from-comparative-law-aspects\\\/\"]}]},{\"@type\":\"ImageObject\",\"inLanguage\":\"en-GB\",\"@id\":\"https:\\\/\\\/centraleuropeanacademy.hu\\\/rendezveny\\\/protection-of-family-in-the-legal-system-from-comparative-law-aspects\\\/#primaryimage\",\"url\":\"https:\\\/\\\/centraleuropeanacademy.hu\\\/wp-content\\\/uploads\\\/2024\\\/07\\\/Slovenian-law-30.webp\",\"contentUrl\":\"https:\\\/\\\/centraleuropeanacademy.hu\\\/wp-content\\\/uploads\\\/2024\\\/07\\\/Slovenian-law-30.webp\",\"width\":2560,\"height\":1707,\"caption\":\"Protection of Family in the Legal System\"},{\"@type\":\"BreadcrumbList\",\"@id\":\"https:\\\/\\\/centraleuropeanacademy.hu\\\/rendezveny\\\/protection-of-family-in-the-legal-system-from-comparative-law-aspects\\\/#breadcrumb\",\"itemListElement\":[{\"@type\":\"ListItem\",\"position\":1,\"name\":\"Kezd\u0151lap\",\"item\":\"https:\\\/\\\/centraleuropeanacademy.hu\\\/\"},{\"@type\":\"ListItem\",\"position\":2,\"name\":\"Protection of Family in the Legal System from comparative law aspects\"}]},{\"@type\":\"WebSite\",\"@id\":\"https:\\\/\\\/centraleuropeanacademy.hu\\\/#website\",\"url\":\"https:\\\/\\\/centraleuropeanacademy.hu\\\/\",\"name\":\"CEA\",\"description\":\"\",\"publisher\":{\"@id\":\"https:\\\/\\\/centraleuropeanacademy.hu\\\/#organization\"},\"potentialAction\":[{\"@type\":\"SearchAction\",\"target\":{\"@type\":\"EntryPoint\",\"urlTemplate\":\"https:\\\/\\\/centraleuropeanacademy.hu\\\/?s={search_term_string}\"},\"query-input\":{\"@type\":\"PropertyValueSpecification\",\"valueRequired\":true,\"valueName\":\"search_term_string\"}}],\"inLanguage\":\"en-GB\"},{\"@type\":\"Organization\",\"@id\":\"https:\\\/\\\/centraleuropeanacademy.hu\\\/#organization\",\"name\":\"K\u00f6z\u00e9p-eur\u00f3pai Akad\u00e9mia\",\"alternateName\":\"K\u00f6z\u00e9p-Eur\u00f3pai Akad\u00e9mia\",\"url\":\"https:\\\/\\\/centraleuropeanacademy.hu\\\/\",\"logo\":{\"@type\":\"ImageObject\",\"inLanguage\":\"en-GB\",\"@id\":\"https:\\\/\\\/centraleuropeanacademy.hu\\\/#\\\/schema\\\/logo\\\/image\\\/\",\"url\":\"https:\\\/\\\/centraleuropeanacademy.hu\\\/wp-content\\\/uploads\\\/2024\\\/04\\\/cea-logo.png\",\"contentUrl\":\"https:\\\/\\\/centraleuropeanacademy.hu\\\/wp-content\\\/uploads\\\/2024\\\/04\\\/cea-logo.png\",\"width\":1080,\"height\":417,\"caption\":\"K\u00f6z\u00e9p-eur\u00f3pai Akad\u00e9mia\"},\"image\":{\"@id\":\"https:\\\/\\\/centraleuropeanacademy.hu\\\/#\\\/schema\\\/logo\\\/image\\\/\"},\"description\":\"A budapesti sz\u00e9khellyel l\u00e9trej\u00f6tt K\u00f6z\u00e9p-eur\u00f3pai Akad\u00e9mia (CEA) a Miskolci Egyetem \u00e1ltal alap\u00edtott, k\u00f6zfeladatot ell\u00e1t\u00f3 szervezet.\",\"email\":\"academy@centraleuropeanacademy.hu\",\"telephone\":\"academy@centraleuropeanacademy.hu\",\"legalName\":\"K\u00f6z\u00e9p-eur\u00f3pai Akad\u00e9mia\",\"taxID\":\"19359711-1-43\"}]}<\/script>\n<!-- \/ Yoast SEO Premium plugin. -->","yoast_head_json":{"title":"Protection of Family in the Legal System from comparative law aspects | ME KEA","description":"In 2021, the conference \"Family Protection in the Legal System\" addressed the legal aspects of family protection in a hybrid format.","robots":{"index":"index","follow":"follow","max-snippet":"max-snippet:-1","max-image-preview":"max-image-preview:large","max-video-preview":"max-video-preview:-1"},"canonical":"https:\/\/centraleuropeanacademy.hu\/en\/rendezveny\/protection-of-family-in-the-legal-system-from-comparative-law-aspects\/","og_locale":"en_GB","og_type":"article","og_title":"Protection of Family in the Legal System from comparative law aspects","og_description":"A K\u00f6z\u00e9p-eur\u00f3pai Akad\u00e9mia k\u00f6zfeladatot ell\u00e1t\u00f3 szervezet, f\u0151 c\u00e9lja a r\u00e9gi\u00f3s orsz\u00e1gok jogtudom\u00e1ny\u00e1nak \u00e9s ezen bel\u00fcl jogalkot\u00e1s\u00e1nak fejleszt\u00e9se.","og_url":"https:\/\/centraleuropeanacademy.hu\/en\/rendezveny\/protection-of-family-in-the-legal-system-from-comparative-law-aspects\/","og_site_name":"ME KEA","article_modified_time":"2025-02-28T10:34:16+00:00","og_image":[{"width":1024,"height":683,"url":"https:\/\/centraleuropeanacademy.hu\/wp-content\/uploads\/2024\/07\/Slovenian-law-30-1024x683.webp","type":"image\/webp"}],"twitter_card":"summary_large_image","twitter_misc":{"Estimated reading time":"8 minutes"},"schema":{"@context":"https:\/\/schema.org","@graph":[{"@type":"WebPage","@id":"https:\/\/centraleuropeanacademy.hu\/rendezveny\/protection-of-family-in-the-legal-system-from-comparative-law-aspects\/","url":"https:\/\/centraleuropeanacademy.hu\/rendezveny\/protection-of-family-in-the-legal-system-from-comparative-law-aspects\/","name":"Protection of Family in the Legal System from comparative law aspects | ME KEA","isPartOf":{"@id":"https:\/\/centraleuropeanacademy.hu\/#website"},"primaryImageOfPage":{"@id":"https:\/\/centraleuropeanacademy.hu\/rendezveny\/protection-of-family-in-the-legal-system-from-comparative-law-aspects\/#primaryimage"},"image":{"@id":"https:\/\/centraleuropeanacademy.hu\/rendezveny\/protection-of-family-in-the-legal-system-from-comparative-law-aspects\/#primaryimage"},"thumbnailUrl":"https:\/\/centraleuropeanacademy.hu\/wp-content\/uploads\/2024\/07\/Slovenian-law-30.webp","datePublished":"2021-06-18T11:32:00+00:00","dateModified":"2025-02-28T10:34:16+00:00","description":"In 2021, the conference \"Family Protection in the Legal System\" addressed the legal aspects of family protection in a hybrid format.","breadcrumb":{"@id":"https:\/\/centraleuropeanacademy.hu\/rendezveny\/protection-of-family-in-the-legal-system-from-comparative-law-aspects\/#breadcrumb"},"inLanguage":"en-GB","potentialAction":[{"@type":"ReadAction","target":["https:\/\/centraleuropeanacademy.hu\/rendezveny\/protection-of-family-in-the-legal-system-from-comparative-law-aspects\/"]}]},{"@type":"ImageObject","inLanguage":"en-GB","@id":"https:\/\/centraleuropeanacademy.hu\/rendezveny\/protection-of-family-in-the-legal-system-from-comparative-law-aspects\/#primaryimage","url":"https:\/\/centraleuropeanacademy.hu\/wp-content\/uploads\/2024\/07\/Slovenian-law-30.webp","contentUrl":"https:\/\/centraleuropeanacademy.hu\/wp-content\/uploads\/2024\/07\/Slovenian-law-30.webp","width":2560,"height":1707,"caption":"Protection of Family in the Legal System"},{"@type":"BreadcrumbList","@id":"https:\/\/centraleuropeanacademy.hu\/rendezveny\/protection-of-family-in-the-legal-system-from-comparative-law-aspects\/#breadcrumb","itemListElement":[{"@type":"ListItem","position":1,"name":"Kezd\u0151lap","item":"https:\/\/centraleuropeanacademy.hu\/"},{"@type":"ListItem","position":2,"name":"Protection of Family in the Legal System from comparative law aspects"}]},{"@type":"WebSite","@id":"https:\/\/centraleuropeanacademy.hu\/#website","url":"https:\/\/centraleuropeanacademy.hu\/","name":"CEA","description":"","publisher":{"@id":"https:\/\/centraleuropeanacademy.hu\/#organization"},"potentialAction":[{"@type":"SearchAction","target":{"@type":"EntryPoint","urlTemplate":"https:\/\/centraleuropeanacademy.hu\/?s={search_term_string}"},"query-input":{"@type":"PropertyValueSpecification","valueRequired":true,"valueName":"search_term_string"}}],"inLanguage":"en-GB"},{"@type":"Organization","@id":"https:\/\/centraleuropeanacademy.hu\/#organization","name":"Central European Academy","alternateName":"K\u00f6z\u00e9p-Eur\u00f3pai Akad\u00e9mia","url":"https:\/\/centraleuropeanacademy.hu\/","logo":{"@type":"ImageObject","inLanguage":"en-GB","@id":"https:\/\/centraleuropeanacademy.hu\/#\/schema\/logo\/image\/","url":"https:\/\/centraleuropeanacademy.hu\/wp-content\/uploads\/2024\/04\/cea-logo.png","contentUrl":"https:\/\/centraleuropeanacademy.hu\/wp-content\/uploads\/2024\/04\/cea-logo.png","width":1080,"height":417,"caption":"K\u00f6z\u00e9p-eur\u00f3pai Akad\u00e9mia"},"image":{"@id":"https:\/\/centraleuropeanacademy.hu\/#\/schema\/logo\/image\/"},"description":"A budapesti sz\u00e9khellyel l\u00e9trej\u00f6tt K\u00f6z\u00e9p-eur\u00f3pai Akad\u00e9mia (CEA) a Miskolci Egyetem \u00e1ltal alap\u00edtott, k\u00f6zfeladatot ell\u00e1t\u00f3 szervezet.","email":"academy@centraleuropeanacademy.hu","telephone":"academy@centraleuropeanacademy.hu","legalName":"K\u00f6z\u00e9p-eur\u00f3pai Akad\u00e9mia","taxID":"19359711-1-43"}]}},"_links":{"self":[{"href":"https:\/\/centraleuropeanacademy.hu\/en\/wp-json\/wp\/v2\/rendezveny\/12239","targetHints":{"allow":["GET"]}}],"collection":[{"href":"https:\/\/centraleuropeanacademy.hu\/en\/wp-json\/wp\/v2\/rendezveny"}],"about":[{"href":"https:\/\/centraleuropeanacademy.hu\/en\/wp-json\/wp\/v2\/types\/rendezveny"}],"author":[{"embeddable":true,"href":"https:\/\/centraleuropeanacademy.hu\/en\/wp-json\/wp\/v2\/users\/7"}],"replies":[{"embeddable":true,"href":"https:\/\/centraleuropeanacademy.hu\/en\/wp-json\/wp\/v2\/comments?post=12239"}],"wp:featuredmedia":[{"embeddable":true,"href":"https:\/\/centraleuropeanacademy.hu\/en\/wp-json\/wp\/v2\/media\/12240"}],"wp:attachment":[{"href":"https:\/\/centraleuropeanacademy.hu\/en\/wp-json\/wp\/v2\/media?parent=12239"}],"wp:term":[{"taxonomy":"countries-concerned","embeddable":true,"href":"https:\/\/centraleuropeanacademy.hu\/en\/wp-json\/wp\/v2\/countries-concerned?post=12239"},{"taxonomy":"rendezvenyek-erintett-orszagok","embeddable":true,"href":"https:\/\/centraleuropeanacademy.hu\/en\/wp-json\/wp\/v2\/rendezvenyek-erintett-orszagok?post=12239"},{"taxonomy":"event-format","embeddable":true,"href":"https:\/\/centraleuropeanacademy.hu\/en\/wp-json\/wp\/v2\/event-format?post=12239"},{"taxonomy":"event-language","embeddable":true,"href":"https:\/\/centraleuropeanacademy.hu\/en\/wp-json\/wp\/v2\/event-language?post=12239"},{"taxonomy":"kutatasi-emak-rendezvenyek","embeddable":true,"href":"https:\/\/centraleuropeanacademy.hu\/en\/wp-json\/wp\/v2\/kutatasi-emak-rendezvenyek?post=12239"},{"taxonomy":"rendezveny-cimkei","embeddable":true,"href":"https:\/\/centraleuropeanacademy.hu\/en\/wp-json\/wp\/v2\/rendezveny-cimkei?post=12239"},{"taxonomy":"rendezveny-nyelve","embeddable":true,"href":"https:\/\/centraleuropeanacademy.hu\/en\/wp-json\/wp\/v2\/rendezveny-nyelve?post=12239"},{"taxonomy":"rendezveny-tipusa","embeddable":true,"href":"https:\/\/centraleuropeanacademy.hu\/en\/wp-json\/wp\/v2\/rendezveny-tipusa?post=12239"},{"taxonomy":"research-topics-events","embeddable":true,"href":"https:\/\/centraleuropeanacademy.hu\/en\/wp-json\/wp\/v2\/research-topics-events?post=12239"}],"curies":[{"name":"wp","href":"https:\/\/api.w.org\/{rel}","templated":true}]}}