{"id":12225,"date":"2021-05-28T11:32:00","date_gmt":"2021-05-28T09:32:00","guid":{"rendered":"https:\/\/centraleuropeanacademy.hu\/?post_type=rendezveny&#038;p=12225"},"modified":"2025-02-28T11:38:00","modified_gmt":"2025-02-28T10:38:00","slug":"religious-symbols-in-the-public-sphere-in-central-and-eastern-european-legal-systems","status":"publish","type":"rendezveny","link":"https:\/\/centraleuropeanacademy.hu\/en\/rendezveny\/religious-symbols-in-the-public-sphere-in-central-and-eastern-european-legal-systems\/","title":{"rendered":"Religious symbols in the public sphere in Central and Eastern European legal systems"},"content":{"rendered":"<p>Source (09.08.2024): <a href=\"https:\/\/mfi.gov.hu\/esemenyek\/vallasi-jelkepek-a-kozszferaban-a-kozep-es-kelet-europai-orszagok-jogrendjeben\/\">https:\/\/mfi.gov.hu\/esemenyek\/az-emberi-jogok-ertelmezeserol-a-szlovak-koztarsasag-alkotmanybirosaganak-gyakorlataban\/<\/a><\/p>\n\n\n\n<p>On 28 May 2021, the International Scientific Conference \u2018Religious symbols in the public sphere in the legal orders of Central and Eastern European countries\u2019 took place in Warsaw, which was organised within the Central European Professors\u2019 Network 2021 by the Institute of Justice in Warsaw, in collaboration with the Ferenc M\u00e1dl Institute of Comparative Law and the European Association for Comparative Law. The conference was one of the Research Group&#8217;s \u2018Freedom of Conscience and Religion in Europe\u2019 events. Due to the state of the pandemic, the conference was organised online on the Zoom platform as part of Prof. Pawe\u0142 Sobczyk and Dr. Micha\u0142 Poniatowski&#8217;s research group&#8217;s tasks. The concept of the conference: The discussion around the prominence of religious symbols in European realities has been going on for decades. It is often marked by enormous emotional intensity, reflecting society&#8217;s attitude towards the fundamental principles that underpin European culture and civilisation, and it also testifies to the nations&#8217; Christian identities. The analysis&#8217; main assumption is to demonstrate the normative aspect of the possibility of manifesting one\u2019s beliefs through religious symbols in chosen European countries. The judiciary&#8217;s position, as stated by international bodies and the national judicial system, is critical in shaping the contemporary model. It should also be emphasised the presence of religious symbols in public spaces is influenced by historical circumstances. The research will reveal believers&#8217; right to manifest their religious beliefs in public space while respecting the privacy and tolerance of people with different views. The scientific part of the conference began with a lecture by Prof. Bal\u00e1zs Schanda, a special guest, entitled \u2018Religion or culture? The protection of the Christian cultural identity vs. state neutrality and the lack of faith\u2019. After the introductory lecture, in the first conference session, \u2018Religious symbols in the public sphere in the legal orders of chosen Central and Eastern European countries\u2019, the lectures were delivered by:<br>Dalibor \u0110ukic\u0301 \u2013 \u2018Religious symbols in the public sphere in the legal order in Serbia\u2019<br>Dami\u00e1n Ne\u030cmec \u2013 \u2018Religious symbols in the public sphere in the legal order in the Czech Republic\u2019<br>Vanja-Ivan Savic\u0301 \u2013 \u2018Religious symbols in the public sphere in the legal order in Croatia\u2019<br>Frane Stani\u010dic\u0301 \u2013 \u2018Religious symbols in the public sphere in the legal order in Slovenia\u2019<br>Vojtech Vlad\u00e1r \u2013 \u2018Religious symbols in the public sphere in the legal order in Slovakia\u2019<br>In the second session, \u2018Religious symbols in the public sphere in the legal orders of Hungary and Poland. Specific issues and jurisprudence of ECHR\u2019, Prof. Marek Bielecki, the second special speaker of the international conference, delivered a presentation titled \u2018The presence of religious symbols in Polish educational law\u2019.<br>The following lectures in this session were delivered by: L\u00f3r\u00e1nt Csink \u2013 \u2018Religious symbols in the public sphere in the legal order in Hungary\u2019 Pawe\u0142 Sobczyk \u2013 \u2018Religious symbols in the public sphere in the legal order in Poland\u2019 Dr Micha\u0142 Poniatowski \u2013 \u2018Religious symbols in the public sphere in jurisprudence of ECHR\u2019<br>The conference was followed by a brief discussion on the religious motifs in international organisations&#8217; logos, such as the Red Cross and the Red Crescent.<br>Prof. J\u00e1nos Ede Szil\u00e1gyi, Head of the Ferenc M\u00e1dl Institute of Comparative Law, summarised and concluded the conference. He emphasised the importance of the concerns highlighted, as well as the international significance of religious symbols in public spaces and the shared values that underpin various contemporary legal solutions.<\/p>\n\n\n\n<figure class=\"wp-block-image aligncenter size-full\"><img fetchpriority=\"high\" decoding=\"async\" width=\"724\" height=\"1024\" src=\"https:\/\/centraleuropeanacademy.hu\/wp-content\/uploads\/2024\/07\/religious-0528-page-001-724x1024-1.jpg\" alt=\"\" class=\"wp-image-12771\" srcset=\"https:\/\/centraleuropeanacademy.hu\/wp-content\/uploads\/2024\/07\/religious-0528-page-001-724x1024-1.jpg 724w, https:\/\/centraleuropeanacademy.hu\/wp-content\/uploads\/2024\/07\/religious-0528-page-001-724x1024-1-495x700.jpg 495w, https:\/\/centraleuropeanacademy.hu\/wp-content\/uploads\/2024\/07\/religious-0528-page-001-724x1024-1-8x12.jpg 8w\" sizes=\"(max-width: 724px) 100vw, 724px\" \/><\/figure>\n\n\n\n<figure class=\"wp-block-embed is-type-video is-provider-youtube wp-block-embed-youtube wp-embed-aspect-16-9 wp-has-aspect-ratio\"><div class=\"wp-block-embed__wrapper\">\n<iframe title=\"Religious symbols in public sphere in the legal orders (Introduction)\" width=\"500\" height=\"281\" src=\"https:\/\/www.youtube.com\/embed\/lr7QOtGEPzw?list=PLq-21npmYIrOACv1ACTyifMP-QntvxCWd\" frameborder=\"0\" allow=\"accelerometer; autoplay; clipboard-write; encrypted-media; gyroscope; picture-in-picture; web-share\" referrerpolicy=\"strict-origin-when-cross-origin\" allowfullscreen><\/iframe>\n<\/div><\/figure>\n\n\n\n<p><\/p>\n\n\n\n<p>*The event is private and by invitation only.<\/p>\n\n\n\n<p class=\"eloadok\">El\u0151ad\u00f3k: J\u00e1nos Ede Szil\u00e1gyi, Marcin Wielec, Pawe\u0142 Sobczyk, Bal\u00e1zs Schanda, Dalibor \u0110uki\u0107, Dami\u00e1n Nemec, Vanja Ivan Savi\u0107, Frane Stani\u010di\u0107, Vojtech Vlad\u00e1r, Csink L\u00f3r\u00e1nt, Marek Bielecki, Michal Poniatowski<\/p>","protected":false},"excerpt":{"rendered":"<p>Source (09.08.2024): https:\/\/mfi.gov.hu\/esemenyek\/az-emberi-jogok-ertelmezeserol-a-szlovak-koztarsasag-alkotmanybirosaganak-gyakorlataban\/ On 28 May 2021, the International Scientific Conference \u2018Religious symbols in the public sphere in the legal [&hellip;]<\/p>\n","protected":false},"author":7,"featured_media":12226,"parent":0,"comment_status":"open","ping_status":"closed","template":"","meta":{"_acf_changed":true,"site-sidebar-layout":"default","site-content-layout":"","ast-site-content-layout":"","site-content-style":"default","site-sidebar-style":"default","ast-global-header-display":"","ast-banner-title-visibility":"","ast-main-header-display":"","ast-hfb-above-header-display":"","ast-hfb-below-header-display":"","ast-hfb-mobile-header-display":"","site-post-title":"","ast-breadcrumbs-content":"","ast-featured-img":"","footer-sml-layout":"","ast-disable-related-posts":"","theme-transparent-header-meta":"","adv-header-id-meta":"","stick-header-meta":"","header-above-stick-meta":"","header-main-stick-meta":"","header-below-stick-meta":"","astra-migrate-meta-layouts":"default","ast-page-background-enabled":"default","ast-page-background-meta":{"desktop":{"background-color":"var(--ast-global-color-4)","background-image":"","background-repeat":"repeat","background-position":"center center","background-size":"auto","background-attachment":"scroll","background-type":"","background-media":"","overlay-type":"","overlay-color":"","overlay-opacity":"","overlay-gradient":""},"tablet":{"background-color":"","background-image":"","background-repeat":"repeat","background-position":"center center","background-size":"auto","background-attachment":"scroll","background-type":"","background-media":"","overlay-type":"","overlay-color":"","overlay-opacity":"","overlay-gradient":""},"mobile":{"background-color":"","background-image":"","background-repeat":"repeat","background-position":"center center","background-size":"auto","background-attachment":"scroll","background-type":"","background-media":"","overlay-type":"","overlay-color":"","overlay-opacity":"","overlay-gradient":""}},"ast-content-background-meta":{"desktop":{"background-color":"var(--ast-global-color-5)","background-image":"","background-repeat":"repeat","background-position":"center center","background-size":"auto","background-attachment":"scroll","background-type":"","background-media":"","overlay-type":"","overlay-color":"","overlay-opacity":"","overlay-gradient":""},"tablet":{"background-color":"var(--ast-global-color-5)","background-image":"","background-repeat":"repeat","background-position":"center center","background-size":"auto","background-attachment":"scroll","background-type":"","background-media":"","overlay-type":"","overlay-color":"","overlay-opacity":"","overlay-gradient":""},"mobile":{"background-color":"var(--ast-global-color-5)","background-image":"","background-repeat":"repeat","background-position":"center center","background-size":"auto","background-attachment":"scroll","background-type":"","background-media":"","overlay-type":"","overlay-color":"","overlay-opacity":"","overlay-gradient":""}}},"countries-concerned":[422,428,416,420,471,472,473],"rendezvenyek-erintett-orszagok":[155,154,122,153,214,152,215],"event-format":[432],"event-language":[466],"kutatasi-emak-rendezvenyek":[579],"rendezveny-cimkei":[294,278,295,275,277,580],"rendezveny-nyelve":[117],"rendezveny-tipusa":[217],"research-topics-events":[],"class_list":["post-12225","rendezveny","type-rendezveny","status-publish","has-post-thumbnail","hentry","countries-concerned-croatia","countries-concerned-czech-republic","countries-concerned-hungary","countries-concerned-poland","countries-concerned-serbia","countries-concerned-slovakia","countries-concerned-slovenia","rendezvenyek-erintett-orszagok-csehorszag","rendezvenyek-erintett-orszagok-horvatorszag","rendezvenyek-erintett-orszagok-lengyelorszag","rendezvenyek-erintett-orszagok-magyarorszag","rendezvenyek-erintett-orszagok-szerbia","rendezvenyek-erintett-orszagok-szlovakia","rendezvenyek-erintett-orszagok-szlovenia","event-format-conference","event-language-english","kutatasi-emak-rendezvenyek-szimbolumok","rendezveny-cimkei-academy","rendezveny-cimkei-cea","rendezveny-cimkei-central-europe","rendezveny-cimkei-eu","rendezveny-cimkei-law","rendezveny-cimkei-szimbolumok","rendezveny-nyelve-angol","rendezveny-tipusa-konferencia"],"acf":[],"yoast_head":"<!-- This site is optimized with the Yoast SEO Premium plugin v27.5 (Yoast SEO v27.5) - https:\/\/yoast.com\/product\/yoast-seo-premium-wordpress\/ -->\n<title>Religious symbols in the public sphere in Central and Eastern European legal systems | ME KEA<\/title>\n<meta name=\"description\" content=\"The \u201cReligious symbols in the public sphere\u201d conference (May 28, 2021) examined religious symbols in Central and Eastern European legal systems.\" \/>\n<meta name=\"robots\" content=\"index, follow, max-snippet:-1, max-image-preview:large, max-video-preview:-1\" \/>\n<link rel=\"canonical\" href=\"https:\/\/centraleuropeanacademy.hu\/en\/rendezveny\/religious-symbols-in-the-public-sphere-in-central-and-eastern-european-legal-systems\/\" \/>\n<meta property=\"og:locale\" content=\"en_GB\" \/>\n<meta property=\"og:type\" content=\"article\" \/>\n<meta property=\"og:title\" content=\"Religious symbols in the public sphere in Central and Eastern European legal systems\" \/>\n<meta property=\"og:description\" content=\"A K\u00f6z\u00e9p-eur\u00f3pai Akad\u00e9mia k\u00f6zfeladatot ell\u00e1t\u00f3 szervezet, f\u0151 c\u00e9lja a r\u00e9gi\u00f3s orsz\u00e1gok jogtudom\u00e1ny\u00e1nak \u00e9s ezen bel\u00fcl jogalkot\u00e1s\u00e1nak fejleszt\u00e9se.\" \/>\n<meta property=\"og:url\" content=\"https:\/\/centraleuropeanacademy.hu\/en\/rendezveny\/religious-symbols-in-the-public-sphere-in-central-and-eastern-european-legal-systems\/\" \/>\n<meta property=\"og:site_name\" content=\"ME KEA\" \/>\n<meta property=\"article:modified_time\" content=\"2025-02-28T10:38:00+00:00\" \/>\n<meta property=\"og:image\" content=\"https:\/\/centraleuropeanacademy.hu\/wp-content\/uploads\/2024\/07\/Slovenian-law-26-1024x683.webp\" \/>\n\t<meta property=\"og:image:width\" content=\"1024\" \/>\n\t<meta property=\"og:image:height\" content=\"683\" \/>\n\t<meta property=\"og:image:type\" content=\"image\/webp\" \/>\n<meta name=\"twitter:card\" content=\"summary_large_image\" \/>\n<meta name=\"twitter:label1\" content=\"Estimated reading time\" \/>\n\t<meta name=\"twitter:data1\" content=\"4 minutes\" \/>\n<script type=\"application\/ld+json\" class=\"yoast-schema-graph\">{\"@context\":\"https:\\\/\\\/schema.org\",\"@graph\":[{\"@type\":\"WebPage\",\"@id\":\"https:\\\/\\\/centraleuropeanacademy.hu\\\/rendezveny\\\/religious-symbols-in-the-public-sphere-in-central-and-eastern-european-legal-systems\\\/\",\"url\":\"https:\\\/\\\/centraleuropeanacademy.hu\\\/rendezveny\\\/religious-symbols-in-the-public-sphere-in-central-and-eastern-european-legal-systems\\\/\",\"name\":\"Religious symbols in the public sphere in Central and Eastern European legal systems | ME KEA\",\"isPartOf\":{\"@id\":\"https:\\\/\\\/centraleuropeanacademy.hu\\\/#website\"},\"primaryImageOfPage\":{\"@id\":\"https:\\\/\\\/centraleuropeanacademy.hu\\\/rendezveny\\\/religious-symbols-in-the-public-sphere-in-central-and-eastern-european-legal-systems\\\/#primaryimage\"},\"image\":{\"@id\":\"https:\\\/\\\/centraleuropeanacademy.hu\\\/rendezveny\\\/religious-symbols-in-the-public-sphere-in-central-and-eastern-european-legal-systems\\\/#primaryimage\"},\"thumbnailUrl\":\"https:\\\/\\\/centraleuropeanacademy.hu\\\/wp-content\\\/uploads\\\/2024\\\/07\\\/Slovenian-law-26.webp\",\"datePublished\":\"2021-05-28T09:32:00+00:00\",\"dateModified\":\"2025-02-28T10:38:00+00:00\",\"description\":\"The \u201cReligious symbols in the public sphere\u201d conference (May 28, 2021) examined religious symbols in Central and Eastern European legal systems.\",\"breadcrumb\":{\"@id\":\"https:\\\/\\\/centraleuropeanacademy.hu\\\/rendezveny\\\/religious-symbols-in-the-public-sphere-in-central-and-eastern-european-legal-systems\\\/#breadcrumb\"},\"inLanguage\":\"en-GB\",\"potentialAction\":[{\"@type\":\"ReadAction\",\"target\":[\"https:\\\/\\\/centraleuropeanacademy.hu\\\/rendezveny\\\/religious-symbols-in-the-public-sphere-in-central-and-eastern-european-legal-systems\\\/\"]}]},{\"@type\":\"ImageObject\",\"inLanguage\":\"en-GB\",\"@id\":\"https:\\\/\\\/centraleuropeanacademy.hu\\\/rendezveny\\\/religious-symbols-in-the-public-sphere-in-central-and-eastern-european-legal-systems\\\/#primaryimage\",\"url\":\"https:\\\/\\\/centraleuropeanacademy.hu\\\/wp-content\\\/uploads\\\/2024\\\/07\\\/Slovenian-law-26.webp\",\"contentUrl\":\"https:\\\/\\\/centraleuropeanacademy.hu\\\/wp-content\\\/uploads\\\/2024\\\/07\\\/Slovenian-law-26.webp\",\"width\":2560,\"height\":1707,\"caption\":\"Religious symbols in the public sphere\"},{\"@type\":\"BreadcrumbList\",\"@id\":\"https:\\\/\\\/centraleuropeanacademy.hu\\\/rendezveny\\\/religious-symbols-in-the-public-sphere-in-central-and-eastern-european-legal-systems\\\/#breadcrumb\",\"itemListElement\":[{\"@type\":\"ListItem\",\"position\":1,\"name\":\"Kezd\u0151lap\",\"item\":\"https:\\\/\\\/centraleuropeanacademy.hu\\\/\"},{\"@type\":\"ListItem\",\"position\":2,\"name\":\"Religious symbols in the public sphere in Central and Eastern European legal systems\"}]},{\"@type\":\"WebSite\",\"@id\":\"https:\\\/\\\/centraleuropeanacademy.hu\\\/#website\",\"url\":\"https:\\\/\\\/centraleuropeanacademy.hu\\\/\",\"name\":\"CEA\",\"description\":\"\",\"publisher\":{\"@id\":\"https:\\\/\\\/centraleuropeanacademy.hu\\\/#organization\"},\"potentialAction\":[{\"@type\":\"SearchAction\",\"target\":{\"@type\":\"EntryPoint\",\"urlTemplate\":\"https:\\\/\\\/centraleuropeanacademy.hu\\\/?s={search_term_string}\"},\"query-input\":{\"@type\":\"PropertyValueSpecification\",\"valueRequired\":true,\"valueName\":\"search_term_string\"}}],\"inLanguage\":\"en-GB\"},{\"@type\":\"Organization\",\"@id\":\"https:\\\/\\\/centraleuropeanacademy.hu\\\/#organization\",\"name\":\"K\u00f6z\u00e9p-eur\u00f3pai Akad\u00e9mia\",\"alternateName\":\"K\u00f6z\u00e9p-Eur\u00f3pai Akad\u00e9mia\",\"url\":\"https:\\\/\\\/centraleuropeanacademy.hu\\\/\",\"logo\":{\"@type\":\"ImageObject\",\"inLanguage\":\"en-GB\",\"@id\":\"https:\\\/\\\/centraleuropeanacademy.hu\\\/#\\\/schema\\\/logo\\\/image\\\/\",\"url\":\"https:\\\/\\\/centraleuropeanacademy.hu\\\/wp-content\\\/uploads\\\/2024\\\/04\\\/cea-logo.png\",\"contentUrl\":\"https:\\\/\\\/centraleuropeanacademy.hu\\\/wp-content\\\/uploads\\\/2024\\\/04\\\/cea-logo.png\",\"width\":1080,\"height\":417,\"caption\":\"K\u00f6z\u00e9p-eur\u00f3pai Akad\u00e9mia\"},\"image\":{\"@id\":\"https:\\\/\\\/centraleuropeanacademy.hu\\\/#\\\/schema\\\/logo\\\/image\\\/\"},\"description\":\"A budapesti sz\u00e9khellyel l\u00e9trej\u00f6tt K\u00f6z\u00e9p-eur\u00f3pai Akad\u00e9mia (CEA) a Miskolci Egyetem \u00e1ltal alap\u00edtott, k\u00f6zfeladatot ell\u00e1t\u00f3 szervezet.\",\"email\":\"academy@centraleuropeanacademy.hu\",\"telephone\":\"academy@centraleuropeanacademy.hu\",\"legalName\":\"K\u00f6z\u00e9p-eur\u00f3pai Akad\u00e9mia\",\"taxID\":\"19359711-1-43\"}]}<\/script>\n<!-- \/ Yoast SEO Premium plugin. -->","yoast_head_json":{"title":"Religious symbols in the public sphere in Central and Eastern European legal systems | ME KEA","description":"The \u201cReligious symbols in the public sphere\u201d conference (May 28, 2021) examined religious symbols in Central and Eastern European legal systems.","robots":{"index":"index","follow":"follow","max-snippet":"max-snippet:-1","max-image-preview":"max-image-preview:large","max-video-preview":"max-video-preview:-1"},"canonical":"https:\/\/centraleuropeanacademy.hu\/en\/rendezveny\/religious-symbols-in-the-public-sphere-in-central-and-eastern-european-legal-systems\/","og_locale":"en_GB","og_type":"article","og_title":"Religious symbols in the public sphere in Central and Eastern European legal systems","og_description":"A K\u00f6z\u00e9p-eur\u00f3pai Akad\u00e9mia k\u00f6zfeladatot ell\u00e1t\u00f3 szervezet, f\u0151 c\u00e9lja a r\u00e9gi\u00f3s orsz\u00e1gok jogtudom\u00e1ny\u00e1nak \u00e9s ezen bel\u00fcl jogalkot\u00e1s\u00e1nak fejleszt\u00e9se.","og_url":"https:\/\/centraleuropeanacademy.hu\/en\/rendezveny\/religious-symbols-in-the-public-sphere-in-central-and-eastern-european-legal-systems\/","og_site_name":"ME KEA","article_modified_time":"2025-02-28T10:38:00+00:00","og_image":[{"width":1024,"height":683,"url":"https:\/\/centraleuropeanacademy.hu\/wp-content\/uploads\/2024\/07\/Slovenian-law-26-1024x683.webp","type":"image\/webp"}],"twitter_card":"summary_large_image","twitter_misc":{"Estimated reading time":"4 minutes"},"schema":{"@context":"https:\/\/schema.org","@graph":[{"@type":"WebPage","@id":"https:\/\/centraleuropeanacademy.hu\/rendezveny\/religious-symbols-in-the-public-sphere-in-central-and-eastern-european-legal-systems\/","url":"https:\/\/centraleuropeanacademy.hu\/rendezveny\/religious-symbols-in-the-public-sphere-in-central-and-eastern-european-legal-systems\/","name":"Religious symbols in the public sphere in Central and Eastern European legal systems | ME KEA","isPartOf":{"@id":"https:\/\/centraleuropeanacademy.hu\/#website"},"primaryImageOfPage":{"@id":"https:\/\/centraleuropeanacademy.hu\/rendezveny\/religious-symbols-in-the-public-sphere-in-central-and-eastern-european-legal-systems\/#primaryimage"},"image":{"@id":"https:\/\/centraleuropeanacademy.hu\/rendezveny\/religious-symbols-in-the-public-sphere-in-central-and-eastern-european-legal-systems\/#primaryimage"},"thumbnailUrl":"https:\/\/centraleuropeanacademy.hu\/wp-content\/uploads\/2024\/07\/Slovenian-law-26.webp","datePublished":"2021-05-28T09:32:00+00:00","dateModified":"2025-02-28T10:38:00+00:00","description":"The \u201cReligious symbols in the public sphere\u201d conference (May 28, 2021) examined religious symbols in Central and Eastern European legal systems.","breadcrumb":{"@id":"https:\/\/centraleuropeanacademy.hu\/rendezveny\/religious-symbols-in-the-public-sphere-in-central-and-eastern-european-legal-systems\/#breadcrumb"},"inLanguage":"en-GB","potentialAction":[{"@type":"ReadAction","target":["https:\/\/centraleuropeanacademy.hu\/rendezveny\/religious-symbols-in-the-public-sphere-in-central-and-eastern-european-legal-systems\/"]}]},{"@type":"ImageObject","inLanguage":"en-GB","@id":"https:\/\/centraleuropeanacademy.hu\/rendezveny\/religious-symbols-in-the-public-sphere-in-central-and-eastern-european-legal-systems\/#primaryimage","url":"https:\/\/centraleuropeanacademy.hu\/wp-content\/uploads\/2024\/07\/Slovenian-law-26.webp","contentUrl":"https:\/\/centraleuropeanacademy.hu\/wp-content\/uploads\/2024\/07\/Slovenian-law-26.webp","width":2560,"height":1707,"caption":"Religious symbols in the public sphere"},{"@type":"BreadcrumbList","@id":"https:\/\/centraleuropeanacademy.hu\/rendezveny\/religious-symbols-in-the-public-sphere-in-central-and-eastern-european-legal-systems\/#breadcrumb","itemListElement":[{"@type":"ListItem","position":1,"name":"Kezd\u0151lap","item":"https:\/\/centraleuropeanacademy.hu\/"},{"@type":"ListItem","position":2,"name":"Religious symbols in the public sphere in Central and Eastern European legal systems"}]},{"@type":"WebSite","@id":"https:\/\/centraleuropeanacademy.hu\/#website","url":"https:\/\/centraleuropeanacademy.hu\/","name":"CEA","description":"","publisher":{"@id":"https:\/\/centraleuropeanacademy.hu\/#organization"},"potentialAction":[{"@type":"SearchAction","target":{"@type":"EntryPoint","urlTemplate":"https:\/\/centraleuropeanacademy.hu\/?s={search_term_string}"},"query-input":{"@type":"PropertyValueSpecification","valueRequired":true,"valueName":"search_term_string"}}],"inLanguage":"en-GB"},{"@type":"Organization","@id":"https:\/\/centraleuropeanacademy.hu\/#organization","name":"Central European Academy","alternateName":"K\u00f6z\u00e9p-Eur\u00f3pai Akad\u00e9mia","url":"https:\/\/centraleuropeanacademy.hu\/","logo":{"@type":"ImageObject","inLanguage":"en-GB","@id":"https:\/\/centraleuropeanacademy.hu\/#\/schema\/logo\/image\/","url":"https:\/\/centraleuropeanacademy.hu\/wp-content\/uploads\/2024\/04\/cea-logo.png","contentUrl":"https:\/\/centraleuropeanacademy.hu\/wp-content\/uploads\/2024\/04\/cea-logo.png","width":1080,"height":417,"caption":"K\u00f6z\u00e9p-eur\u00f3pai Akad\u00e9mia"},"image":{"@id":"https:\/\/centraleuropeanacademy.hu\/#\/schema\/logo\/image\/"},"description":"A budapesti sz\u00e9khellyel l\u00e9trej\u00f6tt K\u00f6z\u00e9p-eur\u00f3pai Akad\u00e9mia (CEA) a Miskolci Egyetem \u00e1ltal alap\u00edtott, k\u00f6zfeladatot ell\u00e1t\u00f3 szervezet.","email":"academy@centraleuropeanacademy.hu","telephone":"academy@centraleuropeanacademy.hu","legalName":"K\u00f6z\u00e9p-eur\u00f3pai Akad\u00e9mia","taxID":"19359711-1-43"}]}},"_links":{"self":[{"href":"https:\/\/centraleuropeanacademy.hu\/en\/wp-json\/wp\/v2\/rendezveny\/12225","targetHints":{"allow":["GET"]}}],"collection":[{"href":"https:\/\/centraleuropeanacademy.hu\/en\/wp-json\/wp\/v2\/rendezveny"}],"about":[{"href":"https:\/\/centraleuropeanacademy.hu\/en\/wp-json\/wp\/v2\/types\/rendezveny"}],"author":[{"embeddable":true,"href":"https:\/\/centraleuropeanacademy.hu\/en\/wp-json\/wp\/v2\/users\/7"}],"replies":[{"embeddable":true,"href":"https:\/\/centraleuropeanacademy.hu\/en\/wp-json\/wp\/v2\/comments?post=12225"}],"wp:featuredmedia":[{"embeddable":true,"href":"https:\/\/centraleuropeanacademy.hu\/en\/wp-json\/wp\/v2\/media\/12226"}],"wp:attachment":[{"href":"https:\/\/centraleuropeanacademy.hu\/en\/wp-json\/wp\/v2\/media?parent=12225"}],"wp:term":[{"taxonomy":"countries-concerned","embeddable":true,"href":"https:\/\/centraleuropeanacademy.hu\/en\/wp-json\/wp\/v2\/countries-concerned?post=12225"},{"taxonomy":"rendezvenyek-erintett-orszagok","embeddable":true,"href":"https:\/\/centraleuropeanacademy.hu\/en\/wp-json\/wp\/v2\/rendezvenyek-erintett-orszagok?post=12225"},{"taxonomy":"event-format","embeddable":true,"href":"https:\/\/centraleuropeanacademy.hu\/en\/wp-json\/wp\/v2\/event-format?post=12225"},{"taxonomy":"event-language","embeddable":true,"href":"https:\/\/centraleuropeanacademy.hu\/en\/wp-json\/wp\/v2\/event-language?post=12225"},{"taxonomy":"kutatasi-emak-rendezvenyek","embeddable":true,"href":"https:\/\/centraleuropeanacademy.hu\/en\/wp-json\/wp\/v2\/kutatasi-emak-rendezvenyek?post=12225"},{"taxonomy":"rendezveny-cimkei","embeddable":true,"href":"https:\/\/centraleuropeanacademy.hu\/en\/wp-json\/wp\/v2\/rendezveny-cimkei?post=12225"},{"taxonomy":"rendezveny-nyelve","embeddable":true,"href":"https:\/\/centraleuropeanacademy.hu\/en\/wp-json\/wp\/v2\/rendezveny-nyelve?post=12225"},{"taxonomy":"rendezveny-tipusa","embeddable":true,"href":"https:\/\/centraleuropeanacademy.hu\/en\/wp-json\/wp\/v2\/rendezveny-tipusa?post=12225"},{"taxonomy":"research-topics-events","embeddable":true,"href":"https:\/\/centraleuropeanacademy.hu\/en\/wp-json\/wp\/v2\/research-topics-events?post=12225"}],"curies":[{"name":"wp","href":"https:\/\/api.w.org\/{rel}","templated":true}]}}