{"id":11544,"date":"2022-11-25T08:25:52","date_gmt":"2022-11-25T07:25:52","guid":{"rendered":"https:\/\/centraleuropeanacademy.hu\/?post_type=rendezveny&#038;p=11544"},"modified":"2025-08-27T15:21:44","modified_gmt":"2025-08-27T13:21:44","slug":"a-jovo-generacioinak-vedelme-kozep-europaban-protection-of-future-generation-in-central-europe","status":"publish","type":"rendezveny","link":"https:\/\/centraleuropeanacademy.hu\/en\/rendezveny\/a-jovo-generacioinak-vedelme-kozep-europaban-protection-of-future-generation-in-central-europe\/","title":{"rendered":"Protecting Future Generations in Central Europe - 'Protection of Future Generation in Central Europe'"},"content":{"rendered":"<p><span style=\"color: rgb(66, 66, 66); font-family: &quot;Open Sans&quot;, sans-serif; white-space-collapse: collapse;\">The next international conference of the \"Central European Professors' Network 2022\" took place on 24 November 2022<\/span><span style=\"box-sizing: border-box; font-weight: 700; color: rgb(66, 66, 66); font-family: &quot;Open Sans&quot;, sans-serif; white-space-collapse: collapse;\"><strong>&nbsp;<\/strong>\u2018Protection of Future Generation in Central Europe:&nbsp;Good Practices and Developments at Constitutional Level, and Current Challenges in the Legal Order<\/span>&#8216;<span style=\"box-sizing: border-box; font-weight: 700; color: rgb(66, 66, 66); font-family: &quot;Open Sans&quot;, sans-serif; white-space-collapse: collapse;\">&nbsp;<\/span><span style=\"color: rgb(66, 66, 66); font-family: &quot;Open Sans&quot;, sans-serif; white-space-collapse: collapse;\">, which took place at the University of Miskolc.<\/span><\/p>\n\n\n\n<p>The research project \"Central European Professors' Network 2022\" started its activities in the field of comparative law on 1 January 2022 with the active participation of experts from seven Central European countries (Czech Republic, Croatia, Hungary, Poland, Serbia, Slovakia, Slovenia).<\/p>\n\n\n\n<p>The conference provided a great opportunity for members of the research team to present the chapters of the book 'Constitutional Protection Of The Environment And Future Generations - Legislation And Practice In Certain Central And Eastern European Countries' as the main outcome of the research to an international audience. This book is not only a valuable contribution by the authors to the field of comparative law, but also a publication that highlights the most important Central European aspects of the issue.<\/p>\n\n\n\n<p>The previous event in the series is available here:<\/p>\n\n\n\n<div class=\"wp-block-buttons is-layout-flex wp-block-buttons-is-layout-flex\">\n<div class=\"wp-block-button\"><a class=\"wp-block-button__link wp-element-button\" href=\"https:\/\/centraleuropeanacademy.hu\/en\/rendezveny\/a-jovo-nemzedek-es-a-kornyezet-vedelmenek-alkotmanyos-keretei-egyes-kozep-europai-orszagok-rendeleteiben-es-jogrendszereben-2\/\">Constitutional framework for...<\/a><\/div>\n<\/div>\n\n\n\n<p><\/p>\n\n\n\n<div data-wp-interactive=\"core\/file\" class=\"wp-block-file\"><object data-wp-bind--hidden=\"!state.hasPdfPreview\" hidden class=\"wp-block-file__embed\" data=\"https:\/\/centraleuropeanacademy.hu\/wp-content\/uploads\/2024\/06\/Programme-plan_11.24_fin.pdf\" type=\"application\/pdf\" style=\"width:100%;height:600px\" aria-label=\"Embed of Programme-plan_11.24_fin.\"><\/object><a id=\"wp-block-file--media-498d2c1c-1658-45a8-944f-7dc70d34f76e\" href=\"https:\/\/centraleuropeanacademy.hu\/wp-content\/uploads\/2024\/06\/Programme-plan_11.24_fin.pdf\">Programme-plan_11.24_fin<\/a><a href=\"https:\/\/centraleuropeanacademy.hu\/wp-content\/uploads\/2024\/06\/Programme-plan_11.24_fin.pdf\" class=\"wp-block-file__button wp-element-button\" download aria-describedby=\"wp-block-file--media-498d2c1c-1658-45a8-944f-7dc70d34f76e\">Download<\/a><\/div>\n\n\n\n<figure class=\"wp-block-gallery has-nested-images columns-default is-cropped wp-block-gallery-1 is-layout-flex wp-block-gallery-is-layout-flex\">\n<figure class=\"wp-block-image size-large\"><a href=\"https:\/\/centraleuropeanacademy.hu\/wp-content\/uploads\/2024\/06\/DSC8279-scaled.webp\"><img fetchpriority=\"high\" decoding=\"async\" width=\"1024\" height=\"662\" data-id=\"11552\" src=\"https:\/\/centraleuropeanacademy.hu\/wp-content\/uploads\/2024\/06\/DSC8279-1024x662.webp\" alt=\"Protection of Future Generation in Central Europe\" class=\"wp-image-11552\" srcset=\"https:\/\/centraleuropeanacademy.hu\/wp-content\/uploads\/2024\/06\/DSC8279-1024x662.webp 1024w, https:\/\/centraleuropeanacademy.hu\/wp-content\/uploads\/2024\/06\/DSC8279-700x452.webp 700w, https:\/\/centraleuropeanacademy.hu\/wp-content\/uploads\/2024\/06\/DSC8279-768x496.webp 768w, https:\/\/centraleuropeanacademy.hu\/wp-content\/uploads\/2024\/06\/DSC8279-1536x992.webp 1536w, https:\/\/centraleuropeanacademy.hu\/wp-content\/uploads\/2024\/06\/DSC8279-2048x1323.webp 2048w, https:\/\/centraleuropeanacademy.hu\/wp-content\/uploads\/2024\/06\/DSC8279-18x12.webp 18w\" sizes=\"(max-width: 1024px) 100vw, 1024px\" \/><\/a><\/figure>\n\n\n\n<figure class=\"wp-block-image size-large\"><a href=\"https:\/\/centraleuropeanacademy.hu\/wp-content\/uploads\/2024\/06\/DSC8304-scaled.webp\"><img decoding=\"async\" width=\"1024\" height=\"697\" data-id=\"11557\" src=\"https:\/\/centraleuropeanacademy.hu\/wp-content\/uploads\/2024\/06\/DSC8304-1024x697.webp\" alt=\"Two male participants having a conversation at the CEA event.\" class=\"wp-image-11557\" srcset=\"https:\/\/centraleuropeanacademy.hu\/wp-content\/uploads\/2024\/06\/DSC8304-1024x697.webp 1024w, https:\/\/centraleuropeanacademy.hu\/wp-content\/uploads\/2024\/06\/DSC8304-700x476.webp 700w, https:\/\/centraleuropeanacademy.hu\/wp-content\/uploads\/2024\/06\/DSC8304-768x522.webp 768w, https:\/\/centraleuropeanacademy.hu\/wp-content\/uploads\/2024\/06\/DSC8304-1536x1045.webp 1536w, https:\/\/centraleuropeanacademy.hu\/wp-content\/uploads\/2024\/06\/DSC8304-2048x1393.webp 2048w, https:\/\/centraleuropeanacademy.hu\/wp-content\/uploads\/2024\/06\/DSC8304-18x12.webp 18w\" sizes=\"(max-width: 1024px) 100vw, 1024px\" \/><\/a><\/figure>\n\n\n\n<figure class=\"wp-block-image size-large\"><a href=\"https:\/\/centraleuropeanacademy.hu\/wp-content\/uploads\/2024\/06\/DSC8333-scaled.webp\"><img decoding=\"async\" width=\"1024\" height=\"686\" data-id=\"11554\" src=\"https:\/\/centraleuropeanacademy.hu\/wp-content\/uploads\/2024\/06\/DSC8333-1024x686.webp\" alt=\"Man giving a lecture with notes\" class=\"wp-image-11554\" srcset=\"https:\/\/centraleuropeanacademy.hu\/wp-content\/uploads\/2024\/06\/DSC8333-1024x686.webp 1024w, https:\/\/centraleuropeanacademy.hu\/wp-content\/uploads\/2024\/06\/DSC8333-700x469.webp 700w, https:\/\/centraleuropeanacademy.hu\/wp-content\/uploads\/2024\/06\/DSC8333-768x514.webp 768w, https:\/\/centraleuropeanacademy.hu\/wp-content\/uploads\/2024\/06\/DSC8333-1536x1028.webp 1536w, https:\/\/centraleuropeanacademy.hu\/wp-content\/uploads\/2024\/06\/DSC8333-2048x1371.webp 2048w, https:\/\/centraleuropeanacademy.hu\/wp-content\/uploads\/2024\/06\/DSC8333-18x12.webp 18w\" sizes=\"(max-width: 1024px) 100vw, 1024px\" \/><\/a><\/figure>\n\n\n\n<figure class=\"wp-block-image size-large\"><a href=\"https:\/\/centraleuropeanacademy.hu\/wp-content\/uploads\/2024\/06\/DSC8363-scaled.webp\"><img loading=\"lazy\" decoding=\"async\" width=\"1024\" height=\"683\" data-id=\"11553\" src=\"https:\/\/centraleuropeanacademy.hu\/wp-content\/uploads\/2024\/06\/DSC8363-1024x683.webp\" alt=\"Protection of Future Generation in Central Europe\" class=\"wp-image-11553\" srcset=\"https:\/\/centraleuropeanacademy.hu\/wp-content\/uploads\/2024\/06\/DSC8363-1024x683.webp 1024w, https:\/\/centraleuropeanacademy.hu\/wp-content\/uploads\/2024\/06\/DSC8363-700x467.webp 700w, https:\/\/centraleuropeanacademy.hu\/wp-content\/uploads\/2024\/06\/DSC8363-768x512.webp 768w, https:\/\/centraleuropeanacademy.hu\/wp-content\/uploads\/2024\/06\/DSC8363-1536x1024.webp 1536w, https:\/\/centraleuropeanacademy.hu\/wp-content\/uploads\/2024\/06\/DSC8363-2048x1365.webp 2048w, https:\/\/centraleuropeanacademy.hu\/wp-content\/uploads\/2024\/06\/DSC8363-18x12.webp 18w\" sizes=\"(max-width: 1024px) 100vw, 1024px\" \/><\/a><\/figure>\n\n\n\n<figure class=\"wp-block-image size-large\"><a href=\"https:\/\/centraleuropeanacademy.hu\/wp-content\/uploads\/2024\/06\/DSC8376-scaled.webp\"><img loading=\"lazy\" decoding=\"async\" width=\"1024\" height=\"683\" data-id=\"11558\" src=\"https:\/\/centraleuropeanacademy.hu\/wp-content\/uploads\/2024\/06\/DSC8376-1024x683.webp\" alt=\"Business meeting from above with papers and laptops\" class=\"wp-image-11558\" srcset=\"https:\/\/centraleuropeanacademy.hu\/wp-content\/uploads\/2024\/06\/DSC8376-1024x683.webp 1024w, https:\/\/centraleuropeanacademy.hu\/wp-content\/uploads\/2024\/06\/DSC8376-700x467.webp 700w, https:\/\/centraleuropeanacademy.hu\/wp-content\/uploads\/2024\/06\/DSC8376-768x512.webp 768w, https:\/\/centraleuropeanacademy.hu\/wp-content\/uploads\/2024\/06\/DSC8376-1536x1024.webp 1536w, https:\/\/centraleuropeanacademy.hu\/wp-content\/uploads\/2024\/06\/DSC8376-2048x1365.webp 2048w, https:\/\/centraleuropeanacademy.hu\/wp-content\/uploads\/2024\/06\/DSC8376-18x12.webp 18w\" sizes=\"(max-width: 1024px) 100vw, 1024px\" \/><\/a><\/figure>\n\n\n\n<figure class=\"wp-block-image size-large\"><a href=\"https:\/\/centraleuropeanacademy.hu\/wp-content\/uploads\/2024\/06\/DSC8543-scaled.webp\"><img loading=\"lazy\" decoding=\"async\" width=\"1024\" height=\"658\" data-id=\"11556\" src=\"https:\/\/centraleuropeanacademy.hu\/wp-content\/uploads\/2024\/06\/DSC8543-1024x658.webp\" alt=\"Protection of Future Generation in Central Europe\" class=\"wp-image-11556\" srcset=\"https:\/\/centraleuropeanacademy.hu\/wp-content\/uploads\/2024\/06\/DSC8543-1024x658.webp 1024w, https:\/\/centraleuropeanacademy.hu\/wp-content\/uploads\/2024\/06\/DSC8543-700x450.webp 700w, https:\/\/centraleuropeanacademy.hu\/wp-content\/uploads\/2024\/06\/DSC8543-768x494.webp 768w, https:\/\/centraleuropeanacademy.hu\/wp-content\/uploads\/2024\/06\/DSC8543-1536x987.webp 1536w, https:\/\/centraleuropeanacademy.hu\/wp-content\/uploads\/2024\/06\/DSC8543-2048x1316.webp 2048w, https:\/\/centraleuropeanacademy.hu\/wp-content\/uploads\/2024\/06\/DSC8543-18x12.webp 18w\" sizes=\"(max-width: 1024px) 100vw, 1024px\" \/><\/a><\/figure>\n\n\n\n<figure class=\"wp-block-image size-large\"><a href=\"https:\/\/centraleuropeanacademy.hu\/wp-content\/uploads\/2024\/06\/DSC8879-scaled.webp\"><img loading=\"lazy\" decoding=\"async\" width=\"1024\" height=\"683\" data-id=\"11551\" src=\"https:\/\/centraleuropeanacademy.hu\/wp-content\/uploads\/2024\/06\/DSC8879-1024x683.webp\" alt=\"Protection of Future Generation in Central Europe\" class=\"wp-image-11551\" srcset=\"https:\/\/centraleuropeanacademy.hu\/wp-content\/uploads\/2024\/06\/DSC8879-1024x683.webp 1024w, https:\/\/centraleuropeanacademy.hu\/wp-content\/uploads\/2024\/06\/DSC8879-700x467.webp 700w, https:\/\/centraleuropeanacademy.hu\/wp-content\/uploads\/2024\/06\/DSC8879-768x512.webp 768w, https:\/\/centraleuropeanacademy.hu\/wp-content\/uploads\/2024\/06\/DSC8879-1536x1024.webp 1536w, https:\/\/centraleuropeanacademy.hu\/wp-content\/uploads\/2024\/06\/DSC8879-2048x1365.webp 2048w, https:\/\/centraleuropeanacademy.hu\/wp-content\/uploads\/2024\/06\/DSC8879-18x12.webp 18w\" sizes=\"(max-width: 1024px) 100vw, 1024px\" \/><\/a><\/figure>\n\n\n\n<figure class=\"wp-block-image size-large\"><a href=\"https:\/\/centraleuropeanacademy.hu\/wp-content\/uploads\/2024\/06\/DSC8881-scaled.webp\"><img loading=\"lazy\" decoding=\"async\" width=\"1024\" height=\"668\" data-id=\"11555\" src=\"https:\/\/centraleuropeanacademy.hu\/wp-content\/uploads\/2024\/06\/DSC8881-1024x668.webp\" alt=\"Conference participants working on computers\" class=\"wp-image-11555\" srcset=\"https:\/\/centraleuropeanacademy.hu\/wp-content\/uploads\/2024\/06\/DSC8881-1024x668.webp 1024w, https:\/\/centraleuropeanacademy.hu\/wp-content\/uploads\/2024\/06\/DSC8881-700x457.webp 700w, https:\/\/centraleuropeanacademy.hu\/wp-content\/uploads\/2024\/06\/DSC8881-768x501.webp 768w, https:\/\/centraleuropeanacademy.hu\/wp-content\/uploads\/2024\/06\/DSC8881-1536x1002.webp 1536w, https:\/\/centraleuropeanacademy.hu\/wp-content\/uploads\/2024\/06\/DSC8881-2048x1336.webp 2048w, https:\/\/centraleuropeanacademy.hu\/wp-content\/uploads\/2024\/06\/DSC8881-18x12.webp 18w\" sizes=\"(max-width: 1024px) 100vw, 1024px\" \/><\/a><\/figure>\n<\/figure>\n\n\n\n<p class=\"has-text-align-center\"><em>Photo: CEA Press<\/em><\/p>\n\n\n\n<p>*The event is private and by invitation only.<\/p>\n\n\n\n<p class=\"eloadok\">El\u0151ad\u00f3k: Csilla Cs\u00e1k Gyula B\u00e1ndi Anik\u00f3 Raisz J\u00e1nos Ede Szil\u00e1gyi Bartosz Rakoczy Michal Maslen Judit Pump Miha Juhart K\u00e1roly Benke Bartosz Majchrzak Zs\u00f3fia Horny\u00e1k Michal Radvan Zolt\u00e1n Nagy Sanja Savcic Erika Farkas Csamang\u00f3 Frane Stanicic Attila P\u00e1novics Enik\u0151 Krajny\u00e1k Anna Martinez-Zempl\u00e9n Istv\u00e1n Olajos <\/p>","protected":false},"excerpt":{"rendered":"<p>2022. november 24-\u00e9n ker\u00fclt megrendez\u00e9sre a \u201eK\u00f6z\u00e9p-eur\u00f3pai Professzori H\u00e1l\u00f3zat 2022\u201d soron k\u00f6vetkez\u0151 nemzetk\u00f6zi konferenci\u00e1ja&nbsp;\u2018Protection of Future Generation in Central Europe:&nbsp;Good [&hellip;]<\/p>\n","protected":false},"author":8,"featured_media":11669,"parent":0,"comment_status":"open","ping_status":"closed","template":"","meta":{"_acf_changed":false,"site-sidebar-layout":"default","site-content-layout":"","ast-site-content-layout":"default","site-content-style":"default","site-sidebar-style":"default","ast-global-header-display":"","ast-banner-title-visibility":"","ast-main-header-display":"","ast-hfb-above-header-display":"","ast-hfb-below-header-display":"","ast-hfb-mobile-header-display":"","site-post-title":"","ast-breadcrumbs-content":"","ast-featured-img":"","footer-sml-layout":"","ast-disable-related-posts":"","theme-transparent-header-meta":"","adv-header-id-meta":"","stick-header-meta":"","header-above-stick-meta":"","header-main-stick-meta":"","header-below-stick-meta":"","astra-migrate-meta-layouts":"default","ast-page-background-enabled":"default","ast-page-background-meta":{"desktop":{"background-color":"var(--ast-global-color-4)","background-image":"","background-repeat":"repeat","background-position":"center center","background-size":"auto","background-attachment":"scroll","background-type":"","background-media":"","overlay-type":"","overlay-color":"","overlay-opacity":"","overlay-gradient":""},"tablet":{"background-color":"","background-image":"","background-repeat":"repeat","background-position":"center center","background-size":"auto","background-attachment":"scroll","background-type":"","background-media":"","overlay-type":"","overlay-color":"","overlay-opacity":"","overlay-gradient":""},"mobile":{"background-color":"","background-image":"","background-repeat":"repeat","background-position":"center center","background-size":"auto","background-attachment":"scroll","background-type":"","background-media":"","overlay-type":"","overlay-color":"","overlay-opacity":"","overlay-gradient":""}},"ast-content-background-meta":{"desktop":{"background-color":"var(--ast-global-color-5)","background-image":"","background-repeat":"repeat","background-position":"center center","background-size":"auto","background-attachment":"scroll","background-type":"","background-media":"","overlay-type":"","overlay-color":"","overlay-opacity":"","overlay-gradient":""},"tablet":{"background-color":"var(--ast-global-color-5)","background-image":"","background-repeat":"repeat","background-position":"center center","background-size":"auto","background-attachment":"scroll","background-type":"","background-media":"","overlay-type":"","overlay-color":"","overlay-opacity":"","overlay-gradient":""},"mobile":{"background-color":"var(--ast-global-color-5)","background-image":"","background-repeat":"repeat","background-position":"center center","background-size":"auto","background-attachment":"scroll","background-type":"","background-media":"","overlay-type":"","overlay-color":"","overlay-opacity":"","overlay-gradient":""}}},"countries-concerned":[416,420,470],"rendezvenyek-erintett-orszagok":[122,153,216],"event-format":[432],"event-language":[466],"kutatasi-emak-rendezvenyek":[524,521,523],"rendezveny-cimkei":[294,278,522,277],"rendezveny-nyelve":[117],"rendezveny-tipusa":[217],"research-topics-events":[497],"class_list":["post-11544","rendezveny","type-rendezveny","status-publish","has-post-thumbnail","hentry","countries-concerned-hungary","countries-concerned-poland","countries-concerned-romania","rendezvenyek-erintett-orszagok-lengyelorszag","rendezvenyek-erintett-orszagok-magyarorszag","rendezvenyek-erintett-orszagok-romania","event-format-conference","event-language-english","kutatasi-emak-rendezvenyek-generaciok","kutatasi-emak-rendezvenyek-kornyezetvedelem","kutatasi-emak-rendezvenyek-kozep-europa","rendezveny-cimkei-academy","rendezveny-cimkei-cea","rendezveny-cimkei-generraciok","rendezveny-cimkei-law","rendezveny-nyelve-angol","rendezveny-tipusa-konferencia","research-topics-events-integration"],"acf":[],"yoast_head":"<!-- This site is optimized with the Yoast SEO Premium plugin v27.5 (Yoast SEO v27.5) - https:\/\/yoast.com\/product\/yoast-seo-premium-wordpress\/ -->\n<title>A j\u00f6v\u0151 gener\u00e1ci\u00f3inak v\u00e9delme K\u00f6z\u00e9p-Eur\u00f3p\u00e1ban - &#039;Protection of Future Generation in Central Europe&#039; | ME KEA<\/title>\n<meta name=\"description\" content=\"Konferencia a j\u00f6v\u0151 gener\u00e1ci\u00f3inak v\u00e9delm\u00e9r\u0151l K\u00f6z\u00e9p-Eur\u00f3p\u00e1ban, 2022. november 24-\u00e9n a Miskolci Egyetemen. Jogi kih\u00edv\u00e1sok \u00e9s j\u00f3 gyakorlatok.\" \/>\n<meta name=\"robots\" content=\"index, follow, max-snippet:-1, max-image-preview:large, max-video-preview:-1\" \/>\n<link rel=\"canonical\" href=\"https:\/\/centraleuropeanacademy.hu\/en\/rendezveny\/a-jovo-generacioinak-vedelme-kozep-europaban-protection-of-future-generation-in-central-europe\/\" \/>\n<meta property=\"og:locale\" content=\"en_GB\" \/>\n<meta property=\"og:type\" content=\"article\" \/>\n<meta property=\"og:title\" content=\"A j\u00f6v\u0151 gener\u00e1ci\u00f3inak v\u00e9delme K\u00f6z\u00e9p-Eur\u00f3p\u00e1ban - &#039;Protection of Future Generation in Central Europe&#039;\" \/>\n<meta property=\"og:description\" content=\"A K\u00f6z\u00e9p-eur\u00f3pai Akad\u00e9mia k\u00f6zfeladatot ell\u00e1t\u00f3 szervezet, f\u0151 c\u00e9lja a r\u00e9gi\u00f3s orsz\u00e1gok jogtudom\u00e1ny\u00e1nak \u00e9s ezen bel\u00fcl jogalkot\u00e1s\u00e1nak fejleszt\u00e9se.\" \/>\n<meta property=\"og:url\" content=\"https:\/\/centraleuropeanacademy.hu\/en\/rendezveny\/a-jovo-generacioinak-vedelme-kozep-europaban-protection-of-future-generation-in-central-europe\/\" \/>\n<meta property=\"og:site_name\" content=\"ME KEA\" \/>\n<meta property=\"article:modified_time\" content=\"2025-08-27T13:21:44+00:00\" \/>\n<meta property=\"og:image\" content=\"https:\/\/centraleuropeanacademy.hu\/wp-content\/uploads\/2022\/11\/DSC8376-scaled.webp\" \/>\n\t<meta property=\"og:image:width\" content=\"2560\" \/>\n\t<meta property=\"og:image:height\" content=\"1707\" \/>\n\t<meta property=\"og:image:type\" content=\"image\/webp\" \/>\n<meta name=\"twitter:card\" content=\"summary_large_image\" \/>\n<meta name=\"twitter:label1\" content=\"Estimated reading time\" \/>\n\t<meta name=\"twitter:data1\" content=\"3 minutes\" \/>\n<script type=\"application\/ld+json\" class=\"yoast-schema-graph\">{\"@context\":\"https:\\\/\\\/schema.org\",\"@graph\":[{\"@type\":\"WebPage\",\"@id\":\"https:\\\/\\\/centraleuropeanacademy.hu\\\/rendezveny\\\/a-jovo-generacioinak-vedelme-kozep-europaban-protection-of-future-generation-in-central-europe\\\/\",\"url\":\"https:\\\/\\\/centraleuropeanacademy.hu\\\/rendezveny\\\/a-jovo-generacioinak-vedelme-kozep-europaban-protection-of-future-generation-in-central-europe\\\/\",\"name\":\"A j\u00f6v\u0151 gener\u00e1ci\u00f3inak v\u00e9delme K\u00f6z\u00e9p-Eur\u00f3p\u00e1ban - 'Protection of Future Generation in Central Europe' | ME KEA\",\"isPartOf\":{\"@id\":\"https:\\\/\\\/centraleuropeanacademy.hu\\\/#website\"},\"primaryImageOfPage\":{\"@id\":\"https:\\\/\\\/centraleuropeanacademy.hu\\\/rendezveny\\\/a-jovo-generacioinak-vedelme-kozep-europaban-protection-of-future-generation-in-central-europe\\\/#primaryimage\"},\"image\":{\"@id\":\"https:\\\/\\\/centraleuropeanacademy.hu\\\/rendezveny\\\/a-jovo-generacioinak-vedelme-kozep-europaban-protection-of-future-generation-in-central-europe\\\/#primaryimage\"},\"thumbnailUrl\":\"https:\\\/\\\/centraleuropeanacademy.hu\\\/wp-content\\\/uploads\\\/2022\\\/11\\\/DSC8376-scaled.webp\",\"datePublished\":\"2022-11-25T07:25:52+00:00\",\"dateModified\":\"2025-08-27T13:21:44+00:00\",\"description\":\"Konferencia a j\u00f6v\u0151 gener\u00e1ci\u00f3inak v\u00e9delm\u00e9r\u0151l K\u00f6z\u00e9p-Eur\u00f3p\u00e1ban, 2022. november 24-\u00e9n a Miskolci Egyetemen. Jogi kih\u00edv\u00e1sok \u00e9s j\u00f3 gyakorlatok.\",\"breadcrumb\":{\"@id\":\"https:\\\/\\\/centraleuropeanacademy.hu\\\/rendezveny\\\/a-jovo-generacioinak-vedelme-kozep-europaban-protection-of-future-generation-in-central-europe\\\/#breadcrumb\"},\"inLanguage\":\"en-GB\",\"potentialAction\":[{\"@type\":\"ReadAction\",\"target\":[\"https:\\\/\\\/centraleuropeanacademy.hu\\\/rendezveny\\\/a-jovo-generacioinak-vedelme-kozep-europaban-protection-of-future-generation-in-central-europe\\\/\"]}]},{\"@type\":\"ImageObject\",\"inLanguage\":\"en-GB\",\"@id\":\"https:\\\/\\\/centraleuropeanacademy.hu\\\/rendezveny\\\/a-jovo-generacioinak-vedelme-kozep-europaban-protection-of-future-generation-in-central-europe\\\/#primaryimage\",\"url\":\"https:\\\/\\\/centraleuropeanacademy.hu\\\/wp-content\\\/uploads\\\/2022\\\/11\\\/DSC8376-scaled.webp\",\"contentUrl\":\"https:\\\/\\\/centraleuropeanacademy.hu\\\/wp-content\\\/uploads\\\/2022\\\/11\\\/DSC8376-scaled.webp\",\"width\":2560,\"height\":1707,\"caption\":\"Prezent\u00e1ci\u00f3 kivet\u00edt\u0151n, r\u00e9sztvev\u0151kkel\"},{\"@type\":\"BreadcrumbList\",\"@id\":\"https:\\\/\\\/centraleuropeanacademy.hu\\\/rendezveny\\\/a-jovo-generacioinak-vedelme-kozep-europaban-protection-of-future-generation-in-central-europe\\\/#breadcrumb\",\"itemListElement\":[{\"@type\":\"ListItem\",\"position\":1,\"name\":\"Kezd\u0151lap\",\"item\":\"https:\\\/\\\/centraleuropeanacademy.hu\\\/\"},{\"@type\":\"ListItem\",\"position\":2,\"name\":\"A j\u00f6v\u0151 gener\u00e1ci\u00f3inak v\u00e9delme K\u00f6z\u00e9p-Eur\u00f3p\u00e1ban &#8211; &#8216;Protection of Future Generation in Central Europe&#8217;\"}]},{\"@type\":\"WebSite\",\"@id\":\"https:\\\/\\\/centraleuropeanacademy.hu\\\/#website\",\"url\":\"https:\\\/\\\/centraleuropeanacademy.hu\\\/\",\"name\":\"CEA\",\"description\":\"\",\"publisher\":{\"@id\":\"https:\\\/\\\/centraleuropeanacademy.hu\\\/#organization\"},\"potentialAction\":[{\"@type\":\"SearchAction\",\"target\":{\"@type\":\"EntryPoint\",\"urlTemplate\":\"https:\\\/\\\/centraleuropeanacademy.hu\\\/?s={search_term_string}\"},\"query-input\":{\"@type\":\"PropertyValueSpecification\",\"valueRequired\":true,\"valueName\":\"search_term_string\"}}],\"inLanguage\":\"en-GB\"},{\"@type\":\"Organization\",\"@id\":\"https:\\\/\\\/centraleuropeanacademy.hu\\\/#organization\",\"name\":\"K\u00f6z\u00e9p-eur\u00f3pai Akad\u00e9mia\",\"alternateName\":\"K\u00f6z\u00e9p-Eur\u00f3pai Akad\u00e9mia\",\"url\":\"https:\\\/\\\/centraleuropeanacademy.hu\\\/\",\"logo\":{\"@type\":\"ImageObject\",\"inLanguage\":\"en-GB\",\"@id\":\"https:\\\/\\\/centraleuropeanacademy.hu\\\/#\\\/schema\\\/logo\\\/image\\\/\",\"url\":\"https:\\\/\\\/centraleuropeanacademy.hu\\\/wp-content\\\/uploads\\\/2024\\\/04\\\/cea-logo.png\",\"contentUrl\":\"https:\\\/\\\/centraleuropeanacademy.hu\\\/wp-content\\\/uploads\\\/2024\\\/04\\\/cea-logo.png\",\"width\":1080,\"height\":417,\"caption\":\"K\u00f6z\u00e9p-eur\u00f3pai Akad\u00e9mia\"},\"image\":{\"@id\":\"https:\\\/\\\/centraleuropeanacademy.hu\\\/#\\\/schema\\\/logo\\\/image\\\/\"},\"description\":\"A budapesti sz\u00e9khellyel l\u00e9trej\u00f6tt K\u00f6z\u00e9p-eur\u00f3pai Akad\u00e9mia (CEA) a Miskolci Egyetem \u00e1ltal alap\u00edtott, k\u00f6zfeladatot ell\u00e1t\u00f3 szervezet.\",\"email\":\"academy@centraleuropeanacademy.hu\",\"telephone\":\"academy@centraleuropeanacademy.hu\",\"legalName\":\"K\u00f6z\u00e9p-eur\u00f3pai Akad\u00e9mia\",\"taxID\":\"19359711-1-43\"}]}<\/script>\n<!-- \/ Yoast SEO Premium plugin. -->","yoast_head_json":{"title":"A j\u00f6v\u0151 gener\u00e1ci\u00f3inak v\u00e9delme K\u00f6z\u00e9p-Eur\u00f3p\u00e1ban - 'Protection of Future Generation in Central Europe' | ME KEA","description":"Conference on protecting future generations in Central Europe, 24 November 2022, University of Miskolc. Legal challenges and good practices.","robots":{"index":"index","follow":"follow","max-snippet":"max-snippet:-1","max-image-preview":"max-image-preview:large","max-video-preview":"max-video-preview:-1"},"canonical":"https:\/\/centraleuropeanacademy.hu\/en\/rendezveny\/a-jovo-generacioinak-vedelme-kozep-europaban-protection-of-future-generation-in-central-europe\/","og_locale":"en_GB","og_type":"article","og_title":"A j\u00f6v\u0151 gener\u00e1ci\u00f3inak v\u00e9delme K\u00f6z\u00e9p-Eur\u00f3p\u00e1ban - 'Protection of Future Generation in Central Europe'","og_description":"A K\u00f6z\u00e9p-eur\u00f3pai Akad\u00e9mia k\u00f6zfeladatot ell\u00e1t\u00f3 szervezet, f\u0151 c\u00e9lja a r\u00e9gi\u00f3s orsz\u00e1gok jogtudom\u00e1ny\u00e1nak \u00e9s ezen bel\u00fcl jogalkot\u00e1s\u00e1nak fejleszt\u00e9se.","og_url":"https:\/\/centraleuropeanacademy.hu\/en\/rendezveny\/a-jovo-generacioinak-vedelme-kozep-europaban-protection-of-future-generation-in-central-europe\/","og_site_name":"ME KEA","article_modified_time":"2025-08-27T13:21:44+00:00","og_image":[{"width":2560,"height":1707,"url":"https:\/\/centraleuropeanacademy.hu\/wp-content\/uploads\/2022\/11\/DSC8376-scaled.webp","type":"image\/webp"}],"twitter_card":"summary_large_image","twitter_misc":{"Estimated reading time":"3 minutes"},"schema":{"@context":"https:\/\/schema.org","@graph":[{"@type":"WebPage","@id":"https:\/\/centraleuropeanacademy.hu\/rendezveny\/a-jovo-generacioinak-vedelme-kozep-europaban-protection-of-future-generation-in-central-europe\/","url":"https:\/\/centraleuropeanacademy.hu\/rendezveny\/a-jovo-generacioinak-vedelme-kozep-europaban-protection-of-future-generation-in-central-europe\/","name":"A j\u00f6v\u0151 gener\u00e1ci\u00f3inak v\u00e9delme K\u00f6z\u00e9p-Eur\u00f3p\u00e1ban - 'Protection of Future Generation in Central Europe' | ME KEA","isPartOf":{"@id":"https:\/\/centraleuropeanacademy.hu\/#website"},"primaryImageOfPage":{"@id":"https:\/\/centraleuropeanacademy.hu\/rendezveny\/a-jovo-generacioinak-vedelme-kozep-europaban-protection-of-future-generation-in-central-europe\/#primaryimage"},"image":{"@id":"https:\/\/centraleuropeanacademy.hu\/rendezveny\/a-jovo-generacioinak-vedelme-kozep-europaban-protection-of-future-generation-in-central-europe\/#primaryimage"},"thumbnailUrl":"https:\/\/centraleuropeanacademy.hu\/wp-content\/uploads\/2022\/11\/DSC8376-scaled.webp","datePublished":"2022-11-25T07:25:52+00:00","dateModified":"2025-08-27T13:21:44+00:00","description":"Conference on protecting future generations in Central Europe, 24 November 2022, University of Miskolc. Legal challenges and good practices.","breadcrumb":{"@id":"https:\/\/centraleuropeanacademy.hu\/rendezveny\/a-jovo-generacioinak-vedelme-kozep-europaban-protection-of-future-generation-in-central-europe\/#breadcrumb"},"inLanguage":"en-GB","potentialAction":[{"@type":"ReadAction","target":["https:\/\/centraleuropeanacademy.hu\/rendezveny\/a-jovo-generacioinak-vedelme-kozep-europaban-protection-of-future-generation-in-central-europe\/"]}]},{"@type":"ImageObject","inLanguage":"en-GB","@id":"https:\/\/centraleuropeanacademy.hu\/rendezveny\/a-jovo-generacioinak-vedelme-kozep-europaban-protection-of-future-generation-in-central-europe\/#primaryimage","url":"https:\/\/centraleuropeanacademy.hu\/wp-content\/uploads\/2022\/11\/DSC8376-scaled.webp","contentUrl":"https:\/\/centraleuropeanacademy.hu\/wp-content\/uploads\/2022\/11\/DSC8376-scaled.webp","width":2560,"height":1707,"caption":"Prezent\u00e1ci\u00f3 kivet\u00edt\u0151n, r\u00e9sztvev\u0151kkel"},{"@type":"BreadcrumbList","@id":"https:\/\/centraleuropeanacademy.hu\/rendezveny\/a-jovo-generacioinak-vedelme-kozep-europaban-protection-of-future-generation-in-central-europe\/#breadcrumb","itemListElement":[{"@type":"ListItem","position":1,"name":"Kezd\u0151lap","item":"https:\/\/centraleuropeanacademy.hu\/"},{"@type":"ListItem","position":2,"name":"A j\u00f6v\u0151 gener\u00e1ci\u00f3inak v\u00e9delme K\u00f6z\u00e9p-Eur\u00f3p\u00e1ban &#8211; &#8216;Protection of Future Generation in Central Europe&#8217;"}]},{"@type":"WebSite","@id":"https:\/\/centraleuropeanacademy.hu\/#website","url":"https:\/\/centraleuropeanacademy.hu\/","name":"CEA","description":"","publisher":{"@id":"https:\/\/centraleuropeanacademy.hu\/#organization"},"potentialAction":[{"@type":"SearchAction","target":{"@type":"EntryPoint","urlTemplate":"https:\/\/centraleuropeanacademy.hu\/?s={search_term_string}"},"query-input":{"@type":"PropertyValueSpecification","valueRequired":true,"valueName":"search_term_string"}}],"inLanguage":"en-GB"},{"@type":"Organization","@id":"https:\/\/centraleuropeanacademy.hu\/#organization","name":"Central European Academy","alternateName":"K\u00f6z\u00e9p-Eur\u00f3pai Akad\u00e9mia","url":"https:\/\/centraleuropeanacademy.hu\/","logo":{"@type":"ImageObject","inLanguage":"en-GB","@id":"https:\/\/centraleuropeanacademy.hu\/#\/schema\/logo\/image\/","url":"https:\/\/centraleuropeanacademy.hu\/wp-content\/uploads\/2024\/04\/cea-logo.png","contentUrl":"https:\/\/centraleuropeanacademy.hu\/wp-content\/uploads\/2024\/04\/cea-logo.png","width":1080,"height":417,"caption":"K\u00f6z\u00e9p-eur\u00f3pai Akad\u00e9mia"},"image":{"@id":"https:\/\/centraleuropeanacademy.hu\/#\/schema\/logo\/image\/"},"description":"A budapesti sz\u00e9khellyel l\u00e9trej\u00f6tt K\u00f6z\u00e9p-eur\u00f3pai Akad\u00e9mia (CEA) a Miskolci Egyetem \u00e1ltal alap\u00edtott, k\u00f6zfeladatot ell\u00e1t\u00f3 szervezet.","email":"academy@centraleuropeanacademy.hu","telephone":"academy@centraleuropeanacademy.hu","legalName":"K\u00f6z\u00e9p-eur\u00f3pai Akad\u00e9mia","taxID":"19359711-1-43"}]}},"_links":{"self":[{"href":"https:\/\/centraleuropeanacademy.hu\/en\/wp-json\/wp\/v2\/rendezveny\/11544","targetHints":{"allow":["GET"]}}],"collection":[{"href":"https:\/\/centraleuropeanacademy.hu\/en\/wp-json\/wp\/v2\/rendezveny"}],"about":[{"href":"https:\/\/centraleuropeanacademy.hu\/en\/wp-json\/wp\/v2\/types\/rendezveny"}],"author":[{"embeddable":true,"href":"https:\/\/centraleuropeanacademy.hu\/en\/wp-json\/wp\/v2\/users\/8"}],"replies":[{"embeddable":true,"href":"https:\/\/centraleuropeanacademy.hu\/en\/wp-json\/wp\/v2\/comments?post=11544"}],"wp:featuredmedia":[{"embeddable":true,"href":"https:\/\/centraleuropeanacademy.hu\/en\/wp-json\/wp\/v2\/media\/11669"}],"wp:attachment":[{"href":"https:\/\/centraleuropeanacademy.hu\/en\/wp-json\/wp\/v2\/media?parent=11544"}],"wp:term":[{"taxonomy":"countries-concerned","embeddable":true,"href":"https:\/\/centraleuropeanacademy.hu\/en\/wp-json\/wp\/v2\/countries-concerned?post=11544"},{"taxonomy":"rendezvenyek-erintett-orszagok","embeddable":true,"href":"https:\/\/centraleuropeanacademy.hu\/en\/wp-json\/wp\/v2\/rendezvenyek-erintett-orszagok?post=11544"},{"taxonomy":"event-format","embeddable":true,"href":"https:\/\/centraleuropeanacademy.hu\/en\/wp-json\/wp\/v2\/event-format?post=11544"},{"taxonomy":"event-language","embeddable":true,"href":"https:\/\/centraleuropeanacademy.hu\/en\/wp-json\/wp\/v2\/event-language?post=11544"},{"taxonomy":"kutatasi-emak-rendezvenyek","embeddable":true,"href":"https:\/\/centraleuropeanacademy.hu\/en\/wp-json\/wp\/v2\/kutatasi-emak-rendezvenyek?post=11544"},{"taxonomy":"rendezveny-cimkei","embeddable":true,"href":"https:\/\/centraleuropeanacademy.hu\/en\/wp-json\/wp\/v2\/rendezveny-cimkei?post=11544"},{"taxonomy":"rendezveny-nyelve","embeddable":true,"href":"https:\/\/centraleuropeanacademy.hu\/en\/wp-json\/wp\/v2\/rendezveny-nyelve?post=11544"},{"taxonomy":"rendezveny-tipusa","embeddable":true,"href":"https:\/\/centraleuropeanacademy.hu\/en\/wp-json\/wp\/v2\/rendezveny-tipusa?post=11544"},{"taxonomy":"research-topics-events","embeddable":true,"href":"https:\/\/centraleuropeanacademy.hu\/en\/wp-json\/wp\/v2\/research-topics-events?post=11544"}],"curies":[{"name":"wp","href":"https:\/\/api.w.org\/{rel}","templated":true}]}}