{"id":6201,"date":"2024-05-07T13:46:53","date_gmt":"2024-05-07T11:46:53","guid":{"rendered":"https:\/\/centraleuropeanacademy.hu\/?post_type=interju&#038;p=6201"},"modified":"2026-03-19T15:40:18","modified_gmt":"2026-03-19T14:40:18","slug":"rebecca-hassanova-interju-8","status":"publish","type":"interju","link":"https:\/\/centraleuropeanacademy.hu\/en\/interju\/rebecca-hassanova-interju-8\/","title":{"rendered":"\"I am in the fortunate position that the Academy organises a lot of conferences in my area of interest and research\""},"content":{"rendered":"<h3 class=\"wp-block-heading\" id=\"h-bemutatkozas\">Introduction<\/h3>\n\n\n\n<p>I am 26 years old, I was born in Felvid\u00e9k. My ancestors are both Hungarian and Slovak, so I am in a lucky position to consider both countries as my homeland. I graduated from the Pan-European University in Bratislava with both a bachelor's and a master's degree in law. Even during my studies, I was sure that after finishing my Master's degree I would like to continue my studies and do a PhD.<\/p>\n\n\n\n<h3 class=\"wp-block-heading\" id=\"h-milyen-volt-a-jelentkezesi-folyamat\">How was the application process?<\/h3>\n\n\n\n<p>As I was at the end of my studies, I was a bit scared to think that I would end up in the so-called \"squirrel wheel\" and (with a little dramatic exaggeration, of course) that my everyday life would be the same for the rest of my life. So, there was no question of taking on this new challenge.<\/p>\n\n\n\n<p>The application process seemed quite complex at first, but luckily Academy staff were there to help and guide me through the process. In June I had the opportunity to visit the Academy as part of the Open Day, which removed any doubt in my mind that I wanted to start the traineeship.<\/p>\n\n\n\n<h3 class=\"wp-block-heading\" id=\"h-hogyan-zajlott-a-koltozes\">How did the move go?<\/h3>\n\n\n\n<p>The move went smoothly. The Academy offered to help us find a flat, but this was unnecessary as the issue was quickly resolved.<\/p>\n\n\n\n<h3 class=\"wp-block-heading\" id=\"h-hol-latod-magad-par-even-belul-es-az-me-kea-hogyan-segit-neked-az-odavezeto-uton\">Where do you see yourself in a few years, and how does the CEA UM help you on that path?<\/h3>\n\n\n\n<p>I have loved writing since I was little, so I would like to pursue a research career. The legal career is often quite tied up, so I really enjoy being able to indulge my creative side in this job. In a couple of years, I see myself as a researcher who regularly publishes in prestigious journals and attends or even organises international conferences.<\/p>\n\n\n\n<p>CEA UM provides tremendous support along this path. The Academy cooperates with numerous universities and research institutes, offering a wide range of publication opportunities. Furthermore, the connections and networking opportunities gained here are also extremely valuable.\n\nWe have the opportunity to learn from distinguished academics and professionals, often from foreign universities, institutions, or courts, which not only deepens my knowledge but also opens up new perspectives for my research. Thanks to the continuous support of the Academy and the resources it provides, I feel that I have all the tools necessary to build a successful research career.<\/p>\n\n\n\n<h3 class=\"wp-block-heading\" id=\"h-volt-e-valami-ami-miatt-aggodtal-mielott-idejottel\">Was there anything you worried about before you came?<\/h3>\n\n\n\n<p>Yes, before I came here, I was mostly concerned about how difficult it would be to balance the times when we had conferences with continuing my research or writing my thesis and publications. Academic life is very busy and time-consuming, and I was worried about how I would be able to find the right balance between the different commitments and deadlines. Now that I am here, I realise that those concerns were unfounded. The Academy gives us the flexibility to manage our time. If you organise your time and priorities effectively, you should have no problem meeting deadlines, even with other commitments.<\/p>\n\n\n\n<h3 class=\"wp-block-heading\" id=\"h-milyen-a-mindennapi-elet-az-akademian\">What is everyday life like at the academy?<\/h3>\n\n\n\n<p>Daily life at the Academy is quite varied. Some days are filled with academic activities, including high-quality lectures and seminars. We also participate in several conferences where we have the opportunity to listen to presentations from high-level academics. The institution regularly organises cultural programmes, such as the Cultural Evening series, which has allowed us to showcase our places of origin and learn about each other's cultures. Sometimes we have no extra activities on a particular day, so we can spend more time on our own research.<\/p>\n\n\n\n<h3 class=\"wp-block-heading\" id=\"h-mennyire-tamogat-az-me-kea-szakmailag\">How much does the CEA UM support you professionally?<\/h3>\n\n\n\n<p>The support provided by CEA UM is quite multifaceted. First and foremost, CEA UM invites numerous outstanding speakers and experts who share a great deal of knowledge and experience with us. In addition, it supports our participation in summer schools and LL.M. programmes. This not only helps our current research and intellectual development, but also enhances and makes our CVs more attractive on the job market.<\/p>\n\n\n\n<h3 class=\"wp-block-heading\" id=\"h-hogyan-tudsz-meg-kutatni-is\">How can you also do research?<\/h3>\n\n\n\n<p>I am in the fortunate position that the Academy organises a lot of conferences in my area of interest and research, so I often draw inspiration for further research from the conferences. I think it is very important that you manage your time well and are interested in the area you are researching. It makes the work much easier because you enjoy it.<\/p>\n\n\n\n<h3 class=\"wp-block-heading\" id=\"h-milyen-egyeb-lehetoseget-kinal-az-me-kea\">What other opportunities does CEA UM offer?<\/h3>\n\n\n\n<p>CEA UM supports us in many ways that can help advance our careers. Whether it is LL.M. programmes, summer schools, or participation in domestic and international conferences, the range of opportunities is broad.\n\nThe Academy also supports us in language learning. Many of us study several foreign languages at the same time, and colleagues who do not speak Hungarian have the opportunity to learn the Hungarian language as well.<\/p>\n\n\n\n<h3 class=\"wp-block-heading\" id=\"h-milyen-budapesten-elni\">What is it like to live in Budapest?<\/h3>\n\n\n\n<p>Budapest was not a foreign city to me; I had been here many times before. I always thought it was beautiful, and full of possibilities. Budapest is always bustling, and everyone can find the leisure activity that suits them best. In truth, moving here was a bit bittersweet, as I had lived in Bratislava for many years before and I love the Slovak capital. But I don't regret moving here! After a year and a half, I can say that Budapest has also grown very close to my heart, and I almost consider it my home. The city has offered me a lot of new experiences and opportunities, which quickly made me forget any initial difficulties. Budapest is a vibrant, dynamic city that inspires me and helps me to stay motivated and active.<\/p>\n\n\n\n<h3 class=\"wp-block-heading\" id=\"h-hol-latod-magad-5-10-ev-mulva\">Where do you see yourself in 5-10 years?<\/h3>\n\n\n\n<p>I think 5-10 years is too far away to be able to answer that question. For example, 5 years ago I would never have thought that I would be living in Budapest today. I consider myself a spontaneous person, so I don't like to plan many years ahead. However, I can say with certainty that I would like to continue to research because I feel that I have found a lot of my strength in this work.<\/p>\n\n\n\n<h3 class=\"wp-block-heading\" id=\"h-kinek-javasolnad-az-me-kea-s-programot\">Who would you recommend the CEA UM programme to?<\/h3>\n\n\n\n<p>I would recommend the CEA UM programme to those who are open to various legal fields, enjoy critical thinking, and like to form their own opinions. I also really enjoy the diverse international environment. Many different cultures and people come together here, which can be an attractive aspect for others as well.<\/p>\n\n\n\n<h3 class=\"wp-block-heading\" id=\"h-nem-jelent-hatranyt-hogy-meg-ilyen-fiatal-az-intezmeny\">Isn\u2019t it a disadvantage that the Academy is so young?<\/h3>\n\n\n\n<p>Absolutely not. As you can often read in job advertisements (but it is true of us), we are a young and dynamic environment. Because the institution is young, it is evolving with us. Of course, sometimes questions arise that do not have a predetermined answer, but in such situations, we always seek solutions together. The Academy is completely open to our opinions, and that helps us to feel at home here.<\/p>\n\n\n\n<h3 class=\"wp-block-heading\" id=\"h-mi-volt-szamodra-eddig-a-legjobb-elmeny-az-me-kea-n\">What has been your best experience so far at the CEA UM?<\/h3>\n\n\n\n<p>Organising my first own conference panel was a huge professional experience, which would not have been possible without the support of CEA UM.<\/p>\n\n\n\n<p>I also really enjoyed the cultural evenings I mentioned earlier. I feel that these events brought our team even closer together and it was interesting to listen to each other's presentations on topics other than law.<\/p>\n\n\n\n<h3 class=\"wp-block-heading\" id=\"h-mit-uzensz-a-leendo-junioroknak\">What message do you have for future juniors?<\/h3>\n\n\n\n<p>I also really enjoyed the cultural evenings I mentioned earlier. I feel that these events brought our team even closer together and it was interesting to listen to each other's presentations on topics other than law.<\/p>\n\n\n\n<p class=\"has-text-align-right\"><strong>Judita (SK)<\/strong><\/p>","protected":false},"excerpt":{"rendered":"<p>Judita; PHD student, CEA intern<\/p>","protected":false},"featured_media":10271,"parent":0,"template":"","meta":{"_acf_changed":false,"site-sidebar-layout":"default","site-content-layout":"","ast-site-content-layout":"default","site-content-style":"default","site-sidebar-style":"default","ast-global-header-display":"","ast-banner-title-visibility":"","ast-main-header-display":"","ast-hfb-above-header-display":"","ast-hfb-below-header-display":"","ast-hfb-mobile-header-display":"","site-post-title":"","ast-breadcrumbs-content":"","ast-featured-img":"","footer-sml-layout":"","ast-disable-related-posts":"","theme-transparent-header-meta":"","adv-header-id-meta":"","stick-header-meta":"","header-above-stick-meta":"","header-main-stick-meta":"","header-below-stick-meta":"","astra-migrate-meta-layouts":"default","ast-page-background-enabled":"default","ast-page-background-meta":{"desktop":{"background-color":"var(--ast-global-color-4)","background-image":"","background-repeat":"repeat","background-position":"center center","background-size":"auto","background-attachment":"scroll","background-type":"","background-media":"","overlay-type":"","overlay-color":"","overlay-opacity":"","overlay-gradient":""},"tablet":{"background-color":"","background-image":"","background-repeat":"repeat","background-position":"center center","background-size":"auto","background-attachment":"scroll","background-type":"","background-media":"","overlay-type":"","overlay-color":"","overlay-opacity":"","overlay-gradient":""},"mobile":{"background-color":"","background-image":"","background-repeat":"repeat","background-position":"center center","background-size":"auto","background-attachment":"scroll","background-type":"","background-media":"","overlay-type":"","overlay-color":"","overlay-opacity":"","overlay-gradient":""}},"ast-content-background-meta":{"desktop":{"background-color":"var(--ast-global-color-5)","background-image":"","background-repeat":"repeat","background-position":"center center","background-size":"auto","background-attachment":"scroll","background-type":"","background-media":"","overlay-type":"","overlay-color":"","overlay-opacity":"","overlay-gradient":""},"tablet":{"background-color":"var(--ast-global-color-5)","background-image":"","background-repeat":"repeat","background-position":"center center","background-size":"auto","background-attachment":"scroll","background-type":"","background-media":"","overlay-type":"","overlay-color":"","overlay-opacity":"","overlay-gradient":""},"mobile":{"background-color":"var(--ast-global-color-5)","background-image":"","background-repeat":"repeat","background-position":"center center","background-size":"auto","background-attachment":"scroll","background-type":"","background-media":"","overlay-type":"","overlay-color":"","overlay-opacity":"","overlay-gradient":""}},"footnotes":""},"interju-cimkek":[188],"interju-kategoriak":[],"class_list":["post-6201","interju","type-interju","status-publish","has-post-thumbnail","hentry","interju-cimkek-elmenybeszamolo"],"acf":[],"yoast_head":"<!-- This site is optimized with the Yoast SEO Premium plugin v27.5 (Yoast SEO v27.5) - https:\/\/yoast.com\/product\/yoast-seo-premium-wordpress\/ -->\n<title>&quot;Abban a szerencs\u00e9s helyzetben vagyok, hogy az Akad\u00e9mia sok olyan konferenci\u00e1t szervez, ami az \u00e9n \u00e9rdekl\u0151d\u00e9si k\u00f6r\u00f6mbe \u00e9s kutat\u00e1si ter\u00fcletembe tartozik&quot; | ME KEA<\/title>\n<meta name=\"description\" content=\"Az ME KEA t\u00e1mogatja kutat\u00e1saimat, szakmai fejl\u0151d\u00e9semet kiv\u00e1l\u00f3 mentorokkal \u00e9s tanagyagokkal, \u00e9s nemzetk\u00f6zi konferenci\u00e1kon val\u00f3 r\u00e9szv\u00e9telemet.\" \/>\n<meta name=\"robots\" content=\"index, follow, max-snippet:-1, max-image-preview:large, max-video-preview:-1\" \/>\n<link rel=\"canonical\" href=\"https:\/\/centraleuropeanacademy.hu\/en\/interju\/rebecca-hassanova-interju-8\/\" \/>\n<meta property=\"og:locale\" content=\"en_GB\" \/>\n<meta property=\"og:type\" content=\"article\" \/>\n<meta property=\"og:title\" content=\"&quot;Abban a szerencs\u00e9s helyzetben vagyok, hogy az Akad\u00e9mia sok olyan konferenci\u00e1t szervez, ami az \u00e9n \u00e9rdekl\u0151d\u00e9si k\u00f6r\u00f6mbe \u00e9s kutat\u00e1si ter\u00fcletembe tartozik&quot;\" \/>\n<meta property=\"og:description\" content=\"Fedezd fel a legizgalmasabb interj\u00fakat szak\u00e9rt\u0151kkel \u00e9s inspir\u00e1l\u00f3 szem\u00e9lyis\u00e9gekkel. Ne hagyd ki ezeket a leny\u0171g\u00f6z\u0151 t\u00f6rt\u00e9neteket!\" \/>\n<meta property=\"og:url\" content=\"https:\/\/centraleuropeanacademy.hu\/en\/interju\/rebecca-hassanova-interju-8\/\" \/>\n<meta property=\"og:site_name\" content=\"ME KEA\" \/>\n<meta property=\"article:modified_time\" content=\"2026-03-19T14:40:18+00:00\" \/>\n<meta property=\"og:image\" content=\"https:\/\/centraleuropeanacademy.hu\/wp-content\/uploads\/2024\/05\/1-e1718024000389-1024x679.png\" \/>\n\t<meta property=\"og:image:width\" content=\"1024\" \/>\n\t<meta property=\"og:image:height\" content=\"679\" \/>\n\t<meta property=\"og:image:type\" content=\"image\/png\" \/>\n<meta name=\"twitter:card\" content=\"summary_large_image\" \/>\n<meta name=\"twitter:label1\" content=\"Estimated reading time\" \/>\n\t<meta name=\"twitter:data1\" content=\"6 minutes\" \/>\n<script type=\"application\/ld+json\" class=\"yoast-schema-graph\">{\"@context\":\"https:\\\/\\\/schema.org\",\"@graph\":[{\"@type\":\"WebPage\",\"@id\":\"https:\\\/\\\/centraleuropeanacademy.hu\\\/interju\\\/rebecca-hassanova-interju-8\\\/\",\"url\":\"https:\\\/\\\/centraleuropeanacademy.hu\\\/interju\\\/rebecca-hassanova-interju-8\\\/\",\"name\":\"\\\"Abban a szerencs\u00e9s helyzetben vagyok, hogy az Akad\u00e9mia sok olyan konferenci\u00e1t szervez, ami az \u00e9n \u00e9rdekl\u0151d\u00e9si k\u00f6r\u00f6mbe \u00e9s kutat\u00e1si ter\u00fcletembe tartozik\\\" | ME KEA\",\"isPartOf\":{\"@id\":\"https:\\\/\\\/centraleuropeanacademy.hu\\\/#website\"},\"primaryImageOfPage\":{\"@id\":\"https:\\\/\\\/centraleuropeanacademy.hu\\\/interju\\\/rebecca-hassanova-interju-8\\\/#primaryimage\"},\"image\":{\"@id\":\"https:\\\/\\\/centraleuropeanacademy.hu\\\/interju\\\/rebecca-hassanova-interju-8\\\/#primaryimage\"},\"thumbnailUrl\":\"https:\\\/\\\/centraleuropeanacademy.hu\\\/wp-content\\\/uploads\\\/2024\\\/05\\\/1-e1718024000389.png\",\"datePublished\":\"2024-05-07T11:46:53+00:00\",\"dateModified\":\"2026-03-19T14:40:18+00:00\",\"description\":\"Az ME KEA t\u00e1mogatja kutat\u00e1saimat, szakmai fejl\u0151d\u00e9semet kiv\u00e1l\u00f3 mentorokkal \u00e9s tanagyagokkal, \u00e9s nemzetk\u00f6zi konferenci\u00e1kon val\u00f3 r\u00e9szv\u00e9telemet.\",\"breadcrumb\":{\"@id\":\"https:\\\/\\\/centraleuropeanacademy.hu\\\/interju\\\/rebecca-hassanova-interju-8\\\/#breadcrumb\"},\"inLanguage\":\"en-GB\",\"potentialAction\":[{\"@type\":\"ReadAction\",\"target\":[\"https:\\\/\\\/centraleuropeanacademy.hu\\\/interju\\\/rebecca-hassanova-interju-8\\\/\"]}]},{\"@type\":\"ImageObject\",\"inLanguage\":\"en-GB\",\"@id\":\"https:\\\/\\\/centraleuropeanacademy.hu\\\/interju\\\/rebecca-hassanova-interju-8\\\/#primaryimage\",\"url\":\"https:\\\/\\\/centraleuropeanacademy.hu\\\/wp-content\\\/uploads\\\/2024\\\/05\\\/1-e1718024000389.png\",\"contentUrl\":\"https:\\\/\\\/centraleuropeanacademy.hu\\\/wp-content\\\/uploads\\\/2024\\\/05\\\/1-e1718024000389.png\",\"width\":2244,\"height\":1489,\"caption\":\"Fiatalok s\u00e9t\u00e1lnak egy iskola folyos\u00f3j\u00e1n h\u00e1tizs\u00e1kkal\"},{\"@type\":\"BreadcrumbList\",\"@id\":\"https:\\\/\\\/centraleuropeanacademy.hu\\\/interju\\\/rebecca-hassanova-interju-8\\\/#breadcrumb\",\"itemListElement\":[{\"@type\":\"ListItem\",\"position\":1,\"name\":\"Kezd\u0151lap\",\"item\":\"https:\\\/\\\/centraleuropeanacademy.hu\\\/\"},{\"@type\":\"ListItem\",\"position\":2,\"name\":\"&#8222;Abban a szerencs\u00e9s helyzetben vagyok, hogy az Akad\u00e9mia sok olyan konferenci\u00e1t szervez, ami az \u00e9n \u00e9rdekl\u0151d\u00e9si k\u00f6r\u00f6mbe \u00e9s kutat\u00e1si ter\u00fcletembe tartozik&#8221;\"}]},{\"@type\":\"WebSite\",\"@id\":\"https:\\\/\\\/centraleuropeanacademy.hu\\\/#website\",\"url\":\"https:\\\/\\\/centraleuropeanacademy.hu\\\/\",\"name\":\"CEA\",\"description\":\"\",\"publisher\":{\"@id\":\"https:\\\/\\\/centraleuropeanacademy.hu\\\/#organization\"},\"potentialAction\":[{\"@type\":\"SearchAction\",\"target\":{\"@type\":\"EntryPoint\",\"urlTemplate\":\"https:\\\/\\\/centraleuropeanacademy.hu\\\/?s={search_term_string}\"},\"query-input\":{\"@type\":\"PropertyValueSpecification\",\"valueRequired\":true,\"valueName\":\"search_term_string\"}}],\"inLanguage\":\"en-GB\"},{\"@type\":\"Organization\",\"@id\":\"https:\\\/\\\/centraleuropeanacademy.hu\\\/#organization\",\"name\":\"K\u00f6z\u00e9p-eur\u00f3pai Akad\u00e9mia\",\"alternateName\":\"K\u00f6z\u00e9p-Eur\u00f3pai Akad\u00e9mia\",\"url\":\"https:\\\/\\\/centraleuropeanacademy.hu\\\/\",\"logo\":{\"@type\":\"ImageObject\",\"inLanguage\":\"en-GB\",\"@id\":\"https:\\\/\\\/centraleuropeanacademy.hu\\\/#\\\/schema\\\/logo\\\/image\\\/\",\"url\":\"https:\\\/\\\/centraleuropeanacademy.hu\\\/wp-content\\\/uploads\\\/2024\\\/04\\\/cea-logo.png\",\"contentUrl\":\"https:\\\/\\\/centraleuropeanacademy.hu\\\/wp-content\\\/uploads\\\/2024\\\/04\\\/cea-logo.png\",\"width\":1080,\"height\":417,\"caption\":\"K\u00f6z\u00e9p-eur\u00f3pai Akad\u00e9mia\"},\"image\":{\"@id\":\"https:\\\/\\\/centraleuropeanacademy.hu\\\/#\\\/schema\\\/logo\\\/image\\\/\"},\"description\":\"A budapesti sz\u00e9khellyel l\u00e9trej\u00f6tt K\u00f6z\u00e9p-eur\u00f3pai Akad\u00e9mia (CEA) a Miskolci Egyetem \u00e1ltal alap\u00edtott, k\u00f6zfeladatot ell\u00e1t\u00f3 szervezet.\",\"email\":\"academy@centraleuropeanacademy.hu\",\"telephone\":\"academy@centraleuropeanacademy.hu\",\"legalName\":\"K\u00f6z\u00e9p-eur\u00f3pai Akad\u00e9mia\",\"taxID\":\"19359711-1-43\"}]}<\/script>\n<!-- \/ Yoast SEO Premium plugin. -->","yoast_head_json":{"title":"\"Abban a szerencs\u00e9s helyzetben vagyok, hogy az Akad\u00e9mia sok olyan konferenci\u00e1t szervez, ami az \u00e9n \u00e9rdekl\u0151d\u00e9si k\u00f6r\u00f6mbe \u00e9s kutat\u00e1si ter\u00fcletembe tartozik\" | ME KEA","description":"Az ME KEA t\u00e1mogatja kutat\u00e1saimat, szakmai fejl\u0151d\u00e9semet kiv\u00e1l\u00f3 mentorokkal \u00e9s tanagyagokkal, \u00e9s nemzetk\u00f6zi konferenci\u00e1kon val\u00f3 r\u00e9szv\u00e9telemet.","robots":{"index":"index","follow":"follow","max-snippet":"max-snippet:-1","max-image-preview":"max-image-preview:large","max-video-preview":"max-video-preview:-1"},"canonical":"https:\/\/centraleuropeanacademy.hu\/en\/interju\/rebecca-hassanova-interju-8\/","og_locale":"en_GB","og_type":"article","og_title":"\"Abban a szerencs\u00e9s helyzetben vagyok, hogy az Akad\u00e9mia sok olyan konferenci\u00e1t szervez, ami az \u00e9n \u00e9rdekl\u0151d\u00e9si k\u00f6r\u00f6mbe \u00e9s kutat\u00e1si ter\u00fcletembe tartozik\"","og_description":"Fedezd fel a legizgalmasabb interj\u00fakat szak\u00e9rt\u0151kkel \u00e9s inspir\u00e1l\u00f3 szem\u00e9lyis\u00e9gekkel. Ne hagyd ki ezeket a leny\u0171g\u00f6z\u0151 t\u00f6rt\u00e9neteket!","og_url":"https:\/\/centraleuropeanacademy.hu\/en\/interju\/rebecca-hassanova-interju-8\/","og_site_name":"ME KEA","article_modified_time":"2026-03-19T14:40:18+00:00","og_image":[{"width":1024,"height":679,"url":"https:\/\/centraleuropeanacademy.hu\/wp-content\/uploads\/2024\/05\/1-e1718024000389-1024x679.png","type":"image\/png"}],"twitter_card":"summary_large_image","twitter_misc":{"Estimated reading time":"6 minutes"},"schema":{"@context":"https:\/\/schema.org","@graph":[{"@type":"WebPage","@id":"https:\/\/centraleuropeanacademy.hu\/interju\/rebecca-hassanova-interju-8\/","url":"https:\/\/centraleuropeanacademy.hu\/interju\/rebecca-hassanova-interju-8\/","name":"\"Abban a szerencs\u00e9s helyzetben vagyok, hogy az Akad\u00e9mia sok olyan konferenci\u00e1t szervez, ami az \u00e9n \u00e9rdekl\u0151d\u00e9si k\u00f6r\u00f6mbe \u00e9s kutat\u00e1si ter\u00fcletembe tartozik\" | ME KEA","isPartOf":{"@id":"https:\/\/centraleuropeanacademy.hu\/#website"},"primaryImageOfPage":{"@id":"https:\/\/centraleuropeanacademy.hu\/interju\/rebecca-hassanova-interju-8\/#primaryimage"},"image":{"@id":"https:\/\/centraleuropeanacademy.hu\/interju\/rebecca-hassanova-interju-8\/#primaryimage"},"thumbnailUrl":"https:\/\/centraleuropeanacademy.hu\/wp-content\/uploads\/2024\/05\/1-e1718024000389.png","datePublished":"2024-05-07T11:46:53+00:00","dateModified":"2026-03-19T14:40:18+00:00","description":"Az ME KEA t\u00e1mogatja kutat\u00e1saimat, szakmai fejl\u0151d\u00e9semet kiv\u00e1l\u00f3 mentorokkal \u00e9s tanagyagokkal, \u00e9s nemzetk\u00f6zi konferenci\u00e1kon val\u00f3 r\u00e9szv\u00e9telemet.","breadcrumb":{"@id":"https:\/\/centraleuropeanacademy.hu\/interju\/rebecca-hassanova-interju-8\/#breadcrumb"},"inLanguage":"en-GB","potentialAction":[{"@type":"ReadAction","target":["https:\/\/centraleuropeanacademy.hu\/interju\/rebecca-hassanova-interju-8\/"]}]},{"@type":"ImageObject","inLanguage":"en-GB","@id":"https:\/\/centraleuropeanacademy.hu\/interju\/rebecca-hassanova-interju-8\/#primaryimage","url":"https:\/\/centraleuropeanacademy.hu\/wp-content\/uploads\/2024\/05\/1-e1718024000389.png","contentUrl":"https:\/\/centraleuropeanacademy.hu\/wp-content\/uploads\/2024\/05\/1-e1718024000389.png","width":2244,"height":1489,"caption":"Fiatalok s\u00e9t\u00e1lnak egy iskola folyos\u00f3j\u00e1n h\u00e1tizs\u00e1kkal"},{"@type":"BreadcrumbList","@id":"https:\/\/centraleuropeanacademy.hu\/interju\/rebecca-hassanova-interju-8\/#breadcrumb","itemListElement":[{"@type":"ListItem","position":1,"name":"Kezd\u0151lap","item":"https:\/\/centraleuropeanacademy.hu\/"},{"@type":"ListItem","position":2,"name":"&#8222;Abban a szerencs\u00e9s helyzetben vagyok, hogy az Akad\u00e9mia sok olyan konferenci\u00e1t szervez, ami az \u00e9n \u00e9rdekl\u0151d\u00e9si k\u00f6r\u00f6mbe \u00e9s kutat\u00e1si ter\u00fcletembe tartozik&#8221;"}]},{"@type":"WebSite","@id":"https:\/\/centraleuropeanacademy.hu\/#website","url":"https:\/\/centraleuropeanacademy.hu\/","name":"CEA","description":"","publisher":{"@id":"https:\/\/centraleuropeanacademy.hu\/#organization"},"potentialAction":[{"@type":"SearchAction","target":{"@type":"EntryPoint","urlTemplate":"https:\/\/centraleuropeanacademy.hu\/?s={search_term_string}"},"query-input":{"@type":"PropertyValueSpecification","valueRequired":true,"valueName":"search_term_string"}}],"inLanguage":"en-GB"},{"@type":"Organization","@id":"https:\/\/centraleuropeanacademy.hu\/#organization","name":"Central European Academy","alternateName":"K\u00f6z\u00e9p-Eur\u00f3pai Akad\u00e9mia","url":"https:\/\/centraleuropeanacademy.hu\/","logo":{"@type":"ImageObject","inLanguage":"en-GB","@id":"https:\/\/centraleuropeanacademy.hu\/#\/schema\/logo\/image\/","url":"https:\/\/centraleuropeanacademy.hu\/wp-content\/uploads\/2024\/04\/cea-logo.png","contentUrl":"https:\/\/centraleuropeanacademy.hu\/wp-content\/uploads\/2024\/04\/cea-logo.png","width":1080,"height":417,"caption":"K\u00f6z\u00e9p-eur\u00f3pai Akad\u00e9mia"},"image":{"@id":"https:\/\/centraleuropeanacademy.hu\/#\/schema\/logo\/image\/"},"description":"A budapesti sz\u00e9khellyel l\u00e9trej\u00f6tt K\u00f6z\u00e9p-eur\u00f3pai Akad\u00e9mia (CEA) a Miskolci Egyetem \u00e1ltal alap\u00edtott, k\u00f6zfeladatot ell\u00e1t\u00f3 szervezet.","email":"academy@centraleuropeanacademy.hu","telephone":"academy@centraleuropeanacademy.hu","legalName":"K\u00f6z\u00e9p-eur\u00f3pai Akad\u00e9mia","taxID":"19359711-1-43"}]}},"_links":{"self":[{"href":"https:\/\/centraleuropeanacademy.hu\/en\/wp-json\/wp\/v2\/interju\/6201","targetHints":{"allow":["GET"]}}],"collection":[{"href":"https:\/\/centraleuropeanacademy.hu\/en\/wp-json\/wp\/v2\/interju"}],"about":[{"href":"https:\/\/centraleuropeanacademy.hu\/en\/wp-json\/wp\/v2\/types\/interju"}],"version-history":[{"count":0,"href":"https:\/\/centraleuropeanacademy.hu\/en\/wp-json\/wp\/v2\/interju\/6201\/revisions"}],"wp:featuredmedia":[{"embeddable":true,"href":"https:\/\/centraleuropeanacademy.hu\/en\/wp-json\/wp\/v2\/media\/10271"}],"wp:attachment":[{"href":"https:\/\/centraleuropeanacademy.hu\/en\/wp-json\/wp\/v2\/media?parent=6201"}],"wp:term":[{"taxonomy":"interju-cimkek","embeddable":true,"href":"https:\/\/centraleuropeanacademy.hu\/en\/wp-json\/wp\/v2\/interju-cimkek?post=6201"},{"taxonomy":"interju-kategoriak","embeddable":true,"href":"https:\/\/centraleuropeanacademy.hu\/en\/wp-json\/wp\/v2\/interju-kategoriak?post=6201"}],"curies":[{"name":"wp","href":"https:\/\/api.w.org\/{rel}","templated":true}]}}