{"id":12322,"date":"2024-07-03T14:58:05","date_gmt":"2024-07-03T12:58:05","guid":{"rendered":"https:\/\/centraleuropeanacademy.hu\/?post_type=interju&#038;p=12322"},"modified":"2026-03-19T15:40:15","modified_gmt":"2026-03-19T14:40:15","slug":"12322-2","status":"publish","type":"interju","link":"https:\/\/centraleuropeanacademy.hu\/en\/interju\/12322-2\/","title":{"rendered":"\"An ambitious, dynamic researcher, committed to all aspects of academic life\""},"content":{"rendered":"<p><strong>Introduction<\/strong><\/p>\n\n\n\n<p>My name is Csaba Sz., I come from Romania, from Odorheiu Secuiesc, the heart of Transylvania, where I finished my schooling. I did my bachelor's degree in two languages at the Sapienta EMTE in Cluj-Napoca, and my master's degree at the Babes-B\u00f3lya University in Cluj-Napoca. After that I worked as a legal adviser for two years.<\/p>\n\n\n\n<p>I was informed about the CEA UM programme by a professor I had met during my undergraduate studies, who encouraged me to apply. As a result of this encouragement and my interest in academic research, there was no doubt that I wanted to take advantage of this opportunity.<\/p>\n\n\n\n<p><strong>How was the application process?<\/strong><\/p>\n\n\n\n<p>Eventful, perhaps I could define it that way. In March I received an email that there was a PhD program, which is a very good opportunity. After maybe a 10-15 minute conversation, I was looking for my potential research topic. As labour law was the most interesting branch of law for me during my studies so far, and this was the basis of my later practice, I was looking into this area. In consultation with the Professor of Labour Law, who had made me fell in love with the world of labour law, I decided to focus on innovation, and so I chose the topic of Platform work. To make it innovative, the social security dimension became an integral part of my research. After that, the Professor who presented the program helped me to find a supervisor and then came the concrete application and admission process, so before I realized it, I was already in Budapest talking to the leaders of the research institute during the admission process. Everything went smoothly and, as I am writing this report, not least successfully.<\/p>\n\n\n\n<p><strong>How did the move go?<\/strong><\/p>\n\n\n\n<p>As I was trying to keep my practice until the last minute, I managed to move to Budapest a few days before the program started. Although the Hungarian language was not a problem for me, as I am a native Hungarian speaker, it was still exciting to move to another country. If I can give a piece of advice to the next generation of juniors, I would suggest that they should start their search for a flat early, although there are plenty of sites to search on, it is better not to leave the apartment search to the last minute.<\/p>\n\n\n\n<p><strong>Where do you see yourself in a few years, and how does the CEA UM help you on that path?<\/strong><\/p>\n\n\n\n<p>Given my current lifestyle: everywhere. Fortunately, labour law is as much a theoretical as a practical branch of law. As I am currently back in practice and putting into practice the theoretical knowledge I have acquired, I try to balance the two dimensions. I would like to be part of the academic world after my doctoral studies and I would like this knowledge to materialize, as theory and practice are essential for understanding labour law. I am also very interested in the legislative process and I would like to use my knowledge to help with labour law legislation making if I have the opportunity. This is a complex vision, but I believe it is feasible with the right workload.<\/p>\n\n\n\n<p><strong>Was there anything you worried about before you came?<\/strong><\/p>\n\n\n\n<p>As I was starting a new phase of my life in a new country with new colleagues, this was probably the biggest question mark in the first period. Like many others, I was afraid of the \"new\". It didn't take me long to realize that my concerns were unfounded and to find my place in the new environment went smoothly.<\/p>\n\n\n\n<p><strong>What is everyday life like at the academy?<\/strong><\/p>\n\n\n\n<p>Days at the academy are never the same. There are some days when we have more commitments, such as exams, conferences, VIP lectures or supervisors\u2019 lectures and there are some days when our schedule is more flexible. During those days we can be more dedicated to our research.<\/p>\n\n\n\n<p><strong>How much does the CEA UM support you professionally?<\/strong><\/p>\n\n\n\n<p>In addition to using articles available online and published by CEA UM, I also visited the Library of the Hungarian Parliament. Moreover, during a study trip to The Hague, we had the opportunity to visit the Peace Palace Library, which was extremely useful for all of our research.<\/p>\n\n\n\n<p><strong>What other opportunities does CEA UM offer?<\/strong><\/p>\n\n\n\n<p>Within the framework of CEA UM, our professional advancement is supported through numerous events\u2014such as conferences and workshops\u2014as well as various programmes, including LL.M. programmes.<\/p>\n\n\n\n<p><strong>What is it like to live in Budapest?<\/strong><\/p>\n\n\n\n<p>As both a big city and a capital, there are plenty of opportunities for entertainment, recreation, research, and professional programs. Last but not least, as an important hub, it is easily accessible from many other European cities, as we travel to many conferences, so it is important to make this as easy as possible.<\/p>\n\n\n\n<p><strong>Where do you see yourself in 5-10 years?<\/strong><\/p>\n\n\n\n<p>At the moment I try to focus on the present and live in the present fully. Now I feel comfortable in my situation, so if I can, I would like to be able to stand my ground in the academy and in practice, and I would like to be able to stand my ground in Hungary as well as in Romania.<\/p>\n\n\n\n<p><strong>Who would you recommend the CEA UM programme to?<\/strong><\/p>\n\n\n\n<p>An ambitious, dynamic researcher, committed to all aspects of academic life. It's important that you can work as part of a team with colleagues as well as individually. You'll also need a good dose of courage, as you'll be starting a new life in Budapest, but I can personally say that it's worth it.<\/p>\n\n\n\n<p><strong>Isn\u2019t it a disadvantage that the Academy is so young?<\/strong><\/p>\n\n\n\n<p>It is a matter of perception. The program has a lot of potential, with great professors, lawyers, and experts from many countries, so all the conditions are there for it to remain a reputable institution. In addition to all this, of course, I also have a responsibility, being one of the first generation, so I try to treat it as such.<\/p>\n\n\n\n<p><strong>What has been your best experience so far at the CEA UM?<\/strong><\/p>\n\n\n\n<p>It would be difficult to highlight just one moment; perhaps every small or major piece of positive feedback is a great experience, especially when well-known and respected figures in the field acknowledge my work so far. My colleagues also contribute greatly to how comfortable I feel at CEA UM, so the strong team is naturally an integral part of this as well.<\/p>\n\n\n\n<p><strong>What message do you have for future juniors?<\/strong><\/p>\n\n\n\n<p>Give yourself a chance and go for it.<\/p>\n\n\n\n<p class=\"has-text-align-right\"><strong>Csaba (RO)<\/strong><\/p>","protected":false},"excerpt":{"rendered":"<p>Csaba; PHD student, CEA intern<\/p>","protected":false},"featured_media":12323,"parent":0,"template":"","meta":{"_acf_changed":false,"site-sidebar-layout":"default","site-content-layout":"","ast-site-content-layout":"default","site-content-style":"default","site-sidebar-style":"default","ast-global-header-display":"","ast-banner-title-visibility":"","ast-main-header-display":"","ast-hfb-above-header-display":"","ast-hfb-below-header-display":"","ast-hfb-mobile-header-display":"","site-post-title":"","ast-breadcrumbs-content":"","ast-featured-img":"","footer-sml-layout":"","ast-disable-related-posts":"","theme-transparent-header-meta":"","adv-header-id-meta":"","stick-header-meta":"","header-above-stick-meta":"","header-main-stick-meta":"","header-below-stick-meta":"","astra-migrate-meta-layouts":"default","ast-page-background-enabled":"default","ast-page-background-meta":{"desktop":{"background-color":"var(--ast-global-color-4)","background-image":"","background-repeat":"repeat","background-position":"center center","background-size":"auto","background-attachment":"scroll","background-type":"","background-media":"","overlay-type":"","overlay-color":"","overlay-opacity":"","overlay-gradient":""},"tablet":{"background-color":"","background-image":"","background-repeat":"repeat","background-position":"center center","background-size":"auto","background-attachment":"scroll","background-type":"","background-media":"","overlay-type":"","overlay-color":"","overlay-opacity":"","overlay-gradient":""},"mobile":{"background-color":"","background-image":"","background-repeat":"repeat","background-position":"center center","background-size":"auto","background-attachment":"scroll","background-type":"","background-media":"","overlay-type":"","overlay-color":"","overlay-opacity":"","overlay-gradient":""}},"ast-content-background-meta":{"desktop":{"background-color":"var(--ast-global-color-5)","background-image":"","background-repeat":"repeat","background-position":"center center","background-size":"auto","background-attachment":"scroll","background-type":"","background-media":"","overlay-type":"","overlay-color":"","overlay-opacity":"","overlay-gradient":""},"tablet":{"background-color":"var(--ast-global-color-5)","background-image":"","background-repeat":"repeat","background-position":"center center","background-size":"auto","background-attachment":"scroll","background-type":"","background-media":"","overlay-type":"","overlay-color":"","overlay-opacity":"","overlay-gradient":""},"mobile":{"background-color":"var(--ast-global-color-5)","background-image":"","background-repeat":"repeat","background-position":"center center","background-size":"auto","background-attachment":"scroll","background-type":"","background-media":"","overlay-type":"","overlay-color":"","overlay-opacity":"","overlay-gradient":""}},"footnotes":""},"interju-cimkek":[188],"interju-kategoriak":[],"class_list":["post-12322","interju","type-interju","status-publish","has-post-thumbnail","hentry","interju-cimkek-elmenybeszamolo"],"acf":[],"yoast_head":"<!-- This site is optimized with the Yoast SEO Premium plugin v27.5 (Yoast SEO v27.5) - https:\/\/yoast.com\/product\/yoast-seo-premium-wordpress\/ -->\n<title>&quot;Ambici\u00f3zus, lend\u00fcletes, az akad\u00e9miai \u00e9let minden velej\u00e1r\u00f3j\u00e1ra&quot; | ME KEA<\/title>\n<meta name=\"description\" content=\"Az ME KEA \u00e9ves tudom\u00e1nyos konferenci\u00e1j\u00e1nak c\u00e9lja az innovat\u00edv \u00e9s j\u00f3l m\u0171k\u00f6d\u0151 szab\u00e1lyoz\u00e1si int\u00e9zked\u00e9sekr\u0151l \u00e9s a j\u00f3 gyakorlatr\u00f3l sz\u00f3l\u00f3 eszmecsere.\" \/>\n<meta name=\"robots\" content=\"index, follow, max-snippet:-1, max-image-preview:large, max-video-preview:-1\" \/>\n<link rel=\"canonical\" href=\"https:\/\/centraleuropeanacademy.hu\/en\/interju\/12322-2\/\" \/>\n<meta property=\"og:locale\" content=\"en_GB\" \/>\n<meta property=\"og:type\" content=\"article\" \/>\n<meta property=\"og:title\" content=\"&quot;Ambici\u00f3zus, lend\u00fcletes, az akad\u00e9miai \u00e9let minden velej\u00e1r\u00f3j\u00e1ra&quot;\" \/>\n<meta property=\"og:description\" content=\"Fedezd fel a legizgalmasabb interj\u00fakat szak\u00e9rt\u0151kkel \u00e9s inspir\u00e1l\u00f3 szem\u00e9lyis\u00e9gekkel. Ne hagyd ki ezeket a leny\u0171g\u00f6z\u0151 t\u00f6rt\u00e9neteket!\" \/>\n<meta property=\"og:url\" content=\"https:\/\/centraleuropeanacademy.hu\/en\/interju\/12322-2\/\" \/>\n<meta property=\"og:site_name\" content=\"ME KEA\" \/>\n<meta property=\"article:modified_time\" content=\"2026-03-19T14:40:15+00:00\" \/>\n<meta property=\"og:image\" content=\"https:\/\/centraleuropeanacademy.hu\/wp-content\/uploads\/2024\/07\/Blog-kepek-8.webp\" \/>\n\t<meta property=\"og:image:width\" content=\"640\" \/>\n\t<meta property=\"og:image:height\" content=\"480\" \/>\n\t<meta property=\"og:image:type\" content=\"image\/webp\" \/>\n<meta name=\"twitter:card\" content=\"summary_large_image\" \/>\n<meta name=\"twitter:label1\" content=\"Estimated reading time\" \/>\n\t<meta name=\"twitter:data1\" content=\"5 minutes\" \/>\n<script type=\"application\/ld+json\" class=\"yoast-schema-graph\">{\"@context\":\"https:\\\/\\\/schema.org\",\"@graph\":[{\"@type\":\"WebPage\",\"@id\":\"https:\\\/\\\/centraleuropeanacademy.hu\\\/interju\\\/12322-2\\\/\",\"url\":\"https:\\\/\\\/centraleuropeanacademy.hu\\\/interju\\\/12322-2\\\/\",\"name\":\"\\\"Ambici\u00f3zus, lend\u00fcletes, az akad\u00e9miai \u00e9let minden velej\u00e1r\u00f3j\u00e1ra\\\" | ME KEA\",\"isPartOf\":{\"@id\":\"https:\\\/\\\/centraleuropeanacademy.hu\\\/#website\"},\"primaryImageOfPage\":{\"@id\":\"https:\\\/\\\/centraleuropeanacademy.hu\\\/interju\\\/12322-2\\\/#primaryimage\"},\"image\":{\"@id\":\"https:\\\/\\\/centraleuropeanacademy.hu\\\/interju\\\/12322-2\\\/#primaryimage\"},\"thumbnailUrl\":\"https:\\\/\\\/centraleuropeanacademy.hu\\\/wp-content\\\/uploads\\\/2024\\\/07\\\/Blog-kepek-8.webp\",\"datePublished\":\"2024-07-03T12:58:05+00:00\",\"dateModified\":\"2026-03-19T14:40:15+00:00\",\"description\":\"Az ME KEA \u00e9ves tudom\u00e1nyos konferenci\u00e1j\u00e1nak c\u00e9lja az innovat\u00edv \u00e9s j\u00f3l m\u0171k\u00f6d\u0151 szab\u00e1lyoz\u00e1si int\u00e9zked\u00e9sekr\u0151l \u00e9s a j\u00f3 gyakorlatr\u00f3l sz\u00f3l\u00f3 eszmecsere.\",\"breadcrumb\":{\"@id\":\"https:\\\/\\\/centraleuropeanacademy.hu\\\/interju\\\/12322-2\\\/#breadcrumb\"},\"inLanguage\":\"en-GB\",\"potentialAction\":[{\"@type\":\"ReadAction\",\"target\":[\"https:\\\/\\\/centraleuropeanacademy.hu\\\/interju\\\/12322-2\\\/\"]}]},{\"@type\":\"ImageObject\",\"inLanguage\":\"en-GB\",\"@id\":\"https:\\\/\\\/centraleuropeanacademy.hu\\\/interju\\\/12322-2\\\/#primaryimage\",\"url\":\"https:\\\/\\\/centraleuropeanacademy.hu\\\/wp-content\\\/uploads\\\/2024\\\/07\\\/Blog-kepek-8.webp\",\"contentUrl\":\"https:\\\/\\\/centraleuropeanacademy.hu\\\/wp-content\\\/uploads\\\/2024\\\/07\\\/Blog-kepek-8.webp\",\"width\":640,\"height\":480,\"caption\":\"Fiatal f\u00e9rfi \u00e9s n\u0151 egy\u00fctt dolgoznak egy laptopon, mosolyogva.\"},{\"@type\":\"BreadcrumbList\",\"@id\":\"https:\\\/\\\/centraleuropeanacademy.hu\\\/interju\\\/12322-2\\\/#breadcrumb\",\"itemListElement\":[{\"@type\":\"ListItem\",\"position\":1,\"name\":\"Kezd\u0151lap\",\"item\":\"https:\\\/\\\/centraleuropeanacademy.hu\\\/\"},{\"@type\":\"ListItem\",\"position\":2,\"name\":\"&#8222;Ambici\u00f3zus, lend\u00fcletes, az akad\u00e9miai \u00e9let minden velej\u00e1r\u00f3j\u00e1ra&#8221;\"}]},{\"@type\":\"WebSite\",\"@id\":\"https:\\\/\\\/centraleuropeanacademy.hu\\\/#website\",\"url\":\"https:\\\/\\\/centraleuropeanacademy.hu\\\/\",\"name\":\"CEA\",\"description\":\"\",\"publisher\":{\"@id\":\"https:\\\/\\\/centraleuropeanacademy.hu\\\/#organization\"},\"potentialAction\":[{\"@type\":\"SearchAction\",\"target\":{\"@type\":\"EntryPoint\",\"urlTemplate\":\"https:\\\/\\\/centraleuropeanacademy.hu\\\/?s={search_term_string}\"},\"query-input\":{\"@type\":\"PropertyValueSpecification\",\"valueRequired\":true,\"valueName\":\"search_term_string\"}}],\"inLanguage\":\"en-GB\"},{\"@type\":\"Organization\",\"@id\":\"https:\\\/\\\/centraleuropeanacademy.hu\\\/#organization\",\"name\":\"K\u00f6z\u00e9p-eur\u00f3pai Akad\u00e9mia\",\"alternateName\":\"K\u00f6z\u00e9p-Eur\u00f3pai Akad\u00e9mia\",\"url\":\"https:\\\/\\\/centraleuropeanacademy.hu\\\/\",\"logo\":{\"@type\":\"ImageObject\",\"inLanguage\":\"en-GB\",\"@id\":\"https:\\\/\\\/centraleuropeanacademy.hu\\\/#\\\/schema\\\/logo\\\/image\\\/\",\"url\":\"https:\\\/\\\/centraleuropeanacademy.hu\\\/wp-content\\\/uploads\\\/2024\\\/04\\\/cea-logo.png\",\"contentUrl\":\"https:\\\/\\\/centraleuropeanacademy.hu\\\/wp-content\\\/uploads\\\/2024\\\/04\\\/cea-logo.png\",\"width\":1080,\"height\":417,\"caption\":\"K\u00f6z\u00e9p-eur\u00f3pai Akad\u00e9mia\"},\"image\":{\"@id\":\"https:\\\/\\\/centraleuropeanacademy.hu\\\/#\\\/schema\\\/logo\\\/image\\\/\"},\"description\":\"A budapesti sz\u00e9khellyel l\u00e9trej\u00f6tt K\u00f6z\u00e9p-eur\u00f3pai Akad\u00e9mia (CEA) a Miskolci Egyetem \u00e1ltal alap\u00edtott, k\u00f6zfeladatot ell\u00e1t\u00f3 szervezet.\",\"email\":\"academy@centraleuropeanacademy.hu\",\"telephone\":\"academy@centraleuropeanacademy.hu\",\"legalName\":\"K\u00f6z\u00e9p-eur\u00f3pai Akad\u00e9mia\",\"taxID\":\"19359711-1-43\"}]}<\/script>\n<!-- \/ Yoast SEO Premium plugin. -->","yoast_head_json":{"title":"\"Ambici\u00f3zus, lend\u00fcletes, az akad\u00e9miai \u00e9let minden velej\u00e1r\u00f3j\u00e1ra\" | ME KEA","description":"Az ME KEA \u00e9ves tudom\u00e1nyos konferenci\u00e1j\u00e1nak c\u00e9lja az innovat\u00edv \u00e9s j\u00f3l m\u0171k\u00f6d\u0151 szab\u00e1lyoz\u00e1si int\u00e9zked\u00e9sekr\u0151l \u00e9s a j\u00f3 gyakorlatr\u00f3l sz\u00f3l\u00f3 eszmecsere.","robots":{"index":"index","follow":"follow","max-snippet":"max-snippet:-1","max-image-preview":"max-image-preview:large","max-video-preview":"max-video-preview:-1"},"canonical":"https:\/\/centraleuropeanacademy.hu\/en\/interju\/12322-2\/","og_locale":"en_GB","og_type":"article","og_title":"\"Ambici\u00f3zus, lend\u00fcletes, az akad\u00e9miai \u00e9let minden velej\u00e1r\u00f3j\u00e1ra\"","og_description":"Fedezd fel a legizgalmasabb interj\u00fakat szak\u00e9rt\u0151kkel \u00e9s inspir\u00e1l\u00f3 szem\u00e9lyis\u00e9gekkel. Ne hagyd ki ezeket a leny\u0171g\u00f6z\u0151 t\u00f6rt\u00e9neteket!","og_url":"https:\/\/centraleuropeanacademy.hu\/en\/interju\/12322-2\/","og_site_name":"ME KEA","article_modified_time":"2026-03-19T14:40:15+00:00","og_image":[{"width":640,"height":480,"url":"https:\/\/centraleuropeanacademy.hu\/wp-content\/uploads\/2024\/07\/Blog-kepek-8.webp","type":"image\/webp"}],"twitter_card":"summary_large_image","twitter_misc":{"Estimated reading time":"5 minutes"},"schema":{"@context":"https:\/\/schema.org","@graph":[{"@type":"WebPage","@id":"https:\/\/centraleuropeanacademy.hu\/interju\/12322-2\/","url":"https:\/\/centraleuropeanacademy.hu\/interju\/12322-2\/","name":"\"Ambici\u00f3zus, lend\u00fcletes, az akad\u00e9miai \u00e9let minden velej\u00e1r\u00f3j\u00e1ra\" | ME KEA","isPartOf":{"@id":"https:\/\/centraleuropeanacademy.hu\/#website"},"primaryImageOfPage":{"@id":"https:\/\/centraleuropeanacademy.hu\/interju\/12322-2\/#primaryimage"},"image":{"@id":"https:\/\/centraleuropeanacademy.hu\/interju\/12322-2\/#primaryimage"},"thumbnailUrl":"https:\/\/centraleuropeanacademy.hu\/wp-content\/uploads\/2024\/07\/Blog-kepek-8.webp","datePublished":"2024-07-03T12:58:05+00:00","dateModified":"2026-03-19T14:40:15+00:00","description":"Az ME KEA \u00e9ves tudom\u00e1nyos konferenci\u00e1j\u00e1nak c\u00e9lja az innovat\u00edv \u00e9s j\u00f3l m\u0171k\u00f6d\u0151 szab\u00e1lyoz\u00e1si int\u00e9zked\u00e9sekr\u0151l \u00e9s a j\u00f3 gyakorlatr\u00f3l sz\u00f3l\u00f3 eszmecsere.","breadcrumb":{"@id":"https:\/\/centraleuropeanacademy.hu\/interju\/12322-2\/#breadcrumb"},"inLanguage":"en-GB","potentialAction":[{"@type":"ReadAction","target":["https:\/\/centraleuropeanacademy.hu\/interju\/12322-2\/"]}]},{"@type":"ImageObject","inLanguage":"en-GB","@id":"https:\/\/centraleuropeanacademy.hu\/interju\/12322-2\/#primaryimage","url":"https:\/\/centraleuropeanacademy.hu\/wp-content\/uploads\/2024\/07\/Blog-kepek-8.webp","contentUrl":"https:\/\/centraleuropeanacademy.hu\/wp-content\/uploads\/2024\/07\/Blog-kepek-8.webp","width":640,"height":480,"caption":"Fiatal f\u00e9rfi \u00e9s n\u0151 egy\u00fctt dolgoznak egy laptopon, mosolyogva."},{"@type":"BreadcrumbList","@id":"https:\/\/centraleuropeanacademy.hu\/interju\/12322-2\/#breadcrumb","itemListElement":[{"@type":"ListItem","position":1,"name":"Kezd\u0151lap","item":"https:\/\/centraleuropeanacademy.hu\/"},{"@type":"ListItem","position":2,"name":"&#8222;Ambici\u00f3zus, lend\u00fcletes, az akad\u00e9miai \u00e9let minden velej\u00e1r\u00f3j\u00e1ra&#8221;"}]},{"@type":"WebSite","@id":"https:\/\/centraleuropeanacademy.hu\/#website","url":"https:\/\/centraleuropeanacademy.hu\/","name":"CEA","description":"","publisher":{"@id":"https:\/\/centraleuropeanacademy.hu\/#organization"},"potentialAction":[{"@type":"SearchAction","target":{"@type":"EntryPoint","urlTemplate":"https:\/\/centraleuropeanacademy.hu\/?s={search_term_string}"},"query-input":{"@type":"PropertyValueSpecification","valueRequired":true,"valueName":"search_term_string"}}],"inLanguage":"en-GB"},{"@type":"Organization","@id":"https:\/\/centraleuropeanacademy.hu\/#organization","name":"Central European Academy","alternateName":"K\u00f6z\u00e9p-Eur\u00f3pai Akad\u00e9mia","url":"https:\/\/centraleuropeanacademy.hu\/","logo":{"@type":"ImageObject","inLanguage":"en-GB","@id":"https:\/\/centraleuropeanacademy.hu\/#\/schema\/logo\/image\/","url":"https:\/\/centraleuropeanacademy.hu\/wp-content\/uploads\/2024\/04\/cea-logo.png","contentUrl":"https:\/\/centraleuropeanacademy.hu\/wp-content\/uploads\/2024\/04\/cea-logo.png","width":1080,"height":417,"caption":"K\u00f6z\u00e9p-eur\u00f3pai Akad\u00e9mia"},"image":{"@id":"https:\/\/centraleuropeanacademy.hu\/#\/schema\/logo\/image\/"},"description":"A budapesti sz\u00e9khellyel l\u00e9trej\u00f6tt K\u00f6z\u00e9p-eur\u00f3pai Akad\u00e9mia (CEA) a Miskolci Egyetem \u00e1ltal alap\u00edtott, k\u00f6zfeladatot ell\u00e1t\u00f3 szervezet.","email":"academy@centraleuropeanacademy.hu","telephone":"academy@centraleuropeanacademy.hu","legalName":"K\u00f6z\u00e9p-eur\u00f3pai Akad\u00e9mia","taxID":"19359711-1-43"}]}},"_links":{"self":[{"href":"https:\/\/centraleuropeanacademy.hu\/en\/wp-json\/wp\/v2\/interju\/12322","targetHints":{"allow":["GET"]}}],"collection":[{"href":"https:\/\/centraleuropeanacademy.hu\/en\/wp-json\/wp\/v2\/interju"}],"about":[{"href":"https:\/\/centraleuropeanacademy.hu\/en\/wp-json\/wp\/v2\/types\/interju"}],"version-history":[{"count":0,"href":"https:\/\/centraleuropeanacademy.hu\/en\/wp-json\/wp\/v2\/interju\/12322\/revisions"}],"wp:featuredmedia":[{"embeddable":true,"href":"https:\/\/centraleuropeanacademy.hu\/en\/wp-json\/wp\/v2\/media\/12323"}],"wp:attachment":[{"href":"https:\/\/centraleuropeanacademy.hu\/en\/wp-json\/wp\/v2\/media?parent=12322"}],"wp:term":[{"taxonomy":"interju-cimkek","embeddable":true,"href":"https:\/\/centraleuropeanacademy.hu\/en\/wp-json\/wp\/v2\/interju-cimkek?post=12322"},{"taxonomy":"interju-kategoriak","embeddable":true,"href":"https:\/\/centraleuropeanacademy.hu\/en\/wp-json\/wp\/v2\/interju-kategoriak?post=12322"}],"curies":[{"name":"wp","href":"https:\/\/api.w.org\/{rel}","templated":true}]}}