{"id":9486,"date":"2024-01-30T15:19:00","date_gmt":"2024-01-30T14:19:00","guid":{"rendered":"https:\/\/centraleuropeanacademy.hu\/?post_type=hir&#038;p=9486"},"modified":"2025-08-14T14:55:48","modified_gmt":"2025-08-14T12:55:48","slug":"specific-central-european-aspects-of-economic-governance","status":"publish","type":"hir","link":"https:\/\/centraleuropeanacademy.hu\/en\/hir\/specific-central-european-aspects-of-economic-governance\/","title":{"rendered":"Specific Central European Aspects of Economic Governance"},"content":{"rendered":"<p>On 1-2 February 2024, the Central European Academy will organise a conference entitled \"Specific Central European Aspects of Economic Governance\", organised by the Faculty of Law and Political Sciences of the University of Miskolc, the Ferenc M\u00e1dl Institute of Comparative Law and the Central European Comparative Law Association.&nbsp;<\/p>\n\n\n\n<p>The economic governance research project looks at the economic aspects of governance,<br>including the fiscal (broken down into public finance, taxation and state aid) and monetary policy pillars. The research project is specific in the sense that it looks at the above issues not only from a general, theoretical perspective, but also takes into account the specific perspectives of the Central and Eastern European countries, as well as the EU legal position. The Central and Eastern European perspective is broken down by country (7 EU Member States and 1 non-EU Member State), but the research project aims to draw general conclusions from the observation of national specificities.<\/p>\n\n\n\n<p>This approach makes it possible to identify similarities and differences between the positions of Member States and between Member States and the EU. Consequently, the reasons for possible divergences can be identified. The research aims to shed light on the benefits and challenges of supranationalism in the field of economic policy, in particular with regard to the alignment of EU and Member States' objectives.<\/p>\n\n\n\n<div class=\"wp-block-buttons is-layout-flex wp-block-buttons-is-layout-flex\">\n<div class=\"wp-block-button\"><a class=\"wp-block-button__link wp-element-button\" href=\"https:\/\/centraleuropeanacademy.hu\/en\/rendezveny\/specific-central-european-aspects-of-economic-governance\/\">Read more<\/a><\/div>\n<\/div>","protected":false},"excerpt":{"rendered":"<p>A K\u00f6z\u00e9p-eur\u00f3pai Akad\u00e9mia 2024. febru\u00e1r 1-2-\u00e1n \u201eSpecific Central European Aspects of Economic Governance\u201d c\u00edmmel konferenci\u00e1t rendez a Miskolci Egyetem \u00c1llam-\u00e9s [&hellip;]<\/p>\n","protected":false},"author":10,"featured_media":21597,"parent":0,"template":"","meta":{"_acf_changed":false,"site-sidebar-layout":"default","site-content-layout":"","ast-site-content-layout":"default","site-content-style":"default","site-sidebar-style":"default","ast-global-header-display":"","ast-banner-title-visibility":"","ast-main-header-display":"","ast-hfb-above-header-display":"","ast-hfb-below-header-display":"","ast-hfb-mobile-header-display":"","site-post-title":"","ast-breadcrumbs-content":"","ast-featured-img":"","footer-sml-layout":"","ast-disable-related-posts":"","theme-transparent-header-meta":"","adv-header-id-meta":"","stick-header-meta":"","header-above-stick-meta":"","header-main-stick-meta":"","header-below-stick-meta":"","astra-migrate-meta-layouts":"default","ast-page-background-enabled":"default","ast-page-background-meta":{"desktop":{"background-color":"var(--ast-global-color-4)","background-image":"","background-repeat":"repeat","background-position":"center center","background-size":"auto","background-attachment":"scroll","background-type":"","background-media":"","overlay-type":"","overlay-color":"","overlay-opacity":"","overlay-gradient":""},"tablet":{"background-color":"","background-image":"","background-repeat":"repeat","background-position":"center center","background-size":"auto","background-attachment":"scroll","background-type":"","background-media":"","overlay-type":"","overlay-color":"","overlay-opacity":"","overlay-gradient":""},"mobile":{"background-color":"","background-image":"","background-repeat":"repeat","background-position":"center center","background-size":"auto","background-attachment":"scroll","background-type":"","background-media":"","overlay-type":"","overlay-color":"","overlay-opacity":"","overlay-gradient":""}},"ast-content-background-meta":{"desktop":{"background-color":"var(--ast-global-color-5)","background-image":"","background-repeat":"repeat","background-position":"center center","background-size":"auto","background-attachment":"scroll","background-type":"","background-media":"","overlay-type":"","overlay-color":"","overlay-opacity":"","overlay-gradient":""},"tablet":{"background-color":"var(--ast-global-color-5)","background-image":"","background-repeat":"repeat","background-position":"center center","background-size":"auto","background-attachment":"scroll","background-type":"","background-media":"","overlay-type":"","overlay-color":"","overlay-opacity":"","overlay-gradient":""},"mobile":{"background-color":"var(--ast-global-color-5)","background-image":"","background-repeat":"repeat","background-position":"center center","background-size":"auto","background-attachment":"scroll","background-type":"","background-media":"","overlay-type":"","overlay-color":"","overlay-opacity":"","overlay-gradient":""}}},"hir-kategoriak":[50],"class_list":["post-9486","hir","type-hir","status-publish","has-post-thumbnail","hentry","hir-kategoriak-hirek-hirek"],"acf":[],"yoast_head":"<!-- This site is optimized with the Yoast SEO Premium plugin v27.5 (Yoast SEO v27.5) - https:\/\/yoast.com\/product\/yoast-seo-premium-wordpress\/ -->\n<title>Specific Central European Aspects of Economic Governance | ME KEA<\/title>\n<meta name=\"description\" content=\"Conference on Central European economic governance by the University of Miskolc and the Central European Comparative Law Association.\" \/>\n<meta name=\"robots\" content=\"index, follow, max-snippet:-1, max-image-preview:large, max-video-preview:-1\" \/>\n<link rel=\"canonical\" href=\"https:\/\/centraleuropeanacademy.hu\/en\/hir\/specific-central-european-aspects-of-economic-governance\/\" \/>\n<meta property=\"og:locale\" content=\"en_GB\" \/>\n<meta property=\"og:type\" content=\"article\" \/>\n<meta property=\"og:title\" content=\"Specific Central European Aspects of Economic Governance\" \/>\n<meta property=\"og:description\" content=\"A h\u00edr mindig fontos, mert a t\u00e1j\u00e9kozotts\u00e1g az els\u0151 l\u00e9p\u00e9s a b\u00f6lcsess\u00e9g \u00e9s a felel\u0151s d\u00f6nt\u00e9shozatal fel\u00e9. Olvass b\u00e1tran, mert az olvas\u00e1s m\u0171v\u00e9szet!\" \/>\n<meta property=\"og:url\" content=\"https:\/\/centraleuropeanacademy.hu\/en\/hir\/specific-central-european-aspects-of-economic-governance\/\" \/>\n<meta property=\"og:site_name\" content=\"ME KEA\" \/>\n<meta property=\"article:modified_time\" content=\"2025-08-14T12:55:48+00:00\" \/>\n<meta property=\"og:image\" content=\"https:\/\/centraleuropeanacademy.hu\/wp-content\/uploads\/2024\/01\/hir-kepek-76.webp\" \/>\n\t<meta property=\"og:image:width\" content=\"2560\" \/>\n\t<meta property=\"og:image:height\" content=\"1707\" \/>\n\t<meta property=\"og:image:type\" content=\"image\/webp\" \/>\n<meta name=\"twitter:card\" content=\"summary_large_image\" \/>\n<meta name=\"twitter:label1\" content=\"Estimated reading time\" \/>\n\t<meta name=\"twitter:data1\" content=\"2 minutes\" \/>\n<script type=\"application\/ld+json\" class=\"yoast-schema-graph\">{\"@context\":\"https:\\\/\\\/schema.org\",\"@graph\":[{\"@type\":\"WebPage\",\"@id\":\"https:\\\/\\\/centraleuropeanacademy.hu\\\/hir\\\/specific-central-european-aspects-of-economic-governance\\\/\",\"url\":\"https:\\\/\\\/centraleuropeanacademy.hu\\\/hir\\\/specific-central-european-aspects-of-economic-governance\\\/\",\"name\":\"Specific Central European Aspects of Economic Governance | ME KEA\",\"isPartOf\":{\"@id\":\"https:\\\/\\\/centraleuropeanacademy.hu\\\/#website\"},\"primaryImageOfPage\":{\"@id\":\"https:\\\/\\\/centraleuropeanacademy.hu\\\/hir\\\/specific-central-european-aspects-of-economic-governance\\\/#primaryimage\"},\"image\":{\"@id\":\"https:\\\/\\\/centraleuropeanacademy.hu\\\/hir\\\/specific-central-european-aspects-of-economic-governance\\\/#primaryimage\"},\"thumbnailUrl\":\"https:\\\/\\\/centraleuropeanacademy.hu\\\/wp-content\\\/uploads\\\/2024\\\/01\\\/hir-kepek-76.webp\",\"datePublished\":\"2024-01-30T14:19:00+00:00\",\"dateModified\":\"2025-08-14T12:55:48+00:00\",\"description\":\"Conference on Central European economic governance by the University of Miskolc and the Central European Comparative Law Association.\",\"breadcrumb\":{\"@id\":\"https:\\\/\\\/centraleuropeanacademy.hu\\\/hir\\\/specific-central-european-aspects-of-economic-governance\\\/#breadcrumb\"},\"inLanguage\":\"en-GB\",\"potentialAction\":[{\"@type\":\"ReadAction\",\"target\":[\"https:\\\/\\\/centraleuropeanacademy.hu\\\/hir\\\/specific-central-european-aspects-of-economic-governance\\\/\"]}]},{\"@type\":\"ImageObject\",\"inLanguage\":\"en-GB\",\"@id\":\"https:\\\/\\\/centraleuropeanacademy.hu\\\/hir\\\/specific-central-european-aspects-of-economic-governance\\\/#primaryimage\",\"url\":\"https:\\\/\\\/centraleuropeanacademy.hu\\\/wp-content\\\/uploads\\\/2024\\\/01\\\/hir-kepek-76.webp\",\"contentUrl\":\"https:\\\/\\\/centraleuropeanacademy.hu\\\/wp-content\\\/uploads\\\/2024\\\/01\\\/hir-kepek-76.webp\",\"width\":2560,\"height\":1707,\"caption\":\"K\u00fcl\u00f6nb\u00f6z\u0151 valut\u00e1j\u00fa pap\u00edrp\u00e9nzek k\u00f6zelr\u0151l\"},{\"@type\":\"BreadcrumbList\",\"@id\":\"https:\\\/\\\/centraleuropeanacademy.hu\\\/hir\\\/specific-central-european-aspects-of-economic-governance\\\/#breadcrumb\",\"itemListElement\":[{\"@type\":\"ListItem\",\"position\":1,\"name\":\"Kezd\u0151lap\",\"item\":\"https:\\\/\\\/centraleuropeanacademy.hu\\\/\"},{\"@type\":\"ListItem\",\"position\":2,\"name\":\"Specific Central European Aspects of Economic Governance\"}]},{\"@type\":\"WebSite\",\"@id\":\"https:\\\/\\\/centraleuropeanacademy.hu\\\/#website\",\"url\":\"https:\\\/\\\/centraleuropeanacademy.hu\\\/\",\"name\":\"CEA\",\"description\":\"\",\"publisher\":{\"@id\":\"https:\\\/\\\/centraleuropeanacademy.hu\\\/#organization\"},\"potentialAction\":[{\"@type\":\"SearchAction\",\"target\":{\"@type\":\"EntryPoint\",\"urlTemplate\":\"https:\\\/\\\/centraleuropeanacademy.hu\\\/?s={search_term_string}\"},\"query-input\":{\"@type\":\"PropertyValueSpecification\",\"valueRequired\":true,\"valueName\":\"search_term_string\"}}],\"inLanguage\":\"en-GB\"},{\"@type\":\"Organization\",\"@id\":\"https:\\\/\\\/centraleuropeanacademy.hu\\\/#organization\",\"name\":\"K\u00f6z\u00e9p-eur\u00f3pai Akad\u00e9mia\",\"alternateName\":\"K\u00f6z\u00e9p-Eur\u00f3pai Akad\u00e9mia\",\"url\":\"https:\\\/\\\/centraleuropeanacademy.hu\\\/\",\"logo\":{\"@type\":\"ImageObject\",\"inLanguage\":\"en-GB\",\"@id\":\"https:\\\/\\\/centraleuropeanacademy.hu\\\/#\\\/schema\\\/logo\\\/image\\\/\",\"url\":\"https:\\\/\\\/centraleuropeanacademy.hu\\\/wp-content\\\/uploads\\\/2024\\\/04\\\/cea-logo.png\",\"contentUrl\":\"https:\\\/\\\/centraleuropeanacademy.hu\\\/wp-content\\\/uploads\\\/2024\\\/04\\\/cea-logo.png\",\"width\":1080,\"height\":417,\"caption\":\"K\u00f6z\u00e9p-eur\u00f3pai Akad\u00e9mia\"},\"image\":{\"@id\":\"https:\\\/\\\/centraleuropeanacademy.hu\\\/#\\\/schema\\\/logo\\\/image\\\/\"},\"description\":\"A budapesti sz\u00e9khellyel l\u00e9trej\u00f6tt K\u00f6z\u00e9p-eur\u00f3pai Akad\u00e9mia (CEA) a Miskolci Egyetem \u00e1ltal alap\u00edtott, k\u00f6zfeladatot ell\u00e1t\u00f3 szervezet.\",\"email\":\"academy@centraleuropeanacademy.hu\",\"telephone\":\"academy@centraleuropeanacademy.hu\",\"legalName\":\"K\u00f6z\u00e9p-eur\u00f3pai Akad\u00e9mia\",\"taxID\":\"19359711-1-43\"}]}<\/script>\n<!-- \/ Yoast SEO Premium plugin. -->","yoast_head_json":{"title":"Specific Central European Aspects of Economic Governance | ME KEA","description":"Conference on Central European economic governance by the University of Miskolc and the Central European Comparative Law Association.","robots":{"index":"index","follow":"follow","max-snippet":"max-snippet:-1","max-image-preview":"max-image-preview:large","max-video-preview":"max-video-preview:-1"},"canonical":"https:\/\/centraleuropeanacademy.hu\/en\/hir\/specific-central-european-aspects-of-economic-governance\/","og_locale":"en_GB","og_type":"article","og_title":"Specific Central European Aspects of Economic Governance","og_description":"A h\u00edr mindig fontos, mert a t\u00e1j\u00e9kozotts\u00e1g az els\u0151 l\u00e9p\u00e9s a b\u00f6lcsess\u00e9g \u00e9s a felel\u0151s d\u00f6nt\u00e9shozatal fel\u00e9. Olvass b\u00e1tran, mert az olvas\u00e1s m\u0171v\u00e9szet!","og_url":"https:\/\/centraleuropeanacademy.hu\/en\/hir\/specific-central-european-aspects-of-economic-governance\/","og_site_name":"ME KEA","article_modified_time":"2025-08-14T12:55:48+00:00","og_image":[{"width":2560,"height":1707,"url":"https:\/\/centraleuropeanacademy.hu\/wp-content\/uploads\/2024\/01\/hir-kepek-76.webp","type":"image\/webp"}],"twitter_card":"summary_large_image","twitter_misc":{"Estimated reading time":"2 minutes"},"schema":{"@context":"https:\/\/schema.org","@graph":[{"@type":"WebPage","@id":"https:\/\/centraleuropeanacademy.hu\/hir\/specific-central-european-aspects-of-economic-governance\/","url":"https:\/\/centraleuropeanacademy.hu\/hir\/specific-central-european-aspects-of-economic-governance\/","name":"Specific Central European Aspects of Economic Governance | ME KEA","isPartOf":{"@id":"https:\/\/centraleuropeanacademy.hu\/#website"},"primaryImageOfPage":{"@id":"https:\/\/centraleuropeanacademy.hu\/hir\/specific-central-european-aspects-of-economic-governance\/#primaryimage"},"image":{"@id":"https:\/\/centraleuropeanacademy.hu\/hir\/specific-central-european-aspects-of-economic-governance\/#primaryimage"},"thumbnailUrl":"https:\/\/centraleuropeanacademy.hu\/wp-content\/uploads\/2024\/01\/hir-kepek-76.webp","datePublished":"2024-01-30T14:19:00+00:00","dateModified":"2025-08-14T12:55:48+00:00","description":"Conference on Central European economic governance by the University of Miskolc and the Central European Comparative Law Association.","breadcrumb":{"@id":"https:\/\/centraleuropeanacademy.hu\/hir\/specific-central-european-aspects-of-economic-governance\/#breadcrumb"},"inLanguage":"en-GB","potentialAction":[{"@type":"ReadAction","target":["https:\/\/centraleuropeanacademy.hu\/hir\/specific-central-european-aspects-of-economic-governance\/"]}]},{"@type":"ImageObject","inLanguage":"en-GB","@id":"https:\/\/centraleuropeanacademy.hu\/hir\/specific-central-european-aspects-of-economic-governance\/#primaryimage","url":"https:\/\/centraleuropeanacademy.hu\/wp-content\/uploads\/2024\/01\/hir-kepek-76.webp","contentUrl":"https:\/\/centraleuropeanacademy.hu\/wp-content\/uploads\/2024\/01\/hir-kepek-76.webp","width":2560,"height":1707,"caption":"K\u00fcl\u00f6nb\u00f6z\u0151 valut\u00e1j\u00fa pap\u00edrp\u00e9nzek k\u00f6zelr\u0151l"},{"@type":"BreadcrumbList","@id":"https:\/\/centraleuropeanacademy.hu\/hir\/specific-central-european-aspects-of-economic-governance\/#breadcrumb","itemListElement":[{"@type":"ListItem","position":1,"name":"Kezd\u0151lap","item":"https:\/\/centraleuropeanacademy.hu\/"},{"@type":"ListItem","position":2,"name":"Specific Central European Aspects of Economic Governance"}]},{"@type":"WebSite","@id":"https:\/\/centraleuropeanacademy.hu\/#website","url":"https:\/\/centraleuropeanacademy.hu\/","name":"CEA","description":"","publisher":{"@id":"https:\/\/centraleuropeanacademy.hu\/#organization"},"potentialAction":[{"@type":"SearchAction","target":{"@type":"EntryPoint","urlTemplate":"https:\/\/centraleuropeanacademy.hu\/?s={search_term_string}"},"query-input":{"@type":"PropertyValueSpecification","valueRequired":true,"valueName":"search_term_string"}}],"inLanguage":"en-GB"},{"@type":"Organization","@id":"https:\/\/centraleuropeanacademy.hu\/#organization","name":"Central European Academy","alternateName":"K\u00f6z\u00e9p-Eur\u00f3pai Akad\u00e9mia","url":"https:\/\/centraleuropeanacademy.hu\/","logo":{"@type":"ImageObject","inLanguage":"en-GB","@id":"https:\/\/centraleuropeanacademy.hu\/#\/schema\/logo\/image\/","url":"https:\/\/centraleuropeanacademy.hu\/wp-content\/uploads\/2024\/04\/cea-logo.png","contentUrl":"https:\/\/centraleuropeanacademy.hu\/wp-content\/uploads\/2024\/04\/cea-logo.png","width":1080,"height":417,"caption":"K\u00f6z\u00e9p-eur\u00f3pai Akad\u00e9mia"},"image":{"@id":"https:\/\/centraleuropeanacademy.hu\/#\/schema\/logo\/image\/"},"description":"A budapesti sz\u00e9khellyel l\u00e9trej\u00f6tt K\u00f6z\u00e9p-eur\u00f3pai Akad\u00e9mia (CEA) a Miskolci Egyetem \u00e1ltal alap\u00edtott, k\u00f6zfeladatot ell\u00e1t\u00f3 szervezet.","email":"academy@centraleuropeanacademy.hu","telephone":"academy@centraleuropeanacademy.hu","legalName":"K\u00f6z\u00e9p-eur\u00f3pai Akad\u00e9mia","taxID":"19359711-1-43"}]}},"_links":{"self":[{"href":"https:\/\/centraleuropeanacademy.hu\/en\/wp-json\/wp\/v2\/hir\/9486","targetHints":{"allow":["GET"]}}],"collection":[{"href":"https:\/\/centraleuropeanacademy.hu\/en\/wp-json\/wp\/v2\/hir"}],"about":[{"href":"https:\/\/centraleuropeanacademy.hu\/en\/wp-json\/wp\/v2\/types\/hir"}],"author":[{"embeddable":true,"href":"https:\/\/centraleuropeanacademy.hu\/en\/wp-json\/wp\/v2\/users\/10"}],"wp:featuredmedia":[{"embeddable":true,"href":"https:\/\/centraleuropeanacademy.hu\/en\/wp-json\/wp\/v2\/media\/21597"}],"wp:attachment":[{"href":"https:\/\/centraleuropeanacademy.hu\/en\/wp-json\/wp\/v2\/media?parent=9486"}],"wp:term":[{"taxonomy":"hir-kategoriak","embeddable":true,"href":"https:\/\/centraleuropeanacademy.hu\/en\/wp-json\/wp\/v2\/hir-kategoriak?post=9486"}],"curies":[{"name":"wp","href":"https:\/\/api.w.org\/{rel}","templated":true}]}}