{"id":6989,"date":"2023-09-11T19:57:00","date_gmt":"2023-09-11T17:57:00","guid":{"rendered":"https:\/\/centraleuropeanacademy.hu\/?post_type=hir&#038;p=6989"},"modified":"2024-08-05T13:36:21","modified_gmt":"2024-08-05T11:36:21","slug":"shielding-tomorrow-csdp-and-defence-developments-in-central-europe-3","status":"publish","type":"hir","link":"https:\/\/centraleuropeanacademy.hu\/en\/hir\/shielding-tomorrow-csdp-and-defence-developments-in-central-europe-3\/","title":{"rendered":"Annual Scientific Conference of the Central European Academy"},"content":{"rendered":"<p>On 21-22 September 2023, the Central European Academy organised its second annual scientific conference, ASCEA (Annual Scientific Conference of the Central European Academy), in cooperation with the Faculty of Law and Political Sciences of the University of Miskolc, the Ferenc M\u00e1dl Institute of Comparative Law and the Central European Comparative Law Association. The conference aims to provide a platform for outstanding young scholars from the Central European region to discuss the most relevant and topical legal issues of the region with the next generation of legal scholars.<\/p>\n\n\n\n<p>Exchanging views on innovative and well-functioning regulatory measures and good practice will contribute to a higher level of cooperation between neighbouring countries and allow participants to develop a common, central European approach to emerging legal challenges.<\/p>\n\n\n\n<p>The conference consisted of a number of thematic panels, each of which was organised by a PhD student in the Central European Comparative Law Ph.D. programme of the Ferenc De\u00e1k School of Law and Political Sciences and a trainee researcher of the Central European Academy. Topics covered included adoption, consumer protection, energy and water law, environmental and climate protection, EU law, international and national criminal law, labour and social law, contract law, property law, space law, and current issues in tax law.<\/p>\n\n\n\n<div class=\"wp-block-buttons is-layout-flex wp-block-buttons-is-layout-flex\">\n<div class=\"wp-block-button\"><a class=\"wp-block-button__link wp-element-button\" href=\"https:\/\/centraleuropeanacademy.hu\/en\/rendezveny\/annual-scientific-conference-of-the-central-european-academy\/\">Read more<\/a><\/div>\n<\/div>","protected":false},"excerpt":{"rendered":"<p>The Academy of Central Europe 2023 held its second annual scientific conference ASCEA on 21-22 September 2023.<\/p>","protected":false},"author":2,"featured_media":10253,"parent":0,"template":"","meta":{"_acf_changed":true,"site-sidebar-layout":"default","site-content-layout":"","ast-site-content-layout":"default","site-content-style":"default","site-sidebar-style":"default","ast-global-header-display":"","ast-banner-title-visibility":"","ast-main-header-display":"","ast-hfb-above-header-display":"","ast-hfb-below-header-display":"","ast-hfb-mobile-header-display":"","site-post-title":"","ast-breadcrumbs-content":"","ast-featured-img":"","footer-sml-layout":"","ast-disable-related-posts":"","theme-transparent-header-meta":"","adv-header-id-meta":"","stick-header-meta":"","header-above-stick-meta":"","header-main-stick-meta":"","header-below-stick-meta":"","astra-migrate-meta-layouts":"default","ast-page-background-enabled":"default","ast-page-background-meta":{"desktop":{"background-color":"var(--ast-global-color-4)","background-image":"","background-repeat":"repeat","background-position":"center center","background-size":"auto","background-attachment":"scroll","background-type":"","background-media":"","overlay-type":"","overlay-color":"","overlay-opacity":"","overlay-gradient":""},"tablet":{"background-color":"","background-image":"","background-repeat":"repeat","background-position":"center center","background-size":"auto","background-attachment":"scroll","background-type":"","background-media":"","overlay-type":"","overlay-color":"","overlay-opacity":"","overlay-gradient":""},"mobile":{"background-color":"","background-image":"","background-repeat":"repeat","background-position":"center center","background-size":"auto","background-attachment":"scroll","background-type":"","background-media":"","overlay-type":"","overlay-color":"","overlay-opacity":"","overlay-gradient":""}},"ast-content-background-meta":{"desktop":{"background-color":"var(--ast-global-color-5)","background-image":"","background-repeat":"repeat","background-position":"center center","background-size":"auto","background-attachment":"scroll","background-type":"","background-media":"","overlay-type":"","overlay-color":"","overlay-opacity":"","overlay-gradient":""},"tablet":{"background-color":"var(--ast-global-color-5)","background-image":"","background-repeat":"repeat","background-position":"center center","background-size":"auto","background-attachment":"scroll","background-type":"","background-media":"","overlay-type":"","overlay-color":"","overlay-opacity":"","overlay-gradient":""},"mobile":{"background-color":"var(--ast-global-color-5)","background-image":"","background-repeat":"repeat","background-position":"center center","background-size":"auto","background-attachment":"scroll","background-type":"","background-media":"","overlay-type":"","overlay-color":"","overlay-opacity":"","overlay-gradient":""}}},"hir-kategoriak":[50],"class_list":["post-6989","hir","type-hir","status-publish","has-post-thumbnail","hentry","hir-kategoriak-hirek-hirek"],"acf":[],"yoast_head":"<!-- This site is optimized with the Yoast SEO Premium plugin v27.5 (Yoast SEO v27.5) - https:\/\/yoast.com\/product\/yoast-seo-premium-wordpress\/ -->\n<title>Annual Scientific Conference of the Central European Academy | ME KEA<\/title>\n<meta name=\"description\" content=\"A K\u00f6z\u00e9p-eur\u00f3pai Akad\u00e9mia 2023. szeptember 21-22-\u00e9n Miskolcon fiatal jogtud\u00f3sok vitatt\u00e1k meg a legaktu\u00e1lisabb jogi k\u00e9rd\u00e9seket.\" \/>\n<meta name=\"robots\" content=\"index, follow, max-snippet:-1, max-image-preview:large, max-video-preview:-1\" \/>\n<link rel=\"canonical\" href=\"https:\/\/centraleuropeanacademy.hu\/en\/hir\/shielding-tomorrow-csdp-and-defence-developments-in-central-europe-3\/\" \/>\n<meta property=\"og:locale\" content=\"en_GB\" \/>\n<meta property=\"og:type\" content=\"article\" \/>\n<meta property=\"og:title\" content=\"Annual Scientific Conference of the Central European Academy\" \/>\n<meta property=\"og:description\" content=\"A h\u00edr mindig fontos, mert a t\u00e1j\u00e9kozotts\u00e1g az els\u0151 l\u00e9p\u00e9s a b\u00f6lcsess\u00e9g \u00e9s a felel\u0151s d\u00f6nt\u00e9shozatal fel\u00e9. Olvass b\u00e1tran, mert az olvas\u00e1s m\u0171v\u00e9szet!\" \/>\n<meta property=\"og:url\" content=\"https:\/\/centraleuropeanacademy.hu\/en\/hir\/shielding-tomorrow-csdp-and-defence-developments-in-central-europe-3\/\" \/>\n<meta property=\"og:site_name\" content=\"ME KEA\" \/>\n<meta property=\"article:modified_time\" content=\"2024-08-05T11:36:21+00:00\" \/>\n<meta property=\"og:image\" content=\"https:\/\/centraleuropeanacademy.hu\/wp-content\/uploads\/2024\/04\/4-1024x724.png\" \/>\n\t<meta property=\"og:image:width\" content=\"1024\" \/>\n\t<meta property=\"og:image:height\" content=\"724\" \/>\n\t<meta property=\"og:image:type\" content=\"image\/png\" \/>\n<meta name=\"twitter:card\" content=\"summary_large_image\" \/>\n<meta name=\"twitter:label1\" content=\"Estimated reading time\" \/>\n\t<meta name=\"twitter:data1\" content=\"2 minutes\" \/>\n<script type=\"application\/ld+json\" class=\"yoast-schema-graph\">{\"@context\":\"https:\\\/\\\/schema.org\",\"@graph\":[{\"@type\":\"WebPage\",\"@id\":\"https:\\\/\\\/centraleuropeanacademy.hu\\\/hir\\\/shielding-tomorrow-csdp-and-defence-developments-in-central-europe-3\\\/\",\"url\":\"https:\\\/\\\/centraleuropeanacademy.hu\\\/hir\\\/shielding-tomorrow-csdp-and-defence-developments-in-central-europe-3\\\/\",\"name\":\"Annual Scientific Conference of the Central European Academy | ME KEA\",\"isPartOf\":{\"@id\":\"https:\\\/\\\/centraleuropeanacademy.hu\\\/#website\"},\"primaryImageOfPage\":{\"@id\":\"https:\\\/\\\/centraleuropeanacademy.hu\\\/hir\\\/shielding-tomorrow-csdp-and-defence-developments-in-central-europe-3\\\/#primaryimage\"},\"image\":{\"@id\":\"https:\\\/\\\/centraleuropeanacademy.hu\\\/hir\\\/shielding-tomorrow-csdp-and-defence-developments-in-central-europe-3\\\/#primaryimage\"},\"thumbnailUrl\":\"https:\\\/\\\/centraleuropeanacademy.hu\\\/wp-content\\\/uploads\\\/2024\\\/04\\\/4.png\",\"datePublished\":\"2023-09-11T17:57:00+00:00\",\"dateModified\":\"2024-08-05T11:36:21+00:00\",\"description\":\"A K\u00f6z\u00e9p-eur\u00f3pai Akad\u00e9mia 2023. szeptember 21-22-\u00e9n Miskolcon fiatal jogtud\u00f3sok vitatt\u00e1k meg a legaktu\u00e1lisabb jogi k\u00e9rd\u00e9seket.\",\"breadcrumb\":{\"@id\":\"https:\\\/\\\/centraleuropeanacademy.hu\\\/hir\\\/shielding-tomorrow-csdp-and-defence-developments-in-central-europe-3\\\/#breadcrumb\"},\"inLanguage\":\"en-GB\",\"potentialAction\":[{\"@type\":\"ReadAction\",\"target\":[\"https:\\\/\\\/centraleuropeanacademy.hu\\\/hir\\\/shielding-tomorrow-csdp-and-defence-developments-in-central-europe-3\\\/\"]}]},{\"@type\":\"ImageObject\",\"inLanguage\":\"en-GB\",\"@id\":\"https:\\\/\\\/centraleuropeanacademy.hu\\\/hir\\\/shielding-tomorrow-csdp-and-defence-developments-in-central-europe-3\\\/#primaryimage\",\"url\":\"https:\\\/\\\/centraleuropeanacademy.hu\\\/wp-content\\\/uploads\\\/2024\\\/04\\\/4.png\",\"contentUrl\":\"https:\\\/\\\/centraleuropeanacademy.hu\\\/wp-content\\\/uploads\\\/2024\\\/04\\\/4.png\",\"width\":2000,\"height\":1414,\"caption\":\"ProfNet\"},{\"@type\":\"BreadcrumbList\",\"@id\":\"https:\\\/\\\/centraleuropeanacademy.hu\\\/hir\\\/shielding-tomorrow-csdp-and-defence-developments-in-central-europe-3\\\/#breadcrumb\",\"itemListElement\":[{\"@type\":\"ListItem\",\"position\":1,\"name\":\"Kezd\u0151lap\",\"item\":\"https:\\\/\\\/centraleuropeanacademy.hu\\\/\"},{\"@type\":\"ListItem\",\"position\":2,\"name\":\"Annual Scientific Conference of the Central European Academy\"}]},{\"@type\":\"WebSite\",\"@id\":\"https:\\\/\\\/centraleuropeanacademy.hu\\\/#website\",\"url\":\"https:\\\/\\\/centraleuropeanacademy.hu\\\/\",\"name\":\"CEA\",\"description\":\"\",\"publisher\":{\"@id\":\"https:\\\/\\\/centraleuropeanacademy.hu\\\/#organization\"},\"potentialAction\":[{\"@type\":\"SearchAction\",\"target\":{\"@type\":\"EntryPoint\",\"urlTemplate\":\"https:\\\/\\\/centraleuropeanacademy.hu\\\/?s={search_term_string}\"},\"query-input\":{\"@type\":\"PropertyValueSpecification\",\"valueRequired\":true,\"valueName\":\"search_term_string\"}}],\"inLanguage\":\"en-GB\"},{\"@type\":\"Organization\",\"@id\":\"https:\\\/\\\/centraleuropeanacademy.hu\\\/#organization\",\"name\":\"K\u00f6z\u00e9p-eur\u00f3pai Akad\u00e9mia\",\"alternateName\":\"K\u00f6z\u00e9p-Eur\u00f3pai Akad\u00e9mia\",\"url\":\"https:\\\/\\\/centraleuropeanacademy.hu\\\/\",\"logo\":{\"@type\":\"ImageObject\",\"inLanguage\":\"en-GB\",\"@id\":\"https:\\\/\\\/centraleuropeanacademy.hu\\\/#\\\/schema\\\/logo\\\/image\\\/\",\"url\":\"https:\\\/\\\/centraleuropeanacademy.hu\\\/wp-content\\\/uploads\\\/2024\\\/04\\\/cea-logo.png\",\"contentUrl\":\"https:\\\/\\\/centraleuropeanacademy.hu\\\/wp-content\\\/uploads\\\/2024\\\/04\\\/cea-logo.png\",\"width\":1080,\"height\":417,\"caption\":\"K\u00f6z\u00e9p-eur\u00f3pai Akad\u00e9mia\"},\"image\":{\"@id\":\"https:\\\/\\\/centraleuropeanacademy.hu\\\/#\\\/schema\\\/logo\\\/image\\\/\"},\"description\":\"A budapesti sz\u00e9khellyel l\u00e9trej\u00f6tt K\u00f6z\u00e9p-eur\u00f3pai Akad\u00e9mia (CEA) a Miskolci Egyetem \u00e1ltal alap\u00edtott, k\u00f6zfeladatot ell\u00e1t\u00f3 szervezet.\",\"email\":\"academy@centraleuropeanacademy.hu\",\"telephone\":\"academy@centraleuropeanacademy.hu\",\"legalName\":\"K\u00f6z\u00e9p-eur\u00f3pai Akad\u00e9mia\",\"taxID\":\"19359711-1-43\"}]}<\/script>\n<!-- \/ Yoast SEO Premium plugin. -->","yoast_head_json":{"title":"Annual Scientific Conference of the Central European Academy | ME KEA","description":"On 21-22 September 2023 in Miskolc, the Central European Academy 2023 brought together young legal scholars to discuss the most topical legal issues.","robots":{"index":"index","follow":"follow","max-snippet":"max-snippet:-1","max-image-preview":"max-image-preview:large","max-video-preview":"max-video-preview:-1"},"canonical":"https:\/\/centraleuropeanacademy.hu\/en\/hir\/shielding-tomorrow-csdp-and-defence-developments-in-central-europe-3\/","og_locale":"en_GB","og_type":"article","og_title":"Annual Scientific Conference of the Central European Academy","og_description":"A h\u00edr mindig fontos, mert a t\u00e1j\u00e9kozotts\u00e1g az els\u0151 l\u00e9p\u00e9s a b\u00f6lcsess\u00e9g \u00e9s a felel\u0151s d\u00f6nt\u00e9shozatal fel\u00e9. Olvass b\u00e1tran, mert az olvas\u00e1s m\u0171v\u00e9szet!","og_url":"https:\/\/centraleuropeanacademy.hu\/en\/hir\/shielding-tomorrow-csdp-and-defence-developments-in-central-europe-3\/","og_site_name":"ME KEA","article_modified_time":"2024-08-05T11:36:21+00:00","og_image":[{"width":1024,"height":724,"url":"https:\/\/centraleuropeanacademy.hu\/wp-content\/uploads\/2024\/04\/4-1024x724.png","type":"image\/png"}],"twitter_card":"summary_large_image","twitter_misc":{"Estimated reading time":"2 minutes"},"schema":{"@context":"https:\/\/schema.org","@graph":[{"@type":"WebPage","@id":"https:\/\/centraleuropeanacademy.hu\/hir\/shielding-tomorrow-csdp-and-defence-developments-in-central-europe-3\/","url":"https:\/\/centraleuropeanacademy.hu\/hir\/shielding-tomorrow-csdp-and-defence-developments-in-central-europe-3\/","name":"Annual Scientific Conference of the Central European Academy | ME KEA","isPartOf":{"@id":"https:\/\/centraleuropeanacademy.hu\/#website"},"primaryImageOfPage":{"@id":"https:\/\/centraleuropeanacademy.hu\/hir\/shielding-tomorrow-csdp-and-defence-developments-in-central-europe-3\/#primaryimage"},"image":{"@id":"https:\/\/centraleuropeanacademy.hu\/hir\/shielding-tomorrow-csdp-and-defence-developments-in-central-europe-3\/#primaryimage"},"thumbnailUrl":"https:\/\/centraleuropeanacademy.hu\/wp-content\/uploads\/2024\/04\/4.png","datePublished":"2023-09-11T17:57:00+00:00","dateModified":"2024-08-05T11:36:21+00:00","description":"On 21-22 September 2023 in Miskolc, the Central European Academy 2023 brought together young legal scholars to discuss the most topical legal issues.","breadcrumb":{"@id":"https:\/\/centraleuropeanacademy.hu\/hir\/shielding-tomorrow-csdp-and-defence-developments-in-central-europe-3\/#breadcrumb"},"inLanguage":"en-GB","potentialAction":[{"@type":"ReadAction","target":["https:\/\/centraleuropeanacademy.hu\/hir\/shielding-tomorrow-csdp-and-defence-developments-in-central-europe-3\/"]}]},{"@type":"ImageObject","inLanguage":"en-GB","@id":"https:\/\/centraleuropeanacademy.hu\/hir\/shielding-tomorrow-csdp-and-defence-developments-in-central-europe-3\/#primaryimage","url":"https:\/\/centraleuropeanacademy.hu\/wp-content\/uploads\/2024\/04\/4.png","contentUrl":"https:\/\/centraleuropeanacademy.hu\/wp-content\/uploads\/2024\/04\/4.png","width":2000,"height":1414,"caption":"ProfNet"},{"@type":"BreadcrumbList","@id":"https:\/\/centraleuropeanacademy.hu\/hir\/shielding-tomorrow-csdp-and-defence-developments-in-central-europe-3\/#breadcrumb","itemListElement":[{"@type":"ListItem","position":1,"name":"Kezd\u0151lap","item":"https:\/\/centraleuropeanacademy.hu\/"},{"@type":"ListItem","position":2,"name":"Annual Scientific Conference of the Central European Academy"}]},{"@type":"WebSite","@id":"https:\/\/centraleuropeanacademy.hu\/#website","url":"https:\/\/centraleuropeanacademy.hu\/","name":"CEA","description":"","publisher":{"@id":"https:\/\/centraleuropeanacademy.hu\/#organization"},"potentialAction":[{"@type":"SearchAction","target":{"@type":"EntryPoint","urlTemplate":"https:\/\/centraleuropeanacademy.hu\/?s={search_term_string}"},"query-input":{"@type":"PropertyValueSpecification","valueRequired":true,"valueName":"search_term_string"}}],"inLanguage":"en-GB"},{"@type":"Organization","@id":"https:\/\/centraleuropeanacademy.hu\/#organization","name":"Central European Academy","alternateName":"K\u00f6z\u00e9p-Eur\u00f3pai Akad\u00e9mia","url":"https:\/\/centraleuropeanacademy.hu\/","logo":{"@type":"ImageObject","inLanguage":"en-GB","@id":"https:\/\/centraleuropeanacademy.hu\/#\/schema\/logo\/image\/","url":"https:\/\/centraleuropeanacademy.hu\/wp-content\/uploads\/2024\/04\/cea-logo.png","contentUrl":"https:\/\/centraleuropeanacademy.hu\/wp-content\/uploads\/2024\/04\/cea-logo.png","width":1080,"height":417,"caption":"K\u00f6z\u00e9p-eur\u00f3pai Akad\u00e9mia"},"image":{"@id":"https:\/\/centraleuropeanacademy.hu\/#\/schema\/logo\/image\/"},"description":"A budapesti sz\u00e9khellyel l\u00e9trej\u00f6tt K\u00f6z\u00e9p-eur\u00f3pai Akad\u00e9mia (CEA) a Miskolci Egyetem \u00e1ltal alap\u00edtott, k\u00f6zfeladatot ell\u00e1t\u00f3 szervezet.","email":"academy@centraleuropeanacademy.hu","telephone":"academy@centraleuropeanacademy.hu","legalName":"K\u00f6z\u00e9p-eur\u00f3pai Akad\u00e9mia","taxID":"19359711-1-43"}]}},"_links":{"self":[{"href":"https:\/\/centraleuropeanacademy.hu\/en\/wp-json\/wp\/v2\/hir\/6989","targetHints":{"allow":["GET"]}}],"collection":[{"href":"https:\/\/centraleuropeanacademy.hu\/en\/wp-json\/wp\/v2\/hir"}],"about":[{"href":"https:\/\/centraleuropeanacademy.hu\/en\/wp-json\/wp\/v2\/types\/hir"}],"author":[{"embeddable":true,"href":"https:\/\/centraleuropeanacademy.hu\/en\/wp-json\/wp\/v2\/users\/2"}],"wp:featuredmedia":[{"embeddable":true,"href":"https:\/\/centraleuropeanacademy.hu\/en\/wp-json\/wp\/v2\/media\/10253"}],"wp:attachment":[{"href":"https:\/\/centraleuropeanacademy.hu\/en\/wp-json\/wp\/v2\/media?parent=6989"}],"wp:term":[{"taxonomy":"hir-kategoriak","embeddable":true,"href":"https:\/\/centraleuropeanacademy.hu\/en\/wp-json\/wp\/v2\/hir-kategoriak?post=6989"}],"curies":[{"name":"wp","href":"https:\/\/api.w.org\/{rel}","templated":true}]}}