{"id":20259,"date":"2025-05-26T12:11:51","date_gmt":"2025-05-26T10:11:51","guid":{"rendered":"https:\/\/centraleuropeanacademy.hu\/?post_type=hir&#038;p=20259"},"modified":"2025-08-15T09:17:03","modified_gmt":"2025-08-15T07:17:03","slug":"sup-workshop-dr-milan-skulic","status":"publish","type":"hir","link":"https:\/\/centraleuropeanacademy.hu\/en\/hir\/sup-workshop-dr-milan-skulic\/","title":{"rendered":"SUP Workshop &#8211; Dr. Milan \u0160kuli\u0107"},"content":{"rendered":"<p>First-year junior researchers of the Central European Academy had an honour and privilege to hear a two-day lecture delivered by dr Milan \u0160kuli\u0107, full-time professor at the University of Belgrade-Faculty of Law and vice-president of the Constitutional Court of Serbia, on the topic of \"Criminal Responsibility in International Criminal Law\". The main focus of the lecture was on the variants of perpetration of crimes that fall within the jurisdiction of the International Criminal Court. Also, various possible grounds that exclude criminal responsibility have been addressed as well. Finally, professor \u0160kuli\u0107 gave an interesting insight into some forms of so-called broadened criminal responsibility stipulated by the Rome Statute, namely an attempted commission of an international crime, as well as command responsibility. \nAt the end of the lecture, a very interesting and vivid discussion followed on the said topics.<\/p>\n\n\n\n<figure class=\"wp-block-gallery has-nested-images columns-default is-cropped wp-block-gallery-1 is-layout-flex wp-block-gallery-is-layout-flex\">\n<figure class=\"wp-block-image size-full\"><a href=\"https:\/\/centraleuropeanacademy.hu\/wp-content\/uploads\/2025\/06\/DSC02193-scaled.webp\"><img fetchpriority=\"high\" decoding=\"async\" width=\"2560\" height=\"1707\" data-id=\"20262\" src=\"https:\/\/centraleuropeanacademy.hu\/wp-content\/uploads\/2025\/06\/DSC02193-scaled.webp\" alt=\"Male speaker seated in a conference room, with a laptop and microphone in front of him, and a presentation visible on the screen in the background.\" class=\"wp-image-20262\" srcset=\"https:\/\/centraleuropeanacademy.hu\/wp-content\/uploads\/2025\/06\/DSC02193-scaled.webp 2560w, https:\/\/centraleuropeanacademy.hu\/wp-content\/uploads\/2025\/06\/DSC02193-700x467.webp 700w, https:\/\/centraleuropeanacademy.hu\/wp-content\/uploads\/2025\/06\/DSC02193-1024x683.webp 1024w, https:\/\/centraleuropeanacademy.hu\/wp-content\/uploads\/2025\/06\/DSC02193-768x512.webp 768w, https:\/\/centraleuropeanacademy.hu\/wp-content\/uploads\/2025\/06\/DSC02193-1536x1024.webp 1536w, https:\/\/centraleuropeanacademy.hu\/wp-content\/uploads\/2025\/06\/DSC02193-2048x1365.webp 2048w, https:\/\/centraleuropeanacademy.hu\/wp-content\/uploads\/2025\/06\/DSC02193-18x12.webp 18w\" sizes=\"(max-width: 2560px) 100vw, 2560px\" \/><\/a><\/figure>\n\n\n\n<figure class=\"wp-block-image size-full\"><a href=\"https:\/\/centraleuropeanacademy.hu\/wp-content\/uploads\/2025\/06\/DSC02186-scaled.webp\"><img decoding=\"async\" width=\"2560\" height=\"1707\" data-id=\"20261\" src=\"https:\/\/centraleuropeanacademy.hu\/wp-content\/uploads\/2025\/06\/DSC02186-scaled.webp\" alt=\"Participants seated in a conference room, with a green and white background presentation displayed on the screen.\" class=\"wp-image-20261\" srcset=\"https:\/\/centraleuropeanacademy.hu\/wp-content\/uploads\/2025\/06\/DSC02186-scaled.webp 2560w, https:\/\/centraleuropeanacademy.hu\/wp-content\/uploads\/2025\/06\/DSC02186-700x467.webp 700w, https:\/\/centraleuropeanacademy.hu\/wp-content\/uploads\/2025\/06\/DSC02186-1024x683.webp 1024w, https:\/\/centraleuropeanacademy.hu\/wp-content\/uploads\/2025\/06\/DSC02186-768x512.webp 768w, https:\/\/centraleuropeanacademy.hu\/wp-content\/uploads\/2025\/06\/DSC02186-1536x1024.webp 1536w, https:\/\/centraleuropeanacademy.hu\/wp-content\/uploads\/2025\/06\/DSC02186-2048x1365.webp 2048w, https:\/\/centraleuropeanacademy.hu\/wp-content\/uploads\/2025\/06\/DSC02186-18x12.webp 18w\" sizes=\"(max-width: 2560px) 100vw, 2560px\" \/><\/a><\/figure>\n\n\n\n<figure class=\"wp-block-image size-full\"><a href=\"https:\/\/centraleuropeanacademy.hu\/wp-content\/uploads\/2025\/06\/DSC02200-scaled.webp\"><img decoding=\"async\" width=\"2560\" height=\"1707\" data-id=\"20260\" src=\"https:\/\/centraleuropeanacademy.hu\/wp-content\/uploads\/2025\/06\/DSC02200-scaled.webp\" alt=\"Male speaker addressing participants seated in a conference room, with laptops, bottled water, and pastries on the table.\" class=\"wp-image-20260\" srcset=\"https:\/\/centraleuropeanacademy.hu\/wp-content\/uploads\/2025\/06\/DSC02200-scaled.webp 2560w, https:\/\/centraleuropeanacademy.hu\/wp-content\/uploads\/2025\/06\/DSC02200-700x467.webp 700w, https:\/\/centraleuropeanacademy.hu\/wp-content\/uploads\/2025\/06\/DSC02200-1024x683.webp 1024w, https:\/\/centraleuropeanacademy.hu\/wp-content\/uploads\/2025\/06\/DSC02200-768x512.webp 768w, https:\/\/centraleuropeanacademy.hu\/wp-content\/uploads\/2025\/06\/DSC02200-1536x1024.webp 1536w, https:\/\/centraleuropeanacademy.hu\/wp-content\/uploads\/2025\/06\/DSC02200-2048x1365.webp 2048w, https:\/\/centraleuropeanacademy.hu\/wp-content\/uploads\/2025\/06\/DSC02200-18x12.webp 18w\" sizes=\"(max-width: 2560px) 100vw, 2560px\" \/><\/a><\/figure>\n<\/figure>\n\n\n\n<p class=\"has-text-align-center\"><em>Photo: CEA Press<\/em><\/p>\n\n\n\n<p><\/p>","protected":false},"excerpt":{"rendered":"<p>A K\u00f6z\u00e9p-eur\u00f3pai Akad\u00e9mia els\u0151\u00e9ves fiatal kutat\u00f3i abban a megtiszteltet\u00e9sben r\u00e9szes\u00fcltek, hogy k\u00e9tnapos el\u0151ad\u00e1st hallgathattak meg Dr. Milan \u0160kuli\u0107t\u00f3l, a Belgr\u00e1di [&hellip;]<\/p>\n","protected":false},"author":18,"featured_media":20262,"parent":0,"template":"","meta":{"_acf_changed":false,"site-sidebar-layout":"default","site-content-layout":"","ast-site-content-layout":"default","site-content-style":"default","site-sidebar-style":"default","ast-global-header-display":"","ast-banner-title-visibility":"","ast-main-header-display":"","ast-hfb-above-header-display":"","ast-hfb-below-header-display":"","ast-hfb-mobile-header-display":"","site-post-title":"","ast-breadcrumbs-content":"","ast-featured-img":"","footer-sml-layout":"","ast-disable-related-posts":"","theme-transparent-header-meta":"","adv-header-id-meta":"","stick-header-meta":"","header-above-stick-meta":"","header-main-stick-meta":"","header-below-stick-meta":"","astra-migrate-meta-layouts":"default","ast-page-background-enabled":"default","ast-page-background-meta":{"desktop":{"background-color":"var(--ast-global-color-4)","background-image":"","background-repeat":"repeat","background-position":"center center","background-size":"auto","background-attachment":"scroll","background-type":"","background-media":"","overlay-type":"","overlay-color":"","overlay-opacity":"","overlay-gradient":""},"tablet":{"background-color":"","background-image":"","background-repeat":"repeat","background-position":"center center","background-size":"auto","background-attachment":"scroll","background-type":"","background-media":"","overlay-type":"","overlay-color":"","overlay-opacity":"","overlay-gradient":""},"mobile":{"background-color":"","background-image":"","background-repeat":"repeat","background-position":"center center","background-size":"auto","background-attachment":"scroll","background-type":"","background-media":"","overlay-type":"","overlay-color":"","overlay-opacity":"","overlay-gradient":""}},"ast-content-background-meta":{"desktop":{"background-color":"var(--ast-global-color-5)","background-image":"","background-repeat":"repeat","background-position":"center center","background-size":"auto","background-attachment":"scroll","background-type":"","background-media":"","overlay-type":"","overlay-color":"","overlay-opacity":"","overlay-gradient":""},"tablet":{"background-color":"var(--ast-global-color-5)","background-image":"","background-repeat":"repeat","background-position":"center center","background-size":"auto","background-attachment":"scroll","background-type":"","background-media":"","overlay-type":"","overlay-color":"","overlay-opacity":"","overlay-gradient":""},"mobile":{"background-color":"var(--ast-global-color-5)","background-image":"","background-repeat":"repeat","background-position":"center center","background-size":"auto","background-attachment":"scroll","background-type":"","background-media":"","overlay-type":"","overlay-color":"","overlay-opacity":"","overlay-gradient":""}}},"hir-kategoriak":[50],"class_list":["post-20259","hir","type-hir","status-publish","has-post-thumbnail","hentry","hir-kategoriak-hirek-hirek"],"acf":[],"yoast_head":"<!-- This site is optimized with the Yoast SEO Premium plugin v27.5 (Yoast SEO v27.5) - https:\/\/yoast.com\/product\/yoast-seo-premium-wordpress\/ -->\n<title>SUP Workshop - Dr. Milan \u0160kuli\u0107 | ME KEA<\/title>\n<meta name=\"robots\" content=\"index, follow, max-snippet:-1, max-image-preview:large, max-video-preview:-1\" \/>\n<link rel=\"canonical\" href=\"https:\/\/centraleuropeanacademy.hu\/en\/hir\/sup-workshop-dr-milan-skulic\/\" \/>\n<meta property=\"og:locale\" content=\"en_GB\" \/>\n<meta property=\"og:type\" content=\"article\" \/>\n<meta property=\"og:title\" content=\"SUP Workshop - Dr. Milan \u0160kuli\u0107\" \/>\n<meta property=\"og:description\" content=\"A h\u00edr mindig fontos, mert a t\u00e1j\u00e9kozotts\u00e1g az els\u0151 l\u00e9p\u00e9s a b\u00f6lcsess\u00e9g \u00e9s a felel\u0151s d\u00f6nt\u00e9shozatal fel\u00e9. Olvass b\u00e1tran, mert az olvas\u00e1s m\u0171v\u00e9szet!\" \/>\n<meta property=\"og:url\" content=\"https:\/\/centraleuropeanacademy.hu\/en\/hir\/sup-workshop-dr-milan-skulic\/\" \/>\n<meta property=\"og:site_name\" content=\"ME KEA\" \/>\n<meta property=\"article:modified_time\" content=\"2025-08-15T07:17:03+00:00\" \/>\n<meta property=\"og:image\" content=\"https:\/\/centraleuropeanacademy.hu\/wp-content\/uploads\/2025\/06\/DSC02193-scaled.webp\" \/>\n\t<meta property=\"og:image:width\" content=\"2560\" \/>\n\t<meta property=\"og:image:height\" content=\"1707\" \/>\n\t<meta property=\"og:image:type\" content=\"image\/webp\" \/>\n<meta name=\"twitter:card\" content=\"summary_large_image\" \/>\n<meta name=\"twitter:label1\" content=\"Estimated reading time\" \/>\n\t<meta name=\"twitter:data1\" content=\"2 minutes\" \/>\n<script type=\"application\/ld+json\" class=\"yoast-schema-graph\">{\"@context\":\"https:\\\/\\\/schema.org\",\"@graph\":[{\"@type\":\"WebPage\",\"@id\":\"https:\\\/\\\/centraleuropeanacademy.hu\\\/hir\\\/sup-workshop-dr-milan-skulic\\\/\",\"url\":\"https:\\\/\\\/centraleuropeanacademy.hu\\\/hir\\\/sup-workshop-dr-milan-skulic\\\/\",\"name\":\"SUP Workshop - Dr. Milan \u0160kuli\u0107 | ME KEA\",\"isPartOf\":{\"@id\":\"https:\\\/\\\/centraleuropeanacademy.hu\\\/#website\"},\"primaryImageOfPage\":{\"@id\":\"https:\\\/\\\/centraleuropeanacademy.hu\\\/hir\\\/sup-workshop-dr-milan-skulic\\\/#primaryimage\"},\"image\":{\"@id\":\"https:\\\/\\\/centraleuropeanacademy.hu\\\/hir\\\/sup-workshop-dr-milan-skulic\\\/#primaryimage\"},\"thumbnailUrl\":\"https:\\\/\\\/centraleuropeanacademy.hu\\\/wp-content\\\/uploads\\\/2025\\\/06\\\/DSC02193-scaled.webp\",\"datePublished\":\"2025-05-26T10:11:51+00:00\",\"dateModified\":\"2025-08-15T07:17:03+00:00\",\"breadcrumb\":{\"@id\":\"https:\\\/\\\/centraleuropeanacademy.hu\\\/hir\\\/sup-workshop-dr-milan-skulic\\\/#breadcrumb\"},\"inLanguage\":\"en-GB\",\"potentialAction\":[{\"@type\":\"ReadAction\",\"target\":[\"https:\\\/\\\/centraleuropeanacademy.hu\\\/hir\\\/sup-workshop-dr-milan-skulic\\\/\"]}]},{\"@type\":\"ImageObject\",\"inLanguage\":\"en-GB\",\"@id\":\"https:\\\/\\\/centraleuropeanacademy.hu\\\/hir\\\/sup-workshop-dr-milan-skulic\\\/#primaryimage\",\"url\":\"https:\\\/\\\/centraleuropeanacademy.hu\\\/wp-content\\\/uploads\\\/2025\\\/06\\\/DSC02193-scaled.webp\",\"contentUrl\":\"https:\\\/\\\/centraleuropeanacademy.hu\\\/wp-content\\\/uploads\\\/2025\\\/06\\\/DSC02193-scaled.webp\",\"width\":2560,\"height\":1707,\"caption\":\"El\u0151ad\u00f3 besz\u00e9l a CEA t\u00e1rgyal\u00f3asztal\u00e1n\u00e1l\"},{\"@type\":\"BreadcrumbList\",\"@id\":\"https:\\\/\\\/centraleuropeanacademy.hu\\\/hir\\\/sup-workshop-dr-milan-skulic\\\/#breadcrumb\",\"itemListElement\":[{\"@type\":\"ListItem\",\"position\":1,\"name\":\"Kezd\u0151lap\",\"item\":\"https:\\\/\\\/centraleuropeanacademy.hu\\\/\"},{\"@type\":\"ListItem\",\"position\":2,\"name\":\"SUP Workshop &#8211; Dr. Milan \u0160kuli\u0107\"}]},{\"@type\":\"WebSite\",\"@id\":\"https:\\\/\\\/centraleuropeanacademy.hu\\\/#website\",\"url\":\"https:\\\/\\\/centraleuropeanacademy.hu\\\/\",\"name\":\"CEA\",\"description\":\"\",\"publisher\":{\"@id\":\"https:\\\/\\\/centraleuropeanacademy.hu\\\/#organization\"},\"potentialAction\":[{\"@type\":\"SearchAction\",\"target\":{\"@type\":\"EntryPoint\",\"urlTemplate\":\"https:\\\/\\\/centraleuropeanacademy.hu\\\/?s={search_term_string}\"},\"query-input\":{\"@type\":\"PropertyValueSpecification\",\"valueRequired\":true,\"valueName\":\"search_term_string\"}}],\"inLanguage\":\"en-GB\"},{\"@type\":\"Organization\",\"@id\":\"https:\\\/\\\/centraleuropeanacademy.hu\\\/#organization\",\"name\":\"K\u00f6z\u00e9p-eur\u00f3pai Akad\u00e9mia\",\"alternateName\":\"K\u00f6z\u00e9p-Eur\u00f3pai Akad\u00e9mia\",\"url\":\"https:\\\/\\\/centraleuropeanacademy.hu\\\/\",\"logo\":{\"@type\":\"ImageObject\",\"inLanguage\":\"en-GB\",\"@id\":\"https:\\\/\\\/centraleuropeanacademy.hu\\\/#\\\/schema\\\/logo\\\/image\\\/\",\"url\":\"https:\\\/\\\/centraleuropeanacademy.hu\\\/wp-content\\\/uploads\\\/2024\\\/04\\\/cea-logo.png\",\"contentUrl\":\"https:\\\/\\\/centraleuropeanacademy.hu\\\/wp-content\\\/uploads\\\/2024\\\/04\\\/cea-logo.png\",\"width\":1080,\"height\":417,\"caption\":\"K\u00f6z\u00e9p-eur\u00f3pai Akad\u00e9mia\"},\"image\":{\"@id\":\"https:\\\/\\\/centraleuropeanacademy.hu\\\/#\\\/schema\\\/logo\\\/image\\\/\"},\"description\":\"A budapesti sz\u00e9khellyel l\u00e9trej\u00f6tt K\u00f6z\u00e9p-eur\u00f3pai Akad\u00e9mia (CEA) a Miskolci Egyetem \u00e1ltal alap\u00edtott, k\u00f6zfeladatot ell\u00e1t\u00f3 szervezet.\",\"email\":\"academy@centraleuropeanacademy.hu\",\"telephone\":\"academy@centraleuropeanacademy.hu\",\"legalName\":\"K\u00f6z\u00e9p-eur\u00f3pai Akad\u00e9mia\",\"taxID\":\"19359711-1-43\"}]}<\/script>\n<!-- \/ Yoast SEO Premium plugin. -->","yoast_head_json":{"title":"SUP Workshop - Dr. Milan \u0160kuli\u0107 | ME KEA","robots":{"index":"index","follow":"follow","max-snippet":"max-snippet:-1","max-image-preview":"max-image-preview:large","max-video-preview":"max-video-preview:-1"},"canonical":"https:\/\/centraleuropeanacademy.hu\/en\/hir\/sup-workshop-dr-milan-skulic\/","og_locale":"en_GB","og_type":"article","og_title":"SUP Workshop - Dr. Milan \u0160kuli\u0107","og_description":"A h\u00edr mindig fontos, mert a t\u00e1j\u00e9kozotts\u00e1g az els\u0151 l\u00e9p\u00e9s a b\u00f6lcsess\u00e9g \u00e9s a felel\u0151s d\u00f6nt\u00e9shozatal fel\u00e9. Olvass b\u00e1tran, mert az olvas\u00e1s m\u0171v\u00e9szet!","og_url":"https:\/\/centraleuropeanacademy.hu\/en\/hir\/sup-workshop-dr-milan-skulic\/","og_site_name":"ME KEA","article_modified_time":"2025-08-15T07:17:03+00:00","og_image":[{"width":2560,"height":1707,"url":"https:\/\/centraleuropeanacademy.hu\/wp-content\/uploads\/2025\/06\/DSC02193-scaled.webp","type":"image\/webp"}],"twitter_card":"summary_large_image","twitter_misc":{"Estimated reading time":"2 minutes"},"schema":{"@context":"https:\/\/schema.org","@graph":[{"@type":"WebPage","@id":"https:\/\/centraleuropeanacademy.hu\/hir\/sup-workshop-dr-milan-skulic\/","url":"https:\/\/centraleuropeanacademy.hu\/hir\/sup-workshop-dr-milan-skulic\/","name":"SUP Workshop - Dr. Milan \u0160kuli\u0107 | ME KEA","isPartOf":{"@id":"https:\/\/centraleuropeanacademy.hu\/#website"},"primaryImageOfPage":{"@id":"https:\/\/centraleuropeanacademy.hu\/hir\/sup-workshop-dr-milan-skulic\/#primaryimage"},"image":{"@id":"https:\/\/centraleuropeanacademy.hu\/hir\/sup-workshop-dr-milan-skulic\/#primaryimage"},"thumbnailUrl":"https:\/\/centraleuropeanacademy.hu\/wp-content\/uploads\/2025\/06\/DSC02193-scaled.webp","datePublished":"2025-05-26T10:11:51+00:00","dateModified":"2025-08-15T07:17:03+00:00","breadcrumb":{"@id":"https:\/\/centraleuropeanacademy.hu\/hir\/sup-workshop-dr-milan-skulic\/#breadcrumb"},"inLanguage":"en-GB","potentialAction":[{"@type":"ReadAction","target":["https:\/\/centraleuropeanacademy.hu\/hir\/sup-workshop-dr-milan-skulic\/"]}]},{"@type":"ImageObject","inLanguage":"en-GB","@id":"https:\/\/centraleuropeanacademy.hu\/hir\/sup-workshop-dr-milan-skulic\/#primaryimage","url":"https:\/\/centraleuropeanacademy.hu\/wp-content\/uploads\/2025\/06\/DSC02193-scaled.webp","contentUrl":"https:\/\/centraleuropeanacademy.hu\/wp-content\/uploads\/2025\/06\/DSC02193-scaled.webp","width":2560,"height":1707,"caption":"El\u0151ad\u00f3 besz\u00e9l a CEA t\u00e1rgyal\u00f3asztal\u00e1n\u00e1l"},{"@type":"BreadcrumbList","@id":"https:\/\/centraleuropeanacademy.hu\/hir\/sup-workshop-dr-milan-skulic\/#breadcrumb","itemListElement":[{"@type":"ListItem","position":1,"name":"Kezd\u0151lap","item":"https:\/\/centraleuropeanacademy.hu\/"},{"@type":"ListItem","position":2,"name":"SUP Workshop &#8211; Dr. Milan \u0160kuli\u0107"}]},{"@type":"WebSite","@id":"https:\/\/centraleuropeanacademy.hu\/#website","url":"https:\/\/centraleuropeanacademy.hu\/","name":"CEA","description":"","publisher":{"@id":"https:\/\/centraleuropeanacademy.hu\/#organization"},"potentialAction":[{"@type":"SearchAction","target":{"@type":"EntryPoint","urlTemplate":"https:\/\/centraleuropeanacademy.hu\/?s={search_term_string}"},"query-input":{"@type":"PropertyValueSpecification","valueRequired":true,"valueName":"search_term_string"}}],"inLanguage":"en-GB"},{"@type":"Organization","@id":"https:\/\/centraleuropeanacademy.hu\/#organization","name":"Central European Academy","alternateName":"K\u00f6z\u00e9p-Eur\u00f3pai Akad\u00e9mia","url":"https:\/\/centraleuropeanacademy.hu\/","logo":{"@type":"ImageObject","inLanguage":"en-GB","@id":"https:\/\/centraleuropeanacademy.hu\/#\/schema\/logo\/image\/","url":"https:\/\/centraleuropeanacademy.hu\/wp-content\/uploads\/2024\/04\/cea-logo.png","contentUrl":"https:\/\/centraleuropeanacademy.hu\/wp-content\/uploads\/2024\/04\/cea-logo.png","width":1080,"height":417,"caption":"K\u00f6z\u00e9p-eur\u00f3pai Akad\u00e9mia"},"image":{"@id":"https:\/\/centraleuropeanacademy.hu\/#\/schema\/logo\/image\/"},"description":"A budapesti sz\u00e9khellyel l\u00e9trej\u00f6tt K\u00f6z\u00e9p-eur\u00f3pai Akad\u00e9mia (CEA) a Miskolci Egyetem \u00e1ltal alap\u00edtott, k\u00f6zfeladatot ell\u00e1t\u00f3 szervezet.","email":"academy@centraleuropeanacademy.hu","telephone":"academy@centraleuropeanacademy.hu","legalName":"K\u00f6z\u00e9p-eur\u00f3pai Akad\u00e9mia","taxID":"19359711-1-43"}]}},"_links":{"self":[{"href":"https:\/\/centraleuropeanacademy.hu\/en\/wp-json\/wp\/v2\/hir\/20259","targetHints":{"allow":["GET"]}}],"collection":[{"href":"https:\/\/centraleuropeanacademy.hu\/en\/wp-json\/wp\/v2\/hir"}],"about":[{"href":"https:\/\/centraleuropeanacademy.hu\/en\/wp-json\/wp\/v2\/types\/hir"}],"author":[{"embeddable":true,"href":"https:\/\/centraleuropeanacademy.hu\/en\/wp-json\/wp\/v2\/users\/18"}],"wp:featuredmedia":[{"embeddable":true,"href":"https:\/\/centraleuropeanacademy.hu\/en\/wp-json\/wp\/v2\/media\/20262"}],"wp:attachment":[{"href":"https:\/\/centraleuropeanacademy.hu\/en\/wp-json\/wp\/v2\/media?parent=20259"}],"wp:term":[{"taxonomy":"hir-kategoriak","embeddable":true,"href":"https:\/\/centraleuropeanacademy.hu\/en\/wp-json\/wp\/v2\/hir-kategoriak?post=20259"}],"curies":[{"name":"wp","href":"https:\/\/api.w.org\/{rel}","templated":true}]}}