{"id":19791,"date":"2025-03-27T15:16:40","date_gmt":"2025-03-27T14:16:40","guid":{"rendered":"https:\/\/centraleuropeanacademy.hu\/?post_type=hir&#038;p=19791"},"modified":"2025-08-15T10:12:42","modified_gmt":"2025-08-15T08:12:42","slug":"eloadas-brusszelben","status":"publish","type":"hir","link":"https:\/\/centraleuropeanacademy.hu\/en\/hir\/eloadas-brusszelben\/","title":{"rendered":"Presentation in Brussels"},"content":{"rendered":"<p>Central Europe Academy Director General Prof. Dr. T\u00edmea Dr. Heinern\u00e9 Barz\u00f3 was invited to the international conference \"For a Stronger European Future Child Protection and Erasmus\/Horizon issues in Focus\". On 25 March, she opened the panel \"Child protection and family policy\" at the conference.<\/p>\n\n\n\n<figure class=\"wp-block-gallery has-nested-images columns-default is-cropped wp-block-gallery-1 is-layout-flex wp-block-gallery-is-layout-flex\">\n<figure class=\"wp-block-image size-large\"><a href=\"https:\/\/centraleuropeanacademy.hu\/wp-content\/uploads\/2025\/03\/DSC_0665-scaled.jpg\"><img fetchpriority=\"high\" decoding=\"async\" width=\"1024\" height=\"683\" data-id=\"19792\" src=\"https:\/\/centraleuropeanacademy.hu\/wp-content\/uploads\/2025\/03\/DSC_0665-1024x683.jpg\" alt=\"Panel discussion participants in a conference room, with EU and Hungarian flags in the background and a speaker at the podium\" class=\"wp-image-19792\" srcset=\"https:\/\/centraleuropeanacademy.hu\/wp-content\/uploads\/2025\/03\/DSC_0665-1024x683.jpg 1024w, https:\/\/centraleuropeanacademy.hu\/wp-content\/uploads\/2025\/03\/DSC_0665-700x467.jpg 700w, https:\/\/centraleuropeanacademy.hu\/wp-content\/uploads\/2025\/03\/DSC_0665-768x512.jpg 768w, https:\/\/centraleuropeanacademy.hu\/wp-content\/uploads\/2025\/03\/DSC_0665-1536x1024.jpg 1536w, https:\/\/centraleuropeanacademy.hu\/wp-content\/uploads\/2025\/03\/DSC_0665-2048x1365.jpg 2048w, https:\/\/centraleuropeanacademy.hu\/wp-content\/uploads\/2025\/03\/DSC_0665-18x12.jpg 18w\" sizes=\"(max-width: 1024px) 100vw, 1024px\" \/><\/a><\/figure>\n\n\n\n<figure class=\"wp-block-image size-large\"><a href=\"https:\/\/centraleuropeanacademy.hu\/wp-content\/uploads\/2025\/03\/DSC_0653-scaled.jpg\"><img decoding=\"async\" width=\"1024\" height=\"683\" data-id=\"19793\" src=\"https:\/\/centraleuropeanacademy.hu\/wp-content\/uploads\/2025\/03\/DSC_0653-1024x683.jpg\" alt=\"Female speaker presenting at the podium, with other panel members seated beside her and a legal topic slide displayed on the screen\" class=\"wp-image-19793\" srcset=\"https:\/\/centraleuropeanacademy.hu\/wp-content\/uploads\/2025\/03\/DSC_0653-1024x683.jpg 1024w, https:\/\/centraleuropeanacademy.hu\/wp-content\/uploads\/2025\/03\/DSC_0653-700x467.jpg 700w, https:\/\/centraleuropeanacademy.hu\/wp-content\/uploads\/2025\/03\/DSC_0653-768x512.jpg 768w, https:\/\/centraleuropeanacademy.hu\/wp-content\/uploads\/2025\/03\/DSC_0653-1536x1024.jpg 1536w, https:\/\/centraleuropeanacademy.hu\/wp-content\/uploads\/2025\/03\/DSC_0653-2048x1365.jpg 2048w, https:\/\/centraleuropeanacademy.hu\/wp-content\/uploads\/2025\/03\/DSC_0653-18x12.jpg 18w\" sizes=\"(max-width: 1024px) 100vw, 1024px\" \/><\/a><\/figure>\n<\/figure>","protected":false},"excerpt":{"rendered":"<p>K\u00f6z\u00e9p Eur\u00f3pa Akad\u00e9mia f\u0151igazgat\u00f3ja, Dr. Heinern\u00e9 Prof. Dr. Barz\u00f3 T\u00edmea megh\u00edv\u00e1st kapott a \u201eFor a Stronger European Future Child Protection [&hellip;]<\/p>\n","protected":false},"author":7,"featured_media":19794,"parent":0,"template":"","meta":{"_acf_changed":false,"site-sidebar-layout":"default","site-content-layout":"","ast-site-content-layout":"default","site-content-style":"default","site-sidebar-style":"default","ast-global-header-display":"","ast-banner-title-visibility":"","ast-main-header-display":"","ast-hfb-above-header-display":"","ast-hfb-below-header-display":"","ast-hfb-mobile-header-display":"","site-post-title":"","ast-breadcrumbs-content":"","ast-featured-img":"","footer-sml-layout":"","ast-disable-related-posts":"","theme-transparent-header-meta":"","adv-header-id-meta":"","stick-header-meta":"","header-above-stick-meta":"","header-main-stick-meta":"","header-below-stick-meta":"","astra-migrate-meta-layouts":"default","ast-page-background-enabled":"default","ast-page-background-meta":{"desktop":{"background-color":"var(--ast-global-color-4)","background-image":"","background-repeat":"repeat","background-position":"center center","background-size":"auto","background-attachment":"scroll","background-type":"","background-media":"","overlay-type":"","overlay-color":"","overlay-opacity":"","overlay-gradient":""},"tablet":{"background-color":"","background-image":"","background-repeat":"repeat","background-position":"center center","background-size":"auto","background-attachment":"scroll","background-type":"","background-media":"","overlay-type":"","overlay-color":"","overlay-opacity":"","overlay-gradient":""},"mobile":{"background-color":"","background-image":"","background-repeat":"repeat","background-position":"center center","background-size":"auto","background-attachment":"scroll","background-type":"","background-media":"","overlay-type":"","overlay-color":"","overlay-opacity":"","overlay-gradient":""}},"ast-content-background-meta":{"desktop":{"background-color":"var(--ast-global-color-5)","background-image":"","background-repeat":"repeat","background-position":"center center","background-size":"auto","background-attachment":"scroll","background-type":"","background-media":"","overlay-type":"","overlay-color":"","overlay-opacity":"","overlay-gradient":""},"tablet":{"background-color":"var(--ast-global-color-5)","background-image":"","background-repeat":"repeat","background-position":"center center","background-size":"auto","background-attachment":"scroll","background-type":"","background-media":"","overlay-type":"","overlay-color":"","overlay-opacity":"","overlay-gradient":""},"mobile":{"background-color":"var(--ast-global-color-5)","background-image":"","background-repeat":"repeat","background-position":"center center","background-size":"auto","background-attachment":"scroll","background-type":"","background-media":"","overlay-type":"","overlay-color":"","overlay-opacity":"","overlay-gradient":""}}},"hir-kategoriak":[50,26],"class_list":["post-19791","hir","type-hir","status-publish","has-post-thumbnail","hentry","hir-kategoriak-hirek-hirek","hir-kategoriak-kiemelt-hir"],"acf":[],"yoast_head":"<!-- This site is optimized with the Yoast SEO Premium plugin v27.5 (Yoast SEO v27.5) - https:\/\/yoast.com\/product\/yoast-seo-premium-wordpress\/ -->\n<title>El\u0151ad\u00e1s Br\u00fcsszelben | ME KEA<\/title>\n<meta name=\"robots\" content=\"index, follow, max-snippet:-1, max-image-preview:large, max-video-preview:-1\" \/>\n<link rel=\"canonical\" href=\"https:\/\/centraleuropeanacademy.hu\/en\/hir\/eloadas-brusszelben\/\" \/>\n<meta property=\"og:locale\" content=\"en_GB\" \/>\n<meta property=\"og:type\" content=\"article\" \/>\n<meta property=\"og:title\" content=\"El\u0151ad\u00e1s Br\u00fcsszelben\" \/>\n<meta property=\"og:description\" content=\"A h\u00edr mindig fontos, mert a t\u00e1j\u00e9kozotts\u00e1g az els\u0151 l\u00e9p\u00e9s a b\u00f6lcsess\u00e9g \u00e9s a felel\u0151s d\u00f6nt\u00e9shozatal fel\u00e9. Olvass b\u00e1tran, mert az olvas\u00e1s m\u0171v\u00e9szet!\" \/>\n<meta property=\"og:url\" content=\"https:\/\/centraleuropeanacademy.hu\/en\/hir\/eloadas-brusszelben\/\" \/>\n<meta property=\"og:site_name\" content=\"ME KEA\" \/>\n<meta property=\"article:modified_time\" content=\"2025-08-15T08:12:42+00:00\" \/>\n<meta property=\"og:image\" content=\"https:\/\/centraleuropeanacademy.hu\/wp-content\/uploads\/2025\/03\/hir-kepek-20-1024x683.webp\" \/>\n\t<meta property=\"og:image:width\" content=\"1024\" \/>\n\t<meta property=\"og:image:height\" content=\"683\" \/>\n\t<meta property=\"og:image:type\" content=\"image\/webp\" \/>\n<meta name=\"twitter:card\" content=\"summary_large_image\" \/>\n<meta name=\"twitter:label1\" content=\"Estimated reading time\" \/>\n\t<meta name=\"twitter:data1\" content=\"1 minute\" \/>\n<script type=\"application\/ld+json\" class=\"yoast-schema-graph\">{\"@context\":\"https:\\\/\\\/schema.org\",\"@graph\":[{\"@type\":\"WebPage\",\"@id\":\"https:\\\/\\\/centraleuropeanacademy.hu\\\/hir\\\/eloadas-brusszelben\\\/\",\"url\":\"https:\\\/\\\/centraleuropeanacademy.hu\\\/hir\\\/eloadas-brusszelben\\\/\",\"name\":\"El\u0151ad\u00e1s Br\u00fcsszelben | ME KEA\",\"isPartOf\":{\"@id\":\"https:\\\/\\\/centraleuropeanacademy.hu\\\/#website\"},\"primaryImageOfPage\":{\"@id\":\"https:\\\/\\\/centraleuropeanacademy.hu\\\/hir\\\/eloadas-brusszelben\\\/#primaryimage\"},\"image\":{\"@id\":\"https:\\\/\\\/centraleuropeanacademy.hu\\\/hir\\\/eloadas-brusszelben\\\/#primaryimage\"},\"thumbnailUrl\":\"https:\\\/\\\/centraleuropeanacademy.hu\\\/wp-content\\\/uploads\\\/2025\\\/03\\\/hir-kepek-20.webp\",\"datePublished\":\"2025-03-27T14:16:40+00:00\",\"dateModified\":\"2025-08-15T08:12:42+00:00\",\"breadcrumb\":{\"@id\":\"https:\\\/\\\/centraleuropeanacademy.hu\\\/hir\\\/eloadas-brusszelben\\\/#breadcrumb\"},\"inLanguage\":\"en-GB\",\"potentialAction\":[{\"@type\":\"ReadAction\",\"target\":[\"https:\\\/\\\/centraleuropeanacademy.hu\\\/hir\\\/eloadas-brusszelben\\\/\"]}]},{\"@type\":\"ImageObject\",\"inLanguage\":\"en-GB\",\"@id\":\"https:\\\/\\\/centraleuropeanacademy.hu\\\/hir\\\/eloadas-brusszelben\\\/#primaryimage\",\"url\":\"https:\\\/\\\/centraleuropeanacademy.hu\\\/wp-content\\\/uploads\\\/2025\\\/03\\\/hir-kepek-20.webp\",\"contentUrl\":\"https:\\\/\\\/centraleuropeanacademy.hu\\\/wp-content\\\/uploads\\\/2025\\\/03\\\/hir-kepek-20.webp\",\"width\":2560,\"height\":1707,\"caption\":\"El\u0151ad\u00f3 besz\u00e9l a pulpitusn\u00e1l, mellette \u00f6t \u00fcl\u0151 paneltag \u00e9s kivet\u00edt\u0151, a h\u00e1tt\u00e9rben EU- \u00e9s magyar z\u00e1szl\u00f3.\"},{\"@type\":\"BreadcrumbList\",\"@id\":\"https:\\\/\\\/centraleuropeanacademy.hu\\\/hir\\\/eloadas-brusszelben\\\/#breadcrumb\",\"itemListElement\":[{\"@type\":\"ListItem\",\"position\":1,\"name\":\"Kezd\u0151lap\",\"item\":\"https:\\\/\\\/centraleuropeanacademy.hu\\\/\"},{\"@type\":\"ListItem\",\"position\":2,\"name\":\"El\u0151ad\u00e1s Br\u00fcsszelben\"}]},{\"@type\":\"WebSite\",\"@id\":\"https:\\\/\\\/centraleuropeanacademy.hu\\\/#website\",\"url\":\"https:\\\/\\\/centraleuropeanacademy.hu\\\/\",\"name\":\"CEA\",\"description\":\"\",\"publisher\":{\"@id\":\"https:\\\/\\\/centraleuropeanacademy.hu\\\/#organization\"},\"potentialAction\":[{\"@type\":\"SearchAction\",\"target\":{\"@type\":\"EntryPoint\",\"urlTemplate\":\"https:\\\/\\\/centraleuropeanacademy.hu\\\/?s={search_term_string}\"},\"query-input\":{\"@type\":\"PropertyValueSpecification\",\"valueRequired\":true,\"valueName\":\"search_term_string\"}}],\"inLanguage\":\"en-GB\"},{\"@type\":\"Organization\",\"@id\":\"https:\\\/\\\/centraleuropeanacademy.hu\\\/#organization\",\"name\":\"K\u00f6z\u00e9p-eur\u00f3pai Akad\u00e9mia\",\"alternateName\":\"K\u00f6z\u00e9p-Eur\u00f3pai Akad\u00e9mia\",\"url\":\"https:\\\/\\\/centraleuropeanacademy.hu\\\/\",\"logo\":{\"@type\":\"ImageObject\",\"inLanguage\":\"en-GB\",\"@id\":\"https:\\\/\\\/centraleuropeanacademy.hu\\\/#\\\/schema\\\/logo\\\/image\\\/\",\"url\":\"https:\\\/\\\/centraleuropeanacademy.hu\\\/wp-content\\\/uploads\\\/2024\\\/04\\\/cea-logo.png\",\"contentUrl\":\"https:\\\/\\\/centraleuropeanacademy.hu\\\/wp-content\\\/uploads\\\/2024\\\/04\\\/cea-logo.png\",\"width\":1080,\"height\":417,\"caption\":\"K\u00f6z\u00e9p-eur\u00f3pai Akad\u00e9mia\"},\"image\":{\"@id\":\"https:\\\/\\\/centraleuropeanacademy.hu\\\/#\\\/schema\\\/logo\\\/image\\\/\"},\"description\":\"A budapesti sz\u00e9khellyel l\u00e9trej\u00f6tt K\u00f6z\u00e9p-eur\u00f3pai Akad\u00e9mia (CEA) a Miskolci Egyetem \u00e1ltal alap\u00edtott, k\u00f6zfeladatot ell\u00e1t\u00f3 szervezet.\",\"email\":\"academy@centraleuropeanacademy.hu\",\"telephone\":\"academy@centraleuropeanacademy.hu\",\"legalName\":\"K\u00f6z\u00e9p-eur\u00f3pai Akad\u00e9mia\",\"taxID\":\"19359711-1-43\"}]}<\/script>\n<!-- \/ Yoast SEO Premium plugin. -->","yoast_head_json":{"title":"El\u0151ad\u00e1s Br\u00fcsszelben | ME KEA","robots":{"index":"index","follow":"follow","max-snippet":"max-snippet:-1","max-image-preview":"max-image-preview:large","max-video-preview":"max-video-preview:-1"},"canonical":"https:\/\/centraleuropeanacademy.hu\/en\/hir\/eloadas-brusszelben\/","og_locale":"en_GB","og_type":"article","og_title":"El\u0151ad\u00e1s Br\u00fcsszelben","og_description":"A h\u00edr mindig fontos, mert a t\u00e1j\u00e9kozotts\u00e1g az els\u0151 l\u00e9p\u00e9s a b\u00f6lcsess\u00e9g \u00e9s a felel\u0151s d\u00f6nt\u00e9shozatal fel\u00e9. Olvass b\u00e1tran, mert az olvas\u00e1s m\u0171v\u00e9szet!","og_url":"https:\/\/centraleuropeanacademy.hu\/en\/hir\/eloadas-brusszelben\/","og_site_name":"ME KEA","article_modified_time":"2025-08-15T08:12:42+00:00","og_image":[{"width":1024,"height":683,"url":"https:\/\/centraleuropeanacademy.hu\/wp-content\/uploads\/2025\/03\/hir-kepek-20-1024x683.webp","type":"image\/webp"}],"twitter_card":"summary_large_image","twitter_misc":{"Estimated reading time":"1 minute"},"schema":{"@context":"https:\/\/schema.org","@graph":[{"@type":"WebPage","@id":"https:\/\/centraleuropeanacademy.hu\/hir\/eloadas-brusszelben\/","url":"https:\/\/centraleuropeanacademy.hu\/hir\/eloadas-brusszelben\/","name":"El\u0151ad\u00e1s Br\u00fcsszelben | ME KEA","isPartOf":{"@id":"https:\/\/centraleuropeanacademy.hu\/#website"},"primaryImageOfPage":{"@id":"https:\/\/centraleuropeanacademy.hu\/hir\/eloadas-brusszelben\/#primaryimage"},"image":{"@id":"https:\/\/centraleuropeanacademy.hu\/hir\/eloadas-brusszelben\/#primaryimage"},"thumbnailUrl":"https:\/\/centraleuropeanacademy.hu\/wp-content\/uploads\/2025\/03\/hir-kepek-20.webp","datePublished":"2025-03-27T14:16:40+00:00","dateModified":"2025-08-15T08:12:42+00:00","breadcrumb":{"@id":"https:\/\/centraleuropeanacademy.hu\/hir\/eloadas-brusszelben\/#breadcrumb"},"inLanguage":"en-GB","potentialAction":[{"@type":"ReadAction","target":["https:\/\/centraleuropeanacademy.hu\/hir\/eloadas-brusszelben\/"]}]},{"@type":"ImageObject","inLanguage":"en-GB","@id":"https:\/\/centraleuropeanacademy.hu\/hir\/eloadas-brusszelben\/#primaryimage","url":"https:\/\/centraleuropeanacademy.hu\/wp-content\/uploads\/2025\/03\/hir-kepek-20.webp","contentUrl":"https:\/\/centraleuropeanacademy.hu\/wp-content\/uploads\/2025\/03\/hir-kepek-20.webp","width":2560,"height":1707,"caption":"El\u0151ad\u00f3 besz\u00e9l a pulpitusn\u00e1l, mellette \u00f6t \u00fcl\u0151 paneltag \u00e9s kivet\u00edt\u0151, a h\u00e1tt\u00e9rben EU- \u00e9s magyar z\u00e1szl\u00f3."},{"@type":"BreadcrumbList","@id":"https:\/\/centraleuropeanacademy.hu\/hir\/eloadas-brusszelben\/#breadcrumb","itemListElement":[{"@type":"ListItem","position":1,"name":"Kezd\u0151lap","item":"https:\/\/centraleuropeanacademy.hu\/"},{"@type":"ListItem","position":2,"name":"El\u0151ad\u00e1s Br\u00fcsszelben"}]},{"@type":"WebSite","@id":"https:\/\/centraleuropeanacademy.hu\/#website","url":"https:\/\/centraleuropeanacademy.hu\/","name":"CEA","description":"","publisher":{"@id":"https:\/\/centraleuropeanacademy.hu\/#organization"},"potentialAction":[{"@type":"SearchAction","target":{"@type":"EntryPoint","urlTemplate":"https:\/\/centraleuropeanacademy.hu\/?s={search_term_string}"},"query-input":{"@type":"PropertyValueSpecification","valueRequired":true,"valueName":"search_term_string"}}],"inLanguage":"en-GB"},{"@type":"Organization","@id":"https:\/\/centraleuropeanacademy.hu\/#organization","name":"Central European Academy","alternateName":"K\u00f6z\u00e9p-Eur\u00f3pai Akad\u00e9mia","url":"https:\/\/centraleuropeanacademy.hu\/","logo":{"@type":"ImageObject","inLanguage":"en-GB","@id":"https:\/\/centraleuropeanacademy.hu\/#\/schema\/logo\/image\/","url":"https:\/\/centraleuropeanacademy.hu\/wp-content\/uploads\/2024\/04\/cea-logo.png","contentUrl":"https:\/\/centraleuropeanacademy.hu\/wp-content\/uploads\/2024\/04\/cea-logo.png","width":1080,"height":417,"caption":"K\u00f6z\u00e9p-eur\u00f3pai Akad\u00e9mia"},"image":{"@id":"https:\/\/centraleuropeanacademy.hu\/#\/schema\/logo\/image\/"},"description":"A budapesti sz\u00e9khellyel l\u00e9trej\u00f6tt K\u00f6z\u00e9p-eur\u00f3pai Akad\u00e9mia (CEA) a Miskolci Egyetem \u00e1ltal alap\u00edtott, k\u00f6zfeladatot ell\u00e1t\u00f3 szervezet.","email":"academy@centraleuropeanacademy.hu","telephone":"academy@centraleuropeanacademy.hu","legalName":"K\u00f6z\u00e9p-eur\u00f3pai Akad\u00e9mia","taxID":"19359711-1-43"}]}},"_links":{"self":[{"href":"https:\/\/centraleuropeanacademy.hu\/en\/wp-json\/wp\/v2\/hir\/19791","targetHints":{"allow":["GET"]}}],"collection":[{"href":"https:\/\/centraleuropeanacademy.hu\/en\/wp-json\/wp\/v2\/hir"}],"about":[{"href":"https:\/\/centraleuropeanacademy.hu\/en\/wp-json\/wp\/v2\/types\/hir"}],"author":[{"embeddable":true,"href":"https:\/\/centraleuropeanacademy.hu\/en\/wp-json\/wp\/v2\/users\/7"}],"wp:featuredmedia":[{"embeddable":true,"href":"https:\/\/centraleuropeanacademy.hu\/en\/wp-json\/wp\/v2\/media\/19794"}],"wp:attachment":[{"href":"https:\/\/centraleuropeanacademy.hu\/en\/wp-json\/wp\/v2\/media?parent=19791"}],"wp:term":[{"taxonomy":"hir-kategoriak","embeddable":true,"href":"https:\/\/centraleuropeanacademy.hu\/en\/wp-json\/wp\/v2\/hir-kategoriak?post=19791"}],"curies":[{"name":"wp","href":"https:\/\/api.w.org\/{rel}","templated":true}]}}