{"id":18917,"date":"2025-01-17T11:42:27","date_gmt":"2025-01-17T10:42:27","guid":{"rendered":"https:\/\/centraleuropeanacademy.hu\/?post_type=hir&#038;p=18917"},"modified":"2025-08-14T18:56:19","modified_gmt":"2025-08-14T16:56:19","slug":"sup-workshop-prof-dr-sanja-savcic","status":"publish","type":"hir","link":"https:\/\/centraleuropeanacademy.hu\/en\/hir\/sup-workshop-prof-dr-sanja-savcic\/","title":{"rendered":"SUP Workshop &#8211; Prof. Dr. Sanja Sav\u010di\u0107"},"content":{"rendered":"<p>On January 16-17, Prof. Dr. Sanja Sav\u010di\u0107, a professor at the University of Novi Sad, delivered a lecture to the doctoral students of the Central European Academy. The session offered participants valuable insights into the realm of intellectual property law. In addition to covering theoretical concepts, the lecture featured numerous practical components that significantly deepened the students' comprehension and mastery of the subject.<br><\/p>\n\n\n\n<figure class=\"wp-block-gallery has-nested-images columns-default is-cropped wp-block-gallery-1 is-layout-flex wp-block-gallery-is-layout-flex\">\n<figure class=\"wp-block-image size-full\"><a href=\"https:\/\/centraleuropeanacademy.hu\/wp-content\/uploads\/2025\/01\/GetAttachmentThumbnail-2.webp\"><img fetchpriority=\"high\" decoding=\"async\" width=\"412\" height=\"250\" data-id=\"18918\" src=\"https:\/\/centraleuropeanacademy.hu\/wp-content\/uploads\/2025\/01\/GetAttachmentThumbnail-2.webp\" alt=\"Online video conference with multiple participants, including speakers visible on camera and the Central European Academy logo.\" class=\"wp-image-18918\" srcset=\"https:\/\/centraleuropeanacademy.hu\/wp-content\/uploads\/2025\/01\/GetAttachmentThumbnail-2.webp 412w, https:\/\/centraleuropeanacademy.hu\/wp-content\/uploads\/2025\/01\/GetAttachmentThumbnail-2-18x12.webp 18w\" sizes=\"(max-width: 412px) 100vw, 412px\" \/><\/a><\/figure>\n\n\n\n<figure class=\"wp-block-image size-full\"><a href=\"https:\/\/centraleuropeanacademy.hu\/wp-content\/uploads\/2025\/01\/GetAttachmentThumbnail-1.webp\"><img decoding=\"async\" width=\"401\" height=\"250\" data-id=\"18920\" src=\"https:\/\/centraleuropeanacademy.hu\/wp-content\/uploads\/2025\/01\/GetAttachmentThumbnail-1.webp\" alt=\"Online video conference with multiple participants, including speakers visible on camera and the Central European Academy logo.\" class=\"wp-image-18920\" srcset=\"https:\/\/centraleuropeanacademy.hu\/wp-content\/uploads\/2025\/01\/GetAttachmentThumbnail-1.webp 401w, https:\/\/centraleuropeanacademy.hu\/wp-content\/uploads\/2025\/01\/GetAttachmentThumbnail-1-18x12.webp 18w\" sizes=\"(max-width: 401px) 100vw, 401px\" \/><\/a><\/figure>\n\n\n\n<figure class=\"wp-block-image size-full\"><a href=\"https:\/\/centraleuropeanacademy.hu\/wp-content\/uploads\/2025\/01\/GetAttachmentThumbnail.webp\"><img decoding=\"async\" width=\"404\" height=\"250\" data-id=\"18919\" src=\"https:\/\/centraleuropeanacademy.hu\/wp-content\/uploads\/2025\/01\/GetAttachmentThumbnail.webp\" alt=\"Online video conference with multiple participants, including speakers visible on camera and the Central European Academy logo.\" class=\"wp-image-18919\" srcset=\"https:\/\/centraleuropeanacademy.hu\/wp-content\/uploads\/2025\/01\/GetAttachmentThumbnail.webp 404w, https:\/\/centraleuropeanacademy.hu\/wp-content\/uploads\/2025\/01\/GetAttachmentThumbnail-18x12.webp 18w\" sizes=\"(max-width: 404px) 100vw, 404px\" \/><\/a><\/figure>\n<\/figure>\n\n\n\n<p><\/p>","protected":false},"excerpt":{"rendered":"<p>Janu\u00e1r 16-17-\u00e9n Prof. Dr. Sanja Sav\u010di\u0107, az \u00dajvid\u00e9ki Egyetem professzora tartott el\u0151ad\u00e1st a K\u00f6z\u00e9p-eur\u00f3pai Akad\u00e9mia doktorandusz hallgat\u00f3inak. Az el\u0151ad\u00e1s sor\u00e1n [&hellip;]<\/p>\n","protected":false},"author":18,"featured_media":18920,"parent":0,"template":"","meta":{"_acf_changed":false,"site-sidebar-layout":"default","site-content-layout":"","ast-site-content-layout":"default","site-content-style":"default","site-sidebar-style":"default","ast-global-header-display":"","ast-banner-title-visibility":"","ast-main-header-display":"","ast-hfb-above-header-display":"","ast-hfb-below-header-display":"","ast-hfb-mobile-header-display":"","site-post-title":"","ast-breadcrumbs-content":"","ast-featured-img":"","footer-sml-layout":"","ast-disable-related-posts":"","theme-transparent-header-meta":"","adv-header-id-meta":"","stick-header-meta":"","header-above-stick-meta":"","header-main-stick-meta":"","header-below-stick-meta":"","astra-migrate-meta-layouts":"default","ast-page-background-enabled":"default","ast-page-background-meta":{"desktop":{"background-color":"var(--ast-global-color-4)","background-image":"","background-repeat":"repeat","background-position":"center center","background-size":"auto","background-attachment":"scroll","background-type":"","background-media":"","overlay-type":"","overlay-color":"","overlay-opacity":"","overlay-gradient":""},"tablet":{"background-color":"","background-image":"","background-repeat":"repeat","background-position":"center center","background-size":"auto","background-attachment":"scroll","background-type":"","background-media":"","overlay-type":"","overlay-color":"","overlay-opacity":"","overlay-gradient":""},"mobile":{"background-color":"","background-image":"","background-repeat":"repeat","background-position":"center center","background-size":"auto","background-attachment":"scroll","background-type":"","background-media":"","overlay-type":"","overlay-color":"","overlay-opacity":"","overlay-gradient":""}},"ast-content-background-meta":{"desktop":{"background-color":"var(--ast-global-color-5)","background-image":"","background-repeat":"repeat","background-position":"center center","background-size":"auto","background-attachment":"scroll","background-type":"","background-media":"","overlay-type":"","overlay-color":"","overlay-opacity":"","overlay-gradient":""},"tablet":{"background-color":"var(--ast-global-color-5)","background-image":"","background-repeat":"repeat","background-position":"center center","background-size":"auto","background-attachment":"scroll","background-type":"","background-media":"","overlay-type":"","overlay-color":"","overlay-opacity":"","overlay-gradient":""},"mobile":{"background-color":"var(--ast-global-color-5)","background-image":"","background-repeat":"repeat","background-position":"center center","background-size":"auto","background-attachment":"scroll","background-type":"","background-media":"","overlay-type":"","overlay-color":"","overlay-opacity":"","overlay-gradient":""}}},"hir-kategoriak":[50,26],"class_list":["post-18917","hir","type-hir","status-publish","has-post-thumbnail","hentry","hir-kategoriak-hirek-hirek","hir-kategoriak-kiemelt-hir"],"acf":[],"yoast_head":"<!-- This site is optimized with the Yoast SEO Premium plugin v27.5 (Yoast SEO v27.5) - https:\/\/yoast.com\/product\/yoast-seo-premium-wordpress\/ -->\n<title>SUP Workshop - Prof. Dr. Sanja Sav\u010di\u0107 | ME KEA<\/title>\n<meta name=\"description\" content=\"Janu\u00e1r 16-17-\u00e9n Prof. Dr. Sanja Sav\u010di\u0107, az \u00dajvid\u00e9ki Egyetem professzora tartott el\u0151ad\u00e1st a K\u00f6z\u00e9p-eur\u00f3pai Akad\u00e9mia doktorandusz hallgat\u00f3inak.\" \/>\n<meta name=\"robots\" content=\"index, follow, max-snippet:-1, max-image-preview:large, max-video-preview:-1\" \/>\n<link rel=\"canonical\" href=\"https:\/\/centraleuropeanacademy.hu\/en\/hir\/sup-workshop-prof-dr-sanja-savcic\/\" \/>\n<meta property=\"og:locale\" content=\"en_GB\" \/>\n<meta property=\"og:type\" content=\"article\" \/>\n<meta property=\"og:title\" content=\"SUP Workshop - Prof. Dr. Sanja Sav\u010di\u0107\" \/>\n<meta property=\"og:description\" content=\"A h\u00edr mindig fontos, mert a t\u00e1j\u00e9kozotts\u00e1g az els\u0151 l\u00e9p\u00e9s a b\u00f6lcsess\u00e9g \u00e9s a felel\u0151s d\u00f6nt\u00e9shozatal fel\u00e9. Olvass b\u00e1tran, mert az olvas\u00e1s m\u0171v\u00e9szet!\" \/>\n<meta property=\"og:url\" content=\"https:\/\/centraleuropeanacademy.hu\/en\/hir\/sup-workshop-prof-dr-sanja-savcic\/\" \/>\n<meta property=\"og:site_name\" content=\"ME KEA\" \/>\n<meta property=\"article:modified_time\" content=\"2025-08-14T16:56:19+00:00\" \/>\n<meta property=\"og:image\" content=\"https:\/\/centraleuropeanacademy.hu\/wp-content\/uploads\/2025\/01\/GetAttachmentThumbnail-1.webp\" \/>\n\t<meta property=\"og:image:width\" content=\"401\" \/>\n\t<meta property=\"og:image:height\" content=\"250\" \/>\n\t<meta property=\"og:image:type\" content=\"image\/webp\" \/>\n<meta name=\"twitter:card\" content=\"summary_large_image\" \/>\n<meta name=\"twitter:label1\" content=\"Estimated reading time\" \/>\n\t<meta name=\"twitter:data1\" content=\"2 minutes\" \/>\n<script type=\"application\/ld+json\" class=\"yoast-schema-graph\">{\"@context\":\"https:\\\/\\\/schema.org\",\"@graph\":[{\"@type\":\"WebPage\",\"@id\":\"https:\\\/\\\/centraleuropeanacademy.hu\\\/hir\\\/sup-workshop-prof-dr-sanja-savcic\\\/\",\"url\":\"https:\\\/\\\/centraleuropeanacademy.hu\\\/hir\\\/sup-workshop-prof-dr-sanja-savcic\\\/\",\"name\":\"SUP Workshop - Prof. Dr. Sanja Sav\u010di\u0107 | ME KEA\",\"isPartOf\":{\"@id\":\"https:\\\/\\\/centraleuropeanacademy.hu\\\/#website\"},\"primaryImageOfPage\":{\"@id\":\"https:\\\/\\\/centraleuropeanacademy.hu\\\/hir\\\/sup-workshop-prof-dr-sanja-savcic\\\/#primaryimage\"},\"image\":{\"@id\":\"https:\\\/\\\/centraleuropeanacademy.hu\\\/hir\\\/sup-workshop-prof-dr-sanja-savcic\\\/#primaryimage\"},\"thumbnailUrl\":\"https:\\\/\\\/centraleuropeanacademy.hu\\\/wp-content\\\/uploads\\\/2025\\\/01\\\/GetAttachmentThumbnail-1.webp\",\"datePublished\":\"2025-01-17T10:42:27+00:00\",\"dateModified\":\"2025-08-14T16:56:19+00:00\",\"description\":\"Janu\u00e1r 16-17-\u00e9n Prof. Dr. Sanja Sav\u010di\u0107, az \u00dajvid\u00e9ki Egyetem professzora tartott el\u0151ad\u00e1st a K\u00f6z\u00e9p-eur\u00f3pai Akad\u00e9mia doktorandusz hallgat\u00f3inak.\",\"breadcrumb\":{\"@id\":\"https:\\\/\\\/centraleuropeanacademy.hu\\\/hir\\\/sup-workshop-prof-dr-sanja-savcic\\\/#breadcrumb\"},\"inLanguage\":\"en-GB\",\"potentialAction\":[{\"@type\":\"ReadAction\",\"target\":[\"https:\\\/\\\/centraleuropeanacademy.hu\\\/hir\\\/sup-workshop-prof-dr-sanja-savcic\\\/\"]}]},{\"@type\":\"ImageObject\",\"inLanguage\":\"en-GB\",\"@id\":\"https:\\\/\\\/centraleuropeanacademy.hu\\\/hir\\\/sup-workshop-prof-dr-sanja-savcic\\\/#primaryimage\",\"url\":\"https:\\\/\\\/centraleuropeanacademy.hu\\\/wp-content\\\/uploads\\\/2025\\\/01\\\/GetAttachmentThumbnail-1.webp\",\"contentUrl\":\"https:\\\/\\\/centraleuropeanacademy.hu\\\/wp-content\\\/uploads\\\/2025\\\/01\\\/GetAttachmentThumbnail-1.webp\",\"width\":401,\"height\":250,\"caption\":\"SUP Workshop - Prof. Dr. Sanja Sav\u010di\u0107\"},{\"@type\":\"BreadcrumbList\",\"@id\":\"https:\\\/\\\/centraleuropeanacademy.hu\\\/hir\\\/sup-workshop-prof-dr-sanja-savcic\\\/#breadcrumb\",\"itemListElement\":[{\"@type\":\"ListItem\",\"position\":1,\"name\":\"Kezd\u0151lap\",\"item\":\"https:\\\/\\\/centraleuropeanacademy.hu\\\/\"},{\"@type\":\"ListItem\",\"position\":2,\"name\":\"SUP Workshop &#8211; Prof. Dr. Sanja Sav\u010di\u0107\"}]},{\"@type\":\"WebSite\",\"@id\":\"https:\\\/\\\/centraleuropeanacademy.hu\\\/#website\",\"url\":\"https:\\\/\\\/centraleuropeanacademy.hu\\\/\",\"name\":\"CEA\",\"description\":\"\",\"publisher\":{\"@id\":\"https:\\\/\\\/centraleuropeanacademy.hu\\\/#organization\"},\"potentialAction\":[{\"@type\":\"SearchAction\",\"target\":{\"@type\":\"EntryPoint\",\"urlTemplate\":\"https:\\\/\\\/centraleuropeanacademy.hu\\\/?s={search_term_string}\"},\"query-input\":{\"@type\":\"PropertyValueSpecification\",\"valueRequired\":true,\"valueName\":\"search_term_string\"}}],\"inLanguage\":\"en-GB\"},{\"@type\":\"Organization\",\"@id\":\"https:\\\/\\\/centraleuropeanacademy.hu\\\/#organization\",\"name\":\"K\u00f6z\u00e9p-eur\u00f3pai Akad\u00e9mia\",\"alternateName\":\"K\u00f6z\u00e9p-Eur\u00f3pai Akad\u00e9mia\",\"url\":\"https:\\\/\\\/centraleuropeanacademy.hu\\\/\",\"logo\":{\"@type\":\"ImageObject\",\"inLanguage\":\"en-GB\",\"@id\":\"https:\\\/\\\/centraleuropeanacademy.hu\\\/#\\\/schema\\\/logo\\\/image\\\/\",\"url\":\"https:\\\/\\\/centraleuropeanacademy.hu\\\/wp-content\\\/uploads\\\/2024\\\/04\\\/cea-logo.png\",\"contentUrl\":\"https:\\\/\\\/centraleuropeanacademy.hu\\\/wp-content\\\/uploads\\\/2024\\\/04\\\/cea-logo.png\",\"width\":1080,\"height\":417,\"caption\":\"K\u00f6z\u00e9p-eur\u00f3pai Akad\u00e9mia\"},\"image\":{\"@id\":\"https:\\\/\\\/centraleuropeanacademy.hu\\\/#\\\/schema\\\/logo\\\/image\\\/\"},\"description\":\"A budapesti sz\u00e9khellyel l\u00e9trej\u00f6tt K\u00f6z\u00e9p-eur\u00f3pai Akad\u00e9mia (CEA) a Miskolci Egyetem \u00e1ltal alap\u00edtott, k\u00f6zfeladatot ell\u00e1t\u00f3 szervezet.\",\"email\":\"academy@centraleuropeanacademy.hu\",\"telephone\":\"academy@centraleuropeanacademy.hu\",\"legalName\":\"K\u00f6z\u00e9p-eur\u00f3pai Akad\u00e9mia\",\"taxID\":\"19359711-1-43\"}]}<\/script>\n<!-- \/ Yoast SEO Premium plugin. -->","yoast_head_json":{"title":"SUP Workshop - Prof. Dr. Sanja Sav\u010di\u0107 | ME KEA","description":"Janu\u00e1r 16-17-\u00e9n Prof. Dr. Sanja Sav\u010di\u0107, az \u00dajvid\u00e9ki Egyetem professzora tartott el\u0151ad\u00e1st a K\u00f6z\u00e9p-eur\u00f3pai Akad\u00e9mia doktorandusz hallgat\u00f3inak.","robots":{"index":"index","follow":"follow","max-snippet":"max-snippet:-1","max-image-preview":"max-image-preview:large","max-video-preview":"max-video-preview:-1"},"canonical":"https:\/\/centraleuropeanacademy.hu\/en\/hir\/sup-workshop-prof-dr-sanja-savcic\/","og_locale":"en_GB","og_type":"article","og_title":"SUP Workshop - Prof. Dr. Sanja Sav\u010di\u0107","og_description":"A h\u00edr mindig fontos, mert a t\u00e1j\u00e9kozotts\u00e1g az els\u0151 l\u00e9p\u00e9s a b\u00f6lcsess\u00e9g \u00e9s a felel\u0151s d\u00f6nt\u00e9shozatal fel\u00e9. Olvass b\u00e1tran, mert az olvas\u00e1s m\u0171v\u00e9szet!","og_url":"https:\/\/centraleuropeanacademy.hu\/en\/hir\/sup-workshop-prof-dr-sanja-savcic\/","og_site_name":"ME KEA","article_modified_time":"2025-08-14T16:56:19+00:00","og_image":[{"width":401,"height":250,"url":"https:\/\/centraleuropeanacademy.hu\/wp-content\/uploads\/2025\/01\/GetAttachmentThumbnail-1.webp","type":"image\/webp"}],"twitter_card":"summary_large_image","twitter_misc":{"Estimated reading time":"2 minutes"},"schema":{"@context":"https:\/\/schema.org","@graph":[{"@type":"WebPage","@id":"https:\/\/centraleuropeanacademy.hu\/hir\/sup-workshop-prof-dr-sanja-savcic\/","url":"https:\/\/centraleuropeanacademy.hu\/hir\/sup-workshop-prof-dr-sanja-savcic\/","name":"SUP Workshop - Prof. Dr. Sanja Sav\u010di\u0107 | ME KEA","isPartOf":{"@id":"https:\/\/centraleuropeanacademy.hu\/#website"},"primaryImageOfPage":{"@id":"https:\/\/centraleuropeanacademy.hu\/hir\/sup-workshop-prof-dr-sanja-savcic\/#primaryimage"},"image":{"@id":"https:\/\/centraleuropeanacademy.hu\/hir\/sup-workshop-prof-dr-sanja-savcic\/#primaryimage"},"thumbnailUrl":"https:\/\/centraleuropeanacademy.hu\/wp-content\/uploads\/2025\/01\/GetAttachmentThumbnail-1.webp","datePublished":"2025-01-17T10:42:27+00:00","dateModified":"2025-08-14T16:56:19+00:00","description":"Janu\u00e1r 16-17-\u00e9n Prof. Dr. Sanja Sav\u010di\u0107, az \u00dajvid\u00e9ki Egyetem professzora tartott el\u0151ad\u00e1st a K\u00f6z\u00e9p-eur\u00f3pai Akad\u00e9mia doktorandusz hallgat\u00f3inak.","breadcrumb":{"@id":"https:\/\/centraleuropeanacademy.hu\/hir\/sup-workshop-prof-dr-sanja-savcic\/#breadcrumb"},"inLanguage":"en-GB","potentialAction":[{"@type":"ReadAction","target":["https:\/\/centraleuropeanacademy.hu\/hir\/sup-workshop-prof-dr-sanja-savcic\/"]}]},{"@type":"ImageObject","inLanguage":"en-GB","@id":"https:\/\/centraleuropeanacademy.hu\/hir\/sup-workshop-prof-dr-sanja-savcic\/#primaryimage","url":"https:\/\/centraleuropeanacademy.hu\/wp-content\/uploads\/2025\/01\/GetAttachmentThumbnail-1.webp","contentUrl":"https:\/\/centraleuropeanacademy.hu\/wp-content\/uploads\/2025\/01\/GetAttachmentThumbnail-1.webp","width":401,"height":250,"caption":"SUP Workshop - Prof. Dr. Sanja Sav\u010di\u0107"},{"@type":"BreadcrumbList","@id":"https:\/\/centraleuropeanacademy.hu\/hir\/sup-workshop-prof-dr-sanja-savcic\/#breadcrumb","itemListElement":[{"@type":"ListItem","position":1,"name":"Kezd\u0151lap","item":"https:\/\/centraleuropeanacademy.hu\/"},{"@type":"ListItem","position":2,"name":"SUP Workshop &#8211; Prof. Dr. Sanja Sav\u010di\u0107"}]},{"@type":"WebSite","@id":"https:\/\/centraleuropeanacademy.hu\/#website","url":"https:\/\/centraleuropeanacademy.hu\/","name":"CEA","description":"","publisher":{"@id":"https:\/\/centraleuropeanacademy.hu\/#organization"},"potentialAction":[{"@type":"SearchAction","target":{"@type":"EntryPoint","urlTemplate":"https:\/\/centraleuropeanacademy.hu\/?s={search_term_string}"},"query-input":{"@type":"PropertyValueSpecification","valueRequired":true,"valueName":"search_term_string"}}],"inLanguage":"en-GB"},{"@type":"Organization","@id":"https:\/\/centraleuropeanacademy.hu\/#organization","name":"Central European Academy","alternateName":"K\u00f6z\u00e9p-Eur\u00f3pai Akad\u00e9mia","url":"https:\/\/centraleuropeanacademy.hu\/","logo":{"@type":"ImageObject","inLanguage":"en-GB","@id":"https:\/\/centraleuropeanacademy.hu\/#\/schema\/logo\/image\/","url":"https:\/\/centraleuropeanacademy.hu\/wp-content\/uploads\/2024\/04\/cea-logo.png","contentUrl":"https:\/\/centraleuropeanacademy.hu\/wp-content\/uploads\/2024\/04\/cea-logo.png","width":1080,"height":417,"caption":"K\u00f6z\u00e9p-eur\u00f3pai Akad\u00e9mia"},"image":{"@id":"https:\/\/centraleuropeanacademy.hu\/#\/schema\/logo\/image\/"},"description":"A budapesti sz\u00e9khellyel l\u00e9trej\u00f6tt K\u00f6z\u00e9p-eur\u00f3pai Akad\u00e9mia (CEA) a Miskolci Egyetem \u00e1ltal alap\u00edtott, k\u00f6zfeladatot ell\u00e1t\u00f3 szervezet.","email":"academy@centraleuropeanacademy.hu","telephone":"academy@centraleuropeanacademy.hu","legalName":"K\u00f6z\u00e9p-eur\u00f3pai Akad\u00e9mia","taxID":"19359711-1-43"}]}},"_links":{"self":[{"href":"https:\/\/centraleuropeanacademy.hu\/en\/wp-json\/wp\/v2\/hir\/18917","targetHints":{"allow":["GET"]}}],"collection":[{"href":"https:\/\/centraleuropeanacademy.hu\/en\/wp-json\/wp\/v2\/hir"}],"about":[{"href":"https:\/\/centraleuropeanacademy.hu\/en\/wp-json\/wp\/v2\/types\/hir"}],"author":[{"embeddable":true,"href":"https:\/\/centraleuropeanacademy.hu\/en\/wp-json\/wp\/v2\/users\/18"}],"wp:featuredmedia":[{"embeddable":true,"href":"https:\/\/centraleuropeanacademy.hu\/en\/wp-json\/wp\/v2\/media\/18920"}],"wp:attachment":[{"href":"https:\/\/centraleuropeanacademy.hu\/en\/wp-json\/wp\/v2\/media?parent=18917"}],"wp:term":[{"taxonomy":"hir-kategoriak","embeddable":true,"href":"https:\/\/centraleuropeanacademy.hu\/en\/wp-json\/wp\/v2\/hir-kategoriak?post=18917"}],"curies":[{"name":"wp","href":"https:\/\/api.w.org\/{rel}","templated":true}]}}