{"id":13216,"date":"2021-05-31T13:59:00","date_gmt":"2021-05-31T11:59:00","guid":{"rendered":"https:\/\/centraleuropeanacademy.hu\/?post_type=hir&#038;p=13216"},"modified":"2024-08-07T12:46:12","modified_gmt":"2024-08-07T10:46:12","slug":"michal-poniatowski-religious-symbols-in-public-sphere-in-the-legal-order","status":"publish","type":"hir","link":"https:\/\/centraleuropeanacademy.hu\/en\/hir\/michal-poniatowski-religious-symbols-in-public-sphere-in-the-legal-order\/","title":{"rendered":"Micha\u0142 Poniatowski: Religious symbols in public sphere in the legal order"},"content":{"rendered":"<p>31 May 2021<\/p>\n\n\n\n<p>On 31 May 2021 the webinar was one of the Research Group Freedom of Conscience and Religion in Europe\u2019s events. The research was conducted within the framework of the Central European Professors\u2019 Network coordinated by the Ferenc M\u00e1dl Institute of Comparative Law.<\/p>\n\n\n\n<p>The main organisers of the event were the Ferenc M\u00e1dl Institute of Comparative Law, Institute of Justice in Warsaw, Central European Association for Comparative Law, Faculty of Law and Administration University of Opole and Faculty of Canon Law of the Cardinal Stefan Wyszynski University in Warsaw.<\/p>\n\n\n\n<p>Due to the state of the pandemic, the event was organised remotely in the form of a webinar as part of Prof. Pawe\u0142 Sobczyk and Dr. Micha\u0142 Poniatowski\u2019s research group\u2019s tasks. The technical support for the webinar was provided by the Institute of Justice in Warsaw.<\/p>\n\n\n\n<p>The webinar consisted of speeches by Prof. Pawe\u0142 Sobczyk \u2018Constitutional basis for the protection of religious symbols in public sphere\u2019 and Dr Micha\u0142 Poniatowski \u2018The presence of religious symbols in the public sphere in selected judgements of the ECHR\u2019.<\/p>\n\n\n\n<p>In his speech, Prof. Pawe\u0142 Sobczyk attempted to answer the question of what values, principles and provisions of the Republic of Poland\u2019s Constitution of April 2, 1997 refer directly and indirectly to the presence of religious symbols, including the cross, in public spaces in Poland.<\/p>\n\n\n\n<p>The speaker began by stating that the Polish Constitution has no provisions that directly refer to the presence of religious symbols in public spaces. However, the provision that naturally addresses these issues is Article 53 of the Constitution on Freedom of Conscience and Religion. Particularly indirectly related to religious symbols is paragraph 2 that states \u2018Freedom of religion shall include the freedom to profess or to accept a religion by personal choice as well as to manifest such religion, either individually or collectively, publicly or privately, by worshipping, praying, participating in ceremonies, performing of rites or teaching. Freedom of religion shall also include possession of sanctuaries and other places of worship for the satisfaction of the needs of believers as well as the rights of individuals, wherever they may be, to benefit from religious services\u2019. This provision is based on Article 9, Section 2 of the European Convention for the Protection of Human Rights and Fundamental Freedoms. In Chapter II of the Constitution of the Republic of Poland, entitled \u2018The freedom, rights and obligations of peoples and citizens\u2019, it is pointed out that, apart from Article 53 defining freedom of conscience and religion, Article 48, notably its first paragraph concerning parents\u2019 right to raise their children according to their beliefs and convictions, is of paramount importance. (The second sentence of this paragraph states \u2018Such upbringing shall respect the degree of maturity of a child as well as his freedom of conscience and belief and also his convictions\u2019).<\/p>\n\n\n\n<p>Prof. Pawe\u0142 Sobczyk then referred to Article 25, Section 2 of the Constitution, which states \u2018Public authorities in the Republic of Poland shall be impartial in matters of personal conviction, whether religious or philosophical, or in relation to outlooks on life, and shall ensure their freedom of expression within public life\u2019. This provision is of particular importance to Polish courts\u2019 judicial activities. Those who objected to crosses being placed in the building of the Sejm, town halls and municipal offices argued that doing so violated the principle of impartiality. The courts refuted these claims, stating that placing crosses in such public places did not violate the principle of impartiality of public authorities.<\/p>\n\n\n\n<p>The speaker also referred to the provisions of the Constitution\u2019s Preamble. First, it is necessary to mention the Preamble and the references to religious matters that it contains. The following fragment of the foreword \u2018\u2026We, the Polish Nation \u2013 all citizens of the Republic, both those who believe in God as the source of truth, justice, good and beauty, as well as those not sharing such faith but respecting those universal values as arising from other sources\u2026\u2019 is a clear sign of respect for society\u2019s pluralism and equal treatment of the so-called sources of value. In turn, the second fragment of the preamble:<\/p>\n\n\n\n<p>\u2018\u2026Beholden to our ancestors for their labours, their struggle for independence achieved at great sacrifice, for our culture rooted in the Christian heritage of the Nation and in universal human values\u2019, refers to the Polish State\u2019s tradition and history, emphasising the cultural importance of nation\u2019s Christian heritage. The last of the three fragments on worldview and religious matter is \u2018\u2026Recognising our responsibility before God or our own consciences, hereby establish this Constitution of the Republic of Poland\u2019.<\/p>\n\n\n\n<p>Prof. Sobczyk concluded his speech by pointing to other provisions of the Polish Constitution that, in his opinion and that of other representatives of the doctrine of constitutional and religious law, are relevant to the title issue. For a proper understanding of constitutional denominational issues, such as the presence of religious symbols in the public spaces, other provisions of Chapter I of the Constitution are also crucial. In consonance with Article 1 which defines the concept of the state as the common good \u2018The Republic of Poland shall be the common good of all its citizens\u2019, Article 2 which stipulates \u2018The Republic of Poland shall be a democratic state ruled by law and implementing the principles of social justice\u2019, Article 5 which contains provisions that define the goals and stages of the State\u2019s actions and the means of their implementation, \u2018The Republic of Poland shall safeguard the independence and integrity of its territory and ensure the freedoms and rights of persons and citizens, the security of the citizens, safeguard the national heritage and shall ensure the protection of the natural environment pursuant to the principles of sustainable development\u2019 and Article 6, Section 1 follows, \u2018The Republic of Poland shall provide conditions for the people\u2019s equal access to the products of culture which are the source of the Nation\u2019s identity, continuity and development\u2019.<\/p>\n\n\n\n<p>Summing up his speech, Prof. Pawe\u0142 Sobczyk stated that Article 53 (freedom of conscience and religion) and Article 25, Section 2 (impartiality of public authorities) of the Constitution of the Republic of Poland adopted on 2 April 1997 contain a number of guarantees as constitutional principles and values that relate to the expression of religious symbols in public space. Polish constitutional solutions on religious expression significantly coincide with the content of Article 9 of the European Convention for the Protection of Human and Fundamental Rights and, at least partially, with its interpretation by the European Court of Human Rights in Strasbourg.<\/p>\n\n\n\n<p>Dr Micha\u0142 Poniatowski then delivered his speech. The topic of his speech was religious symbols in public space in selected European Court of Human Rights judgements.<\/p>\n\n\n\n<p>Dr Poniatowski stated that most modern European countries\u2019 histories are related to Christianity. It was not until the 18th century that a new model of the secular state appeared in relations between the state and religious associations. For this reason, the employment of religious symbols in public spaces is not novel. This is an element of the tradition of many European countries.<\/p>\n\n\n\n<p>The manifestation of religious symbols in public spaces results from religious freedom in its various forms. The essence of religious freedom is the ability to manifest it. Before the Edict of Milan of 313 AD, however, Christians used religious symbols in public spaces, such as the iconic Ichthys emblem. Such symbols are, therefore, predate to the state\u2019s symbols in public spaces.<\/p>\n\n\n\n<p>Given this background, it is not surprising that religious freedom is not only guaranteed by the Convention, but also that the court that upholds it is constantly confronted with religious freedom conflicts.<\/p>\n\n\n\n<p>The transition to the analysis of EctHR jurisprudence requires placing this jurisprudence in the context of the legal orders of specific countries. The Convention is not exclusive and is one of many sources of law. The convention recognises axiological shape for many centuries.<\/p>\n\n\n\n<p>Religious freedom with respect to religious symbols is governed by three principles: religious freedom, non-discrimination and the right to education. Dr Micha\u0142 Poniatowski presented important court theses in this regard.<\/p>\n\n\n\n<p>The European Court of Human Rights\u2019 jurisprudence on the placement of religious symbols can be divided into the following:<\/p>\n\n\n\n<ol class=\"wp-block-list\">\n<li>private entities\u2019 use of religious symbols in public;<\/li>\n\n\n\n<li>public entities&#8217; use of religious symbols in public In his speech, Dr Micha\u0142 Poniatowski also presented important court theses in this regard.<\/li>\n<\/ol>\n\n\n\n<p>Considering the above, general conclusions were presented at the end.<\/p>\n\n\n\n<p>Prof. Pawe\u0142 Sobczyk concluded the meeting by summarising the deliberations and thanking the participants for their time and presence.<\/p>","protected":false},"excerpt":{"rendered":"<p>31 May 2021 On 31 May 2021 the webinar was one of the Research Group Freedom of Conscience and Religion [&hellip;]<\/p>\n","protected":false},"author":7,"featured_media":13217,"parent":0,"template":"","meta":{"_acf_changed":false,"site-sidebar-layout":"default","site-content-layout":"","ast-site-content-layout":"default","site-content-style":"default","site-sidebar-style":"default","ast-global-header-display":"","ast-banner-title-visibility":"","ast-main-header-display":"","ast-hfb-above-header-display":"","ast-hfb-below-header-display":"","ast-hfb-mobile-header-display":"","site-post-title":"","ast-breadcrumbs-content":"","ast-featured-img":"","footer-sml-layout":"","ast-disable-related-posts":"","theme-transparent-header-meta":"","adv-header-id-meta":"","stick-header-meta":"","header-above-stick-meta":"","header-main-stick-meta":"","header-below-stick-meta":"","astra-migrate-meta-layouts":"default","ast-page-background-enabled":"default","ast-page-background-meta":{"desktop":{"background-color":"var(--ast-global-color-4)","background-image":"","background-repeat":"repeat","background-position":"center center","background-size":"auto","background-attachment":"scroll","background-type":"","background-media":"","overlay-type":"","overlay-color":"","overlay-opacity":"","overlay-gradient":""},"tablet":{"background-color":"","background-image":"","background-repeat":"repeat","background-position":"center center","background-size":"auto","background-attachment":"scroll","background-type":"","background-media":"","overlay-type":"","overlay-color":"","overlay-opacity":"","overlay-gradient":""},"mobile":{"background-color":"","background-image":"","background-repeat":"repeat","background-position":"center center","background-size":"auto","background-attachment":"scroll","background-type":"","background-media":"","overlay-type":"","overlay-color":"","overlay-opacity":"","overlay-gradient":""}},"ast-content-background-meta":{"desktop":{"background-color":"var(--ast-global-color-5)","background-image":"","background-repeat":"repeat","background-position":"center center","background-size":"auto","background-attachment":"scroll","background-type":"","background-media":"","overlay-type":"","overlay-color":"","overlay-opacity":"","overlay-gradient":""},"tablet":{"background-color":"var(--ast-global-color-5)","background-image":"","background-repeat":"repeat","background-position":"center center","background-size":"auto","background-attachment":"scroll","background-type":"","background-media":"","overlay-type":"","overlay-color":"","overlay-opacity":"","overlay-gradient":""},"mobile":{"background-color":"var(--ast-global-color-5)","background-image":"","background-repeat":"repeat","background-position":"center center","background-size":"auto","background-attachment":"scroll","background-type":"","background-media":"","overlay-type":"","overlay-color":"","overlay-opacity":"","overlay-gradient":""}}},"hir-kategoriak":[207],"class_list":["post-13216","hir","type-hir","status-publish","has-post-thumbnail","hentry","hir-kategoriak-esemeny-beszamolo"],"acf":[],"yoast_head":"<!-- This site is optimized with the Yoast SEO Premium plugin v27.5 (Yoast SEO v27.5) - https:\/\/yoast.com\/product\/yoast-seo-premium-wordpress\/ -->\n<title>Micha\u0142 Poniatowski: Religious symbols in public sphere in the legal order | ME KEA<\/title>\n<meta name=\"description\" content=\"Micha\u0142 Poniatowski\u2019s webinar on religious symbols was held on May 31, 2021, as part of the Central European Professors\u2019 Network.\" \/>\n<meta name=\"robots\" content=\"index, follow, max-snippet:-1, max-image-preview:large, max-video-preview:-1\" \/>\n<link rel=\"canonical\" href=\"https:\/\/centraleuropeanacademy.hu\/en\/hir\/michal-poniatowski-religious-symbols-in-public-sphere-in-the-legal-order\/\" \/>\n<meta property=\"og:locale\" content=\"en_GB\" \/>\n<meta property=\"og:type\" content=\"article\" \/>\n<meta property=\"og:title\" content=\"Micha\u0142 Poniatowski: Religious symbols in public sphere in the legal order\" \/>\n<meta property=\"og:description\" content=\"A h\u00edr mindig fontos, mert a t\u00e1j\u00e9kozotts\u00e1g az els\u0151 l\u00e9p\u00e9s a b\u00f6lcsess\u00e9g \u00e9s a felel\u0151s d\u00f6nt\u00e9shozatal fel\u00e9. Olvass b\u00e1tran, mert az olvas\u00e1s m\u0171v\u00e9szet!\" \/>\n<meta property=\"og:url\" content=\"https:\/\/centraleuropeanacademy.hu\/en\/hir\/michal-poniatowski-religious-symbols-in-public-sphere-in-the-legal-order\/\" \/>\n<meta property=\"og:site_name\" content=\"ME KEA\" \/>\n<meta property=\"article:modified_time\" content=\"2024-08-07T10:46:12+00:00\" \/>\n<meta property=\"og:image\" content=\"https:\/\/centraleuropeanacademy.hu\/wp-content\/uploads\/2024\/07\/Slovenian-law-54.webp\" \/>\n\t<meta property=\"og:image:width\" content=\"2560\" \/>\n\t<meta property=\"og:image:height\" content=\"1707\" \/>\n\t<meta property=\"og:image:type\" content=\"image\/webp\" \/>\n<meta name=\"twitter:card\" content=\"summary_large_image\" \/>\n<meta name=\"twitter:label1\" content=\"Estimated reading time\" \/>\n\t<meta name=\"twitter:data1\" content=\"8 minutes\" \/>\n<script type=\"application\/ld+json\" class=\"yoast-schema-graph\">{\"@context\":\"https:\\\/\\\/schema.org\",\"@graph\":[{\"@type\":\"WebPage\",\"@id\":\"https:\\\/\\\/centraleuropeanacademy.hu\\\/hir\\\/michal-poniatowski-religious-symbols-in-public-sphere-in-the-legal-order\\\/\",\"url\":\"https:\\\/\\\/centraleuropeanacademy.hu\\\/hir\\\/michal-poniatowski-religious-symbols-in-public-sphere-in-the-legal-order\\\/\",\"name\":\"Micha\u0142 Poniatowski: Religious symbols in public sphere in the legal order | ME KEA\",\"isPartOf\":{\"@id\":\"https:\\\/\\\/centraleuropeanacademy.hu\\\/#website\"},\"primaryImageOfPage\":{\"@id\":\"https:\\\/\\\/centraleuropeanacademy.hu\\\/hir\\\/michal-poniatowski-religious-symbols-in-public-sphere-in-the-legal-order\\\/#primaryimage\"},\"image\":{\"@id\":\"https:\\\/\\\/centraleuropeanacademy.hu\\\/hir\\\/michal-poniatowski-religious-symbols-in-public-sphere-in-the-legal-order\\\/#primaryimage\"},\"thumbnailUrl\":\"https:\\\/\\\/centraleuropeanacademy.hu\\\/wp-content\\\/uploads\\\/2024\\\/07\\\/Slovenian-law-54.webp\",\"datePublished\":\"2021-05-31T11:59:00+00:00\",\"dateModified\":\"2024-08-07T10:46:12+00:00\",\"description\":\"Micha\u0142 Poniatowski\u2019s webinar on religious symbols was held on May 31, 2021, as part of the Central European Professors\u2019 Network.\",\"breadcrumb\":{\"@id\":\"https:\\\/\\\/centraleuropeanacademy.hu\\\/hir\\\/michal-poniatowski-religious-symbols-in-public-sphere-in-the-legal-order\\\/#breadcrumb\"},\"inLanguage\":\"en-GB\",\"potentialAction\":[{\"@type\":\"ReadAction\",\"target\":[\"https:\\\/\\\/centraleuropeanacademy.hu\\\/hir\\\/michal-poniatowski-religious-symbols-in-public-sphere-in-the-legal-order\\\/\"]}]},{\"@type\":\"ImageObject\",\"inLanguage\":\"en-GB\",\"@id\":\"https:\\\/\\\/centraleuropeanacademy.hu\\\/hir\\\/michal-poniatowski-religious-symbols-in-public-sphere-in-the-legal-order\\\/#primaryimage\",\"url\":\"https:\\\/\\\/centraleuropeanacademy.hu\\\/wp-content\\\/uploads\\\/2024\\\/07\\\/Slovenian-law-54.webp\",\"contentUrl\":\"https:\\\/\\\/centraleuropeanacademy.hu\\\/wp-content\\\/uploads\\\/2024\\\/07\\\/Slovenian-law-54.webp\",\"width\":2560,\"height\":1707,\"caption\":\"Religious symbols in public sphere\"},{\"@type\":\"BreadcrumbList\",\"@id\":\"https:\\\/\\\/centraleuropeanacademy.hu\\\/hir\\\/michal-poniatowski-religious-symbols-in-public-sphere-in-the-legal-order\\\/#breadcrumb\",\"itemListElement\":[{\"@type\":\"ListItem\",\"position\":1,\"name\":\"Kezd\u0151lap\",\"item\":\"https:\\\/\\\/centraleuropeanacademy.hu\\\/\"},{\"@type\":\"ListItem\",\"position\":2,\"name\":\"Micha\u0142 Poniatowski: Religious symbols in public sphere in the legal order\"}]},{\"@type\":\"WebSite\",\"@id\":\"https:\\\/\\\/centraleuropeanacademy.hu\\\/#website\",\"url\":\"https:\\\/\\\/centraleuropeanacademy.hu\\\/\",\"name\":\"CEA\",\"description\":\"\",\"publisher\":{\"@id\":\"https:\\\/\\\/centraleuropeanacademy.hu\\\/#organization\"},\"potentialAction\":[{\"@type\":\"SearchAction\",\"target\":{\"@type\":\"EntryPoint\",\"urlTemplate\":\"https:\\\/\\\/centraleuropeanacademy.hu\\\/?s={search_term_string}\"},\"query-input\":{\"@type\":\"PropertyValueSpecification\",\"valueRequired\":true,\"valueName\":\"search_term_string\"}}],\"inLanguage\":\"en-GB\"},{\"@type\":\"Organization\",\"@id\":\"https:\\\/\\\/centraleuropeanacademy.hu\\\/#organization\",\"name\":\"K\u00f6z\u00e9p-eur\u00f3pai Akad\u00e9mia\",\"alternateName\":\"K\u00f6z\u00e9p-Eur\u00f3pai Akad\u00e9mia\",\"url\":\"https:\\\/\\\/centraleuropeanacademy.hu\\\/\",\"logo\":{\"@type\":\"ImageObject\",\"inLanguage\":\"en-GB\",\"@id\":\"https:\\\/\\\/centraleuropeanacademy.hu\\\/#\\\/schema\\\/logo\\\/image\\\/\",\"url\":\"https:\\\/\\\/centraleuropeanacademy.hu\\\/wp-content\\\/uploads\\\/2024\\\/04\\\/cea-logo.png\",\"contentUrl\":\"https:\\\/\\\/centraleuropeanacademy.hu\\\/wp-content\\\/uploads\\\/2024\\\/04\\\/cea-logo.png\",\"width\":1080,\"height\":417,\"caption\":\"K\u00f6z\u00e9p-eur\u00f3pai Akad\u00e9mia\"},\"image\":{\"@id\":\"https:\\\/\\\/centraleuropeanacademy.hu\\\/#\\\/schema\\\/logo\\\/image\\\/\"},\"description\":\"A budapesti sz\u00e9khellyel l\u00e9trej\u00f6tt K\u00f6z\u00e9p-eur\u00f3pai Akad\u00e9mia (CEA) a Miskolci Egyetem \u00e1ltal alap\u00edtott, k\u00f6zfeladatot ell\u00e1t\u00f3 szervezet.\",\"email\":\"academy@centraleuropeanacademy.hu\",\"telephone\":\"academy@centraleuropeanacademy.hu\",\"legalName\":\"K\u00f6z\u00e9p-eur\u00f3pai Akad\u00e9mia\",\"taxID\":\"19359711-1-43\"}]}<\/script>\n<!-- \/ Yoast SEO Premium plugin. -->","yoast_head_json":{"title":"Micha\u0142 Poniatowski: Religious symbols in public sphere in the legal order | ME KEA","description":"Micha\u0142 Poniatowski\u2019s webinar on religious symbols was held on May 31, 2021, as part of the Central European Professors\u2019 Network.","robots":{"index":"index","follow":"follow","max-snippet":"max-snippet:-1","max-image-preview":"max-image-preview:large","max-video-preview":"max-video-preview:-1"},"canonical":"https:\/\/centraleuropeanacademy.hu\/en\/hir\/michal-poniatowski-religious-symbols-in-public-sphere-in-the-legal-order\/","og_locale":"en_GB","og_type":"article","og_title":"Micha\u0142 Poniatowski: Religious symbols in public sphere in the legal order","og_description":"A h\u00edr mindig fontos, mert a t\u00e1j\u00e9kozotts\u00e1g az els\u0151 l\u00e9p\u00e9s a b\u00f6lcsess\u00e9g \u00e9s a felel\u0151s d\u00f6nt\u00e9shozatal fel\u00e9. Olvass b\u00e1tran, mert az olvas\u00e1s m\u0171v\u00e9szet!","og_url":"https:\/\/centraleuropeanacademy.hu\/en\/hir\/michal-poniatowski-religious-symbols-in-public-sphere-in-the-legal-order\/","og_site_name":"ME KEA","article_modified_time":"2024-08-07T10:46:12+00:00","og_image":[{"width":2560,"height":1707,"url":"https:\/\/centraleuropeanacademy.hu\/wp-content\/uploads\/2024\/07\/Slovenian-law-54.webp","type":"image\/webp"}],"twitter_card":"summary_large_image","twitter_misc":{"Estimated reading time":"8 minutes"},"schema":{"@context":"https:\/\/schema.org","@graph":[{"@type":"WebPage","@id":"https:\/\/centraleuropeanacademy.hu\/hir\/michal-poniatowski-religious-symbols-in-public-sphere-in-the-legal-order\/","url":"https:\/\/centraleuropeanacademy.hu\/hir\/michal-poniatowski-religious-symbols-in-public-sphere-in-the-legal-order\/","name":"Micha\u0142 Poniatowski: Religious symbols in public sphere in the legal order | ME KEA","isPartOf":{"@id":"https:\/\/centraleuropeanacademy.hu\/#website"},"primaryImageOfPage":{"@id":"https:\/\/centraleuropeanacademy.hu\/hir\/michal-poniatowski-religious-symbols-in-public-sphere-in-the-legal-order\/#primaryimage"},"image":{"@id":"https:\/\/centraleuropeanacademy.hu\/hir\/michal-poniatowski-religious-symbols-in-public-sphere-in-the-legal-order\/#primaryimage"},"thumbnailUrl":"https:\/\/centraleuropeanacademy.hu\/wp-content\/uploads\/2024\/07\/Slovenian-law-54.webp","datePublished":"2021-05-31T11:59:00+00:00","dateModified":"2024-08-07T10:46:12+00:00","description":"Micha\u0142 Poniatowski\u2019s webinar on religious symbols was held on May 31, 2021, as part of the Central European Professors\u2019 Network.","breadcrumb":{"@id":"https:\/\/centraleuropeanacademy.hu\/hir\/michal-poniatowski-religious-symbols-in-public-sphere-in-the-legal-order\/#breadcrumb"},"inLanguage":"en-GB","potentialAction":[{"@type":"ReadAction","target":["https:\/\/centraleuropeanacademy.hu\/hir\/michal-poniatowski-religious-symbols-in-public-sphere-in-the-legal-order\/"]}]},{"@type":"ImageObject","inLanguage":"en-GB","@id":"https:\/\/centraleuropeanacademy.hu\/hir\/michal-poniatowski-religious-symbols-in-public-sphere-in-the-legal-order\/#primaryimage","url":"https:\/\/centraleuropeanacademy.hu\/wp-content\/uploads\/2024\/07\/Slovenian-law-54.webp","contentUrl":"https:\/\/centraleuropeanacademy.hu\/wp-content\/uploads\/2024\/07\/Slovenian-law-54.webp","width":2560,"height":1707,"caption":"Religious symbols in public sphere"},{"@type":"BreadcrumbList","@id":"https:\/\/centraleuropeanacademy.hu\/hir\/michal-poniatowski-religious-symbols-in-public-sphere-in-the-legal-order\/#breadcrumb","itemListElement":[{"@type":"ListItem","position":1,"name":"Kezd\u0151lap","item":"https:\/\/centraleuropeanacademy.hu\/"},{"@type":"ListItem","position":2,"name":"Micha\u0142 Poniatowski: Religious symbols in public sphere in the legal order"}]},{"@type":"WebSite","@id":"https:\/\/centraleuropeanacademy.hu\/#website","url":"https:\/\/centraleuropeanacademy.hu\/","name":"CEA","description":"","publisher":{"@id":"https:\/\/centraleuropeanacademy.hu\/#organization"},"potentialAction":[{"@type":"SearchAction","target":{"@type":"EntryPoint","urlTemplate":"https:\/\/centraleuropeanacademy.hu\/?s={search_term_string}"},"query-input":{"@type":"PropertyValueSpecification","valueRequired":true,"valueName":"search_term_string"}}],"inLanguage":"en-GB"},{"@type":"Organization","@id":"https:\/\/centraleuropeanacademy.hu\/#organization","name":"Central European Academy","alternateName":"K\u00f6z\u00e9p-Eur\u00f3pai Akad\u00e9mia","url":"https:\/\/centraleuropeanacademy.hu\/","logo":{"@type":"ImageObject","inLanguage":"en-GB","@id":"https:\/\/centraleuropeanacademy.hu\/#\/schema\/logo\/image\/","url":"https:\/\/centraleuropeanacademy.hu\/wp-content\/uploads\/2024\/04\/cea-logo.png","contentUrl":"https:\/\/centraleuropeanacademy.hu\/wp-content\/uploads\/2024\/04\/cea-logo.png","width":1080,"height":417,"caption":"K\u00f6z\u00e9p-eur\u00f3pai Akad\u00e9mia"},"image":{"@id":"https:\/\/centraleuropeanacademy.hu\/#\/schema\/logo\/image\/"},"description":"A budapesti sz\u00e9khellyel l\u00e9trej\u00f6tt K\u00f6z\u00e9p-eur\u00f3pai Akad\u00e9mia (CEA) a Miskolci Egyetem \u00e1ltal alap\u00edtott, k\u00f6zfeladatot ell\u00e1t\u00f3 szervezet.","email":"academy@centraleuropeanacademy.hu","telephone":"academy@centraleuropeanacademy.hu","legalName":"K\u00f6z\u00e9p-eur\u00f3pai Akad\u00e9mia","taxID":"19359711-1-43"}]}},"_links":{"self":[{"href":"https:\/\/centraleuropeanacademy.hu\/en\/wp-json\/wp\/v2\/hir\/13216","targetHints":{"allow":["GET"]}}],"collection":[{"href":"https:\/\/centraleuropeanacademy.hu\/en\/wp-json\/wp\/v2\/hir"}],"about":[{"href":"https:\/\/centraleuropeanacademy.hu\/en\/wp-json\/wp\/v2\/types\/hir"}],"author":[{"embeddable":true,"href":"https:\/\/centraleuropeanacademy.hu\/en\/wp-json\/wp\/v2\/users\/7"}],"wp:featuredmedia":[{"embeddable":true,"href":"https:\/\/centraleuropeanacademy.hu\/en\/wp-json\/wp\/v2\/media\/13217"}],"wp:attachment":[{"href":"https:\/\/centraleuropeanacademy.hu\/en\/wp-json\/wp\/v2\/media?parent=13216"}],"wp:term":[{"taxonomy":"hir-kategoriak","embeddable":true,"href":"https:\/\/centraleuropeanacademy.hu\/en\/wp-json\/wp\/v2\/hir-kategoriak?post=13216"}],"curies":[{"name":"wp","href":"https:\/\/api.w.org\/{rel}","templated":true}]}}