{"id":13209,"date":"2021-11-16T13:48:00","date_gmt":"2021-11-16T12:48:00","guid":{"rendered":"https:\/\/centraleuropeanacademy.hu\/?post_type=hir&#038;p=13209"},"modified":"2024-08-05T15:03:17","modified_gmt":"2024-08-05T13:03:17","slug":"damian-nemec-actual-topics-of-state-ecclesiastical-law","status":"publish","type":"hir","link":"https:\/\/centraleuropeanacademy.hu\/en\/hir\/damian-nemec-actual-topics-of-state-ecclesiastical-law\/","title":{"rendered":"Damian N\u011bmec: Actual Topics of State Ecclesiastical Law"},"content":{"rendered":"<p>16 November 2021<\/p>\n\n\n\n<p>Description of the event<\/p>\n\n\n\n<p>The dissemination event was an international conference, where I presented the results of my research within the framework of the Central European Professors\u2019 Network coordinated by the Ferenc M\u00e1dl Institute of Comparative Law.<\/p>\n\n\n\n<p>The conference &nbsp;\u0336 &nbsp;Actual Topics of State Ecclesiastical Law &nbsp;\u0336 twas held online via MS Teams on the 16<sup>th<\/sup> of November 2021 at the Faculty of Law of Trnavas University.<\/p>\n\n\n\n<p>It has been organised by the Institute For Legal Aspects of Religious Freedom of the Faculty of Law of Trnavas University, in cooperation with the following professional and research workplaces: Department of Public and Constitutional Church Law of the Faculty of Law, Church Law and Administration at the John Paul II Catholic University of Lublin, Institute for Religion Law and State- Church Relations at the Uzhhorod National University of Uzhhorod and Department of Church History and Church Law of the Sts Cyril and Methodius Faculty of Theology at the Palack\u00fd University of Olomouc.<\/p>\n\n\n\n<p>The international scientific conference was held within the solution of the scientific project VEGA 1\/0170\/21 \u201eInternational Legal Obligations of the Slovak Republic in the Field of Financing the Catholic Church\u201c, led by the Institute For Legal Aspects of Religious Freedom of the Faculty of Law of Trnavas University.<\/p>\n\n\n\n<p>Due to health measures, the conference was held online. My contribution was an extended part of the chapter which I processed into a collective monograph.<\/p>\n\n\n\n<p>Programme of the event<\/p>\n\n\n\n<p>Assoc. Prof. Dr. Oleksandr Bilash, J.C.L., Faculty of Law at the Uzhhorod National University of Uzhhorod, and ThLic. Mgr. Michaela Morav\u010d\u00edkov\u00e1, Th.D., Faculty of Law of Trnavas University: The Current Debate on Draft Law on Amendments to Certain Legislative Acts of Ukraine (Concerning Harmonization of Legislation in the Sphere of Prevention and Counteraction of Discrimination with the Law of the European Union),<\/p>\n\n\n\n<p>Dr Agnieszka Romanko, Faculty of Law, Canon Law and Administration at the John Paul II Catholic University in Lublin: Obowi\u0105zki i cele Ko\u015bcio\u0142a i Pa\u0144stwa uwarunkowane ich niezale\u017cno\u015bci\u0105 i autonomi\u0105 (Duties and Objectives of the Church and State Ensuing from their Independence and Autonomy),<\/p>\n\n\n\n<p>Miros\u0142aw Sitarz, Faculty of Law, Canon Law and Administration at the John Paul II Catholic University in Lublin: Realizacja prawa do duchowych d\u00f3br Ko\u015bcio\u0142a w czasie pandemii w Polsce (The Exercise of the Right to the Spiritual Goods of the Church in Poland during the 2020 COVID-19 Pandemic)<\/p>\n\n\n\n<p>Pawe\u0142 Buco\u0144, Faculty of Law, Canon Law and Administration at the John Paul II Catholic University in Lublin: Prawne aspekty zawarcia ma\u0142\u017ce\u0144stwa w formie wyznaniowej w Polsce (Legal Aspects of Marriage in a Denominational Form in Poland)<\/p>\n\n\n\n<p>Dami\u00e1n N\u011bmec, Sts Cyril and Methodius Faculty of Theology at the Palack\u00fd University in Olomouc and the Faculty of Law of Trnavas University: Legal Regulation of the Use of Religious Clothing in the Public Sphere in the Czech Republic in the Light of the Case of a Muslim Student versus Secondary School.<\/p>\n\n\n\n<p>Abstract of singular papers of the event Oleksandr Bilash and Michaela Morav\u010d\u00edkov\u00e1<\/p>\n\n\n\n<p>The bill of the Law on amendments to certain legislative acts of Ukraine (concerning harmonization of<\/p>\n\n\n\n<p>legislation in the sphere of prevention and counteraction of discrimination with the law of the European Union) is considered very controversial.<\/p>\n\n\n\n<p>It has been criticised by some civil organisation, but also by orthodox churches in Ukraine, especially regarding the expression of Christian morals in public (and in the churches too) and the education of children and young people. Another controversial issue is the ratification of the Council of Europe Convention on preventing and combating violence against women and domestic violence, better known as the Istanbul Convention. The Ukraine parliament has not given consent to the ratification yet, mainly because of religious aspects of this issue, especially because of the resistance of orthodox churches toward gender ideology. It is difficult to expect the outcome of this value dispute within the Ukrainian population. Its solution is significantly delayed by practical problems regarding the COVID-19 epidemic, so it is currently not on the agenda.<\/p>\n\n\n\n<h5 class=\"wp-block-heading\">Agnieszka Romanko<\/h5>\n\n\n\n<p>According to the Pastoral Constitution on the Church in the Modern World Gaudium et spes, the Catholic Church and the political community in their own fields are autonomous and independent from each other. Respect for the mutual independence and autonomy of the Church and State is a guarantee of the normal relationships between the Church and the political community.<\/p>\n\n\n\n<h5 class=\"wp-block-heading\">Miros\u0142aw Sitarz<\/h5>\n\n\n\n<p>Human rights, which are vested with both the citizens of the state and the faithful of the Church, are rooted in the inherent and inalienable dignity of the person. In all circumstances, especially in a pandemic, the institutions of Church and State, which are there to serve people, should guarantee, through their representative bodies, that these rights be exercised. The article discusses the legal basis of Christ\u2019s faithful\u2019s rights to the spiritual riches of the Church and the scope of exercising these rights, as well as addressing the scope of enjoyment of the right to the spiritual riches of the Church in Poland during the COVID-19 pandemic in 2020.<\/p>\n\n\n\n<h5 class=\"wp-block-heading\">Pawe\u0142 Buco\u0144<\/h5>\n\n\n\n<p>The possibility to solemnise marriage in a religious ceremony in Poland is an expression of future brides\u2019 and grooms\u2019 autonomy in the sphere of exercising the freedom of religion. The right to choose the form of a wedding ceremony is treated as the exercising of religious freedoms of individuals in relation to their membership in a given religious community. Religious marriage ceremonies may be applied if a ratified international agreement or an act governing the relations between the state and the church or other religious unions provide the possibility to solemnise marriage in a ceremony governed by internal regulations of the church or another religious union with the same legal effect as in the case of a civil ceremony before Superintendent Registrars. A marriage celebrated in a religious ceremony of the Catholic Church with the effect under secular law is possible in Poland since the entry into force of the Concordat between the Holy See and the Republic of Poland (15 November 1998). The author\u2019s intention is to provide insight into substantial issues related to the said practice.<\/p>\n\n\n\n<h5 class=\"wp-block-heading\">Dami\u00e1n N\u011bmec<\/h5>\n\n\n\n<p>The paper deals with the issue of wearing religious clothes in public spaces in the Czech Republic. It describes the legal regulation or restriction of the right of this way of exercising religious freedom in three areas: photographs on personal documents, covering the face at public assemblies, and wearing religious clothes in schools. In the third area, it comments in detail on the case of a Muslim student against a medical secondary school. It shows that the wearing of religious clothing is very little regulated in the Czech Republic and is restricted to very few specific areas.<\/p>\n\n\n\n<p>Propagation of the event<\/p>\n\n\n\n<p>The conference is published among the announced events of the Faculty of Law of Trnavas University. \u0336 <a href=\"http:\/\/podujatia.iuridica.truni.sk\/\">http:\/\/podujatia.iuridica.truni.sk\/.<\/a><\/p>","protected":false},"excerpt":{"rendered":"<p>16 November 2021 Description of the event The dissemination event was an international conference, where I presented the results of [&hellip;]<\/p>\n","protected":false},"author":7,"featured_media":13210,"parent":0,"template":"","meta":{"_acf_changed":false,"site-sidebar-layout":"default","site-content-layout":"","ast-site-content-layout":"default","site-content-style":"default","site-sidebar-style":"default","ast-global-header-display":"","ast-banner-title-visibility":"","ast-main-header-display":"","ast-hfb-above-header-display":"","ast-hfb-below-header-display":"","ast-hfb-mobile-header-display":"","site-post-title":"","ast-breadcrumbs-content":"","ast-featured-img":"","footer-sml-layout":"","ast-disable-related-posts":"","theme-transparent-header-meta":"","adv-header-id-meta":"","stick-header-meta":"","header-above-stick-meta":"","header-main-stick-meta":"","header-below-stick-meta":"","astra-migrate-meta-layouts":"default","ast-page-background-enabled":"default","ast-page-background-meta":{"desktop":{"background-color":"var(--ast-global-color-4)","background-image":"","background-repeat":"repeat","background-position":"center center","background-size":"auto","background-attachment":"scroll","background-type":"","background-media":"","overlay-type":"","overlay-color":"","overlay-opacity":"","overlay-gradient":""},"tablet":{"background-color":"","background-image":"","background-repeat":"repeat","background-position":"center center","background-size":"auto","background-attachment":"scroll","background-type":"","background-media":"","overlay-type":"","overlay-color":"","overlay-opacity":"","overlay-gradient":""},"mobile":{"background-color":"","background-image":"","background-repeat":"repeat","background-position":"center center","background-size":"auto","background-attachment":"scroll","background-type":"","background-media":"","overlay-type":"","overlay-color":"","overlay-opacity":"","overlay-gradient":""}},"ast-content-background-meta":{"desktop":{"background-color":"var(--ast-global-color-5)","background-image":"","background-repeat":"repeat","background-position":"center center","background-size":"auto","background-attachment":"scroll","background-type":"","background-media":"","overlay-type":"","overlay-color":"","overlay-opacity":"","overlay-gradient":""},"tablet":{"background-color":"var(--ast-global-color-5)","background-image":"","background-repeat":"repeat","background-position":"center center","background-size":"auto","background-attachment":"scroll","background-type":"","background-media":"","overlay-type":"","overlay-color":"","overlay-opacity":"","overlay-gradient":""},"mobile":{"background-color":"var(--ast-global-color-5)","background-image":"","background-repeat":"repeat","background-position":"center center","background-size":"auto","background-attachment":"scroll","background-type":"","background-media":"","overlay-type":"","overlay-color":"","overlay-opacity":"","overlay-gradient":""}}},"hir-kategoriak":[207],"class_list":["post-13209","hir","type-hir","status-publish","has-post-thumbnail","hentry","hir-kategoriak-esemeny-beszamolo"],"acf":[],"yoast_head":"<!-- This site is optimized with the Yoast SEO Premium plugin v27.5 (Yoast SEO v27.5) - https:\/\/yoast.com\/product\/yoast-seo-premium-wordpress\/ -->\n<title>Damian N\u011bmec: Actual Topics of State Ecclesiastical Law | ME KEA<\/title>\n<meta name=\"description\" content=\"Damian N\u011bmec presented on &quot;Actual Topics of State Ecclesiastical Law&quot; at an online conference on November 16, 2021.\" \/>\n<meta name=\"robots\" content=\"index, follow, max-snippet:-1, max-image-preview:large, max-video-preview:-1\" \/>\n<link rel=\"canonical\" href=\"https:\/\/centraleuropeanacademy.hu\/en\/hir\/damian-nemec-actual-topics-of-state-ecclesiastical-law\/\" \/>\n<meta property=\"og:locale\" content=\"en_GB\" \/>\n<meta property=\"og:type\" content=\"article\" \/>\n<meta property=\"og:title\" content=\"Damian N\u011bmec: Actual Topics of State Ecclesiastical Law\" \/>\n<meta property=\"og:description\" content=\"A h\u00edr mindig fontos, mert a t\u00e1j\u00e9kozotts\u00e1g az els\u0151 l\u00e9p\u00e9s a b\u00f6lcsess\u00e9g \u00e9s a felel\u0151s d\u00f6nt\u00e9shozatal fel\u00e9. Olvass b\u00e1tran, mert az olvas\u00e1s m\u0171v\u00e9szet!\" \/>\n<meta property=\"og:url\" content=\"https:\/\/centraleuropeanacademy.hu\/en\/hir\/damian-nemec-actual-topics-of-state-ecclesiastical-law\/\" \/>\n<meta property=\"og:site_name\" content=\"ME KEA\" \/>\n<meta property=\"article:modified_time\" content=\"2024-08-05T13:03:17+00:00\" \/>\n<meta property=\"og:image\" content=\"https:\/\/centraleuropeanacademy.hu\/wp-content\/uploads\/2024\/07\/Slovenian-law-51.webp\" \/>\n\t<meta property=\"og:image:width\" content=\"2560\" \/>\n\t<meta property=\"og:image:height\" content=\"1707\" \/>\n\t<meta property=\"og:image:type\" content=\"image\/webp\" \/>\n<meta name=\"twitter:card\" content=\"summary_large_image\" \/>\n<meta name=\"twitter:label1\" content=\"Estimated reading time\" \/>\n\t<meta name=\"twitter:data1\" content=\"7 minutes\" \/>\n<script type=\"application\/ld+json\" class=\"yoast-schema-graph\">{\"@context\":\"https:\\\/\\\/schema.org\",\"@graph\":[{\"@type\":\"WebPage\",\"@id\":\"https:\\\/\\\/centraleuropeanacademy.hu\\\/hir\\\/damian-nemec-actual-topics-of-state-ecclesiastical-law\\\/\",\"url\":\"https:\\\/\\\/centraleuropeanacademy.hu\\\/hir\\\/damian-nemec-actual-topics-of-state-ecclesiastical-law\\\/\",\"name\":\"Damian N\u011bmec: Actual Topics of State Ecclesiastical Law | ME KEA\",\"isPartOf\":{\"@id\":\"https:\\\/\\\/centraleuropeanacademy.hu\\\/#website\"},\"primaryImageOfPage\":{\"@id\":\"https:\\\/\\\/centraleuropeanacademy.hu\\\/hir\\\/damian-nemec-actual-topics-of-state-ecclesiastical-law\\\/#primaryimage\"},\"image\":{\"@id\":\"https:\\\/\\\/centraleuropeanacademy.hu\\\/hir\\\/damian-nemec-actual-topics-of-state-ecclesiastical-law\\\/#primaryimage\"},\"thumbnailUrl\":\"https:\\\/\\\/centraleuropeanacademy.hu\\\/wp-content\\\/uploads\\\/2024\\\/07\\\/Slovenian-law-51.webp\",\"datePublished\":\"2021-11-16T12:48:00+00:00\",\"dateModified\":\"2024-08-05T13:03:17+00:00\",\"description\":\"Damian N\u011bmec presented on \\\"Actual Topics of State Ecclesiastical Law\\\" at an online conference on November 16, 2021.\",\"breadcrumb\":{\"@id\":\"https:\\\/\\\/centraleuropeanacademy.hu\\\/hir\\\/damian-nemec-actual-topics-of-state-ecclesiastical-law\\\/#breadcrumb\"},\"inLanguage\":\"en-GB\",\"potentialAction\":[{\"@type\":\"ReadAction\",\"target\":[\"https:\\\/\\\/centraleuropeanacademy.hu\\\/hir\\\/damian-nemec-actual-topics-of-state-ecclesiastical-law\\\/\"]}]},{\"@type\":\"ImageObject\",\"inLanguage\":\"en-GB\",\"@id\":\"https:\\\/\\\/centraleuropeanacademy.hu\\\/hir\\\/damian-nemec-actual-topics-of-state-ecclesiastical-law\\\/#primaryimage\",\"url\":\"https:\\\/\\\/centraleuropeanacademy.hu\\\/wp-content\\\/uploads\\\/2024\\\/07\\\/Slovenian-law-51.webp\",\"contentUrl\":\"https:\\\/\\\/centraleuropeanacademy.hu\\\/wp-content\\\/uploads\\\/2024\\\/07\\\/Slovenian-law-51.webp\",\"width\":2560,\"height\":1707,\"caption\":\"State Ecclesiastical Law\"},{\"@type\":\"BreadcrumbList\",\"@id\":\"https:\\\/\\\/centraleuropeanacademy.hu\\\/hir\\\/damian-nemec-actual-topics-of-state-ecclesiastical-law\\\/#breadcrumb\",\"itemListElement\":[{\"@type\":\"ListItem\",\"position\":1,\"name\":\"Kezd\u0151lap\",\"item\":\"https:\\\/\\\/centraleuropeanacademy.hu\\\/\"},{\"@type\":\"ListItem\",\"position\":2,\"name\":\"Damian N\u011bmec: Actual Topics of State Ecclesiastical Law\"}]},{\"@type\":\"WebSite\",\"@id\":\"https:\\\/\\\/centraleuropeanacademy.hu\\\/#website\",\"url\":\"https:\\\/\\\/centraleuropeanacademy.hu\\\/\",\"name\":\"CEA\",\"description\":\"\",\"publisher\":{\"@id\":\"https:\\\/\\\/centraleuropeanacademy.hu\\\/#organization\"},\"potentialAction\":[{\"@type\":\"SearchAction\",\"target\":{\"@type\":\"EntryPoint\",\"urlTemplate\":\"https:\\\/\\\/centraleuropeanacademy.hu\\\/?s={search_term_string}\"},\"query-input\":{\"@type\":\"PropertyValueSpecification\",\"valueRequired\":true,\"valueName\":\"search_term_string\"}}],\"inLanguage\":\"en-GB\"},{\"@type\":\"Organization\",\"@id\":\"https:\\\/\\\/centraleuropeanacademy.hu\\\/#organization\",\"name\":\"K\u00f6z\u00e9p-eur\u00f3pai Akad\u00e9mia\",\"alternateName\":\"K\u00f6z\u00e9p-Eur\u00f3pai Akad\u00e9mia\",\"url\":\"https:\\\/\\\/centraleuropeanacademy.hu\\\/\",\"logo\":{\"@type\":\"ImageObject\",\"inLanguage\":\"en-GB\",\"@id\":\"https:\\\/\\\/centraleuropeanacademy.hu\\\/#\\\/schema\\\/logo\\\/image\\\/\",\"url\":\"https:\\\/\\\/centraleuropeanacademy.hu\\\/wp-content\\\/uploads\\\/2024\\\/04\\\/cea-logo.png\",\"contentUrl\":\"https:\\\/\\\/centraleuropeanacademy.hu\\\/wp-content\\\/uploads\\\/2024\\\/04\\\/cea-logo.png\",\"width\":1080,\"height\":417,\"caption\":\"K\u00f6z\u00e9p-eur\u00f3pai Akad\u00e9mia\"},\"image\":{\"@id\":\"https:\\\/\\\/centraleuropeanacademy.hu\\\/#\\\/schema\\\/logo\\\/image\\\/\"},\"description\":\"A budapesti sz\u00e9khellyel l\u00e9trej\u00f6tt K\u00f6z\u00e9p-eur\u00f3pai Akad\u00e9mia (CEA) a Miskolci Egyetem \u00e1ltal alap\u00edtott, k\u00f6zfeladatot ell\u00e1t\u00f3 szervezet.\",\"email\":\"academy@centraleuropeanacademy.hu\",\"telephone\":\"academy@centraleuropeanacademy.hu\",\"legalName\":\"K\u00f6z\u00e9p-eur\u00f3pai Akad\u00e9mia\",\"taxID\":\"19359711-1-43\"}]}<\/script>\n<!-- \/ Yoast SEO Premium plugin. -->","yoast_head_json":{"title":"Damian N\u011bmec: Actual Topics of State Ecclesiastical Law | ME KEA","description":"Damian N\u011bmec presented on \"Actual Topics of State Ecclesiastical Law\" at an online conference on November 16, 2021.","robots":{"index":"index","follow":"follow","max-snippet":"max-snippet:-1","max-image-preview":"max-image-preview:large","max-video-preview":"max-video-preview:-1"},"canonical":"https:\/\/centraleuropeanacademy.hu\/en\/hir\/damian-nemec-actual-topics-of-state-ecclesiastical-law\/","og_locale":"en_GB","og_type":"article","og_title":"Damian N\u011bmec: Actual Topics of State Ecclesiastical Law","og_description":"A h\u00edr mindig fontos, mert a t\u00e1j\u00e9kozotts\u00e1g az els\u0151 l\u00e9p\u00e9s a b\u00f6lcsess\u00e9g \u00e9s a felel\u0151s d\u00f6nt\u00e9shozatal fel\u00e9. Olvass b\u00e1tran, mert az olvas\u00e1s m\u0171v\u00e9szet!","og_url":"https:\/\/centraleuropeanacademy.hu\/en\/hir\/damian-nemec-actual-topics-of-state-ecclesiastical-law\/","og_site_name":"ME KEA","article_modified_time":"2024-08-05T13:03:17+00:00","og_image":[{"width":2560,"height":1707,"url":"https:\/\/centraleuropeanacademy.hu\/wp-content\/uploads\/2024\/07\/Slovenian-law-51.webp","type":"image\/webp"}],"twitter_card":"summary_large_image","twitter_misc":{"Estimated reading time":"7 minutes"},"schema":{"@context":"https:\/\/schema.org","@graph":[{"@type":"WebPage","@id":"https:\/\/centraleuropeanacademy.hu\/hir\/damian-nemec-actual-topics-of-state-ecclesiastical-law\/","url":"https:\/\/centraleuropeanacademy.hu\/hir\/damian-nemec-actual-topics-of-state-ecclesiastical-law\/","name":"Damian N\u011bmec: Actual Topics of State Ecclesiastical Law | ME KEA","isPartOf":{"@id":"https:\/\/centraleuropeanacademy.hu\/#website"},"primaryImageOfPage":{"@id":"https:\/\/centraleuropeanacademy.hu\/hir\/damian-nemec-actual-topics-of-state-ecclesiastical-law\/#primaryimage"},"image":{"@id":"https:\/\/centraleuropeanacademy.hu\/hir\/damian-nemec-actual-topics-of-state-ecclesiastical-law\/#primaryimage"},"thumbnailUrl":"https:\/\/centraleuropeanacademy.hu\/wp-content\/uploads\/2024\/07\/Slovenian-law-51.webp","datePublished":"2021-11-16T12:48:00+00:00","dateModified":"2024-08-05T13:03:17+00:00","description":"Damian N\u011bmec presented on \"Actual Topics of State Ecclesiastical Law\" at an online conference on November 16, 2021.","breadcrumb":{"@id":"https:\/\/centraleuropeanacademy.hu\/hir\/damian-nemec-actual-topics-of-state-ecclesiastical-law\/#breadcrumb"},"inLanguage":"en-GB","potentialAction":[{"@type":"ReadAction","target":["https:\/\/centraleuropeanacademy.hu\/hir\/damian-nemec-actual-topics-of-state-ecclesiastical-law\/"]}]},{"@type":"ImageObject","inLanguage":"en-GB","@id":"https:\/\/centraleuropeanacademy.hu\/hir\/damian-nemec-actual-topics-of-state-ecclesiastical-law\/#primaryimage","url":"https:\/\/centraleuropeanacademy.hu\/wp-content\/uploads\/2024\/07\/Slovenian-law-51.webp","contentUrl":"https:\/\/centraleuropeanacademy.hu\/wp-content\/uploads\/2024\/07\/Slovenian-law-51.webp","width":2560,"height":1707,"caption":"State Ecclesiastical Law"},{"@type":"BreadcrumbList","@id":"https:\/\/centraleuropeanacademy.hu\/hir\/damian-nemec-actual-topics-of-state-ecclesiastical-law\/#breadcrumb","itemListElement":[{"@type":"ListItem","position":1,"name":"Kezd\u0151lap","item":"https:\/\/centraleuropeanacademy.hu\/"},{"@type":"ListItem","position":2,"name":"Damian N\u011bmec: Actual Topics of State Ecclesiastical Law"}]},{"@type":"WebSite","@id":"https:\/\/centraleuropeanacademy.hu\/#website","url":"https:\/\/centraleuropeanacademy.hu\/","name":"CEA","description":"","publisher":{"@id":"https:\/\/centraleuropeanacademy.hu\/#organization"},"potentialAction":[{"@type":"SearchAction","target":{"@type":"EntryPoint","urlTemplate":"https:\/\/centraleuropeanacademy.hu\/?s={search_term_string}"},"query-input":{"@type":"PropertyValueSpecification","valueRequired":true,"valueName":"search_term_string"}}],"inLanguage":"en-GB"},{"@type":"Organization","@id":"https:\/\/centraleuropeanacademy.hu\/#organization","name":"Central European Academy","alternateName":"K\u00f6z\u00e9p-Eur\u00f3pai Akad\u00e9mia","url":"https:\/\/centraleuropeanacademy.hu\/","logo":{"@type":"ImageObject","inLanguage":"en-GB","@id":"https:\/\/centraleuropeanacademy.hu\/#\/schema\/logo\/image\/","url":"https:\/\/centraleuropeanacademy.hu\/wp-content\/uploads\/2024\/04\/cea-logo.png","contentUrl":"https:\/\/centraleuropeanacademy.hu\/wp-content\/uploads\/2024\/04\/cea-logo.png","width":1080,"height":417,"caption":"K\u00f6z\u00e9p-eur\u00f3pai Akad\u00e9mia"},"image":{"@id":"https:\/\/centraleuropeanacademy.hu\/#\/schema\/logo\/image\/"},"description":"A budapesti sz\u00e9khellyel l\u00e9trej\u00f6tt K\u00f6z\u00e9p-eur\u00f3pai Akad\u00e9mia (CEA) a Miskolci Egyetem \u00e1ltal alap\u00edtott, k\u00f6zfeladatot ell\u00e1t\u00f3 szervezet.","email":"academy@centraleuropeanacademy.hu","telephone":"academy@centraleuropeanacademy.hu","legalName":"K\u00f6z\u00e9p-eur\u00f3pai Akad\u00e9mia","taxID":"19359711-1-43"}]}},"_links":{"self":[{"href":"https:\/\/centraleuropeanacademy.hu\/en\/wp-json\/wp\/v2\/hir\/13209","targetHints":{"allow":["GET"]}}],"collection":[{"href":"https:\/\/centraleuropeanacademy.hu\/en\/wp-json\/wp\/v2\/hir"}],"about":[{"href":"https:\/\/centraleuropeanacademy.hu\/en\/wp-json\/wp\/v2\/types\/hir"}],"author":[{"embeddable":true,"href":"https:\/\/centraleuropeanacademy.hu\/en\/wp-json\/wp\/v2\/users\/7"}],"wp:featuredmedia":[{"embeddable":true,"href":"https:\/\/centraleuropeanacademy.hu\/en\/wp-json\/wp\/v2\/media\/13210"}],"wp:attachment":[{"href":"https:\/\/centraleuropeanacademy.hu\/en\/wp-json\/wp\/v2\/media?parent=13209"}],"wp:term":[{"taxonomy":"hir-kategoriak","embeddable":true,"href":"https:\/\/centraleuropeanacademy.hu\/en\/wp-json\/wp\/v2\/hir-kategoriak?post=13209"}],"curies":[{"name":"wp","href":"https:\/\/api.w.org\/{rel}","templated":true}]}}