{"id":13204,"date":"2021-12-03T13:42:00","date_gmt":"2021-12-03T12:42:00","guid":{"rendered":"https:\/\/centraleuropeanacademy.hu\/?post_type=hir&#038;p=13204"},"modified":"2024-08-05T14:48:41","modified_gmt":"2024-08-05T12:48:41","slug":"dalibor-dukic-daily-magazine-broadcasted-on-radio-belgrade-1-radio-television-of-serbia-rts","status":"publish","type":"hir","link":"https:\/\/centraleuropeanacademy.hu\/en\/hir\/dalibor-dukic-daily-magazine-broadcasted-on-radio-belgrade-1-radio-television-of-serbia-rts\/","title":{"rendered":"Dalibor \u0110uki\u0107: Daily magazine broadcasted on Radio Belgrade 1, Radio Television of Serbia (RTS)"},"content":{"rendered":"<p>3 December 2021 \u2013 Online conversation<\/p>\n\n\n\n<p>The daily magazine is a radio show focusing on current events and news from Serbia and the world. It is open for different topics &#8211; economy, politics, ecology, law, health, culture, music and sports. The Radio Magazine promotes young scientists, talents, successful business people and features interesting travel stories and reports. Professor Dalibor \u0110uki\u0107 from the Faculty of Law at the University of Belgrade was invited to the magazine on the occasion of a conference in Budapest on 26<sup>th<\/sup> November 2021.<\/p>\n\n\n\n<p>The host informed the audience about the Hungarian Government&#8217;s initiative to establish the Central European Professors&#8217; Network, coordinated by the Ferenc M\u00e1dl Institute of Comparative Law. The discussion focused on the research results of the research group responsible for the \u2018<em>Freedom of conscience and religion in Europe<\/em>\u2019. The discussion was based on similarities and differences in the positions of Central European states on religious freedom and the presence of religious symbols in public spaces. Professor \u0110ukic pointed out that there are more similarities than differences between Central European states in their approach to the manifestation of religion and the presence of religious symbols in the public sphere. The Central European states also have a common experience of communist autocracy. Under communism, religious symbols were rapidly and systematically removed from public spaces. After the fall of communism, the revival of religion was followed by the reintroduction of religious symbols into public life. The lack of regulation and prohibitions of the wearing of religious symbols is also an important common feature that distinguishes Central European countries from some Western European countries.<\/p>\n\n\n\n<p>Particular attention was paid to the religious tolerance, deeply rooted in the tradition of the Central European countries. Religious pluralism is a feature of modern Serbian society. Pluralism is a feature of democratic society in general. The origin and survival of a democratic society depends, among other things, on religious pluralism. It is important to note that the Republic of Serbia is an \u2018<em>autochthonous multi-religious state<\/em>\u2019.<\/p>\n\n\n\n<p>In terms of its religious structure, Serbia is similar to many European countries, however, its multi- religiousness is not due to immigrants from other countries bringing their religions with them. The diversity of the religions present in the Republic of Serbia is the consequence of the fact that the population is divided into several religions and different denominations. One manifestation of autochthonous religious pluralism is the public presence and public use of the religious symbols of traditional churches and religious communities. This not only protects the right of traditional religious organisations to express religious beliefs but also contributes to the democratisation of society and the formation of a modern framework of state-church relations. As religious and ethnic affiliations are often intertwined, the protection of religious pluralism contributes to the development of harmonious interethnic relations and is especially important for improving the position of religious and national minorities.<\/p>\n\n\n\n<p>The discussion focused on current issues of religious freedom in the Serbian legislation. The Act of the Republic of Serbia on Churches and Religious Communities (2006) introduces three categories of religious organisations: \u2018traditional churches and religious communities, \u2018confessional communities\u2019, and \u2018other religious organisations. Confessional communities comprise those churches and religious communities whose legal position was regulated according to the laws of Yugoslavia and the Socialist Republic of Serbia. Confessional communities obtain \u2018legal person\u2019 status by registration, under the same conditions as new religious organisations; traditional churches and religious communities, on the other hand, are registered <em>ex officio <\/em>and the state recognises the continuity of their legal status. This differentiation is based on the fact that state authorities do not have the information they need to register. The distinction between different categories of religious organisations is a controversial issue concerning for protection of the freedom of religion. In principle, their distinction need not be contrary to international standards for the protection of freedom of conscience and religion. Religious organisations are equal, but equality does not mean equal legal positions or privileges. Religious communities should have equal rights where communities are the same. Any distinction must be based on objective criteria derived from general legal principles. In judicial review of the justification for such decisions, the proportionality test applied by the European Court of Human Rights in its case law should<\/p>\n\n\n\n<p>be applied. The Serbian Law on Churches and Religious Communities bases the distinction between traditional and confessional religious organisations on objective legal differences. On the one hand, the state has the necessary information on traditional churches and religious communities needed to register them, but on the other hand, there is a lack of information on confessional communities, some of which are registered outside the current borders of the state. It is important to emphasize that the law states that the legal personality of (re)registered confessional communities shall be recognised from the moment an application, in accordance with the previous legislation. In this way, the continuity of the legal personality their legal security, and the exercise of their acquired rights are ensured. Professor \u0110uki\u0107 pointed out that there is no legislation in the Republic of Serbia that explicitly regulates the use of religious symbols. Unlike in some European countries, there are no regulations restricting the right to wear specific items of clothes or insignia that are related to an individual&#8217;s religion. Since in European countries the bans mostly apply to non-Christian religious minorities, one reason for the difference is the pluralism of the autochthonous religions. For centuries, churches and religious communities have existed on the territory of the Republic of Serbia, to which the vast majority of believers belong, and which generally share similar social values and culture.<\/p>\n\n\n\n<p>The radio show also discussed the situation of religious education in public schools in Serbia and the labour disputes involving teachers of religious education. Professor \u0110uki\u0107 criticised the recent shift in the status of religious education, from a school subject to a school programme. The major disadvantage of this development is that the state permits religious education on school premises but outside school hours.<\/p>\n\n\n\n<p>Teachers of religious education in Serbian state schools are paid by the state only for the seven traditional churches and religious communities (the Serbian Orthodox Church, the Roman Catholic Church, the Slovak Evangelical Church (a.c.), the Christian Reformed Church, and the Evangelical Christian Church (a.c.), the Islamic Religious Community and the Jewish Religious Community). They must be on the list of teachers of religious education which has been composed by the Minister on the basis of proposal from traditional churches and religious communities. Formally, a decision of suitability from the religious community (<em>missio canonica<\/em>) is not required, but if the teacher is not on the list they can\u2019t teach religious education. Religious education teachers are usually employed part-time on the basis of annual contracts with the schools. Although their contracts are usually renewed every year, this discriminates against them compared to other teachers in their schools, as well as in their employment status and social benefits (credit restrictions, maternity leave, etc.).<\/p>\n\n\n\n<p>Professor \u0110uki\u0107 emphasized the positive role of the mixed Commission in the organization and implementation of religious education. The Commission is composed of six state representatives and representatives of all seven traditional churches and religious communities. The Commission is responsible for reviewing and approving all syllabi and textbooks, and for approving the list of religious teachers. In this way, full consensus should be reached on all important aspects of religious education in the country.<\/p>\n\n\n\n<p>At the end of the radio interview, Professor \u0110uki\u0107 expressed the hope that the publication of the results of the research conducted in the Central European Professors\u2019 Network will contribute to a better understanding of the importance of religious symbols in the public sphere and bring the scientific communities of Central European countries closer together.<\/p>\n\n\n\n<p>The radio interview was announced on the official website of Radio Television of Serbia: <a href=\"http:\/\/www.rts.rs\/page\/radio\/ci\/story\/27\/radio-beograd-1\/4612792\/novi-lekovi-protiv-kovida-stizu-u-srbiju.html\">http:\/\/www.rts.rs\/page\/radio\/ci\/story\/27\/radio-beograd-1\/4612792\/novi-lekovi-protiv-kovida-stizu-u-<\/a> <a href=\"http:\/\/www.rts.rs\/page\/radio\/ci\/story\/27\/radio-beograd-1\/4612792\/novi-lekovi-protiv-kovida-stizu-u-srbiju.html\">srbiju.html. <\/a>An audio recording of the interview is also available on the same website (in Serbian only).<\/p>","protected":false},"excerpt":{"rendered":"<p>3 December 2021 \u2013 Online conversation The daily magazine is a radio show focusing on current events and news from [&hellip;]<\/p>\n","protected":false},"author":7,"featured_media":13206,"parent":0,"template":"","meta":{"_acf_changed":false,"site-sidebar-layout":"default","site-content-layout":"","ast-site-content-layout":"default","site-content-style":"default","site-sidebar-style":"default","ast-global-header-display":"","ast-banner-title-visibility":"","ast-main-header-display":"","ast-hfb-above-header-display":"","ast-hfb-below-header-display":"","ast-hfb-mobile-header-display":"","site-post-title":"","ast-breadcrumbs-content":"","ast-featured-img":"","footer-sml-layout":"","ast-disable-related-posts":"","theme-transparent-header-meta":"","adv-header-id-meta":"","stick-header-meta":"","header-above-stick-meta":"","header-main-stick-meta":"","header-below-stick-meta":"","astra-migrate-meta-layouts":"default","ast-page-background-enabled":"default","ast-page-background-meta":{"desktop":{"background-color":"var(--ast-global-color-4)","background-image":"","background-repeat":"repeat","background-position":"center center","background-size":"auto","background-attachment":"scroll","background-type":"","background-media":"","overlay-type":"","overlay-color":"","overlay-opacity":"","overlay-gradient":""},"tablet":{"background-color":"","background-image":"","background-repeat":"repeat","background-position":"center center","background-size":"auto","background-attachment":"scroll","background-type":"","background-media":"","overlay-type":"","overlay-color":"","overlay-opacity":"","overlay-gradient":""},"mobile":{"background-color":"","background-image":"","background-repeat":"repeat","background-position":"center center","background-size":"auto","background-attachment":"scroll","background-type":"","background-media":"","overlay-type":"","overlay-color":"","overlay-opacity":"","overlay-gradient":""}},"ast-content-background-meta":{"desktop":{"background-color":"var(--ast-global-color-5)","background-image":"","background-repeat":"repeat","background-position":"center center","background-size":"auto","background-attachment":"scroll","background-type":"","background-media":"","overlay-type":"","overlay-color":"","overlay-opacity":"","overlay-gradient":""},"tablet":{"background-color":"var(--ast-global-color-5)","background-image":"","background-repeat":"repeat","background-position":"center center","background-size":"auto","background-attachment":"scroll","background-type":"","background-media":"","overlay-type":"","overlay-color":"","overlay-opacity":"","overlay-gradient":""},"mobile":{"background-color":"var(--ast-global-color-5)","background-image":"","background-repeat":"repeat","background-position":"center center","background-size":"auto","background-attachment":"scroll","background-type":"","background-media":"","overlay-type":"","overlay-color":"","overlay-opacity":"","overlay-gradient":""}}},"hir-kategoriak":[207],"class_list":["post-13204","hir","type-hir","status-publish","has-post-thumbnail","hentry","hir-kategoriak-esemeny-beszamolo"],"acf":[],"yoast_head":"<!-- This site is optimized with the Yoast SEO Premium plugin v27.5 (Yoast SEO v27.5) - https:\/\/yoast.com\/product\/yoast-seo-premium-wordpress\/ -->\n<title>Dalibor \u0110uki\u0107: Daily magazine broadcasted on Radio Belgrade 1, Radio Television of Serbia (RTS) | ME KEA<\/title>\n<meta name=\"description\" content=\"Dalibor \u0110uki\u0107 appeared on Radio Belgrade 1\u2019s daily magazine to discuss current events and his conference in Budapest.\" \/>\n<meta name=\"robots\" content=\"index, follow, max-snippet:-1, max-image-preview:large, max-video-preview:-1\" \/>\n<link rel=\"canonical\" href=\"https:\/\/centraleuropeanacademy.hu\/en\/hir\/dalibor-dukic-daily-magazine-broadcasted-on-radio-belgrade-1-radio-television-of-serbia-rts\/\" \/>\n<meta property=\"og:locale\" content=\"en_GB\" \/>\n<meta property=\"og:type\" content=\"article\" \/>\n<meta property=\"og:title\" content=\"Dalibor \u0110uki\u0107: Daily magazine broadcasted on Radio Belgrade 1, Radio Television of Serbia (RTS)\" \/>\n<meta property=\"og:description\" content=\"A h\u00edr mindig fontos, mert a t\u00e1j\u00e9kozotts\u00e1g az els\u0151 l\u00e9p\u00e9s a b\u00f6lcsess\u00e9g \u00e9s a felel\u0151s d\u00f6nt\u00e9shozatal fel\u00e9. Olvass b\u00e1tran, mert az olvas\u00e1s m\u0171v\u00e9szet!\" \/>\n<meta property=\"og:url\" content=\"https:\/\/centraleuropeanacademy.hu\/en\/hir\/dalibor-dukic-daily-magazine-broadcasted-on-radio-belgrade-1-radio-television-of-serbia-rts\/\" \/>\n<meta property=\"og:site_name\" content=\"ME KEA\" \/>\n<meta property=\"article:modified_time\" content=\"2024-08-05T12:48:41+00:00\" \/>\n<meta property=\"og:image\" content=\"https:\/\/centraleuropeanacademy.hu\/wp-content\/uploads\/2024\/07\/Slovenian-law-49.webp\" \/>\n\t<meta property=\"og:image:width\" content=\"2560\" \/>\n\t<meta property=\"og:image:height\" content=\"1707\" \/>\n\t<meta property=\"og:image:type\" content=\"image\/webp\" \/>\n<meta name=\"twitter:card\" content=\"summary_large_image\" \/>\n<meta name=\"twitter:label1\" content=\"Estimated reading time\" \/>\n\t<meta name=\"twitter:data1\" content=\"8 minutes\" \/>\n<script type=\"application\/ld+json\" class=\"yoast-schema-graph\">{\"@context\":\"https:\\\/\\\/schema.org\",\"@graph\":[{\"@type\":\"WebPage\",\"@id\":\"https:\\\/\\\/centraleuropeanacademy.hu\\\/hir\\\/dalibor-dukic-daily-magazine-broadcasted-on-radio-belgrade-1-radio-television-of-serbia-rts\\\/\",\"url\":\"https:\\\/\\\/centraleuropeanacademy.hu\\\/hir\\\/dalibor-dukic-daily-magazine-broadcasted-on-radio-belgrade-1-radio-television-of-serbia-rts\\\/\",\"name\":\"Dalibor \u0110uki\u0107: Daily magazine broadcasted on Radio Belgrade 1, Radio Television of Serbia (RTS) | ME KEA\",\"isPartOf\":{\"@id\":\"https:\\\/\\\/centraleuropeanacademy.hu\\\/#website\"},\"primaryImageOfPage\":{\"@id\":\"https:\\\/\\\/centraleuropeanacademy.hu\\\/hir\\\/dalibor-dukic-daily-magazine-broadcasted-on-radio-belgrade-1-radio-television-of-serbia-rts\\\/#primaryimage\"},\"image\":{\"@id\":\"https:\\\/\\\/centraleuropeanacademy.hu\\\/hir\\\/dalibor-dukic-daily-magazine-broadcasted-on-radio-belgrade-1-radio-television-of-serbia-rts\\\/#primaryimage\"},\"thumbnailUrl\":\"https:\\\/\\\/centraleuropeanacademy.hu\\\/wp-content\\\/uploads\\\/2024\\\/07\\\/Slovenian-law-49.webp\",\"datePublished\":\"2021-12-03T12:42:00+00:00\",\"dateModified\":\"2024-08-05T12:48:41+00:00\",\"description\":\"Dalibor \u0110uki\u0107 appeared on Radio Belgrade 1\u2019s daily magazine to discuss current events and his conference in Budapest.\",\"breadcrumb\":{\"@id\":\"https:\\\/\\\/centraleuropeanacademy.hu\\\/hir\\\/dalibor-dukic-daily-magazine-broadcasted-on-radio-belgrade-1-radio-television-of-serbia-rts\\\/#breadcrumb\"},\"inLanguage\":\"en-GB\",\"potentialAction\":[{\"@type\":\"ReadAction\",\"target\":[\"https:\\\/\\\/centraleuropeanacademy.hu\\\/hir\\\/dalibor-dukic-daily-magazine-broadcasted-on-radio-belgrade-1-radio-television-of-serbia-rts\\\/\"]}]},{\"@type\":\"ImageObject\",\"inLanguage\":\"en-GB\",\"@id\":\"https:\\\/\\\/centraleuropeanacademy.hu\\\/hir\\\/dalibor-dukic-daily-magazine-broadcasted-on-radio-belgrade-1-radio-television-of-serbia-rts\\\/#primaryimage\",\"url\":\"https:\\\/\\\/centraleuropeanacademy.hu\\\/wp-content\\\/uploads\\\/2024\\\/07\\\/Slovenian-law-49.webp\",\"contentUrl\":\"https:\\\/\\\/centraleuropeanacademy.hu\\\/wp-content\\\/uploads\\\/2024\\\/07\\\/Slovenian-law-49.webp\",\"width\":2560,\"height\":1707,\"caption\":\"Daily magazine broadcasted on Radio Belgrade 1\"},{\"@type\":\"BreadcrumbList\",\"@id\":\"https:\\\/\\\/centraleuropeanacademy.hu\\\/hir\\\/dalibor-dukic-daily-magazine-broadcasted-on-radio-belgrade-1-radio-television-of-serbia-rts\\\/#breadcrumb\",\"itemListElement\":[{\"@type\":\"ListItem\",\"position\":1,\"name\":\"Kezd\u0151lap\",\"item\":\"https:\\\/\\\/centraleuropeanacademy.hu\\\/\"},{\"@type\":\"ListItem\",\"position\":2,\"name\":\"Dalibor \u0110uki\u0107: Daily magazine broadcasted on Radio Belgrade 1, Radio Television of Serbia (RTS)\"}]},{\"@type\":\"WebSite\",\"@id\":\"https:\\\/\\\/centraleuropeanacademy.hu\\\/#website\",\"url\":\"https:\\\/\\\/centraleuropeanacademy.hu\\\/\",\"name\":\"CEA\",\"description\":\"\",\"publisher\":{\"@id\":\"https:\\\/\\\/centraleuropeanacademy.hu\\\/#organization\"},\"potentialAction\":[{\"@type\":\"SearchAction\",\"target\":{\"@type\":\"EntryPoint\",\"urlTemplate\":\"https:\\\/\\\/centraleuropeanacademy.hu\\\/?s={search_term_string}\"},\"query-input\":{\"@type\":\"PropertyValueSpecification\",\"valueRequired\":true,\"valueName\":\"search_term_string\"}}],\"inLanguage\":\"en-GB\"},{\"@type\":\"Organization\",\"@id\":\"https:\\\/\\\/centraleuropeanacademy.hu\\\/#organization\",\"name\":\"K\u00f6z\u00e9p-eur\u00f3pai Akad\u00e9mia\",\"alternateName\":\"K\u00f6z\u00e9p-Eur\u00f3pai Akad\u00e9mia\",\"url\":\"https:\\\/\\\/centraleuropeanacademy.hu\\\/\",\"logo\":{\"@type\":\"ImageObject\",\"inLanguage\":\"en-GB\",\"@id\":\"https:\\\/\\\/centraleuropeanacademy.hu\\\/#\\\/schema\\\/logo\\\/image\\\/\",\"url\":\"https:\\\/\\\/centraleuropeanacademy.hu\\\/wp-content\\\/uploads\\\/2024\\\/04\\\/cea-logo.png\",\"contentUrl\":\"https:\\\/\\\/centraleuropeanacademy.hu\\\/wp-content\\\/uploads\\\/2024\\\/04\\\/cea-logo.png\",\"width\":1080,\"height\":417,\"caption\":\"K\u00f6z\u00e9p-eur\u00f3pai Akad\u00e9mia\"},\"image\":{\"@id\":\"https:\\\/\\\/centraleuropeanacademy.hu\\\/#\\\/schema\\\/logo\\\/image\\\/\"},\"description\":\"A budapesti sz\u00e9khellyel l\u00e9trej\u00f6tt K\u00f6z\u00e9p-eur\u00f3pai Akad\u00e9mia (CEA) a Miskolci Egyetem \u00e1ltal alap\u00edtott, k\u00f6zfeladatot ell\u00e1t\u00f3 szervezet.\",\"email\":\"academy@centraleuropeanacademy.hu\",\"telephone\":\"academy@centraleuropeanacademy.hu\",\"legalName\":\"K\u00f6z\u00e9p-eur\u00f3pai Akad\u00e9mia\",\"taxID\":\"19359711-1-43\"}]}<\/script>\n<!-- \/ Yoast SEO Premium plugin. -->","yoast_head_json":{"title":"Dalibor \u0110uki\u0107: Daily magazine broadcasted on Radio Belgrade 1, Radio Television of Serbia (RTS) | ME KEA","description":"Dalibor \u0110uki\u0107 appeared on Radio Belgrade 1\u2019s daily magazine to discuss current events and his conference in Budapest.","robots":{"index":"index","follow":"follow","max-snippet":"max-snippet:-1","max-image-preview":"max-image-preview:large","max-video-preview":"max-video-preview:-1"},"canonical":"https:\/\/centraleuropeanacademy.hu\/en\/hir\/dalibor-dukic-daily-magazine-broadcasted-on-radio-belgrade-1-radio-television-of-serbia-rts\/","og_locale":"en_GB","og_type":"article","og_title":"Dalibor \u0110uki\u0107: Daily magazine broadcasted on Radio Belgrade 1, Radio Television of Serbia (RTS)","og_description":"A h\u00edr mindig fontos, mert a t\u00e1j\u00e9kozotts\u00e1g az els\u0151 l\u00e9p\u00e9s a b\u00f6lcsess\u00e9g \u00e9s a felel\u0151s d\u00f6nt\u00e9shozatal fel\u00e9. Olvass b\u00e1tran, mert az olvas\u00e1s m\u0171v\u00e9szet!","og_url":"https:\/\/centraleuropeanacademy.hu\/en\/hir\/dalibor-dukic-daily-magazine-broadcasted-on-radio-belgrade-1-radio-television-of-serbia-rts\/","og_site_name":"ME KEA","article_modified_time":"2024-08-05T12:48:41+00:00","og_image":[{"width":2560,"height":1707,"url":"https:\/\/centraleuropeanacademy.hu\/wp-content\/uploads\/2024\/07\/Slovenian-law-49.webp","type":"image\/webp"}],"twitter_card":"summary_large_image","twitter_misc":{"Estimated reading time":"8 minutes"},"schema":{"@context":"https:\/\/schema.org","@graph":[{"@type":"WebPage","@id":"https:\/\/centraleuropeanacademy.hu\/hir\/dalibor-dukic-daily-magazine-broadcasted-on-radio-belgrade-1-radio-television-of-serbia-rts\/","url":"https:\/\/centraleuropeanacademy.hu\/hir\/dalibor-dukic-daily-magazine-broadcasted-on-radio-belgrade-1-radio-television-of-serbia-rts\/","name":"Dalibor \u0110uki\u0107: Daily magazine broadcasted on Radio Belgrade 1, Radio Television of Serbia (RTS) | ME KEA","isPartOf":{"@id":"https:\/\/centraleuropeanacademy.hu\/#website"},"primaryImageOfPage":{"@id":"https:\/\/centraleuropeanacademy.hu\/hir\/dalibor-dukic-daily-magazine-broadcasted-on-radio-belgrade-1-radio-television-of-serbia-rts\/#primaryimage"},"image":{"@id":"https:\/\/centraleuropeanacademy.hu\/hir\/dalibor-dukic-daily-magazine-broadcasted-on-radio-belgrade-1-radio-television-of-serbia-rts\/#primaryimage"},"thumbnailUrl":"https:\/\/centraleuropeanacademy.hu\/wp-content\/uploads\/2024\/07\/Slovenian-law-49.webp","datePublished":"2021-12-03T12:42:00+00:00","dateModified":"2024-08-05T12:48:41+00:00","description":"Dalibor \u0110uki\u0107 appeared on Radio Belgrade 1\u2019s daily magazine to discuss current events and his conference in Budapest.","breadcrumb":{"@id":"https:\/\/centraleuropeanacademy.hu\/hir\/dalibor-dukic-daily-magazine-broadcasted-on-radio-belgrade-1-radio-television-of-serbia-rts\/#breadcrumb"},"inLanguage":"en-GB","potentialAction":[{"@type":"ReadAction","target":["https:\/\/centraleuropeanacademy.hu\/hir\/dalibor-dukic-daily-magazine-broadcasted-on-radio-belgrade-1-radio-television-of-serbia-rts\/"]}]},{"@type":"ImageObject","inLanguage":"en-GB","@id":"https:\/\/centraleuropeanacademy.hu\/hir\/dalibor-dukic-daily-magazine-broadcasted-on-radio-belgrade-1-radio-television-of-serbia-rts\/#primaryimage","url":"https:\/\/centraleuropeanacademy.hu\/wp-content\/uploads\/2024\/07\/Slovenian-law-49.webp","contentUrl":"https:\/\/centraleuropeanacademy.hu\/wp-content\/uploads\/2024\/07\/Slovenian-law-49.webp","width":2560,"height":1707,"caption":"Daily magazine broadcasted on Radio Belgrade 1"},{"@type":"BreadcrumbList","@id":"https:\/\/centraleuropeanacademy.hu\/hir\/dalibor-dukic-daily-magazine-broadcasted-on-radio-belgrade-1-radio-television-of-serbia-rts\/#breadcrumb","itemListElement":[{"@type":"ListItem","position":1,"name":"Kezd\u0151lap","item":"https:\/\/centraleuropeanacademy.hu\/"},{"@type":"ListItem","position":2,"name":"Dalibor \u0110uki\u0107: Daily magazine broadcasted on Radio Belgrade 1, Radio Television of Serbia (RTS)"}]},{"@type":"WebSite","@id":"https:\/\/centraleuropeanacademy.hu\/#website","url":"https:\/\/centraleuropeanacademy.hu\/","name":"CEA","description":"","publisher":{"@id":"https:\/\/centraleuropeanacademy.hu\/#organization"},"potentialAction":[{"@type":"SearchAction","target":{"@type":"EntryPoint","urlTemplate":"https:\/\/centraleuropeanacademy.hu\/?s={search_term_string}"},"query-input":{"@type":"PropertyValueSpecification","valueRequired":true,"valueName":"search_term_string"}}],"inLanguage":"en-GB"},{"@type":"Organization","@id":"https:\/\/centraleuropeanacademy.hu\/#organization","name":"Central European Academy","alternateName":"K\u00f6z\u00e9p-Eur\u00f3pai Akad\u00e9mia","url":"https:\/\/centraleuropeanacademy.hu\/","logo":{"@type":"ImageObject","inLanguage":"en-GB","@id":"https:\/\/centraleuropeanacademy.hu\/#\/schema\/logo\/image\/","url":"https:\/\/centraleuropeanacademy.hu\/wp-content\/uploads\/2024\/04\/cea-logo.png","contentUrl":"https:\/\/centraleuropeanacademy.hu\/wp-content\/uploads\/2024\/04\/cea-logo.png","width":1080,"height":417,"caption":"K\u00f6z\u00e9p-eur\u00f3pai Akad\u00e9mia"},"image":{"@id":"https:\/\/centraleuropeanacademy.hu\/#\/schema\/logo\/image\/"},"description":"A budapesti sz\u00e9khellyel l\u00e9trej\u00f6tt K\u00f6z\u00e9p-eur\u00f3pai Akad\u00e9mia (CEA) a Miskolci Egyetem \u00e1ltal alap\u00edtott, k\u00f6zfeladatot ell\u00e1t\u00f3 szervezet.","email":"academy@centraleuropeanacademy.hu","telephone":"academy@centraleuropeanacademy.hu","legalName":"K\u00f6z\u00e9p-eur\u00f3pai Akad\u00e9mia","taxID":"19359711-1-43"}]}},"_links":{"self":[{"href":"https:\/\/centraleuropeanacademy.hu\/en\/wp-json\/wp\/v2\/hir\/13204","targetHints":{"allow":["GET"]}}],"collection":[{"href":"https:\/\/centraleuropeanacademy.hu\/en\/wp-json\/wp\/v2\/hir"}],"about":[{"href":"https:\/\/centraleuropeanacademy.hu\/en\/wp-json\/wp\/v2\/types\/hir"}],"author":[{"embeddable":true,"href":"https:\/\/centraleuropeanacademy.hu\/en\/wp-json\/wp\/v2\/users\/7"}],"wp:featuredmedia":[{"embeddable":true,"href":"https:\/\/centraleuropeanacademy.hu\/en\/wp-json\/wp\/v2\/media\/13206"}],"wp:attachment":[{"href":"https:\/\/centraleuropeanacademy.hu\/en\/wp-json\/wp\/v2\/media?parent=13204"}],"wp:term":[{"taxonomy":"hir-kategoriak","embeddable":true,"href":"https:\/\/centraleuropeanacademy.hu\/en\/wp-json\/wp\/v2\/hir-kategoriak?post=13204"}],"curies":[{"name":"wp","href":"https:\/\/api.w.org\/{rel}","templated":true}]}}