{"id":11334,"date":"2022-11-21T18:10:00","date_gmt":"2022-11-21T17:10:00","guid":{"rendered":"https:\/\/centraleuropeanacademy.hu\/?post_type=hir&#038;p=11334"},"modified":"2024-08-07T12:50:54","modified_gmt":"2024-08-07T10:50:54","slug":"michal-radvan-ecological-tools-in-tax-law","status":"publish","type":"hir","link":"https:\/\/centraleuropeanacademy.hu\/en\/hir\/michal-radvan-ecological-tools-in-tax-law\/","title":{"rendered":"Michal Radvan: Ecological Tools in Tax Law"},"content":{"rendered":"<p>21 November 2022 &#8211; Online conversation<\/p>\n\n\n\n<p>The workshop was organized by the Faculty of Law, Masaryk University, <em>as part of the Central European Professors&#8217; Network, coordinated by the&nbsp;University of Miskolc &#8211; Central European Academy<\/em><\/p>\n\n\n\n<p><strong>About workshop: <\/strong><strong><\/strong><\/p>\n\n\n\n<p><strong>Lecturers:<\/strong><\/p>\n\n\n\n<p><strong>Anna Rom\u00e1nov\u00e1 Varta\u0161ov\u00e1<\/strong> (Faculty of Law, UPJ\u0160 in Ko\u0161ice, SK)<\/p>\n\n\n\n<p><strong>G\u00e1bor Hulk\u00f3<\/strong> (Faculty of Law, Sz\u00e9chenyi Istv\u00e1n University, Gyor, HU)<\/p>\n\n\n\n<p><strong>Michal Radvan<\/strong> (Faculty of Law, Masaryk University, CZ)<\/p>\n\n\n\n<p><strong>Date<\/strong>: Monday 21 November 2022, 1,00 \u2013 2,00 PM CET<\/p>\n\n\n\n<p><strong>Venue<\/strong>: Brno, Masaryk University, Faculty of Law; Online via MS Teams<\/p>\n\n\n\n<p><strong>Costs<\/strong>: Free of charge<\/p>\n\n\n\n<p><strong>Registration<\/strong>: by 14 November 2022 via email at <a href=\"mailto:michal.radvan@law.muni.cz\">michal.radvan@law.muni.cz<\/a>&nbsp;&nbsp;<\/p>\n\n\n\n<p><strong>Annotation of the workshop:<\/strong><\/p>\n\n\n\n<p>The workshop \u2013 dissemination event on Ecological Tools in Tax Law aims to present the most frequent tools for how governments in the Czech Republic, Slovakia, and Hungary draft their tax law to protect the environment. The most common and also rarely used \u201cecological\u201d taxes, charges, and other public payments will be analyzed regarding their potential to influence taxpayers&#8217; behavior to protect the environment. All presenters are respected experts in the European region in taxation and public revenues.<\/p>\n\n\n\n<p><strong>Ecological Tools in Tax Law<\/strong><\/p>\n\n\n\n<p>There are several types of instruments to mitigate climate change: normative (legal), economic, conceptual, educational, and voluntary.&nbsp; The conceptual tools create the factual framework consisting of various plans, programs, forecasts, and other concepts built according to the basic principles of environmental law. Normative tools are the most important as they create a set of specific prohibitions, orders, permits, and opinions; natural persons and legal entities are obliged to comply with them. Normative tools include state supervision, too. The voluntary tools are not subjects of state control. As tax lawyers, we are focusing on economic tools.<\/p>\n\n\n\n<p>Generally, it is necessary to state that almost every tax sensu lato includes some ecological aspects in its legal regulation. For clarity, it is possible to divide taxes sensu lato into two groups: taxes sensu stricto collected on a more or less regular basis without any equivalent compensation for the taxpayer and charges (fees) collected on a more or less irregular basis with appropriate consideration for payment. The title of the public payment is decisive; all taxes, charges, fees, levies, etc., have either tax or charge nature.<\/p>\n\n\n\n<p>To sum up, ecological aspects in taxation are instruments to mitigate climate change and achieve Europe&#8217;s objective of becoming a competitive, low-carbon, and energy-efficient economy. The conditio sine qua non is that the construction components of the taxes must be defined reasonably. Moreover, the European Union must not be the only region in the world implementing instruments to mitigate climate change. Powerful economies such as the USA, China, India, Russia, etc., must adopt the same tools because only then will the European Union not create an economic environment in which it is uncompetitive.<\/p>\n\n\n\n<p>The workshop took place on Monday, 21 November 2022. Three leading tax law experts in their countries were asked to present their contributions. The section started with the opening note by Michal Radvan.<\/p>\n\n\n\n<p>The first presenter Anna Varta\u0161ov\u00e1, representing P. J. Sararik University in Ko\u0161ice, Slovakia, presented her definition of tax with an environmental aspect: a tax whose tax base consists of a physical unit (or its substitute) of something that has a negative impact on the environment (considering taxes in a broad sense). She analyzed the legal regulation of enviro-related taxes in Slovakia. She was talking about energy taxes (excise duties, tax on the nuclear facility, charge for storage of gases and liquids, emission allowances), taxes on transportation (motor vehicle tax, motor vehicle registration fee, tax on the entry and stay of a motor vehicle in the historical part of the city), taxeson pollution (fees for discharge of sewage water into surface waters, air pollution charges, waste landfilling charges, payment for the mining area, and taxes on resources (payment for extracted minerals). She has summarized that energy taxes are the most important from an economic perspective. Concerning the share of enviro-related taxes on GDP, Slovakia is the leader in the region; however, the share is still low compared to the most developed countries in Europe.<\/p>\n\n\n\n<p>Gabor Hulk\u00f3 from Sz\u00e9chenyi Istv\u00e1n University in Gyor, Hungary, talked about regulation models concerning environmental protection in combination with economic tools. He was also dealing with EU policies in this area. He was more detailed in Hungarian public policies, specifically in the following areas:<\/p>\n\n\n\n<ul class=\"wp-block-list\">\n<li>Strengthening environmental awareness and thinking;<\/li>\n\n\n\n<li>Social participation, environmental information;<\/li>\n\n\n\n<li>Spatial and urban development, planning and protection of the environment;<\/li>\n\n\n\n<li>Strategy development, planning;<\/li>\n\n\n\n<li>Legislation and enforcement;<\/li>\n\n\n\n<li>Development policy, investments;<\/li>\n\n\n\n<li>Research and development, eco-innovation, environmental technology;<\/li>\n\n\n\n<li>Contributing to the development of EU environmental policy and implementation and International cooperation.<\/li>\n<\/ul>\n\n\n\n<p>He has also summarized the economic sense of environmental taxes revenues (energy taxes, pollution taxes, resources taxes, and transport taxes). &nbsp;<\/p>\n\n\n\n<p>Michal Radvan (Faculty of Law, Masaryk University, Czech Republic) has introduced instruments to mitigate climate change:<\/p>\n\n\n\n<ul class=\"wp-block-list\">\n<li>Normative (legal) &#8211; create a set of specific prohibitions, orders, permits, and opinions; include state supervision;<\/li>\n\n\n\n<li>Economic &#8211; almost every tax includes some eco-logical aspects ;<\/li>\n\n\n\n<li>Conceptual &#8211; create the factual framework consisting of various plans, proforecastse-casts, and other concepts built according to the basic principles of environmental law;<\/li>\n\n\n\n<li>Educational;<\/li>\n\n\n\n<li>Voluntary &#8211; not subjects of state control.<\/li>\n<\/ul>\n\n\n\n<p>He analyzed the legal regulation of energy taxes, taxes on motor vehicles, pollution taxes, and resources taxes. He also pointed out that all taxes do have certain ecological aspects, mostly hidden in the list of exemptions. He concluded that to accept instruments to mitigate climate change by the public, it is necessary to create a good mixture of conceptual, normative, and economic tools supported by various educational and voluntary tools. It is possible to state that the Czech legal regulation prefers positive instruments supporting environmentally beneficial behavior.<\/p>","protected":false},"excerpt":{"rendered":"<p>21 November 2022 &#8211; Online conversation The workshop was organized by the Faculty of Law, Masaryk University, as part of [&hellip;]<\/p>\n","protected":false},"author":7,"featured_media":11340,"parent":0,"template":"","meta":{"_acf_changed":true,"site-sidebar-layout":"default","site-content-layout":"","ast-site-content-layout":"default","site-content-style":"default","site-sidebar-style":"default","ast-global-header-display":"","ast-banner-title-visibility":"","ast-main-header-display":"","ast-hfb-above-header-display":"","ast-hfb-below-header-display":"","ast-hfb-mobile-header-display":"","site-post-title":"","ast-breadcrumbs-content":"","ast-featured-img":"","footer-sml-layout":"","ast-disable-related-posts":"","theme-transparent-header-meta":"","adv-header-id-meta":"","stick-header-meta":"","header-above-stick-meta":"","header-main-stick-meta":"","header-below-stick-meta":"","astra-migrate-meta-layouts":"default","ast-page-background-enabled":"default","ast-page-background-meta":{"desktop":{"background-color":"var(--ast-global-color-4)","background-image":"","background-repeat":"repeat","background-position":"center center","background-size":"auto","background-attachment":"scroll","background-type":"","background-media":"","overlay-type":"","overlay-color":"","overlay-opacity":"","overlay-gradient":""},"tablet":{"background-color":"","background-image":"","background-repeat":"repeat","background-position":"center center","background-size":"auto","background-attachment":"scroll","background-type":"","background-media":"","overlay-type":"","overlay-color":"","overlay-opacity":"","overlay-gradient":""},"mobile":{"background-color":"","background-image":"","background-repeat":"repeat","background-position":"center center","background-size":"auto","background-attachment":"scroll","background-type":"","background-media":"","overlay-type":"","overlay-color":"","overlay-opacity":"","overlay-gradient":""}},"ast-content-background-meta":{"desktop":{"background-color":"var(--ast-global-color-5)","background-image":"","background-repeat":"repeat","background-position":"center center","background-size":"auto","background-attachment":"scroll","background-type":"","background-media":"","overlay-type":"","overlay-color":"","overlay-opacity":"","overlay-gradient":""},"tablet":{"background-color":"var(--ast-global-color-5)","background-image":"","background-repeat":"repeat","background-position":"center center","background-size":"auto","background-attachment":"scroll","background-type":"","background-media":"","overlay-type":"","overlay-color":"","overlay-opacity":"","overlay-gradient":""},"mobile":{"background-color":"var(--ast-global-color-5)","background-image":"","background-repeat":"repeat","background-position":"center center","background-size":"auto","background-attachment":"scroll","background-type":"","background-media":"","overlay-type":"","overlay-color":"","overlay-opacity":"","overlay-gradient":""}}},"hir-kategoriak":[207],"class_list":["post-11334","hir","type-hir","status-publish","has-post-thumbnail","hentry","hir-kategoriak-esemeny-beszamolo"],"acf":[],"yoast_head":"<!-- This site is optimized with the Yoast SEO Premium plugin v27.5 (Yoast SEO v27.5) - https:\/\/yoast.com\/product\/yoast-seo-premium-wordpress\/ -->\n<title>Michal Radvan: Ecological Tools in Tax Law | ME KEA<\/title>\n<meta name=\"description\" content=\"Michal Radvan\u2019s workshop on ecological tools in tax law was held by Masaryk University within the Central European Professors\u2019 Network.\" \/>\n<meta name=\"robots\" content=\"index, follow, max-snippet:-1, max-image-preview:large, max-video-preview:-1\" \/>\n<link rel=\"canonical\" href=\"https:\/\/centraleuropeanacademy.hu\/en\/hir\/michal-radvan-ecological-tools-in-tax-law\/\" \/>\n<meta property=\"og:locale\" content=\"en_GB\" \/>\n<meta property=\"og:type\" content=\"article\" \/>\n<meta property=\"og:title\" content=\"Michal Radvan: Ecological Tools in Tax Law\" \/>\n<meta property=\"og:description\" content=\"A h\u00edr mindig fontos, mert a t\u00e1j\u00e9kozotts\u00e1g az els\u0151 l\u00e9p\u00e9s a b\u00f6lcsess\u00e9g \u00e9s a felel\u0151s d\u00f6nt\u00e9shozatal fel\u00e9. Olvass b\u00e1tran, mert az olvas\u00e1s m\u0171v\u00e9szet!\" \/>\n<meta property=\"og:url\" content=\"https:\/\/centraleuropeanacademy.hu\/en\/hir\/michal-radvan-ecological-tools-in-tax-law\/\" \/>\n<meta property=\"og:site_name\" content=\"ME KEA\" \/>\n<meta property=\"article:modified_time\" content=\"2024-08-07T10:50:54+00:00\" \/>\n<meta property=\"og:image\" content=\"https:\/\/centraleuropeanacademy.hu\/wp-content\/uploads\/2024\/06\/pexels-pixabay-414837-6671b309e7d8a-scaled.webp\" \/>\n\t<meta property=\"og:image:width\" content=\"2560\" \/>\n\t<meta property=\"og:image:height\" content=\"1707\" \/>\n\t<meta property=\"og:image:type\" content=\"image\/webp\" \/>\n<meta name=\"twitter:card\" content=\"summary_large_image\" \/>\n<meta name=\"twitter:label1\" content=\"Estimated reading time\" \/>\n\t<meta name=\"twitter:data1\" content=\"6 minutes\" \/>\n<script type=\"application\/ld+json\" class=\"yoast-schema-graph\">{\"@context\":\"https:\\\/\\\/schema.org\",\"@graph\":[{\"@type\":\"WebPage\",\"@id\":\"https:\\\/\\\/centraleuropeanacademy.hu\\\/hir\\\/michal-radvan-ecological-tools-in-tax-law\\\/\",\"url\":\"https:\\\/\\\/centraleuropeanacademy.hu\\\/hir\\\/michal-radvan-ecological-tools-in-tax-law\\\/\",\"name\":\"Michal Radvan: Ecological Tools in Tax Law | ME KEA\",\"isPartOf\":{\"@id\":\"https:\\\/\\\/centraleuropeanacademy.hu\\\/#website\"},\"primaryImageOfPage\":{\"@id\":\"https:\\\/\\\/centraleuropeanacademy.hu\\\/hir\\\/michal-radvan-ecological-tools-in-tax-law\\\/#primaryimage\"},\"image\":{\"@id\":\"https:\\\/\\\/centraleuropeanacademy.hu\\\/hir\\\/michal-radvan-ecological-tools-in-tax-law\\\/#primaryimage\"},\"thumbnailUrl\":\"https:\\\/\\\/centraleuropeanacademy.hu\\\/wp-content\\\/uploads\\\/2024\\\/06\\\/pexels-pixabay-414837-6671b309e7d8a-scaled.webp\",\"datePublished\":\"2022-11-21T17:10:00+00:00\",\"dateModified\":\"2024-08-07T10:50:54+00:00\",\"description\":\"Michal Radvan\u2019s workshop on ecological tools in tax law was held by Masaryk University within the Central European Professors\u2019 Network.\",\"breadcrumb\":{\"@id\":\"https:\\\/\\\/centraleuropeanacademy.hu\\\/hir\\\/michal-radvan-ecological-tools-in-tax-law\\\/#breadcrumb\"},\"inLanguage\":\"en-GB\",\"potentialAction\":[{\"@type\":\"ReadAction\",\"target\":[\"https:\\\/\\\/centraleuropeanacademy.hu\\\/hir\\\/michal-radvan-ecological-tools-in-tax-law\\\/\"]}]},{\"@type\":\"ImageObject\",\"inLanguage\":\"en-GB\",\"@id\":\"https:\\\/\\\/centraleuropeanacademy.hu\\\/hir\\\/michal-radvan-ecological-tools-in-tax-law\\\/#primaryimage\",\"url\":\"https:\\\/\\\/centraleuropeanacademy.hu\\\/wp-content\\\/uploads\\\/2024\\\/06\\\/pexels-pixabay-414837-6671b309e7d8a-scaled.webp\",\"contentUrl\":\"https:\\\/\\\/centraleuropeanacademy.hu\\\/wp-content\\\/uploads\\\/2024\\\/06\\\/pexels-pixabay-414837-6671b309e7d8a-scaled.webp\",\"width\":2560,\"height\":1707,\"caption\":\"Ecological Tools in Tax Law\"},{\"@type\":\"BreadcrumbList\",\"@id\":\"https:\\\/\\\/centraleuropeanacademy.hu\\\/hir\\\/michal-radvan-ecological-tools-in-tax-law\\\/#breadcrumb\",\"itemListElement\":[{\"@type\":\"ListItem\",\"position\":1,\"name\":\"Kezd\u0151lap\",\"item\":\"https:\\\/\\\/centraleuropeanacademy.hu\\\/\"},{\"@type\":\"ListItem\",\"position\":2,\"name\":\"Michal Radvan: Ecological Tools in Tax Law\"}]},{\"@type\":\"WebSite\",\"@id\":\"https:\\\/\\\/centraleuropeanacademy.hu\\\/#website\",\"url\":\"https:\\\/\\\/centraleuropeanacademy.hu\\\/\",\"name\":\"CEA\",\"description\":\"\",\"publisher\":{\"@id\":\"https:\\\/\\\/centraleuropeanacademy.hu\\\/#organization\"},\"potentialAction\":[{\"@type\":\"SearchAction\",\"target\":{\"@type\":\"EntryPoint\",\"urlTemplate\":\"https:\\\/\\\/centraleuropeanacademy.hu\\\/?s={search_term_string}\"},\"query-input\":{\"@type\":\"PropertyValueSpecification\",\"valueRequired\":true,\"valueName\":\"search_term_string\"}}],\"inLanguage\":\"en-GB\"},{\"@type\":\"Organization\",\"@id\":\"https:\\\/\\\/centraleuropeanacademy.hu\\\/#organization\",\"name\":\"K\u00f6z\u00e9p-eur\u00f3pai Akad\u00e9mia\",\"alternateName\":\"K\u00f6z\u00e9p-Eur\u00f3pai Akad\u00e9mia\",\"url\":\"https:\\\/\\\/centraleuropeanacademy.hu\\\/\",\"logo\":{\"@type\":\"ImageObject\",\"inLanguage\":\"en-GB\",\"@id\":\"https:\\\/\\\/centraleuropeanacademy.hu\\\/#\\\/schema\\\/logo\\\/image\\\/\",\"url\":\"https:\\\/\\\/centraleuropeanacademy.hu\\\/wp-content\\\/uploads\\\/2024\\\/04\\\/cea-logo.png\",\"contentUrl\":\"https:\\\/\\\/centraleuropeanacademy.hu\\\/wp-content\\\/uploads\\\/2024\\\/04\\\/cea-logo.png\",\"width\":1080,\"height\":417,\"caption\":\"K\u00f6z\u00e9p-eur\u00f3pai Akad\u00e9mia\"},\"image\":{\"@id\":\"https:\\\/\\\/centraleuropeanacademy.hu\\\/#\\\/schema\\\/logo\\\/image\\\/\"},\"description\":\"A budapesti sz\u00e9khellyel l\u00e9trej\u00f6tt K\u00f6z\u00e9p-eur\u00f3pai Akad\u00e9mia (CEA) a Miskolci Egyetem \u00e1ltal alap\u00edtott, k\u00f6zfeladatot ell\u00e1t\u00f3 szervezet.\",\"email\":\"academy@centraleuropeanacademy.hu\",\"telephone\":\"academy@centraleuropeanacademy.hu\",\"legalName\":\"K\u00f6z\u00e9p-eur\u00f3pai Akad\u00e9mia\",\"taxID\":\"19359711-1-43\"}]}<\/script>\n<!-- \/ Yoast SEO Premium plugin. -->","yoast_head_json":{"title":"Michal Radvan: Ecological Tools in Tax Law | ME KEA","description":"Michal Radvan\u2019s workshop on ecological tools in tax law was held by Masaryk University within the Central European Professors\u2019 Network.","robots":{"index":"index","follow":"follow","max-snippet":"max-snippet:-1","max-image-preview":"max-image-preview:large","max-video-preview":"max-video-preview:-1"},"canonical":"https:\/\/centraleuropeanacademy.hu\/en\/hir\/michal-radvan-ecological-tools-in-tax-law\/","og_locale":"en_GB","og_type":"article","og_title":"Michal Radvan: Ecological Tools in Tax Law","og_description":"A h\u00edr mindig fontos, mert a t\u00e1j\u00e9kozotts\u00e1g az els\u0151 l\u00e9p\u00e9s a b\u00f6lcsess\u00e9g \u00e9s a felel\u0151s d\u00f6nt\u00e9shozatal fel\u00e9. Olvass b\u00e1tran, mert az olvas\u00e1s m\u0171v\u00e9szet!","og_url":"https:\/\/centraleuropeanacademy.hu\/en\/hir\/michal-radvan-ecological-tools-in-tax-law\/","og_site_name":"ME KEA","article_modified_time":"2024-08-07T10:50:54+00:00","og_image":[{"width":2560,"height":1707,"url":"https:\/\/centraleuropeanacademy.hu\/wp-content\/uploads\/2024\/06\/pexels-pixabay-414837-6671b309e7d8a-scaled.webp","type":"image\/webp"}],"twitter_card":"summary_large_image","twitter_misc":{"Estimated reading time":"6 minutes"},"schema":{"@context":"https:\/\/schema.org","@graph":[{"@type":"WebPage","@id":"https:\/\/centraleuropeanacademy.hu\/hir\/michal-radvan-ecological-tools-in-tax-law\/","url":"https:\/\/centraleuropeanacademy.hu\/hir\/michal-radvan-ecological-tools-in-tax-law\/","name":"Michal Radvan: Ecological Tools in Tax Law | ME KEA","isPartOf":{"@id":"https:\/\/centraleuropeanacademy.hu\/#website"},"primaryImageOfPage":{"@id":"https:\/\/centraleuropeanacademy.hu\/hir\/michal-radvan-ecological-tools-in-tax-law\/#primaryimage"},"image":{"@id":"https:\/\/centraleuropeanacademy.hu\/hir\/michal-radvan-ecological-tools-in-tax-law\/#primaryimage"},"thumbnailUrl":"https:\/\/centraleuropeanacademy.hu\/wp-content\/uploads\/2024\/06\/pexels-pixabay-414837-6671b309e7d8a-scaled.webp","datePublished":"2022-11-21T17:10:00+00:00","dateModified":"2024-08-07T10:50:54+00:00","description":"Michal Radvan\u2019s workshop on ecological tools in tax law was held by Masaryk University within the Central European Professors\u2019 Network.","breadcrumb":{"@id":"https:\/\/centraleuropeanacademy.hu\/hir\/michal-radvan-ecological-tools-in-tax-law\/#breadcrumb"},"inLanguage":"en-GB","potentialAction":[{"@type":"ReadAction","target":["https:\/\/centraleuropeanacademy.hu\/hir\/michal-radvan-ecological-tools-in-tax-law\/"]}]},{"@type":"ImageObject","inLanguage":"en-GB","@id":"https:\/\/centraleuropeanacademy.hu\/hir\/michal-radvan-ecological-tools-in-tax-law\/#primaryimage","url":"https:\/\/centraleuropeanacademy.hu\/wp-content\/uploads\/2024\/06\/pexels-pixabay-414837-6671b309e7d8a-scaled.webp","contentUrl":"https:\/\/centraleuropeanacademy.hu\/wp-content\/uploads\/2024\/06\/pexels-pixabay-414837-6671b309e7d8a-scaled.webp","width":2560,"height":1707,"caption":"Ecological Tools in Tax Law"},{"@type":"BreadcrumbList","@id":"https:\/\/centraleuropeanacademy.hu\/hir\/michal-radvan-ecological-tools-in-tax-law\/#breadcrumb","itemListElement":[{"@type":"ListItem","position":1,"name":"Kezd\u0151lap","item":"https:\/\/centraleuropeanacademy.hu\/"},{"@type":"ListItem","position":2,"name":"Michal Radvan: Ecological Tools in Tax Law"}]},{"@type":"WebSite","@id":"https:\/\/centraleuropeanacademy.hu\/#website","url":"https:\/\/centraleuropeanacademy.hu\/","name":"CEA","description":"","publisher":{"@id":"https:\/\/centraleuropeanacademy.hu\/#organization"},"potentialAction":[{"@type":"SearchAction","target":{"@type":"EntryPoint","urlTemplate":"https:\/\/centraleuropeanacademy.hu\/?s={search_term_string}"},"query-input":{"@type":"PropertyValueSpecification","valueRequired":true,"valueName":"search_term_string"}}],"inLanguage":"en-GB"},{"@type":"Organization","@id":"https:\/\/centraleuropeanacademy.hu\/#organization","name":"Central European Academy","alternateName":"K\u00f6z\u00e9p-Eur\u00f3pai Akad\u00e9mia","url":"https:\/\/centraleuropeanacademy.hu\/","logo":{"@type":"ImageObject","inLanguage":"en-GB","@id":"https:\/\/centraleuropeanacademy.hu\/#\/schema\/logo\/image\/","url":"https:\/\/centraleuropeanacademy.hu\/wp-content\/uploads\/2024\/04\/cea-logo.png","contentUrl":"https:\/\/centraleuropeanacademy.hu\/wp-content\/uploads\/2024\/04\/cea-logo.png","width":1080,"height":417,"caption":"K\u00f6z\u00e9p-eur\u00f3pai Akad\u00e9mia"},"image":{"@id":"https:\/\/centraleuropeanacademy.hu\/#\/schema\/logo\/image\/"},"description":"A budapesti sz\u00e9khellyel l\u00e9trej\u00f6tt K\u00f6z\u00e9p-eur\u00f3pai Akad\u00e9mia (CEA) a Miskolci Egyetem \u00e1ltal alap\u00edtott, k\u00f6zfeladatot ell\u00e1t\u00f3 szervezet.","email":"academy@centraleuropeanacademy.hu","telephone":"academy@centraleuropeanacademy.hu","legalName":"K\u00f6z\u00e9p-eur\u00f3pai Akad\u00e9mia","taxID":"19359711-1-43"}]}},"_links":{"self":[{"href":"https:\/\/centraleuropeanacademy.hu\/en\/wp-json\/wp\/v2\/hir\/11334","targetHints":{"allow":["GET"]}}],"collection":[{"href":"https:\/\/centraleuropeanacademy.hu\/en\/wp-json\/wp\/v2\/hir"}],"about":[{"href":"https:\/\/centraleuropeanacademy.hu\/en\/wp-json\/wp\/v2\/types\/hir"}],"author":[{"embeddable":true,"href":"https:\/\/centraleuropeanacademy.hu\/en\/wp-json\/wp\/v2\/users\/7"}],"wp:featuredmedia":[{"embeddable":true,"href":"https:\/\/centraleuropeanacademy.hu\/en\/wp-json\/wp\/v2\/media\/11340"}],"wp:attachment":[{"href":"https:\/\/centraleuropeanacademy.hu\/en\/wp-json\/wp\/v2\/media?parent=11334"}],"wp:term":[{"taxonomy":"hir-kategoriak","embeddable":true,"href":"https:\/\/centraleuropeanacademy.hu\/en\/wp-json\/wp\/v2\/hir-kategoriak?post=11334"}],"curies":[{"name":"wp","href":"https:\/\/api.w.org\/{rel}","templated":true}]}}