{"id":10338,"date":"2024-03-13T18:31:37","date_gmt":"2024-03-13T17:31:37","guid":{"rendered":"https:\/\/centraleuropeanacademy.hu\/?post_type=hir&#038;p=10338"},"modified":"2024-08-06T10:58:28","modified_gmt":"2024-08-06T08:58:28","slug":"federalism-and-the-future-of-the-diverse-eu-5","status":"publish","type":"hir","link":"https:\/\/centraleuropeanacademy.hu\/en\/hir\/federalism-and-the-future-of-the-diverse-eu-5\/","title":{"rendered":"Federalism and the Future of the Diverse EU"},"content":{"rendered":"<p>On 21-22 March 2024, the Central European Academy will organise a conference entitled \"Federalism and the Future of the Diverse EU\", in cooperation with the Faculty of Law and Political Sciences of the University of Miskolc, the Ferenc M\u00e1dl Institute of Comparative Law and the Central European Comparative Law Association.&nbsp;<\/p>\n\n\n\n<p>The aim of the conference is to examine how the Member States of the European Union, and in particular the individual institutions, are (and can be) working to achieve co-existence, and what processes and institutions need to be rethought (e.g. redefining EU and Member State competences, revisiting the principle of pre-emption, better understanding the process of federalism, ever closer union, etc.).<\/p>\n\n\n\n<div class=\"wp-block-buttons is-layout-flex wp-block-buttons-is-layout-flex\">\n<div class=\"wp-block-button\"><a class=\"wp-block-button__link wp-element-button\" href=\"https:\/\/centraleuropeanacademy.hu\/en\/rendezveny\/federalism-and-the-future-of-the-diverse-eu\/\">Read more<\/a><\/div>\n<\/div>","protected":false},"excerpt":{"rendered":"<p>A K\u00f6z\u00e9p-eur\u00f3pai Akad\u00e9mia 2024. m\u00e1rcius 21-22-\u00e9n \u201eFederalism and the Future of the Diverse EU\u201d c\u00edmmel konferenci\u00e1t rendez a Miskolci Egyetem [&hellip;]<\/p>\n","protected":false},"author":9,"featured_media":10927,"parent":0,"template":"","meta":{"_acf_changed":true,"site-sidebar-layout":"default","site-content-layout":"","ast-site-content-layout":"default","site-content-style":"default","site-sidebar-style":"default","ast-global-header-display":"","ast-banner-title-visibility":"","ast-main-header-display":"","ast-hfb-above-header-display":"","ast-hfb-below-header-display":"","ast-hfb-mobile-header-display":"","site-post-title":"","ast-breadcrumbs-content":"","ast-featured-img":"","footer-sml-layout":"","ast-disable-related-posts":"","theme-transparent-header-meta":"","adv-header-id-meta":"","stick-header-meta":"","header-above-stick-meta":"","header-main-stick-meta":"","header-below-stick-meta":"","astra-migrate-meta-layouts":"default","ast-page-background-enabled":"default","ast-page-background-meta":{"desktop":{"background-color":"var(--ast-global-color-4)","background-image":"","background-repeat":"repeat","background-position":"center center","background-size":"auto","background-attachment":"scroll","background-type":"","background-media":"","overlay-type":"","overlay-color":"","overlay-opacity":"","overlay-gradient":""},"tablet":{"background-color":"","background-image":"","background-repeat":"repeat","background-position":"center center","background-size":"auto","background-attachment":"scroll","background-type":"","background-media":"","overlay-type":"","overlay-color":"","overlay-opacity":"","overlay-gradient":""},"mobile":{"background-color":"","background-image":"","background-repeat":"repeat","background-position":"center center","background-size":"auto","background-attachment":"scroll","background-type":"","background-media":"","overlay-type":"","overlay-color":"","overlay-opacity":"","overlay-gradient":""}},"ast-content-background-meta":{"desktop":{"background-color":"var(--ast-global-color-5)","background-image":"","background-repeat":"repeat","background-position":"center center","background-size":"auto","background-attachment":"scroll","background-type":"","background-media":"","overlay-type":"","overlay-color":"","overlay-opacity":"","overlay-gradient":""},"tablet":{"background-color":"var(--ast-global-color-5)","background-image":"","background-repeat":"repeat","background-position":"center center","background-size":"auto","background-attachment":"scroll","background-type":"","background-media":"","overlay-type":"","overlay-color":"","overlay-opacity":"","overlay-gradient":""},"mobile":{"background-color":"var(--ast-global-color-5)","background-image":"","background-repeat":"repeat","background-position":"center center","background-size":"auto","background-attachment":"scroll","background-type":"","background-media":"","overlay-type":"","overlay-color":"","overlay-opacity":"","overlay-gradient":""}}},"hir-kategoriak":[50],"class_list":["post-10338","hir","type-hir","status-publish","has-post-thumbnail","hentry","hir-kategoriak-hirek-hirek"],"acf":[],"yoast_head":"<!-- This site is optimized with the Yoast SEO Premium plugin v27.5 (Yoast SEO v27.5) - https:\/\/yoast.com\/product\/yoast-seo-premium-wordpress\/ -->\n<title>Federalism and the Future of the Diverse EU | ME KEA<\/title>\n<meta name=\"robots\" content=\"index, follow, max-snippet:-1, max-image-preview:large, max-video-preview:-1\" \/>\n<link rel=\"canonical\" href=\"https:\/\/centraleuropeanacademy.hu\/en\/hir\/federalism-and-the-future-of-the-diverse-eu-5\/\" \/>\n<meta property=\"og:locale\" content=\"en_GB\" \/>\n<meta property=\"og:type\" content=\"article\" \/>\n<meta property=\"og:title\" content=\"Federalism and the Future of the Diverse EU\" \/>\n<meta property=\"og:description\" content=\"A h\u00edr mindig fontos, mert a t\u00e1j\u00e9kozotts\u00e1g az els\u0151 l\u00e9p\u00e9s a b\u00f6lcsess\u00e9g \u00e9s a felel\u0151s d\u00f6nt\u00e9shozatal fel\u00e9. Olvass b\u00e1tran, mert az olvas\u00e1s m\u0171v\u00e9szet!\" \/>\n<meta property=\"og:url\" content=\"https:\/\/centraleuropeanacademy.hu\/en\/hir\/federalism-and-the-future-of-the-diverse-eu-5\/\" \/>\n<meta property=\"og:site_name\" content=\"ME KEA\" \/>\n<meta property=\"article:modified_time\" content=\"2024-08-06T08:58:28+00:00\" \/>\n<meta property=\"og:image\" content=\"https:\/\/centraleuropeanacademy.hu\/wp-content\/uploads\/2024\/03\/banner-2608475_1280.jpg\" \/>\n\t<meta property=\"og:image:width\" content=\"1280\" \/>\n\t<meta property=\"og:image:height\" content=\"853\" \/>\n\t<meta property=\"og:image:type\" content=\"image\/jpeg\" \/>\n<meta name=\"twitter:card\" content=\"summary_large_image\" \/>\n<meta name=\"twitter:label1\" content=\"Estimated reading time\" \/>\n\t<meta name=\"twitter:data1\" content=\"1 minute\" \/>\n<script type=\"application\/ld+json\" class=\"yoast-schema-graph\">{\"@context\":\"https:\\\/\\\/schema.org\",\"@graph\":[{\"@type\":\"WebPage\",\"@id\":\"https:\\\/\\\/centraleuropeanacademy.hu\\\/hir\\\/federalism-and-the-future-of-the-diverse-eu-5\\\/\",\"url\":\"https:\\\/\\\/centraleuropeanacademy.hu\\\/hir\\\/federalism-and-the-future-of-the-diverse-eu-5\\\/\",\"name\":\"Federalism and the Future of the Diverse EU | ME KEA\",\"isPartOf\":{\"@id\":\"https:\\\/\\\/centraleuropeanacademy.hu\\\/#website\"},\"primaryImageOfPage\":{\"@id\":\"https:\\\/\\\/centraleuropeanacademy.hu\\\/hir\\\/federalism-and-the-future-of-the-diverse-eu-5\\\/#primaryimage\"},\"image\":{\"@id\":\"https:\\\/\\\/centraleuropeanacademy.hu\\\/hir\\\/federalism-and-the-future-of-the-diverse-eu-5\\\/#primaryimage\"},\"thumbnailUrl\":\"https:\\\/\\\/centraleuropeanacademy.hu\\\/wp-content\\\/uploads\\\/2024\\\/03\\\/banner-2608475_1280.jpg\",\"datePublished\":\"2024-03-13T17:31:37+00:00\",\"dateModified\":\"2024-08-06T08:58:28+00:00\",\"breadcrumb\":{\"@id\":\"https:\\\/\\\/centraleuropeanacademy.hu\\\/hir\\\/federalism-and-the-future-of-the-diverse-eu-5\\\/#breadcrumb\"},\"inLanguage\":\"en-GB\",\"potentialAction\":[{\"@type\":\"ReadAction\",\"target\":[\"https:\\\/\\\/centraleuropeanacademy.hu\\\/hir\\\/federalism-and-the-future-of-the-diverse-eu-5\\\/\"]}]},{\"@type\":\"ImageObject\",\"inLanguage\":\"en-GB\",\"@id\":\"https:\\\/\\\/centraleuropeanacademy.hu\\\/hir\\\/federalism-and-the-future-of-the-diverse-eu-5\\\/#primaryimage\",\"url\":\"https:\\\/\\\/centraleuropeanacademy.hu\\\/wp-content\\\/uploads\\\/2024\\\/03\\\/banner-2608475_1280.jpg\",\"contentUrl\":\"https:\\\/\\\/centraleuropeanacademy.hu\\\/wp-content\\\/uploads\\\/2024\\\/03\\\/banner-2608475_1280.jpg\",\"width\":1280,\"height\":853,\"caption\":\"Eur\u00f3pai Uni\u00f3 z\u00e1szl\u00f3ja \u00e9p\u00fclet homlokzat\u00e1n\"},{\"@type\":\"BreadcrumbList\",\"@id\":\"https:\\\/\\\/centraleuropeanacademy.hu\\\/hir\\\/federalism-and-the-future-of-the-diverse-eu-5\\\/#breadcrumb\",\"itemListElement\":[{\"@type\":\"ListItem\",\"position\":1,\"name\":\"Kezd\u0151lap\",\"item\":\"https:\\\/\\\/centraleuropeanacademy.hu\\\/\"},{\"@type\":\"ListItem\",\"position\":2,\"name\":\"Federalism and the Future of the Diverse EU\"}]},{\"@type\":\"WebSite\",\"@id\":\"https:\\\/\\\/centraleuropeanacademy.hu\\\/#website\",\"url\":\"https:\\\/\\\/centraleuropeanacademy.hu\\\/\",\"name\":\"CEA\",\"description\":\"\",\"publisher\":{\"@id\":\"https:\\\/\\\/centraleuropeanacademy.hu\\\/#organization\"},\"potentialAction\":[{\"@type\":\"SearchAction\",\"target\":{\"@type\":\"EntryPoint\",\"urlTemplate\":\"https:\\\/\\\/centraleuropeanacademy.hu\\\/?s={search_term_string}\"},\"query-input\":{\"@type\":\"PropertyValueSpecification\",\"valueRequired\":true,\"valueName\":\"search_term_string\"}}],\"inLanguage\":\"en-GB\"},{\"@type\":\"Organization\",\"@id\":\"https:\\\/\\\/centraleuropeanacademy.hu\\\/#organization\",\"name\":\"K\u00f6z\u00e9p-eur\u00f3pai Akad\u00e9mia\",\"alternateName\":\"K\u00f6z\u00e9p-Eur\u00f3pai Akad\u00e9mia\",\"url\":\"https:\\\/\\\/centraleuropeanacademy.hu\\\/\",\"logo\":{\"@type\":\"ImageObject\",\"inLanguage\":\"en-GB\",\"@id\":\"https:\\\/\\\/centraleuropeanacademy.hu\\\/#\\\/schema\\\/logo\\\/image\\\/\",\"url\":\"https:\\\/\\\/centraleuropeanacademy.hu\\\/wp-content\\\/uploads\\\/2024\\\/04\\\/cea-logo.png\",\"contentUrl\":\"https:\\\/\\\/centraleuropeanacademy.hu\\\/wp-content\\\/uploads\\\/2024\\\/04\\\/cea-logo.png\",\"width\":1080,\"height\":417,\"caption\":\"K\u00f6z\u00e9p-eur\u00f3pai Akad\u00e9mia\"},\"image\":{\"@id\":\"https:\\\/\\\/centraleuropeanacademy.hu\\\/#\\\/schema\\\/logo\\\/image\\\/\"},\"description\":\"A budapesti sz\u00e9khellyel l\u00e9trej\u00f6tt K\u00f6z\u00e9p-eur\u00f3pai Akad\u00e9mia (CEA) a Miskolci Egyetem \u00e1ltal alap\u00edtott, k\u00f6zfeladatot ell\u00e1t\u00f3 szervezet.\",\"email\":\"academy@centraleuropeanacademy.hu\",\"telephone\":\"academy@centraleuropeanacademy.hu\",\"legalName\":\"K\u00f6z\u00e9p-eur\u00f3pai Akad\u00e9mia\",\"taxID\":\"19359711-1-43\"}]}<\/script>\n<!-- \/ Yoast SEO Premium plugin. -->","yoast_head_json":{"title":"Federalism and the Future of the Diverse EU | ME KEA","robots":{"index":"index","follow":"follow","max-snippet":"max-snippet:-1","max-image-preview":"max-image-preview:large","max-video-preview":"max-video-preview:-1"},"canonical":"https:\/\/centraleuropeanacademy.hu\/en\/hir\/federalism-and-the-future-of-the-diverse-eu-5\/","og_locale":"en_GB","og_type":"article","og_title":"Federalism and the Future of the Diverse EU","og_description":"A h\u00edr mindig fontos, mert a t\u00e1j\u00e9kozotts\u00e1g az els\u0151 l\u00e9p\u00e9s a b\u00f6lcsess\u00e9g \u00e9s a felel\u0151s d\u00f6nt\u00e9shozatal fel\u00e9. Olvass b\u00e1tran, mert az olvas\u00e1s m\u0171v\u00e9szet!","og_url":"https:\/\/centraleuropeanacademy.hu\/en\/hir\/federalism-and-the-future-of-the-diverse-eu-5\/","og_site_name":"ME KEA","article_modified_time":"2024-08-06T08:58:28+00:00","og_image":[{"width":1280,"height":853,"url":"https:\/\/centraleuropeanacademy.hu\/wp-content\/uploads\/2024\/03\/banner-2608475_1280.jpg","type":"image\/jpeg"}],"twitter_card":"summary_large_image","twitter_misc":{"Estimated reading time":"1 minute"},"schema":{"@context":"https:\/\/schema.org","@graph":[{"@type":"WebPage","@id":"https:\/\/centraleuropeanacademy.hu\/hir\/federalism-and-the-future-of-the-diverse-eu-5\/","url":"https:\/\/centraleuropeanacademy.hu\/hir\/federalism-and-the-future-of-the-diverse-eu-5\/","name":"Federalism and the Future of the Diverse EU | ME KEA","isPartOf":{"@id":"https:\/\/centraleuropeanacademy.hu\/#website"},"primaryImageOfPage":{"@id":"https:\/\/centraleuropeanacademy.hu\/hir\/federalism-and-the-future-of-the-diverse-eu-5\/#primaryimage"},"image":{"@id":"https:\/\/centraleuropeanacademy.hu\/hir\/federalism-and-the-future-of-the-diverse-eu-5\/#primaryimage"},"thumbnailUrl":"https:\/\/centraleuropeanacademy.hu\/wp-content\/uploads\/2024\/03\/banner-2608475_1280.jpg","datePublished":"2024-03-13T17:31:37+00:00","dateModified":"2024-08-06T08:58:28+00:00","breadcrumb":{"@id":"https:\/\/centraleuropeanacademy.hu\/hir\/federalism-and-the-future-of-the-diverse-eu-5\/#breadcrumb"},"inLanguage":"en-GB","potentialAction":[{"@type":"ReadAction","target":["https:\/\/centraleuropeanacademy.hu\/hir\/federalism-and-the-future-of-the-diverse-eu-5\/"]}]},{"@type":"ImageObject","inLanguage":"en-GB","@id":"https:\/\/centraleuropeanacademy.hu\/hir\/federalism-and-the-future-of-the-diverse-eu-5\/#primaryimage","url":"https:\/\/centraleuropeanacademy.hu\/wp-content\/uploads\/2024\/03\/banner-2608475_1280.jpg","contentUrl":"https:\/\/centraleuropeanacademy.hu\/wp-content\/uploads\/2024\/03\/banner-2608475_1280.jpg","width":1280,"height":853,"caption":"Eur\u00f3pai Uni\u00f3 z\u00e1szl\u00f3ja \u00e9p\u00fclet homlokzat\u00e1n"},{"@type":"BreadcrumbList","@id":"https:\/\/centraleuropeanacademy.hu\/hir\/federalism-and-the-future-of-the-diverse-eu-5\/#breadcrumb","itemListElement":[{"@type":"ListItem","position":1,"name":"Kezd\u0151lap","item":"https:\/\/centraleuropeanacademy.hu\/"},{"@type":"ListItem","position":2,"name":"Federalism and the Future of the Diverse EU"}]},{"@type":"WebSite","@id":"https:\/\/centraleuropeanacademy.hu\/#website","url":"https:\/\/centraleuropeanacademy.hu\/","name":"CEA","description":"","publisher":{"@id":"https:\/\/centraleuropeanacademy.hu\/#organization"},"potentialAction":[{"@type":"SearchAction","target":{"@type":"EntryPoint","urlTemplate":"https:\/\/centraleuropeanacademy.hu\/?s={search_term_string}"},"query-input":{"@type":"PropertyValueSpecification","valueRequired":true,"valueName":"search_term_string"}}],"inLanguage":"en-GB"},{"@type":"Organization","@id":"https:\/\/centraleuropeanacademy.hu\/#organization","name":"Central European Academy","alternateName":"K\u00f6z\u00e9p-Eur\u00f3pai Akad\u00e9mia","url":"https:\/\/centraleuropeanacademy.hu\/","logo":{"@type":"ImageObject","inLanguage":"en-GB","@id":"https:\/\/centraleuropeanacademy.hu\/#\/schema\/logo\/image\/","url":"https:\/\/centraleuropeanacademy.hu\/wp-content\/uploads\/2024\/04\/cea-logo.png","contentUrl":"https:\/\/centraleuropeanacademy.hu\/wp-content\/uploads\/2024\/04\/cea-logo.png","width":1080,"height":417,"caption":"K\u00f6z\u00e9p-eur\u00f3pai Akad\u00e9mia"},"image":{"@id":"https:\/\/centraleuropeanacademy.hu\/#\/schema\/logo\/image\/"},"description":"A budapesti sz\u00e9khellyel l\u00e9trej\u00f6tt K\u00f6z\u00e9p-eur\u00f3pai Akad\u00e9mia (CEA) a Miskolci Egyetem \u00e1ltal alap\u00edtott, k\u00f6zfeladatot ell\u00e1t\u00f3 szervezet.","email":"academy@centraleuropeanacademy.hu","telephone":"academy@centraleuropeanacademy.hu","legalName":"K\u00f6z\u00e9p-eur\u00f3pai Akad\u00e9mia","taxID":"19359711-1-43"}]}},"_links":{"self":[{"href":"https:\/\/centraleuropeanacademy.hu\/en\/wp-json\/wp\/v2\/hir\/10338","targetHints":{"allow":["GET"]}}],"collection":[{"href":"https:\/\/centraleuropeanacademy.hu\/en\/wp-json\/wp\/v2\/hir"}],"about":[{"href":"https:\/\/centraleuropeanacademy.hu\/en\/wp-json\/wp\/v2\/types\/hir"}],"author":[{"embeddable":true,"href":"https:\/\/centraleuropeanacademy.hu\/en\/wp-json\/wp\/v2\/users\/9"}],"wp:featuredmedia":[{"embeddable":true,"href":"https:\/\/centraleuropeanacademy.hu\/en\/wp-json\/wp\/v2\/media\/10927"}],"wp:attachment":[{"href":"https:\/\/centraleuropeanacademy.hu\/en\/wp-json\/wp\/v2\/media?parent=10338"}],"wp:term":[{"taxonomy":"hir-kategoriak","embeddable":true,"href":"https:\/\/centraleuropeanacademy.hu\/en\/wp-json\/wp\/v2\/hir-kategoriak?post=10338"}],"curies":[{"name":"wp","href":"https:\/\/api.w.org\/{rel}","templated":true}]}}